{"id":3702,"date":"2019-06-20T17:30:54","date_gmt":"2019-06-20T15:30:54","guid":{"rendered":"https:\/\/www.prazskekancelare.com\/test\/?post_type=property&#038;p=3702"},"modified":"2020-04-24T12:05:50","modified_gmt":"2020-04-24T10:05:50","slug":"kancelare-podebradska-hloubetin","status":"publish","type":"property","link":"https:\/\/www.prazskekancelare.com\/test\/kancelare-k-pronajmu\/kancelare-podebradska-hloubetin\/","title":{"rendered":"Kancel\u00e1\u0159e HLOUB\u011aT\u00cdN Pod\u011bbradsk\u00e1 <span style=\"color: #ff0000;\">LEVN\u011a<\/span>"},"content":{"rendered":"<p>\n\t<ul id=\"slideshowgallery149557\" class=\"slideshowgallery149557\" style=\"display:none;\">\n\t\t\t\t\t<!-- From all slides or gallery slides -->\n\t\t\t\t\t\t\t<li>\n\t\t\t\t\t<h3 style=\"opacity:70;\">kancelare Podebradska<\/h3>\n\t\t\t\t\t\t\t\t\t\t\t<span data-alt=\"kancelare-podebradska\">https:\/\/www.prazskekancelare.com\/test\/wp-content\/uploads\/2019\/12\/kancelare-podebradska.jpg<\/span>\n\t\t\t\t\t\t\t\t\t\t<p><\/p>\n\t\t\t\t\t\t\t\t\t\t\t\t\t\t\t\t\t\t<a><img class=\"skip-lazy\" src=\"https:\/\/www.prazskekancelare.com\/test\/wp-content\/uploads\/2019\/12\/kancelare-podebradska-400x300.jpg\" alt=\"kancelare-podebradska\" \/><\/a>\n\t\t\t\t\t\t\t\t\t\t\t\t\t\t\t<\/li>\n\t\t\t\t\t\t\t<li>\n\t\t\t\t\t<h3 style=\"opacity:70;\">kancelare Vysocany<\/h3>\n\t\t\t\t\t\t\t\t\t\t\t<span data-alt=\"kancelare-vysocany\">https:\/\/www.prazskekancelare.com\/test\/wp-content\/uploads\/2019\/12\/kancelare-vysocany.jpg<\/span>\n\t\t\t\t\t\t\t\t\t\t<p><\/p>\n\t\t\t\t\t\t\t\t\t\t\t\t\t\t\t\t\t\t<a><img class=\"skip-lazy\" src=\"https:\/\/www.prazskekancelare.com\/test\/wp-content\/uploads\/2019\/12\/kancelare-vysocany-400x300.jpg\" alt=\"kancelare-vysocany\" \/><\/a>\n\t\t\t\t\t\t\t\t\t\t\t\t\t\t\t<\/li>\n\t\t\t\t\t\t\t<li>\n\t\t\t\t\t<h3 style=\"opacity:70;\">kancel\u00e1\u0159e Pod\u011bbradsk\u00e1 Hloub\u011bt\u00edn<\/h3>\n\t\t\t\t\t\t\t\t\t\t\t<span data-alt=\"kancele-podbradsk-hloubtn\">https:\/\/www.prazskekancelare.com\/test\/wp-content\/uploads\/2019\/12\/kancelare-balabenka.jpg<\/span>\n\t\t\t\t\t\t\t\t\t\t<p><\/p>\n\t\t\t\t\t\t\t\t\t\t\t\t\t\t\t\t\t\t<a><img class=\"skip-lazy\" src=\"https:\/\/www.prazskekancelare.com\/test\/wp-content\/uploads\/2019\/12\/kancelare-balabenka-400x300.jpg\" alt=\"kancele-podbradsk-hloubtn\" \/><\/a>\n\t\t\t\t\t\t\t\t\t\t\t\t\t\t\t<\/li>\n\t\t\t\t\t\t\t<li>\n\t\t\t\t\t<h3 style=\"opacity:70;\">kancel\u00e1\u0159e Harfa<\/h3>\n\t\t\t\t\t\t\t\t\t\t\t<span data-alt=\"kancele-harfa\">https:\/\/www.prazskekancelare.com\/test\/wp-content\/uploads\/2019\/12\/kancelare-harfa.jpg<\/span>\n\t\t\t\t\t\t\t\t\t\t<p><\/p>\n\t\t\t\t\t\t\t\t\t\t\t\t\t\t\t\t\t\t<a><img class=\"skip-lazy\" src=\"https:\/\/www.prazskekancelare.com\/test\/wp-content\/uploads\/2019\/12\/kancelare-harfa-400x300.jpg\" alt=\"kancele-harfa\" \/><\/a>\n\t\t\t\t\t\t\t\t\t\t\t\t\t\t\t<\/li>\n\t\t\t\t\t\t\t<li>\n\t\t\t\t\t<h3 style=\"opacity:70;\">kancel\u00e1\u0159e Hloub\u011bt\u00edn<\/h3>\n\t\t\t\t\t\t\t\t\t\t\t<span data-alt=\"kancele-hloubtn\">https:\/\/www.prazskekancelare.com\/test\/wp-content\/uploads\/2019\/12\/kancelare-hloubetin.jpg<\/span>\n\t\t\t\t\t\t\t\t\t\t<p><\/p>\n\t\t\t\t\t\t\t\t\t\t\t\t\t\t\t\t\t\t<a><img class=\"skip-lazy\" src=\"https:\/\/www.prazskekancelare.com\/test\/wp-content\/uploads\/2019\/12\/kancelare-hloubetin-400x300.jpg\" alt=\"kancele-hloubtn\" \/><\/a>\n\t\t\t\t\t\t\t\t\t\t\t\t\t\t\t<\/li>\n\t\t\t\t\t\t\t<li>\n\t\t\t\t\t<h3 style=\"opacity:70;\">kancel\u00e1\u0159e ulice pod\u011bbradsk\u00e1<\/h3>\n\t\t\t\t\t\t\t\t\t\t\t<span data-alt=\"kancele-ulice-podbradsk\">https:\/\/www.prazskekancelare.com\/test\/wp-content\/uploads\/2019\/12\/kancelare-ulice-podebradska.jpg<\/span>\n\t\t\t\t\t\t\t\t\t\t<p><\/p>\n\t\t\t\t\t\t\t\t\t\t\t\t\t\t\t\t\t\t<a><img class=\"skip-lazy\" src=\"https:\/\/www.prazskekancelare.com\/test\/wp-content\/uploads\/2019\/12\/kancelare-ulice-podebradska-400x300.jpg\" alt=\"kancele-ulice-podbradsk\" \/><\/a>\n\t\t\t\t\t\t\t\t\t\t\t\t\t\t\t<\/li>\n\t\t\t\t\t\t\t<li>\n\t\t\t\t\t<h3 style=\"opacity:70;\">kancel\u00e1\u0159e Vyso\u010dany<\/h3>\n\t\t\t\t\t\t\t\t\t\t\t<span data-alt=\"kancele-vysoany\">https:\/\/www.prazskekancelare.com\/test\/wp-content\/uploads\/2019\/12\/kancelare-vysocany1.jpg<\/span>\n\t\t\t\t\t\t\t\t\t\t<p><\/p>\n\t\t\t\t\t\t\t\t\t\t\t\t\t\t\t\t\t\t<a><img class=\"skip-lazy\" src=\"https:\/\/www.prazskekancelare.com\/test\/wp-content\/uploads\/2019\/12\/kancelare-vysocany1-400x300.jpg\" alt=\"kancele-vysoany\" \/><\/a>\n\t\t\t\t\t\t\t\t\t\t\t\t\t\t\t<\/li>\n\t\t\t\t\t\t\t<li>\n\t\t\t\t\t<h3 style=\"opacity:70;\">kancelare Harfa<\/h3>\n\t\t\t\t\t\t\t\t\t\t\t<span data-alt=\"kancelare-harfa\">https:\/\/www.prazskekancelare.com\/test\/wp-content\/uploads\/2019\/12\/kancelare-harfa1.jpg<\/span>\n\t\t\t\t\t\t\t\t\t\t<p><\/p>\n\t\t\t\t\t\t\t\t\t\t\t\t\t\t\t\t\t\t<a><img class=\"skip-lazy\" src=\"https:\/\/www.prazskekancelare.com\/test\/wp-content\/uploads\/2019\/12\/kancelare-harfa1-400x300.jpg\" alt=\"kancelare-harfa\" \/><\/a>\n\t\t\t\t\t\t\t\t\t\t\t\t\t\t\t<\/li>\n\t\t\t\t\t\t\t<li>\n\t\t\t\t\t<h3 style=\"opacity:70;\">pronajem kancelare Hloubetin<\/h3>\n\t\t\t\t\t\t\t\t\t\t\t<span data-alt=\"pronajem-kancelare-hloubetin\">https:\/\/www.prazskekancelare.com\/test\/wp-content\/uploads\/2019\/12\/pronajem-kancelare-hloubetin.jpg<\/span>\n\t\t\t\t\t\t\t\t\t\t<p><\/p>\n\t\t\t\t\t\t\t\t\t\t\t\t\t\t\t\t\t\t<a><img class=\"skip-lazy\" src=\"https:\/\/www.prazskekancelare.com\/test\/wp-content\/uploads\/2019\/12\/pronajem-kancelare-hloubetin-400x300.jpg\" alt=\"pronajem-kancelare-hloubetin\" \/><\/a>\n\t\t\t\t\t\t\t\t\t\t\t\t\t\t\t<\/li>\n\t\t\t\t\t\t\t<li>\n\t\t\t\t\t<h3 style=\"opacity:70;\">pron\u00e1jem kancel\u00e1\u0159e Hloub\u011bt\u00edn<\/h3>\n\t\t\t\t\t\t\t\t\t\t\t<span data-alt=\"pronjem-kancele-hloubtn\">https:\/\/www.prazskekancelare.com\/test\/wp-content\/uploads\/2019\/12\/pronajem-kancelare-hloubetin1.jpg<\/span>\n\t\t\t\t\t\t\t\t\t\t<p><\/p>\n\t\t\t\t\t\t\t\t\t\t\t\t\t\t\t\t\t\t<a><img class=\"skip-lazy\" src=\"https:\/\/www.prazskekancelare.com\/test\/wp-content\/uploads\/2019\/12\/pronajem-kancelare-hloubetin1-400x300.jpg\" alt=\"pronjem-kancele-hloubtn\" \/><\/a>\n\t\t\t\t\t\t\t\t\t\t\t\t\t\t\t<\/li>\n\t\t\t\t\t\t\t<li>\n\t\t\t\t\t<h3 style=\"opacity:70;\">kancelare Hloubetin<\/h3>\n\t\t\t\t\t\t\t\t\t\t\t<span data-alt=\"kancelare-hloubetin\">https:\/\/www.prazskekancelare.com\/test\/wp-content\/uploads\/2019\/12\/kancelare-hloubetin1.jpg<\/span>\n\t\t\t\t\t\t\t\t\t\t<p><\/p>\n\t\t\t\t\t\t\t\t\t\t\t\t\t\t\t\t\t\t<a><img class=\"skip-lazy\" src=\"https:\/\/www.prazskekancelare.com\/test\/wp-content\/uploads\/2019\/12\/kancelare-hloubetin1-400x300.jpg\" alt=\"kancelare-hloubetin\" \/><\/a>\n\t\t\t\t\t\t\t\t\t\t\t\t\t\t\t<\/li>\n\t\t\t\t\t\t\t<li>\n\t\t\t\t\t<h3 style=\"opacity:70;\">kancelare Hrdlo\u0159ezy<\/h3>\n\t\t\t\t\t\t\t\t\t\t\t<span data-alt=\"kancelare-hrdloezy\">https:\/\/www.prazskekancelare.com\/test\/wp-content\/uploads\/2019\/12\/kancelare-hrdlorezy.jpg<\/span>\n\t\t\t\t\t\t\t\t\t\t<p><\/p>\n\t\t\t\t\t\t\t\t\t\t\t\t\t\t\t\t\t\t<a><img class=\"skip-lazy\" src=\"https:\/\/www.prazskekancelare.com\/test\/wp-content\/uploads\/2019\/12\/kancelare-hrdlorezy-400x300.jpg\" alt=\"kancelare-hrdloezy\" \/><\/a>\n\t\t\t\t\t\t\t\t\t\t\t\t\t\t\t<\/li>\n\t\t\t\t\t\t\t<li>\n\t\t\t\t\t<h3 style=\"opacity:70;\">kancelare Jarov<\/h3>\n\t\t\t\t\t\t\t\t\t\t\t<span data-alt=\"kancelare-jarov\">https:\/\/www.prazskekancelare.com\/test\/wp-content\/uploads\/2019\/12\/kancelare-jarov.jpg<\/span>\n\t\t\t\t\t\t\t\t\t\t<p><\/p>\n\t\t\t\t\t\t\t\t\t\t\t\t\t\t\t\t\t\t<a><img class=\"skip-lazy\" src=\"https:\/\/www.prazskekancelare.com\/test\/wp-content\/uploads\/2019\/12\/kancelare-jarov-400x300.jpg\" alt=\"kancelare-jarov\" \/><\/a>\n\t\t\t\t\t\t\t\t\t\t\t\t\t\t\t<\/li>\n\t\t\t\t\t\t\t<li>\n\t\t\t\t\t<h3 style=\"opacity:70;\">kancelare K \u017di\u017ekovu<\/h3>\n\t\t\t\t\t\t\t\t\t\t\t<span data-alt=\"kancelare-k-ikovu\">https:\/\/www.prazskekancelare.com\/test\/wp-content\/uploads\/2019\/12\/kancelare-k-zizkovu.jpg<\/span>\n\t\t\t\t\t\t\t\t\t\t<p><\/p>\n\t\t\t\t\t\t\t\t\t\t\t\t\t\t\t\t\t\t<a><img class=\"skip-lazy\" src=\"https:\/\/www.prazskekancelare.com\/test\/wp-content\/uploads\/2019\/12\/kancelare-k-zizkovu-400x300.jpg\" alt=\"kancelare-k-ikovu\" \/><\/a>\n\t\t\t\t\t\t\t\t\t\t\t\t\t\t\t<\/li>\n\t\t\t\t\t\t\t<li>\n\t\t\t\t\t<h3 style=\"opacity:70;\">kancelare Moopex<\/h3>\n\t\t\t\t\t\t\t\t\t\t\t<span data-alt=\"kancelare-moopex\">https:\/\/www.prazskekancelare.com\/test\/wp-content\/uploads\/2019\/12\/kancelare-moopex.jpg<\/span>\n\t\t\t\t\t\t\t\t\t\t<p><\/p>\n\t\t\t\t\t\t\t\t\t\t\t\t\t\t\t\t\t\t<a><img class=\"skip-lazy\" src=\"https:\/\/www.prazskekancelare.com\/test\/wp-content\/uploads\/2019\/12\/kancelare-moopex-400x300.jpg\" alt=\"kancelare-moopex\" \/><\/a>\n\t\t\t\t\t\t\t\t\t\t\t\t\t\t\t<\/li>\n\t\t\t\t\t\t\t<li>\n\t\t\t\t\t<h3 style=\"opacity:70;\">kancelare praha 9<\/h3>\n\t\t\t\t\t\t\t\t\t\t\t<span data-alt=\"kancelare-praha-9\">https:\/\/www.prazskekancelare.com\/test\/wp-content\/uploads\/2019\/12\/kancelare-praha-9.jpg<\/span>\n\t\t\t\t\t\t\t\t\t\t<p><\/p>\n\t\t\t\t\t\t\t\t\t\t\t\t\t\t\t\t\t\t<a><img class=\"skip-lazy\" src=\"https:\/\/www.prazskekancelare.com\/test\/wp-content\/uploads\/2019\/12\/kancelare-praha-9-400x300.jpg\" alt=\"kancelare-praha-9\" \/><\/a>\n\t\t\t\t\t\t\t\t\t\t\t\t\t\t\t<\/li>\n\t\t\t\t\t\t<\/ul>\n\n\t\t<div id=\"slideshow-wrappergallery149557\" class=\"slideshow-wrapper\" style=\"--slideshow-width:1916px\">\n\t\t\n\t\t<div class=\"slideshow-fullsize\" id=\"fullsizegallery149557\">\n\t\t\t\t\t\t\t\t\t\t\t\t\t\t<div id=\"imgprevgallery149557\" class=\"slideshow-imgprev imgnav\" title=\"Previous Image\">Previous Image<\/div>\n\t\t\t\t\t\t<a id=\"imglinkgallery149557\" class=\"slideshow-imglink imglink\">\n\t\t\t\t<!-- link -->\n\t\t\t<\/a>\n\t\t\t\t\t\t\t\t\t\t\t<div id=\"imgnextgallery149557\" class=\"slideshow-imgnext imgnav\" title=\"Next Image\">Next Image<\/div>\n\t\t\t\t\t\t<div id=\"imagegallery149557\" class=\"slideshow-image\"><\/div>\n\t\t\t<div class=\"slideshow-information infobottom\" id=\"informationgallery149557\">\n\t\t\t\t<h3 class=\"slideshow-info-heading\">info heading<\/h3>\n\t\t\t\t<p class=\"slideshow-info-content\">info content<\/p>\n\t\t\t<\/div>\n\t\t<\/div>\n\n\t\t\t\t\t<div id=\"thumbnailsgallery149557\" class=\"slideshow-thumbnails thumbsbot\">\n\t\t\t\t<div class=\"slideshow-slideleft\" id=\"slideleftgallery149557\" title=\"Slide Left\"><\/div>\n\t\t\t\t<div class=\"slideshow-slidearea\" id=\"slideareagallery149557\">\n\t\t\t\t\t<div class=\"slideshow-slider\" id=\"slidergallery149557\"><\/div>\n\t\t\t\t<\/div>\n\t\t\t\t<div class=\"slideshow-slideright\" id=\"sliderightgallery149557\" title=\"Slide Right\"><\/div>\n\t\t\t\t<br style=\"clear:both; visibility:hidden; height:1px;\" \/>\n\t\t\t<\/div>\n\t\t\t<\/div>\n\n\t<br \/>\n<strong>Kancel\u00e1\u0159e\u00a0Pod\u011bbradsk\u00e1 Hloub\u011bt\u00edn<\/strong>\u00a0jsou aktu\u00e1ln\u00ed TOP novinkou na trhu.\u2705 Mezi prvn\u00edmi nab\u00edz\u00edme\u00a0nejnov\u011bj\u0161\u00ed<strong> pron\u00e1jem kancel\u00e1\u0159\u00ed\u00a0na pomez\u00ed Hloub\u011bt\u00edn a Harfa \u2705\u00a0<\/strong>na Praze 9<span style=\"text-decoration: underline;\"> v uzav\u0159en\u00e9m priv\u00e1tn\u00edm are\u00e1lu<\/span>. Modern\u00ed, prostorn\u00e1 a dispozi\u010dn\u011b skv\u011ble \u0159e\u0161en\u00e1 kancel\u00e1\u0159sk\u00e1 budova je aktu\u00e1ln\u011b voln\u00e1, se skladem, des\u00edtkami parkovac\u00edmi m\u00edsty, v soukrom\u00e9m objektu (jste tam pouze vy),\u00a0<span style=\"text-decoration: underline;\">pln\u011b vybaven\u00e1<\/span> a<span style=\"text-decoration: underline;\"> za skv\u011blou cenu.<\/span><\/p>\n<p>Jste st\u0159edn\u011b velk\u00e1 spole\u010dnost, kter\u00e1 hled\u00e1 z\u00e1zem\u00ed ve &#8222;vlastn\u00ed&#8220; budov\u011b, s mo\u017enost\u00ed parkov\u00e1n\u00ed des\u00edtkami voz\u016f, v\u00fdborn\u011b dostupnou MHD i na pra\u017esk\u00e9 okruhy a d\u00e1lnice? U\u017e nehledejte, pr\u00e1v\u011b jste toti\u017e na\u0161li ide\u00e1ln\u00ed <strong>kancel\u00e1\u0159e v Hloub\u011bt\u00edn\u011b na Pod\u011bbradsk\u00e9 ulici<\/strong>.<\/p>\n<h2><strong>Kancel\u00e1\u0159e Hloub\u011bt\u00edn 607 m2<\/strong><\/h2>\n<p>Budova<strong> kancel\u00e1\u0159\u00ed Hloub\u011bt\u00edn<\/strong> je um\u00edst\u011bna v bezprost\u0159edn\u00edm dosahu MHD. Ze stanice metra Palmovka (trasa B), tramvaj\u00ed \u010d. 8 a 25 (5 stanic) do zast\u00e1vky Podkov\u00e1\u0159sk\u00e1. Ve dvou patrech je k dispozici 16 &#8211; 20 kancel\u00e1\u0159\u00ed, 2 zasedac\u00ed m\u00edstnosti, 2 kuchy\u0148ky, 2 soci\u00e1ln\u00ed za\u0159\u00edzen\u00ed, 2 serverovny, 2 m\u00edstnosti pro \u00faklid, &#8230;atd. Cel\u00e1 plocha kancel\u00e1\u0159\u00ed m\u00e1 cca 600m, nav\u00edc jsou servisn\u00ed plochy, parkovac\u00ed plochy a sklady v bl\u00edzkosti budovy.<\/p>\n<p><span style=\"color: #ff0000;\"><strong>POZOR:<\/strong><\/span>\u00a0Modern\u00ed vybaven\u00ed, kter\u00e9 vid\u00edte na obr\u00e1zc\u00edch, z\u016fst\u00e1v\u00e1 v budov\u011b. Nebudete tedy m\u00edt \u017e\u00e1dn\u00e9 po\u010d\u00e1te\u010dn\u00ed n\u00e1klady a nast\u011bhujete se ihned do &#8222;sv\u00e9ho&#8220; a m\u016f\u017eete za\u010d\u00edt okam\u017eit\u011b fungovat.<\/p>\n<h2><strong>Kancel\u00e1\u0159e Pod\u011bbradsk\u00e1 CENA<\/strong><\/h2>\n<p>Cena <strong>kancel\u00e1\u0159\u00ed na Pod\u011bbradsk\u00e9<\/strong> je opravdu neuv\u011b\u0159iteln\u00e1. <span style=\"color: #ff0000;\"><strong>Cena metru \u010dtvere\u010dn\u00edho je 185 K\u010d\/m\u011bs\u00edc\u00a0a slu\u017eby se neplat\u00ed!<\/strong><\/span>\u00a0Ano, sly\u0161\u00edte dob\u0159e, jde o opravdu zaj\u00edmav\u00e9 podm\u00ednky. Pokud tedy nehled\u00e1te cel\u00fdch 600 m2, ale o des\u00edtky, mo\u017en\u00e1 i stovky metr\u016f m\u00e9n\u011b, stejn\u011b se V\u00e1m tento objekt vyplat\u00ed pronajmout.<\/p>\n<h2>Kancel\u00e1\u0159e Pod\u011bbradsk\u00e1 BEZ provize<\/h2>\n<p>Ve\u0161ker\u00e9 slu\u017eby na\u0161\u00ed spole\u010dnosti jsou bez jak\u00e9koli provize. Nev\u00e1hejte n\u00e1s zdarma oslovit, jsme tu pro v\u00e1s nonstop a m\u016f\u017eeme v\u00e1s vz\u00edt na prohl\u00eddku klidn\u011b u\u017e dnes.<\/p>\n<h2>Jak poptat kancel\u00e1\u0159e v Hloub\u011bt\u00edn\u011b?<\/h2>\n<p>Vypl\u0148te pros\u00edm Rychl\u00fd popt\u00e1vkov\u00fd formul\u00e1\u0159. Najdete\u00a0ho konci textu\u00a0a makl\u00e9\u0159e zodpov\u011bdn\u00e9ho za nemovitosti v prav\u00e9m sloupci.<br \/>\ne-mail:\u00a0<strong><a href=\"mailto:info@prazskekancelare.cz\">info@prazskekancelare.com<\/a>\u00a0<\/strong>\/\u00a0telefon: <strong><span style=\"color: #ff0000;\">+420 773 295 925, +420 723 984 360.\u00a0<\/span><\/strong><\/p>\n<p>Dr\u017e\u00edme palce, abyste na\u0161li ide\u00e1ln\u00ed <strong><a href=\"\/\" target=\"_blank\">pron\u00e1jem kancel\u00e1\u0159e Praha<\/a><\/strong>, Pra\u017esk\u00e9 kancel\u00e1\u0159e.<\/p>\n<p><a href=\"\/poptavka-po-kancelarich-k-pronajmu\/\" target=\"_blank\"><img loading=\"lazy\" class=\"alignnone wp-image-3619 size-medium\" src=\"https:\/\/www.prazskekancelare.com\/test\/wp-content\/uploads\/2019\/12\/poptavejte-bez-provize-300x48.png\" alt=\"Albatros Spaces Kancel\u00e1\u0159e\" width=\"300\" height=\"48\" srcset=\"https:\/\/www.prazskekancelare.com\/test\/wp-content\/uploads\/2019\/12\/poptavejte-bez-provize-300x48.png 300w, https:\/\/www.prazskekancelare.com\/test\/wp-content\/uploads\/2019\/12\/poptavejte-bez-provize-1024x163.png 1024w\" sizes=\"(max-width: 300px) 100vw, 300px\" \/><\/a><\/p>\n<h2>V\u00edce informac\u00ed o kancel\u00e1\u0159\u00edch na Pod\u011bbradsk\u00e9:<\/h2>\n","protected":false},"author":1,"featured_media":3688,"comment_status":"closed","ping_status":"closed","template":"","yoast_head":"<!-- This site is optimized with the Yoast SEO plugin v16.4 - https:\/\/yoast.com\/wordpress\/plugins\/seo\/ -->\n<title>LEVN\u00c9 KANCEL\u00c1\u0158E Pod\u011bbradsk\u00e1 Hloub\u011bt\u00edn | 600 m2 LEVN\u011a<\/title>\n<meta name=\"description\" content=\"POZOR Levn\u00e9 Kancel\u00e1\u0159e Pod\u011bbradsk\u00e1 Hloub\u011bt\u00edn Praha 9 \u2705| Kancel\u00e1\u0159e 600 m2 Hloub\u011bt\u00edn VELMI levn\u011b, Skoro ZDARMA \u2705| V\u00fdhodn\u00e9 pro mal\u00e9 i velk\u00e9 spole\u010dnosti.\" \/>\n<meta name=\"robots\" content=\"noindex, follow, max-snippet:-1, max-image-preview:large, max-video-preview:-1\" \/>\n<meta property=\"og:locale\" content=\"cs_CZ\" \/>\n<meta property=\"og:type\" content=\"article\" \/>\n<meta property=\"og:title\" content=\"LEVN\u00c9 KANCEL\u00c1\u0158E Pod\u011bbradsk\u00e1 Hloub\u011bt\u00edn | 600 m2 LEVN\u011a\" \/>\n<meta property=\"og:description\" content=\"POZOR Levn\u00e9 Kancel\u00e1\u0159e Pod\u011bbradsk\u00e1 Hloub\u011bt\u00edn Praha 9 \u2705| Kancel\u00e1\u0159e 600 m2 Hloub\u011bt\u00edn VELMI levn\u011b, Skoro ZDARMA \u2705| V\u00fdhodn\u00e9 pro mal\u00e9 i velk\u00e9 spole\u010dnosti.\" \/>\n<meta property=\"og:url\" content=\"https:\/\/www.prazskekancelare.com\/test\/kancelare-k-pronajmu\/kancelare-podebradska-hloubetin\/\" \/>\n<meta property=\"og:site_name\" content=\"TEST - Pron\u00e1jem kancel\u00e1\u0159e Praha\" \/>\n<meta property=\"article:modified_time\" content=\"2020-04-24T10:05:50+00:00\" \/>\n<meta property=\"og:image\" content=\"https:\/\/www.prazskekancelare.com\/test\/wp-content\/uploads\/2019\/12\/kancelare-balabenka.jpg\" \/>\n\t<meta property=\"og:image:width\" content=\"930\" \/>\n\t<meta property=\"og:image:height\" content=\"557\" \/>\n<meta name=\"twitter:card\" content=\"summary\" \/>\n<meta name=\"twitter:label1\" content=\"Odhadovan\u00e1 doba \u010dten\u00ed\" \/>\n\t<meta name=\"twitter:data1\" content=\"2 minuty\" \/>\n<script type=\"application\/ld+json\" class=\"yoast-schema-graph\">{\"@context\":\"https:\/\/schema.org\",\"@graph\":[{\"@type\":\"Organization\",\"@id\":\"https:\/\/www.prazskekancelare.com\/test\/#organization\",\"name\":\"Pron\\u00e1jem kancel\\u00e1\\u0159e Praha\",\"url\":\"https:\/\/www.prazskekancelare.com\/test\/\",\"sameAs\":[],\"logo\":{\"@type\":\"ImageObject\",\"@id\":\"https:\/\/www.prazskekancelare.com\/test\/#logo\",\"inLanguage\":\"cs\",\"url\":\"https:\/\/www.prazskekancelare.com\/test\/wp-content\/uploads\/2018\/05\/prazske-kancelare-com-logo.png\",\"contentUrl\":\"https:\/\/www.prazskekancelare.com\/test\/wp-content\/uploads\/2018\/05\/prazske-kancelare-com-logo.png\",\"width\":242,\"height\":59,\"caption\":\"Pron\\u00e1jem kancel\\u00e1\\u0159e Praha\"},\"image\":{\"@id\":\"https:\/\/www.prazskekancelare.com\/test\/#logo\"}},{\"@type\":\"WebSite\",\"@id\":\"https:\/\/www.prazskekancelare.com\/test\/#website\",\"url\":\"https:\/\/www.prazskekancelare.com\/test\/\",\"name\":\"TEST - Pron\\u00e1jem kancel\\u00e1\\u0159e Praha\",\"description\":\"Pron\\u00e1jem kancel\\u00e1\\u0159e Praha a Kancelare Praha\",\"publisher\":{\"@id\":\"https:\/\/www.prazskekancelare.com\/test\/#organization\"},\"potentialAction\":[{\"@type\":\"SearchAction\",\"target\":\"https:\/\/www.prazskekancelare.com\/test\/?s={search_term_string}\",\"query-input\":\"required name=search_term_string\"}],\"inLanguage\":\"cs\"},{\"@type\":\"ImageObject\",\"@id\":\"https:\/\/www.prazskekancelare.com\/test\/kancelare-k-pronajmu\/kancelare-podebradska-hloubetin\/#primaryimage\",\"inLanguage\":\"cs\",\"url\":\"https:\/\/www.prazskekancelare.com\/test\/wp-content\/uploads\/2019\/12\/kancelare-balabenka.jpg\",\"contentUrl\":\"https:\/\/www.prazskekancelare.com\/test\/wp-content\/uploads\/2019\/12\/kancelare-balabenka.jpg\",\"width\":930,\"height\":557,\"caption\":\"kancel\\u00e1\\u0159e Pod\\u011bbradsk\\u00e1 Hloub\\u011bt\\u00edn\"},{\"@type\":\"WebPage\",\"@id\":\"https:\/\/www.prazskekancelare.com\/test\/kancelare-k-pronajmu\/kancelare-podebradska-hloubetin\/#webpage\",\"url\":\"https:\/\/www.prazskekancelare.com\/test\/kancelare-k-pronajmu\/kancelare-podebradska-hloubetin\/\",\"name\":\"LEVN\\u00c9 KANCEL\\u00c1\\u0158E Pod\\u011bbradsk\\u00e1 Hloub\\u011bt\\u00edn | 600 m2 LEVN\\u011a\",\"isPartOf\":{\"@id\":\"https:\/\/www.prazskekancelare.com\/test\/#website\"},\"primaryImageOfPage\":{\"@id\":\"https:\/\/www.prazskekancelare.com\/test\/kancelare-k-pronajmu\/kancelare-podebradska-hloubetin\/#primaryimage\"},\"datePublished\":\"2019-06-20T15:30:54+00:00\",\"dateModified\":\"2020-04-24T10:05:50+00:00\",\"description\":\"POZOR Levn\\u00e9 Kancel\\u00e1\\u0159e Pod\\u011bbradsk\\u00e1 Hloub\\u011bt\\u00edn Praha 9 \\u2705| Kancel\\u00e1\\u0159e 600 m2 Hloub\\u011bt\\u00edn VELMI levn\\u011b, Skoro ZDARMA \\u2705| V\\u00fdhodn\\u00e9 pro mal\\u00e9 i velk\\u00e9 spole\\u010dnosti.\",\"breadcrumb\":{\"@id\":\"https:\/\/www.prazskekancelare.com\/test\/kancelare-k-pronajmu\/kancelare-podebradska-hloubetin\/#breadcrumb\"},\"inLanguage\":\"cs\",\"potentialAction\":[{\"@type\":\"ReadAction\",\"target\":[\"https:\/\/www.prazskekancelare.com\/test\/kancelare-k-pronajmu\/kancelare-podebradska-hloubetin\/\"]}]},{\"@type\":\"BreadcrumbList\",\"@id\":\"https:\/\/www.prazskekancelare.com\/test\/kancelare-k-pronajmu\/kancelare-podebradska-hloubetin\/#breadcrumb\",\"itemListElement\":[{\"@type\":\"ListItem\",\"position\":1,\"item\":{\"@type\":\"WebPage\",\"@id\":\"https:\/\/www.prazskekancelare.com\/test\/\",\"url\":\"https:\/\/www.prazskekancelare.com\/test\/\",\"name\":\"Dom\\u016f\"}},{\"@type\":\"ListItem\",\"position\":2,\"item\":{\"@type\":\"WebPage\",\"@id\":\"https:\/\/www.prazskekancelare.com\/test\/kancelare-k-pronajmu\/\",\"url\":\"https:\/\/www.prazskekancelare.com\/test\/kancelare-k-pronajmu\/\",\"name\":\"Properties\"}},{\"@type\":\"ListItem\",\"position\":3,\"item\":{\"@id\":\"https:\/\/www.prazskekancelare.com\/test\/kancelare-k-pronajmu\/kancelare-podebradska-hloubetin\/#webpage\"}}]}]}<\/script>\n<!-- \/ Yoast SEO plugin. -->","cmb2":{"property_general":{"property_id":"ANO","property_year_built":"","property_address":"Pod\u011bbradsk\u00e1 538\/46,\r\n 190 00 Praha 9\r\n","property_zip":"","property_contract":"","property_gallery":"","property_plans":"","property_video":"","property_parent_property":""},"property_flags":{"property_featured":"","property_sticky":"","property_reduced":"","property_sold":""},"property_contact":{"property_contact_name":"","property_contact_phone":""},"property_pricing":{"property_price":"185","property_price_prefix":"pouze","property_price_suffix":"K\u010d\/m2\/m\u011bs\u00edc","property_price_custom":""},"property_attributes":{"property_rooms":"NE","property_beds":"2","property_baths":"NE","property_garages":"ANO - v\u00fdhodn\u00e9","property_home_area":"","property_lot_dimensions":"","property_lot_area":"600 m2"},"property_valuation":{"property_valuation_group":""},"property_public_facilities":{"property_public_facilities_group":""},"property_map_location":{"property_map_location":{"latitude":"50.1031149","longitude":"14.5163958"}},"property_relations":{"property_agents":["260"]}},"_links":{"self":[{"href":"https:\/\/www.prazskekancelare.com\/test\/wp-json\/wp\/v2\/property\/3702"}],"collection":[{"href":"https:\/\/www.prazskekancelare.com\/test\/wp-json\/wp\/v2\/property"}],"about":[{"href":"https:\/\/www.prazskekancelare.com\/test\/wp-json\/wp\/v2\/types\/property"}],"author":[{"embeddable":true,"href":"https:\/\/www.prazskekancelare.com\/test\/wp-json\/wp\/v2\/users\/1"}],"replies":[{"embeddable":true,"href":"https:\/\/www.prazskekancelare.com\/test\/wp-json\/wp\/v2\/comments?post=3702"}],"wp:featuredmedia":[{"embeddable":true,"href":"https:\/\/www.prazskekancelare.com\/test\/wp-json\/wp\/v2\/media\/3688"}],"wp:attachment":[{"href":"https:\/\/www.prazskekancelare.com\/test\/wp-json\/wp\/v2\/media?parent=3702"}],"curies":[{"name":"wp","href":"https:\/\/api.w.org\/{rel}","templated":true}]}}