{"id":3650,"date":"2019-09-15T13:44:22","date_gmt":"2019-09-15T11:44:22","guid":{"rendered":"https:\/\/www.prazskekancelare.com\/test\/?post_type=property&#038;p=3650"},"modified":"2020-02-23T17:15:30","modified_gmt":"2020-02-23T16:15:30","slug":"karla-englise-4-smichov-praha-5","status":"publish","type":"property","link":"https:\/\/www.prazskekancelare.com\/test\/kancelare-k-pronajmu\/karla-englise-4-smichov-praha-5\/","title":{"rendered":"KARLA ENGLI\u0160E kancel\u00e1\u0159e <span style=\"color: #ff0000;\">Nov\u011b voln\u00e9<\/span>"},"content":{"rendered":"<p>\n\t<ul id=\"slideshowgallery147236\" class=\"slideshowgallery147236\" style=\"display:none;\">\n\t\t\t\t\t<!-- From all slides or gallery slides -->\n\t\t\t\t\t\t\t<li>\n\t\t\t\t\t<h3 style=\"opacity:70;\">kancel\u00e1\u0159e and\u011bl radlick\u00e1 sm\u00edchov<\/h3>\n\t\t\t\t\t\t\t\t\t\t\t<span data-alt=\"kancele-andl-radlick-smchov\">https:\/\/www.prazskekancelare.com\/test\/wp-content\/uploads\/2019\/12\/kancelare-andel-radlicka-smichov.jpg<\/span>\n\t\t\t\t\t\t\t\t\t\t<p><\/p>\n\t\t\t\t\t\t\t\t\t\t\t\t\t\t\t\t\t\t<a><img class=\"skip-lazy\" src=\"https:\/\/www.prazskekancelare.com\/test\/wp-content\/uploads\/2019\/12\/kancelare-andel-radlicka-smichov-400x300.jpg\" alt=\"kancele-andl-radlick-smchov\" \/><\/a>\n\t\t\t\t\t\t\t\t\t\t\t\t\t\t\t<\/li>\n\t\t\t\t\t\t\t<li>\n\t\t\t\t\t<h3 style=\"opacity:70;\">kancelare karla englise radlicka<\/h3>\n\t\t\t\t\t\t\t\t\t\t\t<span data-alt=\"kancelare-karla-englise-radlicka\">https:\/\/www.prazskekancelare.com\/test\/wp-content\/uploads\/2019\/12\/kancelare-karla-englise-radlicka.jpg<\/span>\n\t\t\t\t\t\t\t\t\t\t<p><\/p>\n\t\t\t\t\t\t\t\t\t\t\t\t\t\t\t\t\t\t<a><img class=\"skip-lazy\" src=\"https:\/\/www.prazskekancelare.com\/test\/wp-content\/uploads\/2019\/12\/kancelare-karla-englise-radlicka-400x300.jpg\" alt=\"kancelare-karla-englise-radlicka\" \/><\/a>\n\t\t\t\t\t\t\t\t\t\t\t\t\t\t\t<\/li>\n\t\t\t\t\t\t\t<li>\n\t\t\t\t\t<h3 style=\"opacity:70;\">kancelare and\u011bl karla englise<\/h3>\n\t\t\t\t\t\t\t\t\t\t\t<span data-alt=\"kancelare-andl-karla-englise\">https:\/\/www.prazskekancelare.com\/test\/wp-content\/uploads\/2019\/12\/kancelare-andel-karla-englise.jpg<\/span>\n\t\t\t\t\t\t\t\t\t\t<p><\/p>\n\t\t\t\t\t\t\t\t\t\t\t\t\t\t\t\t\t\t<a><img class=\"skip-lazy\" src=\"https:\/\/www.prazskekancelare.com\/test\/wp-content\/uploads\/2019\/12\/kancelare-andel-karla-englise-400x300.jpg\" alt=\"kancelare-andl-karla-englise\" \/><\/a>\n\t\t\t\t\t\t\t\t\t\t\t\t\t\t\t<\/li>\n\t\t\t\t\t\t\t<li>\n\t\t\t\t\t<h3 style=\"opacity:70;\">Radlick\u00e1 kancel\u00e1\u0159e Praha 5<\/h3>\n\t\t\t\t\t\t\t\t\t\t\t<span data-alt=\"radlick-kancele-praha-5\">https:\/\/www.prazskekancelare.com\/test\/wp-content\/uploads\/2019\/12\/radlicka-kancelare-praha-5.jpg<\/span>\n\t\t\t\t\t\t\t\t\t\t<p><\/p>\n\t\t\t\t\t\t\t\t\t\t\t\t\t\t\t\t\t\t<a><img class=\"skip-lazy\" src=\"https:\/\/www.prazskekancelare.com\/test\/wp-content\/uploads\/2019\/12\/radlicka-kancelare-praha-5-400x300.jpg\" alt=\"radlick-kancele-praha-5\" \/><\/a>\n\t\t\t\t\t\t\t\t\t\t\t\t\t\t\t<\/li>\n\t\t\t\t\t\t\t<li>\n\t\t\t\t\t<h3 style=\"opacity:70;\">pron\u00e1jem kancel\u00e1\u0159e karla engli\u0161e and\u011bl<\/h3>\n\t\t\t\t\t\t\t\t\t\t\t<span data-alt=\"pronjem-kancele-karla-englie-andl\">https:\/\/www.prazskekancelare.com\/test\/wp-content\/uploads\/2019\/12\/pronajem-kancelare-karla-englise-andel.jpg<\/span>\n\t\t\t\t\t\t\t\t\t\t<p><\/p>\n\t\t\t\t\t\t\t\t\t\t\t\t\t\t\t\t\t\t<a><img class=\"skip-lazy\" src=\"https:\/\/www.prazskekancelare.com\/test\/wp-content\/uploads\/2019\/12\/pronajem-kancelare-karla-englise-andel-400x300.jpg\" alt=\"pronjem-kancele-karla-englie-andl\" \/><\/a>\n\t\t\t\t\t\t\t\t\t\t\t\t\t\t\t<\/li>\n\t\t\t\t\t\t\t<li>\n\t\t\t\t\t<h3 style=\"opacity:70;\">mapa kancel\u00e1\u0159\u00ed radlick\u00e1 sm\u00edchov<\/h3>\n\t\t\t\t\t\t\t\t\t\t\t<span data-alt=\"mapa-kancel-radlick-smchov\">https:\/\/www.prazskekancelare.com\/test\/wp-content\/uploads\/2019\/12\/mapa-kancelari-radlicka-smichov.jpg<\/span>\n\t\t\t\t\t\t\t\t\t\t<p><\/p>\n\t\t\t\t\t\t\t\t\t\t\t\t\t\t\t\t\t\t<a><img class=\"skip-lazy\" src=\"https:\/\/www.prazskekancelare.com\/test\/wp-content\/uploads\/2019\/12\/mapa-kancelari-radlicka-smichov-400x300.jpg\" alt=\"mapa-kancel-radlick-smchov\" \/><\/a>\n\t\t\t\t\t\t\t\t\t\t\t\t\t\t\t<\/li>\n\t\t\t\t\t\t\t<li>\n\t\t\t\t\t<h3 style=\"opacity:70;\">Karla Englise kancelare k pronajmu<\/h3>\n\t\t\t\t\t\t\t\t\t\t\t<span data-alt=\"karla-englise-kancelare-k-pronajmu\">https:\/\/www.prazskekancelare.com\/test\/wp-content\/uploads\/2019\/12\/karla-englise-kancelare-k-pronajmu.jpg<\/span>\n\t\t\t\t\t\t\t\t\t\t<p><\/p>\n\t\t\t\t\t\t\t\t\t\t\t\t\t\t\t\t\t\t<a><img class=\"skip-lazy\" src=\"https:\/\/www.prazskekancelare.com\/test\/wp-content\/uploads\/2019\/12\/karla-englise-kancelare-k-pronajmu-400x300.jpg\" alt=\"karla-englise-kancelare-k-pronajmu\" \/><\/a>\n\t\t\t\t\t\t\t\t\t\t\t\t\t\t\t<\/li>\n\t\t\t\t\t\t\t<li>\n\t\t\t\t\t<h3 style=\"opacity:70;\">kancel\u00e1\u0159e Karla Engli\u0161e Sm\u00edchov<\/h3>\n\t\t\t\t\t\t\t\t\t\t\t<span data-alt=\"kancele-karla-englie-smchov\">https:\/\/www.prazskekancelare.com\/test\/wp-content\/uploads\/2019\/12\/kancelare-karla-englise-smichov.jpg<\/span>\n\t\t\t\t\t\t\t\t\t\t<p><\/p>\n\t\t\t\t\t\t\t\t\t\t\t\t\t\t\t\t\t\t<a><img class=\"skip-lazy\" src=\"https:\/\/www.prazskekancelare.com\/test\/wp-content\/uploads\/2019\/12\/kancelare-karla-englise-smichov-400x300.jpg\" alt=\"kancele-karla-englie-smchov\" \/><\/a>\n\t\t\t\t\t\t\t\t\t\t\t\t\t\t\t<\/li>\n\t\t\t\t\t\t<\/ul>\n\n\t\t<div id=\"slideshow-wrappergallery147236\" class=\"slideshow-wrapper\" style=\"--slideshow-width:988px\">\n\t\t\n\t\t<div class=\"slideshow-fullsize\" id=\"fullsizegallery147236\">\n\t\t\t\t\t\t\t\t\t\t\t\t\t\t<div id=\"imgprevgallery147236\" class=\"slideshow-imgprev imgnav\" title=\"Previous Image\">Previous Image<\/div>\n\t\t\t\t\t\t<a id=\"imglinkgallery147236\" class=\"slideshow-imglink imglink\">\n\t\t\t\t<!-- link -->\n\t\t\t<\/a>\n\t\t\t\t\t\t\t\t\t\t\t<div id=\"imgnextgallery147236\" class=\"slideshow-imgnext imgnav\" title=\"Next Image\">Next Image<\/div>\n\t\t\t\t\t\t<div id=\"imagegallery147236\" class=\"slideshow-image\"><\/div>\n\t\t\t<div class=\"slideshow-information infobottom\" id=\"informationgallery147236\">\n\t\t\t\t<h3 class=\"slideshow-info-heading\">info heading<\/h3>\n\t\t\t\t<p class=\"slideshow-info-content\">info content<\/p>\n\t\t\t<\/div>\n\t\t<\/div>\n\n\t\t\t\t\t<div id=\"thumbnailsgallery147236\" class=\"slideshow-thumbnails thumbsbot\">\n\t\t\t\t<div class=\"slideshow-slideleft\" id=\"slideleftgallery147236\" title=\"Slide Left\"><\/div>\n\t\t\t\t<div class=\"slideshow-slidearea\" id=\"slideareagallery147236\">\n\t\t\t\t\t<div class=\"slideshow-slider\" id=\"slidergallery147236\"><\/div>\n\t\t\t\t<\/div>\n\t\t\t\t<div class=\"slideshow-slideright\" id=\"sliderightgallery147236\" title=\"Slide Right\"><\/div>\n\t\t\t\t<br style=\"clear:both; visibility:hidden; height:1px;\" \/>\n\t\t\t<\/div>\n\t\t\t<\/div>\n\n\t<br \/>\n<strong>Kancel\u00e1\u0159e Karla Engli\u0161e 4<\/strong>\u00a0jsou aktu\u00e1ln\u00ed novinkou na trhu.\u2705\u00a0Py\u0161n\u011b nab\u00edz\u00edme\u00a0nejnov\u011bj\u0161\u00ed<strong> pron\u00e1jem kancel\u00e1\u0159\u00ed Karla Engli\u0161e \u2705\u00a0<\/strong>na Praze 5 na rohu ulic Radlick\u00e1 a Karla Engli\u0161e.\u00a0Jde o \u017ehavou novinku mezi<strong> kancel\u00e1\u0159emi na Sm\u00edchov\u011b.<\/strong> Notoricky zn\u00e1m\u00e1 budova\u00a0ihned vedle hotelu Angelo\u00a0pro\u0161la n\u00e1ro\u010dnou a velmi zda\u0159ilou rekonstrukc\u00ed. Nab\u00edz\u00ed jak malometr\u00e1\u017en\u00ed kancel\u00e1\u0159e, tak velk\u00e9 ka<\/p>\n<p><strong>Karla Engli\u0161e kancel\u00e1\u0159e <\/strong><span style=\"color: #ff0000;\"><em>(mal\u00e9 i velk\u00e9)<\/em><\/span><strong> VELIKOSTI<\/strong><\/p>\n<ul>\n<li><span style=\"color: #ff0000;\"><strong>od 5 m2:\u00a0<\/strong><\/span> pro mal\u00e9 spole\u010dnost, za\u010d\u00ednaj\u00edc\u00ed podnikatele \/ \u017eivnostn\u00edky, virtu\u00e1ln\u00ed s\u00eddla, &#8230;<\/li>\n<li><span style=\"color: #ff0000;\"><strong>od 100 m2 &#8211; 1.000 m2:<\/strong><\/span> pro v\u011bt\u0161\u00ed \/ velk\u00e9 spole\u010dnosti\u00a0 &#8211; <strong>velmi v\u00fdhodn\u00e9! <\/strong><em>(spo\u010d\u00edt\u00e1me v\u00e1m \u00faspory)<\/em><\/li>\n<\/ul>\n<p><span style=\"color: #ff0000;\"><strong>Popt\u00e1vejte IHNED nez\u00e1vazn\u011b | V\u00fdhodn\u00e9 ceny a BEZ provize:<\/strong><\/span><\/p>\n<p><a href=\"\/poptavka-po-kancelarich-k-pronajmu\/\" target=\"_blank\"><img loading=\"lazy\" class=\"alignnone wp-image-3617 size-medium\" src=\"https:\/\/www.prazskekancelare.com\/test\/wp-content\/uploads\/2019\/12\/kancelare-5-5000m-300x46.png\" alt=\"Albatros Kancel\u00e1\u0159e Spaces\" width=\"300\" height=\"46\" srcset=\"https:\/\/www.prazskekancelare.com\/test\/wp-content\/uploads\/2019\/12\/kancelare-5-5000m-300x46.png 300w, https:\/\/www.prazskekancelare.com\/test\/wp-content\/uploads\/2019\/12\/kancelare-5-5000m-1024x156.png 1024w\" sizes=\"(max-width: 300px) 100vw, 300px\" \/><\/a><\/p>\n<h2><strong>Karla Engli\u0161e Kancel\u00e1\u0159e &#8211; okol\u00ed \/ lokalita<\/strong><\/h2>\n<p>Kdo by neznal pra\u017esk\u00fd And\u011bl a jeho okol\u00ed. Jde o nov\u00e9 centrum Prahy, kter\u00e9 p\u0159itahuje v\u011bt\u0161inu spole\u010dnost\u00ed. Skv\u011bl\u00e1 ob\u010dansk\u00e1 i obchodn\u00ed vybavenost m\u00edsta je prost\u011b skv\u011blou v\u00fdhodou. Kancel\u00e1\u0159e Karla Engli\u0161e 4 t\u011bchto v\u00fdhod vyu\u017e\u00edvaj\u00ed na maximum. Najdete je ihned u Radlick\u00e9 ulice, naproti Maf\u0159e a n\u011bkolik des\u00edtek metr\u016f od metra And\u011bl a Obchodn\u00edch centra Sm\u00edchov. Kancel\u00e1\u0159e v ulici Karla Engli\u0161e v\u0159ele doporu\u010dujeme.<\/p>\n<h2>V\u00fdhody kancel\u00e1\u0159\u00ed Karla Engli\u0161e<\/h2>\n<ul>\n<li>Nonstop 24\/7 dostupnost do budovy<\/li>\n<li>Kamery monitoruj\u00edc\u00ed spole\u010dn\u00e9 prostory a\u00a0budovu jako takvou<\/li>\n<li>Modern\u00ed designov\u00e1 recepce<\/li>\n<li>Vstup kontrolovan\u00fd bezkontaktn\u00edmi kartami<\/li>\n<li>\u0160pi\u010dkov\u00fd syst\u00e9m spr\u00e1vy budovy<\/li>\n<li>V budov\u011b jsou 3 osobn\u00ed v\u00fdtahy<\/li>\n<li>Vysok\u00e1 variabilita kancel\u00e1\u0159\u00ed a vysok\u00fd standard vybaven\u00ed<\/li>\n<li>Rozd\u011blen\u00ed pater dle pot\u0159eby z\u00e1kazn\u00edk\u016f<\/li>\n<li>zdvojen\u00e1 podlaha s krabicemi pro elektrick\u00e9 a datov\u00e9 rozvody<\/li>\n<li>Centr\u00e1ln\u00ed ventilace a klimatizace v\u0161ech jednotek<\/li>\n<\/ul>\n<h2>Popis kancel\u00e1\u0159sk\u00e9 budovy Karla Engli\u0161e<\/h2>\n<p>Modern\u00ed kancel\u00e1\u0159sk\u00e1 budova t\u0159\u00eddy A z roku 2006 s modern\u00edmi architektonick\u00fdmi a technick\u00fdmi prvky. Atraktivn\u00ed svou lokalitou a sv\u00fdm designem dok\u00e1\u017ee sv\u00fdm klient\u016fm nab\u00eddnou p\u0159\u00edjemn\u00e9 a pohodln\u00e9 m\u00edsto pro dennodenn\u00ed budov\u00e1n\u00ed sv\u00fdch firem.<\/p>\n<h2>Popt\u00e1vejte kancel\u00e1\u0159e na And\u011blu BEZ provize<\/h2>\n<p>Ve\u0161ker\u00e9 slu\u017eby na\u0161\u00ed spole\u010dnosti jsou bez jak\u00e9koli provize. Nev\u00e1hejte n\u00e1s zdarma oslovit, jsme tu pro v\u00e1s nonstop.<\/p>\n<h2>Jak poptat kancel\u00e1\u0159e Karla Engli\u0161e 4 a jin\u00e9?<\/h2>\n<p>Vypl\u0148te pros\u00edm Rychl\u00fd popt\u00e1vkov\u00fd formul\u00e1\u0159. Najdete\u00a0ho konci textu\u00a0a makl\u00e9\u0159e zodpov\u011bdn\u00e9ho za nemovitosti v prav\u00e9m sloupci.<br \/>\ne-mail:\u00a0<strong><a href=\"mailto:info@prazskekancelare.cz\">info@prazskekancelare.com<\/a>\u00a0<\/strong>\/\u00a0telefon: <strong><span style=\"color: #ff0000;\">+420 773 295 925, +420 723 984 360.\u00a0<\/span><\/strong><\/p>\n<p><a href=\"\/poptavka-po-kancelarich-k-pronajmu\/\" target=\"_blank\"><img loading=\"lazy\" class=\"alignnone wp-image-3619 size-medium\" src=\"https:\/\/www.prazskekancelare.com\/test\/wp-content\/uploads\/2019\/12\/poptavejte-bez-provize-300x48.png\" alt=\"Albatros Spaces Kancel\u00e1\u0159e\" width=\"300\" height=\"48\" srcset=\"https:\/\/www.prazskekancelare.com\/test\/wp-content\/uploads\/2019\/12\/poptavejte-bez-provize-300x48.png 300w, https:\/\/www.prazskekancelare.com\/test\/wp-content\/uploads\/2019\/12\/poptavejte-bez-provize-1024x163.png 1024w\" sizes=\"(max-width: 300px) 100vw, 300px\" \/><\/a><\/p>\n<h2>V\u00edce informac\u00ed o kancel\u00e1\u0159\u00edch na And\u011blu:<\/h2>\n","protected":false},"author":1,"featured_media":3642,"comment_status":"closed","ping_status":"closed","template":"","yoast_head":"<!-- This site is optimized with the Yoast SEO plugin v16.4 - https:\/\/yoast.com\/wordpress\/plugins\/seo\/ -->\n<title>KARLA ENGLI\u0160E 4 Kancel\u00e1\u0159e \u00ae Praha 5 | 500 Kancel\u00e1\u0159\u00ed &gt;&gt;<\/title>\n<meta name=\"description\" content=\"Popt\u00e1vejte Kancel\u00e1\u0159e Karla Engli\u0161e 4 Sm\u00edchov Praha 5 \u2705| Kancel\u00e1\u0159e Radlick\u00e1 a Karla Engli\u0161e And\u011bl kancel\u00e1\u0159e k pron\u00e1jmu a dal\u0161\u00edch 500 kancel\u00e1\u0159\u00ed \u2705 LEVN\u011a.\" \/>\n<meta name=\"robots\" content=\"noindex, follow, max-snippet:-1, max-image-preview:large, max-video-preview:-1\" \/>\n<meta property=\"og:locale\" content=\"cs_CZ\" \/>\n<meta property=\"og:type\" content=\"article\" \/>\n<meta property=\"og:title\" content=\"KARLA ENGLI\u0160E 4 Kancel\u00e1\u0159e \u00ae Praha 5 | 500 Kancel\u00e1\u0159\u00ed &gt;&gt;\" \/>\n<meta property=\"og:description\" content=\"Popt\u00e1vejte Kancel\u00e1\u0159e Karla Engli\u0161e 4 Sm\u00edchov Praha 5 \u2705| Kancel\u00e1\u0159e Radlick\u00e1 a Karla Engli\u0161e And\u011bl kancel\u00e1\u0159e k pron\u00e1jmu a dal\u0161\u00edch 500 kancel\u00e1\u0159\u00ed \u2705 LEVN\u011a.\" \/>\n<meta property=\"og:url\" content=\"https:\/\/www.prazskekancelare.com\/test\/kancelare-k-pronajmu\/karla-englise-4-smichov-praha-5\/\" \/>\n<meta property=\"og:site_name\" content=\"TEST - Pron\u00e1jem kancel\u00e1\u0159e Praha\" \/>\n<meta property=\"article:modified_time\" content=\"2020-02-23T16:15:30+00:00\" \/>\n<meta property=\"og:image\" content=\"https:\/\/www.prazskekancelare.com\/test\/wp-content\/uploads\/2019\/12\/kancelare-karla-englise-smichov.jpg\" \/>\n\t<meta property=\"og:image:width\" content=\"1022\" \/>\n\t<meta property=\"og:image:height\" content=\"621\" \/>\n<meta name=\"twitter:card\" content=\"summary\" \/>\n<meta name=\"twitter:label1\" content=\"Odhadovan\u00e1 doba \u010dten\u00ed\" \/>\n\t<meta name=\"twitter:data1\" content=\"2 minuty\" \/>\n<script type=\"application\/ld+json\" class=\"yoast-schema-graph\">{\"@context\":\"https:\/\/schema.org\",\"@graph\":[{\"@type\":\"Organization\",\"@id\":\"https:\/\/www.prazskekancelare.com\/test\/#organization\",\"name\":\"Pron\\u00e1jem kancel\\u00e1\\u0159e Praha\",\"url\":\"https:\/\/www.prazskekancelare.com\/test\/\",\"sameAs\":[],\"logo\":{\"@type\":\"ImageObject\",\"@id\":\"https:\/\/www.prazskekancelare.com\/test\/#logo\",\"inLanguage\":\"cs\",\"url\":\"https:\/\/www.prazskekancelare.com\/test\/wp-content\/uploads\/2018\/05\/prazske-kancelare-com-logo.png\",\"contentUrl\":\"https:\/\/www.prazskekancelare.com\/test\/wp-content\/uploads\/2018\/05\/prazske-kancelare-com-logo.png\",\"width\":242,\"height\":59,\"caption\":\"Pron\\u00e1jem kancel\\u00e1\\u0159e Praha\"},\"image\":{\"@id\":\"https:\/\/www.prazskekancelare.com\/test\/#logo\"}},{\"@type\":\"WebSite\",\"@id\":\"https:\/\/www.prazskekancelare.com\/test\/#website\",\"url\":\"https:\/\/www.prazskekancelare.com\/test\/\",\"name\":\"TEST - Pron\\u00e1jem kancel\\u00e1\\u0159e Praha\",\"description\":\"Pron\\u00e1jem kancel\\u00e1\\u0159e Praha a Kancelare Praha\",\"publisher\":{\"@id\":\"https:\/\/www.prazskekancelare.com\/test\/#organization\"},\"potentialAction\":[{\"@type\":\"SearchAction\",\"target\":\"https:\/\/www.prazskekancelare.com\/test\/?s={search_term_string}\",\"query-input\":\"required name=search_term_string\"}],\"inLanguage\":\"cs\"},{\"@type\":\"ImageObject\",\"@id\":\"https:\/\/www.prazskekancelare.com\/test\/kancelare-k-pronajmu\/karla-englise-4-smichov-praha-5\/#primaryimage\",\"inLanguage\":\"cs\",\"url\":\"https:\/\/www.prazskekancelare.com\/test\/wp-content\/uploads\/2019\/12\/kancelare-karla-englise-smichov.jpg\",\"contentUrl\":\"https:\/\/www.prazskekancelare.com\/test\/wp-content\/uploads\/2019\/12\/kancelare-karla-englise-smichov.jpg\",\"width\":1022,\"height\":621,\"caption\":\"kancel\\u00e1\\u0159e Karla Engli\\u0161e Sm\\u00edchov\"},{\"@type\":\"WebPage\",\"@id\":\"https:\/\/www.prazskekancelare.com\/test\/kancelare-k-pronajmu\/karla-englise-4-smichov-praha-5\/#webpage\",\"url\":\"https:\/\/www.prazskekancelare.com\/test\/kancelare-k-pronajmu\/karla-englise-4-smichov-praha-5\/\",\"name\":\"KARLA ENGLI\\u0160E 4 Kancel\\u00e1\\u0159e \\u00ae Praha 5 | 500 Kancel\\u00e1\\u0159\\u00ed >>\",\"isPartOf\":{\"@id\":\"https:\/\/www.prazskekancelare.com\/test\/#website\"},\"primaryImageOfPage\":{\"@id\":\"https:\/\/www.prazskekancelare.com\/test\/kancelare-k-pronajmu\/karla-englise-4-smichov-praha-5\/#primaryimage\"},\"datePublished\":\"2019-09-15T11:44:22+00:00\",\"dateModified\":\"2020-02-23T16:15:30+00:00\",\"description\":\"Popt\\u00e1vejte Kancel\\u00e1\\u0159e Karla Engli\\u0161e 4 Sm\\u00edchov Praha 5 \\u2705| Kancel\\u00e1\\u0159e Radlick\\u00e1 a Karla Engli\\u0161e And\\u011bl kancel\\u00e1\\u0159e k pron\\u00e1jmu a dal\\u0161\\u00edch 500 kancel\\u00e1\\u0159\\u00ed \\u2705 LEVN\\u011a.\",\"breadcrumb\":{\"@id\":\"https:\/\/www.prazskekancelare.com\/test\/kancelare-k-pronajmu\/karla-englise-4-smichov-praha-5\/#breadcrumb\"},\"inLanguage\":\"cs\",\"potentialAction\":[{\"@type\":\"ReadAction\",\"target\":[\"https:\/\/www.prazskekancelare.com\/test\/kancelare-k-pronajmu\/karla-englise-4-smichov-praha-5\/\"]}]},{\"@type\":\"BreadcrumbList\",\"@id\":\"https:\/\/www.prazskekancelare.com\/test\/kancelare-k-pronajmu\/karla-englise-4-smichov-praha-5\/#breadcrumb\",\"itemListElement\":[{\"@type\":\"ListItem\",\"position\":1,\"item\":{\"@type\":\"WebPage\",\"@id\":\"https:\/\/www.prazskekancelare.com\/test\/\",\"url\":\"https:\/\/www.prazskekancelare.com\/test\/\",\"name\":\"Dom\\u016f\"}},{\"@type\":\"ListItem\",\"position\":2,\"item\":{\"@type\":\"WebPage\",\"@id\":\"https:\/\/www.prazskekancelare.com\/test\/kancelare-k-pronajmu\/\",\"url\":\"https:\/\/www.prazskekancelare.com\/test\/kancelare-k-pronajmu\/\",\"name\":\"Properties\"}},{\"@type\":\"ListItem\",\"position\":3,\"item\":{\"@id\":\"https:\/\/www.prazskekancelare.com\/test\/kancelare-k-pronajmu\/karla-englise-4-smichov-praha-5\/#webpage\"}}]}]}<\/script>\n<!-- \/ Yoast SEO plugin. -->","cmb2":{"property_general":{"property_id":"ANO","property_year_built":"","property_address":"Karla Engli\u0161e 4,\r\n 150 00 Praha 5\r\n","property_zip":"","property_contract":"","property_gallery":"","property_plans":"","property_video":"","property_parent_property":""},"property_flags":{"property_featured":"","property_sticky":"","property_reduced":"","property_sold":""},"property_contact":{"property_contact_name":"","property_contact_phone":""},"property_pricing":{"property_price":"390","property_price_prefix":"od","property_price_suffix":"K\u010d\/m2\/m\u011bs\u00edc","property_price_custom":""},"property_attributes":{"property_rooms":"NE","property_beds":"7","property_baths":"NE","property_garages":"NE \/ \u010d\u00e1ste\u010dn\u011b","property_home_area":"","property_lot_dimensions":"","property_lot_area":"5m2 - 1000m2"},"property_valuation":{"property_valuation_group":""},"property_public_facilities":{"property_public_facilities_group":""},"property_map_location":{"property_map_location":{"latitude":"50.0700455","longitude":"14.4013276"}},"property_relations":{"property_agents":["260"]}},"_links":{"self":[{"href":"https:\/\/www.prazskekancelare.com\/test\/wp-json\/wp\/v2\/property\/3650"}],"collection":[{"href":"https:\/\/www.prazskekancelare.com\/test\/wp-json\/wp\/v2\/property"}],"about":[{"href":"https:\/\/www.prazskekancelare.com\/test\/wp-json\/wp\/v2\/types\/property"}],"author":[{"embeddable":true,"href":"https:\/\/www.prazskekancelare.com\/test\/wp-json\/wp\/v2\/users\/1"}],"replies":[{"embeddable":true,"href":"https:\/\/www.prazskekancelare.com\/test\/wp-json\/wp\/v2\/comments?post=3650"}],"wp:featuredmedia":[{"embeddable":true,"href":"https:\/\/www.prazskekancelare.com\/test\/wp-json\/wp\/v2\/media\/3642"}],"wp:attachment":[{"href":"https:\/\/www.prazskekancelare.com\/test\/wp-json\/wp\/v2\/media?parent=3650"}],"curies":[{"name":"wp","href":"https:\/\/api.w.org\/{rel}","templated":true}]}}