{"id":3527,"date":"2019-01-09T10:03:31","date_gmt":"2019-01-09T09:03:31","guid":{"rendered":"https:\/\/www.prazskekancelare.com\/test\/?post_type=property&#038;p=3527"},"modified":"2020-03-04T20:06:56","modified_gmt":"2020-03-04T19:06:56","slug":"panorama-business-center","status":"publish","type":"property","link":"https:\/\/www.prazskekancelare.com\/test\/kancelare-k-pronajmu\/panorama-business-center\/","title":{"rendered":"PANORAMA Business Center <span style=\"color: #ff0000;\">novinka >><\/span>"},"content":{"rendered":"<p>\n\t<ul id=\"slideshowgallery142679\" class=\"slideshowgallery142679\" style=\"display:none;\">\n\t\t\t\t\t<!-- From all slides or gallery slides -->\n\t\t\t\t\t\t\t<li>\n\t\t\t\t\t<h3 style=\"opacity:70;\">vaclavske namesti panorama bc<\/h3>\n\t\t\t\t\t\t\t\t\t\t\t<span data-alt=\"vaclavske-namesti-panorama-bc\">https:\/\/www.prazskekancelare.com\/test\/wp-content\/uploads\/2019\/08\/vaclavske-namesti-panorama-bc.jpg<\/span>\n\t\t\t\t\t\t\t\t\t\t<p><\/p>\n\t\t\t\t\t\t\t\t\t\t\t\t\t\t\t\t\t\t<a><img class=\"skip-lazy\" src=\"https:\/\/www.prazskekancelare.com\/test\/wp-content\/uploads\/2019\/08\/vaclavske-namesti-panorama-bc-400x300.jpg\" alt=\"vaclavske-namesti-panorama-bc\" \/><\/a>\n\t\t\t\t\t\t\t\t\t\t\t\t\t\t\t<\/li>\n\t\t\t\t\t\t\t<li>\n\t\t\t\t\t<h3 style=\"opacity:70;\">pronajem kancelare panorama business centre<\/h3>\n\t\t\t\t\t\t\t\t\t\t\t<span data-alt=\"pronajem-kancelare-panorama-business-centre\">https:\/\/www.prazskekancelare.com\/test\/wp-content\/uploads\/2019\/08\/pronajem-kancelare-panorama-business-centre.jpg<\/span>\n\t\t\t\t\t\t\t\t\t\t<p><\/p>\n\t\t\t\t\t\t\t\t\t\t\t\t\t\t\t\t\t\t<a><img class=\"skip-lazy\" src=\"https:\/\/www.prazskekancelare.com\/test\/wp-content\/uploads\/2019\/08\/pronajem-kancelare-panorama-business-centre-400x300.jpg\" alt=\"pronajem-kancelare-panorama-business-centre\" \/><\/a>\n\t\t\t\t\t\t\t\t\t\t\t\t\t\t\t<\/li>\n\t\t\t\t\t\t\t<li>\n\t\t\t\t\t<h3 style=\"opacity:70;\">panorama business centre<\/h3>\n\t\t\t\t\t\t\t\t\t\t\t<span data-alt=\"panorama-business-centre\">https:\/\/www.prazskekancelare.com\/test\/wp-content\/uploads\/2019\/08\/panorama-business-centre.jpg<\/span>\n\t\t\t\t\t\t\t\t\t\t<p><\/p>\n\t\t\t\t\t\t\t\t\t\t\t\t\t\t\t\t\t\t<a><img class=\"skip-lazy\" src=\"https:\/\/www.prazskekancelare.com\/test\/wp-content\/uploads\/2019\/08\/panorama-business-centre-400x300.jpg\" alt=\"panorama-business-centre\" \/><\/a>\n\t\t\t\t\t\t\t\t\t\t\t\t\t\t\t<\/li>\n\t\t\t\t\t\t\t<li>\n\t\t\t\t\t<h3 style=\"opacity:70;\">panorama business centre kancelare<\/h3>\n\t\t\t\t\t\t\t\t\t\t\t<span data-alt=\"panorama-business-centre-kancelare\">https:\/\/www.prazskekancelare.com\/test\/wp-content\/uploads\/2019\/08\/panorama-business-centre-kancelare.jpg<\/span>\n\t\t\t\t\t\t\t\t\t\t<p><\/p>\n\t\t\t\t\t\t\t\t\t\t\t\t\t\t\t\t\t\t<a><img class=\"skip-lazy\" src=\"https:\/\/www.prazskekancelare.com\/test\/wp-content\/uploads\/2019\/08\/panorama-business-centre-kancelare-400x300.jpg\" alt=\"panorama-business-centre-kancelare\" \/><\/a>\n\t\t\t\t\t\t\t\t\t\t\t\t\t\t\t<\/li>\n\t\t\t\t\t\t\t<li>\n\t\t\t\t\t<h3 style=\"opacity:70;\">Panorama business center<\/h3>\n\t\t\t\t\t\t\t\t\t\t\t<span data-alt=\"panorama-business-center\">https:\/\/www.prazskekancelare.com\/test\/wp-content\/uploads\/2019\/08\/panorama-business-center.jpg<\/span>\n\t\t\t\t\t\t\t\t\t\t<p><\/p>\n\t\t\t\t\t\t\t\t\t\t\t\t\t\t\t\t\t\t<a><img class=\"skip-lazy\" src=\"https:\/\/www.prazskekancelare.com\/test\/wp-content\/uploads\/2019\/08\/panorama-business-center-400x300.jpg\" alt=\"panorama-business-center\" \/><\/a>\n\t\t\t\t\t\t\t\t\t\t\t\t\t\t\t<\/li>\n\t\t\t\t\t\t\t<li>\n\t\t\t\t\t<h3 style=\"opacity:70;\">panorama bc praha 2<\/h3>\n\t\t\t\t\t\t\t\t\t\t\t<span data-alt=\"panorama-bc-praha-2\">https:\/\/www.prazskekancelare.com\/test\/wp-content\/uploads\/2019\/08\/panorama-bc-praha-2.jpg<\/span>\n\t\t\t\t\t\t\t\t\t\t<p><\/p>\n\t\t\t\t\t\t\t\t\t\t\t\t\t\t\t\t\t\t<a><img class=\"skip-lazy\" src=\"https:\/\/www.prazskekancelare.com\/test\/wp-content\/uploads\/2019\/08\/panorama-bc-praha-2-400x300.jpg\" alt=\"panorama-bc-praha-2\" \/><\/a>\n\t\t\t\t\t\t\t\t\t\t\t\t\t\t\t<\/li>\n\t\t\t\t\t\t\t<li>\n\t\t\t\t\t<h3 style=\"opacity:70;\">kancelare k pronajmu panorama business centre<\/h3>\n\t\t\t\t\t\t\t\t\t\t\t<span data-alt=\"kancelare-k-pronajmu-panorama-business-centre\">https:\/\/www.prazskekancelare.com\/test\/wp-content\/uploads\/2019\/08\/kancelare-k-pronajmu-panorama-business-centre.jpg<\/span>\n\t\t\t\t\t\t\t\t\t\t<p><\/p>\n\t\t\t\t\t\t\t\t\t\t\t\t\t\t\t\t\t\t<a><img class=\"skip-lazy\" src=\"https:\/\/www.prazskekancelare.com\/test\/wp-content\/uploads\/2019\/08\/kancelare-k-pronajmu-panorama-business-centre-400x300.jpg\" alt=\"kancelare-k-pronajmu-panorama-business-centre\" \/><\/a>\n\t\t\t\t\t\t\t\t\t\t\t\t\t\t\t<\/li>\n\t\t\t\t\t\t\t<li>\n\t\t\t\t\t<h3 style=\"opacity:70;\">business center panorama<\/h3>\n\t\t\t\t\t\t\t\t\t\t\t<span data-alt=\"business-center-panorama\">https:\/\/www.prazskekancelare.com\/test\/wp-content\/uploads\/2019\/08\/business-center-panorama.jpg<\/span>\n\t\t\t\t\t\t\t\t\t\t<p><\/p>\n\t\t\t\t\t\t\t\t\t\t\t\t\t\t\t\t\t\t<a><img class=\"skip-lazy\" src=\"https:\/\/www.prazskekancelare.com\/test\/wp-content\/uploads\/2019\/08\/business-center-panorama-400x300.jpg\" alt=\"business-center-panorama\" \/><\/a>\n\t\t\t\t\t\t\t\t\t\t\t\t\t\t\t<\/li>\n\t\t\t\t\t\t<\/ul>\n\n\t\t<div id=\"slideshow-wrappergallery142679\" class=\"slideshow-wrapper\" style=\"--slideshow-width:988px\">\n\t\t\n\t\t<div class=\"slideshow-fullsize\" id=\"fullsizegallery142679\">\n\t\t\t\t\t\t\t\t\t\t\t\t\t\t<div id=\"imgprevgallery142679\" class=\"slideshow-imgprev imgnav\" title=\"Previous Image\">Previous Image<\/div>\n\t\t\t\t\t\t<a id=\"imglinkgallery142679\" class=\"slideshow-imglink imglink\">\n\t\t\t\t<!-- link -->\n\t\t\t<\/a>\n\t\t\t\t\t\t\t\t\t\t\t<div id=\"imgnextgallery142679\" class=\"slideshow-imgnext imgnav\" title=\"Next Image\">Next Image<\/div>\n\t\t\t\t\t\t<div id=\"imagegallery142679\" class=\"slideshow-image\"><\/div>\n\t\t\t<div class=\"slideshow-information infobottom\" id=\"informationgallery142679\">\n\t\t\t\t<h3 class=\"slideshow-info-heading\">info heading<\/h3>\n\t\t\t\t<p class=\"slideshow-info-content\">info content<\/p>\n\t\t\t<\/div>\n\t\t<\/div>\n\n\t\t\t\t\t<div id=\"thumbnailsgallery142679\" class=\"slideshow-thumbnails thumbsbot\">\n\t\t\t\t<div class=\"slideshow-slideleft\" id=\"slideleftgallery142679\" title=\"Slide Left\"><\/div>\n\t\t\t\t<div class=\"slideshow-slidearea\" id=\"slideareagallery142679\">\n\t\t\t\t\t<div class=\"slideshow-slider\" id=\"slidergallery142679\"><\/div>\n\t\t\t\t<\/div>\n\t\t\t\t<div class=\"slideshow-slideright\" id=\"sliderightgallery142679\" title=\"Slide Right\"><\/div>\n\t\t\t\t<br style=\"clear:both; visibility:hidden; height:1px;\" \/>\n\t\t\t<\/div>\n\t\t\t<\/div>\n\n\t<br \/>\n<span style=\"color: #ff0000;\"><strong>Panorama Business Center <\/strong>m\u00e1 skv\u011blou polohu \u2705, ide\u00e1ln\u00ed dostupnost MHD i autem, je modern\u00ed a za skv\u011blou cenu.\u00a0Popt\u00e1vejte ji\u017e nyn\u00ed,<strong> <span style=\"text-decoration: underline;\"><a href=\"\/poptavka-po-kancelarich-k-pronajmu\/\" target=\"_blank\">Bez provize &gt;&gt;.<\/a><\/span><\/strong><\/span><\/p>\n<p>P\u0159edstavujeme nejnov\u011bj\u0161\u00ed pron\u00e1jem kancel\u00e1\u0159\u00ed<strong>\u00a0PANORAMA BUSINESS CENTER\u00a0<\/strong><strong>\u2013<\/strong> kancel\u00e1\u0159skou budovu \u0161pi\u010dkov\u00e9 kvality. Notoricky zn\u00e1m\u00e1 budova pro\u0161la n\u00e1ro\u010dnou a velmi zda\u0159ilou rekonstrukc\u00ed a slu\u0161\u00ed j\u00ed to. Nab\u00edz\u00ed jak malometr\u00e1\u017en\u00ed vybaven\u00e9 kancel\u00e1\u0159e, tak velk\u00e9 kancel\u00e1\u0159sk\u00e9 celky pro v\u011bt\u0161\u00ed spole\u010dnosti. <span style=\"color: #ff0000;\"><strong>Kancel\u00e1\u0159e od 10 do 1000 m2.<\/strong><\/span><\/p>\n<h2><span style=\"color: #000000;\"><strong>Panorama Business Center &#8211; typy kancel\u00e1\u0159\u00ed:<\/strong><\/span><\/h2>\n<ol>\n<li><strong>Velk\u00e9 openspace kancel\u00e1\u0159e\u00a0<\/strong>od 100 m2 do 5.000 m2<\/li>\n<li><strong>Vybaven\u00e9 a servisovan\u00e9 kancel\u00e1\u0159e<\/strong> &#8211; kancel\u00e1\u0159e ji\u017e od 5m2<\/li>\n<\/ol>\n<p><strong>\u00a0 \u00a0<\/strong><strong>\u00a0 \u00a0 \u00a0 \u00a0<\/strong><span style=\"text-decoration: underline;\"><strong><a href=\"\/poptavka-po-kancelarich-k-pronajmu\/\" target=\"_blank\">Kompletn\u00ed nab\u00eddku kancel\u00e1\u0159\u00ed na m\u00edru sestav\u00edme BEZ provize do 30 minut. &gt;&gt;<\/a><\/strong><\/span><\/p>\n<p><a href=\"\/poptavka-po-kancelarich-k-pronajmu\/\" target=\"_blank\"><img loading=\"lazy\" class=\"alignnone wp-image-3617 size-medium\" src=\"https:\/\/www.prazskekancelare.com\/test\/wp-content\/uploads\/2019\/12\/kancelare-5-5000m-300x46.png\" alt=\"kancel\u00e1\u0159e od 5m\" width=\"300\" height=\"46\" srcset=\"https:\/\/www.prazskekancelare.com\/test\/wp-content\/uploads\/2019\/12\/kancelare-5-5000m-300x46.png 300w, https:\/\/www.prazskekancelare.com\/test\/wp-content\/uploads\/2019\/12\/kancelare-5-5000m-1024x156.png 1024w\" sizes=\"(max-width: 300px) 100vw, 300px\" \/><\/a><\/p>\n<h2><span style=\"color: #000000;\"><strong>Lokalita\u00a0Panorama Business Center<\/strong><\/span><\/h2>\n<p>Osmipatrov\u00e1 budova\u00a0<strong>Panorama Business Center\u00a0<\/strong>se nach\u00e1z\u00ed na lukrativn\u00ed adrese p\u0159\u00edmo naproti budov\u011b\u00a0<strong>N\u00e1rodn\u00edho muzea<\/strong>. Kancel\u00e1\u0159e v Panorama BC sk\u00fdtaj\u00ed kr\u00e1sn\u00e9 v\u00fdhledy, jak vypl\u00fdv\u00e1 z jej\u00edho pojmenov\u00e1n\u00ed, a z\u00e1rove\u0148 je nep\u0159ehl\u00e9dnutou\u00a0dominantou\u00a0p\u0159i vstupu na\u00a0Kr\u00e1lovsk\u00e9 Vinohrady.<\/p>\n<p>Panorama business Center se nach\u00e1z\u00ed p\u0159\u00edmo u stanice\u00a0metra Muzeum\u00a0a p\u0159ed hlavn\u00edm vchodem se nal\u00e9z\u00e1 zast\u00e1vka\u00a0tramvaj\u00ed. V sam\u00e9 bl\u00edzkosti budovy je mo\u017eno vyu\u017e\u00edt jak \u010detn\u00e9 slu\u017eby, tak i\u00a0obchodn\u00ed p\u0159\u00edle\u017eitosti. Nedaleko kancel\u00e1\u0159sk\u00e9 budovy se nach\u00e1z\u00ed dal\u0161\u00ed velmi zaj\u00edmav\u00e9<strong> <a href=\"\/kancelare-k-pronajmu\/pronajem-kancelare-opletalova-vaclavske-namesti-praha-1\/\" target=\"_blank\">pron\u00e1jmu kancel\u00e1\u0159\u00ed<\/a>,<\/strong> kter\u00e9 velmi doporu\u010dujeme. Pokud hled\u00e1te <strong><a href=\"\/kancelare-k-pronajmu\/pronajem-kancelari-bredovsky-dvur-nove-mesto-praha-1\/\" target=\"_blank\">vybaven\u00e9 kancel\u00e1\u0159e <\/a><\/strong>v centru m\u016f\u017ee je samoz\u0159ejm\u011b tak\u00e9 nab\u00eddnout a to op\u011bt<strong><a href=\"https:\/\/www.prazskekancelare.cz\/kancelare-vaclavske-namesti-19.php\" target=\"_blank\"> BEZ jak\u00e9koli kancel\u00e1\u0159sk\u00e9 provize.<\/a><\/strong><\/p>\n<h2>Kancel\u00e1\u0159e v Panorama\u00a0BC<\/h2>\n<p>Kancel\u00e1\u0159e jsou koncipov\u00e1ny jako\u00a0otev\u0159en\u00fd prostor s mo\u017enost\u00ed d\u011blen\u00ed\u00a0dle individu\u00e1ln\u00edho p\u0159\u00e1n\u00ed n\u00e1jemc\u016f. Kancel\u00e1\u0159sk\u00e1 budova je\u00a0klimatizov\u00e1na. V podlah\u00e1ch jsou zabudov\u00e1ny datov\u00e9 rozvody s mo\u017enost\u00ed p\u0159ipojen\u00ed na\u00a0optick\u00fd kabel. Kancel\u00e1\u0159 sice pat\u0159\u00ed lokalitou do Prahy 2, nicm\u00e9n\u011b jejich um\u00edst\u011bn\u00ed na hranici s Prahou 1 je vizu\u00e1ln\u011b \u0159ad\u00ed sp\u00ed\u0161 mez\u00ed<strong><a href=\"https:\/\/www.prazske-kancelare.cz\/pronajem-kancelari-praha-2\" target=\"_blank\"> jedni\u010dkov\u00e9 kancel\u00e1\u0159e.<\/a><\/strong><\/p>\n<h2>Panorama Business Centre BEZ PROVIZE<\/h2>\n<p>Ve\u0161ker\u00e9 slu\u017eby na\u0161\u00ed spole\u010dnosti jsou bez jak\u00e9koli provize. Nev\u00e1hejte n\u00e1s zdarma oslovit, jsme tu pro v\u00e1s nonstop.<\/p>\n<h2>Jak poptat\u00a0kancel\u00e1\u0159?<\/h2>\n<p>Vypl\u0148te pros\u00edm Rychl\u00fd popt\u00e1vkov\u00fd formul\u00e1\u0159. Najdete\u00a0ho konci textu\u00a0a makl\u00e9\u0159e zodpov\u011bdn\u00e9ho za nemovitosti v prav\u00e9m sloupci.<br \/>\ne-mail:\u00a0<strong><a href=\"mailto:info@prazskekancelare.cz\">info@prazskekancelare.com<\/a>\u00a0<\/strong>\/\u00a0telefon: <strong><span style=\"color: #ff0000;\">+420 773 295 925, +420 723 984 360.\u00a0<\/span><\/strong><\/p>\n<div id=\"attachment_3619\" style=\"width: 310px\" class=\"wp-caption alignnone\"><a href=\"\/poptavka-po-kancelarich-k-pronajmu\/\" target=\"_blank\"><img aria-describedby=\"caption-attachment-3619\" loading=\"lazy\" class=\"wp-image-3619 size-medium\" src=\"https:\/\/www.prazskekancelare.com\/test\/wp-content\/uploads\/2019\/12\/poptavejte-bez-provize-300x48.png\" alt=\"Panorama Business Centre Praha\" width=\"300\" height=\"48\" srcset=\"https:\/\/www.prazskekancelare.com\/test\/wp-content\/uploads\/2019\/12\/poptavejte-bez-provize-300x48.png 300w, https:\/\/www.prazskekancelare.com\/test\/wp-content\/uploads\/2019\/12\/poptavejte-bez-provize-1024x163.png 1024w\" sizes=\"(max-width: 300px) 100vw, 300px\" \/><\/a><p id=\"caption-attachment-3619\" class=\"wp-caption-text\"><span style=\"color: #ffffff;\">Panorama Business Centre Praha<\/span><\/p><\/div>\n<h2>V\u00edce informac\u00ed o kancel\u00e1\u0159\u00edch k pron\u00e1jmu v Panorama BC:<\/h2>\n","protected":false},"author":1,"featured_media":3519,"comment_status":"closed","ping_status":"closed","template":"","yoast_head":"<!-- This site is optimized with the Yoast SEO plugin v16.4 - https:\/\/yoast.com\/wordpress\/plugins\/seo\/ -->\n<title>PANORAMA BUSINESS CENTER kancel\u00e1\u0159e ????| 100 Kancel\u00e1\u0159\u00ed<\/title>\n<meta name=\"description\" content=\"Kancel\u00e1\u0159e Panorama Business Center Praha 2 \u2705| Pron\u00e1jem Business Centra Panorama a 1000 kancel\u00e1\u0159\u00ed v Praze | Nab\u00eddky Panorama BC na m\u00edru do 30 min.\u2705\" \/>\n<meta name=\"robots\" content=\"noindex, follow, max-snippet:-1, max-image-preview:large, max-video-preview:-1\" \/>\n<meta property=\"og:locale\" content=\"cs_CZ\" \/>\n<meta property=\"og:type\" content=\"article\" \/>\n<meta property=\"og:title\" content=\"PANORAMA BUSINESS CENTER kancel\u00e1\u0159e ????| 100 Kancel\u00e1\u0159\u00ed\" \/>\n<meta property=\"og:description\" content=\"Kancel\u00e1\u0159e Panorama Business Center Praha 2 \u2705| Pron\u00e1jem Business Centra Panorama a 1000 kancel\u00e1\u0159\u00ed v Praze | Nab\u00eddky Panorama BC na m\u00edru do 30 min.\u2705\" \/>\n<meta property=\"og:url\" content=\"https:\/\/www.prazskekancelare.com\/test\/kancelare-k-pronajmu\/panorama-business-center\/\" \/>\n<meta property=\"og:site_name\" content=\"TEST - Pron\u00e1jem kancel\u00e1\u0159e Praha\" \/>\n<meta property=\"article:modified_time\" content=\"2020-03-04T19:06:56+00:00\" \/>\n<meta property=\"og:image\" content=\"https:\/\/www.prazskekancelare.com\/test\/wp-content\/uploads\/2019\/08\/business-center-panorama.jpg\" \/>\n\t<meta property=\"og:image:width\" content=\"1031\" \/>\n\t<meta property=\"og:image:height\" content=\"590\" \/>\n<meta name=\"twitter:card\" content=\"summary\" \/>\n<meta name=\"twitter:label1\" content=\"Odhadovan\u00e1 doba \u010dten\u00ed\" \/>\n\t<meta name=\"twitter:data1\" content=\"2 minuty\" \/>\n<script type=\"application\/ld+json\" class=\"yoast-schema-graph\">{\"@context\":\"https:\/\/schema.org\",\"@graph\":[{\"@type\":\"Organization\",\"@id\":\"https:\/\/www.prazskekancelare.com\/test\/#organization\",\"name\":\"Pron\\u00e1jem kancel\\u00e1\\u0159e Praha\",\"url\":\"https:\/\/www.prazskekancelare.com\/test\/\",\"sameAs\":[],\"logo\":{\"@type\":\"ImageObject\",\"@id\":\"https:\/\/www.prazskekancelare.com\/test\/#logo\",\"inLanguage\":\"cs\",\"url\":\"https:\/\/www.prazskekancelare.com\/test\/wp-content\/uploads\/2018\/05\/prazske-kancelare-com-logo.png\",\"contentUrl\":\"https:\/\/www.prazskekancelare.com\/test\/wp-content\/uploads\/2018\/05\/prazske-kancelare-com-logo.png\",\"width\":242,\"height\":59,\"caption\":\"Pron\\u00e1jem kancel\\u00e1\\u0159e Praha\"},\"image\":{\"@id\":\"https:\/\/www.prazskekancelare.com\/test\/#logo\"}},{\"@type\":\"WebSite\",\"@id\":\"https:\/\/www.prazskekancelare.com\/test\/#website\",\"url\":\"https:\/\/www.prazskekancelare.com\/test\/\",\"name\":\"TEST - Pron\\u00e1jem kancel\\u00e1\\u0159e Praha\",\"description\":\"Pron\\u00e1jem kancel\\u00e1\\u0159e Praha a Kancelare Praha\",\"publisher\":{\"@id\":\"https:\/\/www.prazskekancelare.com\/test\/#organization\"},\"potentialAction\":[{\"@type\":\"SearchAction\",\"target\":\"https:\/\/www.prazskekancelare.com\/test\/?s={search_term_string}\",\"query-input\":\"required name=search_term_string\"}],\"inLanguage\":\"cs\"},{\"@type\":\"ImageObject\",\"@id\":\"https:\/\/www.prazskekancelare.com\/test\/kancelare-k-pronajmu\/panorama-business-center\/#primaryimage\",\"inLanguage\":\"cs\",\"url\":\"https:\/\/www.prazskekancelare.com\/test\/wp-content\/uploads\/2019\/08\/business-center-panorama.jpg\",\"contentUrl\":\"https:\/\/www.prazskekancelare.com\/test\/wp-content\/uploads\/2019\/08\/business-center-panorama.jpg\",\"width\":1031,\"height\":590,\"caption\":\"panorama business center\"},{\"@type\":\"WebPage\",\"@id\":\"https:\/\/www.prazskekancelare.com\/test\/kancelare-k-pronajmu\/panorama-business-center\/#webpage\",\"url\":\"https:\/\/www.prazskekancelare.com\/test\/kancelare-k-pronajmu\/panorama-business-center\/\",\"name\":\"PANORAMA BUSINESS CENTER kancel\\u00e1\\u0159e ????| 100 Kancel\\u00e1\\u0159\\u00ed\",\"isPartOf\":{\"@id\":\"https:\/\/www.prazskekancelare.com\/test\/#website\"},\"primaryImageOfPage\":{\"@id\":\"https:\/\/www.prazskekancelare.com\/test\/kancelare-k-pronajmu\/panorama-business-center\/#primaryimage\"},\"datePublished\":\"2019-01-09T09:03:31+00:00\",\"dateModified\":\"2020-03-04T19:06:56+00:00\",\"description\":\"Kancel\\u00e1\\u0159e Panorama Business Center Praha 2 \\u2705| Pron\\u00e1jem Business Centra Panorama a 1000 kancel\\u00e1\\u0159\\u00ed v Praze | Nab\\u00eddky Panorama BC na m\\u00edru do 30 min.\\u2705\",\"breadcrumb\":{\"@id\":\"https:\/\/www.prazskekancelare.com\/test\/kancelare-k-pronajmu\/panorama-business-center\/#breadcrumb\"},\"inLanguage\":\"cs\",\"potentialAction\":[{\"@type\":\"ReadAction\",\"target\":[\"https:\/\/www.prazskekancelare.com\/test\/kancelare-k-pronajmu\/panorama-business-center\/\"]}]},{\"@type\":\"BreadcrumbList\",\"@id\":\"https:\/\/www.prazskekancelare.com\/test\/kancelare-k-pronajmu\/panorama-business-center\/#breadcrumb\",\"itemListElement\":[{\"@type\":\"ListItem\",\"position\":1,\"item\":{\"@type\":\"WebPage\",\"@id\":\"https:\/\/www.prazskekancelare.com\/test\/\",\"url\":\"https:\/\/www.prazskekancelare.com\/test\/\",\"name\":\"Dom\\u016f\"}},{\"@type\":\"ListItem\",\"position\":2,\"item\":{\"@type\":\"WebPage\",\"@id\":\"https:\/\/www.prazskekancelare.com\/test\/kancelare-k-pronajmu\/\",\"url\":\"https:\/\/www.prazskekancelare.com\/test\/kancelare-k-pronajmu\/\",\"name\":\"Properties\"}},{\"@type\":\"ListItem\",\"position\":3,\"item\":{\"@id\":\"https:\/\/www.prazskekancelare.com\/test\/kancelare-k-pronajmu\/panorama-business-center\/#webpage\"}}]}]}<\/script>\n<!-- \/ Yoast SEO plugin. -->","cmb2":{"property_general":{"property_id":"ANO","property_year_built":"","property_address":"\u0160kr\u00e9tova 12,\r\n120 00 Praha 2\r\n","property_zip":"","property_contract":"","property_gallery":"","property_plans":"","property_video":"","property_parent_property":""},"property_flags":{"property_featured":"","property_sticky":"","property_reduced":"","property_sold":""},"property_contact":{"property_contact_name":"","property_contact_phone":""},"property_pricing":{"property_price":"360","property_price_prefix":"od","property_price_suffix":"K\u010d\/m2","property_price_custom":""},"property_attributes":{"property_rooms":"ANO \/ \u010d\u00e1ste\u010dn\u011b \/ NE","property_beds":"7","property_baths":"NE","property_garages":"ANO \/ \u010d\u00e1ste\u010dn\u011b \/ NE","property_home_area":"","property_lot_dimensions":"","property_lot_area":"5m2 - 3000m2"},"property_valuation":{"property_valuation_group":""},"property_public_facilities":{"property_public_facilities_group":""},"property_map_location":{"property_map_location":{"latitude":"50.0789581","longitude":"14.4324945"}},"property_relations":{"property_agents":["260"]}},"_links":{"self":[{"href":"https:\/\/www.prazskekancelare.com\/test\/wp-json\/wp\/v2\/property\/3527"}],"collection":[{"href":"https:\/\/www.prazskekancelare.com\/test\/wp-json\/wp\/v2\/property"}],"about":[{"href":"https:\/\/www.prazskekancelare.com\/test\/wp-json\/wp\/v2\/types\/property"}],"author":[{"embeddable":true,"href":"https:\/\/www.prazskekancelare.com\/test\/wp-json\/wp\/v2\/users\/1"}],"replies":[{"embeddable":true,"href":"https:\/\/www.prazskekancelare.com\/test\/wp-json\/wp\/v2\/comments?post=3527"}],"wp:featuredmedia":[{"embeddable":true,"href":"https:\/\/www.prazskekancelare.com\/test\/wp-json\/wp\/v2\/media\/3519"}],"wp:attachment":[{"href":"https:\/\/www.prazskekancelare.com\/test\/wp-json\/wp\/v2\/media?parent=3527"}],"curies":[{"name":"wp","href":"https:\/\/api.w.org\/{rel}","templated":true}]}}