{"id":3340,"date":"2019-01-02T15:00:25","date_gmt":"2019-01-02T14:00:25","guid":{"rendered":"https:\/\/www.prazskekancelare.com\/test\/?post_type=property&#038;p=3340"},"modified":"2019-11-02T17:29:20","modified_gmt":"2019-11-02T16:29:20","slug":"pronajem-kancelare-praha-levne","status":"publish","type":"property","link":"https:\/\/www.prazskekancelare.com\/test\/kancelare-k-pronajmu\/pronajem-kancelare-praha-levne\/","title":{"rendered":"Kancel\u00e1\u0159e KLIMENTSK\u00c1 <span style=\"color: #ff0000;\">81m2 nov\u011b &#038; levn\u011b<\/span>"},"content":{"rendered":"<p>\n\t<ul id=\"slideshowgallery139389\" class=\"slideshowgallery139389\" style=\"display:none;\">\n\t\t\t\t\t<!-- From all slides or gallery slides -->\n\t\t\t\t\t\t\t<li>\n\t\t\t\t\t<h3 style=\"opacity:70;\">vstup do budovy kancelare<\/h3>\n\t\t\t\t\t\t\t\t\t\t\t<span data-alt=\"vstup-do-budovy-kancelare\">https:\/\/www.prazskekancelare.com\/test\/wp-content\/uploads\/2019\/05\/vstup-do-budovy-kancelare.jpg<\/span>\n\t\t\t\t\t\t\t\t\t\t<p><\/p>\n\t\t\t\t\t\t\t\t\t\t\t\t\t\t\t\t\t\t<a><img class=\"skip-lazy\" src=\"https:\/\/www.prazskekancelare.com\/test\/wp-content\/uploads\/2019\/05\/vstup-do-budovy-kancelare-400x300.jpg\" alt=\"vstup-do-budovy-kancelare\" \/><\/a>\n\t\t\t\t\t\t\t\t\t\t\t\t\t\t\t<\/li>\n\t\t\t\t\t\t\t<li>\n\t\t\t\t\t<h3 style=\"opacity:70;\">kancelar Florenc<\/h3>\n\t\t\t\t\t\t\t\t\t\t\t<span data-alt=\"kancelar-florenc\">https:\/\/www.prazskekancelare.com\/test\/wp-content\/uploads\/2019\/05\/kancelar-florenc.jpg<\/span>\n\t\t\t\t\t\t\t\t\t\t<p><\/p>\n\t\t\t\t\t\t\t\t\t\t\t\t\t\t\t\t\t\t<a><img class=\"skip-lazy\" src=\"https:\/\/www.prazskekancelare.com\/test\/wp-content\/uploads\/2019\/05\/kancelar-florenc-400x300.jpg\" alt=\"kancelar-florenc\" \/><\/a>\n\t\t\t\t\t\t\t\t\t\t\t\t\t\t\t<\/li>\n\t\t\t\t\t\t\t<li>\n\t\t\t\t\t<h3 style=\"opacity:70;\">kancelar Praha 1<\/h3>\n\t\t\t\t\t\t\t\t\t\t\t<span data-alt=\"kancelar-praha-1\">https:\/\/www.prazskekancelare.com\/test\/wp-content\/uploads\/2019\/05\/kancelar-praha-1.jpg<\/span>\n\t\t\t\t\t\t\t\t\t\t<p><\/p>\n\t\t\t\t\t\t\t\t\t\t\t\t\t\t\t\t\t\t<a><img class=\"skip-lazy\" src=\"https:\/\/www.prazskekancelare.com\/test\/wp-content\/uploads\/2019\/05\/kancelar-praha-1-400x300.jpg\" alt=\"kancelar-praha-1\" \/><\/a>\n\t\t\t\t\t\t\t\t\t\t\t\t\t\t\t<\/li>\n\t\t\t\t\t\t\t<li>\n\t\t\t\t\t<h3 style=\"opacity:70;\">kancelare florenc levne<\/h3>\n\t\t\t\t\t\t\t\t\t\t\t<span data-alt=\"kancelare-florenc-levne\">https:\/\/www.prazskekancelare.com\/test\/wp-content\/uploads\/2019\/05\/kancelare-florenc-levne.jpg<\/span>\n\t\t\t\t\t\t\t\t\t\t<p><\/p>\n\t\t\t\t\t\t\t\t\t\t\t\t\t\t\t\t\t\t<a><img class=\"skip-lazy\" src=\"https:\/\/www.prazskekancelare.com\/test\/wp-content\/uploads\/2019\/05\/kancelare-florenc-levne-400x300.jpg\" alt=\"kancelare-florenc-levne\" \/><\/a>\n\t\t\t\t\t\t\t\t\t\t\t\t\t\t\t<\/li>\n\t\t\t\t\t\t\t<li>\n\t\t\t\t\t<h3 style=\"opacity:70;\">kancelare k pronajmu praha 1<\/h3>\n\t\t\t\t\t\t\t\t\t\t\t<span data-alt=\"kancelare-k-pronajmu-praha-1\">https:\/\/www.prazskekancelare.com\/test\/wp-content\/uploads\/2019\/05\/kancelare-k-pronajmu-praha-1.jpg<\/span>\n\t\t\t\t\t\t\t\t\t\t<p><\/p>\n\t\t\t\t\t\t\t\t\t\t\t\t\t\t\t\t\t\t<a><img class=\"skip-lazy\" src=\"https:\/\/www.prazskekancelare.com\/test\/wp-content\/uploads\/2019\/05\/kancelare-k-pronajmu-praha-1-400x300.jpg\" alt=\"kancelare-k-pronajmu-praha-1\" \/><\/a>\n\t\t\t\t\t\t\t\t\t\t\t\t\t\t\t<\/li>\n\t\t\t\t\t\t\t<li>\n\t\t\t\t\t<h3 style=\"opacity:70;\">kancelare Klimentska<\/h3>\n\t\t\t\t\t\t\t\t\t\t\t<span data-alt=\"kancelare-klimentska\">https:\/\/www.prazskekancelare.com\/test\/wp-content\/uploads\/2019\/05\/kancelare-klimentska.jpg<\/span>\n\t\t\t\t\t\t\t\t\t\t<p><\/p>\n\t\t\t\t\t\t\t\t\t\t\t\t\t\t\t\t\t\t<a><img class=\"skip-lazy\" src=\"https:\/\/www.prazskekancelare.com\/test\/wp-content\/uploads\/2019\/05\/kancelare-klimentska-400x300.jpg\" alt=\"kancelare-klimentska\" \/><\/a>\n\t\t\t\t\t\t\t\t\t\t\t\t\t\t\t<\/li>\n\t\t\t\t\t\t\t<li>\n\t\t\t\t\t<h3 style=\"opacity:70;\">kancelare na pronajem florenc<\/h3>\n\t\t\t\t\t\t\t\t\t\t\t<span data-alt=\"kancelare-na-pronajem-florenc\">https:\/\/www.prazskekancelare.com\/test\/wp-content\/uploads\/2019\/05\/kancelare-na-pronajem-florenc.jpg<\/span>\n\t\t\t\t\t\t\t\t\t\t<p><\/p>\n\t\t\t\t\t\t\t\t\t\t\t\t\t\t\t\t\t\t<a><img class=\"skip-lazy\" src=\"https:\/\/www.prazskekancelare.com\/test\/wp-content\/uploads\/2019\/05\/kancelare-na-pronajem-florenc-400x300.jpg\" alt=\"kancelare-na-pronajem-florenc\" \/><\/a>\n\t\t\t\t\t\t\t\t\t\t\t\t\t\t\t<\/li>\n\t\t\t\t\t\t\t<li>\n\t\t\t\t\t<h3 style=\"opacity:70;\">mala kancelar k pronajmu Praha<\/h3>\n\t\t\t\t\t\t\t\t\t\t\t<span data-alt=\"mala-kancelar-k-pronajmu-praha\">https:\/\/www.prazskekancelare.com\/test\/wp-content\/uploads\/2019\/05\/mala-kancelar-k-pronjmu-praha.jpg<\/span>\n\t\t\t\t\t\t\t\t\t\t<p><\/p>\n\t\t\t\t\t\t\t\t\t\t\t\t\t\t\t\t\t\t<a><img class=\"skip-lazy\" src=\"https:\/\/www.prazskekancelare.com\/test\/wp-content\/uploads\/2019\/05\/mala-kancelar-k-pronjmu-praha-400x300.jpg\" alt=\"mala-kancelar-k-pronajmu-praha\" \/><\/a>\n\t\t\t\t\t\t\t\t\t\t\t\t\t\t\t<\/li>\n\t\t\t\t\t\t\t<li>\n\t\t\t\t\t<h3 style=\"opacity:70;\">planek kancelari<\/h3>\n\t\t\t\t\t\t\t\t\t\t\t<span data-alt=\"planek-kancelari\">https:\/\/www.prazskekancelare.com\/test\/wp-content\/uploads\/2019\/05\/planek-kancelari.jpg<\/span>\n\t\t\t\t\t\t\t\t\t\t<p><\/p>\n\t\t\t\t\t\t\t\t\t\t\t\t\t\t\t\t\t\t<a><img class=\"skip-lazy\" src=\"https:\/\/www.prazskekancelare.com\/test\/wp-content\/uploads\/2019\/05\/planek-kancelari-400x300.jpg\" alt=\"planek-kancelari\" \/><\/a>\n\t\t\t\t\t\t\t\t\t\t\t\t\t\t\t<\/li>\n\t\t\t\t\t\t\t<li>\n\t\t\t\t\t<h3 style=\"opacity:70;\">Praha 1 kancelar<\/h3>\n\t\t\t\t\t\t\t\t\t\t\t<span data-alt=\"praha-1-kancelar\">https:\/\/www.prazskekancelare.com\/test\/wp-content\/uploads\/2019\/05\/praha-1-kancelar.jpg<\/span>\n\t\t\t\t\t\t\t\t\t\t<p><\/p>\n\t\t\t\t\t\t\t\t\t\t\t\t\t\t\t\t\t\t<a><img class=\"skip-lazy\" src=\"https:\/\/www.prazskekancelare.com\/test\/wp-content\/uploads\/2019\/05\/praha-1-kancelar-400x300.jpg\" alt=\"praha-1-kancelar\" \/><\/a>\n\t\t\t\t\t\t\t\t\t\t\t\t\t\t\t<\/li>\n\t\t\t\t\t\t\t<li>\n\t\t\t\t\t<h3 style=\"opacity:70;\">pronajem kancelare Klimentska<\/h3>\n\t\t\t\t\t\t\t\t\t\t\t<span data-alt=\"pronajem-kancelare-klimentska\">https:\/\/www.prazskekancelare.com\/test\/wp-content\/uploads\/2019\/05\/pronajem-kancelare-klimentska.jpg<\/span>\n\t\t\t\t\t\t\t\t\t\t<p><\/p>\n\t\t\t\t\t\t\t\t\t\t\t\t\t\t\t\t\t\t<a><img class=\"skip-lazy\" src=\"https:\/\/www.prazskekancelare.com\/test\/wp-content\/uploads\/2019\/05\/pronajem-kancelare-klimentska-400x300.jpg\" alt=\"pronajem-kancelare-klimentska\" \/><\/a>\n\t\t\t\t\t\t\t\t\t\t\t\t\t\t\t<\/li>\n\t\t\t\t\t\t\t<li>\n\t\t\t\t\t<h3 style=\"opacity:70;\">socialni zarizeni v kancelari<\/h3>\n\t\t\t\t\t\t\t\t\t\t\t<span data-alt=\"socialni-zarizeni-v-kancelari\">https:\/\/www.prazskekancelare.com\/test\/wp-content\/uploads\/2019\/05\/socialni-zarizeni-v-kancelari.jpg<\/span>\n\t\t\t\t\t\t\t\t\t\t<p><\/p>\n\t\t\t\t\t\t\t\t\t\t\t\t\t\t\t\t\t\t<a><img class=\"skip-lazy\" src=\"https:\/\/www.prazskekancelare.com\/test\/wp-content\/uploads\/2019\/05\/socialni-zarizeni-v-kancelari-400x300.jpg\" alt=\"socialni-zarizeni-v-kancelari\" \/><\/a>\n\t\t\t\t\t\t\t\t\t\t\t\t\t\t\t<\/li>\n\t\t\t\t\t\t\t<li>\n\t\t\t\t\t<h3 style=\"opacity:70;\">80m kancelar<\/h3>\n\t\t\t\t\t\t\t\t\t\t\t<span data-alt=\"80m-kancelar\">https:\/\/www.prazskekancelare.com\/test\/wp-content\/uploads\/2019\/05\/80m-kancelar.jpg<\/span>\n\t\t\t\t\t\t\t\t\t\t<p><\/p>\n\t\t\t\t\t\t\t\t\t\t\t\t\t\t\t\t\t\t<a><img class=\"skip-lazy\" src=\"https:\/\/www.prazskekancelare.com\/test\/wp-content\/uploads\/2019\/05\/80m-kancelar-400x300.jpg\" alt=\"80m-kancelar\" \/><\/a>\n\t\t\t\t\t\t\t\t\t\t\t\t\t\t\t<\/li>\n\t\t\t\t\t\t<\/ul>\n\n\t\t<div id=\"slideshow-wrappergallery139389\" class=\"slideshow-wrapper\" style=\"--slideshow-width:1568px\">\n\t\t\n\t\t<div class=\"slideshow-fullsize\" id=\"fullsizegallery139389\">\n\t\t\t\t\t\t\t\t\t\t\t\t\t\t<div id=\"imgprevgallery139389\" class=\"slideshow-imgprev imgnav\" title=\"Previous Image\">Previous Image<\/div>\n\t\t\t\t\t\t<a id=\"imglinkgallery139389\" class=\"slideshow-imglink imglink\">\n\t\t\t\t<!-- link -->\n\t\t\t<\/a>\n\t\t\t\t\t\t\t\t\t\t\t<div id=\"imgnextgallery139389\" class=\"slideshow-imgnext imgnav\" title=\"Next Image\">Next Image<\/div>\n\t\t\t\t\t\t<div id=\"imagegallery139389\" class=\"slideshow-image\"><\/div>\n\t\t\t<div class=\"slideshow-information infobottom\" id=\"informationgallery139389\">\n\t\t\t\t<h3 class=\"slideshow-info-heading\">info heading<\/h3>\n\t\t\t\t<p class=\"slideshow-info-content\">info content<\/p>\n\t\t\t<\/div>\n\t\t<\/div>\n\n\t\t\t\t\t<div id=\"thumbnailsgallery139389\" class=\"slideshow-thumbnails thumbsbot\">\n\t\t\t\t<div class=\"slideshow-slideleft\" id=\"slideleftgallery139389\" title=\"Slide Left\"><\/div>\n\t\t\t\t<div class=\"slideshow-slidearea\" id=\"slideareagallery139389\">\n\t\t\t\t\t<div class=\"slideshow-slider\" id=\"slidergallery139389\"><\/div>\n\t\t\t\t<\/div>\n\t\t\t\t<div class=\"slideshow-slideright\" id=\"sliderightgallery139389\" title=\"Slide Right\"><\/div>\n\t\t\t\t<br style=\"clear:both; visibility:hidden; height:1px;\" \/>\n\t\t\t<\/div>\n\t\t\t<\/div>\n\n\t<br \/>\n<strong>POZOR ak\u010dn\u00ed nab\u00eddka kancel\u00e1\u0159\u00ed Klimentsk\u00e1 \u2705:<\/strong> pron\u00e1jmu kancel\u00e1\u0159e Praha levn\u011b. Nab\u00edz\u00edme exkluzivn\u00edch <strong>81 m2 kancel\u00e1\u0159\u00ed v centru Prahy v Klimentsk\u00e9 ulici<\/strong> za bezkonkuren\u010dn\u00ed cenu.<\/p>\n<h2>Kompletn\u011b renovovan\u00e9 kancel\u00e1\u0159sk\u00e9 prostory v centru:<\/h2>\n<ul>\n<li>24 hodin recepce a ostraha<\/li>\n<li>Tich\u00e9 prost\u0159ed\u00ed<\/li>\n<li>Skv\u011bl\u00e1 dopravn\u00ed dostupnost<\/li>\n<li>Tramvaj a metro (Florenc)<\/li>\n<li>Parkov\u00e1n\u00ed v bl\u00edzkosti domu<\/li>\n<li>Restaurace, obchody pobl\u00ed\u017e<\/li>\n<li>P\u00e1r minut ch\u016fze do centra<\/li>\n<li>Telefon a internet<\/li>\n<li>Otev\u00edrateln\u00e1 okna<\/li>\n<li>V\u00fdtah<\/li>\n<li>Toaleta<\/li>\n<li>Kuchy\u0148ka<\/li>\n<\/ul>\n<h2>Smluvn\u00ed podm\u00ednky &#8211; CENA za 81m kancel\u00e1\u0159<\/h2>\n<ul>\n<li><strong>N\u00e1jemn\u00e9<\/strong>\u00a0 850 EUR (<strong>22 100 CZK<\/strong>) \/ m\u011bs\u00edc + DPH<\/li>\n<li><strong>Slu\u017eby<\/strong>\u00a0 \u2013 8 019 CZK\/m\u011bs\u00edc + DPH<\/li>\n<li><strong>Plyn, elektr.<\/strong>\u00a0\u2013 re\u00e1ln\u00e1 spot\u0159eba<\/li>\n<li><strong>K dispozici ihned<\/strong><\/li>\n<\/ul>\n<h2>Kancel\u00e1\u0159e Klimentsk\u00e1 Praha 1 &#8211; dostupnost a parkov\u00e1n\u00ed<\/h2>\n<ul>\n<li>Tramvaj \u010d.3, 8, 24 \u2013 1 minuta<\/li>\n<li>Metro Florenc \u2013 3 minuty<\/li>\n<li>Parking:<\/li>\n<\/ul>\n<p><span style=\"color: #0000ff;\"><strong>A: modr\u00e1 z\u00f3na vedle domu<\/strong><\/span><\/p>\n<p><strong><span style=\"color: #0000ff;\">B: hl\u00eddan\u00e9 parkovi\u0161t\u011b naproti domu<\/span><\/strong><br \/>\n(cca 2400K\u010d\/m\u011bs\u00edc + DPH)<\/p>\n<p><span style=\"color: #0000ff;\"><strong>C: kryt\u00e9 gar\u00e1\u017ee cca 100m<\/strong><\/span><br \/>\n(cca 4000 K\u010d\/m\u011bs\u00edc + DPH)<\/p>\n<p><strong><span style=\"color: #0000ff;\">D: parkovac\u00ed hodiny u domu<\/span><\/strong><\/p>\n<p><span style=\"color: #ff0000;\"><strong>N\u00e1\u0161 tip:<\/strong>\u00a0Jde opravdu o n\u00e1dhern\u00e9, levn\u00e9, sv\u011btl\u00e9 a nov\u011b zrekonstruovan\u00e9 kancel\u00e1\u0159e. 80 metr\u016f na Praze 1 nebude dlouho na trhu. Poj\u010fme se tam spolu na 10 minut pod\u00edvat. Budete nad\u0161eni a nebude v\u00e1s to st\u00e1t v\u016fbec nic. Pracujeme pro V\u00e1s v\u017edy bez provize.<\/span><\/p>\n<h2><strong>Popt\u00e1vejte levn\u00e9 kancel\u00e1\u0159e BEZ provize<\/strong><\/h2>\n<p>Ve\u0161ker\u00e9 slu\u017eby na\u0161\u00ed spole\u010dnosti a jej\u00edch makl\u00e9\u0159\u016f jsou bez provize.<\/p>\n<h2>Jak poptat kancel\u00e1\u0159e\u00a0v Klimentsk\u00e9 ulici?<\/h2>\n<p>Za\u0161lete n\u00e1m pros\u00edm jednoduchou popt\u00e1vku nebo zavolejte na\u0161emu makl\u00e9\u0159i a on v\u0161e za\u0159\u00edd\u00ed k Va\u0161\u00ed spokojenosti.<\/p>\n<p><span style=\"text-decoration: underline;\"><a href=\"\/poptavka-po-kancelarich-k-pronajmu\/\" target=\"_blank\">Rychl\u00fd popt\u00e1vkov\u00fd formul\u00e1\u0159 <\/a><\/span>najdete na konci textu\u00a0a makl\u00e9\u0159e zodpov\u011bdn\u00e9ho za nemovitosti v prav\u00e9m sloupci.<span style=\"text-decoration: underline;\"> <a href=\"https:\/\/www.prazske-kancelare.cz\/pronajem-kancelari-praha-1\" target=\"_blank\">Kompletn\u00ed nab\u00eddku kancel\u00e1\u0159\u00ed na Praze 1<\/a> <\/span>najdete tak\u00e9 na na\u0161ich dal\u0161\u00edch webov\u00fdch str\u00e1nk\u00e1ch.<\/p>\n<p>e-mail:\u00a0<strong><a href=\"mailto:info@prazskekancelare.cz\">info@prazskekancelare.cz<\/a><\/strong>\u00a0\/\u00a0telefon: <strong><span style=\"color: #ff0000;\">+420 773 295 925, +420 723 984 360<\/span><\/strong><\/p>\n<h2>v\u00edce informac\u00ed:<\/h2>\n","protected":false},"author":1,"featured_media":3327,"comment_status":"closed","ping_status":"closed","template":"","yoast_head":"<!-- This site is optimized with the Yoast SEO plugin v16.4 - https:\/\/yoast.com\/wordpress\/plugins\/seo\/ -->\n<title>KANCEL\u00c1\u0158E KLIMENTSK\u00c1 Praha 1 | LEVN\u00c9 KANCEL\u00c1\u0158E &gt;&gt;<\/title>\n<meta name=\"description\" content=\"Popt\u00e1vejte levn\u00e9 kancel\u00e1\u0159e Klimentsk\u00e1 Praha 1 \u2705 | 1000 v\u00fdhodn\u00fdch kancel\u00e1\u0159\u00ed v centru \u2705 Kancel\u00e1\u0159e Petrsk\u00e1 \u010dtvr\u0165, Kancel\u00e1\u0159e Na Po\u0159\u00ed\u010d\u00ed | Provize 0%.\" \/>\n<meta name=\"robots\" content=\"noindex, follow, max-snippet:-1, max-image-preview:large, max-video-preview:-1\" \/>\n<meta property=\"og:locale\" content=\"cs_CZ\" \/>\n<meta property=\"og:type\" content=\"article\" \/>\n<meta property=\"og:title\" content=\"KANCEL\u00c1\u0158E KLIMENTSK\u00c1 Praha 1 | LEVN\u00c9 KANCEL\u00c1\u0158E &gt;&gt;\" \/>\n<meta property=\"og:description\" content=\"Popt\u00e1vejte levn\u00e9 kancel\u00e1\u0159e Klimentsk\u00e1 Praha 1 \u2705 | 1000 v\u00fdhodn\u00fdch kancel\u00e1\u0159\u00ed v centru \u2705 Kancel\u00e1\u0159e Petrsk\u00e1 \u010dtvr\u0165, Kancel\u00e1\u0159e Na Po\u0159\u00ed\u010d\u00ed | Provize 0%.\" \/>\n<meta property=\"og:url\" content=\"https:\/\/www.prazskekancelare.com\/test\/kancelare-k-pronajmu\/pronajem-kancelare-praha-levne\/\" \/>\n<meta property=\"og:site_name\" content=\"TEST - Pron\u00e1jem kancel\u00e1\u0159e Praha\" \/>\n<meta property=\"article:modified_time\" content=\"2019-11-02T16:29:20+00:00\" \/>\n<meta property=\"og:image\" content=\"https:\/\/www.prazskekancelare.com\/test\/wp-content\/uploads\/2019\/05\/80m-kancelar.jpg\" \/>\n\t<meta property=\"og:image:width\" content=\"1268\" \/>\n\t<meta property=\"og:image:height\" content=\"842\" \/>\n<meta name=\"twitter:card\" content=\"summary\" \/>\n<meta name=\"twitter:label1\" content=\"Odhadovan\u00e1 doba \u010dten\u00ed\" \/>\n\t<meta name=\"twitter:data1\" content=\"2 minuty\" \/>\n<script type=\"application\/ld+json\" class=\"yoast-schema-graph\">{\"@context\":\"https:\/\/schema.org\",\"@graph\":[{\"@type\":\"Organization\",\"@id\":\"https:\/\/www.prazskekancelare.com\/test\/#organization\",\"name\":\"Pron\\u00e1jem kancel\\u00e1\\u0159e Praha\",\"url\":\"https:\/\/www.prazskekancelare.com\/test\/\",\"sameAs\":[],\"logo\":{\"@type\":\"ImageObject\",\"@id\":\"https:\/\/www.prazskekancelare.com\/test\/#logo\",\"inLanguage\":\"cs\",\"url\":\"https:\/\/www.prazskekancelare.com\/test\/wp-content\/uploads\/2018\/05\/prazske-kancelare-com-logo.png\",\"contentUrl\":\"https:\/\/www.prazskekancelare.com\/test\/wp-content\/uploads\/2018\/05\/prazske-kancelare-com-logo.png\",\"width\":242,\"height\":59,\"caption\":\"Pron\\u00e1jem kancel\\u00e1\\u0159e Praha\"},\"image\":{\"@id\":\"https:\/\/www.prazskekancelare.com\/test\/#logo\"}},{\"@type\":\"WebSite\",\"@id\":\"https:\/\/www.prazskekancelare.com\/test\/#website\",\"url\":\"https:\/\/www.prazskekancelare.com\/test\/\",\"name\":\"TEST - Pron\\u00e1jem kancel\\u00e1\\u0159e Praha\",\"description\":\"Pron\\u00e1jem kancel\\u00e1\\u0159e Praha a Kancelare Praha\",\"publisher\":{\"@id\":\"https:\/\/www.prazskekancelare.com\/test\/#organization\"},\"potentialAction\":[{\"@type\":\"SearchAction\",\"target\":\"https:\/\/www.prazskekancelare.com\/test\/?s={search_term_string}\",\"query-input\":\"required name=search_term_string\"}],\"inLanguage\":\"cs\"},{\"@type\":\"ImageObject\",\"@id\":\"https:\/\/www.prazskekancelare.com\/test\/kancelare-k-pronajmu\/pronajem-kancelare-praha-levne\/#primaryimage\",\"inLanguage\":\"cs\",\"url\":\"https:\/\/www.prazskekancelare.com\/test\/wp-content\/uploads\/2019\/05\/80m-kancelar.jpg\",\"contentUrl\":\"https:\/\/www.prazskekancelare.com\/test\/wp-content\/uploads\/2019\/05\/80m-kancelar.jpg\",\"width\":1268,\"height\":842,\"caption\":\"80m kancel\\u00e1\\u0159 Praha\"},{\"@type\":\"WebPage\",\"@id\":\"https:\/\/www.prazskekancelare.com\/test\/kancelare-k-pronajmu\/pronajem-kancelare-praha-levne\/#webpage\",\"url\":\"https:\/\/www.prazskekancelare.com\/test\/kancelare-k-pronajmu\/pronajem-kancelare-praha-levne\/\",\"name\":\"KANCEL\\u00c1\\u0158E KLIMENTSK\\u00c1 Praha 1 | LEVN\\u00c9 KANCEL\\u00c1\\u0158E >>\",\"isPartOf\":{\"@id\":\"https:\/\/www.prazskekancelare.com\/test\/#website\"},\"primaryImageOfPage\":{\"@id\":\"https:\/\/www.prazskekancelare.com\/test\/kancelare-k-pronajmu\/pronajem-kancelare-praha-levne\/#primaryimage\"},\"datePublished\":\"2019-01-02T14:00:25+00:00\",\"dateModified\":\"2019-11-02T16:29:20+00:00\",\"description\":\"Popt\\u00e1vejte levn\\u00e9 kancel\\u00e1\\u0159e Klimentsk\\u00e1 Praha 1 \\u2705 | 1000 v\\u00fdhodn\\u00fdch kancel\\u00e1\\u0159\\u00ed v centru \\u2705 Kancel\\u00e1\\u0159e Petrsk\\u00e1 \\u010dtvr\\u0165, Kancel\\u00e1\\u0159e Na Po\\u0159\\u00ed\\u010d\\u00ed | Provize 0%.\",\"breadcrumb\":{\"@id\":\"https:\/\/www.prazskekancelare.com\/test\/kancelare-k-pronajmu\/pronajem-kancelare-praha-levne\/#breadcrumb\"},\"inLanguage\":\"cs\",\"potentialAction\":[{\"@type\":\"ReadAction\",\"target\":[\"https:\/\/www.prazskekancelare.com\/test\/kancelare-k-pronajmu\/pronajem-kancelare-praha-levne\/\"]}]},{\"@type\":\"BreadcrumbList\",\"@id\":\"https:\/\/www.prazskekancelare.com\/test\/kancelare-k-pronajmu\/pronajem-kancelare-praha-levne\/#breadcrumb\",\"itemListElement\":[{\"@type\":\"ListItem\",\"position\":1,\"item\":{\"@type\":\"WebPage\",\"@id\":\"https:\/\/www.prazskekancelare.com\/test\/\",\"url\":\"https:\/\/www.prazskekancelare.com\/test\/\",\"name\":\"Dom\\u016f\"}},{\"@type\":\"ListItem\",\"position\":2,\"item\":{\"@type\":\"WebPage\",\"@id\":\"https:\/\/www.prazskekancelare.com\/test\/kancelare-k-pronajmu\/\",\"url\":\"https:\/\/www.prazskekancelare.com\/test\/kancelare-k-pronajmu\/\",\"name\":\"Properties\"}},{\"@type\":\"ListItem\",\"position\":3,\"item\":{\"@id\":\"https:\/\/www.prazskekancelare.com\/test\/kancelare-k-pronajmu\/pronajem-kancelare-praha-levne\/#webpage\"}}]}]}<\/script>\n<!-- \/ Yoast SEO plugin. -->","cmb2":{"property_general":{"property_id":"ANO","property_year_built":"","property_address":"Klimentsk\u00e1 42, \r\n110 00 Praha 1\r\n","property_zip":"","property_contract":"","property_gallery":"","property_plans":"","property_video":"","property_parent_property":""},"property_flags":{"property_featured":"","property_sticky":"","property_reduced":"","property_sold":""},"property_contact":{"property_contact_name":"","property_contact_phone":""},"property_pricing":{"property_price":"270","property_price_prefix":"od","property_price_suffix":"K\u010d\/m2","property_price_custom":""},"property_attributes":{"property_rooms":"NE","property_beds":"4","property_baths":"NE","property_garages":"NE \/ \u010d\u00e1ste\u010dn\u011b","property_home_area":"","property_lot_dimensions":"","property_lot_area":"p\u0159esn\u011b 81 m2"},"property_valuation":{"property_valuation_group":""},"property_public_facilities":{"property_public_facilities_group":""},"property_map_location":{"property_map_location":{"latitude":"50.092543","longitude":"14.4345511"}},"property_relations":{"property_agents":["260"]}},"_links":{"self":[{"href":"https:\/\/www.prazskekancelare.com\/test\/wp-json\/wp\/v2\/property\/3340"}],"collection":[{"href":"https:\/\/www.prazskekancelare.com\/test\/wp-json\/wp\/v2\/property"}],"about":[{"href":"https:\/\/www.prazskekancelare.com\/test\/wp-json\/wp\/v2\/types\/property"}],"author":[{"embeddable":true,"href":"https:\/\/www.prazskekancelare.com\/test\/wp-json\/wp\/v2\/users\/1"}],"replies":[{"embeddable":true,"href":"https:\/\/www.prazskekancelare.com\/test\/wp-json\/wp\/v2\/comments?post=3340"}],"wp:featuredmedia":[{"embeddable":true,"href":"https:\/\/www.prazskekancelare.com\/test\/wp-json\/wp\/v2\/media\/3327"}],"wp:attachment":[{"href":"https:\/\/www.prazskekancelare.com\/test\/wp-json\/wp\/v2\/media?parent=3340"}],"curies":[{"name":"wp","href":"https:\/\/api.w.org\/{rel}","templated":true}]}}