{"id":3288,"date":"2019-01-01T07:30:39","date_gmt":"2019-01-01T06:30:39","guid":{"rendered":"https:\/\/www.prazskekancelare.com\/test\/?post_type=property&#038;p=3288"},"modified":"2020-02-23T18:00:11","modified_gmt":"2020-02-23T17:00:11","slug":"kancelare-churchill-offices-zizkov-praha-2","status":"publish","type":"property","link":"https:\/\/www.prazskekancelare.com\/test\/kancelare-k-pronajmu\/kancelare-churchill-offices-zizkov-praha-2\/","title":{"rendered":"Kancel\u00e1\u0159e CHURCHILL Offices \u017di\u017ekov Praha 2 <span style=\"color: #ff0000;\">NOV\u00c9<\/span>"},"content":{"rendered":"\n\t<ul id=\"slideshowgallery136772\" class=\"slideshowgallery136772\" style=\"display:none;\">\n\t\t\t\t\t<!-- From all slides or gallery slides -->\n\t\t\t\t\t\t\t<li>\n\t\t\t\t\t<h3 style=\"opacity:70;\">pronajem kancelari churchill Praha 3<\/h3>\n\t\t\t\t\t\t\t\t\t\t\t<span data-alt=\"pronajem-kancelari-churchill-praha-3\">https:\/\/www.prazskekancelare.com\/test\/wp-content\/uploads\/2019\/04\/pronajem-kancelari-churchill-praha-3.jpg<\/span>\n\t\t\t\t\t\t\t\t\t\t<p><\/p>\n\t\t\t\t\t\t\t\t\t\t\t\t\t\t\t\t\t\t<a><img class=\"skip-lazy\" src=\"https:\/\/www.prazskekancelare.com\/test\/wp-content\/uploads\/2019\/04\/pronajem-kancelari-churchill-praha-3-400x300.jpg\" alt=\"pronajem-kancelari-churchill-praha-3\" \/><\/a>\n\t\t\t\t\t\t\t\t\t\t\t\t\t\t\t<\/li>\n\t\t\t\t\t\t\t<li>\n\t\t\t\t\t<h3 style=\"opacity:70;\">pronajem kancelare churchill<\/h3>\n\t\t\t\t\t\t\t\t\t\t\t<span data-alt=\"pronajem-kancelare-churchill\">https:\/\/www.prazskekancelare.com\/test\/wp-content\/uploads\/2019\/04\/pronajem-kancelare-churchill.jpg<\/span>\n\t\t\t\t\t\t\t\t\t\t<p><\/p>\n\t\t\t\t\t\t\t\t\t\t\t\t\t\t\t\t\t\t<a><img class=\"skip-lazy\" src=\"https:\/\/www.prazskekancelare.com\/test\/wp-content\/uploads\/2019\/04\/pronajem-kancelare-churchill-400x300.jpg\" alt=\"pronajem-kancelare-churchill\" \/><\/a>\n\t\t\t\t\t\t\t\t\t\t\t\t\t\t\t<\/li>\n\t\t\t\t\t\t\t<li>\n\t\t\t\t\t<h3 style=\"opacity:70;\">kancelare na pronajem churchill<\/h3>\n\t\t\t\t\t\t\t\t\t\t\t<span data-alt=\"kancelare-na-pronajem-churchill\">https:\/\/www.prazskekancelare.com\/test\/wp-content\/uploads\/2019\/04\/kancelare-na-pronajem-churchill.jpg<\/span>\n\t\t\t\t\t\t\t\t\t\t<p><\/p>\n\t\t\t\t\t\t\t\t\t\t\t\t\t\t\t\t\t\t<a><img class=\"skip-lazy\" src=\"https:\/\/www.prazskekancelare.com\/test\/wp-content\/uploads\/2019\/04\/kancelare-na-pronajem-churchill-400x300.jpg\" alt=\"kancelare-na-pronajem-churchill\" \/><\/a>\n\t\t\t\t\t\t\t\t\t\t\t\t\t\t\t<\/li>\n\t\t\t\t\t\t\t<li>\n\t\t\t\t\t<h3 style=\"opacity:70;\">kancelare churchill zizkov<\/h3>\n\t\t\t\t\t\t\t\t\t\t\t<span data-alt=\"kancelare-churchill-zizkov\">https:\/\/www.prazskekancelare.com\/test\/wp-content\/uploads\/2019\/04\/kancelare-churchill-zizkov.jpg<\/span>\n\t\t\t\t\t\t\t\t\t\t<p><\/p>\n\t\t\t\t\t\t\t\t\t\t\t\t\t\t\t\t\t\t<a><img class=\"skip-lazy\" src=\"https:\/\/www.prazskekancelare.com\/test\/wp-content\/uploads\/2019\/04\/kancelare-churchill-zizkov-400x300.jpg\" alt=\"kancelare-churchill-zizkov\" \/><\/a>\n\t\t\t\t\t\t\t\t\t\t\t\t\t\t\t<\/li>\n\t\t\t\t\t\t\t<li>\n\t\t\t\t\t<h3 style=\"opacity:70;\">churchill zizkov kancelare<\/h3>\n\t\t\t\t\t\t\t\t\t\t\t<span data-alt=\"churchill-zizkov-kancelare\">https:\/\/www.prazskekancelare.com\/test\/wp-content\/uploads\/2019\/04\/churchill-zizkov-kancelare.jpg<\/span>\n\t\t\t\t\t\t\t\t\t\t<p><\/p>\n\t\t\t\t\t\t\t\t\t\t\t\t\t\t\t\t\t\t<a><img class=\"skip-lazy\" src=\"https:\/\/www.prazskekancelare.com\/test\/wp-content\/uploads\/2019\/04\/churchill-zizkov-kancelare-400x300.jpg\" alt=\"churchill-zizkov-kancelare\" \/><\/a>\n\t\t\t\t\t\t\t\t\t\t\t\t\t\t\t<\/li>\n\t\t\t\t\t\t\t<li>\n\t\t\t\t\t<h3 style=\"opacity:70;\">churchill pronajem kancelari<\/h3>\n\t\t\t\t\t\t\t\t\t\t\t<span data-alt=\"churchill-pronajem-kancelari\">https:\/\/www.prazskekancelare.com\/test\/wp-content\/uploads\/2019\/04\/churchill-pronajem-kancelari.jpg<\/span>\n\t\t\t\t\t\t\t\t\t\t<p><\/p>\n\t\t\t\t\t\t\t\t\t\t\t\t\t\t\t\t\t\t<a><img class=\"skip-lazy\" src=\"https:\/\/www.prazskekancelare.com\/test\/wp-content\/uploads\/2019\/04\/churchill-pronajem-kancelari-400x300.jpg\" alt=\"churchill-pronajem-kancelari\" \/><\/a>\n\t\t\t\t\t\t\t\t\t\t\t\t\t\t\t<\/li>\n\t\t\t\t\t\t\t<li>\n\t\t\t\t\t<h3 style=\"opacity:70;\">churchill pronajem kancelare<\/h3>\n\t\t\t\t\t\t\t\t\t\t\t<span data-alt=\"churchill-pronajem-kancelare\">https:\/\/www.prazskekancelare.com\/test\/wp-content\/uploads\/2019\/04\/churchill-pronajem-kancelare.jpg<\/span>\n\t\t\t\t\t\t\t\t\t\t<p><\/p>\n\t\t\t\t\t\t\t\t\t\t\t\t\t\t\t\t\t\t<a><img class=\"skip-lazy\" src=\"https:\/\/www.prazskekancelare.com\/test\/wp-content\/uploads\/2019\/04\/churchill-pronajem-kancelare-400x300.jpg\" alt=\"churchill-pronajem-kancelare\" \/><\/a>\n\t\t\t\t\t\t\t\t\t\t\t\t\t\t\t<\/li>\n\t\t\t\t\t\t\t<li>\n\t\t\t\t\t<h3 style=\"opacity:70;\">Churchill kancelare planek<\/h3>\n\t\t\t\t\t\t\t\t\t\t\t<span data-alt=\"churchill-kancelare-planek\">https:\/\/www.prazskekancelare.com\/test\/wp-content\/uploads\/2019\/04\/churchill-kancelare-planek.jpg<\/span>\n\t\t\t\t\t\t\t\t\t\t<p><\/p>\n\t\t\t\t\t\t\t\t\t\t\t\t\t\t\t\t\t\t<a><img class=\"skip-lazy\" src=\"https:\/\/www.prazskekancelare.com\/test\/wp-content\/uploads\/2019\/04\/churchill-kancelare-planek-400x300.jpg\" alt=\"churchill-kancelare-planek\" \/><\/a>\n\t\t\t\t\t\t\t\t\t\t\t\t\t\t\t<\/li>\n\t\t\t\t\t\t\t<li>\n\t\t\t\t\t<h3 style=\"opacity:70;\">churchill kancelare na pronajem<\/h3>\n\t\t\t\t\t\t\t\t\t\t\t<span data-alt=\"churchill-kancelare-na-pronajem\">https:\/\/www.prazskekancelare.com\/test\/wp-content\/uploads\/2019\/04\/churchill-kancelare-na-pronajem.jpg<\/span>\n\t\t\t\t\t\t\t\t\t\t<p><\/p>\n\t\t\t\t\t\t\t\t\t\t\t\t\t\t\t\t\t\t<a><img class=\"skip-lazy\" src=\"https:\/\/www.prazskekancelare.com\/test\/wp-content\/uploads\/2019\/04\/churchill-kancelare-na-pronajem-400x300.jpg\" alt=\"churchill-kancelare-na-pronajem\" \/><\/a>\n\t\t\t\t\t\t\t\t\t\t\t\t\t\t\t<\/li>\n\t\t\t\t\t\t<\/ul>\n\n\t\t<div id=\"slideshow-wrappergallery136772\" class=\"slideshow-wrapper\" style=\"--slideshow-width:1104px\">\n\t\t\n\t\t<div class=\"slideshow-fullsize\" id=\"fullsizegallery136772\">\n\t\t\t\t\t\t\t\t\t\t\t\t\t\t<div id=\"imgprevgallery136772\" class=\"slideshow-imgprev imgnav\" title=\"Previous Image\">Previous Image<\/div>\n\t\t\t\t\t\t<a id=\"imglinkgallery136772\" class=\"slideshow-imglink imglink\">\n\t\t\t\t<!-- link -->\n\t\t\t<\/a>\n\t\t\t\t\t\t\t\t\t\t\t<div id=\"imgnextgallery136772\" class=\"slideshow-imgnext imgnav\" title=\"Next Image\">Next Image<\/div>\n\t\t\t\t\t\t<div id=\"imagegallery136772\" class=\"slideshow-image\"><\/div>\n\t\t\t<div class=\"slideshow-information infobottom\" id=\"informationgallery136772\">\n\t\t\t\t<h3 class=\"slideshow-info-heading\">info heading<\/h3>\n\t\t\t\t<p class=\"slideshow-info-content\">info content<\/p>\n\t\t\t<\/div>\n\t\t<\/div>\n\n\t\t\t\t\t<div id=\"thumbnailsgallery136772\" class=\"slideshow-thumbnails thumbsbot\">\n\t\t\t\t<div class=\"slideshow-slideleft\" id=\"slideleftgallery136772\" title=\"Slide Left\"><\/div>\n\t\t\t\t<div class=\"slideshow-slidearea\" id=\"slideareagallery136772\">\n\t\t\t\t\t<div class=\"slideshow-slider\" id=\"slidergallery136772\"><\/div>\n\t\t\t\t<\/div>\n\t\t\t\t<div class=\"slideshow-slideright\" id=\"sliderightgallery136772\" title=\"Slide Right\"><\/div>\n\t\t\t\t<br style=\"clear:both; visibility:hidden; height:1px;\" \/>\n\t\t\t<\/div>\n\t\t\t<\/div>\n\n\t\n<p>&nbsp;<\/p>\n<p>Popt\u00e1vejte<strong> kancel\u00e1\u0159e<\/strong>\u00a0<strong>Churchill Offices<\/strong> \u2705 skl\u00e1daj\u00edc\u00edc se ze dvou budov \u2013 <strong>Churchill I. a Churchill II.<\/strong> Tento kancel\u00e1\u0159sk\u00fd projekt nab\u00edz\u00ed obrovsk\u00fdch 30.100m2 ploch k pron\u00e1jmu, z toho plocha 3 1.400m2 je ur\u010deno pouze pro obchodn\u00ed plochy \/ retail. Ke kancel\u00e1\u0159\u00edm pat\u0159\u00ed tak\u00e9 n\u00e1dhern\u00e9 terasy, ze kter\u00fdch se nab\u00edz\u00ed n\u00e1dhern\u00fd v\u00fdhled na panorama Prahy.<\/p>\n<h2><strong>Churchill Offices Typy kancel\u00e1\u0159\u00ed<\/strong><\/h2>\n<ol>\n<li><span style=\"color: #0000ff;\"><strong> malometr\u00e1\u017en\u00ed<\/strong><\/span>\u00a0kancel\u00e1\u0159e\u00a0<span style=\"color: #0000ff;\">kolem<strong>\u00a0100\u00a0m2\u00a0<\/strong>nebo<\/span><\/li>\n<li><span style=\"color: #0000ff;\"><strong>velkometr\u00e1\u017en\u00ed\u00a0<\/strong><\/span>kancel\u00e1\u0159e typu open-space<span style=\"color: #0000ff;\">\u00a0<strong>od 100 m2 do 2.500 m2<\/strong>.<\/span><\/li>\n<\/ol>\n<div id=\"attachment_3617\" style=\"width: 310px\" class=\"wp-caption alignnone\"><a href=\"\/poptavka-po-kancelarich-k-pronajmu\/\" target=\"_blank\"><img aria-describedby=\"caption-attachment-3617\" loading=\"lazy\" class=\"wp-image-3617 size-medium\" src=\"https:\/\/www.prazskekancelare.com\/test\/wp-content\/uploads\/2019\/12\/kancelare-5-5000m-300x46.png\" alt=\"churchill offices prague kancel\u00e1\u0159e\" width=\"300\" height=\"46\" srcset=\"https:\/\/www.prazskekancelare.com\/test\/wp-content\/uploads\/2019\/12\/kancelare-5-5000m-300x46.png 300w, https:\/\/www.prazskekancelare.com\/test\/wp-content\/uploads\/2019\/12\/kancelare-5-5000m-1024x156.png 1024w\" sizes=\"(max-width: 300px) 100vw, 300px\" \/><\/a><p id=\"caption-attachment-3617\" class=\"wp-caption-text\"><span style=\"color: #ffffff;\">kancel\u00e1\u0159e churchill praha\u00a0<\/span><\/p><\/div>\n<p><span style=\"color: #ff0000;\"><strong>N\u00e1\u0161 tip:<\/strong><span style=\"color: #000000;\">\u00a0Za\u0161lete n\u00e1m rychl\u00fd\u00a0<span style=\"text-decoration: underline;\"><strong><a style=\"color: #000000; text-decoration: underline;\" href=\"\/poptavka-po-kancelarich-k-pronajmu\/\" target=\"_blank\"><span style=\"color: #ff0000; text-decoration: underline;\">popt\u00e1vkov\u00fd formul\u00e1\u0159<\/span>\u00a0<\/a><\/strong><\/span>a my V\u00e1m b\u011bhem 30 minut\u00a0p\u0159iprav\u00edme kompletn\u00ed nab\u00eddku dle Va\u0161ich specifikac\u00ed a bez provize.\u00a0<strong>V nab\u00eddce m\u00e1me 1000 kancel\u00e1\u0159\u00ed v Praze<\/strong>. T\u011b\u0161\u00edme se na spolupr\u00e1ci.<\/span><\/span><\/p>\n<h2>Churchill Offices Praha &#8211; kancel\u00e1\u0159sk\u00e9 budovy:<\/h2>\n<table style=\"height: 183px;\" width=\"312\">\n<tbody>\n<tr>\n<td style=\"text-align: center;\" width=\"155\"><strong>CHURCHILL I.<\/strong><\/td>\n<td style=\"text-align: center;\" width=\"155\"><strong>CHURCHILL II.<\/strong><\/td>\n<\/tr>\n<tr>\n<td style=\"text-align: center;\"><span style=\"color: #0000ff;\">DOKON\u010cENO<\/span><\/td>\n<td style=\"text-align: center;\"><span style=\"color: #0000ff;\">DOKON\u010cENO<\/span><\/td>\n<\/tr>\n<tr>\n<td style=\"text-align: center;\">15.000m2 kancel\u00e1\u0159e<\/td>\n<td style=\"text-align: center;\">11.000m2 kancel\u00e1\u0159e<\/td>\n<\/tr>\n<tr>\n<td style=\"text-align: center;\">900m2 obchody<\/td>\n<td style=\"text-align: center;\">3.000m2 obchody<\/td>\n<\/tr>\n<tr>\n<td style=\"text-align: center;\">700m2 terasy<\/td>\n<td style=\"text-align: center;\">690m2 terasy<\/td>\n<\/tr>\n<\/tbody>\n<\/table>\n<p>Ob\u011b budovy <strong>Churchill Offices<\/strong> se nach\u00e1z\u00ed kousek od Hlavn\u00edho n\u00e1dra\u017e\u00ed a jej\u00ed dostupnost je \u0161pi\u010dkov\u00e1. Dostanete se sem jak vlakem, tramvaj\u00ed, metrem, ale tak\u00e9 autobusem a samoz\u0159ejm\u011b autem. O ob\u011b budovy je z\u00e1jem a nap\u0159\u00edklad na za\u010d\u00e1tku roku 2019 se sem nast\u011bhovala i \u010desk\u00e1 pobo\u010dka auditorsk\u00e9 spole\u010dnosti Deloitte.<\/p>\n<h2>Hlavn\u00ed v\u00fdhody kancel\u00e1\u0159\u00edch Churchill Offices Prague:<\/h2>\n<p>\u2022 Modern\u00ed budovy t\u0159\u00eddy AAA<br \/>\n\u2022 \u0160pi\u010dkov\u00e1 architektura s d\u016frazem na flexibiln\u00ed uspo\u0159\u00e1d\u00e1n\u00ed vnit\u0159n\u00edch prostor<br \/>\n\u2022 \u0160etrn\u00e9 technologie s dopadem na \u00faspory provozu<br \/>\n\u2022 Zelen\u00e1 certifikace n\u00edzkoenergetick\u00fdch budov na \u00farovni LEED Gold<br \/>\n\u2022 Unik\u00e1tn\u00ed terasy s v\u00fdhledy na Pra\u017esk\u00fd hrad<br \/>\n\u2022 Centr\u00e1ln\u00ed n\u00e1m\u011bst\u00ed s restauracemi a kav\u00e1rnami<br \/>\n\u2022 Ve\u0159ejn\u00e1 obchodn\u00ed pas\u00e1\u017e s komplexn\u00edmi slu\u017ebami<br \/>\n\u2022 Venkovn\u00ed relaxa\u010dn\u00ed z\u00f3ny s vodn\u00edm prvkem<\/p>\n<h3>&#8230;nav\u00edc v r\u00e1mci technick\u00fdch parametr\u016f budovy:<\/h3>\n<p>&#8211; Vyt\u00e1p\u011bn\u00ed konvektory<br \/>\n&#8211; Zdvojen\u00e9 podlahy s podlahov\u00fdmi krabicemi<br \/>\n&#8211; Z\u00e1lo\u017en\u00ed zdroj na naftu<br \/>\n&#8211; 380 parkovac\u00edch m\u00edst (i pro n\u00e1v\u0161t\u011bvy)<br \/>\n&#8211; Kol\u00e1rna + z\u00e1zem\u00ed pro cyklisty<br \/>\n&#8211; V\u00edce ne\u017e 1000m2 sklad\u016f<\/p>\n<h2>Popt\u00e1vejte 1000 kancel\u00e1\u0159\u00ed v Churchill Office Center BEZ provize<\/h2>\n<p>Za\u0161lete n\u00e1m <strong><a href=\"\/poptavka-po-kancelarich-k-pronajmu\/\" target=\"_blank\">rychlou popt\u00e1vku <\/a><\/strong>a my se o v\u0161e postar\u00e1me bez jak\u00e9koli provize. P\u0159iprav\u00edme v\u00e1m obratem nab\u00eddku \u0161itou na m\u00edru nejenom v r\u00e1mci vybran\u00e9 budovy, ale z dal\u0161\u00edch v\u00edce ne\u017e 1000 kancel\u00e1\u0159\u00ed v Praze<\/p>\n<p>Rychl\u00fd popt\u00e1vkov\u00fd formul\u00e1\u0159 najdete na konci textu\u00a0a makl\u00e9\u0159e zodpov\u011bdn\u00e9ho za nemovitosti v prav\u00e9m sloupci.<\/p>\n<p>T\u011b\u0161\u00edme se na spolupr\u00e1ci, <a href=\"\/\" target=\"_blank\">Pron\u00e1jem kancel\u00e1\u0159e Praha <\/a>na Pra\u017esk\u00e9 kancel\u00e1\u0159e.<br \/>\ne-mail:\u00a0<strong><a href=\"mailto:info@prazskekancelare.cz\">info@prazskekancelare.com<\/a><\/strong>\u00a0\/\u00a0telefon: <strong><span style=\"color: #ff0000;\">+420 773 295 925, +420 723 984 360<\/span><\/strong><\/p>\n<h3><span style=\"color: #000000;\"><strong><a style=\"color: #000000; text-decoration: underline;\" href=\"\/poptavka-po-kancelarich-k-pronajmu\/\" target=\"_blank\">Popt\u00e1vejte v\u00fdhodn\u00e9 kancel\u00e1\u0159e v Churchill BC<\/a>:<\/strong><\/span><\/h3>\n<div id=\"attachment_3619\" style=\"width: 310px\" class=\"wp-caption alignnone\"><a href=\"\/poptavka-po-kancelarich-k-pronajmu\/\" target=\"_blank\"><img aria-describedby=\"caption-attachment-3619\" loading=\"lazy\" class=\"wp-image-3619 size-medium\" src=\"https:\/\/www.prazskekancelare.com\/test\/wp-content\/uploads\/2019\/12\/poptavejte-bez-provize-300x48.png\" alt=\"pron\u00e1jem kancel\u00e1\u0159e praha churchill\" width=\"300\" height=\"48\" srcset=\"https:\/\/www.prazskekancelare.com\/test\/wp-content\/uploads\/2019\/12\/poptavejte-bez-provize-300x48.png 300w, https:\/\/www.prazskekancelare.com\/test\/wp-content\/uploads\/2019\/12\/poptavejte-bez-provize-1024x163.png 1024w\" sizes=\"(max-width: 300px) 100vw, 300px\" \/><\/a><p id=\"caption-attachment-3619\" class=\"wp-caption-text\"><span style=\"color: #ffffff;\">pron\u00e1jem kancel\u00e1\u0159e praha churchill<\/span><\/p><\/div>\n<h2>v\u00edce informac\u00ed o Churchill Business Center:<\/h2>\n","protected":false},"author":1,"featured_media":3287,"comment_status":"closed","ping_status":"closed","template":"","yoast_head":"<!-- This site is optimized with the Yoast SEO plugin v16.4 - https:\/\/yoast.com\/wordpress\/plugins\/seo\/ -->\n<title>CHURCHILL OFFICES kancel\u00e1\u0159e \u017di\u017ekov ???? | 200 KANCEL\u00c1\u0158\u00cd<\/title>\n<meta name=\"description\" content=\"Popt\u00e1vejte kancel\u00e1\u0159e Churchill Offices \u017di\u017ekov \u2705 Praha 2 | 200 kancel\u00e1\u0159\u00ed nejen v Churchill Business Center \u2705 | Nab\u00eddky kancel\u00e1\u0159\u00ed v cel\u00e9 Praze Bez provize.\" \/>\n<meta name=\"robots\" content=\"noindex, follow, max-snippet:-1, max-image-preview:large, max-video-preview:-1\" \/>\n<meta property=\"og:locale\" content=\"cs_CZ\" \/>\n<meta property=\"og:type\" content=\"article\" \/>\n<meta property=\"og:title\" content=\"CHURCHILL OFFICES kancel\u00e1\u0159e \u017di\u017ekov ???? | 200 KANCEL\u00c1\u0158\u00cd\" \/>\n<meta property=\"og:description\" content=\"Popt\u00e1vejte kancel\u00e1\u0159e Churchill Offices \u017di\u017ekov \u2705 Praha 2 | 200 kancel\u00e1\u0159\u00ed nejen v Churchill Business Center \u2705 | Nab\u00eddky kancel\u00e1\u0159\u00ed v cel\u00e9 Praze Bez provize.\" \/>\n<meta property=\"og:url\" content=\"https:\/\/www.prazskekancelare.com\/test\/kancelare-k-pronajmu\/kancelare-churchill-offices-zizkov-praha-2\/\" \/>\n<meta property=\"og:site_name\" content=\"TEST - Pron\u00e1jem kancel\u00e1\u0159e Praha\" \/>\n<meta property=\"article:modified_time\" content=\"2020-02-23T17:00:11+00:00\" \/>\n<meta property=\"og:image\" content=\"https:\/\/www.prazskekancelare.com\/test\/wp-content\/uploads\/2019\/04\/pronajem-kancelari-churchill-praha-3.jpg\" \/>\n\t<meta property=\"og:image:width\" content=\"1110\" \/>\n\t<meta property=\"og:image:height\" content=\"686\" \/>\n<meta name=\"twitter:card\" content=\"summary\" \/>\n<meta name=\"twitter:label1\" content=\"Odhadovan\u00e1 doba \u010dten\u00ed\" \/>\n\t<meta name=\"twitter:data1\" content=\"2 minuty\" \/>\n<script type=\"application\/ld+json\" class=\"yoast-schema-graph\">{\"@context\":\"https:\/\/schema.org\",\"@graph\":[{\"@type\":\"Organization\",\"@id\":\"https:\/\/www.prazskekancelare.com\/test\/#organization\",\"name\":\"Pron\\u00e1jem kancel\\u00e1\\u0159e Praha\",\"url\":\"https:\/\/www.prazskekancelare.com\/test\/\",\"sameAs\":[],\"logo\":{\"@type\":\"ImageObject\",\"@id\":\"https:\/\/www.prazskekancelare.com\/test\/#logo\",\"inLanguage\":\"cs\",\"url\":\"https:\/\/www.prazskekancelare.com\/test\/wp-content\/uploads\/2018\/05\/prazske-kancelare-com-logo.png\",\"contentUrl\":\"https:\/\/www.prazskekancelare.com\/test\/wp-content\/uploads\/2018\/05\/prazske-kancelare-com-logo.png\",\"width\":242,\"height\":59,\"caption\":\"Pron\\u00e1jem kancel\\u00e1\\u0159e Praha\"},\"image\":{\"@id\":\"https:\/\/www.prazskekancelare.com\/test\/#logo\"}},{\"@type\":\"WebSite\",\"@id\":\"https:\/\/www.prazskekancelare.com\/test\/#website\",\"url\":\"https:\/\/www.prazskekancelare.com\/test\/\",\"name\":\"TEST - Pron\\u00e1jem kancel\\u00e1\\u0159e Praha\",\"description\":\"Pron\\u00e1jem kancel\\u00e1\\u0159e Praha a Kancelare Praha\",\"publisher\":{\"@id\":\"https:\/\/www.prazskekancelare.com\/test\/#organization\"},\"potentialAction\":[{\"@type\":\"SearchAction\",\"target\":\"https:\/\/www.prazskekancelare.com\/test\/?s={search_term_string}\",\"query-input\":\"required name=search_term_string\"}],\"inLanguage\":\"cs\"},{\"@type\":\"ImageObject\",\"@id\":\"https:\/\/www.prazskekancelare.com\/test\/kancelare-k-pronajmu\/kancelare-churchill-offices-zizkov-praha-2\/#primaryimage\",\"inLanguage\":\"cs\",\"url\":\"https:\/\/www.prazskekancelare.com\/test\/wp-content\/uploads\/2019\/04\/pronajem-kancelari-churchill-praha-3.jpg\",\"contentUrl\":\"https:\/\/www.prazskekancelare.com\/test\/wp-content\/uploads\/2019\/04\/pronajem-kancelari-churchill-praha-3.jpg\",\"width\":1110,\"height\":686,\"caption\":\"Churchill kancel\\u00e1\\u0159e Praha 2\"},{\"@type\":\"WebPage\",\"@id\":\"https:\/\/www.prazskekancelare.com\/test\/kancelare-k-pronajmu\/kancelare-churchill-offices-zizkov-praha-2\/#webpage\",\"url\":\"https:\/\/www.prazskekancelare.com\/test\/kancelare-k-pronajmu\/kancelare-churchill-offices-zizkov-praha-2\/\",\"name\":\"CHURCHILL OFFICES kancel\\u00e1\\u0159e \\u017di\\u017ekov ???? | 200 KANCEL\\u00c1\\u0158\\u00cd\",\"isPartOf\":{\"@id\":\"https:\/\/www.prazskekancelare.com\/test\/#website\"},\"primaryImageOfPage\":{\"@id\":\"https:\/\/www.prazskekancelare.com\/test\/kancelare-k-pronajmu\/kancelare-churchill-offices-zizkov-praha-2\/#primaryimage\"},\"datePublished\":\"2019-01-01T06:30:39+00:00\",\"dateModified\":\"2020-02-23T17:00:11+00:00\",\"description\":\"Popt\\u00e1vejte kancel\\u00e1\\u0159e Churchill Offices \\u017di\\u017ekov \\u2705 Praha 2 | 200 kancel\\u00e1\\u0159\\u00ed nejen v Churchill Business Center \\u2705 | Nab\\u00eddky kancel\\u00e1\\u0159\\u00ed v cel\\u00e9 Praze Bez provize.\",\"breadcrumb\":{\"@id\":\"https:\/\/www.prazskekancelare.com\/test\/kancelare-k-pronajmu\/kancelare-churchill-offices-zizkov-praha-2\/#breadcrumb\"},\"inLanguage\":\"cs\",\"potentialAction\":[{\"@type\":\"ReadAction\",\"target\":[\"https:\/\/www.prazskekancelare.com\/test\/kancelare-k-pronajmu\/kancelare-churchill-offices-zizkov-praha-2\/\"]}]},{\"@type\":\"BreadcrumbList\",\"@id\":\"https:\/\/www.prazskekancelare.com\/test\/kancelare-k-pronajmu\/kancelare-churchill-offices-zizkov-praha-2\/#breadcrumb\",\"itemListElement\":[{\"@type\":\"ListItem\",\"position\":1,\"item\":{\"@type\":\"WebPage\",\"@id\":\"https:\/\/www.prazskekancelare.com\/test\/\",\"url\":\"https:\/\/www.prazskekancelare.com\/test\/\",\"name\":\"Dom\\u016f\"}},{\"@type\":\"ListItem\",\"position\":2,\"item\":{\"@type\":\"WebPage\",\"@id\":\"https:\/\/www.prazskekancelare.com\/test\/kancelare-k-pronajmu\/\",\"url\":\"https:\/\/www.prazskekancelare.com\/test\/kancelare-k-pronajmu\/\",\"name\":\"Properties\"}},{\"@type\":\"ListItem\",\"position\":3,\"item\":{\"@id\":\"https:\/\/www.prazskekancelare.com\/test\/kancelare-k-pronajmu\/kancelare-churchill-offices-zizkov-praha-2\/#webpage\"}}]}]}<\/script>\n<!-- \/ Yoast SEO plugin. -->","cmb2":{"property_general":{"property_id":"ANO","property_year_built":"","property_address":"Seifertova,\r\n120 00 Praha 2\r\n","property_zip":"","property_contract":"","property_gallery":"","property_plans":"","property_video":"","property_parent_property":""},"property_flags":{"property_featured":"","property_sticky":"","property_reduced":"","property_sold":""},"property_contact":{"property_contact_name":"","property_contact_phone":""},"property_pricing":{"property_price":"380","property_price_prefix":"od","property_price_suffix":"K\u010d\/m2","property_price_custom":""},"property_attributes":{"property_rooms":"NE - \u010d\u00e1ste\u010dn\u011b","property_beds":"8","property_baths":"NE","property_garages":"NE - \u010d\u00e1ste\u010dn\u011b","property_home_area":"","property_lot_dimensions":"","property_lot_area":"50 m2 - 4.500 m2"},"property_valuation":{"property_valuation_group":""},"property_public_facilities":{"property_public_facilities_group":""},"property_map_location":{"property_map_location":{"latitude":"50.0867207","longitude":"14.4375616"}},"property_relations":{"property_agents":["260"]}},"_links":{"self":[{"href":"https:\/\/www.prazskekancelare.com\/test\/wp-json\/wp\/v2\/property\/3288"}],"collection":[{"href":"https:\/\/www.prazskekancelare.com\/test\/wp-json\/wp\/v2\/property"}],"about":[{"href":"https:\/\/www.prazskekancelare.com\/test\/wp-json\/wp\/v2\/types\/property"}],"author":[{"embeddable":true,"href":"https:\/\/www.prazskekancelare.com\/test\/wp-json\/wp\/v2\/users\/1"}],"replies":[{"embeddable":true,"href":"https:\/\/www.prazskekancelare.com\/test\/wp-json\/wp\/v2\/comments?post=3288"}],"wp:featuredmedia":[{"embeddable":true,"href":"https:\/\/www.prazskekancelare.com\/test\/wp-json\/wp\/v2\/media\/3287"}],"wp:attachment":[{"href":"https:\/\/www.prazskekancelare.com\/test\/wp-json\/wp\/v2\/media?parent=3288"}],"curies":[{"name":"wp","href":"https:\/\/api.w.org\/{rel}","templated":true}]}}