{"id":3277,"date":"2019-01-01T09:16:17","date_gmt":"2019-01-01T08:16:17","guid":{"rendered":"https:\/\/www.prazskekancelare.com\/test\/?post_type=property&#038;p=3277"},"modified":"2019-11-14T19:44:57","modified_gmt":"2019-11-14T18:44:57","slug":"luxembourg-plaza-kancelare-flora-praha-3","status":"publish","type":"property","link":"https:\/\/www.prazskekancelare.com\/test\/kancelare-k-pronajmu\/luxembourg-plaza-kancelare-flora-praha-3\/","title":{"rendered":"Kancel\u00e1\u0159e LUXEMBOURG Plaza <span style=\"color: #ff0000;\">n\u00e1\u0161 TIP<\/span>"},"content":{"rendered":"<p>\n\t<ul id=\"slideshowgallery13568\" class=\"slideshowgallery13568\" style=\"display:none;\">\n\t\t\t\t\t<!-- From all slides or gallery slides -->\n\t\t\t\t\t\t\t<li>\n\t\t\t\t\t<h3 style=\"opacity:70;\">recepce luxembourg plaza<\/h3>\n\t\t\t\t\t\t\t\t\t\t\t<span data-alt=\"recepce-luxembourg-plaza\">https:\/\/www.prazskekancelare.com\/test\/wp-content\/uploads\/2019\/04\/recepce-luxembourg-plaza.jpg<\/span>\n\t\t\t\t\t\t\t\t\t\t<p><\/p>\n\t\t\t\t\t\t\t\t\t\t\t\t\t\t\t\t\t\t<a><img class=\"skip-lazy\" src=\"https:\/\/www.prazskekancelare.com\/test\/wp-content\/uploads\/2019\/04\/recepce-luxembourg-plaza-400x300.jpg\" alt=\"recepce-luxembourg-plaza\" \/><\/a>\n\t\t\t\t\t\t\t\t\t\t\t\t\t\t\t<\/li>\n\t\t\t\t\t\t\t<li>\n\t\t\t\t\t<h3 style=\"opacity:70;\">kancelare k pronajmu flora<\/h3>\n\t\t\t\t\t\t\t\t\t\t\t<span data-alt=\"kancelare-k-pronajmu-flora\">https:\/\/www.prazskekancelare.com\/test\/wp-content\/uploads\/2019\/04\/kancelare-k-pronajmu-flora.jpeg<\/span>\n\t\t\t\t\t\t\t\t\t\t<p><\/p>\n\t\t\t\t\t\t\t\t\t\t\t\t\t\t\t\t\t\t<a><img class=\"skip-lazy\" src=\"https:\/\/www.prazskekancelare.com\/test\/wp-content\/uploads\/2019\/04\/kancelare-k-pronajmu-flora-400x300.jpeg\" alt=\"kancelare-k-pronajmu-flora\" \/><\/a>\n\t\t\t\t\t\t\t\t\t\t\t\t\t\t\t<\/li>\n\t\t\t\t\t\t\t<li>\n\t\t\t\t\t<h3 style=\"opacity:70;\">kancelare luxembourg plaza flora<\/h3>\n\t\t\t\t\t\t\t\t\t\t\t<span data-alt=\"kancelare-luxembourg-plaza-flora\">https:\/\/www.prazskekancelare.com\/test\/wp-content\/uploads\/2019\/04\/kancelare-luxembourg-plaza-flora.jpg<\/span>\n\t\t\t\t\t\t\t\t\t\t<p><\/p>\n\t\t\t\t\t\t\t\t\t\t\t\t\t\t\t\t\t\t<a><img class=\"skip-lazy\" src=\"https:\/\/www.prazskekancelare.com\/test\/wp-content\/uploads\/2019\/04\/kancelare-luxembourg-plaza-flora-400x300.jpg\" alt=\"kancelare-luxembourg-plaza-flora\" \/><\/a>\n\t\t\t\t\t\t\t\t\t\t\t\t\t\t\t<\/li>\n\t\t\t\t\t\t\t<li>\n\t\t\t\t\t<h3 style=\"opacity:70;\">kancelare luxembourg plaza<\/h3>\n\t\t\t\t\t\t\t\t\t\t\t<span data-alt=\"kancelare-luxembourg-plaza\">https:\/\/www.prazskekancelare.com\/test\/wp-content\/uploads\/2019\/04\/kancelare-luxembourg-plaza.jpg<\/span>\n\t\t\t\t\t\t\t\t\t\t<p><\/p>\n\t\t\t\t\t\t\t\t\t\t\t\t\t\t\t\t\t\t<a><img class=\"skip-lazy\" src=\"https:\/\/www.prazskekancelare.com\/test\/wp-content\/uploads\/2019\/04\/kancelare-luxembourg-plaza-400x300.jpg\" alt=\"kancelare-luxembourg-plaza\" \/><\/a>\n\t\t\t\t\t\t\t\t\t\t\t\t\t\t\t<\/li>\n\t\t\t\t\t\t\t<li>\n\t\t\t\t\t<h3 style=\"opacity:70;\">luxembourg plaza kancelare flora<\/h3>\n\t\t\t\t\t\t\t\t\t\t\t<span data-alt=\"luxembourg-plaza-kancelare-flora\">https:\/\/www.prazskekancelare.com\/test\/wp-content\/uploads\/2019\/04\/luxembourg-plaza-kancelare-flora.jpg<\/span>\n\t\t\t\t\t\t\t\t\t\t<p><\/p>\n\t\t\t\t\t\t\t\t\t\t\t\t\t\t\t\t\t\t<a><img class=\"skip-lazy\" src=\"https:\/\/www.prazskekancelare.com\/test\/wp-content\/uploads\/2019\/04\/luxembourg-plaza-kancelare-flora-400x300.jpg\" alt=\"luxembourg-plaza-kancelare-flora\" \/><\/a>\n\t\t\t\t\t\t\t\t\t\t\t\t\t\t\t<\/li>\n\t\t\t\t\t\t\t<li>\n\t\t\t\t\t<h3 style=\"opacity:70;\">luxembourg plaza kancelare praha 3<\/h3>\n\t\t\t\t\t\t\t\t\t\t\t<span data-alt=\"luxembourg-plaza-kancelare-praha-3\">https:\/\/www.prazskekancelare.com\/test\/wp-content\/uploads\/2019\/04\/luxembourg-plaza-kancelare-praha-3.jpg<\/span>\n\t\t\t\t\t\t\t\t\t\t<p><\/p>\n\t\t\t\t\t\t\t\t\t\t\t\t\t\t\t\t\t\t<a><img class=\"skip-lazy\" src=\"https:\/\/www.prazskekancelare.com\/test\/wp-content\/uploads\/2019\/04\/luxembourg-plaza-kancelare-praha-3-400x300.jpg\" alt=\"luxembourg-plaza-kancelare-praha-3\" \/><\/a>\n\t\t\t\t\t\t\t\t\t\t\t\t\t\t\t<\/li>\n\t\t\t\t\t\t\t<li>\n\t\t\t\t\t<h3 style=\"opacity:70;\">Luxembourg plaza kancelare<\/h3>\n\t\t\t\t\t\t\t\t\t\t\t<span data-alt=\"luxembourg-plaza-kancelare\">https:\/\/www.prazskekancelare.com\/test\/wp-content\/uploads\/2019\/04\/luxembourg-plaza-kancelare.jpg<\/span>\n\t\t\t\t\t\t\t\t\t\t<p><\/p>\n\t\t\t\t\t\t\t\t\t\t\t\t\t\t\t\t\t\t<a><img class=\"skip-lazy\" src=\"https:\/\/www.prazskekancelare.com\/test\/wp-content\/uploads\/2019\/04\/luxembourg-plaza-kancelare-400x300.jpg\" alt=\"luxembourg-plaza-kancelare\" \/><\/a>\n\t\t\t\t\t\t\t\t\t\t\t\t\t\t\t<\/li>\n\t\t\t\t\t\t\t<li>\n\t\t\t\t\t<h3 style=\"opacity:70;\">luxembourg plaza pronajem kancelare<\/h3>\n\t\t\t\t\t\t\t\t\t\t\t<span data-alt=\"luxembourg-plaza-pronajem-kancelare\">https:\/\/www.prazskekancelare.com\/test\/wp-content\/uploads\/2019\/04\/luxembourg-plaza-pronajem-kancelare.jpeg<\/span>\n\t\t\t\t\t\t\t\t\t\t<p><\/p>\n\t\t\t\t\t\t\t\t\t\t\t\t\t\t\t\t\t\t<a><img class=\"skip-lazy\" src=\"https:\/\/www.prazskekancelare.com\/test\/wp-content\/uploads\/2019\/04\/luxembourg-plaza-pronajem-kancelare-400x300.jpeg\" alt=\"luxembourg-plaza-pronajem-kancelare\" \/><\/a>\n\t\t\t\t\t\t\t\t\t\t\t\t\t\t\t<\/li>\n\t\t\t\t\t\t\t<li>\n\t\t\t\t\t<h3 style=\"opacity:70;\">luxembourg plaza pronajem kancelare<\/h3>\n\t\t\t\t\t\t\t\t\t\t\t<span data-alt=\"luxembourg-plaza-pronajem-kancelare\">https:\/\/www.prazskekancelare.com\/test\/wp-content\/uploads\/2019\/04\/luxembourg-plaza-pronajem-kancelare.jpg<\/span>\n\t\t\t\t\t\t\t\t\t\t<p><\/p>\n\t\t\t\t\t\t\t\t\t\t\t\t\t\t\t\t\t\t<a><img class=\"skip-lazy\" src=\"https:\/\/www.prazskekancelare.com\/test\/wp-content\/uploads\/2019\/04\/luxembourg-plaza-pronajem-kancelare-400x300.jpg\" alt=\"luxembourg-plaza-pronajem-kancelare\" \/><\/a>\n\t\t\t\t\t\t\t\t\t\t\t\t\t\t\t<\/li>\n\t\t\t\t\t\t\t<li>\n\t\t\t\t\t<h3 style=\"opacity:70;\">luxembourgplaza<\/h3>\n\t\t\t\t\t\t\t\t\t\t\t<span data-alt=\"luxembourgplaza\">https:\/\/www.prazskekancelare.com\/test\/wp-content\/uploads\/2019\/04\/luxembourgplaza.jpg<\/span>\n\t\t\t\t\t\t\t\t\t\t<p><\/p>\n\t\t\t\t\t\t\t\t\t\t\t\t\t\t\t\t\t\t<a><img class=\"skip-lazy\" src=\"https:\/\/www.prazskekancelare.com\/test\/wp-content\/uploads\/2019\/04\/luxembourgplaza-400x300.jpg\" alt=\"luxembourgplaza\" \/><\/a>\n\t\t\t\t\t\t\t\t\t\t\t\t\t\t\t<\/li>\n\t\t\t\t\t\t\t<li>\n\t\t\t\t\t<h3 style=\"opacity:70;\">pronajem kancelare flora<\/h3>\n\t\t\t\t\t\t\t\t\t\t\t<span data-alt=\"pronajem-kancelare-flora\">https:\/\/www.prazskekancelare.com\/test\/wp-content\/uploads\/2019\/04\/pronajem-kancelare-flora.jpeg<\/span>\n\t\t\t\t\t\t\t\t\t\t<p><\/p>\n\t\t\t\t\t\t\t\t\t\t\t\t\t\t\t\t\t\t<a><img class=\"skip-lazy\" src=\"https:\/\/www.prazskekancelare.com\/test\/wp-content\/uploads\/2019\/04\/pronajem-kancelare-flora-400x300.jpeg\" alt=\"pronajem-kancelare-flora\" \/><\/a>\n\t\t\t\t\t\t\t\t\t\t\t\t\t\t\t<\/li>\n\t\t\t\t\t\t\t<li>\n\t\t\t\t\t<h3 style=\"opacity:70;\">pronajem kancelare luxembourg plaza<\/h3>\n\t\t\t\t\t\t\t\t\t\t\t<span data-alt=\"pronajem-kancelare-luxembourg-plaza\">https:\/\/www.prazskekancelare.com\/test\/wp-content\/uploads\/2019\/04\/pronajem-kancelare-luxembourg-plaza.jpg<\/span>\n\t\t\t\t\t\t\t\t\t\t<p><\/p>\n\t\t\t\t\t\t\t\t\t\t\t\t\t\t\t\t\t\t<a><img class=\"skip-lazy\" src=\"https:\/\/www.prazskekancelare.com\/test\/wp-content\/uploads\/2019\/04\/pronajem-kancelare-luxembourg-plaza-400x300.jpg\" alt=\"pronajem-kancelare-luxembourg-plaza\" \/><\/a>\n\t\t\t\t\t\t\t\t\t\t\t\t\t\t\t<\/li>\n\t\t\t\t\t\t\t<li>\n\t\t\t\t\t<h3 style=\"opacity:70;\">flora kancelare luxebourg plaza<\/h3>\n\t\t\t\t\t\t\t\t\t\t\t<span data-alt=\"flora-kancelare-luxebourg-plaza\">https:\/\/www.prazskekancelare.com\/test\/wp-content\/uploads\/2019\/04\/flora-kancelare-luxebourg-plaza.jpg<\/span>\n\t\t\t\t\t\t\t\t\t\t<p><\/p>\n\t\t\t\t\t\t\t\t\t\t\t\t\t\t\t\t\t\t<a><img class=\"skip-lazy\" src=\"https:\/\/www.prazskekancelare.com\/test\/wp-content\/uploads\/2019\/04\/flora-kancelare-luxebourg-plaza-400x300.jpg\" alt=\"flora-kancelare-luxebourg-plaza\" \/><\/a>\n\t\t\t\t\t\t\t\t\t\t\t\t\t\t\t<\/li>\n\t\t\t\t\t\t<\/ul>\n\n\t\t<div id=\"slideshow-wrappergallery13568\" class=\"slideshow-wrapper\" style=\"--slideshow-width:1568px\">\n\t\t\n\t\t<div class=\"slideshow-fullsize\" id=\"fullsizegallery13568\">\n\t\t\t\t\t\t\t\t\t\t\t\t\t\t<div id=\"imgprevgallery13568\" class=\"slideshow-imgprev imgnav\" title=\"Previous Image\">Previous Image<\/div>\n\t\t\t\t\t\t<a id=\"imglinkgallery13568\" class=\"slideshow-imglink imglink\">\n\t\t\t\t<!-- link -->\n\t\t\t<\/a>\n\t\t\t\t\t\t\t\t\t\t\t<div id=\"imgnextgallery13568\" class=\"slideshow-imgnext imgnav\" title=\"Next Image\">Next Image<\/div>\n\t\t\t\t\t\t<div id=\"imagegallery13568\" class=\"slideshow-image\"><\/div>\n\t\t\t<div class=\"slideshow-information infobottom\" id=\"informationgallery13568\">\n\t\t\t\t<h3 class=\"slideshow-info-heading\">info heading<\/h3>\n\t\t\t\t<p class=\"slideshow-info-content\">info content<\/p>\n\t\t\t<\/div>\n\t\t<\/div>\n\n\t\t\t\t\t<div id=\"thumbnailsgallery13568\" class=\"slideshow-thumbnails thumbsbot\">\n\t\t\t\t<div class=\"slideshow-slideleft\" id=\"slideleftgallery13568\" title=\"Slide Left\"><\/div>\n\t\t\t\t<div class=\"slideshow-slidearea\" id=\"slideareagallery13568\">\n\t\t\t\t\t<div class=\"slideshow-slider\" id=\"slidergallery13568\"><\/div>\n\t\t\t\t<\/div>\n\t\t\t\t<div class=\"slideshow-slideright\" id=\"sliderightgallery13568\" title=\"Slide Right\"><\/div>\n\t\t\t\t<br style=\"clear:both; visibility:hidden; height:1px;\" \/>\n\t\t\t<\/div>\n\t\t\t<\/div>\n\n\t<br \/>\nNab\u00edz\u00edme kancel\u00e1\u0159e v <strong>Luxembourg Plaza Flora\u00a0\u2705<\/strong>, exkluzivn\u00ed pron\u00e1jem\u00a0na Praze 3.\u00a0<strong>\u2705\u00a0Kancel\u00e1\u0159sk\u00e9 centrum\u00a0Luxembourg Plaza<\/strong> nab\u00edz\u00ed modern\u00ed kancel\u00e1\u0159sk\u00e9 celky k pron\u00e1jmu t\u0159\u00eddy A, jejich\u017e vybaven\u00ed odpov\u00edd\u00e1 sou\u010dasn\u00e9mu, modern\u00edmu standardu kancel\u00e1\u0159sk\u00fdch budov stejn\u00e9 kategorie.<\/p>\n<p><span style=\"color: #0000ff;\">K dispozici jsou <span style=\"text-decoration: underline;\"><strong>kancel\u00e1\u0159e k pron\u00e1jmu od 30 do 3.000 m2<\/strong><\/span> pronaj\u00edmateln\u00e9 kancel\u00e1\u0159sk\u00e9 plochy.<\/span><\/p>\n<p><span style=\"color: #ff0000;\"><strong>N\u00e1\u0161 tip:<\/strong>\u00a0Za\u0161lete n\u00e1m rychl\u00fd\u00a0<a style=\"color: #ff0000;\" href=\"\/poptavka-po-kancelarich-k-pronajmu\/\" target=\"_blank\"><span style=\"text-decoration: underline;\"><strong>popt\u00e1vkov\u00fd formul\u00e1\u0159<\/strong><\/span>\u00a0<\/a>a my V\u00e1m b\u011bhem 30 minut\u00a0p\u0159iprav\u00edme kompletn\u00ed nab\u00eddku dle Va\u0161ich specifikac\u00ed a bez provize. <strong>V nab\u00eddce m\u00e1me 500 kancel\u00e1\u0159\u00ed v Praze<\/strong>. T\u011b\u0161\u00edme se na spolupr\u00e1ci.<\/span><\/p>\n<p><span style=\"color: #0000ff;\"><a style=\"color: #0000ff;\" href=\"\/poptavka-po-kancelarich-k-pronajmu\/\" target=\"_blank\"><strong>Popt\u00e1vejte kancel\u00e1\u0159e Luxembourg Plaza\u00a0IHNED a BEZ Provize <\/strong><strong>ZDE &gt;&gt;<\/strong><\/a><\/span><\/p>\n<h2><strong>Pron\u00e1jem kancel\u00e1\u0159\u00ed\u00a0Luxembourg Plaza Flora &#8211; budova<\/strong><\/h2>\n<p>P\u0159edstavujeme multifunk\u010dn\u00ed kancel\u00e1\u0159sk\u00fd projekt obsahuj\u00edc\u00ed obchodn\u00ed prostory, kvalitn\u00ed a nov\u00e9 kancel\u00e1\u0159e, mezin\u00e1rodn\u00ed hotel a parkov\u00e1n\u00ed v podzemn\u00ed gar\u00e1\u017ei. <strong>Luxembourg Plaza<\/strong>\u00a0<strong>kancel\u00e1\u0159e<\/strong> se nach\u00e1z\u00ed v atraktivn\u00ed lokalit\u011b v Praze 3 ihned u metra Flora, mezi \u017di\u017ekovem a Vinohrady.<\/p>\n<p>O modern\u00ed, atypick\u00fd a atraktivn\u00ed design se zaslou\u017eilo architektonick\u00e9 studio ARQUITECTONICA ze Spojen\u00fdch st\u00e1t\u016f. Jako p\u0159\u00edklad lze zm\u00ednit fakt, \u017ee fas\u00e1da je tvo\u0159en\u00e1 z kamene a ze skla.<\/p>\n<p>Uvnit\u0159 budovy se nach\u00e1z\u00ed otev\u0159en\u00e9 atrium, kter\u00e9 zajist\u00ed dostate\u010dn\u00e9 osv\u011btlen\u00ed kancel\u00e1\u0159\u00ed a p\u0159\u00edjemn\u00e9 prost\u0159ed\u00ed. Kancel\u00e1\u0159sk\u00e1 budova\u00a0nav\u00edc spl\u0148uje ve\u0161ker\u00e9 krit\u00e9ria, kter\u00e1 se kladou na nov\u00e9 projekty a tak\u00e9 obsahuje spoustu m\u00edsta pro obchody.<\/p>\n<h2>Provize za zprost\u0159edkov\u00e1n\u00ed kancel\u00e1\u0159\u00ed v Luxembourg Plaza<\/h2>\n<p>Ve\u0161ker\u00e9 slu\u017eby na\u0161\u00ed spole\u010dnosti a jej\u00edch makl\u00e9\u0159\u016f jsou bez provize.<\/p>\n<h2>Jak poptat kancel\u00e1\u0159e k pron\u00e1jmu Praha 3\u00a0v Luxembourg Plaza<\/h2>\n<p>Za\u0161lete n\u00e1m pros\u00edm jednoduchou popt\u00e1vku nebo zavolejte na\u0161emu makl\u00e9\u0159i a on v\u0161e za\u0159\u00edd\u00ed k Va\u0161\u00ed spokojenosti.<\/p>\n<p><span style=\"color: #ff0000;\"><strong>Nab\u00eddky sestav\u00edme do 30ti minut po zasl\u00e1n\u00ed popt\u00e1vky a nav\u00edc p\u0159iprav\u00edme srovn\u00e1n\u00ed s podobn\u00fdmi projekty v dan\u00e9 lokalit\u011b nebo cel\u00e9 Praze &#8211; bez provize.<\/strong><\/span><\/p>\n<p>Rychl\u00fd popt\u00e1vkov\u00fd formul\u00e1\u0159 najdete na konci textu\u00a0a makl\u00e9\u0159e zodpov\u011bdn\u00e9ho za nemovitosti v prav\u00e9m sloupci.<\/p>\n<p>D\u011bkujeme za d\u016fv\u011bru, Pra\u017esk\u00e9 kancel\u00e1\u0159e.<\/p>\n<p>e-mail:\u00a0<strong><a href=\"mailto:info@prazskekancelare.cz\">info@prazskekancelare.cz<\/a><\/strong>\u00a0\/\u00a0telefon: <strong><span style=\"color: #ff0000;\">+420 773 295 925, +420 723 984 360<\/span><\/strong><\/p>\n<p>&nbsp;<\/p>\n<p><span style=\"text-decoration: underline; color: #993366;\"><a style=\"color: #993366; text-decoration: underline;\" href=\"\/poptavka-po-kancelarich-k-pronajmu\/\" target=\"_blank\"><strong>Popt\u00e1vejte kancel\u00e1\u0159e\u00a0Luxembourg Plaza\u00a0IHNED a BEZ Provize\u00a0<\/strong><strong>ZDE &gt;&gt;<\/strong><\/a><\/span><\/p>\n<h2>v\u00edce informac\u00ed:<\/h2>\n","protected":false},"author":1,"featured_media":3264,"comment_status":"closed","ping_status":"closed","template":"","yoast_head":"<!-- This site is optimized with the Yoast SEO plugin v16.4 - https:\/\/yoast.com\/wordpress\/plugins\/seo\/ -->\n<title>LUXEMBOURG Plaza kancel\u00e1\u0159e Flora Praha 3 | 300 Kancel\u00e1\u0159\u00ed<\/title>\n<meta name=\"description\" content=\"Popt\u00e1vejte Luxembourg Plaza kancel\u00e1\u0159e \u2705 Flora Praha 3 | 300 kancel\u00e1\u0159\u00ed k pron\u00e1jmu v Praze \u2705 | Nab\u00eddky kancel\u00e1\u0159e nejen v Luxembourg Plaza do 30 minut.\" \/>\n<meta name=\"robots\" content=\"noindex, follow, max-snippet:-1, max-image-preview:large, max-video-preview:-1\" \/>\n<meta property=\"og:locale\" content=\"cs_CZ\" \/>\n<meta property=\"og:type\" content=\"article\" \/>\n<meta property=\"og:title\" content=\"LUXEMBOURG Plaza kancel\u00e1\u0159e Flora Praha 3 | 300 Kancel\u00e1\u0159\u00ed\" \/>\n<meta property=\"og:description\" content=\"Popt\u00e1vejte Luxembourg Plaza kancel\u00e1\u0159e \u2705 Flora Praha 3 | 300 kancel\u00e1\u0159\u00ed k pron\u00e1jmu v Praze \u2705 | Nab\u00eddky kancel\u00e1\u0159e nejen v Luxembourg Plaza do 30 minut.\" \/>\n<meta property=\"og:url\" content=\"https:\/\/www.prazskekancelare.com\/test\/kancelare-k-pronajmu\/luxembourg-plaza-kancelare-flora-praha-3\/\" \/>\n<meta property=\"og:site_name\" content=\"TEST - Pron\u00e1jem kancel\u00e1\u0159e Praha\" \/>\n<meta property=\"article:modified_time\" content=\"2019-11-14T18:44:57+00:00\" \/>\n<meta property=\"og:image\" content=\"https:\/\/www.prazskekancelare.com\/test\/wp-content\/uploads\/2019\/04\/flora-kancelare-luxebourg-plaza.jpg\" \/>\n\t<meta property=\"og:image:width\" content=\"1111\" \/>\n\t<meta property=\"og:image:height\" content=\"741\" \/>\n<meta name=\"twitter:card\" content=\"summary\" \/>\n<meta name=\"twitter:label1\" content=\"Odhadovan\u00e1 doba \u010dten\u00ed\" \/>\n\t<meta name=\"twitter:data1\" content=\"2 minuty\" \/>\n<script type=\"application\/ld+json\" class=\"yoast-schema-graph\">{\"@context\":\"https:\/\/schema.org\",\"@graph\":[{\"@type\":\"Organization\",\"@id\":\"https:\/\/www.prazskekancelare.com\/test\/#organization\",\"name\":\"Pron\\u00e1jem kancel\\u00e1\\u0159e Praha\",\"url\":\"https:\/\/www.prazskekancelare.com\/test\/\",\"sameAs\":[],\"logo\":{\"@type\":\"ImageObject\",\"@id\":\"https:\/\/www.prazskekancelare.com\/test\/#logo\",\"inLanguage\":\"cs\",\"url\":\"https:\/\/www.prazskekancelare.com\/test\/wp-content\/uploads\/2018\/05\/prazske-kancelare-com-logo.png\",\"contentUrl\":\"https:\/\/www.prazskekancelare.com\/test\/wp-content\/uploads\/2018\/05\/prazske-kancelare-com-logo.png\",\"width\":242,\"height\":59,\"caption\":\"Pron\\u00e1jem kancel\\u00e1\\u0159e Praha\"},\"image\":{\"@id\":\"https:\/\/www.prazskekancelare.com\/test\/#logo\"}},{\"@type\":\"WebSite\",\"@id\":\"https:\/\/www.prazskekancelare.com\/test\/#website\",\"url\":\"https:\/\/www.prazskekancelare.com\/test\/\",\"name\":\"TEST - Pron\\u00e1jem kancel\\u00e1\\u0159e Praha\",\"description\":\"Pron\\u00e1jem kancel\\u00e1\\u0159e Praha a Kancelare Praha\",\"publisher\":{\"@id\":\"https:\/\/www.prazskekancelare.com\/test\/#organization\"},\"potentialAction\":[{\"@type\":\"SearchAction\",\"target\":\"https:\/\/www.prazskekancelare.com\/test\/?s={search_term_string}\",\"query-input\":\"required name=search_term_string\"}],\"inLanguage\":\"cs\"},{\"@type\":\"ImageObject\",\"@id\":\"https:\/\/www.prazskekancelare.com\/test\/kancelare-k-pronajmu\/luxembourg-plaza-kancelare-flora-praha-3\/#primaryimage\",\"inLanguage\":\"cs\",\"url\":\"https:\/\/www.prazskekancelare.com\/test\/wp-content\/uploads\/2019\/04\/flora-kancelare-luxebourg-plaza.jpg\",\"contentUrl\":\"https:\/\/www.prazskekancelare.com\/test\/wp-content\/uploads\/2019\/04\/flora-kancelare-luxebourg-plaza.jpg\",\"width\":1111,\"height\":741,\"caption\":\"Luxembourg Plaza kancel\\u00e1\\u0159sk\\u00e9 centrum\"},{\"@type\":\"WebPage\",\"@id\":\"https:\/\/www.prazskekancelare.com\/test\/kancelare-k-pronajmu\/luxembourg-plaza-kancelare-flora-praha-3\/#webpage\",\"url\":\"https:\/\/www.prazskekancelare.com\/test\/kancelare-k-pronajmu\/luxembourg-plaza-kancelare-flora-praha-3\/\",\"name\":\"LUXEMBOURG Plaza kancel\\u00e1\\u0159e Flora Praha 3 | 300 Kancel\\u00e1\\u0159\\u00ed\",\"isPartOf\":{\"@id\":\"https:\/\/www.prazskekancelare.com\/test\/#website\"},\"primaryImageOfPage\":{\"@id\":\"https:\/\/www.prazskekancelare.com\/test\/kancelare-k-pronajmu\/luxembourg-plaza-kancelare-flora-praha-3\/#primaryimage\"},\"datePublished\":\"2019-01-01T08:16:17+00:00\",\"dateModified\":\"2019-11-14T18:44:57+00:00\",\"description\":\"Popt\\u00e1vejte Luxembourg Plaza kancel\\u00e1\\u0159e \\u2705 Flora Praha 3 | 300 kancel\\u00e1\\u0159\\u00ed k pron\\u00e1jmu v Praze \\u2705 | Nab\\u00eddky kancel\\u00e1\\u0159e nejen v Luxembourg Plaza do 30 minut.\",\"breadcrumb\":{\"@id\":\"https:\/\/www.prazskekancelare.com\/test\/kancelare-k-pronajmu\/luxembourg-plaza-kancelare-flora-praha-3\/#breadcrumb\"},\"inLanguage\":\"cs\",\"potentialAction\":[{\"@type\":\"ReadAction\",\"target\":[\"https:\/\/www.prazskekancelare.com\/test\/kancelare-k-pronajmu\/luxembourg-plaza-kancelare-flora-praha-3\/\"]}]},{\"@type\":\"BreadcrumbList\",\"@id\":\"https:\/\/www.prazskekancelare.com\/test\/kancelare-k-pronajmu\/luxembourg-plaza-kancelare-flora-praha-3\/#breadcrumb\",\"itemListElement\":[{\"@type\":\"ListItem\",\"position\":1,\"item\":{\"@type\":\"WebPage\",\"@id\":\"https:\/\/www.prazskekancelare.com\/test\/\",\"url\":\"https:\/\/www.prazskekancelare.com\/test\/\",\"name\":\"Dom\\u016f\"}},{\"@type\":\"ListItem\",\"position\":2,\"item\":{\"@type\":\"WebPage\",\"@id\":\"https:\/\/www.prazskekancelare.com\/test\/kancelare-k-pronajmu\/\",\"url\":\"https:\/\/www.prazskekancelare.com\/test\/kancelare-k-pronajmu\/\",\"name\":\"Properties\"}},{\"@type\":\"ListItem\",\"position\":3,\"item\":{\"@id\":\"https:\/\/www.prazskekancelare.com\/test\/kancelare-k-pronajmu\/luxembourg-plaza-kancelare-flora-praha-3\/#webpage\"}}]}]}<\/script>\n<!-- \/ Yoast SEO plugin. -->","cmb2":{"property_general":{"property_id":"ANO","property_year_built":"","property_address":"P\u0159emyslovsk\u00e1 2845\/43, \r\nFlora Praha 3\r\n","property_zip":"","property_contract":"","property_gallery":"","property_plans":"","property_video":"","property_parent_property":""},"property_flags":{"property_featured":"","property_sticky":"","property_reduced":"","property_sold":""},"property_contact":{"property_contact_name":"","property_contact_phone":""},"property_pricing":{"property_price":"340","property_price_prefix":"od","property_price_suffix":"K\u010d\/m2","property_price_custom":""},"property_attributes":{"property_rooms":"NE","property_beds":"7","property_baths":"NE","property_garages":"NE \/ \u010d\u00e1ste\u010dn\u011b","property_home_area":"","property_lot_dimensions":"","property_lot_area":"30 m2 - 3.000 m2"},"property_valuation":{"property_valuation_group":""},"property_public_facilities":{"property_public_facilities_group":""},"property_map_location":{"property_map_location":{"latitude":"50.0790813","longitude":"14.4604344"}},"property_relations":{"property_agents":["260"]}},"_links":{"self":[{"href":"https:\/\/www.prazskekancelare.com\/test\/wp-json\/wp\/v2\/property\/3277"}],"collection":[{"href":"https:\/\/www.prazskekancelare.com\/test\/wp-json\/wp\/v2\/property"}],"about":[{"href":"https:\/\/www.prazskekancelare.com\/test\/wp-json\/wp\/v2\/types\/property"}],"author":[{"embeddable":true,"href":"https:\/\/www.prazskekancelare.com\/test\/wp-json\/wp\/v2\/users\/1"}],"replies":[{"embeddable":true,"href":"https:\/\/www.prazskekancelare.com\/test\/wp-json\/wp\/v2\/comments?post=3277"}],"wp:featuredmedia":[{"embeddable":true,"href":"https:\/\/www.prazskekancelare.com\/test\/wp-json\/wp\/v2\/media\/3264"}],"wp:attachment":[{"href":"https:\/\/www.prazskekancelare.com\/test\/wp-json\/wp\/v2\/media?parent=3277"}],"curies":[{"name":"wp","href":"https:\/\/api.w.org\/{rel}","templated":true}]}}