{"id":3236,"date":"2019-01-01T10:34:54","date_gmt":"2019-01-01T09:34:54","guid":{"rendered":"https:\/\/www.prazskekancelare.com\/test\/?post_type=property&#038;p=3236"},"modified":"2019-11-14T19:38:22","modified_gmt":"2019-11-14T18:38:22","slug":"aspen-business-centre-kancelare-praha-1","status":"publish","type":"property","link":"https:\/\/www.prazskekancelare.com\/test\/kancelare-k-pronajmu\/aspen-business-centre-kancelare-praha-1\/","title":{"rendered":"ASPEN BC kancel\u00e1\u0159e Praha 1 <span style=\"color: #ff0000;\">TOP novinka<\/span>"},"content":{"rendered":"\n\t<ul id=\"slideshowgallery134661\" class=\"slideshowgallery134661\" style=\"display:none;\">\n\t\t\t\t\t<!-- From all slides or gallery slides -->\n\t\t\t\t\t\t\t<li>\n\t\t\t\t\t<h3 style=\"opacity:70;\">Vodickova kancelare<\/h3>\n\t\t\t\t\t\t\t\t\t\t\t<span data-alt=\"vodickova-kancelare\">https:\/\/www.prazskekancelare.com\/test\/wp-content\/uploads\/2019\/03\/vodickova-kancelare.jpg<\/span>\n\t\t\t\t\t\t\t\t\t\t<p><\/p>\n\t\t\t\t\t\t\t\t\t\t\t\t\t\t\t\t\t\t<a><img class=\"skip-lazy\" src=\"https:\/\/www.prazskekancelare.com\/test\/wp-content\/uploads\/2019\/03\/vodickova-kancelare-400x300.jpg\" alt=\"vodickova-kancelare\" \/><\/a>\n\t\t\t\t\t\t\t\t\t\t\t\t\t\t\t<\/li>\n\t\t\t\t\t\t\t<li>\n\t\t\t\t\t<h3 style=\"opacity:70;\">Aspen BC<\/h3>\n\t\t\t\t\t\t\t\t\t\t\t<span data-alt=\"aspen-bc\">https:\/\/www.prazskekancelare.com\/test\/wp-content\/uploads\/2019\/03\/aspen-bc.jpg<\/span>\n\t\t\t\t\t\t\t\t\t\t<p><\/p>\n\t\t\t\t\t\t\t\t\t\t\t\t\t\t\t\t\t\t<a><img class=\"skip-lazy\" src=\"https:\/\/www.prazskekancelare.com\/test\/wp-content\/uploads\/2019\/03\/aspen-bc-400x300.jpg\" alt=\"aspen-bc\" \/><\/a>\n\t\t\t\t\t\t\t\t\t\t\t\t\t\t\t<\/li>\n\t\t\t\t\t\t\t<li>\n\t\t\t\t\t<h3 style=\"opacity:70;\">Aspen Business Centre<\/h3>\n\t\t\t\t\t\t\t\t\t\t\t<span data-alt=\"aspen-business-centre\">https:\/\/www.prazskekancelare.com\/test\/wp-content\/uploads\/2019\/03\/aspen-business-centre.jpg<\/span>\n\t\t\t\t\t\t\t\t\t\t<p><\/p>\n\t\t\t\t\t\t\t\t\t\t\t\t\t\t\t\t\t\t<a><img class=\"skip-lazy\" src=\"https:\/\/www.prazskekancelare.com\/test\/wp-content\/uploads\/2019\/03\/aspen-business-centre-400x300.jpg\" alt=\"aspen-business-centre\" \/><\/a>\n\t\t\t\t\t\t\t\t\t\t\t\t\t\t\t<\/li>\n\t\t\t\t\t\t\t<li>\n\t\t\t\t\t<h3 style=\"opacity:70;\">Business Center Aspen<\/h3>\n\t\t\t\t\t\t\t\t\t\t\t<span data-alt=\"business-center-aspen\">https:\/\/www.prazskekancelare.com\/test\/wp-content\/uploads\/2019\/03\/business-center-aspen.jpg<\/span>\n\t\t\t\t\t\t\t\t\t\t<p><\/p>\n\t\t\t\t\t\t\t\t\t\t\t\t\t\t\t\t\t\t<a><img class=\"skip-lazy\" src=\"https:\/\/www.prazskekancelare.com\/test\/wp-content\/uploads\/2019\/03\/business-center-aspen-400x300.jpg\" alt=\"business-center-aspen\" \/><\/a>\n\t\t\t\t\t\t\t\t\t\t\t\t\t\t\t<\/li>\n\t\t\t\t\t\t\t<li>\n\t\t\t\t\t<h3 style=\"opacity:70;\">Business Center V Jame<\/h3>\n\t\t\t\t\t\t\t\t\t\t\t<span data-alt=\"business-center-v-jame\">https:\/\/www.prazskekancelare.com\/test\/wp-content\/uploads\/2019\/03\/business-center-v-jame.jpg<\/span>\n\t\t\t\t\t\t\t\t\t\t<p><\/p>\n\t\t\t\t\t\t\t\t\t\t\t\t\t\t\t\t\t\t<a><img class=\"skip-lazy\" src=\"https:\/\/www.prazskekancelare.com\/test\/wp-content\/uploads\/2019\/03\/business-center-v-jame-400x300.jpg\" alt=\"business-center-v-jame\" \/><\/a>\n\t\t\t\t\t\t\t\t\t\t\t\t\t\t\t<\/li>\n\t\t\t\t\t\t\t<li>\n\t\t\t\t\t<h3 style=\"opacity:70;\">Business Center<\/h3>\n\t\t\t\t\t\t\t\t\t\t\t<span data-alt=\"business-center\">https:\/\/www.prazskekancelare.com\/test\/wp-content\/uploads\/2019\/03\/business-center.jpg<\/span>\n\t\t\t\t\t\t\t\t\t\t<p><\/p>\n\t\t\t\t\t\t\t\t\t\t\t\t\t\t\t\t\t\t<a><img class=\"skip-lazy\" src=\"https:\/\/www.prazskekancelare.com\/test\/wp-content\/uploads\/2019\/03\/business-center-400x300.jpg\" alt=\"business-center\" \/><\/a>\n\t\t\t\t\t\t\t\t\t\t\t\t\t\t\t<\/li>\n\t\t\t\t\t\t\t<li>\n\t\t\t\t\t<h3 style=\"opacity:70;\">kancelare Aspen BC<\/h3>\n\t\t\t\t\t\t\t\t\t\t\t<span data-alt=\"kancelare-aspen-bc\">https:\/\/www.prazskekancelare.com\/test\/wp-content\/uploads\/2019\/03\/kancelare-aspen-bc.jpg<\/span>\n\t\t\t\t\t\t\t\t\t\t<p><\/p>\n\t\t\t\t\t\t\t\t\t\t\t\t\t\t\t\t\t\t<a><img class=\"skip-lazy\" src=\"https:\/\/www.prazskekancelare.com\/test\/wp-content\/uploads\/2019\/03\/kancelare-aspen-bc-400x300.jpg\" alt=\"kancelare-aspen-bc\" \/><\/a>\n\t\t\t\t\t\t\t\t\t\t\t\t\t\t\t<\/li>\n\t\t\t\t\t\t\t<li>\n\t\t\t\t\t<h3 style=\"opacity:70;\">kancelare Aspen Business Center<\/h3>\n\t\t\t\t\t\t\t\t\t\t\t<span data-alt=\"kancelare-aspen-business-center\">https:\/\/www.prazskekancelare.com\/test\/wp-content\/uploads\/2019\/03\/kancelare-aspen-business-center.jpg<\/span>\n\t\t\t\t\t\t\t\t\t\t<p><\/p>\n\t\t\t\t\t\t\t\t\t\t\t\t\t\t\t\t\t\t<a><img class=\"skip-lazy\" src=\"https:\/\/www.prazskekancelare.com\/test\/wp-content\/uploads\/2019\/03\/kancelare-aspen-business-center-400x300.jpg\" alt=\"kancelare-aspen-business-center\" \/><\/a>\n\t\t\t\t\t\t\t\t\t\t\t\t\t\t\t<\/li>\n\t\t\t\t\t\t\t<li>\n\t\t\t\t\t<h3 style=\"opacity:70;\">kancelare Aspen<\/h3>\n\t\t\t\t\t\t\t\t\t\t\t<span data-alt=\"kancelare-aspen\">https:\/\/www.prazskekancelare.com\/test\/wp-content\/uploads\/2019\/03\/kancelare-aspen.jpg<\/span>\n\t\t\t\t\t\t\t\t\t\t<p><\/p>\n\t\t\t\t\t\t\t\t\t\t\t\t\t\t\t\t\t\t<a><img class=\"skip-lazy\" src=\"https:\/\/www.prazskekancelare.com\/test\/wp-content\/uploads\/2019\/03\/kancelare-aspen-400x300.jpg\" alt=\"kancelare-aspen\" \/><\/a>\n\t\t\t\t\t\t\t\t\t\t\t\t\t\t\t<\/li>\n\t\t\t\t\t\t\t<li>\n\t\t\t\t\t<h3 style=\"opacity:70;\">kancelare V Jame<\/h3>\n\t\t\t\t\t\t\t\t\t\t\t<span data-alt=\"kancelare-v-jame\">https:\/\/www.prazskekancelare.com\/test\/wp-content\/uploads\/2019\/03\/kancelare-v-jame.jpg<\/span>\n\t\t\t\t\t\t\t\t\t\t<p><\/p>\n\t\t\t\t\t\t\t\t\t\t\t\t\t\t\t\t\t\t<a><img class=\"skip-lazy\" src=\"https:\/\/www.prazskekancelare.com\/test\/wp-content\/uploads\/2019\/03\/kancelare-v-jame-400x300.jpg\" alt=\"kancelare-v-jame\" \/><\/a>\n\t\t\t\t\t\t\t\t\t\t\t\t\t\t\t<\/li>\n\t\t\t\t\t\t\t<li>\n\t\t\t\t\t<h3 style=\"opacity:70;\">kancelare Vodickova Praha 1<\/h3>\n\t\t\t\t\t\t\t\t\t\t\t<span data-alt=\"kancelare-vodickova-praha-1\">https:\/\/www.prazskekancelare.com\/test\/wp-content\/uploads\/2019\/03\/kancelare-vodickova-praha-1.jpg<\/span>\n\t\t\t\t\t\t\t\t\t\t<p><\/p>\n\t\t\t\t\t\t\t\t\t\t\t\t\t\t\t\t\t\t<a><img class=\"skip-lazy\" src=\"https:\/\/www.prazskekancelare.com\/test\/wp-content\/uploads\/2019\/03\/kancelare-vodickova-praha-1-400x300.jpg\" alt=\"kancelare-vodickova-praha-1\" \/><\/a>\n\t\t\t\t\t\t\t\t\t\t\t\t\t\t\t<\/li>\n\t\t\t\t\t\t\t<li>\n\t\t\t\t\t<h3 style=\"opacity:70;\">V Jame kancelare<\/h3>\n\t\t\t\t\t\t\t\t\t\t\t<span data-alt=\"v-jame-kancelare\">https:\/\/www.prazskekancelare.com\/test\/wp-content\/uploads\/2019\/03\/v-jame-kancelare.jpg<\/span>\n\t\t\t\t\t\t\t\t\t\t<p><\/p>\n\t\t\t\t\t\t\t\t\t\t\t\t\t\t\t\t\t\t<a><img class=\"skip-lazy\" src=\"https:\/\/www.prazskekancelare.com\/test\/wp-content\/uploads\/2019\/03\/v-jame-kancelare-400x300.jpg\" alt=\"v-jame-kancelare\" \/><\/a>\n\t\t\t\t\t\t\t\t\t\t\t\t\t\t\t<\/li>\n\t\t\t\t\t\t\t<li>\n\t\t\t\t\t<h3 style=\"opacity:70;\">Aspen BC kancelare<\/h3>\n\t\t\t\t\t\t\t\t\t\t\t<span data-alt=\"aspen-bc-kancelare\">https:\/\/www.prazskekancelare.com\/test\/wp-content\/uploads\/2019\/03\/aspen-bc-kancelare.jpg<\/span>\n\t\t\t\t\t\t\t\t\t\t<p><\/p>\n\t\t\t\t\t\t\t\t\t\t\t\t\t\t\t\t\t\t<a><img class=\"skip-lazy\" src=\"https:\/\/www.prazskekancelare.com\/test\/wp-content\/uploads\/2019\/03\/aspen-bc-kancelare-400x300.jpg\" alt=\"aspen-bc-kancelare\" \/><\/a>\n\t\t\t\t\t\t\t\t\t\t\t\t\t\t\t<\/li>\n\t\t\t\t\t\t<\/ul>\n\n\t\t<div id=\"slideshow-wrappergallery134661\" class=\"slideshow-wrapper\" style=\"--slideshow-width:1568px\">\n\t\t\n\t\t<div class=\"slideshow-fullsize\" id=\"fullsizegallery134661\">\n\t\t\t\t\t\t\t\t\t\t\t\t\t\t<div id=\"imgprevgallery134661\" class=\"slideshow-imgprev imgnav\" title=\"Previous Image\">Previous Image<\/div>\n\t\t\t\t\t\t<a id=\"imglinkgallery134661\" class=\"slideshow-imglink imglink\">\n\t\t\t\t<!-- link -->\n\t\t\t<\/a>\n\t\t\t\t\t\t\t\t\t\t\t<div id=\"imgnextgallery134661\" class=\"slideshow-imgnext imgnav\" title=\"Next Image\">Next Image<\/div>\n\t\t\t\t\t\t<div id=\"imagegallery134661\" class=\"slideshow-image\"><\/div>\n\t\t\t<div class=\"slideshow-information infobottom\" id=\"informationgallery134661\">\n\t\t\t\t<h3 class=\"slideshow-info-heading\">info heading<\/h3>\n\t\t\t\t<p class=\"slideshow-info-content\">info content<\/p>\n\t\t\t<\/div>\n\t\t<\/div>\n\n\t\t\t\t\t<div id=\"thumbnailsgallery134661\" class=\"slideshow-thumbnails thumbsbot\">\n\t\t\t\t<div class=\"slideshow-slideleft\" id=\"slideleftgallery134661\" title=\"Slide Left\"><\/div>\n\t\t\t\t<div class=\"slideshow-slidearea\" id=\"slideareagallery134661\">\n\t\t\t\t\t<div class=\"slideshow-slider\" id=\"slidergallery134661\"><\/div>\n\t\t\t\t<\/div>\n\t\t\t\t<div class=\"slideshow-slideright\" id=\"sliderightgallery134661\" title=\"Slide Right\"><\/div>\n\t\t\t\t<br style=\"clear:both; visibility:hidden; height:1px;\" \/>\n\t\t\t<\/div>\n\t\t\t<\/div>\n\n\t\n<p>&nbsp;<\/p>\n<p>P\u0159edstavujeme<strong> kancel\u00e1\u0159e v ASPEN BUSINESS CENTRE<\/strong> \u2705 v ulici V J\u00e1m\u011b 1. Jde o jeden z nejobl\u00edben\u011bj\u0161\u00edch kancel\u00e1\u0159sk\u00fdch pron\u00e1jm\u016f v centru Prahy. Na rohu notoricky zn\u00e1m\u00fdch ulici Vodi\u010dkova a V J\u00e1m\u011b ji\u017e n\u011bkolik let p\u016fsob\u00ed velmi modern\u00ed, \u010d\u00e1ste\u010dn\u011b za\u0159\u00edzen\u00e9 business centrum za skv\u011blou cenu.<\/p>\n<p><span style=\"color: #ff0000;\"><strong>N\u00e1\u0161 tip: <\/strong>Poj\u010fme se spolu do Aspen BC pod\u00edvat. Zabere to jen n\u011bkolik minut, ale vy budete nad\u0161eni z\u00a0modern\u00edch kancel\u00e1\u0159\u00ed, kter\u00e9 maj\u00ed v\u00fdbornou cenu a jsou v\u00a0sam\u00e9m srdci Prahy 1. Ur\u010dit\u011b si vyberete a my v\u00e1m sjedn\u00e1me ty nejlep\u0161\u00ed podm\u00ednky bez jak\u00e9koli provize.<\/span><\/p>\n<p><span style=\"color: #ff0000;\">Za\u0159\u00edzenou kancel\u00e1\u0159 nab\u00edz\u00ed u\u017e <strong>od 9.900 K\u010d v\u010detn\u011b poplatk\u016f a slu\u017eeb recepce.<\/strong><\/span><\/p>\n<p><span style=\"color: #0000ff;\"><a style=\"color: #0000ff;\" href=\"\/poptavka-po-kancelarich-k-pronajmu\/\" target=\"_blank\"><strong>Popt\u00e1vejte\u00a0Aspen BC\u00a0HNED a BEZ Provize ZDE\u00a0<\/strong>(nab\u00eddky na m\u00edru do 30 minut)<strong>\u00a0ZDE &gt;&gt;<\/strong><\/a><\/span><\/p>\n<h2>Pron\u00e1jem kancel\u00e1\u0159e Vodi\u010dkova Praha 1 \u2013 lokalita, dostupnost<\/h2>\n<p>P\u0159edstavujeme V\u00e1m komfortn\u00ed a modern\u011b za\u0159\u00edzen\u00e9 kancel\u00e1\u0159e s mimo\u0159\u00e1dn\u011b atraktivn\u00ed polohou a vynikaj\u00edc\u00ed ob\u010danskou dostupnost\u00ed. Aspen BC je v\u00fdborn\u011b dostupn\u00fd MHD (M\u016fstek, Muzeum) a samoz\u0159ejm\u011b tak\u00e9 automobilem, d\u00edky bl\u00edzkosti magistr\u00e1ly. Parkov\u00e1n\u00ed je zaji\u0161t\u011bno na hl\u00eddan\u00e9m parkovi\u0161ti.<\/p>\n<h2>Kancel\u00e1\u0159e V\u00a0J\u00e1m\u011b \u2013 budova<\/h2>\n<p>V\u0161echny kancel\u00e1\u0159sk\u00e9 prostory v <strong>Aspen Business Center<\/strong> k\u00a0pron\u00e1jmu v\u00a0J\u00e1m\u011b 1. jsou navr\u017eeny a vybaveny tak, aby spl\u0148ovaly v\u0161echny po\u017eadavky pro V\u00e1\u0161 pohodln\u00fd a plynul\u00fd pr\u016fb\u011bh obchodov\u00e1n\u00ed. V\u0161e je pro V\u00e1s ihned k dispozici \u2013 do druh\u00e9ho dne ji\u017e m\u016f\u017eete pracovat ve sv\u00e9 kancel\u00e1\u0159i.<\/p>\n<p>Kompletn\u011b klimatizovan\u00e9 kancel\u00e1\u0159e jsou ned\u00edlnou sou\u010d\u00e1st\u00ed nab\u00edzen\u00e9ho komfortu. T\u00edm i n\u00e1ro\u010dn\u00e1 obchodn\u00ed jedn\u00e1n\u00ed, v hork\u00e9m dni, budou moci prob\u00edhat pohodln\u011b a se st\u00e1le chladnou hlavou.<\/p>\n<p>Do v\u0161ech kancel\u00e1\u0159\u00ed k pron\u00e1jmu je zaveden vysokorychlostn\u00ed internet s garantovanou p\u0159\u00edchoz\u00ed i odchoz\u00ed kapacitou. Klient si dle sv\u00fdch pot\u0159eb stanov\u00ed rychlost p\u0159ipojen\u00ed a po\u010det telefonn\u00edch linek, v\u0161e za poplatek.<\/p>\n<h2>Aspen Business Centre \u2013 slu\u017eby recepce<\/h2>\n<p>\u2022\u00a0\u00a0<strong>Starost o po\u0161tu:<\/strong>\u00a0p\u0159eb\u00edr\u00e1 po\u0161tovn\u00ed a kur\u00fdrn\u00ed z\u00e1silky<br \/>\n\u2022\u00a0<strong>Telefonn\u00ed management:<\/strong>\u00a0zved\u00e1n\u00ed a p\u0159epojov\u00e1n\u00ed tel. hovor\u016f jm\u00e9nem klienta<br \/>\n\u2022\u00a0<strong>Vzkazy<\/strong>: zaznamen\u00e1v\u00e1 a p\u0159ed\u00e1v\u00e1 vzkazy<br \/>\n\u2022\u00a0<strong>Uv\u00edt\u00e1n\u00ed:<\/strong>\u00a0p\u0159ij\u00edm\u00e1 hosty klient\u016f a na vyzv\u00e1n\u00ed je doprov\u00e1z\u00ed do kancel\u00e1\u0159\u00ed nebo do jednac\u00edch m\u00edstnost\u00ed<br \/>\n\u2022\u00a0<strong>Rezervace jednac\u00edch m\u00edstnost\u00ed<\/strong>\u00a0a zaji\u0161t\u011bn\u00ed ob\u010derstven\u00ed p\u0159i Va\u0161em obchodn\u00edm jedn\u00e1n\u00ed<br \/>\n\u2022\u00a0<strong>Servisn\u00ed slu\u017eby:<\/strong>\u00a0je-li pot\u0159eba, tak dle pokyn\u016f kop\u00edruje, faxuje, p\u00ed\u0161e zpr\u00e1vy \u010di e-maily atd.<br \/>\n\u2022\u00a0<strong>\u00daklid:<\/strong>\u00a0S maxim\u00e1ln\u00ed p\u00e9\u010d\u00ed je tak\u00e9 zaji\u0161t\u011bn ka\u017edodenn\u00ed \u00faklid v\u0161ech prostor<\/p>\n<h3><strong><span style=\"color: #0000ff;\">V cen\u011b pron\u00e1jmu kancel\u00e1\u0159e v Aspen BC jsou:<\/span><\/strong><\/h3>\n<ul>\n<li>n\u00e1klady na ve\u0161ker\u00e9 energie<\/li>\n<li>denn\u00ed \u00faklid<\/li>\n<li>bezpe\u010dnostn\u00ed slu\u017eba<\/li>\n<li>z\u00e1kladn\u00ed sekret\u00e1\u0159sk\u00e1 slu\u017eba (tj. recep\u010dn\u00ed, telefonick\u00fd a po\u0161tovn\u00ed servis)<\/li>\n<\/ul>\n<p>Vy i Va\u0161i obchodn\u00ed partne\u0159i m\u00e1te mo\u017enost parkovat na hl\u00eddan\u00e9m parkovi\u0161ti p\u0159\u00edmo v objektu ASPEN BUSINESS CENTRA.<\/p>\n<h3><strong><span style=\"color: #0000ff;\">Vybaven\u00ed \u0161kol\u00edc\u00ed m\u00edstnosti pro 20 osob:<\/span><\/strong><\/h3>\n<ul>\n<li>kancel\u00e1\u0159sk\u00fd n\u00e1bytek<\/li>\n<li>vysokorychlostn\u00ed internet, wifi<\/li>\n<li>ob\u010derstven\u00ed (voda, k\u00e1va)<\/li>\n<li>pln\u011b vybaven\u00fd kuch. kout<\/li>\n<li>dataprojektor<\/li>\n<li>flipchart<\/li>\n<\/ul>\n<h3><strong><span style=\"color: #0000ff;\">Extra slu\u017eby v\u00a0r\u00e1mci pron\u00e1jmu kancel\u00e1\u0159e:<\/span><\/strong><\/h3>\n<ul>\n<li>zaji\u0161t\u011bn\u00ed ob\u010derstven\u00ed<\/li>\n<li>poskytov\u00e1n\u00ed sekret\u00e1\u0159sk\u00fdch slu\u017eeb (z\u00e1pisy, kop\u00edrov\u00e1n\u00ed)<\/li>\n<\/ul>\n<h2>Kancel\u00e1\u0159e k pron\u00e1jmu\u00a0Aspen Business centre &#8211; <span style=\"color: #0000ff;\">Bez provize<\/span><\/h2>\n<p>Ve\u0161ker\u00e9 slu\u017eby na\u0161\u00ed spole\u010dnosti a jej\u00edch makl\u00e9\u0159\u016f jsou bez provize. \u00dakolujte n\u00e1s kdykoli.<\/p>\n<h2>Jak poptat kancel\u00e1\u0159 V J\u00e1m\u011b 1 s v\u00fdhodnou cenou?<\/h2>\n<p><span style=\"color: #0000ff;\"><strong><a href=\"\/poptavka-po-kancelarich-k-pronajmu\/\" target=\"_blank\">Rychl\u00fd popt\u00e1vkov\u00fd formul\u00e1\u0159<\/a><\/strong><\/span> najdete na konci textu\u00a0a makl\u00e9\u0159e zodpov\u011bdn\u00e9ho za nemovitosti v prav\u00e9m sloupci.<br \/>\ne-mail:\u00a0<strong><a href=\"mailto:info@prazskekancelare.cz\">info@prazskekancelare.com<\/a><\/strong>\u00a0\/\u00a0telefon: <strong><span style=\"color: #ff0000;\">+420 773 295 925, +420 723 984 360<\/span><\/strong><\/p>\n<p><span style=\"color: #ff0000;\"><a style=\"color: #ff0000;\" href=\"\/poptavka-po-kancelarich-k-pronajmu\/\" target=\"_blank\"><strong>Popt\u00e1vejte\u00a0Aspen BC\u00a0HNED a BEZ Provize ZDE\u00a0<\/strong>(nab\u00eddky na m\u00edru do 30 minut)<strong>\u00a0ZDE &gt;&gt;<\/strong><\/a><\/span><\/p>\n<h2>v\u00edce informac\u00ed:<\/h2>\n","protected":false},"author":1,"featured_media":3227,"comment_status":"closed","ping_status":"closed","template":"","yoast_head":"<!-- This site is optimized with the Yoast SEO plugin v16.4 - https:\/\/yoast.com\/wordpress\/plugins\/seo\/ -->\n<title>ASPEN BUSINESS CENTRE kancel\u00e1\u0159e V J\u00e1m\u011b Praha 1 | TOP<\/title>\n<meta name=\"description\" content=\"P\u0159edstavujeme Aspen Business Centre \u2705 kancel\u00e1\u0159e v centru Prahy a dal\u0161\u00edch 1000 kancel\u00e1\u0159\u00ed k pron\u00e1jmu v cel\u00e9 Praze \u2705 | Nab\u00eddky na m\u00edru do 30 min. BEZ provize.\" \/>\n<meta name=\"robots\" content=\"noindex, follow, max-snippet:-1, max-image-preview:large, max-video-preview:-1\" \/>\n<meta property=\"og:locale\" content=\"cs_CZ\" \/>\n<meta property=\"og:type\" content=\"article\" \/>\n<meta property=\"og:title\" content=\"ASPEN BUSINESS CENTRE kancel\u00e1\u0159e V J\u00e1m\u011b Praha 1 | TOP\" \/>\n<meta property=\"og:description\" content=\"P\u0159edstavujeme Aspen Business Centre \u2705 kancel\u00e1\u0159e v centru Prahy a dal\u0161\u00edch 1000 kancel\u00e1\u0159\u00ed k pron\u00e1jmu v cel\u00e9 Praze \u2705 | Nab\u00eddky na m\u00edru do 30 min. BEZ provize.\" \/>\n<meta property=\"og:url\" content=\"https:\/\/www.prazskekancelare.com\/test\/kancelare-k-pronajmu\/aspen-business-centre-kancelare-praha-1\/\" \/>\n<meta property=\"og:site_name\" content=\"TEST - Pron\u00e1jem kancel\u00e1\u0159e Praha\" \/>\n<meta property=\"article:modified_time\" content=\"2019-11-14T18:38:22+00:00\" \/>\n<meta property=\"og:image\" content=\"https:\/\/www.prazskekancelare.com\/test\/wp-content\/uploads\/2019\/03\/business-center-v-jame.jpg\" \/>\n\t<meta property=\"og:image:width\" content=\"980\" \/>\n\t<meta property=\"og:image:height\" content=\"623\" \/>\n<meta name=\"twitter:card\" content=\"summary\" \/>\n<meta name=\"twitter:label1\" content=\"Odhadovan\u00e1 doba \u010dten\u00ed\" \/>\n\t<meta name=\"twitter:data1\" content=\"3 minuty\" \/>\n<script type=\"application\/ld+json\" class=\"yoast-schema-graph\">{\"@context\":\"https:\/\/schema.org\",\"@graph\":[{\"@type\":\"Organization\",\"@id\":\"https:\/\/www.prazskekancelare.com\/test\/#organization\",\"name\":\"Pron\\u00e1jem kancel\\u00e1\\u0159e Praha\",\"url\":\"https:\/\/www.prazskekancelare.com\/test\/\",\"sameAs\":[],\"logo\":{\"@type\":\"ImageObject\",\"@id\":\"https:\/\/www.prazskekancelare.com\/test\/#logo\",\"inLanguage\":\"cs\",\"url\":\"https:\/\/www.prazskekancelare.com\/test\/wp-content\/uploads\/2018\/05\/prazske-kancelare-com-logo.png\",\"contentUrl\":\"https:\/\/www.prazskekancelare.com\/test\/wp-content\/uploads\/2018\/05\/prazske-kancelare-com-logo.png\",\"width\":242,\"height\":59,\"caption\":\"Pron\\u00e1jem kancel\\u00e1\\u0159e Praha\"},\"image\":{\"@id\":\"https:\/\/www.prazskekancelare.com\/test\/#logo\"}},{\"@type\":\"WebSite\",\"@id\":\"https:\/\/www.prazskekancelare.com\/test\/#website\",\"url\":\"https:\/\/www.prazskekancelare.com\/test\/\",\"name\":\"TEST - Pron\\u00e1jem kancel\\u00e1\\u0159e Praha\",\"description\":\"Pron\\u00e1jem kancel\\u00e1\\u0159e Praha a Kancelare Praha\",\"publisher\":{\"@id\":\"https:\/\/www.prazskekancelare.com\/test\/#organization\"},\"potentialAction\":[{\"@type\":\"SearchAction\",\"target\":\"https:\/\/www.prazskekancelare.com\/test\/?s={search_term_string}\",\"query-input\":\"required name=search_term_string\"}],\"inLanguage\":\"cs\"},{\"@type\":\"ImageObject\",\"@id\":\"https:\/\/www.prazskekancelare.com\/test\/kancelare-k-pronajmu\/aspen-business-centre-kancelare-praha-1\/#primaryimage\",\"inLanguage\":\"cs\",\"url\":\"https:\/\/www.prazskekancelare.com\/test\/wp-content\/uploads\/2019\/03\/business-center-v-jame.jpg\",\"contentUrl\":\"https:\/\/www.prazskekancelare.com\/test\/wp-content\/uploads\/2019\/03\/business-center-v-jame.jpg\",\"width\":980,\"height\":623,\"caption\":\"pron\\u00e1jem kancel\\u00e1\\u0159e Aspen Business Center V J\\u00e1m\\u011b\"},{\"@type\":\"WebPage\",\"@id\":\"https:\/\/www.prazskekancelare.com\/test\/kancelare-k-pronajmu\/aspen-business-centre-kancelare-praha-1\/#webpage\",\"url\":\"https:\/\/www.prazskekancelare.com\/test\/kancelare-k-pronajmu\/aspen-business-centre-kancelare-praha-1\/\",\"name\":\"ASPEN BUSINESS CENTRE kancel\\u00e1\\u0159e V J\\u00e1m\\u011b Praha 1 | TOP\",\"isPartOf\":{\"@id\":\"https:\/\/www.prazskekancelare.com\/test\/#website\"},\"primaryImageOfPage\":{\"@id\":\"https:\/\/www.prazskekancelare.com\/test\/kancelare-k-pronajmu\/aspen-business-centre-kancelare-praha-1\/#primaryimage\"},\"datePublished\":\"2019-01-01T09:34:54+00:00\",\"dateModified\":\"2019-11-14T18:38:22+00:00\",\"description\":\"P\\u0159edstavujeme Aspen Business Centre \\u2705 kancel\\u00e1\\u0159e v centru Prahy a dal\\u0161\\u00edch 1000 kancel\\u00e1\\u0159\\u00ed k pron\\u00e1jmu v cel\\u00e9 Praze \\u2705 | Nab\\u00eddky na m\\u00edru do 30 min. BEZ provize.\",\"breadcrumb\":{\"@id\":\"https:\/\/www.prazskekancelare.com\/test\/kancelare-k-pronajmu\/aspen-business-centre-kancelare-praha-1\/#breadcrumb\"},\"inLanguage\":\"cs\",\"potentialAction\":[{\"@type\":\"ReadAction\",\"target\":[\"https:\/\/www.prazskekancelare.com\/test\/kancelare-k-pronajmu\/aspen-business-centre-kancelare-praha-1\/\"]}]},{\"@type\":\"BreadcrumbList\",\"@id\":\"https:\/\/www.prazskekancelare.com\/test\/kancelare-k-pronajmu\/aspen-business-centre-kancelare-praha-1\/#breadcrumb\",\"itemListElement\":[{\"@type\":\"ListItem\",\"position\":1,\"item\":{\"@type\":\"WebPage\",\"@id\":\"https:\/\/www.prazskekancelare.com\/test\/\",\"url\":\"https:\/\/www.prazskekancelare.com\/test\/\",\"name\":\"Dom\\u016f\"}},{\"@type\":\"ListItem\",\"position\":2,\"item\":{\"@type\":\"WebPage\",\"@id\":\"https:\/\/www.prazskekancelare.com\/test\/kancelare-k-pronajmu\/\",\"url\":\"https:\/\/www.prazskekancelare.com\/test\/kancelare-k-pronajmu\/\",\"name\":\"Properties\"}},{\"@type\":\"ListItem\",\"position\":3,\"item\":{\"@id\":\"https:\/\/www.prazskekancelare.com\/test\/kancelare-k-pronajmu\/aspen-business-centre-kancelare-praha-1\/#webpage\"}}]}]}<\/script>\n<!-- \/ Yoast SEO plugin. -->","cmb2":{"property_general":{"property_id":"ANO","property_year_built":"","property_address":"V J\u00e1m\u011b 1,\r\n110 00 Praha 1","property_zip":"","property_contract":"","property_gallery":"","property_plans":"","property_video":"","property_parent_property":""},"property_flags":{"property_featured":"","property_sticky":"","property_reduced":"","property_sold":""},"property_contact":{"property_contact_name":"","property_contact_phone":""},"property_pricing":{"property_price":"369","property_price_prefix":"od","property_price_suffix":"K\u010d\/m2","property_price_custom":""},"property_attributes":{"property_rooms":"NE - \u010d\u00e1ste\u010dn\u011b","property_beds":"6","property_baths":"u n\u00e1s NIKDY","property_garages":"ANO - \u010d\u00e1ste\u010dn\u011b","property_home_area":"","property_lot_dimensions":"","property_lot_area":"10 m2 - 500 m2"},"property_valuation":{"property_valuation_group":""},"property_public_facilities":{"property_public_facilities_group":""},"property_map_location":{"property_map_location":{"latitude":"50.0804463","longitude":"14.4241549"}},"property_relations":{"property_agents":["260"]}},"_links":{"self":[{"href":"https:\/\/www.prazskekancelare.com\/test\/wp-json\/wp\/v2\/property\/3236"}],"collection":[{"href":"https:\/\/www.prazskekancelare.com\/test\/wp-json\/wp\/v2\/property"}],"about":[{"href":"https:\/\/www.prazskekancelare.com\/test\/wp-json\/wp\/v2\/types\/property"}],"author":[{"embeddable":true,"href":"https:\/\/www.prazskekancelare.com\/test\/wp-json\/wp\/v2\/users\/1"}],"replies":[{"embeddable":true,"href":"https:\/\/www.prazskekancelare.com\/test\/wp-json\/wp\/v2\/comments?post=3236"}],"wp:featuredmedia":[{"embeddable":true,"href":"https:\/\/www.prazskekancelare.com\/test\/wp-json\/wp\/v2\/media\/3227"}],"wp:attachment":[{"href":"https:\/\/www.prazskekancelare.com\/test\/wp-json\/wp\/v2\/media?parent=3236"}],"curies":[{"name":"wp","href":"https:\/\/api.w.org\/{rel}","templated":true}]}}