{"id":3186,"date":"2019-01-01T11:01:51","date_gmt":"2019-01-01T10:01:51","guid":{"rendered":"https:\/\/www.prazskekancelare.com\/test\/?post_type=property&#038;p=3186"},"modified":"2020-11-01T18:57:05","modified_gmt":"2020-11-01T17:57:05","slug":"international-business-center-kancelare-praha-8-pobrezni","status":"publish","type":"property","link":"https:\/\/www.prazskekancelare.com\/test\/kancelare-k-pronajmu\/international-business-center-kancelare-praha-8-pobrezni\/","title":{"rendered":"International Business Center IBC Florenc<span style=\"color: #ff0000;\">TIP<\/span>"},"content":{"rendered":"\n\t<ul id=\"slideshowgallery130789\" class=\"slideshowgallery130789\" style=\"display:none;\">\n\t\t\t\t\t<!-- From all slides or gallery slides -->\n\t\t\t\t\t\t\t<li>\n\t\t\t\t\t<h3 style=\"opacity:70;\">pronajem kancelare praha karlin internationa business center<\/h3>\n\t\t\t\t\t\t\t\t\t\t\t<span data-alt=\"pronajem-kancelare-praha-karlin-internationa-business-center\">https:\/\/www.prazskekancelare.com\/test\/wp-content\/uploads\/2019\/03\/pronajem-kancelare-praha-karlin-internationa-business-center.jpg<\/span>\n\t\t\t\t\t\t\t\t\t\t<p><\/p>\n\t\t\t\t\t\t\t\t\t\t\t\t\t\t\t\t\t\t<a><img class=\"skip-lazy\" src=\"https:\/\/www.prazskekancelare.com\/test\/wp-content\/uploads\/2019\/03\/pronajem-kancelare-praha-karlin-internationa-business-center-400x300.jpg\" alt=\"pronajem-kancelare-praha-karlin-internationa-business-center\" \/><\/a>\n\t\t\t\t\t\t\t\t\t\t\t\t\t\t\t<\/li>\n\t\t\t\t\t\t\t<li>\n\t\t\t\t\t<h3 style=\"opacity:70;\">pronajem kancelare internationa business center praha<\/h3>\n\t\t\t\t\t\t\t\t\t\t\t<span data-alt=\"pronajem-kancelare-internationa-business-center-praha\">https:\/\/www.prazskekancelare.com\/test\/wp-content\/uploads\/2019\/03\/pronajem-kancelare-internationa-business-center-praha.jpg<\/span>\n\t\t\t\t\t\t\t\t\t\t<p><\/p>\n\t\t\t\t\t\t\t\t\t\t\t\t\t\t\t\t\t\t<a><img class=\"skip-lazy\" src=\"https:\/\/www.prazskekancelare.com\/test\/wp-content\/uploads\/2019\/03\/pronajem-kancelare-internationa-business-center-praha-400x300.jpg\" alt=\"pronajem-kancelare-internationa-business-center-praha\" \/><\/a>\n\t\t\t\t\t\t\t\t\t\t\t\t\t\t\t<\/li>\n\t\t\t\t\t\t\t<li>\n\t\t\t\t\t<h3 style=\"opacity:70;\">kancelare na pronajem IBC Praha<\/h3>\n\t\t\t\t\t\t\t\t\t\t\t<span data-alt=\"kancelare-na-pronajem-ibc-praha\">https:\/\/www.prazskekancelare.com\/test\/wp-content\/uploads\/2019\/03\/kancelare-na-pronajem-ibc-praha.jpg<\/span>\n\t\t\t\t\t\t\t\t\t\t<p><\/p>\n\t\t\t\t\t\t\t\t\t\t\t\t\t\t\t\t\t\t<a><img class=\"skip-lazy\" src=\"https:\/\/www.prazskekancelare.com\/test\/wp-content\/uploads\/2019\/03\/kancelare-na-pronajem-ibc-praha-400x300.jpg\" alt=\"kancelare-na-pronajem-ibc-praha\" \/><\/a>\n\t\t\t\t\t\t\t\t\t\t\t\t\t\t\t<\/li>\n\t\t\t\t\t\t\t<li>\n\t\t\t\t\t<h3 style=\"opacity:70;\">kancelare International business center<\/h3>\n\t\t\t\t\t\t\t\t\t\t\t<span data-alt=\"kancelare-international-business-center\">https:\/\/www.prazskekancelare.com\/test\/wp-content\/uploads\/2019\/03\/kancelare-international-business-center.jpg<\/span>\n\t\t\t\t\t\t\t\t\t\t<p><\/p>\n\t\t\t\t\t\t\t\t\t\t\t\t\t\t\t\t\t\t<a><img class=\"skip-lazy\" src=\"https:\/\/www.prazskekancelare.com\/test\/wp-content\/uploads\/2019\/03\/kancelare-international-business-center-400x300.jpg\" alt=\"kancelare-international-business-center\" \/><\/a>\n\t\t\t\t\t\t\t\t\t\t\t\t\t\t\t<\/li>\n\t\t\t\t\t\t\t<li>\n\t\t\t\t\t<h3 style=\"opacity:70;\">International Business Center pronajem kancelare<\/h3>\n\t\t\t\t\t\t\t\t\t\t\t<span data-alt=\"international-business-center-pronajem-kancelare\">https:\/\/www.prazskekancelare.com\/test\/wp-content\/uploads\/2019\/03\/international-business-center-pronajem-kancelare.jpg<\/span>\n\t\t\t\t\t\t\t\t\t\t<p><\/p>\n\t\t\t\t\t\t\t\t\t\t\t\t\t\t\t\t\t\t<a><img class=\"skip-lazy\" src=\"https:\/\/www.prazskekancelare.com\/test\/wp-content\/uploads\/2019\/03\/international-business-center-pronajem-kancelare-400x300.jpg\" alt=\"international-business-center-pronajem-kancelare\" \/><\/a>\n\t\t\t\t\t\t\t\t\t\t\t\t\t\t\t<\/li>\n\t\t\t\t\t\t\t<li>\n\t\t\t\t\t<h3 style=\"opacity:70;\">International business center kancelare<\/h3>\n\t\t\t\t\t\t\t\t\t\t\t<span data-alt=\"international-business-center-kancelare\">https:\/\/www.prazskekancelare.com\/test\/wp-content\/uploads\/2019\/03\/international-business-center-kancelare.jpg<\/span>\n\t\t\t\t\t\t\t\t\t\t<p><\/p>\n\t\t\t\t\t\t\t\t\t\t\t\t\t\t\t\t\t\t<a><img class=\"skip-lazy\" src=\"https:\/\/www.prazskekancelare.com\/test\/wp-content\/uploads\/2019\/03\/international-business-center-kancelare-400x300.jpg\" alt=\"international-business-center-kancelare\" \/><\/a>\n\t\t\t\t\t\t\t\t\t\t\t\t\t\t\t<\/li>\n\t\t\t\t\t\t\t<li>\n\t\t\t\t\t<h3 style=\"opacity:70;\">Internationa business center prague<\/h3>\n\t\t\t\t\t\t\t\t\t\t\t<span data-alt=\"internationa-business-center-prague\">https:\/\/www.prazskekancelare.com\/test\/wp-content\/uploads\/2019\/03\/internationa-business-center-prague.jpg<\/span>\n\t\t\t\t\t\t\t\t\t\t<p><\/p>\n\t\t\t\t\t\t\t\t\t\t\t\t\t\t\t\t\t\t<a><img class=\"skip-lazy\" src=\"https:\/\/www.prazskekancelare.com\/test\/wp-content\/uploads\/2019\/03\/internationa-business-center-prague-400x300.jpg\" alt=\"internationa-business-center-prague\" \/><\/a>\n\t\t\t\t\t\t\t\t\t\t\t\t\t\t\t<\/li>\n\t\t\t\t\t\t\t<li>\n\t\t\t\t\t<h3 style=\"opacity:70;\">IBC kancelare Karlin Praha 8<\/h3>\n\t\t\t\t\t\t\t\t\t\t\t<span data-alt=\"ibc-kancelare-karlin-praha-8\">https:\/\/www.prazskekancelare.com\/test\/wp-content\/uploads\/2019\/03\/ibc-kancelare-karlin-praha-8.jpg<\/span>\n\t\t\t\t\t\t\t\t\t\t<p><\/p>\n\t\t\t\t\t\t\t\t\t\t\t\t\t\t\t\t\t\t<a><img class=\"skip-lazy\" src=\"https:\/\/www.prazskekancelare.com\/test\/wp-content\/uploads\/2019\/03\/ibc-kancelare-karlin-praha-8-400x300.jpg\" alt=\"ibc-kancelare-karlin-praha-8\" \/><\/a>\n\t\t\t\t\t\t\t\t\t\t\t\t\t\t\t<\/li>\n\t\t\t\t\t\t<\/ul>\n\n\t\t<div id=\"slideshow-wrappergallery130789\" class=\"slideshow-wrapper\" style=\"--slideshow-width:988px\">\n\t\t\n\t\t<div class=\"slideshow-fullsize\" id=\"fullsizegallery130789\">\n\t\t\t\t\t\t\t\t\t\t\t\t\t\t<div id=\"imgprevgallery130789\" class=\"slideshow-imgprev imgnav\" title=\"Previous Image\">Previous Image<\/div>\n\t\t\t\t\t\t<a id=\"imglinkgallery130789\" class=\"slideshow-imglink imglink\">\n\t\t\t\t<!-- link -->\n\t\t\t<\/a>\n\t\t\t\t\t\t\t\t\t\t\t<div id=\"imgnextgallery130789\" class=\"slideshow-imgnext imgnav\" title=\"Next Image\">Next Image<\/div>\n\t\t\t\t\t\t<div id=\"imagegallery130789\" class=\"slideshow-image\"><\/div>\n\t\t\t<div class=\"slideshow-information infobottom\" id=\"informationgallery130789\">\n\t\t\t\t<h3 class=\"slideshow-info-heading\">info heading<\/h3>\n\t\t\t\t<p class=\"slideshow-info-content\">info content<\/p>\n\t\t\t<\/div>\n\t\t<\/div>\n\n\t\t\t\t\t<div id=\"thumbnailsgallery130789\" class=\"slideshow-thumbnails thumbsbot\">\n\t\t\t\t<div class=\"slideshow-slideleft\" id=\"slideleftgallery130789\" title=\"Slide Left\"><\/div>\n\t\t\t\t<div class=\"slideshow-slidearea\" id=\"slideareagallery130789\">\n\t\t\t\t\t<div class=\"slideshow-slider\" id=\"slidergallery130789\"><\/div>\n\t\t\t\t<\/div>\n\t\t\t\t<div class=\"slideshow-slideright\" id=\"sliderightgallery130789\" title=\"Slide Right\"><\/div>\n\t\t\t\t<br style=\"clear:both; visibility:hidden; height:1px;\" \/>\n\t\t\t<\/div>\n\t\t\t<\/div>\n\n\t\n<p>&nbsp;<\/p>\n<p><strong>International Business Center<\/strong> kancel\u00e1\u0159skou budovu, zkr\u00e1cen\u011b <strong>IBC\u00a0\u2705<\/strong>, m\u016f\u017eete naj\u00edt na rozhran\u00ed Prahy 1 a Prahy 8. Jedn\u00e1 se o atraktivn\u00ed a velmi \u017e\u00e1danou lokalitu, kter\u00e1 je v\u00fdborn\u011b dostupn\u00e1 jak MHD, tak vozidlem.<\/p>\n<p>International Business Center sest\u00e1v\u00e1 ze t\u0159\u00ed kancel\u00e1\u0159sk\u00fdch budov, kter\u00e9 nab\u00edz\u00ed kancel\u00e1\u0159sk\u00e9 prostory s\u00a0mo\u017enost\u00ed vlastn\u00edho nakonfigurov\u00e1n\u00ed. Velikost dostupn\u00fdch prostor p\u0159esahuje 20 000m2 a nab\u00edz\u00ed ty nej\u0161pi\u010dkov\u011bj\u0161\u00ed slu\u017eby, na kter\u00e9 si jen dok\u00e1\u017eete vzpomenout. Bl\u00edzkost MHD a hlavn\u00edch v\u00fdpadovek z Prahy je velkou devizou, stejn\u011b jako hotel Atrium, kter\u00fd se nach\u00e1z\u00ed v sousedstv\u00ed. IBC spad\u00e1 pod Prahu 8, ale jde sp\u00ed\u0161e o Prahu 1, sam\u00e9 srdce hlavn\u00edho m\u011bsta. Neexistuje snad l\u00e9pe hodnocen\u00e1, um\u00edst\u011bn\u00e1 a \u017e\u00e1dan\u00e1 budova v t\u00e9to lokalit\u011b. Business potenci\u00e1l v\u0161ech firem v budov\u011b je obrovsk\u00fd a ob\u010dansk\u00e1 vybavenost Florence je spole\u010dn\u011b s And\u011blem a Pankr\u00e1cem nejlep\u0161\u00ed v Praze.<\/p>\n<h2><strong>International Business Center &#8211; budova<\/strong><\/h2>\n<p>Co se t\u00fd\u010de vybavenosti\u00a0budovy International Business Center, lze zde nal\u00e9zt j\u00eddelnu, po\u0161tovn\u00ed a kur\u00fdrn\u00ed slu\u017ebu, p\u016fj\u010dovnu kol a \u0161kolku. Tuto pestrou v\u00fdbavu jist\u011b ocen\u00ed nejen Va\u0161i zam\u011bstnanci, ale i jejich nejmen\u0161\u00ed ratolesti. D\u00e1le je zde mo\u017enost pron\u00e1jmu zasedac\u00ed m\u00edstnosti. V\u00a0p\u0159ilehl\u00e9m okol\u00ed se nach\u00e1z\u00ed dal\u0161\u00ed konferen\u010dn\u00ed prostory, n\u00e1kupn\u00ed centrum pln\u00e9 obchod\u016f, welness a fitness centrum.<\/p>\n<p>Budova ji\u017e od prvn\u00ed chv\u00edle bud\u00ed presti\u017en\u00ed a reprezentativn\u00ed dojem. V\u00a0ned\u00e1vn\u00e9 dob\u011b pro\u0161la kompletn\u00ed modernizac\u00ed a v\u00fdm\u011bnou v\u0161ech star\u0161\u00edch technologi\u00ed na ty nejmodern\u011bj\u0161\u00ed a mezi n\u00e1jemci zde m\u016f\u017eete naj\u00edt nap\u0159\u00edklad J&amp;T Real Estate, Rolls Royce, Mazars, Total \u010cR, FinCentrum, ale i Iveco a Renault. Presti\u017e lokality je opravdu z\u0159ejm\u00e1. Opravdu v\u0159ele doporu\u010dujeme prohl\u00eddku.<\/p>\n<h2>Velikosti kancel\u00e1\u0159\u00ed v International Business Centre<\/h2>\n<ol>\n<li><strong>mal\u00e9 kancel\u00e1\u0159e IBC: <span style=\"color: #ff0000;\">5 &#8211; 100 m<\/span><\/strong><\/li>\n<li><strong>velk\u00e9 open space kancel\u00e1\u0159e IBC:<\/strong> <span style=\"color: #ff0000;\"><strong>100 &#8211; 5.000 m<\/strong><\/span><\/li>\n<\/ol>\n<p><span style=\"color: #ff0000;\"><strong>N\u00e1\u0161 tip:<\/strong><\/span>kancel\u00e1\u0159e v\u00a0IBC jsou v\u017edy hork\u00e9 zbo\u017e\u00ed. Ne\u010dekejte a poj\u010fme se tam spolu pod\u00edvat. Budete ur\u010dit\u011b nad\u0161eni a my ud\u011bl\u00e1me maximum, abychom v\u00e1m pomohli vyjednat ty nejlep\u0161\u00ed podm\u00ednky pron\u00e1jmu. T\u011b\u0161\u00edme se na spolupr\u00e1ci.<\/p>\n<div id=\"attachment_3617\" style=\"width: 310px\" class=\"wp-caption alignnone\"><a href=\"https:\/\/www.prazskekancelare.com\/test\/poptavka-po-kancelarich-k-pronajmu\/\" target=\"_blank\" rel=\"noopener noreferrer\"><img aria-describedby=\"caption-attachment-3617\" loading=\"lazy\" class=\"wp-image-3617 size-medium\" src=\"https:\/\/www.prazskekancelare.com\/test\/wp-content\/uploads\/2019\/12\/kancelare-5-5000m-300x46.png\" alt=\"International Business Center\" width=\"300\" height=\"46\" srcset=\"https:\/\/www.prazskekancelare.com\/test\/wp-content\/uploads\/2019\/12\/kancelare-5-5000m-300x46.png 300w, https:\/\/www.prazskekancelare.com\/test\/wp-content\/uploads\/2019\/12\/kancelare-5-5000m-1024x156.png 1024w\" sizes=\"(max-width: 300px) 100vw, 300px\" \/><\/a><p id=\"caption-attachment-3617\" class=\"wp-caption-text\"><span style=\"color: #ffffff;\"><strong>International Business Center<\/strong><\/span><\/p><\/div>\n<h2><strong>V\u00fdhody kancel\u00e1\u0159\u00ed International Business Center:<\/strong><\/h2>\n<ul>\n<li>Vlastn\u00ed konfigurace kancel\u00e1\u0159\u00ed dle individu\u00e1ln\u00edch pot\u0159eb n\u00e1jemn\u00edka<\/li>\n<li>Nejmodern\u011bj\u0161\u00ed IT rozvody<\/li>\n<li>V\u00fdhodn\u00e1 poloha ve st\u0159edu business lokality<\/li>\n<li>Nonstop ochranka<\/li>\n<li>Bez provize &#8211; ve\u0161ker\u00e9 slu\u017eby na\u0161\u00ed spole\u010dnosti<\/li>\n<li>Mo\u017enost pron\u00e1jmu ji\u017e od 20m2<\/li>\n<li>Klimatizace v\u010detn\u011b vysokokapacitn\u00edho chlazen\u00ed<\/li>\n<li>Otev\u00edrateln\u00e1 okna v\u010detn\u011b \u017ealuzi\u00ed<\/li>\n<li>Modern\u00ed stropy z tvrzen\u00e9ho materi\u00e1lu &#8211; podhledy<\/li>\n<li>Kompletn\u00ed p\u0159\u00edslu\u0161enstv\u00ed pro parkov\u00e1n\u00ed kol, motorek, automobil\u016f<\/li>\n<li>v\u00fdborn\u00e1 dostupnost na d\u00e1lnice sm\u011br \u00dast\u00ed nad Labem, Mlad\u00e1 Boleslav, Hradec Kr\u00e1lov\u00e9&#8230;<\/li>\n<li>vynikaj\u00edc\u00ed ob\u010dansk\u00e1 a obchodn\u00ed vybavenost lokality Florence<\/li>\n<li>Stanice metra\u00a0Florenc, K\u0159i\u017e\u00edkova, N\u00e1m\u011bst\u00ed Republiky\u00a0nedaleko<\/li>\n<li>5\u00a0minut do centra Prahy 1 &#8211; metrem i autem, ale hlavn\u011b ch\u016fz\u00ed!<\/li>\n<li>skv\u011bl\u00e9 parkov\u00e1n\u00ed v okol\u00ed budovy<\/li>\n<li>v\u00fdborn\u00e1 cena na centrum Prahy<\/li>\n<\/ul>\n<h2>Kancel\u00e1\u0159e k pron\u00e1jmu\u00a0International Business Center\u00a0<span style=\"color: #0000ff;\">bez provize<\/span><\/h2>\n<p>Ve\u0161ker\u00e9 slu\u017eby na\u0161\u00ed spole\u010dnosti a jej\u00edch makl\u00e9\u0159\u016f jsou bez provize. \u00dakolujte n\u00e1s kdykoli.<\/p>\n<h2>Jak poptat kancel\u00e1\u0159 v\u00a0IBC s v\u00fdhodnou cenou?<\/h2>\n<p><span style=\"color: #0000ff;\"><strong><a href=\"\/poptavka-po-kancelarich-k-pronajmu\/\" target=\"_blank\" rel=\"noopener noreferrer\">Rychl\u00fd popt\u00e1vkov\u00fd formul\u00e1\u0159<\/a><\/strong><\/span> najdete na konci textu\u00a0a makl\u00e9\u0159e zodpov\u011bdn\u00e9ho za nemovitosti v prav\u00e9m sloupci.<br \/>\ne-mail:\u00a0<strong><a href=\"mailto:info@prazskekancelare.cz\">info@prazskekancelare.com<\/a><\/strong>\u00a0\/\u00a0telefon: <strong><span style=\"color: #ff0000;\">+420 773 295 925, +420 723 984 360<\/span><\/strong><\/p>\n<div id=\"attachment_3619\" style=\"width: 310px\" class=\"wp-caption alignnone\"><a href=\"https:\/\/www.prazskekancelare.com\/test\/poptavka-po-kancelarich-k-pronajmu\/\" target=\"_blank\" rel=\"noopener noreferrer\"><img aria-describedby=\"caption-attachment-3619\" loading=\"lazy\" class=\"wp-image-3619 size-medium\" src=\"https:\/\/www.prazskekancelare.com\/test\/wp-content\/uploads\/2019\/12\/poptavejte-bez-provize-300x48.png\" alt=\"IBC FLORENC\" width=\"300\" height=\"48\" srcset=\"https:\/\/www.prazskekancelare.com\/test\/wp-content\/uploads\/2019\/12\/poptavejte-bez-provize-300x48.png 300w, https:\/\/www.prazskekancelare.com\/test\/wp-content\/uploads\/2019\/12\/poptavejte-bez-provize-1024x163.png 1024w\" sizes=\"(max-width: 300px) 100vw, 300px\" \/><\/a><p id=\"caption-attachment-3619\" class=\"wp-caption-text\"><span style=\"color: #ffffff;\">IBC FLORENC<\/span><\/p><\/div>\n<h2>V\u00edce informac\u00ed o IBC Florenc:<\/h2>\n","protected":false},"author":1,"featured_media":3181,"comment_status":"closed","ping_status":"closed","template":"","yoast_head":"<!-- This site is optimized with the Yoast SEO plugin v16.4 - https:\/\/yoast.com\/wordpress\/plugins\/seo\/ -->\n<title>???? INTERNATIONAL BUSINESS CENTER ???? | IBC Florenc Praha Karl\u00edn<\/title>\n<meta name=\"description\" content=\"Popt\u00e1vejte International Business Center Praha levn\u011b.\u2705 IBC Florenc v\u00fdhodn\u011b a bez provize.\u2705 Chcete International business centre Prague Karl\u00edn BEZ Provize?\" \/>\n<meta name=\"robots\" content=\"noindex, follow, max-snippet:-1, max-image-preview:large, max-video-preview:-1\" \/>\n<meta property=\"og:locale\" content=\"cs_CZ\" \/>\n<meta property=\"og:type\" content=\"article\" \/>\n<meta property=\"og:title\" content=\"???? INTERNATIONAL BUSINESS CENTER ???? | IBC Florenc Praha Karl\u00edn\" \/>\n<meta property=\"og:description\" content=\"Popt\u00e1vejte International Business Center Praha levn\u011b.\u2705 IBC Florenc v\u00fdhodn\u011b a bez provize.\u2705 Chcete International business centre Prague Karl\u00edn BEZ Provize?\" \/>\n<meta property=\"og:url\" content=\"https:\/\/www.prazskekancelare.com\/test\/kancelare-k-pronajmu\/international-business-center-kancelare-praha-8-pobrezni\/\" \/>\n<meta property=\"og:site_name\" content=\"TEST - Pron\u00e1jem kancel\u00e1\u0159e Praha\" \/>\n<meta property=\"article:modified_time\" content=\"2020-11-01T17:57:05+00:00\" \/>\n<meta property=\"og:image\" content=\"https:\/\/www.prazskekancelare.com\/test\/wp-content\/uploads\/2019\/03\/international-business-center-pronajem-kancelare.jpg\" \/>\n\t<meta property=\"og:image:width\" content=\"1122\" \/>\n\t<meta property=\"og:image:height\" content=\"705\" \/>\n<meta name=\"twitter:card\" content=\"summary\" \/>\n<meta name=\"twitter:label1\" content=\"Odhadovan\u00e1 doba \u010dten\u00ed\" \/>\n\t<meta name=\"twitter:data1\" content=\"3 minuty\" \/>\n<script type=\"application\/ld+json\" class=\"yoast-schema-graph\">{\"@context\":\"https:\/\/schema.org\",\"@graph\":[{\"@type\":\"Organization\",\"@id\":\"https:\/\/www.prazskekancelare.com\/test\/#organization\",\"name\":\"Pron\\u00e1jem kancel\\u00e1\\u0159e Praha\",\"url\":\"https:\/\/www.prazskekancelare.com\/test\/\",\"sameAs\":[],\"logo\":{\"@type\":\"ImageObject\",\"@id\":\"https:\/\/www.prazskekancelare.com\/test\/#logo\",\"inLanguage\":\"cs\",\"url\":\"https:\/\/www.prazskekancelare.com\/test\/wp-content\/uploads\/2018\/05\/prazske-kancelare-com-logo.png\",\"contentUrl\":\"https:\/\/www.prazskekancelare.com\/test\/wp-content\/uploads\/2018\/05\/prazske-kancelare-com-logo.png\",\"width\":242,\"height\":59,\"caption\":\"Pron\\u00e1jem kancel\\u00e1\\u0159e Praha\"},\"image\":{\"@id\":\"https:\/\/www.prazskekancelare.com\/test\/#logo\"}},{\"@type\":\"WebSite\",\"@id\":\"https:\/\/www.prazskekancelare.com\/test\/#website\",\"url\":\"https:\/\/www.prazskekancelare.com\/test\/\",\"name\":\"TEST - Pron\\u00e1jem kancel\\u00e1\\u0159e Praha\",\"description\":\"Pron\\u00e1jem kancel\\u00e1\\u0159e Praha a Kancelare Praha\",\"publisher\":{\"@id\":\"https:\/\/www.prazskekancelare.com\/test\/#organization\"},\"potentialAction\":[{\"@type\":\"SearchAction\",\"target\":\"https:\/\/www.prazskekancelare.com\/test\/?s={search_term_string}\",\"query-input\":\"required name=search_term_string\"}],\"inLanguage\":\"cs\"},{\"@type\":\"ImageObject\",\"@id\":\"https:\/\/www.prazskekancelare.com\/test\/kancelare-k-pronajmu\/international-business-center-kancelare-praha-8-pobrezni\/#primaryimage\",\"inLanguage\":\"cs\",\"url\":\"https:\/\/www.prazskekancelare.com\/test\/wp-content\/uploads\/2019\/03\/international-business-center-pronajem-kancelare.jpg\",\"contentUrl\":\"https:\/\/www.prazskekancelare.com\/test\/wp-content\/uploads\/2019\/03\/international-business-center-pronajem-kancelare.jpg\",\"width\":1122,\"height\":705,\"caption\":\"International Business Center pron\\u00e1jem kancel\\u00e1\\u0159\\u00ed\"},{\"@type\":\"WebPage\",\"@id\":\"https:\/\/www.prazskekancelare.com\/test\/kancelare-k-pronajmu\/international-business-center-kancelare-praha-8-pobrezni\/#webpage\",\"url\":\"https:\/\/www.prazskekancelare.com\/test\/kancelare-k-pronajmu\/international-business-center-kancelare-praha-8-pobrezni\/\",\"name\":\"???? INTERNATIONAL BUSINESS CENTER ???? | IBC Florenc Praha Karl\\u00edn\",\"isPartOf\":{\"@id\":\"https:\/\/www.prazskekancelare.com\/test\/#website\"},\"primaryImageOfPage\":{\"@id\":\"https:\/\/www.prazskekancelare.com\/test\/kancelare-k-pronajmu\/international-business-center-kancelare-praha-8-pobrezni\/#primaryimage\"},\"datePublished\":\"2019-01-01T10:01:51+00:00\",\"dateModified\":\"2020-11-01T17:57:05+00:00\",\"description\":\"Popt\\u00e1vejte International Business Center Praha levn\\u011b.\\u2705 IBC Florenc v\\u00fdhodn\\u011b a bez provize.\\u2705 Chcete International business centre Prague Karl\\u00edn BEZ Provize?\",\"breadcrumb\":{\"@id\":\"https:\/\/www.prazskekancelare.com\/test\/kancelare-k-pronajmu\/international-business-center-kancelare-praha-8-pobrezni\/#breadcrumb\"},\"inLanguage\":\"cs\",\"potentialAction\":[{\"@type\":\"ReadAction\",\"target\":[\"https:\/\/www.prazskekancelare.com\/test\/kancelare-k-pronajmu\/international-business-center-kancelare-praha-8-pobrezni\/\"]}]},{\"@type\":\"BreadcrumbList\",\"@id\":\"https:\/\/www.prazskekancelare.com\/test\/kancelare-k-pronajmu\/international-business-center-kancelare-praha-8-pobrezni\/#breadcrumb\",\"itemListElement\":[{\"@type\":\"ListItem\",\"position\":1,\"item\":{\"@type\":\"WebPage\",\"@id\":\"https:\/\/www.prazskekancelare.com\/test\/\",\"url\":\"https:\/\/www.prazskekancelare.com\/test\/\",\"name\":\"Dom\\u016f\"}},{\"@type\":\"ListItem\",\"position\":2,\"item\":{\"@type\":\"WebPage\",\"@id\":\"https:\/\/www.prazskekancelare.com\/test\/kancelare-k-pronajmu\/\",\"url\":\"https:\/\/www.prazskekancelare.com\/test\/kancelare-k-pronajmu\/\",\"name\":\"Properties\"}},{\"@type\":\"ListItem\",\"position\":3,\"item\":{\"@id\":\"https:\/\/www.prazskekancelare.com\/test\/kancelare-k-pronajmu\/international-business-center-kancelare-praha-8-pobrezni\/#webpage\"}}]}]}<\/script>\n<!-- \/ Yoast SEO plugin. -->","cmb2":{"property_general":{"property_id":"ANO","property_year_built":"","property_address":"Pob\u0159e\u017en\u00ed 3,\r\n180 00 Praha 8","property_zip":"","property_contract":"","property_gallery":"","property_plans":"","property_video":"","property_parent_property":""},"property_flags":{"property_featured":"","property_sticky":"","property_reduced":"","property_sold":""},"property_contact":{"property_contact_name":"","property_contact_phone":""},"property_pricing":{"property_price":"385","property_price_prefix":"od","property_price_suffix":"K\u010d\/m2","property_price_custom":""},"property_attributes":{"property_rooms":"NE - \u010d\u00e1ste\u010dn\u011b","property_beds":"9","property_baths":"NE","property_garages":"NE - \u010d\u00e1ste\u010dn\u011b","property_home_area":"","property_lot_dimensions":"","property_lot_area":"20 m2 - 3.000 m2"},"property_valuation":{"property_valuation_group":""},"property_public_facilities":{"property_public_facilities_group":""},"property_map_location":{"property_map_location":{"latitude":"50.0925672","longitude":"14.440818"}},"property_relations":{"property_agents":["260"]}},"_links":{"self":[{"href":"https:\/\/www.prazskekancelare.com\/test\/wp-json\/wp\/v2\/property\/3186"}],"collection":[{"href":"https:\/\/www.prazskekancelare.com\/test\/wp-json\/wp\/v2\/property"}],"about":[{"href":"https:\/\/www.prazskekancelare.com\/test\/wp-json\/wp\/v2\/types\/property"}],"author":[{"embeddable":true,"href":"https:\/\/www.prazskekancelare.com\/test\/wp-json\/wp\/v2\/users\/1"}],"replies":[{"embeddable":true,"href":"https:\/\/www.prazskekancelare.com\/test\/wp-json\/wp\/v2\/comments?post=3186"}],"wp:featuredmedia":[{"embeddable":true,"href":"https:\/\/www.prazskekancelare.com\/test\/wp-json\/wp\/v2\/media\/3181"}],"wp:attachment":[{"href":"https:\/\/www.prazskekancelare.com\/test\/wp-json\/wp\/v2\/media?parent=3186"}],"curies":[{"name":"wp","href":"https:\/\/api.w.org\/{rel}","templated":true}]}}