{"id":3176,"date":"2019-01-01T09:36:04","date_gmt":"2019-01-01T08:36:04","guid":{"rendered":"https:\/\/www.prazskekancelare.com\/test\/?post_type=property&#038;p=3176"},"modified":"2019-11-14T19:40:50","modified_gmt":"2019-11-14T18:40:50","slug":"bb-centrum-kancelare-filadelfie-brumlovka-michle-praha-4","status":"publish","type":"property","link":"https:\/\/www.prazskekancelare.com\/test\/kancelare-k-pronajmu\/bb-centrum-kancelare-filadelfie-brumlovka-michle-praha-4\/","title":{"rendered":"Kancel\u00e1\u0159e BB Centrum V\u0160ECHNY budovy"},"content":{"rendered":"\n\t<ul id=\"slideshowgallery129240\" class=\"slideshowgallery129240\" style=\"display:none;\">\n\t\t\t\t\t<!-- From all slides or gallery slides -->\n\t\t\t\t\t\t\t<li>\n\t\t\t\t\t<h3 style=\"opacity:70;\">kancelare k pronajmu Filadelfie<\/h3>\n\t\t\t\t\t\t\t\t\t\t\t<span data-alt=\"kancelare-k-pronajmu-filadelfie\">https:\/\/www.prazskekancelare.com\/test\/wp-content\/uploads\/2019\/03\/kancelare-k-pronajmu-filadelfie.jpg<\/span>\n\t\t\t\t\t\t\t\t\t\t<p><\/p>\n\t\t\t\t\t\t\t\t\t\t\t\t\t\t\t\t\t\t<a><img class=\"skip-lazy\" src=\"https:\/\/www.prazskekancelare.com\/test\/wp-content\/uploads\/2019\/03\/kancelare-k-pronajmu-filadelfie-400x300.jpg\" alt=\"kancelare-k-pronajmu-filadelfie\" \/><\/a>\n\t\t\t\t\t\t\t\t\t\t\t\t\t\t\t<\/li>\n\t\t\t\t\t\t\t<li>\n\t\t\t\t\t<h3 style=\"opacity:70;\">kancelare bb centrum filadelfie<\/h3>\n\t\t\t\t\t\t\t\t\t\t\t<span data-alt=\"kancelare-bb-centrum-filadelfie\">https:\/\/www.prazskekancelare.com\/test\/wp-content\/uploads\/2019\/03\/kancelare-bb-centrum-filadelfie.jpg<\/span>\n\t\t\t\t\t\t\t\t\t\t<p><\/p>\n\t\t\t\t\t\t\t\t\t\t\t\t\t\t\t\t\t\t<a><img class=\"skip-lazy\" src=\"https:\/\/www.prazskekancelare.com\/test\/wp-content\/uploads\/2019\/03\/kancelare-bb-centrum-filadelfie-400x300.jpg\" alt=\"kancelare-bb-centrum-filadelfie\" \/><\/a>\n\t\t\t\t\t\t\t\t\t\t\t\t\t\t\t<\/li>\n\t\t\t\t\t\t\t<li>\n\t\t\t\t\t<h3 style=\"opacity:70;\">filadelfie pronajem kancelare praha<\/h3>\n\t\t\t\t\t\t\t\t\t\t\t<span data-alt=\"filadelfie-pronajem-kancelare-praha\">https:\/\/www.prazskekancelare.com\/test\/wp-content\/uploads\/2019\/03\/filadelfie-pronajem-kancelare-praha.jpg<\/span>\n\t\t\t\t\t\t\t\t\t\t<p><\/p>\n\t\t\t\t\t\t\t\t\t\t\t\t\t\t\t\t\t\t<a><img class=\"skip-lazy\" src=\"https:\/\/www.prazskekancelare.com\/test\/wp-content\/uploads\/2019\/03\/filadelfie-pronajem-kancelare-praha-400x300.jpg\" alt=\"filadelfie-pronajem-kancelare-praha\" \/><\/a>\n\t\t\t\t\t\t\t\t\t\t\t\t\t\t\t<\/li>\n\t\t\t\t\t\t\t<li>\n\t\t\t\t\t<h3 style=\"opacity:70;\">Filadelfie kancelare bb centrum<\/h3>\n\t\t\t\t\t\t\t\t\t\t\t<span data-alt=\"filadelfie-kancelare-bb-centrum\">https:\/\/www.prazskekancelare.com\/test\/wp-content\/uploads\/2019\/03\/filadelfie-kancelare-bb-centrum.jpg<\/span>\n\t\t\t\t\t\t\t\t\t\t<p><\/p>\n\t\t\t\t\t\t\t\t\t\t\t\t\t\t\t\t\t\t<a><img class=\"skip-lazy\" src=\"https:\/\/www.prazskekancelare.com\/test\/wp-content\/uploads\/2019\/03\/filadelfie-kancelare-bb-centrum-400x300.jpg\" alt=\"filadelfie-kancelare-bb-centrum\" \/><\/a>\n\t\t\t\t\t\t\t\t\t\t\t\t\t\t\t<\/li>\n\t\t\t\t\t\t\t<li>\n\t\t\t\t\t<h3 style=\"opacity:70;\">BB centrum kancelare<\/h3>\n\t\t\t\t\t\t\t\t\t\t\t<span data-alt=\"bb-centrum-kancelare\">https:\/\/www.prazskekancelare.com\/test\/wp-content\/uploads\/2019\/03\/bb-centrum-kancelare.jpg<\/span>\n\t\t\t\t\t\t\t\t\t\t<p><\/p>\n\t\t\t\t\t\t\t\t\t\t\t\t\t\t\t\t\t\t<a><img class=\"skip-lazy\" src=\"https:\/\/www.prazskekancelare.com\/test\/wp-content\/uploads\/2019\/03\/bb-centrum-kancelare-400x300.jpg\" alt=\"bb-centrum-kancelare\" \/><\/a>\n\t\t\t\t\t\t\t\t\t\t\t\t\t\t\t<\/li>\n\t\t\t\t\t\t\t<li>\n\t\t\t\t\t<h3 style=\"opacity:70;\">bb centrum filadelfie kancelare k pronajmu<\/h3>\n\t\t\t\t\t\t\t\t\t\t\t<span data-alt=\"bb-centrum-filadelfie-kancelare-k-pronajmu\">https:\/\/www.prazskekancelare.com\/test\/wp-content\/uploads\/2019\/03\/bb-centrum-filadelfie-kancelare-k-pronajmu.jpg<\/span>\n\t\t\t\t\t\t\t\t\t\t<p><\/p>\n\t\t\t\t\t\t\t\t\t\t\t\t\t\t\t\t\t\t<a><img class=\"skip-lazy\" src=\"https:\/\/www.prazskekancelare.com\/test\/wp-content\/uploads\/2019\/03\/bb-centrum-filadelfie-kancelare-k-pronajmu-400x300.jpg\" alt=\"bb-centrum-filadelfie-kancelare-k-pronajmu\" \/><\/a>\n\t\t\t\t\t\t\t\t\t\t\t\t\t\t\t<\/li>\n\t\t\t\t\t\t<\/ul>\n\n\t\t<div id=\"slideshow-wrappergallery129240\" class=\"slideshow-wrapper\" style=\"--slideshow-width:756px\">\n\t\t\n\t\t<div class=\"slideshow-fullsize\" id=\"fullsizegallery129240\">\n\t\t\t\t\t\t\t\t\t\t\t\t\t\t<div id=\"imgprevgallery129240\" class=\"slideshow-imgprev imgnav\" title=\"Previous Image\">Previous Image<\/div>\n\t\t\t\t\t\t<a id=\"imglinkgallery129240\" class=\"slideshow-imglink imglink\">\n\t\t\t\t<!-- link -->\n\t\t\t<\/a>\n\t\t\t\t\t\t\t\t\t\t\t<div id=\"imgnextgallery129240\" class=\"slideshow-imgnext imgnav\" title=\"Next Image\">Next Image<\/div>\n\t\t\t\t\t\t<div id=\"imagegallery129240\" class=\"slideshow-image\"><\/div>\n\t\t\t<div class=\"slideshow-information infobottom\" id=\"informationgallery129240\">\n\t\t\t\t<h3 class=\"slideshow-info-heading\">info heading<\/h3>\n\t\t\t\t<p class=\"slideshow-info-content\">info content<\/p>\n\t\t\t<\/div>\n\t\t<\/div>\n\n\t\t\t\t\t<div id=\"thumbnailsgallery129240\" class=\"slideshow-thumbnails thumbsbot\">\n\t\t\t\t<div class=\"slideshow-slideleft\" id=\"slideleftgallery129240\" title=\"Slide Left\"><\/div>\n\t\t\t\t<div class=\"slideshow-slidearea\" id=\"slideareagallery129240\">\n\t\t\t\t\t<div class=\"slideshow-slider\" id=\"slidergallery129240\"><\/div>\n\t\t\t\t<\/div>\n\t\t\t\t<div class=\"slideshow-slideright\" id=\"sliderightgallery129240\" title=\"Slide Right\"><\/div>\n\t\t\t\t<br style=\"clear:both; visibility:hidden; height:1px;\" \/>\n\t\t\t<\/div>\n\t\t\t<\/div>\n\n\t\n<p>&nbsp;<\/p>\n<p><strong>Nab\u00edz\u00edme BB CENTRUM kancel\u00e1\u0159e\u00a0\u2705<\/strong> &#8211; spousta mo\u017enost\u00ed vyu\u017eit\u00ed. To V\u00e1s napadne p\u0159i pohledu na komplex kancel\u00e1\u0159\u00ed k pron\u00e1jmu v pra\u017esk\u00e9 Michli,\u00a0do kter\u00e9ho spad\u00e1 i budova Filadelfia s kancel\u00e1\u0159emi v t\u00e9to nab\u00eddce. Do t\u00e9to kancel\u00e1\u0159sk\u00e9 budovy se p\u0159esunula ji\u017e spousta \u00fasp\u011b\u0161n\u00fdch nadn\u00e1rodn\u00edch firem, jako nap\u0159\u00edklad \u010cEZ, Microsoft, O2 Telefonica, HP, \u0160koda Auto, GE Money, Marks &amp; Spencer, UniCredit Bank, Goodyear a mnoho dal\u0161\u00edch.<\/p>\n<h2><strong>Jak poptat kancel\u00e1\u0159e v BB Centru?<\/strong><\/h2>\n<h3><span style=\"color: #ff0000;\"><strong><a style=\"color: #ff0000;\" href=\"\/poptavka-po-kancelarich-k-pronajmu\/\" target=\"_blank\">Popt\u00e1vejte kancel\u00e1\u0159e od 10 &#8211; 5.000 m2. Nab\u00eddky na m\u00edru do 30 minut ZDE &gt;&gt;<\/a><\/strong><\/span><\/h3>\n<p>Kancel\u00e1\u0159sk\u00e1 lokalita Michle je velice \u017e\u00e1dan\u00e1 a d\u00edky okoln\u00edm obchod\u016fm, restaurac\u00edm a kav\u00e1rn\u00e1m budou toto z\u00e1zem\u00ed Va\u0161i zam\u011bstnanci milovat.<\/p>\n<p>Jde o jednu z\u00a0nejv\u00edce vyhled\u00e1vanou lokalitu pro s\u00eddlo spole\u010dnosti. Presti\u017e <strong>BB Centra<\/strong> je opravdu velk\u00e1 a obchodn\u00ed a ob\u010dansk\u00e1 vybavenost okol\u00ed je bezkonkuren\u010dn\u00ed. Chcete m\u00edt kancel\u00e1\u0159e na reprezentativn\u00ed adrese, uprost\u0159ed obchodn\u00edch p\u0159\u00edle\u017eitost\u00ed se stovkami potenci\u00e1ln\u00ed obchodn\u00edch partner\u016f kolem a nav\u00edc v\u00fdborn\u011b dostupnou do centra a s\u00a0D\u00e9 Jedni\u010dkou pod okny? Zvolte BB Centrum.<\/p>\n<p><span style=\"color: #ff0000;\"><strong>N\u00e1\u0161 tip:<\/strong> kancel\u00e1\u0159e v\u00a0<strong>BB Centrum<\/strong> jsou v\u017edy hork\u00e9 zbo\u017e\u00ed. Ne\u010dekejte a poj\u010fme se tam spolu pod\u00edvat. Budete ur\u010dit\u011b nad\u0161eni a my ud\u011bl\u00e1me maximum, abychom v\u00e1m pomohli vyjednat ty nejlep\u0161\u00ed podm\u00ednky pron\u00e1jmu. T\u011b\u0161\u00edme se na spolupr\u00e1ci.<\/span><\/p>\n<h2><strong>BB Centrum &#8211; budovy<\/strong><\/h2>\n<p>Nechceme popisovat v\u0161echny budovy spadaj\u00edc\u00ed pod budovy <strong>BB Centra<\/strong>. Sta\u010d\u00ed, \u017ee se v\u00e1m l\u00edb\u00ed lokalita a uva\u017eujete o n\u00ed. Ostatn\u00ed za\u0159\u00edd\u00edme my a p\u0159iprav\u00edme kompletn\u00ed nab\u00eddku aktu\u00e1ln\u011b voln\u00fdch kancel\u00e1\u0159\u00ed do 30 minut a bez provize.<\/p>\n<p>Nap\u0159\u00edklad: Budova Beta spadaj\u00edc\u00ed do komplexu BB centrum byla vystav\u011bna v\u00a0roce 2005 a od t\u00e9 doby je vybavena jen t\u011bmi nejmodern\u011bj\u0161\u00edmi technologiemi a d\u00edky sv\u00e9mu specifick\u00e9mu vzhledu j\u00ed nelze p\u0159ehl\u00e9dnout. Kancel\u00e1\u0159e BB centra se rozkl\u00e1daj\u00ed na osmi patrech s celkovou\u00a0rozlohou 20 000 m2, kter\u00e9 jsou pro V\u00e1s dostupn\u00e9 k\u00a0pronajmut\u00ed.<\/p>\n<p>V\u00a0p\u0159\u00edzem\u00ed budovy se nach\u00e1z\u00ed maloobchodn\u00ed jednotky a d\u00e1le v\u00a0podzem\u00ed parkovac\u00ed m\u00edsta. Mimo jin\u00e9 je z\u00a0budovy n\u00e1dhern\u00fd v\u00fdhled a v\u00a0komplexu BB centra se nyn\u00ed za\u010dalo budovat reprezentativn\u00ed atrium, kter\u00e9 je\u0161t\u011b v\u00edce podtrhne presti\u017en\u00ed a reprezentativn\u00ed vzhled.<\/p>\n<h2><strong>BB Centrum &#8211;\u00a0dostupnost a lokalita<\/strong><\/h2>\n<p><strong>Budovy BB Centra<\/strong> jsou\u00a0skv\u011ble dosa\u017eiteln\u00e9 automobilem d\u00edky um\u00edst\u011bn\u00ed v\u00a0bl\u00edzkosti d\u00e1lnice D1, i MHD &#8211; stanice metra Bud\u011bjovick\u00e1 (linka C)je nedaleko komplexu.<\/p>\n<p>Lokalita pra\u017esk\u00e9 Michle je kompromisem mezi dobrou dostupnost\u00ed do centra (metrem jen n\u011bkolik minut) a snadnou dosa\u017eitelnost\u00ed pra\u017esk\u00fdch v\u00fdpadovek &#8211; D1, D5, D11&#8230;apod.<\/p>\n<h2><strong>Kancel\u00e1\u0159e BB Centrum v\u00fdhody:<\/strong><\/h2>\n<ul>\n<li>Vlastn\u00ed konfigurace kancel\u00e1\u0159\u00ed dle individu\u00e1ln\u00edch pot\u0159eb n\u00e1jemn\u00edka<\/li>\n<li>Nejmodern\u011bj\u0161\u00ed IT rozvody<\/li>\n<li>V\u00fdhodn\u00e1 poloha ve st\u0159edu business lokality<\/li>\n<li>Nonstop ochranka<\/li>\n<li>Bez provize &#8211; ve\u0161ker\u00e9 slu\u017eby na\u0161\u00ed spole\u010dnosti<\/li>\n<li>Mo\u017enost pron\u00e1jmu ji\u017e od 20m2<\/li>\n<li>Klimatizace v\u010detn\u011b vysokokapacitn\u00edho chlazen\u00ed<\/li>\n<li>Otev\u00edrateln\u00e1 okna v\u010detn\u011b \u017ealuzi\u00ed<\/li>\n<li>Modern\u00ed stropy z tvrzen\u00e9ho materi\u00e1lu &#8211; podhledy<\/li>\n<li>Kompletn\u00ed p\u0159\u00edslu\u0161enstv\u00ed pro parkov\u00e1n\u00ed kol, motorek, automobil\u016f<\/li>\n<li>v\u00fdborn\u00e1 dostupnost na d\u00e1lnice sm\u011br Brno, Plze\u0148, Mlad\u00e1 Boleslav a Hradec Kr\u00e1lov\u00e9 (sm\u011br Praha-v\u00fdchod i Praha z\u00e1pad)<\/li>\n<li>vynikaj\u00edc\u00ed ob\u010dansk\u00e1 a obchodn\u00ed vybavenost lokality<\/li>\n<li>Metro Bud\u011bjovick\u00e1 nedaleko<\/li>\n<li>10 minut do centra Prahy 1 &#8211; metrem i autem<\/li>\n<li>skv\u011bl\u00e9 parkov\u00e1n\u00ed v okol\u00ed budovy<\/li>\n<li>v\u00fdborn\u00e1 cena!<\/li>\n<\/ul>\n<h2>Kancel\u00e1\u0159e k pron\u00e1jmu\u00a0BB Centrum\u00a0<span style=\"color: #0000ff;\">bez provize<\/span><\/h2>\n<p>Ve\u0161ker\u00e9 slu\u017eby na\u0161\u00ed spole\u010dnosti a jej\u00edch makl\u00e9\u0159\u016f jsou bez provize. \u00dakolujte n\u00e1s kdykoli.<\/p>\n<h3><span style=\"color: #ff0000;\"><strong><a style=\"color: #ff0000;\" href=\"\/poptavka-po-kancelarich-k-pronajmu\/\" target=\"_blank\">Nab\u00eddky na m\u00edru do 30 minut ZDE &gt;&gt;<\/a><\/strong><\/span><\/h3>\n<h2>Jak poptat kancel\u00e1\u0159 v BB Centru s v\u00fdhodnou cenou?<\/h2>\n<p><span style=\"color: #0000ff;\"><strong><a href=\"\/poptavka-po-kancelarich-k-pronajmu\/\" target=\"_blank\">Rychl\u00fd popt\u00e1vkov\u00fd formul\u00e1\u0159<\/a><\/strong><\/span> najdete na konci textu\u00a0a makl\u00e9\u0159e zodpov\u011bdn\u00e9ho za nemovitosti v prav\u00e9m sloupci.<br \/>\ne-mail:\u00a0<strong><a href=\"mailto:info@prazskekancelare.cz\">info@prazskekancelare.com<\/a><\/strong>\u00a0\/\u00a0telefon: <strong><span style=\"color: #ff0000;\">+420 773 295 925, +420 723 984 360<\/span><\/strong><\/p>\n<h2>v\u00edce informac\u00ed:<\/h2>\n","protected":false},"author":1,"featured_media":3170,"comment_status":"closed","ping_status":"closed","template":"","yoast_head":"<!-- This site is optimized with the Yoast SEO plugin v16.4 - https:\/\/yoast.com\/wordpress\/plugins\/seo\/ -->\n<title>BB CENTRUM kancel\u00e1\u0159e Praha 4 | 0% provize | 400 Kancel\u00e1\u0159\u00ed \u00ae<\/title>\n<meta name=\"description\" content=\"Popt\u00e1vejte kancel\u00e1\u0159e BB Centrum \u2705 Praha 4 | 400 kancel\u00e1\u0159\u00ed v BB Centrum Villas k pron\u00e1jmu \u2705 | Jsme14 let na trhu | Nab\u00eddky do 30 minut | Provize 0%.\" \/>\n<meta name=\"robots\" content=\"noindex, follow, max-snippet:-1, max-image-preview:large, max-video-preview:-1\" \/>\n<meta property=\"og:locale\" content=\"cs_CZ\" \/>\n<meta property=\"og:type\" content=\"article\" \/>\n<meta property=\"og:title\" content=\"BB CENTRUM kancel\u00e1\u0159e Praha 4 | 0% provize | 400 Kancel\u00e1\u0159\u00ed \u00ae\" \/>\n<meta property=\"og:description\" content=\"Popt\u00e1vejte kancel\u00e1\u0159e BB Centrum \u2705 Praha 4 | 400 kancel\u00e1\u0159\u00ed v BB Centrum Villas k pron\u00e1jmu \u2705 | Jsme14 let na trhu | Nab\u00eddky do 30 minut | Provize 0%.\" \/>\n<meta property=\"og:url\" content=\"https:\/\/www.prazskekancelare.com\/test\/kancelare-k-pronajmu\/bb-centrum-kancelare-filadelfie-brumlovka-michle-praha-4\/\" \/>\n<meta property=\"og:site_name\" content=\"TEST - Pron\u00e1jem kancel\u00e1\u0159e Praha\" \/>\n<meta property=\"article:modified_time\" content=\"2019-11-14T18:40:50+00:00\" \/>\n<meta property=\"og:image\" content=\"https:\/\/www.prazskekancelare.com\/test\/wp-content\/uploads\/2019\/03\/bb-centrum-filadelfie-kancelare-k-pronajmu.jpg\" \/>\n\t<meta property=\"og:image:width\" content=\"1044\" \/>\n\t<meta property=\"og:image:height\" content=\"654\" \/>\n<meta name=\"twitter:card\" content=\"summary\" \/>\n<meta name=\"twitter:label1\" content=\"Odhadovan\u00e1 doba \u010dten\u00ed\" \/>\n\t<meta name=\"twitter:data1\" content=\"4 minuty\" \/>\n<script type=\"application\/ld+json\" class=\"yoast-schema-graph\">{\"@context\":\"https:\/\/schema.org\",\"@graph\":[{\"@type\":\"Organization\",\"@id\":\"https:\/\/www.prazskekancelare.com\/test\/#organization\",\"name\":\"Pron\\u00e1jem kancel\\u00e1\\u0159e Praha\",\"url\":\"https:\/\/www.prazskekancelare.com\/test\/\",\"sameAs\":[],\"logo\":{\"@type\":\"ImageObject\",\"@id\":\"https:\/\/www.prazskekancelare.com\/test\/#logo\",\"inLanguage\":\"cs\",\"url\":\"https:\/\/www.prazskekancelare.com\/test\/wp-content\/uploads\/2018\/05\/prazske-kancelare-com-logo.png\",\"contentUrl\":\"https:\/\/www.prazskekancelare.com\/test\/wp-content\/uploads\/2018\/05\/prazske-kancelare-com-logo.png\",\"width\":242,\"height\":59,\"caption\":\"Pron\\u00e1jem kancel\\u00e1\\u0159e Praha\"},\"image\":{\"@id\":\"https:\/\/www.prazskekancelare.com\/test\/#logo\"}},{\"@type\":\"WebSite\",\"@id\":\"https:\/\/www.prazskekancelare.com\/test\/#website\",\"url\":\"https:\/\/www.prazskekancelare.com\/test\/\",\"name\":\"TEST - Pron\\u00e1jem kancel\\u00e1\\u0159e Praha\",\"description\":\"Pron\\u00e1jem kancel\\u00e1\\u0159e Praha a Kancelare Praha\",\"publisher\":{\"@id\":\"https:\/\/www.prazskekancelare.com\/test\/#organization\"},\"potentialAction\":[{\"@type\":\"SearchAction\",\"target\":\"https:\/\/www.prazskekancelare.com\/test\/?s={search_term_string}\",\"query-input\":\"required name=search_term_string\"}],\"inLanguage\":\"cs\"},{\"@type\":\"ImageObject\",\"@id\":\"https:\/\/www.prazskekancelare.com\/test\/kancelare-k-pronajmu\/bb-centrum-kancelare-filadelfie-brumlovka-michle-praha-4\/#primaryimage\",\"inLanguage\":\"cs\",\"url\":\"https:\/\/www.prazskekancelare.com\/test\/wp-content\/uploads\/2019\/03\/bb-centrum-filadelfie-kancelare-k-pronajmu.jpg\",\"contentUrl\":\"https:\/\/www.prazskekancelare.com\/test\/wp-content\/uploads\/2019\/03\/bb-centrum-filadelfie-kancelare-k-pronajmu.jpg\",\"width\":1044,\"height\":654,\"caption\":\"pron\\u00e1jem kancel\\u00e1\\u0159e BB Centrum\"},{\"@type\":\"WebPage\",\"@id\":\"https:\/\/www.prazskekancelare.com\/test\/kancelare-k-pronajmu\/bb-centrum-kancelare-filadelfie-brumlovka-michle-praha-4\/#webpage\",\"url\":\"https:\/\/www.prazskekancelare.com\/test\/kancelare-k-pronajmu\/bb-centrum-kancelare-filadelfie-brumlovka-michle-praha-4\/\",\"name\":\"BB CENTRUM kancel\\u00e1\\u0159e Praha 4 | 0% provize | 400 Kancel\\u00e1\\u0159\\u00ed \\u00ae\",\"isPartOf\":{\"@id\":\"https:\/\/www.prazskekancelare.com\/test\/#website\"},\"primaryImageOfPage\":{\"@id\":\"https:\/\/www.prazskekancelare.com\/test\/kancelare-k-pronajmu\/bb-centrum-kancelare-filadelfie-brumlovka-michle-praha-4\/#primaryimage\"},\"datePublished\":\"2019-01-01T08:36:04+00:00\",\"dateModified\":\"2019-11-14T18:40:50+00:00\",\"description\":\"Popt\\u00e1vejte kancel\\u00e1\\u0159e BB Centrum \\u2705 Praha 4 | 400 kancel\\u00e1\\u0159\\u00ed v BB Centrum Villas k pron\\u00e1jmu \\u2705 | Jsme14 let na trhu | Nab\\u00eddky do 30 minut | Provize 0%.\",\"breadcrumb\":{\"@id\":\"https:\/\/www.prazskekancelare.com\/test\/kancelare-k-pronajmu\/bb-centrum-kancelare-filadelfie-brumlovka-michle-praha-4\/#breadcrumb\"},\"inLanguage\":\"cs\",\"potentialAction\":[{\"@type\":\"ReadAction\",\"target\":[\"https:\/\/www.prazskekancelare.com\/test\/kancelare-k-pronajmu\/bb-centrum-kancelare-filadelfie-brumlovka-michle-praha-4\/\"]}]},{\"@type\":\"BreadcrumbList\",\"@id\":\"https:\/\/www.prazskekancelare.com\/test\/kancelare-k-pronajmu\/bb-centrum-kancelare-filadelfie-brumlovka-michle-praha-4\/#breadcrumb\",\"itemListElement\":[{\"@type\":\"ListItem\",\"position\":1,\"item\":{\"@type\":\"WebPage\",\"@id\":\"https:\/\/www.prazskekancelare.com\/test\/\",\"url\":\"https:\/\/www.prazskekancelare.com\/test\/\",\"name\":\"Dom\\u016f\"}},{\"@type\":\"ListItem\",\"position\":2,\"item\":{\"@type\":\"WebPage\",\"@id\":\"https:\/\/www.prazskekancelare.com\/test\/kancelare-k-pronajmu\/\",\"url\":\"https:\/\/www.prazskekancelare.com\/test\/kancelare-k-pronajmu\/\",\"name\":\"Properties\"}},{\"@type\":\"ListItem\",\"position\":3,\"item\":{\"@id\":\"https:\/\/www.prazskekancelare.com\/test\/kancelare-k-pronajmu\/bb-centrum-kancelare-filadelfie-brumlovka-michle-praha-4\/#webpage\"}}]}]}<\/script>\n<!-- \/ Yoast SEO plugin. -->","cmb2":{"property_general":{"property_id":"ANO","property_year_built":"","property_address":"\u017deletavsk\u00e1 1,\r\n140 00 Praha 4","property_zip":"","property_contract":"","property_gallery":"","property_plans":"","property_video":"","property_parent_property":""},"property_flags":{"property_featured":"","property_sticky":"","property_reduced":"","property_sold":""},"property_contact":{"property_contact_name":"","property_contact_phone":""},"property_pricing":{"property_price":"349","property_price_prefix":"od","property_price_suffix":"K\u010d\/m2","property_price_custom":""},"property_attributes":{"property_rooms":"NE - \u010d\u00e1ste\u010dn\u011b","property_beds":"17","property_baths":"NE","property_garages":"NE - \u010d\u00e1ste\u010dn\u011b","property_home_area":"","property_lot_dimensions":"","property_lot_area":"20 m2 - 3.000 m2"},"property_valuation":{"property_valuation_group":""},"property_public_facilities":{"property_public_facilities_group":""},"property_map_location":{"property_map_location":{"latitude":"50.0486819","longitude":"14.4546546"}},"property_relations":{"property_agents":["260"]}},"_links":{"self":[{"href":"https:\/\/www.prazskekancelare.com\/test\/wp-json\/wp\/v2\/property\/3176"}],"collection":[{"href":"https:\/\/www.prazskekancelare.com\/test\/wp-json\/wp\/v2\/property"}],"about":[{"href":"https:\/\/www.prazskekancelare.com\/test\/wp-json\/wp\/v2\/types\/property"}],"author":[{"embeddable":true,"href":"https:\/\/www.prazskekancelare.com\/test\/wp-json\/wp\/v2\/users\/1"}],"replies":[{"embeddable":true,"href":"https:\/\/www.prazskekancelare.com\/test\/wp-json\/wp\/v2\/comments?post=3176"}],"wp:featuredmedia":[{"embeddable":true,"href":"https:\/\/www.prazskekancelare.com\/test\/wp-json\/wp\/v2\/media\/3170"}],"wp:attachment":[{"href":"https:\/\/www.prazskekancelare.com\/test\/wp-json\/wp\/v2\/media?parent=3176"}],"curies":[{"name":"wp","href":"https:\/\/api.w.org\/{rel}","templated":true}]}}