{"id":3156,"date":"2019-01-01T11:41:12","date_gmt":"2019-01-01T10:41:12","guid":{"rendered":"https:\/\/www.prazskekancelare.com\/test\/?post_type=property&#038;p=3156"},"modified":"2020-03-05T11:02:54","modified_gmt":"2020-03-05T10:02:54","slug":"mysak-gallery-pronajem-kancelare-vodickova-praha-1","status":"publish","type":"property","link":"https:\/\/www.prazskekancelare.com\/test\/kancelare-k-pronajmu\/mysak-gallery-pronajem-kancelare-vodickova-praha-1\/","title":{"rendered":"MY\u0160\u00c1K Gallery kancel\u00e1\u0159e Vodi\u010dkova <span style=\"color: #ff0000;\">n\u00e1\u0161 tip<\/span>"},"content":{"rendered":"\n\t<ul id=\"slideshowgallery127125\" class=\"slideshowgallery127125\" style=\"display:none;\">\n\t\t\t\t\t<!-- From all slides or gallery slides -->\n\t\t\t\t\t\t\t<li>\n\t\t\t\t\t<h3 style=\"opacity:70;\">Mysak Gallery pronajem kancelare<\/h3>\n\t\t\t\t\t\t\t\t\t\t\t<span data-alt=\"mysak-gallery-pronajem-kancelare\">https:\/\/www.prazskekancelare.com\/test\/wp-content\/uploads\/2019\/03\/mysak-gallery-pronajem-kancelare.jpg<\/span>\n\t\t\t\t\t\t\t\t\t\t<p><\/p>\n\t\t\t\t\t\t\t\t\t\t\t\t\t\t\t\t\t\t<a><img class=\"skip-lazy\" src=\"https:\/\/www.prazskekancelare.com\/test\/wp-content\/uploads\/2019\/03\/mysak-gallery-pronajem-kancelare-400x300.jpg\" alt=\"mysak-gallery-pronajem-kancelare\" \/><\/a>\n\t\t\t\t\t\t\t\t\t\t\t\t\t\t\t<\/li>\n\t\t\t\t\t\t\t<li>\n\t\t\t\t\t<h3 style=\"opacity:70;\">Mysak Gallery offices<\/h3>\n\t\t\t\t\t\t\t\t\t\t\t<span data-alt=\"mysak-gallery-offices\">https:\/\/www.prazskekancelare.com\/test\/wp-content\/uploads\/2019\/03\/mysak-gallery-offices.jpg<\/span>\n\t\t\t\t\t\t\t\t\t\t<p><\/p>\n\t\t\t\t\t\t\t\t\t\t\t\t\t\t\t\t\t\t<a><img class=\"skip-lazy\" src=\"https:\/\/www.prazskekancelare.com\/test\/wp-content\/uploads\/2019\/03\/mysak-gallery-offices-400x300.jpg\" alt=\"mysak-gallery-offices\" \/><\/a>\n\t\t\t\t\t\t\t\t\t\t\t\t\t\t\t<\/li>\n\t\t\t\t\t\t\t<li>\n\t\t\t\t\t<h3 style=\"opacity:70;\">Mysak Gallery kancelare<\/h3>\n\t\t\t\t\t\t\t\t\t\t\t<span data-alt=\"mysak-gallery-kancelare\">https:\/\/www.prazskekancelare.com\/test\/wp-content\/uploads\/2019\/03\/mysak-gallery-kancelare.jpg<\/span>\n\t\t\t\t\t\t\t\t\t\t<p><\/p>\n\t\t\t\t\t\t\t\t\t\t\t\t\t\t\t\t\t\t<a><img class=\"skip-lazy\" src=\"https:\/\/www.prazskekancelare.com\/test\/wp-content\/uploads\/2019\/03\/mysak-gallery-kancelare-400x300.jpg\" alt=\"mysak-gallery-kancelare\" \/><\/a>\n\t\t\t\t\t\t\t\t\t\t\t\t\t\t\t<\/li>\n\t\t\t\t\t\t\t<li>\n\t\t\t\t\t<h3 style=\"opacity:70;\">kancelare Mysak Gallery<\/h3>\n\t\t\t\t\t\t\t\t\t\t\t<span data-alt=\"kancelare-mysak-gallery\">https:\/\/www.prazskekancelare.com\/test\/wp-content\/uploads\/2019\/03\/kancelare-mysak-gallery.jpg<\/span>\n\t\t\t\t\t\t\t\t\t\t<p><\/p>\n\t\t\t\t\t\t\t\t\t\t\t\t\t\t\t\t\t\t<a><img class=\"skip-lazy\" src=\"https:\/\/www.prazskekancelare.com\/test\/wp-content\/uploads\/2019\/03\/kancelare-mysak-gallery-400x300.jpg\" alt=\"kancelare-mysak-gallery\" \/><\/a>\n\t\t\t\t\t\t\t\t\t\t\t\t\t\t\t<\/li>\n\t\t\t\t\t\t\t<li>\n\t\t\t\t\t<h3 style=\"opacity:70;\">kancelare k pronajmu Mysak Gallery<\/h3>\n\t\t\t\t\t\t\t\t\t\t\t<span data-alt=\"kancelare-k-pronajmu-mysak-gallery\">https:\/\/www.prazskekancelare.com\/test\/wp-content\/uploads\/2019\/03\/kancelare-k-pronajmu-mysak-gallery.jpg<\/span>\n\t\t\t\t\t\t\t\t\t\t<p><\/p>\n\t\t\t\t\t\t\t\t\t\t\t\t\t\t\t\t\t\t<a><img class=\"skip-lazy\" src=\"https:\/\/www.prazskekancelare.com\/test\/wp-content\/uploads\/2019\/03\/kancelare-k-pronajmu-mysak-gallery-400x300.jpg\" alt=\"kancelare-k-pronajmu-mysak-gallery\" \/><\/a>\n\t\t\t\t\t\t\t\t\t\t\t\t\t\t\t<\/li>\n\t\t\t\t\t\t<\/ul>\n\n\t\t<div id=\"slideshow-wrappergallery127125\" class=\"slideshow-wrapper\" style=\"--slideshow-width:640px\">\n\t\t\n\t\t<div class=\"slideshow-fullsize\" id=\"fullsizegallery127125\">\n\t\t\t\t\t\t\t\t\t\t\t\t\t\t<div id=\"imgprevgallery127125\" class=\"slideshow-imgprev imgnav\" title=\"Previous Image\">Previous Image<\/div>\n\t\t\t\t\t\t<a id=\"imglinkgallery127125\" class=\"slideshow-imglink imglink\">\n\t\t\t\t<!-- link -->\n\t\t\t<\/a>\n\t\t\t\t\t\t\t\t\t\t\t<div id=\"imgnextgallery127125\" class=\"slideshow-imgnext imgnav\" title=\"Next Image\">Next Image<\/div>\n\t\t\t\t\t\t<div id=\"imagegallery127125\" class=\"slideshow-image\"><\/div>\n\t\t\t<div class=\"slideshow-information infobottom\" id=\"informationgallery127125\">\n\t\t\t\t<h3 class=\"slideshow-info-heading\">info heading<\/h3>\n\t\t\t\t<p class=\"slideshow-info-content\">info content<\/p>\n\t\t\t<\/div>\n\t\t<\/div>\n\n\t\t\t\t\t<div id=\"thumbnailsgallery127125\" class=\"slideshow-thumbnails thumbsbot\">\n\t\t\t\t<div class=\"slideshow-slideleft\" id=\"slideleftgallery127125\" title=\"Slide Left\"><\/div>\n\t\t\t\t<div class=\"slideshow-slidearea\" id=\"slideareagallery127125\">\n\t\t\t\t\t<div class=\"slideshow-slider\" id=\"slidergallery127125\"><\/div>\n\t\t\t\t<\/div>\n\t\t\t\t<div class=\"slideshow-slideright\" id=\"sliderightgallery127125\" title=\"Slide Right\"><\/div>\n\t\t\t\t<br style=\"clear:both; visibility:hidden; height:1px;\" \/>\n\t\t\t<\/div>\n\t\t\t<\/div>\n\n\t\n<p>&nbsp;<\/p>\n<p><strong>Kancel\u00e1\u0159e My\u0161\u00e1k Gallery<\/strong> \u2705 v\u00a0ulici Vodi\u010dkova v\u00a0Praze 1 jsou unik\u00e1tn\u00ed prostory v\u00a0srdci Prahy. D\u00edky sv\u00e9 architektu\u0159e, kter\u00e1 kop\u00edruje m\u00edstn\u00ed rondo-kubistickou fas\u00e1du z\u00a0dvac\u00e1t\u00fdch let perfektn\u011b zapad\u00e1 do okoln\u00edho stylu budov. D\u00edky sv\u00e9 strategick\u00e9 poloze v\u00a0presti\u017en\u00ed lokalit\u011b jsou kancel\u00e1\u0159e t\u00e9to budovy velice \u017e\u00e1dan\u00e9.<\/p>\n<h2><strong>My\u0161\u00e1k Gallery velikost\u00ed kancel\u00e1\u0159\u00ed<\/strong><\/h2>\n<ol>\n<li><span style=\"color: #0000ff;\"><strong>Malometr\u00e1\u017en\u00ed kancel\u00e1\u0159e<span style=\"text-decoration: underline;\"> od 5 m2 do 100 m2<\/span><\/strong><\/span><\/li>\n<li><span style=\"color: #0000ff;\"><strong>Velkometr\u00e1\u017en\u00ed kancel\u00e1\u0159e <span style=\"text-decoration: underline;\">od 100 m2 do 5.000 m2<\/span><\/strong><\/span><\/li>\n<\/ol>\n<p><span style=\"color: #ff0000;\"><strong>Doporu\u010dujeme:<\/strong> <\/span>Po cest\u011b p\u0159es Vodi\u010dkovu ulici se zastavte na kr\u00e1tkou prohl\u00eddku, kter\u00e1 V\u00e1m nezabere d\u00e9le jak \u010dtvrthodiny. I po t\u00e9to kr\u00e1tk\u00e9 chv\u00edli si ur\u010dit\u011b budovu v\u010detn\u011b jej\u00ed v\u00fdhodn\u00e9 polohy \u00a0a ve\u0161ker\u00e9 vybavenosti obl\u00edb\u00edte. Nab\u00edz\u00edme zprost\u0159edkov\u00e1n\u00ed pron\u00e1jmu bez provize.<\/p>\n<p>Budeme se na V\u00e1s t\u011b\u0161it!<\/p>\n<h3><span style=\"color: #ff0000;\"><strong><a style=\"color: #ff0000;\" href=\"\/poptavka-po-kancelarich-k-pronajmu\/\" target=\"_blank\">Popt\u00e1vejte kancel\u00e1\u0159e MY\u0160\u00c1K GALLERY Bez provize ZDE &gt;&gt;<\/a><\/strong><\/span><\/h3>\n<p><a href=\"\/poptavka-po-kancelarich-k-pronajmu\/\" target=\"_blank\"><img loading=\"lazy\" class=\"alignnone wp-image-3617 size-medium\" src=\"https:\/\/www.prazskekancelare.com\/test\/wp-content\/uploads\/2019\/12\/kancelare-5-5000m-300x46.png\" alt=\"My\u0161\u00e1k Gallery Vodi\u010dkova\" width=\"300\" height=\"46\" srcset=\"https:\/\/www.prazskekancelare.com\/test\/wp-content\/uploads\/2019\/12\/kancelare-5-5000m-300x46.png 300w, https:\/\/www.prazskekancelare.com\/test\/wp-content\/uploads\/2019\/12\/kancelare-5-5000m-1024x156.png 1024w\" sizes=\"(max-width: 300px) 100vw, 300px\" \/><\/a><\/p>\n<h2><strong>My\u0161\u00e1k Gallery kancel\u00e1\u0159e &#8211; lokalita<\/strong><\/h2>\n<p><strong>My\u0161\u00e1k Gallery Business Centre<\/strong> tvo\u0159\u00ed unik\u00e1tn\u00ed p\u011b\u0161\u00ed z\u00f3nu propojuj\u00edc\u00ed Vodi\u010dkovu ulici s\u00a0Franti\u0161k\u00e1nskou zahradou a Jungmannov\u00fdm n\u00e1m\u011bst\u00edm a kr\u00e1sn\u011b tak tvo\u0159\u00ed dal\u0161\u00ed vz\u00e1jemn\u00e9 propojen\u00ed mezi ulicemi v\u00a0centru Prahy. Jde o opravdu velmi dob\u0159e a \u0161ikovn\u011b \u0159e\u0161enou modern\u00ed kancel\u00e1\u0159skou budovu, kter\u00e1 je zasazena do srdce Prahy a nijak ho neovliv\u0148uje. Z Vodi\u010dkovy ulice je vid\u011bt pouze desetina budovy, zbytek se odehr\u00e1v\u00e1 ve vnitrobloku. Nejl\u00e9pe je to vid\u011bt z pta\u010d\u00ed perspektivy na jedn\u00e9 z na\u0161ich fotek.<\/p>\n<h2><strong>My\u0161\u00e1k Gallery kancel\u00e1\u0159e &#8211; budova<\/strong><\/h2>\n<p><strong>Office Centrum My\u0161\u00e1k Gallery<\/strong> nab\u00edz\u00ed v\u00edce ne\u017e 4000 m2 t\u011bch nejmodern\u011bj\u0161\u00edch prostor\u016f ur\u010den\u00fdch pro kancel\u00e1\u0159sk\u00e9 vyu\u017eit\u00ed a dal\u0161\u00edch 3 400 m2 prostor\u016f ur\u010den\u00fdch pro obchody a slu\u017eby. T\u0159i podzemn\u00ed patra pak pat\u0159\u00ed skladovac\u00edm prostor\u016fm a parkovi\u0161ti, kde se nach\u00e1z\u00ed dostatek parkovac\u00edch m\u00edst.<\/p>\n<p>Kancel\u00e1\u0159sk\u00e1 budova se nach\u00e1z\u00ed ve finan\u010dn\u00edm a obchodn\u00edm centru m\u011bsta, odkud je i v\u00fdborn\u00e1 dostupnost MHD a v p\u0159\u00edpad\u011b p\u0159epravy vlastn\u00edm vozidlem m\u00e1te mo\u017enost parkovat v\u00a0podzemn\u00edch gar\u00e1\u017e\u00edch pro n\u00e1jemce.<\/p>\n<p>V\u00a0<strong>My\u0161\u00e1k Gallery Business Centre<\/strong> je technika udr\u017eov\u00e1na v\u017edy na nejmodern\u011bj\u0161\u00ed \u00farovni, co\u017e znamen\u00e1, \u017ee na celkov\u00e9 dostupn\u00e9 rozloze 7 400 m2 najdete ve\u0161kerou modern\u00ed vybavenost. Dal\u0161\u00ed v\u00fdhodou je mo\u017enost individu\u00e1ln\u00edho poskl\u00e1d\u00e1n\u00ed Va\u0161ich kancel\u00e1\u0159sk\u00fdch prostor, p\u0159esn\u011b podle Va\u0161ich p\u0159edstav a po\u017eadavk\u016f.<\/p>\n<h2><strong>Kancel\u00e1\u0159e Vodi\u010dkova &#8211; dostupnost<\/strong><\/h2>\n<p><strong>Kancel\u00e1\u0159e v My\u0161\u00e1kovi<\/strong> se nach\u00e1z\u00ed v\u00a0centru Prahy, v\u00a0ulici Vodi\u010dkova, necel\u00fdch 140 metr\u016f od V\u00e1clavsk\u00e9ho n\u00e1m\u011bst\u00ed. V\u00a0nejbli\u017e\u0161\u00edm okol\u00ed se nach\u00e1z\u00ed tak\u00e9 stanice metra \u201eM\u016fstek\u201c, kter\u00e1 z\u00e1rove\u0148 propojuje linku A s\u00a0linkou B, tak\u017ee dostupnost do kancel\u00e1\u0159\u00ed je opravdu \u0161pi\u010dkov\u00e1. D\u00e1le se p\u0159ed budovou kancel\u00e1\u0159\u00ed nach\u00e1z\u00ed tramvajov\u00e1 zast\u00e1vka a v\u00a0okol\u00ed lze d\u00e1le nal\u00e9zt Hlavn\u00ed n\u00e1dra\u017e\u00ed a Masarykovo n\u00e1dra\u017e\u00ed. Budova nab\u00edz\u00ed d\u00edky sv\u00e9 poloze v\u00fdbornou dostupnost automobilem i ve\u0159ejnou dopravou.<\/p>\n<h2><strong>V\u00fdhody kancel\u00e1\u0159\u00ed v My\u0161\u00e1k Gallery<\/strong><\/h2>\n<ul>\n<li>Nonstop recepce<\/li>\n<li>V\u00fdborn\u00e1 dostupnost MHD i automobilem<\/li>\n<li>Horizont\u00e1ln\u00ed Alu \u017ealuzie a otev\u00edrateln\u00e1 okna<\/li>\n<li>Sprinklery<\/li>\n<li>Vysokorychlostn\u00ed klimatizace<\/li>\n<li>Presti\u017en\u00ed adresa<\/li>\n<li>Reprezentativn\u00ed a modern\u00ed budova typu A<\/li>\n<li>Kuchy\u0148ky pro zam\u011bstnance<\/li>\n<li>Skv\u011bl\u00fd pom\u011br ceny \/ kvalita<\/li>\n<li>V\u00fdborn\u00e1 ob\u010dansk\u00e1 a obchodn\u00ed vybavenost<\/li>\n<li>Mo\u017enost pron\u00e1jmu ji\u017e od 15 m2<\/li>\n<li>Bez provize<\/li>\n<\/ul>\n<h2>Kancel\u00e1\u0159e k pron\u00e1jmu\u00a0My\u0161\u00e1k Business Center\u00a0<span style=\"color: #0000ff;\">bez provize<\/span><\/h2>\n<p>Ve\u0161ker\u00e9 slu\u017eby na\u0161\u00ed spole\u010dnosti a jej\u00edch makl\u00e9\u0159\u016f jsou bez provize. \u00dakolujte n\u00e1s kdykoli.<\/p>\n<h3><span style=\"color: #ff0000;\"><strong><a style=\"color: #ff0000;\" href=\"\/poptavka-po-kancelarich-k-pronajmu\/\" target=\"_blank\">Popt\u00e1vejte kancel\u00e1\u0159e MY\u0160\u00c1K GALLERY Bez provize ZDE &gt;&gt;<\/a><\/strong><\/span><\/h3>\n<h2>Jak poptat kancel\u00e1\u0159 v\u00a0My\u0161\u00e1kovi s v\u00fdhodnou cenou?<\/h2>\n<p><span style=\"color: #0000ff;\"><strong><a href=\"\/poptavka-po-kancelarich-k-pronajmu\/\" target=\"_blank\">Rychl\u00fd popt\u00e1vkov\u00fd formul\u00e1\u0159<\/a><\/strong><\/span> najdete na konci textu\u00a0a makl\u00e9\u0159e zodpov\u011bdn\u00e9ho za nemovitosti v prav\u00e9m sloupci.<br \/>\ne-mail:\u00a0<strong><a href=\"mailto:info@prazskekancelare.cz\">info@prazskekancelare.com<\/a><\/strong>\u00a0\/\u00a0telefon: <strong><span style=\"color: #ff0000;\">+420 773 295 925, +420 723 984 360<\/span><\/strong><\/p>\n<p><a href=\"\/poptavka-po-kancelarich-k-pronajmu\/\" target=\"_blank\"><img loading=\"lazy\" class=\"alignnone wp-image-3619 size-medium\" src=\"https:\/\/www.prazskekancelare.com\/test\/wp-content\/uploads\/2019\/12\/poptavejte-bez-provize-300x48.png\" alt=\"pron\u00e1jem kancel\u00e1\u0159e praha\" width=\"300\" height=\"48\" srcset=\"https:\/\/www.prazskekancelare.com\/test\/wp-content\/uploads\/2019\/12\/poptavejte-bez-provize-300x48.png 300w, https:\/\/www.prazskekancelare.com\/test\/wp-content\/uploads\/2019\/12\/poptavejte-bez-provize-1024x163.png 1024w\" sizes=\"(max-width: 300px) 100vw, 300px\" \/><\/a><\/p>\n<h2>My\u0161\u00e1k Galerie v\u00edce informac\u00ed:<\/h2>\n","protected":false},"author":1,"featured_media":3155,"comment_status":"closed","ping_status":"closed","template":"","yoast_head":"<!-- This site is optimized with the Yoast SEO plugin v16.4 - https:\/\/yoast.com\/wordpress\/plugins\/seo\/ -->\n<title>MY\u0160\u00c1K GALLERY Kancel\u00e1\u0159e Praha 1 ????| 700 Top KANCEL\u00c1\u0158\u00cd<\/title>\n<meta name=\"description\" content=\"Popt\u00e1vejte My\u0161\u00e1k Gallery Kancel\u00e1\u0159e Vodi\u010dkova ulice Praha 1 \u2705 | 700 kancel\u00e1\u0159\u00ed My\u0161\u00e1k Galerie \u2705 | 14 let na trhu | Kancel\u00e1\u0159e My\u0161\u00e1k Gallery BEZ provize.\" \/>\n<meta name=\"robots\" content=\"noindex, follow, max-snippet:-1, max-image-preview:large, max-video-preview:-1\" \/>\n<meta property=\"og:locale\" content=\"cs_CZ\" \/>\n<meta property=\"og:type\" content=\"article\" \/>\n<meta property=\"og:title\" content=\"MY\u0160\u00c1K GALLERY Kancel\u00e1\u0159e Praha 1 ????| 700 Top KANCEL\u00c1\u0158\u00cd\" \/>\n<meta property=\"og:description\" content=\"Popt\u00e1vejte My\u0161\u00e1k Gallery Kancel\u00e1\u0159e Vodi\u010dkova ulice Praha 1 \u2705 | 700 kancel\u00e1\u0159\u00ed My\u0161\u00e1k Galerie \u2705 | 14 let na trhu | Kancel\u00e1\u0159e My\u0161\u00e1k Gallery BEZ provize.\" \/>\n<meta property=\"og:url\" content=\"https:\/\/www.prazskekancelare.com\/test\/kancelare-k-pronajmu\/mysak-gallery-pronajem-kancelare-vodickova-praha-1\/\" \/>\n<meta property=\"og:site_name\" content=\"TEST - Pron\u00e1jem kancel\u00e1\u0159e Praha\" \/>\n<meta property=\"article:modified_time\" content=\"2020-03-05T10:02:54+00:00\" \/>\n<meta property=\"og:image\" content=\"https:\/\/www.prazskekancelare.com\/test\/wp-content\/uploads\/2019\/03\/mysak-gallery-pronajem-kancelare.jpg\" \/>\n\t<meta property=\"og:image:width\" content=\"1031\" \/>\n\t<meta property=\"og:image:height\" content=\"689\" \/>\n<meta name=\"twitter:card\" content=\"summary\" \/>\n<meta name=\"twitter:label1\" content=\"Odhadovan\u00e1 doba \u010dten\u00ed\" \/>\n\t<meta name=\"twitter:data1\" content=\"3 minuty\" \/>\n<script type=\"application\/ld+json\" class=\"yoast-schema-graph\">{\"@context\":\"https:\/\/schema.org\",\"@graph\":[{\"@type\":\"Organization\",\"@id\":\"https:\/\/www.prazskekancelare.com\/test\/#organization\",\"name\":\"Pron\\u00e1jem kancel\\u00e1\\u0159e Praha\",\"url\":\"https:\/\/www.prazskekancelare.com\/test\/\",\"sameAs\":[],\"logo\":{\"@type\":\"ImageObject\",\"@id\":\"https:\/\/www.prazskekancelare.com\/test\/#logo\",\"inLanguage\":\"cs\",\"url\":\"https:\/\/www.prazskekancelare.com\/test\/wp-content\/uploads\/2018\/05\/prazske-kancelare-com-logo.png\",\"contentUrl\":\"https:\/\/www.prazskekancelare.com\/test\/wp-content\/uploads\/2018\/05\/prazske-kancelare-com-logo.png\",\"width\":242,\"height\":59,\"caption\":\"Pron\\u00e1jem kancel\\u00e1\\u0159e Praha\"},\"image\":{\"@id\":\"https:\/\/www.prazskekancelare.com\/test\/#logo\"}},{\"@type\":\"WebSite\",\"@id\":\"https:\/\/www.prazskekancelare.com\/test\/#website\",\"url\":\"https:\/\/www.prazskekancelare.com\/test\/\",\"name\":\"TEST - Pron\\u00e1jem kancel\\u00e1\\u0159e Praha\",\"description\":\"Pron\\u00e1jem kancel\\u00e1\\u0159e Praha a Kancelare Praha\",\"publisher\":{\"@id\":\"https:\/\/www.prazskekancelare.com\/test\/#organization\"},\"potentialAction\":[{\"@type\":\"SearchAction\",\"target\":\"https:\/\/www.prazskekancelare.com\/test\/?s={search_term_string}\",\"query-input\":\"required name=search_term_string\"}],\"inLanguage\":\"cs\"},{\"@type\":\"ImageObject\",\"@id\":\"https:\/\/www.prazskekancelare.com\/test\/kancelare-k-pronajmu\/mysak-gallery-pronajem-kancelare-vodickova-praha-1\/#primaryimage\",\"inLanguage\":\"cs\",\"url\":\"https:\/\/www.prazskekancelare.com\/test\/wp-content\/uploads\/2019\/03\/mysak-gallery-pronajem-kancelare.jpg\",\"contentUrl\":\"https:\/\/www.prazskekancelare.com\/test\/wp-content\/uploads\/2019\/03\/mysak-gallery-pronajem-kancelare.jpg\",\"width\":1031,\"height\":689,\"caption\":\"My\\u0161\\u00e1k Gallery Business Center Offices\"},{\"@type\":\"WebPage\",\"@id\":\"https:\/\/www.prazskekancelare.com\/test\/kancelare-k-pronajmu\/mysak-gallery-pronajem-kancelare-vodickova-praha-1\/#webpage\",\"url\":\"https:\/\/www.prazskekancelare.com\/test\/kancelare-k-pronajmu\/mysak-gallery-pronajem-kancelare-vodickova-praha-1\/\",\"name\":\"MY\\u0160\\u00c1K GALLERY Kancel\\u00e1\\u0159e Praha 1 ????| 700 Top KANCEL\\u00c1\\u0158\\u00cd\",\"isPartOf\":{\"@id\":\"https:\/\/www.prazskekancelare.com\/test\/#website\"},\"primaryImageOfPage\":{\"@id\":\"https:\/\/www.prazskekancelare.com\/test\/kancelare-k-pronajmu\/mysak-gallery-pronajem-kancelare-vodickova-praha-1\/#primaryimage\"},\"datePublished\":\"2019-01-01T10:41:12+00:00\",\"dateModified\":\"2020-03-05T10:02:54+00:00\",\"description\":\"Popt\\u00e1vejte My\\u0161\\u00e1k Gallery Kancel\\u00e1\\u0159e Vodi\\u010dkova ulice Praha 1 \\u2705 | 700 kancel\\u00e1\\u0159\\u00ed My\\u0161\\u00e1k Galerie \\u2705 | 14 let na trhu | Kancel\\u00e1\\u0159e My\\u0161\\u00e1k Gallery BEZ provize.\",\"breadcrumb\":{\"@id\":\"https:\/\/www.prazskekancelare.com\/test\/kancelare-k-pronajmu\/mysak-gallery-pronajem-kancelare-vodickova-praha-1\/#breadcrumb\"},\"inLanguage\":\"cs\",\"potentialAction\":[{\"@type\":\"ReadAction\",\"target\":[\"https:\/\/www.prazskekancelare.com\/test\/kancelare-k-pronajmu\/mysak-gallery-pronajem-kancelare-vodickova-praha-1\/\"]}]},{\"@type\":\"BreadcrumbList\",\"@id\":\"https:\/\/www.prazskekancelare.com\/test\/kancelare-k-pronajmu\/mysak-gallery-pronajem-kancelare-vodickova-praha-1\/#breadcrumb\",\"itemListElement\":[{\"@type\":\"ListItem\",\"position\":1,\"item\":{\"@type\":\"WebPage\",\"@id\":\"https:\/\/www.prazskekancelare.com\/test\/\",\"url\":\"https:\/\/www.prazskekancelare.com\/test\/\",\"name\":\"Dom\\u016f\"}},{\"@type\":\"ListItem\",\"position\":2,\"item\":{\"@type\":\"WebPage\",\"@id\":\"https:\/\/www.prazskekancelare.com\/test\/kancelare-k-pronajmu\/\",\"url\":\"https:\/\/www.prazskekancelare.com\/test\/kancelare-k-pronajmu\/\",\"name\":\"Properties\"}},{\"@type\":\"ListItem\",\"position\":3,\"item\":{\"@id\":\"https:\/\/www.prazskekancelare.com\/test\/kancelare-k-pronajmu\/mysak-gallery-pronajem-kancelare-vodickova-praha-1\/#webpage\"}}]}]}<\/script>\n<!-- \/ Yoast SEO plugin. -->","cmb2":{"property_general":{"property_id":"ANO","property_year_built":"","property_address":"Vodi\u010dkova 31,\r\n110 00 Praha 1","property_zip":"","property_contract":"","property_gallery":"","property_plans":"","property_video":"","property_parent_property":""},"property_flags":{"property_featured":"","property_sticky":"","property_reduced":"","property_sold":""},"property_contact":{"property_contact_name":"","property_contact_phone":""},"property_pricing":{"property_price":"340","property_price_prefix":"od","property_price_suffix":"K\u010d\/m2","property_price_custom":""},"property_attributes":{"property_rooms":"NE - \u010d\u00e1ste\u010dn\u011b","property_beds":"5","property_baths":"NE","property_garages":"NE - \u010d\u00e1ste\u010dn\u011b","property_home_area":"","property_lot_dimensions":"","property_lot_area":"20 m2 - 2.000 m2"},"property_valuation":{"property_valuation_group":""},"property_public_facilities":{"property_public_facilities_group":""},"property_map_location":{"property_map_location":{"latitude":"50.0810547","longitude":"14.4245857"}},"property_relations":{"property_agents":["260"]}},"_links":{"self":[{"href":"https:\/\/www.prazskekancelare.com\/test\/wp-json\/wp\/v2\/property\/3156"}],"collection":[{"href":"https:\/\/www.prazskekancelare.com\/test\/wp-json\/wp\/v2\/property"}],"about":[{"href":"https:\/\/www.prazskekancelare.com\/test\/wp-json\/wp\/v2\/types\/property"}],"author":[{"embeddable":true,"href":"https:\/\/www.prazskekancelare.com\/test\/wp-json\/wp\/v2\/users\/1"}],"replies":[{"embeddable":true,"href":"https:\/\/www.prazskekancelare.com\/test\/wp-json\/wp\/v2\/comments?post=3156"}],"wp:featuredmedia":[{"embeddable":true,"href":"https:\/\/www.prazskekancelare.com\/test\/wp-json\/wp\/v2\/media\/3155"}],"wp:attachment":[{"href":"https:\/\/www.prazskekancelare.com\/test\/wp-json\/wp\/v2\/media?parent=3156"}],"curies":[{"name":"wp","href":"https:\/\/api.w.org\/{rel}","templated":true}]}}