{"id":3132,"date":"2019-01-01T10:38:49","date_gmt":"2019-01-01T09:38:49","guid":{"rendered":"https:\/\/www.prazskekancelare.com\/test\/?post_type=property&#038;p=3132"},"modified":"2019-11-14T19:34:42","modified_gmt":"2019-11-14T18:34:42","slug":"quadrio-kancelare-praha-1","status":"publish","type":"property","link":"https:\/\/www.prazskekancelare.com\/test\/kancelare-k-pronajmu\/quadrio-kancelare-praha-1\/","title":{"rendered":"QUADRIO kancel\u00e1\u0159e Praha 1 <span style=\"color: #ff0000;\">novinka<\/span>"},"content":{"rendered":"\n\t<ul id=\"slideshowgallery125162\" class=\"slideshowgallery125162\" style=\"display:none;\">\n\t\t\t\t\t<!-- From all slides or gallery slides -->\n\t\t\t\t\t\t\t<li>\n\t\t\t\t\t<h3 style=\"opacity:70;\">Quadrion pronajem kancelari Narodni<\/h3>\n\t\t\t\t\t\t\t\t\t\t\t<span data-alt=\"quadrion-pronajem-kancelari-narodni\">https:\/\/www.prazskekancelare.com\/test\/wp-content\/uploads\/2019\/03\/quadrion-pronajem-kancelari-narodni.jpg<\/span>\n\t\t\t\t\t\t\t\t\t\t<p><\/p>\n\t\t\t\t\t\t\t\t\t\t\t\t\t\t\t\t\t\t<a><img class=\"skip-lazy\" src=\"https:\/\/www.prazskekancelare.com\/test\/wp-content\/uploads\/2019\/03\/quadrion-pronajem-kancelari-narodni-400x300.jpg\" alt=\"quadrion-pronajem-kancelari-narodni\" \/><\/a>\n\t\t\t\t\t\t\t\t\t\t\t\t\t\t\t<\/li>\n\t\t\t\t\t\t\t<li>\n\t\t\t\t\t<h3 style=\"opacity:70;\">kancelare quadrio office center<\/h3>\n\t\t\t\t\t\t\t\t\t\t\t<span data-alt=\"kancelare-quadrio-office-center\">https:\/\/www.prazskekancelare.com\/test\/wp-content\/uploads\/2019\/03\/kancelare-quadrio-office-center.jpg<\/span>\n\t\t\t\t\t\t\t\t\t\t<p><\/p>\n\t\t\t\t\t\t\t\t\t\t\t\t\t\t\t\t\t\t<a><img class=\"skip-lazy\" src=\"https:\/\/www.prazskekancelare.com\/test\/wp-content\/uploads\/2019\/03\/kancelare-quadrio-office-center-400x300.jpg\" alt=\"kancelare-quadrio-office-center\" \/><\/a>\n\t\t\t\t\t\t\t\t\t\t\t\t\t\t\t<\/li>\n\t\t\t\t\t\t\t<li>\n\t\t\t\t\t<h3 style=\"opacity:70;\">kancelare Quadrio<\/h3>\n\t\t\t\t\t\t\t\t\t\t\t<span data-alt=\"kancelare-quadrio\">https:\/\/www.prazskekancelare.com\/test\/wp-content\/uploads\/2019\/03\/kancelare-quadrio.jpg<\/span>\n\t\t\t\t\t\t\t\t\t\t<p><\/p>\n\t\t\t\t\t\t\t\t\t\t\t\t\t\t\t\t\t\t<a><img class=\"skip-lazy\" src=\"https:\/\/www.prazskekancelare.com\/test\/wp-content\/uploads\/2019\/03\/kancelare-quadrio-400x300.jpg\" alt=\"kancelare-quadrio\" \/><\/a>\n\t\t\t\t\t\t\t\t\t\t\t\t\t\t\t<\/li>\n\t\t\t\t\t\t\t<li>\n\t\t\t\t\t<h3 style=\"opacity:70;\">pronajem kancelare Quadrio<\/h3>\n\t\t\t\t\t\t\t\t\t\t\t<span data-alt=\"pronajem-kancelare-quadrio\">https:\/\/www.prazskekancelare.com\/test\/wp-content\/uploads\/2019\/03\/pronajem-kancelare-quadrio.jpg<\/span>\n\t\t\t\t\t\t\t\t\t\t<p><\/p>\n\t\t\t\t\t\t\t\t\t\t\t\t\t\t\t\t\t\t<a><img class=\"skip-lazy\" src=\"https:\/\/www.prazskekancelare.com\/test\/wp-content\/uploads\/2019\/03\/pronajem-kancelare-quadrio-400x300.jpg\" alt=\"pronajem-kancelare-quadrio\" \/><\/a>\n\t\t\t\t\t\t\t\t\t\t\t\t\t\t\t<\/li>\n\t\t\t\t\t\t\t<li>\n\t\t\t\t\t<h3 style=\"opacity:70;\">pronajem kancelari quadrio<\/h3>\n\t\t\t\t\t\t\t\t\t\t\t<span data-alt=\"pronajem-kancelari-quadrio\">https:\/\/www.prazskekancelare.com\/test\/wp-content\/uploads\/2019\/03\/pronajem-kancelari-quadrio.jpg<\/span>\n\t\t\t\t\t\t\t\t\t\t<p><\/p>\n\t\t\t\t\t\t\t\t\t\t\t\t\t\t\t\t\t\t<a><img class=\"skip-lazy\" src=\"https:\/\/www.prazskekancelare.com\/test\/wp-content\/uploads\/2019\/03\/pronajem-kancelari-quadrio-400x300.jpg\" alt=\"pronajem-kancelari-quadrio\" \/><\/a>\n\t\t\t\t\t\t\t\t\t\t\t\t\t\t\t<\/li>\n\t\t\t\t\t\t\t<li>\n\t\t\t\t\t<h3 style=\"opacity:70;\">pronajem quadrio<\/h3>\n\t\t\t\t\t\t\t\t\t\t\t<span data-alt=\"pronajem-quadrio\">https:\/\/www.prazskekancelare.com\/test\/wp-content\/uploads\/2019\/03\/pronajem-quadrio.jpg<\/span>\n\t\t\t\t\t\t\t\t\t\t<p><\/p>\n\t\t\t\t\t\t\t\t\t\t\t\t\t\t\t\t\t\t<a><img class=\"skip-lazy\" src=\"https:\/\/www.prazskekancelare.com\/test\/wp-content\/uploads\/2019\/03\/pronajem-quadrio-400x300.jpg\" alt=\"pronajem-quadrio\" \/><\/a>\n\t\t\t\t\t\t\t\t\t\t\t\t\t\t\t<\/li>\n\t\t\t\t\t\t\t<li>\n\t\t\t\t\t<h3 style=\"opacity:70;\">Quadrio kancelare k pronajmu<\/h3>\n\t\t\t\t\t\t\t\t\t\t\t<span data-alt=\"quadrio-kancelare-k-pronajmu\">https:\/\/www.prazskekancelare.com\/test\/wp-content\/uploads\/2019\/03\/quadrio-kancelare-k-pronajmu.jpg<\/span>\n\t\t\t\t\t\t\t\t\t\t<p><\/p>\n\t\t\t\t\t\t\t\t\t\t\t\t\t\t\t\t\t\t<a><img class=\"skip-lazy\" src=\"https:\/\/www.prazskekancelare.com\/test\/wp-content\/uploads\/2019\/03\/quadrio-kancelare-k-pronajmu-400x300.jpg\" alt=\"quadrio-kancelare-k-pronajmu\" \/><\/a>\n\t\t\t\t\t\t\t\t\t\t\t\t\t\t\t<\/li>\n\t\t\t\t\t\t\t<li>\n\t\t\t\t\t<h3 style=\"opacity:70;\">quadrio kancelare na pronajem<\/h3>\n\t\t\t\t\t\t\t\t\t\t\t<span data-alt=\"quadrio-kancelare-na-pronajem\">https:\/\/www.prazskekancelare.com\/test\/wp-content\/uploads\/2019\/03\/quadrio-kancelare-na-pronajem.jpg<\/span>\n\t\t\t\t\t\t\t\t\t\t<p><\/p>\n\t\t\t\t\t\t\t\t\t\t\t\t\t\t\t\t\t\t<a><img class=\"skip-lazy\" src=\"https:\/\/www.prazskekancelare.com\/test\/wp-content\/uploads\/2019\/03\/quadrio-kancelare-na-pronajem-400x300.jpg\" alt=\"quadrio-kancelare-na-pronajem\" \/><\/a>\n\t\t\t\t\t\t\t\t\t\t\t\t\t\t\t<\/li>\n\t\t\t\t\t\t\t<li>\n\t\t\t\t\t<h3 style=\"opacity:70;\">quadrio na pronajem praha 1<\/h3>\n\t\t\t\t\t\t\t\t\t\t\t<span data-alt=\"quadrio-na-pronajem-praha-1\">https:\/\/www.prazskekancelare.com\/test\/wp-content\/uploads\/2019\/03\/quadrio-na-pronajem-praha-1.jpg<\/span>\n\t\t\t\t\t\t\t\t\t\t<p><\/p>\n\t\t\t\t\t\t\t\t\t\t\t\t\t\t\t\t\t\t<a><img class=\"skip-lazy\" src=\"https:\/\/www.prazskekancelare.com\/test\/wp-content\/uploads\/2019\/03\/quadrio-na-pronajem-praha-1-400x300.jpg\" alt=\"quadrio-na-pronajem-praha-1\" \/><\/a>\n\t\t\t\t\t\t\t\t\t\t\t\t\t\t\t<\/li>\n\t\t\t\t\t\t\t<li>\n\t\t\t\t\t<h3 style=\"opacity:70;\">Quadrion pronajem kancelare praha<\/h3>\n\t\t\t\t\t\t\t\t\t\t\t<span data-alt=\"quadrion-pronajem-kancelare-praha\">https:\/\/www.prazskekancelare.com\/test\/wp-content\/uploads\/2019\/03\/quadrion-pronajem-kancelare-praha.jpg<\/span>\n\t\t\t\t\t\t\t\t\t\t<p><\/p>\n\t\t\t\t\t\t\t\t\t\t\t\t\t\t\t\t\t\t<a><img class=\"skip-lazy\" src=\"https:\/\/www.prazskekancelare.com\/test\/wp-content\/uploads\/2019\/03\/quadrion-pronajem-kancelare-praha-400x300.jpg\" alt=\"quadrion-pronajem-kancelare-praha\" \/><\/a>\n\t\t\t\t\t\t\t\t\t\t\t\t\t\t\t<\/li>\n\t\t\t\t\t\t\t<li>\n\t\t\t\t\t<h3 style=\"opacity:70;\">kancelare Quadrio na pronajem<\/h3>\n\t\t\t\t\t\t\t\t\t\t\t<span data-alt=\"kancelare-quadrio-na-pronajem\">https:\/\/www.prazskekancelare.com\/test\/wp-content\/uploads\/2019\/03\/kancelare-quadrio-na-pronajem.jpg<\/span>\n\t\t\t\t\t\t\t\t\t\t<p><\/p>\n\t\t\t\t\t\t\t\t\t\t\t\t\t\t\t\t\t\t<a><img class=\"skip-lazy\" src=\"https:\/\/www.prazskekancelare.com\/test\/wp-content\/uploads\/2019\/03\/kancelare-quadrio-na-pronajem-400x300.jpg\" alt=\"kancelare-quadrio-na-pronajem\" \/><\/a>\n\t\t\t\t\t\t\t\t\t\t\t\t\t\t\t<\/li>\n\t\t\t\t\t\t<\/ul>\n\n\t\t<div id=\"slideshow-wrappergallery125162\" class=\"slideshow-wrapper\" style=\"--slideshow-width:1336px\">\n\t\t\n\t\t<div class=\"slideshow-fullsize\" id=\"fullsizegallery125162\">\n\t\t\t\t\t\t\t\t\t\t\t\t\t\t<div id=\"imgprevgallery125162\" class=\"slideshow-imgprev imgnav\" title=\"Previous Image\">Previous Image<\/div>\n\t\t\t\t\t\t<a id=\"imglinkgallery125162\" class=\"slideshow-imglink imglink\">\n\t\t\t\t<!-- link -->\n\t\t\t<\/a>\n\t\t\t\t\t\t\t\t\t\t\t<div id=\"imgnextgallery125162\" class=\"slideshow-imgnext imgnav\" title=\"Next Image\">Next Image<\/div>\n\t\t\t\t\t\t<div id=\"imagegallery125162\" class=\"slideshow-image\"><\/div>\n\t\t\t<div class=\"slideshow-information infobottom\" id=\"informationgallery125162\">\n\t\t\t\t<h3 class=\"slideshow-info-heading\">info heading<\/h3>\n\t\t\t\t<p class=\"slideshow-info-content\">info content<\/p>\n\t\t\t<\/div>\n\t\t<\/div>\n\n\t\t\t\t\t<div id=\"thumbnailsgallery125162\" class=\"slideshow-thumbnails thumbsbot\">\n\t\t\t\t<div class=\"slideshow-slideleft\" id=\"slideleftgallery125162\" title=\"Slide Left\"><\/div>\n\t\t\t\t<div class=\"slideshow-slidearea\" id=\"slideareagallery125162\">\n\t\t\t\t\t<div class=\"slideshow-slider\" id=\"slidergallery125162\"><\/div>\n\t\t\t\t<\/div>\n\t\t\t\t<div class=\"slideshow-slideright\" id=\"sliderightgallery125162\" title=\"Slide Right\"><\/div>\n\t\t\t\t<br style=\"clear:both; visibility:hidden; height:1px;\" \/>\n\t\t\t<\/div>\n\t\t\t<\/div>\n\n\t\n<p>&nbsp;<\/p>\n<p><strong>Quadrio Business Center\u00a0\u2705<\/strong>, zaj\u00edmav\u00fd n\u00e1zev pro je\u0161t\u011b zaj\u00edmav\u011bj\u0161\u00ed a velmi exkluzivn\u00ed budovu. Quadrio Office Center se nach\u00e1zej\u00ed ve st\u0159edu centra Prahy a nab\u00edz\u00ed V\u00e1m tak skute\u010dn\u011b n\u00e1dhern\u00e9 v\u00fdhledy v\u00a0\u010dele s\u00a0Pra\u017esk\u00fdm hradem, \u010di starou Prahou.<\/p>\n<p><strong>Kancel\u00e1\u0159sk\u00e1 budova Quadrio<\/strong> kombinuje obchodn\u00ed centrum ur\u010den\u00e9 pro n\u00e1kupy, odpo\u010dinek a tr\u00e1ven\u00ed voln\u00e9ho \u010dasu spolu s\u00a0kancel\u00e1\u0159emi. Tato kombinace bude v\u00fdhodn\u00e1 jak pro V\u00e1s, tak i pro Va\u0161e zam\u011bstnance, kte\u0159\u00ed budou m\u00edt v\u0161e pot\u0159ebn\u00e9 po ruce. Nesm\u00edme zapomenout na jedine\u010dnou mo\u017enost vyu\u017e\u00edvat terasu nach\u00e1zej\u00edc\u00ed se p\u0159\u00edmo na st\u0159e\u0161e budovy, odkud budete m\u00edt nejlep\u0161\u00ed v\u00fdhled pro kter\u00fd se budete r\u00e1di vracet! Budova z\u00edskala certifik\u00e1t LEED Gold, kter\u00fd ji \u010din\u00ed jednou z\u00a0nej\u00fasporn\u011bj\u0161\u00edch v\u00a0cel\u00e9 Praze.<\/p>\n<ol>\n<li><span style=\"color: #0000ff;\"><strong>Malometr\u00e1\u017en\u00ed kancel\u00e1\u0159e<u>\u00a0od 5 m2 do 100 m2<\/u><\/strong><\/span><\/li>\n<li><span style=\"color: #0000ff;\"><strong>Velkometr\u00e1\u017en\u00ed kancel\u00e1\u0159e\u00a0<u>od 100 m2 do 5.000 m2<\/u><\/strong><\/span><\/li>\n<\/ol>\n<p><span style=\"color: #ff0000;\"><strong>N\u00e1\u0161 tip:<\/strong> Zastavte se cestou u n\u00e1s na kr\u00e1tkou prohl\u00eddku, kde se dozv\u00edte v\u0161e d\u016fle\u017eit\u00e9. V\u011b\u0159\u00edme, \u017ee p\u0159i prvn\u00edm pohledu z\u00a0terasy na st\u0159e\u0161e si <strong>Quadrio<\/strong> zamilujete stejn\u011b tak, jako my! Neplat\u00edte \u017e\u00e1dnou provizi!<\/span><\/p>\n<p><a href=\"\/poptavka-po-kancelarich-k-pronajmu\/\" target=\"_blank\"><span style=\"text-decoration: underline;\"><strong><span style=\"color: #ff0000; text-decoration: underline;\">Popt\u00e1vejte Quadrio HNED a BEZ Provize ZDE <\/span><\/strong><span style=\"color: #ff0000; text-decoration: underline;\">(nab\u00eddky na m\u00edru do 30 minut)<\/span><strong><span style=\"color: #ff0000; text-decoration: underline;\"> ZDE &gt;&gt;<\/span><\/strong><\/span><\/a><\/p>\n<h2>Quadrio kancel\u00e1\u0159e &#8211; lokalita<\/h2>\n<p><strong>Quadrio Office Center<\/strong> naleznete na adrese Purky\u0148ova 2121\/3. Tato lokalita pat\u0159\u00ed k jedn\u00e9 z nejl\u00e9pe dostupn\u00fdch v Praze 1. A co \u017ee to znamen\u00e1 v\u016fbec m\u00edt kancel\u00e1\u0159e v Praze 1? Nejedn\u00e1 se pouze o budovy ale o jistou presti\u017e. S\u00eddl\u00ed zde v\u00fdznamn\u00e9 instituce, obchody, ty nejkvalitn\u011bj\u0161\u00ed restaurace a tradi\u010dn\u00ed m\u00edsta spolu s pam\u00e1tkami a architektonick\u00fdmi skvosty. Centrum Prahy prost\u011b \u017eije a to nejen ve dne. Sta\u0148te se i Vy sou\u010d\u00e1st\u00ed Prahy, srdce Evropy! Nutno podotknout, \u017ee o modern\u00ed kancel\u00e1\u0159e jako je <strong>Quadrio je v Praze<\/strong> obrovsk\u00fd z\u00e1jem a proto se m\u016f\u017ee zd\u00e1t, \u017ee ka\u017edou chv\u00edl\u00ed ji\u017e nebudou dostupn\u00e9.<\/p>\n<h2>Quadrio Business center &#8211; budova<\/h2>\n<p><strong>Quadrio<\/strong> se postar\u00e1 o Va\u0161e pohodl\u00ed. Budova je nap\u011bchovan\u00e1 nejmodern\u011bj\u0161\u00edmi prvky a technologiemi, kter\u00e9 zajist\u00ed krom\u011b Va\u0161eho pohodl\u00ed i bezpe\u010dnost a \u00fasporu pen\u011bz. Kl\u00ed\u010dovou vlastnost\u00ed p\u0159i n\u00e1vrhu kancel\u00e1\u0159\u00ed byla efektivita, kter\u00e1 se stala i p\u0159ednost\u00ed t\u00e9to budovy. Celkov\u00e1 velikost prostor je necel\u00fdch 17 000 m<sup>2.<\/sup><\/p>\n<p>Netradi\u010dn\u00ed p\u016fdorysov\u00e9 \u0159e\u0161en\u00ed spojen\u00e9 s\u00a0nejmodern\u011bj\u0161\u00edmi technologiemi \u010din\u00ed <strong>Quadrio<\/strong> nejefektivn\u011bji \u0159e\u0161enou budovou v\u00a0porovn\u00e1n\u00ed s\u00a0drtivou v\u011bt\u0161inou ostatn\u00edch budov t\u0159\u00eddy A v\u00a0Praze 1.<\/p>\n<h2><strong>Quadrio &#8211; v\u00fdhody kancel\u00e1\u0159\u00ed:<\/strong><\/h2>\n<ul>\n<li>Z\u00e1zem\u00ed nejmodern\u011bj\u0161\u00ed budovy v\u00a0Praze 1<\/li>\n<li>Klimatizace<\/li>\n<li>Mo\u017enost po\u0159\u00eddit si kancel\u00e1\u0159e ji\u017e od 15 m<sup>2<\/sup><\/li>\n<li>V\u00fdborn\u00fd pom\u011br ceny a kvality<\/li>\n<li>Ekologick\u00fd certifik\u00e1t LEED Gold<\/li>\n<li>N\u00e1dhern\u00fd v\u00fdhled z terasy na st\u0159e\u0161e budovy<\/li>\n<li>Perfektn\u00ed obchodn\u00ed a ob\u010dansk\u00e1 vybavenost okol\u00ed<\/li>\n<li>Otev\u00edrateln\u00e1 okna a Alu \u017ealuzie<\/li>\n<li>Protipo\u017e\u00e1rn\u00ed sprinklery<\/li>\n<li>Nonstop ochranka a recepce<\/li>\n<li>Vybaven\u00ed pro cyklisty (sprchy, zamykateln\u00e9 sk\u0159\u00ed\u0148ky)<\/li>\n<li>Bez provize<\/li>\n<\/ul>\n<h2>Bez provize<\/h2>\n<p>Ve\u0161ker\u00e9 slu\u017eby na\u0161\u00ed spole\u010dnosti a jej\u00edch makl\u00e9\u0159\u016f jsou bez provize. \u00dakolujte n\u00e1s kdykoli.<\/p>\n<p><span style=\"color: #ff0000;\"><a style=\"color: #ff0000;\" href=\"\/poptavka-po-kancelarich-k-pronajmu\/\" target=\"_blank\"><span style=\"text-decoration: underline;\"><strong>Popt\u00e1vejte Quadrio HNED a BEZ Provize ZDE\u00a0<\/strong>(nab\u00eddky na m\u00edru do 30 minut)<strong>\u00a0ZDE &gt;&gt;<\/strong><\/span><\/a><\/span><\/p>\n<h2>Jak poptat kancel\u00e1\u0159 v Quadriu s v\u00fdhodnou cenou na Praze 1?<\/h2>\n<p><span style=\"color: #0000ff;\"><strong><a href=\"\/poptavka-po-kancelarich-k-pronajmu\/\" target=\"_blank\">Rychl\u00fd popt\u00e1vkov\u00fd formul\u00e1\u0159<\/a><\/strong><\/span> najdete na konci textu\u00a0a makl\u00e9\u0159e zodpov\u011bdn\u00e9ho za nemovitosti v prav\u00e9m sloupci.<br \/>\ne-mail:\u00a0<strong><a href=\"mailto:info@prazskekancelare.cz\">info@prazskekancelare.com<\/a><\/strong>\u00a0\/\u00a0telefon: <strong><span style=\"color: #ff0000;\">+420 773 295 925, +420 723 984 360<\/span><\/strong><\/p>\n<h2>v\u00edce informac\u00ed:<\/h2>\n","protected":false},"author":1,"featured_media":3127,"comment_status":"closed","ping_status":"closed","template":"","yoast_head":"<!-- This site is optimized with the Yoast SEO plugin v16.4 - https:\/\/yoast.com\/wordpress\/plugins\/seo\/ -->\n<title>QUADRIO Kancel\u00e1\u0159e Praha 1 | 0% Provize | 1000 Kancel\u00e1\u0159\u00ed &gt;&gt;<\/title>\n<meta name=\"description\" content=\"Popt\u00e1vejte Kancel\u00e1\u0159e QUADRIO Praha 1 \u2705 | 1000 Levn\u00fdch kancel\u00e1\u0159\u00ed v cel\u00e9 Praze \u2705 | 14 let na trhu | Kancel\u00e1\u0159e na m\u00edru v Quadrio Business Center Provize 0%.\" \/>\n<meta name=\"robots\" content=\"noindex, follow, max-snippet:-1, max-image-preview:large, max-video-preview:-1\" \/>\n<meta property=\"og:locale\" content=\"cs_CZ\" \/>\n<meta property=\"og:type\" content=\"article\" \/>\n<meta property=\"og:title\" content=\"QUADRIO Kancel\u00e1\u0159e Praha 1 | 0% Provize | 1000 Kancel\u00e1\u0159\u00ed &gt;&gt;\" \/>\n<meta property=\"og:description\" content=\"Popt\u00e1vejte Kancel\u00e1\u0159e QUADRIO Praha 1 \u2705 | 1000 Levn\u00fdch kancel\u00e1\u0159\u00ed v cel\u00e9 Praze \u2705 | 14 let na trhu | Kancel\u00e1\u0159e na m\u00edru v Quadrio Business Center Provize 0%.\" \/>\n<meta property=\"og:url\" content=\"https:\/\/www.prazskekancelare.com\/test\/kancelare-k-pronajmu\/quadrio-kancelare-praha-1\/\" \/>\n<meta property=\"og:site_name\" content=\"TEST - Pron\u00e1jem kancel\u00e1\u0159e Praha\" \/>\n<meta property=\"article:modified_time\" content=\"2019-11-14T18:34:42+00:00\" \/>\n<meta property=\"og:image\" content=\"https:\/\/www.prazskekancelare.com\/test\/wp-content\/uploads\/2019\/03\/quadrio-kancelare-k-pronajmu.jpg\" \/>\n\t<meta property=\"og:image:width\" content=\"1155\" \/>\n\t<meta property=\"og:image:height\" content=\"713\" \/>\n<meta name=\"twitter:card\" content=\"summary\" \/>\n<meta name=\"twitter:label1\" content=\"Odhadovan\u00e1 doba \u010dten\u00ed\" \/>\n\t<meta name=\"twitter:data1\" content=\"3 minuty\" \/>\n<script type=\"application\/ld+json\" class=\"yoast-schema-graph\">{\"@context\":\"https:\/\/schema.org\",\"@graph\":[{\"@type\":\"Organization\",\"@id\":\"https:\/\/www.prazskekancelare.com\/test\/#organization\",\"name\":\"Pron\\u00e1jem kancel\\u00e1\\u0159e Praha\",\"url\":\"https:\/\/www.prazskekancelare.com\/test\/\",\"sameAs\":[],\"logo\":{\"@type\":\"ImageObject\",\"@id\":\"https:\/\/www.prazskekancelare.com\/test\/#logo\",\"inLanguage\":\"cs\",\"url\":\"https:\/\/www.prazskekancelare.com\/test\/wp-content\/uploads\/2018\/05\/prazske-kancelare-com-logo.png\",\"contentUrl\":\"https:\/\/www.prazskekancelare.com\/test\/wp-content\/uploads\/2018\/05\/prazske-kancelare-com-logo.png\",\"width\":242,\"height\":59,\"caption\":\"Pron\\u00e1jem kancel\\u00e1\\u0159e Praha\"},\"image\":{\"@id\":\"https:\/\/www.prazskekancelare.com\/test\/#logo\"}},{\"@type\":\"WebSite\",\"@id\":\"https:\/\/www.prazskekancelare.com\/test\/#website\",\"url\":\"https:\/\/www.prazskekancelare.com\/test\/\",\"name\":\"TEST - Pron\\u00e1jem kancel\\u00e1\\u0159e Praha\",\"description\":\"Pron\\u00e1jem kancel\\u00e1\\u0159e Praha a Kancelare Praha\",\"publisher\":{\"@id\":\"https:\/\/www.prazskekancelare.com\/test\/#organization\"},\"potentialAction\":[{\"@type\":\"SearchAction\",\"target\":\"https:\/\/www.prazskekancelare.com\/test\/?s={search_term_string}\",\"query-input\":\"required name=search_term_string\"}],\"inLanguage\":\"cs\"},{\"@type\":\"ImageObject\",\"@id\":\"https:\/\/www.prazskekancelare.com\/test\/kancelare-k-pronajmu\/quadrio-kancelare-praha-1\/#primaryimage\",\"inLanguage\":\"cs\",\"url\":\"https:\/\/www.prazskekancelare.com\/test\/wp-content\/uploads\/2019\/03\/quadrio-kancelare-k-pronajmu.jpg\",\"contentUrl\":\"https:\/\/www.prazskekancelare.com\/test\/wp-content\/uploads\/2019\/03\/quadrio-kancelare-k-pronajmu.jpg\",\"width\":1155,\"height\":713,\"caption\":\"Quadrio Obchodn\\u00ed Centrum\"},{\"@type\":\"WebPage\",\"@id\":\"https:\/\/www.prazskekancelare.com\/test\/kancelare-k-pronajmu\/quadrio-kancelare-praha-1\/#webpage\",\"url\":\"https:\/\/www.prazskekancelare.com\/test\/kancelare-k-pronajmu\/quadrio-kancelare-praha-1\/\",\"name\":\"QUADRIO Kancel\\u00e1\\u0159e Praha 1 | 0% Provize | 1000 Kancel\\u00e1\\u0159\\u00ed >>\",\"isPartOf\":{\"@id\":\"https:\/\/www.prazskekancelare.com\/test\/#website\"},\"primaryImageOfPage\":{\"@id\":\"https:\/\/www.prazskekancelare.com\/test\/kancelare-k-pronajmu\/quadrio-kancelare-praha-1\/#primaryimage\"},\"datePublished\":\"2019-01-01T09:38:49+00:00\",\"dateModified\":\"2019-11-14T18:34:42+00:00\",\"description\":\"Popt\\u00e1vejte Kancel\\u00e1\\u0159e QUADRIO Praha 1 \\u2705 | 1000 Levn\\u00fdch kancel\\u00e1\\u0159\\u00ed v cel\\u00e9 Praze \\u2705 | 14 let na trhu | Kancel\\u00e1\\u0159e na m\\u00edru v Quadrio Business Center Provize 0%.\",\"breadcrumb\":{\"@id\":\"https:\/\/www.prazskekancelare.com\/test\/kancelare-k-pronajmu\/quadrio-kancelare-praha-1\/#breadcrumb\"},\"inLanguage\":\"cs\",\"potentialAction\":[{\"@type\":\"ReadAction\",\"target\":[\"https:\/\/www.prazskekancelare.com\/test\/kancelare-k-pronajmu\/quadrio-kancelare-praha-1\/\"]}]},{\"@type\":\"BreadcrumbList\",\"@id\":\"https:\/\/www.prazskekancelare.com\/test\/kancelare-k-pronajmu\/quadrio-kancelare-praha-1\/#breadcrumb\",\"itemListElement\":[{\"@type\":\"ListItem\",\"position\":1,\"item\":{\"@type\":\"WebPage\",\"@id\":\"https:\/\/www.prazskekancelare.com\/test\/\",\"url\":\"https:\/\/www.prazskekancelare.com\/test\/\",\"name\":\"Dom\\u016f\"}},{\"@type\":\"ListItem\",\"position\":2,\"item\":{\"@type\":\"WebPage\",\"@id\":\"https:\/\/www.prazskekancelare.com\/test\/kancelare-k-pronajmu\/\",\"url\":\"https:\/\/www.prazskekancelare.com\/test\/kancelare-k-pronajmu\/\",\"name\":\"Properties\"}},{\"@type\":\"ListItem\",\"position\":3,\"item\":{\"@id\":\"https:\/\/www.prazskekancelare.com\/test\/kancelare-k-pronajmu\/quadrio-kancelare-praha-1\/#webpage\"}}]}]}<\/script>\n<!-- \/ Yoast SEO plugin. -->","cmb2":{"property_general":{"property_id":"ANO","property_year_built":"","property_address":"Purky\u0148ova 3,\r\n110 00 Praha 1","property_zip":"","property_contract":"","property_gallery":"","property_plans":"","property_video":"","property_parent_property":""},"property_flags":{"property_featured":"","property_sticky":"","property_reduced":"","property_sold":""},"property_contact":{"property_contact_name":"","property_contact_phone":""},"property_pricing":{"property_price":"330","property_price_prefix":"od","property_price_suffix":"K\u010d\/m2","property_price_custom":""},"property_attributes":{"property_rooms":"NE - \u010d\u00e1ste\u010dn\u011b","property_beds":"6","property_baths":"NE","property_garages":"NE - \u010d\u00e1ste\u010dn\u011b","property_home_area":"","property_lot_dimensions":"","property_lot_area":"100 m2 - 2.000 m2"},"property_valuation":{"property_valuation_group":""},"property_public_facilities":{"property_public_facilities_group":""},"property_map_location":{"property_map_location":{"latitude":"50.0814364","longitude":"14.4200127"}},"property_relations":{"property_agents":["260"]}},"_links":{"self":[{"href":"https:\/\/www.prazskekancelare.com\/test\/wp-json\/wp\/v2\/property\/3132"}],"collection":[{"href":"https:\/\/www.prazskekancelare.com\/test\/wp-json\/wp\/v2\/property"}],"about":[{"href":"https:\/\/www.prazskekancelare.com\/test\/wp-json\/wp\/v2\/types\/property"}],"author":[{"embeddable":true,"href":"https:\/\/www.prazskekancelare.com\/test\/wp-json\/wp\/v2\/users\/1"}],"replies":[{"embeddable":true,"href":"https:\/\/www.prazskekancelare.com\/test\/wp-json\/wp\/v2\/comments?post=3132"}],"wp:featuredmedia":[{"embeddable":true,"href":"https:\/\/www.prazskekancelare.com\/test\/wp-json\/wp\/v2\/media\/3127"}],"wp:attachment":[{"href":"https:\/\/www.prazskekancelare.com\/test\/wp-json\/wp\/v2\/media?parent=3132"}],"curies":[{"name":"wp","href":"https:\/\/api.w.org\/{rel}","templated":true}]}}