{"id":3075,"date":"2019-01-02T18:24:26","date_gmt":"2019-01-02T17:24:26","guid":{"rendered":"https:\/\/www.prazskekancelare.com\/test\/?post_type=property&#038;p=3075"},"modified":"2021-03-03T15:11:18","modified_gmt":"2021-03-03T14:11:18","slug":"coworking-kancelare-hot-desk-vaclavske-namesti-praha-1","status":"publish","type":"property","link":"https:\/\/www.prazskekancelare.com\/test\/kancelare-k-pronajmu\/coworking-kancelare-hot-desk-vaclavske-namesti-praha-1\/","title":{"rendered":"Coworking Praha Kancel\u00e1\u0159e V\u00c1CLAVSK\u00c9 N\u00c1M\u011aST\u00cd"},"content":{"rendered":"\n\t<ul id=\"slideshowgallery122648\" class=\"slideshowgallery122648\" style=\"display:none;\">\n\t\t\t\t\t<!-- From all slides or gallery slides -->\n\t\t\t\t\t\t\t<li>\n\t\t\t\t\t<h3 style=\"opacity:70;\">workloungevaclavskenamesti<\/h3>\n\t\t\t\t\t\t\t\t\t\t\t<span data-alt=\"workloungevaclavskenamesti\">https:\/\/www.prazskekancelare.com\/test\/wp-content\/uploads\/2019\/02\/workloungevaclavskenamesti.jpeg<\/span>\n\t\t\t\t\t\t\t\t\t\t<p><\/p>\n\t\t\t\t\t\t\t\t\t\t\t\t\t\t\t\t\t\t<a><img class=\"skip-lazy\" src=\"https:\/\/www.prazskekancelare.com\/test\/wp-content\/uploads\/2019\/02\/workloungevaclavskenamesti-400x300.jpeg\" alt=\"workloungevaclavskenamesti\" \/><\/a>\n\t\t\t\t\t\t\t\t\t\t\t\t\t\t\t<\/li>\n\t\t\t\t\t\t\t<li>\n\t\t\t\t\t<h3 style=\"opacity:70;\">coworking Praha 1<\/h3>\n\t\t\t\t\t\t\t\t\t\t\t<span data-alt=\"coworking-praha-1\">https:\/\/www.prazskekancelare.com\/test\/wp-content\/uploads\/2019\/02\/coworking-praha-1.jpeg<\/span>\n\t\t\t\t\t\t\t\t\t\t<p><\/p>\n\t\t\t\t\t\t\t\t\t\t\t\t\t\t\t\t\t\t<a><img class=\"skip-lazy\" src=\"https:\/\/www.prazskekancelare.com\/test\/wp-content\/uploads\/2019\/02\/coworking-praha-1-400x300.jpeg\" alt=\"coworking-praha-1\" \/><\/a>\n\t\t\t\t\t\t\t\t\t\t\t\t\t\t\t<\/li>\n\t\t\t\t\t\t\t<li>\n\t\t\t\t\t<h3 style=\"opacity:70;\">coworking pronajem kancelare Praha<\/h3>\n\t\t\t\t\t\t\t\t\t\t\t<span data-alt=\"coworking-pronajem-kancelare-praha\">https:\/\/www.prazskekancelare.com\/test\/wp-content\/uploads\/2019\/02\/coworking-pronajem-kancelare-praha.jpeg<\/span>\n\t\t\t\t\t\t\t\t\t\t<p><\/p>\n\t\t\t\t\t\t\t\t\t\t\t\t\t\t\t\t\t\t<a><img class=\"skip-lazy\" src=\"https:\/\/www.prazskekancelare.com\/test\/wp-content\/uploads\/2019\/02\/coworking-pronajem-kancelare-praha-400x300.jpeg\" alt=\"coworking-pronajem-kancelare-praha\" \/><\/a>\n\t\t\t\t\t\t\t\t\t\t\t\t\t\t\t<\/li>\n\t\t\t\t\t\t\t<li>\n\t\t\t\t\t<h3 style=\"opacity:70;\">kancelarecoworking<\/h3>\n\t\t\t\t\t\t\t\t\t\t\t<span data-alt=\"kancelarecoworking\">https:\/\/www.prazskekancelare.com\/test\/wp-content\/uploads\/2019\/02\/kancelarecoworking.jpeg<\/span>\n\t\t\t\t\t\t\t\t\t\t<p><\/p>\n\t\t\t\t\t\t\t\t\t\t\t\t\t\t\t\t\t\t<a><img class=\"skip-lazy\" src=\"https:\/\/www.prazskekancelare.com\/test\/wp-content\/uploads\/2019\/02\/kancelarecoworking-400x300.jpeg\" alt=\"kancelarecoworking\" \/><\/a>\n\t\t\t\t\t\t\t\t\t\t\t\t\t\t\t<\/li>\n\t\t\t\t\t\t\t<li>\n\t\t\t\t\t<h3 style=\"opacity:70;\">kancelarek pronajmu praha 1<\/h3>\n\t\t\t\t\t\t\t\t\t\t\t<span data-alt=\"kancelarek-pronajmu-praha-1\">https:\/\/www.prazskekancelare.com\/test\/wp-content\/uploads\/2019\/02\/kancelarek-pronajmu-praha-1.jpeg<\/span>\n\t\t\t\t\t\t\t\t\t\t<p><\/p>\n\t\t\t\t\t\t\t\t\t\t\t\t\t\t\t\t\t\t<a><img class=\"skip-lazy\" src=\"https:\/\/www.prazskekancelare.com\/test\/wp-content\/uploads\/2019\/02\/kancelarek-pronajmu-praha-1-400x300.jpeg\" alt=\"kancelarek-pronajmu-praha-1\" \/><\/a>\n\t\t\t\t\t\t\t\t\t\t\t\t\t\t\t<\/li>\n\t\t\t\t\t\t\t<li>\n\t\t\t\t\t<h3 style=\"opacity:70;\">kancelareworklounge<\/h3>\n\t\t\t\t\t\t\t\t\t\t\t<span data-alt=\"kancelareworklounge\">https:\/\/www.prazskekancelare.com\/test\/wp-content\/uploads\/2019\/02\/kancelareworklounge.jpeg<\/span>\n\t\t\t\t\t\t\t\t\t\t<p><\/p>\n\t\t\t\t\t\t\t\t\t\t\t\t\t\t\t\t\t\t<a><img class=\"skip-lazy\" src=\"https:\/\/www.prazskekancelare.com\/test\/wp-content\/uploads\/2019\/02\/kancelareworklounge-400x300.jpeg\" alt=\"kancelareworklounge\" \/><\/a>\n\t\t\t\t\t\t\t\t\t\t\t\t\t\t\t<\/li>\n\t\t\t\t\t\t\t<li>\n\t\t\t\t\t<h3 style=\"opacity:70;\">coworking vaclavske namesti<\/h3>\n\t\t\t\t\t\t\t\t\t\t\t<span data-alt=\"coworking-vaclavske-namesti\">https:\/\/www.prazskekancelare.com\/test\/wp-content\/uploads\/2019\/02\/coworkign-vaclavske-namesti.jpeg<\/span>\n\t\t\t\t\t\t\t\t\t\t<p><\/p>\n\t\t\t\t\t\t\t\t\t\t\t\t\t\t\t\t\t\t<a><img class=\"skip-lazy\" src=\"https:\/\/www.prazskekancelare.com\/test\/wp-content\/uploads\/2019\/02\/coworkign-vaclavske-namesti-400x300.jpeg\" alt=\"coworking-vaclavske-namesti\" \/><\/a>\n\t\t\t\t\t\t\t\t\t\t\t\t\t\t\t<\/li>\n\t\t\t\t\t\t\t<li>\n\t\t\t\t\t<h3 style=\"opacity:70;\">coworking centrum Prahy<\/h3>\n\t\t\t\t\t\t\t\t\t\t\t<span data-alt=\"coworking-centrum-prahy\">https:\/\/www.prazskekancelare.com\/test\/wp-content\/uploads\/2019\/02\/coworking-centrum-prahy.jpeg<\/span>\n\t\t\t\t\t\t\t\t\t\t<p><\/p>\n\t\t\t\t\t\t\t\t\t\t\t\t\t\t\t\t\t\t<a><img class=\"skip-lazy\" src=\"https:\/\/www.prazskekancelare.com\/test\/wp-content\/uploads\/2019\/02\/coworking-centrum-prahy-400x300.jpeg\" alt=\"coworking-centrum-prahy\" \/><\/a>\n\t\t\t\t\t\t\t\t\t\t\t\t\t\t\t<\/li>\n\t\t\t\t\t\t\t<li>\n\t\t\t\t\t<h3 style=\"opacity:70;\">malometrazni kancelare<\/h3>\n\t\t\t\t\t\t\t\t\t\t\t<span data-alt=\"malometrazni-kancelare\">https:\/\/www.prazskekancelare.com\/test\/wp-content\/uploads\/2019\/02\/malometrazni-kancelare.jpeg<\/span>\n\t\t\t\t\t\t\t\t\t\t<p><\/p>\n\t\t\t\t\t\t\t\t\t\t\t\t\t\t\t\t\t\t<a><img class=\"skip-lazy\" src=\"https:\/\/www.prazskekancelare.com\/test\/wp-content\/uploads\/2019\/02\/malometrazni-kancelare-400x300.jpeg\" alt=\"malometrazni-kancelare\" \/><\/a>\n\t\t\t\t\t\t\t\t\t\t\t\t\t\t\t<\/li>\n\t\t\t\t\t\t\t<li>\n\t\t\t\t\t<h3 style=\"opacity:70;\">pronajemkancelarevaclavskenamesti<\/h3>\n\t\t\t\t\t\t\t\t\t\t\t<span data-alt=\"pronajemkancelarevaclavskenamesti\">https:\/\/www.prazskekancelare.com\/test\/wp-content\/uploads\/2019\/02\/pronajemkancelarevaclavskenamesti.jpeg<\/span>\n\t\t\t\t\t\t\t\t\t\t<p><\/p>\n\t\t\t\t\t\t\t\t\t\t\t\t\t\t\t\t\t\t<a><img class=\"skip-lazy\" src=\"https:\/\/www.prazskekancelare.com\/test\/wp-content\/uploads\/2019\/02\/pronajemkancelarevaclavskenamesti-400x300.jpeg\" alt=\"pronajemkancelarevaclavskenamesti\" \/><\/a>\n\t\t\t\t\t\t\t\t\t\t\t\t\t\t\t<\/li>\n\t\t\t\t\t\t\t<li>\n\t\t\t\t\t<h3 style=\"opacity:70;\">coworking levne<\/h3>\n\t\t\t\t\t\t\t\t\t\t\t<span data-alt=\"coworking-levne\">https:\/\/www.prazskekancelare.com\/test\/wp-content\/uploads\/2019\/02\/coworking-levne.jpeg<\/span>\n\t\t\t\t\t\t\t\t\t\t<p><\/p>\n\t\t\t\t\t\t\t\t\t\t\t\t\t\t\t\t\t\t<a><img class=\"skip-lazy\" src=\"https:\/\/www.prazskekancelare.com\/test\/wp-content\/uploads\/2019\/02\/coworking-levne-400x300.jpeg\" alt=\"coworking-levne\" \/><\/a>\n\t\t\t\t\t\t\t\t\t\t\t\t\t\t\t<\/li>\n\t\t\t\t\t\t\t<li>\n\t\t\t\t\t<h3 style=\"opacity:70;\">coworking kancelare<\/h3>\n\t\t\t\t\t\t\t\t\t\t\t<span data-alt=\"coworking-kancelare\">https:\/\/www.prazskekancelare.com\/test\/wp-content\/uploads\/2019\/02\/coworking-kancelare.jpeg<\/span>\n\t\t\t\t\t\t\t\t\t\t<p><\/p>\n\t\t\t\t\t\t\t\t\t\t\t\t\t\t\t\t\t\t<a><img class=\"skip-lazy\" src=\"https:\/\/www.prazskekancelare.com\/test\/wp-content\/uploads\/2019\/02\/coworking-kancelare-400x300.jpeg\" alt=\"coworking-kancelare\" \/><\/a>\n\t\t\t\t\t\t\t\t\t\t\t\t\t\t\t<\/li>\n\t\t\t\t\t\t\t<li>\n\t\t\t\t\t<h3 style=\"opacity:70;\">coworking kancelare vaclavske namesti<\/h3>\n\t\t\t\t\t\t\t\t\t\t\t<span data-alt=\"coworking-kancelare-vaclavske-namesti\">https:\/\/www.prazskekancelare.com\/test\/wp-content\/uploads\/2019\/02\/coworking-kancelare-vaclavske-namesti.jpeg<\/span>\n\t\t\t\t\t\t\t\t\t\t<p><\/p>\n\t\t\t\t\t\t\t\t\t\t\t\t\t\t\t\t\t\t<a><img class=\"skip-lazy\" src=\"https:\/\/www.prazskekancelare.com\/test\/wp-content\/uploads\/2019\/02\/coworking-kancelare-vaclavske-namesti-400x300.jpeg\" alt=\"coworking-kancelare-vaclavske-namesti\" \/><\/a>\n\t\t\t\t\t\t\t\t\t\t\t\t\t\t\t<\/li>\n\t\t\t\t\t\t\t<li>\n\t\t\t\t\t<h3 style=\"opacity:70;\">workloungepraha<\/h3>\n\t\t\t\t\t\t\t\t\t\t\t<span data-alt=\"workloungepraha\">https:\/\/www.prazskekancelare.com\/test\/wp-content\/uploads\/2019\/02\/workloungepraha.jpeg<\/span>\n\t\t\t\t\t\t\t\t\t\t<p><\/p>\n\t\t\t\t\t\t\t\t\t\t\t\t\t\t\t\t\t\t<a><img class=\"skip-lazy\" src=\"https:\/\/www.prazskekancelare.com\/test\/wp-content\/uploads\/2019\/02\/workloungepraha-400x300.jpeg\" alt=\"workloungepraha\" \/><\/a>\n\t\t\t\t\t\t\t\t\t\t\t\t\t\t\t<\/li>\n\t\t\t\t\t\t\t<li>\n\t\t\t\t\t<h3 style=\"opacity:70;\">workloungekarlin<\/h3>\n\t\t\t\t\t\t\t\t\t\t\t<span data-alt=\"workloungekarlin\">https:\/\/www.prazskekancelare.com\/test\/wp-content\/uploads\/2019\/02\/workloungekarlin.jpeg<\/span>\n\t\t\t\t\t\t\t\t\t\t<p><\/p>\n\t\t\t\t\t\t\t\t\t\t\t\t\t\t\t\t\t\t<a><img class=\"skip-lazy\" src=\"https:\/\/www.prazskekancelare.com\/test\/wp-content\/uploads\/2019\/02\/workloungekarlin-400x300.jpeg\" alt=\"workloungekarlin\" \/><\/a>\n\t\t\t\t\t\t\t\t\t\t\t\t\t\t\t<\/li>\n\t\t\t\t\t\t\t<li>\n\t\t\t\t\t<h3 style=\"opacity:70;\">workloungekancelarekpronajmu<\/h3>\n\t\t\t\t\t\t\t\t\t\t\t<span data-alt=\"workloungekancelarekpronajmu\">https:\/\/www.prazskekancelare.com\/test\/wp-content\/uploads\/2019\/02\/workloungekancelarekpronajmu.jpeg<\/span>\n\t\t\t\t\t\t\t\t\t\t<p><\/p>\n\t\t\t\t\t\t\t\t\t\t\t\t\t\t\t\t\t\t<a><img class=\"skip-lazy\" src=\"https:\/\/www.prazskekancelare.com\/test\/wp-content\/uploads\/2019\/02\/workloungekancelarekpronajmu-400x300.jpeg\" alt=\"workloungekancelarekpronajmu\" \/><\/a>\n\t\t\t\t\t\t\t\t\t\t\t\t\t\t\t<\/li>\n\t\t\t\t\t\t\t<li>\n\t\t\t\t\t<h3 style=\"opacity:70;\">workloungecentrum<\/h3>\n\t\t\t\t\t\t\t\t\t\t\t<span data-alt=\"workloungecentrum\">https:\/\/www.prazskekancelare.com\/test\/wp-content\/uploads\/2019\/02\/workloungecentrum.jpeg<\/span>\n\t\t\t\t\t\t\t\t\t\t<p><\/p>\n\t\t\t\t\t\t\t\t\t\t\t\t\t\t\t\t\t\t<a><img class=\"skip-lazy\" src=\"https:\/\/www.prazskekancelare.com\/test\/wp-content\/uploads\/2019\/02\/workloungecentrum-400x300.jpeg\" alt=\"workloungecentrum\" \/><\/a>\n\t\t\t\t\t\t\t\t\t\t\t\t\t\t\t<\/li>\n\t\t\t\t\t\t\t<li>\n\t\t\t\t\t<h3 style=\"opacity:70;\">vyhodny coworking<\/h3>\n\t\t\t\t\t\t\t\t\t\t\t<span data-alt=\"vyhodny-coworking\">https:\/\/www.prazskekancelare.com\/test\/wp-content\/uploads\/2019\/02\/vyhodny-coworking.jpeg<\/span>\n\t\t\t\t\t\t\t\t\t\t<p><\/p>\n\t\t\t\t\t\t\t\t\t\t\t\t\t\t\t\t\t\t<a><img class=\"skip-lazy\" src=\"https:\/\/www.prazskekancelare.com\/test\/wp-content\/uploads\/2019\/02\/vyhodny-coworking-400x300.jpeg\" alt=\"vyhodny-coworking\" \/><\/a>\n\t\t\t\t\t\t\t\t\t\t\t\t\t\t\t<\/li>\n\t\t\t\t\t\t\t<li>\n\t\t\t\t\t<h3 style=\"opacity:70;\">sdilene kancelare<\/h3>\n\t\t\t\t\t\t\t\t\t\t\t<span data-alt=\"sdilene-kancelare\">https:\/\/www.prazskekancelare.com\/test\/wp-content\/uploads\/2019\/02\/sdilene-kancelare.jpeg<\/span>\n\t\t\t\t\t\t\t\t\t\t<p><\/p>\n\t\t\t\t\t\t\t\t\t\t\t\t\t\t\t\t\t\t<a><img class=\"skip-lazy\" src=\"https:\/\/www.prazskekancelare.com\/test\/wp-content\/uploads\/2019\/02\/sdilene-kancelare-400x300.jpeg\" alt=\"sdilene-kancelare\" \/><\/a>\n\t\t\t\t\t\t\t\t\t\t\t\t\t\t\t<\/li>\n\t\t\t\t\t\t\t<li>\n\t\t\t\t\t<h3 style=\"opacity:70;\">sdilene kancelare vaclavske namesti<\/h3>\n\t\t\t\t\t\t\t\t\t\t\t<span data-alt=\"sdilene-kancelare-vaclavske-namesti\">https:\/\/www.prazskekancelare.com\/test\/wp-content\/uploads\/2019\/02\/sdilene-kancelare-vaclavske-namesti.jpeg<\/span>\n\t\t\t\t\t\t\t\t\t\t<p><\/p>\n\t\t\t\t\t\t\t\t\t\t\t\t\t\t\t\t\t\t<a><img class=\"skip-lazy\" src=\"https:\/\/www.prazskekancelare.com\/test\/wp-content\/uploads\/2019\/02\/sdilene-kancelare-vaclavske-namesti-400x300.jpeg\" alt=\"sdilene-kancelare-vaclavske-namesti\" \/><\/a>\n\t\t\t\t\t\t\t\t\t\t\t\t\t\t\t<\/li>\n\t\t\t\t\t\t\t<li>\n\t\t\t\t\t<h3 style=\"opacity:70;\">sdilene kancelare praha 1<\/h3>\n\t\t\t\t\t\t\t\t\t\t\t<span data-alt=\"sdilene-kancelare-praha-1\">https:\/\/www.prazskekancelare.com\/test\/wp-content\/uploads\/2019\/02\/sdilene-kancelare-praha-1.jpeg<\/span>\n\t\t\t\t\t\t\t\t\t\t<p><\/p>\n\t\t\t\t\t\t\t\t\t\t\t\t\t\t\t\t\t\t<a><img class=\"skip-lazy\" src=\"https:\/\/www.prazskekancelare.com\/test\/wp-content\/uploads\/2019\/02\/sdilene-kancelare-praha-1-400x300.jpeg\" alt=\"sdilene-kancelare-praha-1\" \/><\/a>\n\t\t\t\t\t\t\t\t\t\t\t\t\t\t\t<\/li>\n\t\t\t\t\t\t\t<li>\n\t\t\t\t\t<h3 style=\"opacity:70;\">sdilene kancelare levne<\/h3>\n\t\t\t\t\t\t\t\t\t\t\t<span data-alt=\"sdilene-kancelare-levne\">https:\/\/www.prazskekancelare.com\/test\/wp-content\/uploads\/2019\/02\/sdilene-kancelare-levne.jpeg<\/span>\n\t\t\t\t\t\t\t\t\t\t<p><\/p>\n\t\t\t\t\t\t\t\t\t\t\t\t\t\t\t\t\t\t<a><img class=\"skip-lazy\" src=\"https:\/\/www.prazskekancelare.com\/test\/wp-content\/uploads\/2019\/02\/sdilene-kancelare-levne-400x300.jpeg\" alt=\"sdilene-kancelare-levne\" \/><\/a>\n\t\t\t\t\t\t\t\t\t\t\t\t\t\t\t<\/li>\n\t\t\t\t\t\t\t<li>\n\t\t\t\t\t<h3 style=\"opacity:70;\">coworking kancelare Praha 1<\/h3>\n\t\t\t\t\t\t\t\t\t\t\t<span data-alt=\"coworking-kancelare-praha-1\">https:\/\/www.prazskekancelare.com\/test\/wp-content\/uploads\/2019\/02\/coworking-kancelare-praha-1.jpeg<\/span>\n\t\t\t\t\t\t\t\t\t\t<p><\/p>\n\t\t\t\t\t\t\t\t\t\t\t\t\t\t\t\t\t\t<a><img class=\"skip-lazy\" src=\"https:\/\/www.prazskekancelare.com\/test\/wp-content\/uploads\/2019\/02\/coworking-kancelare-praha-1-400x300.jpeg\" alt=\"coworking-kancelare-praha-1\" \/><\/a>\n\t\t\t\t\t\t\t\t\t\t\t\t\t\t\t<\/li>\n\t\t\t\t\t\t<\/ul>\n\n\t\t<div id=\"slideshow-wrappergallery122648\" class=\"slideshow-wrapper\" style=\"--slideshow-width:2728px\">\n\t\t\n\t\t<div class=\"slideshow-fullsize\" id=\"fullsizegallery122648\">\n\t\t\t\t\t\t\t\t\t\t\t\t\t\t<div id=\"imgprevgallery122648\" class=\"slideshow-imgprev imgnav\" title=\"Previous Image\">Previous Image<\/div>\n\t\t\t\t\t\t<a id=\"imglinkgallery122648\" class=\"slideshow-imglink imglink\">\n\t\t\t\t<!-- link -->\n\t\t\t<\/a>\n\t\t\t\t\t\t\t\t\t\t\t<div id=\"imgnextgallery122648\" class=\"slideshow-imgnext imgnav\" title=\"Next Image\">Next Image<\/div>\n\t\t\t\t\t\t<div id=\"imagegallery122648\" class=\"slideshow-image\"><\/div>\n\t\t\t<div class=\"slideshow-information infobottom\" id=\"informationgallery122648\">\n\t\t\t\t<h3 class=\"slideshow-info-heading\">info heading<\/h3>\n\t\t\t\t<p class=\"slideshow-info-content\">info content<\/p>\n\t\t\t<\/div>\n\t\t<\/div>\n\n\t\t\t\t\t<div id=\"thumbnailsgallery122648\" class=\"slideshow-thumbnails thumbsbot\">\n\t\t\t\t<div class=\"slideshow-slideleft\" id=\"slideleftgallery122648\" title=\"Slide Left\"><\/div>\n\t\t\t\t<div class=\"slideshow-slidearea\" id=\"slideareagallery122648\">\n\t\t\t\t\t<div class=\"slideshow-slider\" id=\"slidergallery122648\"><\/div>\n\t\t\t\t<\/div>\n\t\t\t\t<div class=\"slideshow-slideright\" id=\"sliderightgallery122648\" title=\"Slide Right\"><\/div>\n\t\t\t\t<br style=\"clear:both; visibility:hidden; height:1px;\" \/>\n\t\t\t<\/div>\n\t\t\t<\/div>\n\n\t\n<p>&nbsp;<\/p>\n<p><strong>P\u0159edstavujeme coworking Praha sd\u00edlen\u00e9 kancel\u00e1\u0159e\u00a0a jejich p\u0159ehled. Jde o velmi poveden\u00fd a u n\u00e1jemn\u00edk\u016f extr\u00e9mn\u011b obl\u00edben\u00fd pron\u00e1jem coworking \/ vybaven\u00fdch malometr\u00e1\u017en\u00edch kancel\u00e1\u0159\u00ed na V\u00e1clavsk\u00e9m n\u00e1m\u011bst\u00ed.<\/strong><\/p>\n<h2>Coworking Praha<\/h2>\n<p>P\u0159ij\u010fte se pod\u00edvat na designov\u011b velmi poda\u0159en\u00e9 kancel\u00e1\u0159e, zasedac\u00ed m\u00edstnosti a business lounge s kuchy\u0148kou a barem. Budete nad\u0161eni nejen z lokality a vybaven\u00ed kancel\u00e1\u0159\u00ed, ale tak\u00e9 z komunity v\u0161ech n\u00e1jemn\u00edk\u016f <strong>coworking Praha<\/strong>, kter\u00e1 se b\u011bhem dosavadn\u00edho p\u016fsoben\u00ed provozovatele vytvo\u0159ila, a kter\u00e1 aktivn\u011b napom\u00e1h\u00e1 spolupr\u00e1ci v\u0161ech.<\/p>\n<p><span style=\"color: #ff0000;\"><strong>N\u00e1\u0161 tip:<\/strong> Za\u010dn\u011bte na zkou\u0161ku t\u0159eba m\u011bs\u00ed\u010dn\u00edm \u010dlenstv\u00edm bez z\u00e1vazk\u016f. Pokud se V\u00e1m bude da\u0159it a business bude \u0161lapat, dal\u0161\u00edm stupn\u011bm m\u016f\u017ee b\u00fdt sd\u00edlen\u00e1 kancel\u00e1\u0159 nebo jedna z luxusn\u00edch vybaven\u00fdch a servisovan\u00fdch kancel\u00e1\u0159\u00ed.<\/span><\/p>\n<div id=\"attachment_3618\" style=\"width: 310px\" class=\"wp-caption alignnone\"><a href=\"https:\/\/www.prazskekancelare.com\/test\/poptavka-po-kancelarich-k-pronajmu\/\" target=\"_blank\" rel=\"noopener\"><img aria-describedby=\"caption-attachment-3618\" loading=\"lazy\" class=\"wp-image-3618 size-medium\" src=\"https:\/\/www.prazskekancelare.com\/test\/wp-content\/uploads\/2019\/12\/nabidky-do-30-minut-300x46.png\" alt=\"coworking praha sd\u00edlen\u00e9 kancel\u00e1\u0159e\" width=\"300\" height=\"46\" srcset=\"https:\/\/www.prazskekancelare.com\/test\/wp-content\/uploads\/2019\/12\/nabidky-do-30-minut-300x46.png 300w, https:\/\/www.prazskekancelare.com\/test\/wp-content\/uploads\/2019\/12\/nabidky-do-30-minut-1024x156.png 1024w\" sizes=\"(max-width: 300px) 100vw, 300px\" \/><\/a><p id=\"caption-attachment-3618\" class=\"wp-caption-text\"><span style=\"color: #999999;\">coworking praha sd\u00edlen\u00e9 kancel\u00e1\u0159e<\/span><\/p><\/div>\n<h2><strong>Sd\u00edlen\u00e9 kancel\u00e1\u0159e coworking Praha V\u00e1clavsk\u00e9 n\u00e1m\u011bst\u00ed<\/strong><\/h2>\n<p>N\u00e1dhern\u00e9 kancel\u00e1\u0159e k pron\u00e1jmu\u00a0jsou k\u00a0dispozici ihned a to v t\u011bchto variant\u00e1ch:<\/p>\n<h3><span style=\"color: #0000ff;\"><strong>Coworking Praha WorkLounge<\/strong> \u2013 \u010dlenstv\u00ed v komunit\u011b<\/span><\/h3>\n<p>Sd\u00edlejte nepravideln\u011b prostor s ostatn\u00edmi a vyu\u017e\u00edvejte kontakty komunity ostatn\u00edch n\u00e1jemn\u00edk\u016f k rozv\u00edjen\u00ed sv\u00e9ho businessu.<\/p>\n<p>&#8211; P\u0159\u00edstup ke komunit\u011b a s t\u00edm spojen\u00e9 benefiy<br \/>\n&#8211; Mobiln\u00ed aplikace pro snadn\u00fd p\u0159\u00edstup ke sv\u00fdm rezervac\u00edm<br \/>\n&#8211; P\u0159\u00edjemn\u00e9 pracovn\u00ed prost\u0159ed\u00ed v centru V\u00e1clavsk\u00e9ho n\u00e1m\u011bst\u00ed<br \/>\n&#8211; Zasedac\u00ed m\u00edstnost za v\u00fdhodn\u00fdch podm\u00ednek<br \/>\n&#8211; V\u00fdhodn\u00e9 podm\u00ednky p\u0159i roz\u0161\u00ed\u0159en\u00ed typ\u016f pron\u00e1jmu (upgrade na dal\u0161\u00ed slu\u017eby)<\/p>\n<h3><span style=\"color: #0000ff;\"><strong>Hot Desk<\/strong> kancel\u00e1\u0159e <\/span><\/h3>\n<p>Vyu\u017eijte v\u0161echny benefity coworkingu na maximum. Neva\u017ete se na kancel\u00e1\u0159, ale posa\u010fte se po p\u0159\u00edchodu do kancel\u00e1\u0159sk\u00e9ho centra kdekoli. Chcete pracovat z ko\u017een\u00e9 seda\u010dky nebo se pot\u0159ebujete v\u00edce soust\u0159edit u pracovn\u00edho stolu? Nic nen\u00ed probl\u00e9m, vyberte si jedno z m\u00edst ve sd\u00edlen\u00e9 kancel\u00e1\u0159i nebo se pohodln\u011b usa\u010fte v lounge. Dejte si k\u00e1vu a za\u010dn\u011bte pracovat na maximum.<\/p>\n<p>&#8211; Ide\u00e1ln\u00ed pro feelancery a startup spole\u010dnosti<br \/>\n&#8211; \u017d\u00e1dn\u00e9 \u00favazky na kancel\u00e1\u0159e nebo m\u00edsto<br \/>\n&#8211; Voln\u00fd vstup do kancel\u00e1\u0159e nonstop (i p\u0159es noc)<br \/>\n&#8211; P\u0159\u00edjemn\u00e9 pracovn\u00ed prost\u0159ed\u00ed v centru V\u00e1clavsk\u00e9ho n\u00e1m\u011bst\u00ed<br \/>\n&#8211; Zasedac\u00ed m\u00edstnost za v\u00fdhodn\u00fdch podm\u00ednek<br \/>\n&#8211; V\u00fdhodn\u00e9 podm\u00ednky p\u0159i roz\u0161\u00ed\u0159en\u00ed typ\u016f pron\u00e1jmu (upgrade na dal\u0161\u00ed slu\u017eby)<\/p>\n<h3><span style=\"color: #0000ff;\"><strong>Dedicated Desk<\/strong> \u2013 sd\u00edlen\u00e9 kancel\u00e1\u0159e Praha<\/span><\/h3>\n<p>Jde o stejnou variantu jako je p\u0159edchoz\u00ed HotDesk. Tentokr\u00e1t m\u00e1te ov\u0161em sv\u016fj st\u016fl ve sd\u00edlen\u00e9 kancel\u00e1\u0159i. Nemus\u00edte tedy \u0159e\u0161it p\u0159en\u00e1\u0161en\u00ed v\u011bc\u00ed, ale m\u016f\u017eete si je klidn\u011b zamknout ve stole a zvyknout si maxim\u00e1ln\u011b na svoje vlastn\u00ed m\u00edsto.<\/p>\n<p>\u010cerpejte tedy v\u0161echny benefity coworkingu s\u00a0v\u00fdhodou vlastn\u00edho stolu.<\/p>\n<h3><span style=\"color: #0000ff;\"><strong>Private Office<\/strong> \u2013 vlastn\u00ed vybaven\u00e1 kancel\u00e1\u0159<\/span><\/h3>\n<p>Chcete m\u00edt soukrom\u00ed vlastn\u00ed kancel\u00e1\u0159e? Nejste s\u00e1m? Jste skupina, m\u00e1te svoje zam\u011bstnance a chcete jim dop\u0159\u00e1t vlastn\u00ed kancel\u00e1\u0159 a mo\u017enost pracovat v kolektivu s mo\u017enost\u00ed vyu\u017eit\u00ed v\u0161ech benefit\u016f coworkingu? Zvolte tuto variantu a budete nad\u0161eni.<\/p>\n<p>&#8211; Kompletn\u011b vybaven\u00e1 kancel\u00e1\u0159<br \/>\n&#8211; Soukrom\u00ed v p\u0159\u00edpad\u011b pot\u0159eby<br \/>\n&#8211; Maxim\u00e1ln\u00ed produktivita pr\u00e1ce pro kolektiv<br \/>\n&#8211; Jedin\u00e9, co pot\u0159ebujete je v\u00e1\u0161 notebook (v\u0161e ostatn\u00ed je p\u0159ipraven\u00e9 p\u0159\u00edmo pro v\u00e1s)<\/p>\n<p>U\u017eijte si kr\u00e1sn\u00e9 prostory, pohodln\u00e9, modern\u00ed a designov\u00e9 prost\u0159ed\u00ed v\u010detn\u011b modern\u00edho n\u00e1bytku. Dejte si k\u00e1vu a za\u010dn\u011bte pracovat.<\/p>\n<p>Dr\u017e\u00edme v\u00e1m palce, a\u0165 business \u0161lape.<\/p>\n<h2>Ceny coworking pron\u00e1jmu vybaven\u00fdch kancel\u00e1\u0159\u00ed na V\u00e1clavsk\u00e9m n\u00e1m\u011bst\u00ed:<\/h2>\n<p><strong><span style=\"color: #ff0000;\">Ceny \u010dlenstv\u00ed startuj\u00ed na 1.200 K\u010d (bez DPH) a cena vybaven\u00e9 kancel\u00e1\u0159e za\u010d\u00edn\u00e1 na 7.000 K\u010d (bez DPH).<\/span><\/strong><\/p>\n<p><span style=\"color: #ff0000;\">Na\u0161e slu\u017eby, nab\u00eddky na m\u00edru a sjedn\u00e1n\u00ed rychl\u00e9, ale inspirativn\u00ed prohl\u00eddky v centru, je od n\u00e1s samoz\u0159ejm\u011b BEZ PROVIZE.<\/span><\/p>\n<p><span style=\"color: #0000ff;\">Zas\u00edlejte popt\u00e1vky, v\u0161e za\u0159\u00edd\u00edme ihned a k Va\u0161\u00ed maxim\u00e1ln\u00ed spokojenosti a bez provize. <\/span><br \/>\n<span style=\"color: #0000ff;\">Rychl\u00e1 formul\u00e1\u0159 najdete<strong> <a style=\"color: #0000ff;\" href=\"\/poptavka-po-kancelarich-k-pronajmu\/\" target=\"_blank\" rel=\"noopener\">ZDE<\/a>.<\/strong><\/span><br \/>\n<span style=\"color: #0000ff;\">D\u011bkujeme.<\/span><\/p>\n<h2>Doba n\u00e1jmu kancel\u00e1\u0159\u00ed na V\u00e1clavsk\u00e9m n\u00e1m\u011bst\u00ed<\/h2>\n<p>Naprosto flexibiln\u00ed od 1 hodiny do n\u011bkolika let. Vyberte si, co V\u00e1m nejl\u00e9pe vyhovuje bez jak\u00e9hokoli stresu. Soust\u0159e\u010fte se na sv\u016fj business, zbytek za\u0159\u00edd\u00ed coworking centrum p\u0159\u00edmo na V\u00e1clavsk\u00e9m n\u00e1m\u011bst\u00ed.<\/p>\n<h2>Jak poptat v\u00fdhodn\u00fd pron\u00e1jem kancel\u00e1\u0159\u00ed v coworking centru na V\u00e1clavsk\u00e9m n\u00e1m\u011bst\u00ed?<\/h2>\n<p>Vypl\u0148te pros\u00edm <span style=\"color: #0000ff;\"><strong><a style=\"color: #0000ff;\" href=\"\/poptavka-po-kancelarich-k-pronajmu\/\" target=\"_blank\" rel=\"noopener\">Rychl\u00fd popt\u00e1vkov\u00fd formul\u00e1\u0159<\/a><\/strong><\/span>. Najdete\u00a0ho konci textu\u00a0a makl\u00e9\u0159e zodpov\u011bdn\u00e9ho za nemovitosti v prav\u00e9m sloupci.<\/p>\n<div id=\"attachment_3619\" style=\"width: 310px\" class=\"wp-caption alignnone\"><a href=\"https:\/\/www.prazskekancelare.com\/test\/poptavka-po-kancelarich-k-pronajmu\/\" target=\"_blank\" rel=\"noopener\"><img aria-describedby=\"caption-attachment-3619\" loading=\"lazy\" class=\"wp-image-3619 size-medium\" src=\"https:\/\/www.prazskekancelare.com\/test\/wp-content\/uploads\/2019\/12\/poptavejte-bez-provize-300x48.png\" alt=\"sd\u00edlen\u00e9 kancel\u00e1\u0159e coworking praha\" width=\"300\" height=\"48\" srcset=\"https:\/\/www.prazskekancelare.com\/test\/wp-content\/uploads\/2019\/12\/poptavejte-bez-provize-300x48.png 300w, https:\/\/www.prazskekancelare.com\/test\/wp-content\/uploads\/2019\/12\/poptavejte-bez-provize-1024x163.png 1024w\" sizes=\"(max-width: 300px) 100vw, 300px\" \/><\/a><p id=\"caption-attachment-3619\" class=\"wp-caption-text\"><span style=\"color: #999999;\">sd\u00edlen\u00e9 kancel\u00e1\u0159e coworking praha<\/span><\/p><\/div>\n<p>Nebo volejte \/ pi\u0161te nonstop: e-mail:\u00a0<strong><a href=\"mailto:info@prazskekancelare.cz\">info@prazskekancelare.com<\/a>\u00a0<\/strong>\/\u00a0telefon: <strong><span style=\"color: #ff0000;\">+420 773 295 925, +420 723 984 360.\u00a0<\/span><\/strong><\/p>\n<p>D\u011bkujeme,<\/p>\n<p>Pra\u017esk\u00e9 kancel\u00e1\u0159e<\/p>\n","protected":false},"author":1,"featured_media":3052,"comment_status":"closed","ping_status":"closed","template":"","yoast_head":"<!-- This site is optimized with the Yoast SEO plugin v16.4 - https:\/\/yoast.com\/wordpress\/plugins\/seo\/ -->\n<title>COWORKING PRAHA \u2764\ufe0f | Sd\u00edlen\u00e9 Kancel\u00e1\u0159e Praha | CENY &amp; P\u0158EHLED<\/title>\n<meta name=\"description\" content=\"Popt\u00e1vejte Sd\u00edlen\u00e9 Kancel\u00e1\u0159e Praha levn\u011b.\u2714\ufe0f COWORKING Praha ve 100 cowork centrech. Kompletn\u00ed P\u0159ehled, Hodnocen\u00ed a Recenze. Provize 0%?\u2714\ufe0f\" \/>\n<meta name=\"robots\" content=\"noindex, follow, max-snippet:-1, max-image-preview:large, max-video-preview:-1\" \/>\n<meta property=\"og:locale\" content=\"cs_CZ\" \/>\n<meta property=\"og:type\" content=\"article\" \/>\n<meta property=\"og:title\" content=\"COWORKING PRAHA \u2764\ufe0f | Sd\u00edlen\u00e9 Kancel\u00e1\u0159e Praha | CENY &amp; P\u0158EHLED\" \/>\n<meta property=\"og:description\" content=\"Popt\u00e1vejte Sd\u00edlen\u00e9 Kancel\u00e1\u0159e Praha levn\u011b.\u2714\ufe0f COWORKING Praha ve 100 cowork centrech. Kompletn\u00ed P\u0159ehled, Hodnocen\u00ed a Recenze. Provize 0%?\u2714\ufe0f\" \/>\n<meta property=\"og:url\" content=\"https:\/\/www.prazskekancelare.com\/test\/kancelare-k-pronajmu\/coworking-kancelare-hot-desk-vaclavske-namesti-praha-1\/\" \/>\n<meta property=\"og:site_name\" content=\"TEST - Pron\u00e1jem kancel\u00e1\u0159e Praha\" \/>\n<meta property=\"article:modified_time\" content=\"2021-03-03T14:11:18+00:00\" \/>\n<meta property=\"og:image\" content=\"https:\/\/www.prazskekancelare.com\/test\/wp-content\/uploads\/2019\/02\/coworkign-vaclavske-namesti.jpeg\" \/>\n\t<meta property=\"og:image:width\" content=\"1024\" \/>\n\t<meta property=\"og:image:height\" content=\"679\" \/>\n<meta name=\"twitter:card\" content=\"summary\" \/>\n<meta name=\"twitter:label1\" content=\"Odhadovan\u00e1 doba \u010dten\u00ed\" \/>\n\t<meta name=\"twitter:data1\" content=\"4 minuty\" \/>\n<script type=\"application\/ld+json\" class=\"yoast-schema-graph\">{\"@context\":\"https:\/\/schema.org\",\"@graph\":[{\"@type\":\"Organization\",\"@id\":\"https:\/\/www.prazskekancelare.com\/test\/#organization\",\"name\":\"Pron\\u00e1jem kancel\\u00e1\\u0159e Praha\",\"url\":\"https:\/\/www.prazskekancelare.com\/test\/\",\"sameAs\":[],\"logo\":{\"@type\":\"ImageObject\",\"@id\":\"https:\/\/www.prazskekancelare.com\/test\/#logo\",\"inLanguage\":\"cs\",\"url\":\"https:\/\/www.prazskekancelare.com\/test\/wp-content\/uploads\/2018\/05\/prazske-kancelare-com-logo.png\",\"contentUrl\":\"https:\/\/www.prazskekancelare.com\/test\/wp-content\/uploads\/2018\/05\/prazske-kancelare-com-logo.png\",\"width\":242,\"height\":59,\"caption\":\"Pron\\u00e1jem kancel\\u00e1\\u0159e Praha\"},\"image\":{\"@id\":\"https:\/\/www.prazskekancelare.com\/test\/#logo\"}},{\"@type\":\"WebSite\",\"@id\":\"https:\/\/www.prazskekancelare.com\/test\/#website\",\"url\":\"https:\/\/www.prazskekancelare.com\/test\/\",\"name\":\"TEST - Pron\\u00e1jem kancel\\u00e1\\u0159e Praha\",\"description\":\"Pron\\u00e1jem kancel\\u00e1\\u0159e Praha a Kancelare Praha\",\"publisher\":{\"@id\":\"https:\/\/www.prazskekancelare.com\/test\/#organization\"},\"potentialAction\":[{\"@type\":\"SearchAction\",\"target\":\"https:\/\/www.prazskekancelare.com\/test\/?s={search_term_string}\",\"query-input\":\"required name=search_term_string\"}],\"inLanguage\":\"cs\"},{\"@type\":\"ImageObject\",\"@id\":\"https:\/\/www.prazskekancelare.com\/test\/kancelare-k-pronajmu\/coworking-kancelare-hot-desk-vaclavske-namesti-praha-1\/#primaryimage\",\"inLanguage\":\"cs\",\"url\":\"https:\/\/www.prazskekancelare.com\/test\/wp-content\/uploads\/2019\/02\/coworkign-vaclavske-namesti.jpeg\",\"contentUrl\":\"https:\/\/www.prazskekancelare.com\/test\/wp-content\/uploads\/2019\/02\/coworkign-vaclavske-namesti.jpeg\",\"width\":1024,\"height\":679,\"caption\":\"coworking V\\u00e1clavsk\\u00e9 n\\u00e1m\\u011bst\\u00ed Work Lounge\"},{\"@type\":\"WebPage\",\"@id\":\"https:\/\/www.prazskekancelare.com\/test\/kancelare-k-pronajmu\/coworking-kancelare-hot-desk-vaclavske-namesti-praha-1\/#webpage\",\"url\":\"https:\/\/www.prazskekancelare.com\/test\/kancelare-k-pronajmu\/coworking-kancelare-hot-desk-vaclavske-namesti-praha-1\/\",\"name\":\"COWORKING PRAHA \\u2764\\ufe0f | Sd\\u00edlen\\u00e9 Kancel\\u00e1\\u0159e Praha | CENY & P\\u0158EHLED\",\"isPartOf\":{\"@id\":\"https:\/\/www.prazskekancelare.com\/test\/#website\"},\"primaryImageOfPage\":{\"@id\":\"https:\/\/www.prazskekancelare.com\/test\/kancelare-k-pronajmu\/coworking-kancelare-hot-desk-vaclavske-namesti-praha-1\/#primaryimage\"},\"datePublished\":\"2019-01-02T17:24:26+00:00\",\"dateModified\":\"2021-03-03T14:11:18+00:00\",\"description\":\"Popt\\u00e1vejte Sd\\u00edlen\\u00e9 Kancel\\u00e1\\u0159e Praha levn\\u011b.\\u2714\\ufe0f COWORKING Praha ve 100 cowork centrech. Kompletn\\u00ed P\\u0159ehled, Hodnocen\\u00ed a Recenze. Provize 0%?\\u2714\\ufe0f\",\"breadcrumb\":{\"@id\":\"https:\/\/www.prazskekancelare.com\/test\/kancelare-k-pronajmu\/coworking-kancelare-hot-desk-vaclavske-namesti-praha-1\/#breadcrumb\"},\"inLanguage\":\"cs\",\"potentialAction\":[{\"@type\":\"ReadAction\",\"target\":[\"https:\/\/www.prazskekancelare.com\/test\/kancelare-k-pronajmu\/coworking-kancelare-hot-desk-vaclavske-namesti-praha-1\/\"]}]},{\"@type\":\"BreadcrumbList\",\"@id\":\"https:\/\/www.prazskekancelare.com\/test\/kancelare-k-pronajmu\/coworking-kancelare-hot-desk-vaclavske-namesti-praha-1\/#breadcrumb\",\"itemListElement\":[{\"@type\":\"ListItem\",\"position\":1,\"item\":{\"@type\":\"WebPage\",\"@id\":\"https:\/\/www.prazskekancelare.com\/test\/\",\"url\":\"https:\/\/www.prazskekancelare.com\/test\/\",\"name\":\"Dom\\u016f\"}},{\"@type\":\"ListItem\",\"position\":2,\"item\":{\"@type\":\"WebPage\",\"@id\":\"https:\/\/www.prazskekancelare.com\/test\/kancelare-k-pronajmu\/\",\"url\":\"https:\/\/www.prazskekancelare.com\/test\/kancelare-k-pronajmu\/\",\"name\":\"Properties\"}},{\"@type\":\"ListItem\",\"position\":3,\"item\":{\"@id\":\"https:\/\/www.prazskekancelare.com\/test\/kancelare-k-pronajmu\/coworking-kancelare-hot-desk-vaclavske-namesti-praha-1\/#webpage\"}}]}]}<\/script>\n<!-- \/ Yoast SEO plugin. -->","cmb2":{"property_general":{"property_id":"ANO","property_year_built":"","property_address":"V\u00e1clavsk\u00e9 n\u00e1m\u011bst\u00ed 3,\r\n110 00 Praha 1\r\n","property_zip":"","property_contract":"","property_gallery":"","property_plans":"","property_video":"","property_parent_property":""},"property_flags":{"property_featured":"","property_sticky":"","property_reduced":"","property_sold":""},"property_contact":{"property_contact_name":"","property_contact_phone":""},"property_pricing":{"property_price":"1200","property_price_prefix":"od","property_price_suffix":"K\u010d\/m\u011bs\u00edc (\u010dlenstv\u00ed)","property_price_custom":""},"property_attributes":{"property_rooms":"ANO","property_beds":"1","property_baths":"NE","property_garages":"ANO","property_home_area":"","property_lot_dimensions":"","property_lot_area":"2 m2 - 600 m2"},"property_valuation":{"property_valuation_group":""},"property_public_facilities":{"property_public_facilities_group":""},"property_map_location":{"property_map_location":{"latitude":"50.0836238","longitude":"14.4244763"}},"property_relations":{"property_agents":["260"]}},"_links":{"self":[{"href":"https:\/\/www.prazskekancelare.com\/test\/wp-json\/wp\/v2\/property\/3075"}],"collection":[{"href":"https:\/\/www.prazskekancelare.com\/test\/wp-json\/wp\/v2\/property"}],"about":[{"href":"https:\/\/www.prazskekancelare.com\/test\/wp-json\/wp\/v2\/types\/property"}],"author":[{"embeddable":true,"href":"https:\/\/www.prazskekancelare.com\/test\/wp-json\/wp\/v2\/users\/1"}],"replies":[{"embeddable":true,"href":"https:\/\/www.prazskekancelare.com\/test\/wp-json\/wp\/v2\/comments?post=3075"}],"wp:featuredmedia":[{"embeddable":true,"href":"https:\/\/www.prazskekancelare.com\/test\/wp-json\/wp\/v2\/media\/3052"}],"wp:attachment":[{"href":"https:\/\/www.prazskekancelare.com\/test\/wp-json\/wp\/v2\/media?parent=3075"}],"curies":[{"name":"wp","href":"https:\/\/api.w.org\/{rel}","templated":true}]}}