{"id":2981,"date":"2018-11-01T10:52:01","date_gmt":"2018-11-01T09:52:01","guid":{"rendered":"https:\/\/www.prazskekancelare.com\/test\/?post_type=property&#038;p=2981"},"modified":"2019-12-01T10:31:32","modified_gmt":"2019-12-01T09:31:32","slug":"mala-kancelar-obchodni-plocha-retail-palac-ymca","status":"publish","type":"property","link":"https:\/\/www.prazskekancelare.com\/test\/kancelare-k-pronajmu\/mala-kancelar-obchodni-plocha-retail-palac-ymca\/","title":{"rendered":"Mal\u00e1 p\u0159\u00edzemn\u00ed kancel\u00e1\u0159 YMCA <span style=\"color: #ff0000;\">Hork\u00e1 novinka<\/span>"},"content":{"rendered":"<p>\n\t<ul id=\"slideshowgallery121621\" class=\"slideshowgallery121621\" style=\"display:none;\">\n\t\t\t\t\t<!-- From all slides or gallery slides -->\n\t\t\t\t\t\t\t<li>\n\t\t\t\t\t<h3 style=\"opacity:70;\">ymcapronajemkancelariPraha1<\/h3>\n\t\t\t\t\t\t\t\t\t\t\t<span data-alt=\"ymcapronajemkancelaripraha1\">https:\/\/www.prazskekancelare.com\/test\/wp-content\/uploads\/2019\/01\/ymcapronajemkancelaripraha1.jpg<\/span>\n\t\t\t\t\t\t\t\t\t\t<p><\/p>\n\t\t\t\t\t\t\t\t\t\t\t\t\t\t\t\t\t\t<a><img class=\"skip-lazy\" src=\"https:\/\/www.prazskekancelare.com\/test\/wp-content\/uploads\/2019\/01\/ymcapronajemkancelaripraha1-400x300.jpg\" alt=\"ymcapronajemkancelaripraha1\" \/><\/a>\n\t\t\t\t\t\t\t\t\t\t\t\t\t\t\t<\/li>\n\t\t\t\t\t\t\t<li>\n\t\t\t\t\t<h3 style=\"opacity:70;\">YMCAkancelarenapronajem<\/h3>\n\t\t\t\t\t\t\t\t\t\t\t<span data-alt=\"ymcakancelarenapronajem\">https:\/\/www.prazskekancelare.com\/test\/wp-content\/uploads\/2019\/01\/ymcakancelarenapronajem.jpg<\/span>\n\t\t\t\t\t\t\t\t\t\t<p><\/p>\n\t\t\t\t\t\t\t\t\t\t\t\t\t\t\t\t\t\t<a><img class=\"skip-lazy\" src=\"https:\/\/www.prazskekancelare.com\/test\/wp-content\/uploads\/2019\/01\/ymcakancelarenapronajem-400x300.jpg\" alt=\"ymcakancelarenapronajem\" \/><\/a>\n\t\t\t\t\t\t\t\t\t\t\t\t\t\t\t<\/li>\n\t\t\t\t\t\t\t<li>\n\t\t\t\t\t<h3 style=\"opacity:70;\">ymcakancelare<\/h3>\n\t\t\t\t\t\t\t\t\t\t\t<span data-alt=\"ymcakancelare\">https:\/\/www.prazskekancelare.com\/test\/wp-content\/uploads\/2019\/01\/ymcakancelare.jpg<\/span>\n\t\t\t\t\t\t\t\t\t\t<p><\/p>\n\t\t\t\t\t\t\t\t\t\t\t\t\t\t\t\t\t\t<a><img class=\"skip-lazy\" src=\"https:\/\/www.prazskekancelare.com\/test\/wp-content\/uploads\/2019\/01\/ymcakancelare-400x300.jpg\" alt=\"ymcakancelare\" \/><\/a>\n\t\t\t\t\t\t\t\t\t\t\t\t\t\t\t<\/li>\n\t\t\t\t\t\t\t<li>\n\t\t\t\t\t<h3 style=\"opacity:70;\">sportpalacymca<\/h3>\n\t\t\t\t\t\t\t\t\t\t\t<span data-alt=\"sportpalacymca\">https:\/\/www.prazskekancelare.com\/test\/wp-content\/uploads\/2019\/01\/sportpalacymca.jpg<\/span>\n\t\t\t\t\t\t\t\t\t\t<p><\/p>\n\t\t\t\t\t\t\t\t\t\t\t\t\t\t\t\t\t\t<a><img class=\"skip-lazy\" src=\"https:\/\/www.prazskekancelare.com\/test\/wp-content\/uploads\/2019\/01\/sportpalacymca-400x300.jpg\" alt=\"sportpalacymca\" \/><\/a>\n\t\t\t\t\t\t\t\t\t\t\t\t\t\t\t<\/li>\n\t\t\t\t\t\t\t<li>\n\t\t\t\t\t<h3 style=\"opacity:70;\">pronajemkancelareYMCA<\/h3>\n\t\t\t\t\t\t\t\t\t\t\t<span data-alt=\"pronajemkancelareymca\">https:\/\/www.prazskekancelare.com\/test\/wp-content\/uploads\/2019\/01\/pronajemkancelareymca.jpg<\/span>\n\t\t\t\t\t\t\t\t\t\t<p><\/p>\n\t\t\t\t\t\t\t\t\t\t\t\t\t\t\t\t\t\t<a><img class=\"skip-lazy\" src=\"https:\/\/www.prazskekancelare.com\/test\/wp-content\/uploads\/2019\/01\/pronajemkancelareymca-400x300.jpg\" alt=\"pronajemkancelareymca\" \/><\/a>\n\t\t\t\t\t\t\t\t\t\t\t\t\t\t\t<\/li>\n\t\t\t\t\t\t\t<li>\n\t\t\t\t\t<h3 style=\"opacity:70;\">kancelareymcapraha1<\/h3>\n\t\t\t\t\t\t\t\t\t\t\t<span data-alt=\"kancelareymcapraha1\">https:\/\/www.prazskekancelare.com\/test\/wp-content\/uploads\/2019\/01\/kancelareymcapraha1.jpg<\/span>\n\t\t\t\t\t\t\t\t\t\t<p><\/p>\n\t\t\t\t\t\t\t\t\t\t\t\t\t\t\t\t\t\t<a><img class=\"skip-lazy\" src=\"https:\/\/www.prazskekancelare.com\/test\/wp-content\/uploads\/2019\/01\/kancelareymcapraha1-400x300.jpg\" alt=\"kancelareymcapraha1\" \/><\/a>\n\t\t\t\t\t\t\t\t\t\t\t\t\t\t\t<\/li>\n\t\t\t\t\t\t\t<li>\n\t\t\t\t\t<h3 style=\"opacity:70;\">kancelarkpronajmuYMCA<\/h3>\n\t\t\t\t\t\t\t\t\t\t\t<span data-alt=\"kancelarkpronajmuymca\">https:\/\/www.prazskekancelare.com\/test\/wp-content\/uploads\/2019\/01\/kancelarkpronajmuymca.jpg<\/span>\n\t\t\t\t\t\t\t\t\t\t<p><\/p>\n\t\t\t\t\t\t\t\t\t\t\t\t\t\t\t\t\t\t<a><img class=\"skip-lazy\" src=\"https:\/\/www.prazskekancelare.com\/test\/wp-content\/uploads\/2019\/01\/kancelarkpronajmuymca-400x300.jpg\" alt=\"kancelarkpronajmuymca\" \/><\/a>\n\t\t\t\t\t\t\t\t\t\t\t\t\t\t\t<\/li>\n\t\t\t\t\t\t\t<li>\n\t\t\t\t\t<h3 style=\"opacity:70;\">palacymcakancelare<\/h3>\n\t\t\t\t\t\t\t\t\t\t\t<span data-alt=\"palacymcakancelare\">https:\/\/www.prazskekancelare.com\/test\/wp-content\/uploads\/2019\/01\/palacymcakancelare.jpg<\/span>\n\t\t\t\t\t\t\t\t\t\t<p><\/p>\n\t\t\t\t\t\t\t\t\t\t\t\t\t\t\t\t\t\t<a><img class=\"skip-lazy\" src=\"https:\/\/www.prazskekancelare.com\/test\/wp-content\/uploads\/2019\/01\/palacymcakancelare-400x300.jpg\" alt=\"palacymcakancelare\" \/><\/a>\n\t\t\t\t\t\t\t\t\t\t\t\t\t\t\t<\/li>\n\t\t\t\t\t\t\t<li>\n\t\t\t\t\t<h3 style=\"opacity:70;\">planekkancelariymca<\/h3>\n\t\t\t\t\t\t\t\t\t\t\t<span data-alt=\"planekkancelariymca\">https:\/\/www.prazskekancelare.com\/test\/wp-content\/uploads\/2019\/01\/planekkancelariymca.jpg<\/span>\n\t\t\t\t\t\t\t\t\t\t<p><\/p>\n\t\t\t\t\t\t\t\t\t\t\t\t\t\t\t\t\t\t<a><img class=\"skip-lazy\" src=\"https:\/\/www.prazskekancelare.com\/test\/wp-content\/uploads\/2019\/01\/planekkancelariymca-400x300.jpg\" alt=\"planekkancelariymca\" \/><\/a>\n\t\t\t\t\t\t\t\t\t\t\t\t\t\t\t<\/li>\n\t\t\t\t\t\t\t<li>\n\t\t\t\t\t<h3 style=\"opacity:70;\">bazenpalacymca<\/h3>\n\t\t\t\t\t\t\t\t\t\t\t<span data-alt=\"bazenpalacymca\">https:\/\/www.prazskekancelare.com\/test\/wp-content\/uploads\/2019\/01\/bazenpalacymca.jpg<\/span>\n\t\t\t\t\t\t\t\t\t\t<p><\/p>\n\t\t\t\t\t\t\t\t\t\t\t\t\t\t\t\t\t\t<a><img class=\"skip-lazy\" src=\"https:\/\/www.prazskekancelare.com\/test\/wp-content\/uploads\/2019\/01\/bazenpalacymca-400x300.jpg\" alt=\"bazenpalacymca\" \/><\/a>\n\t\t\t\t\t\t\t\t\t\t\t\t\t\t\t<\/li>\n\t\t\t\t\t\t\t<li>\n\t\t\t\t\t<h3 style=\"opacity:70;\">fitcentrumpalacymca<\/h3>\n\t\t\t\t\t\t\t\t\t\t\t<span data-alt=\"fitcentrumpalacymca\">https:\/\/www.prazskekancelare.com\/test\/wp-content\/uploads\/2019\/01\/fitcentrumpalacymca.jpg<\/span>\n\t\t\t\t\t\t\t\t\t\t<p><\/p>\n\t\t\t\t\t\t\t\t\t\t\t\t\t\t\t\t\t\t<a><img class=\"skip-lazy\" src=\"https:\/\/www.prazskekancelare.com\/test\/wp-content\/uploads\/2019\/01\/fitcentrumpalacymca-400x300.jpg\" alt=\"fitcentrumpalacymca\" \/><\/a>\n\t\t\t\t\t\t\t\t\t\t\t\t\t\t\t<\/li>\n\t\t\t\t\t\t\t<li>\n\t\t\t\t\t<h3 style=\"opacity:70;\">kancelarenapronajemymca<\/h3>\n\t\t\t\t\t\t\t\t\t\t\t<span data-alt=\"kancelarenapronajemymca\">https:\/\/www.prazskekancelare.com\/test\/wp-content\/uploads\/2019\/01\/kancelarenapronajemymca.jpg<\/span>\n\t\t\t\t\t\t\t\t\t\t<p><\/p>\n\t\t\t\t\t\t\t\t\t\t\t\t\t\t\t\t\t\t<a><img class=\"skip-lazy\" src=\"https:\/\/www.prazskekancelare.com\/test\/wp-content\/uploads\/2019\/01\/kancelarenapronajemymca-400x300.jpg\" alt=\"kancelarenapronajemymca\" \/><\/a>\n\t\t\t\t\t\t\t\t\t\t\t\t\t\t\t<\/li>\n\t\t\t\t\t\t\t<li>\n\t\t\t\t\t<h3 style=\"opacity:70;\">kancelareprizemiymca<\/h3>\n\t\t\t\t\t\t\t\t\t\t\t<span data-alt=\"kancelareprizemiymca\">https:\/\/www.prazskekancelare.com\/test\/wp-content\/uploads\/2019\/01\/kancelareprizemiymca.jpg<\/span>\n\t\t\t\t\t\t\t\t\t\t<p><\/p>\n\t\t\t\t\t\t\t\t\t\t\t\t\t\t\t\t\t\t<a><img class=\"skip-lazy\" src=\"https:\/\/www.prazskekancelare.com\/test\/wp-content\/uploads\/2019\/01\/kancelareprizemiymca-400x300.jpg\" alt=\"kancelareprizemiymca\" \/><\/a>\n\t\t\t\t\t\t\t\t\t\t\t\t\t\t\t<\/li>\n\t\t\t\t\t\t\t<li>\n\t\t\t\t\t<h3 style=\"opacity:70;\">kancelarevymcenamestirepubliky<\/h3>\n\t\t\t\t\t\t\t\t\t\t\t<span data-alt=\"kancelarevymcenamestirepubliky\">https:\/\/www.prazskekancelare.com\/test\/wp-content\/uploads\/2019\/01\/kancelarevymcenamestirepubliky.jpg<\/span>\n\t\t\t\t\t\t\t\t\t\t<p><\/p>\n\t\t\t\t\t\t\t\t\t\t\t\t\t\t\t\t\t\t<a><img class=\"skip-lazy\" src=\"https:\/\/www.prazskekancelare.com\/test\/wp-content\/uploads\/2019\/01\/kancelarevymcenamestirepubliky-400x300.jpg\" alt=\"kancelarevymcenamestirepubliky\" \/><\/a>\n\t\t\t\t\t\t\t\t\t\t\t\t\t\t\t<\/li>\n\t\t\t\t\t\t\t<li>\n\t\t\t\t\t<h3 style=\"opacity:70;\">kancelareYMCA<\/h3>\n\t\t\t\t\t\t\t\t\t\t\t<span data-alt=\"kancelareymca\">https:\/\/www.prazskekancelare.com\/test\/wp-content\/uploads\/2019\/01\/kancelareymca.jpg<\/span>\n\t\t\t\t\t\t\t\t\t\t<p><\/p>\n\t\t\t\t\t\t\t\t\t\t\t\t\t\t\t\t\t\t<a><img class=\"skip-lazy\" src=\"https:\/\/www.prazskekancelare.com\/test\/wp-content\/uploads\/2019\/01\/kancelareymca-400x300.jpg\" alt=\"kancelareymca\" \/><\/a>\n\t\t\t\t\t\t\t\t\t\t\t\t\t\t\t<\/li>\n\t\t\t\t\t\t\t<li>\n\t\t\t\t\t<h3 style=\"opacity:70;\">kancelareymcapraha<\/h3>\n\t\t\t\t\t\t\t\t\t\t\t<span data-alt=\"kancelareymcapraha\">https:\/\/www.prazskekancelare.com\/test\/wp-content\/uploads\/2019\/01\/kancelareymcapraha.jpg<\/span>\n\t\t\t\t\t\t\t\t\t\t<p><\/p>\n\t\t\t\t\t\t\t\t\t\t\t\t\t\t\t\t\t\t<a><img class=\"skip-lazy\" src=\"https:\/\/www.prazskekancelare.com\/test\/wp-content\/uploads\/2019\/01\/kancelareymcapraha-400x300.jpg\" alt=\"kancelareymcapraha\" \/><\/a>\n\t\t\t\t\t\t\t\t\t\t\t\t\t\t\t<\/li>\n\t\t\t\t\t\t\t<li>\n\t\t\t\t\t<h3 style=\"opacity:70;\">ymcakancelarkpronajmu<\/h3>\n\t\t\t\t\t\t\t\t\t\t\t<span data-alt=\"ymcakancelarkpronajmu\">https:\/\/www.prazskekancelare.com\/test\/wp-content\/uploads\/2019\/01\/ymcakancelarkpronajmu.jpg<\/span>\n\t\t\t\t\t\t\t\t\t\t<p><\/p>\n\t\t\t\t\t\t\t\t\t\t\t\t\t\t\t\t\t\t<a><img class=\"skip-lazy\" src=\"https:\/\/www.prazskekancelare.com\/test\/wp-content\/uploads\/2019\/01\/ymcakancelarkpronajmu-400x300.jpg\" alt=\"ymcakancelarkpronajmu\" \/><\/a>\n\t\t\t\t\t\t\t\t\t\t\t\t\t\t\t<\/li>\n\t\t\t\t\t\t<\/ul>\n\n\t\t<div id=\"slideshow-wrappergallery121621\" class=\"slideshow-wrapper\" style=\"--slideshow-width:2032px\">\n\t\t\n\t\t<div class=\"slideshow-fullsize\" id=\"fullsizegallery121621\">\n\t\t\t\t\t\t\t\t\t\t\t\t\t\t<div id=\"imgprevgallery121621\" class=\"slideshow-imgprev imgnav\" title=\"Previous Image\">Previous Image<\/div>\n\t\t\t\t\t\t<a id=\"imglinkgallery121621\" class=\"slideshow-imglink imglink\">\n\t\t\t\t<!-- link -->\n\t\t\t<\/a>\n\t\t\t\t\t\t\t\t\t\t\t<div id=\"imgnextgallery121621\" class=\"slideshow-imgnext imgnav\" title=\"Next Image\">Next Image<\/div>\n\t\t\t\t\t\t<div id=\"imagegallery121621\" class=\"slideshow-image\"><\/div>\n\t\t\t<div class=\"slideshow-information infobottom\" id=\"informationgallery121621\">\n\t\t\t\t<h3 class=\"slideshow-info-heading\">info heading<\/h3>\n\t\t\t\t<p class=\"slideshow-info-content\">info content<\/p>\n\t\t\t<\/div>\n\t\t<\/div>\n\n\t\t\t\t\t<div id=\"thumbnailsgallery121621\" class=\"slideshow-thumbnails thumbsbot\">\n\t\t\t\t<div class=\"slideshow-slideleft\" id=\"slideleftgallery121621\" title=\"Slide Left\"><\/div>\n\t\t\t\t<div class=\"slideshow-slidearea\" id=\"slideareagallery121621\">\n\t\t\t\t\t<div class=\"slideshow-slider\" id=\"slidergallery121621\"><\/div>\n\t\t\t\t<\/div>\n\t\t\t\t<div class=\"slideshow-slideright\" id=\"sliderightgallery121621\" title=\"Slide Right\"><\/div>\n\t\t\t\t<br style=\"clear:both; visibility:hidden; height:1px;\" \/>\n\t\t\t<\/div>\n\t\t\t<\/div>\n\n\t<br \/>\nNab\u00edz\u00edme 27m <strong>kancel\u00e1\u0159 Pal\u00e1ce YMCA\u00a0\u2705<\/strong>. Jde o <strong>lukrativn\u00ed kancel\u00e1\u0159<\/strong> se vstupem z pas\u00e1\u017ee <strong>YMCA<\/strong>. Vhodn\u00e9 pro cestovn\u00ed agenturu \/ kancel\u00e1\u0159, vzorkovnu nebo prodejce sportovn\u00edch i jin\u00fdch pot\u0159eb&#8230;<\/p>\n<p><span style=\"color: #ff0000;\"><strong>N\u00e1\u0161 tip:<\/strong> Poj\u010fme se tam spole\u010dn\u011b na p\u00e1r minut pod\u00edvat. Malometr\u00e1\u017en\u00edch kancel\u00e1\u0159\u00ed nen\u00ed v centru Prahy mnoho a u\u017e v\u016fbec ne v Pal\u00e1ci YMCA. <\/span><\/p>\n<p><span style=\"color: #ff0000;\"><strong>Jde o jedinou volnou kancel\u00e1\u0159 v Pal\u00e1ci YMCA.<\/strong> To dokazuje, jak\u00fd je o budovu z\u00e1jem. Nechte n\u00e1s bez provize za\u0159\u00eddit rychlou prohl\u00eddku. Budete nad\u0161eni.<\/span><\/p>\n<p><a href=\"\/poptavka-po-kancelarich-k-pronajmu\/\" target=\"_blank\"><img loading=\"lazy\" class=\"alignnone wp-image-3619 size-medium\" src=\"https:\/\/www.prazskekancelare.com\/test\/wp-content\/uploads\/2019\/12\/poptavejte-bez-provize-300x48.png\" alt=\"popt\u00e1vejte kancel\u00e1\u0159 bez provize\" width=\"300\" height=\"48\" srcset=\"https:\/\/www.prazskekancelare.com\/test\/wp-content\/uploads\/2019\/12\/poptavejte-bez-provize-300x48.png 300w, https:\/\/www.prazskekancelare.com\/test\/wp-content\/uploads\/2019\/12\/poptavejte-bez-provize-1024x163.png 1024w\" sizes=\"(max-width: 300px) 100vw, 300px\" \/><\/a><\/p>\n<h2>Neuv\u011b\u0159iteln\u00e9 v\u00fdhody kancel\u00e1\u0159\u00ed v YMCE<\/h2>\n<p>\u2013 Lokalita a dosa\u017eitelnost hromadnou dopravou<br \/>\n\u2013 Reprezentativn\u00ed adresa a notoricky zn\u00e1m\u00e1 stavba<br \/>\n\u2013 Modern\u00ed kancel\u00e1\u0159e s vysok\u00fdmi stropy<br \/>\n\u2013 V\u00fdborn\u00e1 ob\u010dansk\u00e1 a obchodn\u00ed vybavenost budovy i okol\u00ed<br \/>\n\u2013 Skv\u011bl\u00fd potenci\u00e1l budovy v r\u00e1mci mo\u017en\u00fdch obchodn\u00edch partner\u016f<br \/>\n\u2013 Vybaven\u00ed budovy (posilovna, baz\u00e9n, sauna, okruh na b\u011bh\u00e1n\u00ed,\u2026)<br \/>\n\u2013 V\u00fdborn\u00e1 kav\u00e1rna a restaurace v dom\u011b<br \/>\n\u2013 Vzduchotechnika, koberce, otev\u00edrateln\u00e1 okna<br \/>\n\u2013 V\u00fdtah do v\u0161ech pater<br \/>\n\u2013 Zaji\u0161t\u011bn\u00e9 parkov\u00e1n\u00ed<br \/>\n\u2013 Atmosf\u00e9ra budovy<br \/>\n&#8211; Skv\u011bl\u00e1 cena a znovu opakujeme <span style=\"color: #ff0000;\"><strong>zprost\u0159edkov\u00e1n\u00ed BEZ provize<\/strong><\/span><\/p>\n<h2>Kancel\u00e1\u0159e YMCA bez provize<\/h2>\n<p><span style=\"color: #0000ff;\">Zas\u00edlejte popt\u00e1vky po <strong>kancel\u00e1\u0159\u00edch v Pal\u00e1ci YMCA<\/strong>, v\u0161e za\u0159\u00edd\u00edme ihned a k Va\u0161\u00ed maxim\u00e1ln\u00ed spokojenosti a bez provize. <\/span><br \/>\n<span style=\"color: #0000ff;\">Rychl\u00e1 formul\u00e1\u0159 najdete<strong> <a style=\"color: #0000ff;\" href=\"\/poptavka-po-kancelarich-k-pronajmu\/\" target=\"_blank\">ZDE<\/a>.<\/strong><\/span><br \/>\n<span style=\"color: #0000ff;\">D\u011bkujeme.<\/span><\/p>\n<h2>Jak poptat lukrativn\u00ed pron\u00e1jem kancel\u00e1\u0159\u00ed YMCE?<\/h2>\n<p>Vypl\u0148te pros\u00edm <span style=\"color: #0000ff;\"><strong><a style=\"color: #0000ff;\" href=\"\/poptavka-po-kancelarich-k-pronajmu\/\" target=\"_blank\">Rychl\u00fd popt\u00e1vkov\u00fd formul\u00e1\u0159<\/a><\/strong><\/span>. Najdete\u00a0ho konci textu\u00a0a makl\u00e9\u0159e zodpov\u011bdn\u00e9ho za nemovitosti v prav\u00e9m sloupci.<\/p>\n<p>Nebo volejte \/ pi\u0161te nonstop: e-mail:\u00a0<strong><a href=\"mailto:info@prazskekancelare.cz\">info@prazskekancelare.com<\/a>\u00a0<\/strong>\/\u00a0telefon: <strong><span style=\"color: #ff0000;\">+420 773 295 925, +420 723 984 360.\u00a0<\/span><\/strong><\/p>\n<p>D\u011bkujeme za V\u00e1\u0161 \u010das,<\/p>\n<p>Pra\u017esk\u00e9 kancel\u00e1\u0159e<\/p>\n","protected":false},"author":1,"featured_media":2975,"comment_status":"closed","ping_status":"closed","template":"","yoast_head":"<!-- This site is optimized with the Yoast SEO plugin v16.4 - https:\/\/yoast.com\/wordpress\/plugins\/seo\/ -->\n<title>PAL\u00c1C YMCA kancel\u00e1\u0159e Praha 1 | 0% Provize | 100 Kancel\u00e1\u0159\u00ed<\/title>\n<meta name=\"description\" content=\"Popt\u00e1vejte kancel\u00e1\u0159e Pal\u00e1c Ymca Praha 1 \u2705| Kancel\u00e1\u0159e k pron\u00e1jmu Na Po\u0159\u00ed\u010d\u00ed Pal\u00e1c Ymca \u2705 Nab\u00eddky pron\u00e1jm\u016f kancel\u00e1\u0159\u00ed do 30 minut | Provize 0%.\" \/>\n<meta name=\"robots\" content=\"noindex, follow, max-snippet:-1, max-image-preview:large, max-video-preview:-1\" \/>\n<meta property=\"og:locale\" content=\"cs_CZ\" \/>\n<meta property=\"og:type\" content=\"article\" \/>\n<meta property=\"og:title\" content=\"PAL\u00c1C YMCA kancel\u00e1\u0159e Praha 1 | 0% Provize | 100 Kancel\u00e1\u0159\u00ed\" \/>\n<meta property=\"og:description\" content=\"Popt\u00e1vejte kancel\u00e1\u0159e Pal\u00e1c Ymca Praha 1 \u2705| Kancel\u00e1\u0159e k pron\u00e1jmu Na Po\u0159\u00ed\u010d\u00ed Pal\u00e1c Ymca \u2705 Nab\u00eddky pron\u00e1jm\u016f kancel\u00e1\u0159\u00ed do 30 minut | Provize 0%.\" \/>\n<meta property=\"og:url\" content=\"https:\/\/www.prazskekancelare.com\/test\/kancelare-k-pronajmu\/mala-kancelar-obchodni-plocha-retail-palac-ymca\/\" \/>\n<meta property=\"og:site_name\" content=\"TEST - Pron\u00e1jem kancel\u00e1\u0159e Praha\" \/>\n<meta property=\"article:modified_time\" content=\"2019-12-01T09:31:32+00:00\" \/>\n<meta property=\"og:image\" content=\"https:\/\/www.prazskekancelare.com\/test\/wp-content\/uploads\/2019\/01\/pronajemkancelareymca.jpg\" \/>\n\t<meta property=\"og:image:width\" content=\"810\" \/>\n\t<meta property=\"og:image:height\" content=\"522\" \/>\n<meta name=\"twitter:card\" content=\"summary\" \/>\n<meta name=\"twitter:label1\" content=\"Odhadovan\u00e1 doba \u010dten\u00ed\" \/>\n\t<meta name=\"twitter:data1\" content=\"1 minuta\" \/>\n<script type=\"application\/ld+json\" class=\"yoast-schema-graph\">{\"@context\":\"https:\/\/schema.org\",\"@graph\":[{\"@type\":\"Organization\",\"@id\":\"https:\/\/www.prazskekancelare.com\/test\/#organization\",\"name\":\"Pron\\u00e1jem kancel\\u00e1\\u0159e Praha\",\"url\":\"https:\/\/www.prazskekancelare.com\/test\/\",\"sameAs\":[],\"logo\":{\"@type\":\"ImageObject\",\"@id\":\"https:\/\/www.prazskekancelare.com\/test\/#logo\",\"inLanguage\":\"cs\",\"url\":\"https:\/\/www.prazskekancelare.com\/test\/wp-content\/uploads\/2018\/05\/prazske-kancelare-com-logo.png\",\"contentUrl\":\"https:\/\/www.prazskekancelare.com\/test\/wp-content\/uploads\/2018\/05\/prazske-kancelare-com-logo.png\",\"width\":242,\"height\":59,\"caption\":\"Pron\\u00e1jem kancel\\u00e1\\u0159e Praha\"},\"image\":{\"@id\":\"https:\/\/www.prazskekancelare.com\/test\/#logo\"}},{\"@type\":\"WebSite\",\"@id\":\"https:\/\/www.prazskekancelare.com\/test\/#website\",\"url\":\"https:\/\/www.prazskekancelare.com\/test\/\",\"name\":\"TEST - Pron\\u00e1jem kancel\\u00e1\\u0159e Praha\",\"description\":\"Pron\\u00e1jem kancel\\u00e1\\u0159e Praha a Kancelare Praha\",\"publisher\":{\"@id\":\"https:\/\/www.prazskekancelare.com\/test\/#organization\"},\"potentialAction\":[{\"@type\":\"SearchAction\",\"target\":\"https:\/\/www.prazskekancelare.com\/test\/?s={search_term_string}\",\"query-input\":\"required name=search_term_string\"}],\"inLanguage\":\"cs\"},{\"@type\":\"ImageObject\",\"@id\":\"https:\/\/www.prazskekancelare.com\/test\/kancelare-k-pronajmu\/mala-kancelar-obchodni-plocha-retail-palac-ymca\/#primaryimage\",\"inLanguage\":\"cs\",\"url\":\"https:\/\/www.prazskekancelare.com\/test\/wp-content\/uploads\/2019\/01\/pronajemkancelareymca.jpg\",\"contentUrl\":\"https:\/\/www.prazskekancelare.com\/test\/wp-content\/uploads\/2019\/01\/pronajemkancelareymca.jpg\",\"width\":810,\"height\":522,\"caption\":\"Pal\\u00e1c YMCA kancel\\u00e1\\u0159 k pron\\u00e1jmu p\\u0159\\u00edzem\\u00ed\"},{\"@type\":\"WebPage\",\"@id\":\"https:\/\/www.prazskekancelare.com\/test\/kancelare-k-pronajmu\/mala-kancelar-obchodni-plocha-retail-palac-ymca\/#webpage\",\"url\":\"https:\/\/www.prazskekancelare.com\/test\/kancelare-k-pronajmu\/mala-kancelar-obchodni-plocha-retail-palac-ymca\/\",\"name\":\"PAL\\u00c1C YMCA kancel\\u00e1\\u0159e Praha 1 | 0% Provize | 100 Kancel\\u00e1\\u0159\\u00ed\",\"isPartOf\":{\"@id\":\"https:\/\/www.prazskekancelare.com\/test\/#website\"},\"primaryImageOfPage\":{\"@id\":\"https:\/\/www.prazskekancelare.com\/test\/kancelare-k-pronajmu\/mala-kancelar-obchodni-plocha-retail-palac-ymca\/#primaryimage\"},\"datePublished\":\"2018-11-01T09:52:01+00:00\",\"dateModified\":\"2019-12-01T09:31:32+00:00\",\"description\":\"Popt\\u00e1vejte kancel\\u00e1\\u0159e Pal\\u00e1c Ymca Praha 1 \\u2705| Kancel\\u00e1\\u0159e k pron\\u00e1jmu Na Po\\u0159\\u00ed\\u010d\\u00ed Pal\\u00e1c Ymca \\u2705 Nab\\u00eddky pron\\u00e1jm\\u016f kancel\\u00e1\\u0159\\u00ed do 30 minut | Provize 0%.\",\"breadcrumb\":{\"@id\":\"https:\/\/www.prazskekancelare.com\/test\/kancelare-k-pronajmu\/mala-kancelar-obchodni-plocha-retail-palac-ymca\/#breadcrumb\"},\"inLanguage\":\"cs\",\"potentialAction\":[{\"@type\":\"ReadAction\",\"target\":[\"https:\/\/www.prazskekancelare.com\/test\/kancelare-k-pronajmu\/mala-kancelar-obchodni-plocha-retail-palac-ymca\/\"]}]},{\"@type\":\"BreadcrumbList\",\"@id\":\"https:\/\/www.prazskekancelare.com\/test\/kancelare-k-pronajmu\/mala-kancelar-obchodni-plocha-retail-palac-ymca\/#breadcrumb\",\"itemListElement\":[{\"@type\":\"ListItem\",\"position\":1,\"item\":{\"@type\":\"WebPage\",\"@id\":\"https:\/\/www.prazskekancelare.com\/test\/\",\"url\":\"https:\/\/www.prazskekancelare.com\/test\/\",\"name\":\"Dom\\u016f\"}},{\"@type\":\"ListItem\",\"position\":2,\"item\":{\"@type\":\"WebPage\",\"@id\":\"https:\/\/www.prazskekancelare.com\/test\/kancelare-k-pronajmu\/\",\"url\":\"https:\/\/www.prazskekancelare.com\/test\/kancelare-k-pronajmu\/\",\"name\":\"Properties\"}},{\"@type\":\"ListItem\",\"position\":3,\"item\":{\"@id\":\"https:\/\/www.prazskekancelare.com\/test\/kancelare-k-pronajmu\/mala-kancelar-obchodni-plocha-retail-palac-ymca\/#webpage\"}}]}]}<\/script>\n<!-- \/ Yoast SEO plugin. -->","cmb2":{"property_general":{"property_id":"ANO","property_year_built":"","property_address":"Na Po\u0159\u00ed\u010d\u00ed 1041\/12,\r\n100 00 Praha 1\r\n","property_zip":"","property_contract":"","property_gallery":"","property_plans":"","property_video":"","property_parent_property":""},"property_flags":{"property_featured":"","property_sticky":"","property_reduced":"","property_sold":""},"property_contact":{"property_contact_name":"","property_contact_phone":""},"property_pricing":{"property_price":"340","property_price_prefix":"od","property_price_suffix":"K\u010d\/m2","property_price_custom":""},"property_attributes":{"property_rooms":"NE","property_beds":"7","property_baths":"NE","property_garages":"\u010d\u00e1ste\u010dn\u011b","property_home_area":"","property_lot_dimensions":"","property_lot_area":"p\u0159esn\u011b 27 m2"},"property_valuation":{"property_valuation_group":""},"property_public_facilities":{"property_public_facilities_group":""},"property_map_location":{"property_map_location":{"latitude":"50.0892167","longitude":"14.4309127"}},"property_relations":{"property_agents":["260"]}},"_links":{"self":[{"href":"https:\/\/www.prazskekancelare.com\/test\/wp-json\/wp\/v2\/property\/2981"}],"collection":[{"href":"https:\/\/www.prazskekancelare.com\/test\/wp-json\/wp\/v2\/property"}],"about":[{"href":"https:\/\/www.prazskekancelare.com\/test\/wp-json\/wp\/v2\/types\/property"}],"author":[{"embeddable":true,"href":"https:\/\/www.prazskekancelare.com\/test\/wp-json\/wp\/v2\/users\/1"}],"replies":[{"embeddable":true,"href":"https:\/\/www.prazskekancelare.com\/test\/wp-json\/wp\/v2\/comments?post=2981"}],"wp:featuredmedia":[{"embeddable":true,"href":"https:\/\/www.prazskekancelare.com\/test\/wp-json\/wp\/v2\/media\/2975"}],"wp:attachment":[{"href":"https:\/\/www.prazskekancelare.com\/test\/wp-json\/wp\/v2\/media?parent=2981"}],"curies":[{"name":"wp","href":"https:\/\/api.w.org\/{rel}","templated":true}]}}