{"id":2961,"date":"2018-12-06T11:05:02","date_gmt":"2018-12-06T10:05:02","guid":{"rendered":"https:\/\/www.prazskekancelare.com\/test\/?post_type=property&#038;p=2961"},"modified":"2020-03-05T11:21:17","modified_gmt":"2020-03-05T10:21:17","slug":"city-tower-kancelare-pankrac-business-center-praha-4","status":"publish","type":"property","link":"https:\/\/www.prazskekancelare.com\/test\/kancelare-k-pronajmu\/city-tower-kancelare-pankrac-business-center-praha-4\/","title":{"rendered":"City Tower kancel\u00e1\u0159e <span style=\"color: #ff0000;\">TOP budova v PRAZE<\/span>"},"content":{"rendered":"\n\t<ul id=\"slideshowgallery120585\" class=\"slideshowgallery120585\" style=\"display:none;\">\n\t\t\t\t\t<!-- From all slides or gallery slides -->\n\t\t\t\t\t\t\t<li>\n\t\t\t\t\t<h3 style=\"opacity:70;\">pankrackancelarecitytower<\/h3>\n\t\t\t\t\t\t\t\t\t\t\t<span data-alt=\"pankrackancelarecitytower\">https:\/\/www.prazskekancelare.com\/test\/wp-content\/uploads\/2018\/12\/pankrackancelarecitytower.jpg<\/span>\n\t\t\t\t\t\t\t\t\t\t<p><\/p>\n\t\t\t\t\t\t\t\t\t\t\t\t\t\t\t\t\t\t<a><img class=\"skip-lazy\" src=\"https:\/\/www.prazskekancelare.com\/test\/wp-content\/uploads\/2018\/12\/pankrackancelarecitytower-400x300.jpg\" alt=\"pankrackancelarecitytower\" \/><\/a>\n\t\t\t\t\t\t\t\t\t\t\t\t\t\t\t<\/li>\n\t\t\t\t\t\t\t<li>\n\t\t\t\t\t<h3 style=\"opacity:70;\">kancelareCityTower<\/h3>\n\t\t\t\t\t\t\t\t\t\t\t<span data-alt=\"kancelarecitytower\">https:\/\/www.prazskekancelare.com\/test\/wp-content\/uploads\/2018\/12\/kancelarecitytower.jpg<\/span>\n\t\t\t\t\t\t\t\t\t\t<p><\/p>\n\t\t\t\t\t\t\t\t\t\t\t\t\t\t\t\t\t\t<a><img class=\"skip-lazy\" src=\"https:\/\/www.prazskekancelare.com\/test\/wp-content\/uploads\/2018\/12\/kancelarecitytower-400x300.jpg\" alt=\"kancelarecitytower\" \/><\/a>\n\t\t\t\t\t\t\t\t\t\t\t\t\t\t\t<\/li>\n\t\t\t\t\t\t\t<li>\n\t\t\t\t\t<h3 style=\"opacity:70;\">citytower<\/h3>\n\t\t\t\t\t\t\t\t\t\t\t<span data-alt=\"citytower\">https:\/\/www.prazskekancelare.com\/test\/wp-content\/uploads\/2018\/12\/citytower.jpg<\/span>\n\t\t\t\t\t\t\t\t\t\t<p><\/p>\n\t\t\t\t\t\t\t\t\t\t\t\t\t\t\t\t\t\t<a><img class=\"skip-lazy\" src=\"https:\/\/www.prazskekancelare.com\/test\/wp-content\/uploads\/2018\/12\/citytower-400x300.jpg\" alt=\"citytower\" \/><\/a>\n\t\t\t\t\t\t\t\t\t\t\t\t\t\t\t<\/li>\n\t\t\t\t\t\t\t<li>\n\t\t\t\t\t<h3 style=\"opacity:70;\">vyhodnypronajemkancelarecitytower<\/h3>\n\t\t\t\t\t\t\t\t\t\t\t<span data-alt=\"vyhodnypronajemkancelarecitytower\">https:\/\/www.prazskekancelare.com\/test\/wp-content\/uploads\/2018\/12\/vyhodnypronajemkancelarecitytower.jpg<\/span>\n\t\t\t\t\t\t\t\t\t\t<p><\/p>\n\t\t\t\t\t\t\t\t\t\t\t\t\t\t\t\t\t\t<a><img class=\"skip-lazy\" src=\"https:\/\/www.prazskekancelare.com\/test\/wp-content\/uploads\/2018\/12\/vyhodnypronajemkancelarecitytower-400x300.jpg\" alt=\"vyhodnypronajemkancelarecitytower\" \/><\/a>\n\t\t\t\t\t\t\t\t\t\t\t\t\t\t\t<\/li>\n\t\t\t\t\t\t\t<li>\n\t\t\t\t\t<h3 style=\"opacity:70;\">skladykpronajmucitytower<\/h3>\n\t\t\t\t\t\t\t\t\t\t\t<span data-alt=\"skladykpronajmucitytower\">https:\/\/www.prazskekancelare.com\/test\/wp-content\/uploads\/2018\/12\/skladykpronajmucitytower.jpg<\/span>\n\t\t\t\t\t\t\t\t\t\t<p><\/p>\n\t\t\t\t\t\t\t\t\t\t\t\t\t\t\t\t\t\t<a><img class=\"skip-lazy\" src=\"https:\/\/www.prazskekancelare.com\/test\/wp-content\/uploads\/2018\/12\/skladykpronajmucitytower-400x300.jpg\" alt=\"skladykpronajmucitytower\" \/><\/a>\n\t\t\t\t\t\t\t\t\t\t\t\t\t\t\t<\/li>\n\t\t\t\t\t\t\t<li>\n\t\t\t\t\t<h3 style=\"opacity:70;\">kancelarepankrac<\/h3>\n\t\t\t\t\t\t\t\t\t\t\t<span data-alt=\"kancelarepankrac\">https:\/\/www.prazskekancelare.com\/test\/wp-content\/uploads\/2018\/12\/kancelarepankrac.jpg<\/span>\n\t\t\t\t\t\t\t\t\t\t<p><\/p>\n\t\t\t\t\t\t\t\t\t\t\t\t\t\t\t\t\t\t<a><img class=\"skip-lazy\" src=\"https:\/\/www.prazskekancelare.com\/test\/wp-content\/uploads\/2018\/12\/kancelarepankrac-400x300.jpg\" alt=\"kancelarepankrac\" \/><\/a>\n\t\t\t\t\t\t\t\t\t\t\t\t\t\t\t<\/li>\n\t\t\t\t\t\t\t<li>\n\t\t\t\t\t<h3 style=\"opacity:70;\">kancelarenapankracipraha4<\/h3>\n\t\t\t\t\t\t\t\t\t\t\t<span data-alt=\"kancelarenapankracipraha4\">https:\/\/www.prazskekancelare.com\/test\/wp-content\/uploads\/2018\/12\/kancelarenapankracipraha4.jpg<\/span>\n\t\t\t\t\t\t\t\t\t\t<p><\/p>\n\t\t\t\t\t\t\t\t\t\t\t\t\t\t\t\t\t\t<a><img class=\"skip-lazy\" src=\"https:\/\/www.prazskekancelare.com\/test\/wp-content\/uploads\/2018\/12\/kancelarenapankracipraha4-400x300.jpg\" alt=\"kancelarenapankracipraha4\" \/><\/a>\n\t\t\t\t\t\t\t\t\t\t\t\t\t\t\t<\/li>\n\t\t\t\t\t\t\t<li>\n\t\t\t\t\t<h3 style=\"opacity:70;\">citytowerkancelare<\/h3>\n\t\t\t\t\t\t\t\t\t\t\t<span data-alt=\"citytowerkancelare\">https:\/\/www.prazskekancelare.com\/test\/wp-content\/uploads\/2018\/12\/citytowerkancelare.jpg<\/span>\n\t\t\t\t\t\t\t\t\t\t<p><\/p>\n\t\t\t\t\t\t\t\t\t\t\t\t\t\t\t\t\t\t<a><img class=\"skip-lazy\" src=\"https:\/\/www.prazskekancelare.com\/test\/wp-content\/uploads\/2018\/12\/citytowerkancelare-400x300.jpg\" alt=\"citytowerkancelare\" \/><\/a>\n\t\t\t\t\t\t\t\t\t\t\t\t\t\t\t<\/li>\n\t\t\t\t\t\t<\/ul>\n\n\t\t<div id=\"slideshow-wrappergallery120585\" class=\"slideshow-wrapper\" style=\"--slideshow-width:988px\">\n\t\t\n\t\t<div class=\"slideshow-fullsize\" id=\"fullsizegallery120585\">\n\t\t\t\t\t\t\t\t\t\t\t\t\t\t<div id=\"imgprevgallery120585\" class=\"slideshow-imgprev imgnav\" title=\"Previous Image\">Previous Image<\/div>\n\t\t\t\t\t\t<a id=\"imglinkgallery120585\" class=\"slideshow-imglink imglink\">\n\t\t\t\t<!-- link -->\n\t\t\t<\/a>\n\t\t\t\t\t\t\t\t\t\t\t<div id=\"imgnextgallery120585\" class=\"slideshow-imgnext imgnav\" title=\"Next Image\">Next Image<\/div>\n\t\t\t\t\t\t<div id=\"imagegallery120585\" class=\"slideshow-image\"><\/div>\n\t\t\t<div class=\"slideshow-information infobottom\" id=\"informationgallery120585\">\n\t\t\t\t<h3 class=\"slideshow-info-heading\">info heading<\/h3>\n\t\t\t\t<p class=\"slideshow-info-content\">info content<\/p>\n\t\t\t<\/div>\n\t\t<\/div>\n\n\t\t\t\t\t<div id=\"thumbnailsgallery120585\" class=\"slideshow-thumbnails thumbsbot\">\n\t\t\t\t<div class=\"slideshow-slideleft\" id=\"slideleftgallery120585\" title=\"Slide Left\"><\/div>\n\t\t\t\t<div class=\"slideshow-slidearea\" id=\"slideareagallery120585\">\n\t\t\t\t\t<div class=\"slideshow-slider\" id=\"slidergallery120585\"><\/div>\n\t\t\t\t<\/div>\n\t\t\t\t<div class=\"slideshow-slideright\" id=\"sliderightgallery120585\" title=\"Slide Right\"><\/div>\n\t\t\t\t<br style=\"clear:both; visibility:hidden; height:1px;\" \/>\n\t\t\t<\/div>\n\t\t\t<\/div>\n\n\t\n<p><strong>CITY TOWER<\/strong> budova je in. Exkluzivn\u011b nab\u00edz\u00edme v\u00fdhodn\u00e9 <strong>kancel\u00e1\u0159e\u00a0CITY TOWER \u2705<\/strong>. <span style=\"text-decoration: underline;\"><span style=\"color: #ff0000; text-decoration: underline;\">Aktu\u00e1ln\u011b je v nab\u00eddce skv\u011bl\u00fdch\u00a013 m2 &#8211; 2.500 m2 <\/span><\/span>\u010d\u00e1ste\u010dn\u011b vybaven\u00fdch a nevybaven\u00fdch kancel\u00e1\u0159\u00ed, v\u010detn\u011b parkovac\u00edch st\u00e1n\u00ed a sklad\u016f v <strong>City Toweru<\/strong>.<\/p>\n<h2><strong>City Tower<\/strong><\/h2>\n<p>Kancel\u00e1\u0159e v <strong>City Toweru<\/strong>, nejvy\u0161\u0161\u00ed pra\u017esk\u00e9 kancel\u00e1\u0159sk\u00e9 budov\u011b jsou exkluzivn\u00edm s\u00eddlem mnoha nadn\u00e1rodn\u00edch spole\u010dnost\u00ed. <strong>Kancel\u00e1\u0159e v City Tower<\/strong> rovn\u00e1 se presti\u017e a reprezentativn\u00ed z\u00e1zem\u00ed pro Va\u0161i spole\u010dnost.<\/p>\n<h3><span style=\"color: #ff0000;\"><strong><span style=\"text-decoration: underline;\"><a style=\"color: #ff0000; text-decoration: underline;\" href=\"\/poptavka-po-kancelarich-k-pronajmu\/\" target=\"_blank\">Popt\u00e1vejte NEZ\u00c1VAZN\u011a a BEZ PROVIZE &#8211; ZDE &gt;&gt;<\/a><\/span><\/strong><\/span><\/h3>\n<p><a href=\"\/poptavka-po-kancelarich-k-pronajmu\/\" target=\"_blank\"><img loading=\"lazy\" class=\"alignnone wp-image-3617 size-medium\" src=\"https:\/\/www.prazskekancelare.com\/test\/wp-content\/uploads\/2019\/12\/kancelare-5-5000m-300x46.png\" alt=\"city tower\" width=\"300\" height=\"46\" srcset=\"https:\/\/www.prazskekancelare.com\/test\/wp-content\/uploads\/2019\/12\/kancelare-5-5000m-300x46.png 300w, https:\/\/www.prazskekancelare.com\/test\/wp-content\/uploads\/2019\/12\/kancelare-5-5000m-1024x156.png 1024w\" sizes=\"(max-width: 300px) 100vw, 300px\" \/><\/a><\/p>\n<h2>V\u00fdhodn\u00fd pron\u00e1jem\u00a0kancel\u00e1\u0159\u00ed\u00a0&#8211; vybaven\u00ed<\/h2>\n<p><strong>Kancel\u00e1\u0159e City Tower<\/strong> jsou k\u00a0dispozici ihned, v\u010detn\u011b parkovac\u00edch st\u00e1n\u00ed a prostorn\u00fdch sklad\u016f. V\u00fdborn\u011b dostupn\u00e9 na metru a ihned vedle Obchodn\u00edho centra Ark\u00e1dy!<\/p>\n<p><span style=\"color: #ff0000;\"><strong>N\u00e1\u0161 tip:<\/strong> Poj\u010fme se tam spole\u010dn\u011b na p\u00e1r minut pod\u00edvat a probrat v\u0161echny mo\u017enosti.\u00a0<strong>Kancel\u00e1\u0159e v\u00a0City Tower<\/strong> jsou prost\u011b jedni\u010dka na trhu.\u00a0Nechte n\u00e1s bez provize za\u0159\u00eddit rychlou prohl\u00eddku. Budete nad\u0161eni.<\/span><\/p>\n<h2>Neuv\u011b\u0159iteln\u00e9 v\u00fdhody City Tower kancel\u00e1\u0159\u00ed<\/h2>\n<h2>V\u00fdhody kancel\u00e1\u0159\u00ed na Pankr\u00e1ci<\/h2>\n<ul>\n<li>pron\u00e1jem kancel\u00e1\u0159\u00ed ihned na Pankr\u00e1ci<\/li>\n<li>registrace s\u00eddla spole\u010dnosti \u2013 VIP adresa<\/li>\n<li>recepce s administrativn\u00ed a reprezentativn\u00ed asistentkou<\/li>\n<li>nadstandardn\u011b vybaven\u00e9 z\u00e1zem\u00ed budovy<\/li>\n<li>s\u00ed\u0165 LAN, ISDN, vysokorychlostn\u00ed internet a ve\u0161ker\u00e9 pot\u0159ebn\u00e9 IT v\u010detn\u011b server room,<\/li>\n<li>non-stop p\u0159\u00edstup do kancel\u00e1\u0159e, ochranka, parkovi\u0161t\u011b<\/li>\n<\/ul>\n<h2>Kancel\u00e1\u0159e City\u00a0Tower bez provize a kauce<\/h2>\n<p><span style=\"color: #0000ff;\">Zas\u00edlejte popt\u00e1vky, v\u0161e za\u0159\u00edd\u00edme ihned a k Va\u0161\u00ed maxim\u00e1ln\u00ed spokojenosti a bez provize. <\/span><br \/>\n<span style=\"color: #0000ff;\">Rychl\u00e1 formul\u00e1\u0159 najdete<strong> <a style=\"color: #0000ff;\" href=\"\/poptavka-po-kancelarich-k-pronajmu\/\" target=\"_blank\">ZDE<\/a>.<\/strong><\/span><br \/>\n<span style=\"color: #0000ff;\">D\u011bkujeme.<\/span><\/p>\n<h2>Doba n\u00e1jmu kancel\u00e1\u0159\u00ed v City Toweru<\/h2>\n<p>Doba n\u00e1jmu je standardn\u011b minim\u00e1ln\u011b 3 roky. Nadstandardn\u00ed podm\u00ednky a dal\u0161\u00ed mo\u017enosti prodlou\u017een\u00ed po jedn\u00e1n\u00ed s majitelem budovy.<\/p>\n<h2>Jak poptat v\u00fdhodn\u00fd pron\u00e1jem kancel\u00e1\u0159\u00ed v City Tower?<\/h2>\n<p>Vypl\u0148te pros\u00edm <span style=\"color: #0000ff;\"><strong><a style=\"color: #0000ff;\" href=\"\/poptavka-po-kancelarich-k-pronajmu\/\" target=\"_blank\">Rychl\u00fd popt\u00e1vkov\u00fd formul\u00e1\u0159<\/a><\/strong><\/span>. Najdete\u00a0ho konci textu\u00a0a makl\u00e9\u0159e zodpov\u011bdn\u00e9ho za nemovitosti v prav\u00e9m sloupci.<\/p>\n<p>Nebo volejte \/ pi\u0161te nonstop: e-mail:\u00a0<strong><a href=\"mailto:info@prazskekancelare.cz\">info@prazskekancelare.com<\/a>\u00a0<\/strong>\/\u00a0telefon: <strong><span style=\"color: #ff0000;\">+420 773 295 925, +420 723 984 360.\u00a0<\/span><\/strong><\/p>\n<p>D\u011bkujeme,<\/p>\n<p>Pra\u017esk\u00e9 kancel\u00e1\u0159e<\/p>\n<h3><span style=\"color: #ff0000;\"><strong><a style=\"color: #ff0000;\" href=\"\/poptavka-po-kancelarich-k-pronajmu\/\" target=\"_blank\">Popt\u00e1vejte NEZ\u00c1VAZN\u011a a BEZ PROVIZE &#8211; ZDE &gt;&gt;<\/a><\/strong><\/span><\/h3>\n<p><a href=\"\/poptavka-po-kancelarich-k-pronajmu\/\" target=\"_blank\"><img loading=\"lazy\" class=\"alignnone wp-image-3619 size-medium\" src=\"https:\/\/www.prazskekancelare.com\/test\/wp-content\/uploads\/2019\/12\/poptavejte-bez-provize-300x48.png\" alt=\"Praha City Tower\" width=\"300\" height=\"48\" srcset=\"https:\/\/www.prazskekancelare.com\/test\/wp-content\/uploads\/2019\/12\/poptavejte-bez-provize-300x48.png 300w, https:\/\/www.prazskekancelare.com\/test\/wp-content\/uploads\/2019\/12\/poptavejte-bez-provize-1024x163.png 1024w\" sizes=\"(max-width: 300px) 100vw, 300px\" \/><\/a><\/p>\n<h2>Praha City Tower &#8211; v\u00edce informac\u00ed:<\/h2>\n","protected":false},"author":1,"featured_media":2958,"comment_status":"closed","ping_status":"closed","template":"","yoast_head":"<!-- This site is optimized with the Yoast SEO plugin v16.4 - https:\/\/yoast.com\/wordpress\/plugins\/seo\/ -->\n<title>CITY TOWER kancel\u00e1\u0159e Pankr\u00e1c Praha 4 ????| LEVN\u00c9 Prostory!<\/title>\n<meta name=\"description\" content=\"Popt\u00e1vejte kancel\u00e1\u0159e City Tower Pankr\u00e1c \u2705 Praha 4 | 400 business center v\u010detn\u011b Praha City Tower kancel\u00e1\u0159\u00ed \u2705| Nab\u00eddky kancel\u00e1\u0159\u00ed do 30 minut | Provize 0%.\" \/>\n<meta name=\"robots\" content=\"noindex, follow, max-snippet:-1, max-image-preview:large, max-video-preview:-1\" \/>\n<meta property=\"og:locale\" content=\"cs_CZ\" \/>\n<meta property=\"og:type\" content=\"article\" \/>\n<meta property=\"og:title\" content=\"CITY TOWER kancel\u00e1\u0159e Pankr\u00e1c Praha 4 ????| LEVN\u00c9 Prostory!\" \/>\n<meta property=\"og:description\" content=\"Popt\u00e1vejte kancel\u00e1\u0159e City Tower Pankr\u00e1c \u2705 Praha 4 | 400 business center v\u010detn\u011b Praha City Tower kancel\u00e1\u0159\u00ed \u2705| Nab\u00eddky kancel\u00e1\u0159\u00ed do 30 minut | Provize 0%.\" \/>\n<meta property=\"og:url\" content=\"https:\/\/www.prazskekancelare.com\/test\/kancelare-k-pronajmu\/city-tower-kancelare-pankrac-business-center-praha-4\/\" \/>\n<meta property=\"og:site_name\" content=\"TEST - Pron\u00e1jem kancel\u00e1\u0159e Praha\" \/>\n<meta property=\"article:modified_time\" content=\"2020-03-05T10:21:17+00:00\" \/>\n<meta property=\"og:image\" content=\"https:\/\/www.prazskekancelare.com\/test\/wp-content\/uploads\/2018\/12\/citytower.jpg\" \/>\n\t<meta property=\"og:image:width\" content=\"1165\" \/>\n\t<meta property=\"og:image:height\" content=\"783\" \/>\n<meta name=\"twitter:card\" content=\"summary\" \/>\n<meta name=\"twitter:label1\" content=\"Odhadovan\u00e1 doba \u010dten\u00ed\" \/>\n\t<meta name=\"twitter:data1\" content=\"2 minuty\" \/>\n<script type=\"application\/ld+json\" class=\"yoast-schema-graph\">{\"@context\":\"https:\/\/schema.org\",\"@graph\":[{\"@type\":\"Organization\",\"@id\":\"https:\/\/www.prazskekancelare.com\/test\/#organization\",\"name\":\"Pron\\u00e1jem kancel\\u00e1\\u0159e Praha\",\"url\":\"https:\/\/www.prazskekancelare.com\/test\/\",\"sameAs\":[],\"logo\":{\"@type\":\"ImageObject\",\"@id\":\"https:\/\/www.prazskekancelare.com\/test\/#logo\",\"inLanguage\":\"cs\",\"url\":\"https:\/\/www.prazskekancelare.com\/test\/wp-content\/uploads\/2018\/05\/prazske-kancelare-com-logo.png\",\"contentUrl\":\"https:\/\/www.prazskekancelare.com\/test\/wp-content\/uploads\/2018\/05\/prazske-kancelare-com-logo.png\",\"width\":242,\"height\":59,\"caption\":\"Pron\\u00e1jem kancel\\u00e1\\u0159e Praha\"},\"image\":{\"@id\":\"https:\/\/www.prazskekancelare.com\/test\/#logo\"}},{\"@type\":\"WebSite\",\"@id\":\"https:\/\/www.prazskekancelare.com\/test\/#website\",\"url\":\"https:\/\/www.prazskekancelare.com\/test\/\",\"name\":\"TEST - Pron\\u00e1jem kancel\\u00e1\\u0159e Praha\",\"description\":\"Pron\\u00e1jem kancel\\u00e1\\u0159e Praha a Kancelare Praha\",\"publisher\":{\"@id\":\"https:\/\/www.prazskekancelare.com\/test\/#organization\"},\"potentialAction\":[{\"@type\":\"SearchAction\",\"target\":\"https:\/\/www.prazskekancelare.com\/test\/?s={search_term_string}\",\"query-input\":\"required name=search_term_string\"}],\"inLanguage\":\"cs\"},{\"@type\":\"ImageObject\",\"@id\":\"https:\/\/www.prazskekancelare.com\/test\/kancelare-k-pronajmu\/city-tower-kancelare-pankrac-business-center-praha-4\/#primaryimage\",\"inLanguage\":\"cs\",\"url\":\"https:\/\/www.prazskekancelare.com\/test\/wp-content\/uploads\/2018\/12\/citytower.jpg\",\"contentUrl\":\"https:\/\/www.prazskekancelare.com\/test\/wp-content\/uploads\/2018\/12\/citytower.jpg\",\"width\":1165,\"height\":783,\"caption\":\"Kancel\\u00e1\\u0159e k pron\\u00e1jmu City Tower Pankr\\u00e1c\"},{\"@type\":\"WebPage\",\"@id\":\"https:\/\/www.prazskekancelare.com\/test\/kancelare-k-pronajmu\/city-tower-kancelare-pankrac-business-center-praha-4\/#webpage\",\"url\":\"https:\/\/www.prazskekancelare.com\/test\/kancelare-k-pronajmu\/city-tower-kancelare-pankrac-business-center-praha-4\/\",\"name\":\"CITY TOWER kancel\\u00e1\\u0159e Pankr\\u00e1c Praha 4 ????| LEVN\\u00c9 Prostory!\",\"isPartOf\":{\"@id\":\"https:\/\/www.prazskekancelare.com\/test\/#website\"},\"primaryImageOfPage\":{\"@id\":\"https:\/\/www.prazskekancelare.com\/test\/kancelare-k-pronajmu\/city-tower-kancelare-pankrac-business-center-praha-4\/#primaryimage\"},\"datePublished\":\"2018-12-06T10:05:02+00:00\",\"dateModified\":\"2020-03-05T10:21:17+00:00\",\"description\":\"Popt\\u00e1vejte kancel\\u00e1\\u0159e City Tower Pankr\\u00e1c \\u2705 Praha 4 | 400 business center v\\u010detn\\u011b Praha City Tower kancel\\u00e1\\u0159\\u00ed \\u2705| Nab\\u00eddky kancel\\u00e1\\u0159\\u00ed do 30 minut | Provize 0%.\",\"breadcrumb\":{\"@id\":\"https:\/\/www.prazskekancelare.com\/test\/kancelare-k-pronajmu\/city-tower-kancelare-pankrac-business-center-praha-4\/#breadcrumb\"},\"inLanguage\":\"cs\",\"potentialAction\":[{\"@type\":\"ReadAction\",\"target\":[\"https:\/\/www.prazskekancelare.com\/test\/kancelare-k-pronajmu\/city-tower-kancelare-pankrac-business-center-praha-4\/\"]}]},{\"@type\":\"BreadcrumbList\",\"@id\":\"https:\/\/www.prazskekancelare.com\/test\/kancelare-k-pronajmu\/city-tower-kancelare-pankrac-business-center-praha-4\/#breadcrumb\",\"itemListElement\":[{\"@type\":\"ListItem\",\"position\":1,\"item\":{\"@type\":\"WebPage\",\"@id\":\"https:\/\/www.prazskekancelare.com\/test\/\",\"url\":\"https:\/\/www.prazskekancelare.com\/test\/\",\"name\":\"Dom\\u016f\"}},{\"@type\":\"ListItem\",\"position\":2,\"item\":{\"@type\":\"WebPage\",\"@id\":\"https:\/\/www.prazskekancelare.com\/test\/kancelare-k-pronajmu\/\",\"url\":\"https:\/\/www.prazskekancelare.com\/test\/kancelare-k-pronajmu\/\",\"name\":\"Properties\"}},{\"@type\":\"ListItem\",\"position\":3,\"item\":{\"@id\":\"https:\/\/www.prazskekancelare.com\/test\/kancelare-k-pronajmu\/city-tower-kancelare-pankrac-business-center-praha-4\/#webpage\"}}]}]}<\/script>\n<!-- \/ Yoast SEO plugin. -->","cmb2":{"property_general":{"property_id":"ANO","property_year_built":"","property_address":"Hv\u011bzdova 1716\/2b,\r\n140 00 Praha 4\r\n","property_zip":"","property_contract":"","property_gallery":"","property_plans":"","property_video":"","property_parent_property":""},"property_flags":{"property_featured":"","property_sticky":"","property_reduced":"","property_sold":""},"property_contact":{"property_contact_name":"","property_contact_phone":""},"property_pricing":{"property_price":"350","property_price_prefix":"od","property_price_suffix":"K\u010d\/m2","property_price_custom":""},"property_attributes":{"property_rooms":"NE","property_beds":"27","property_baths":"NE","property_garages":"\u010d\u00e1ste\u010dn\u011b","property_home_area":"","property_lot_dimensions":"","property_lot_area":"vyj\u00edme\u010dn\u00fdch 138 m2"},"property_valuation":{"property_valuation_group":""},"property_public_facilities":{"property_public_facilities_group":""},"property_map_location":{"property_map_location":{"latitude":"50.0504588","longitude":"14.4361380"}},"property_relations":{"property_agents":["260"]}},"_links":{"self":[{"href":"https:\/\/www.prazskekancelare.com\/test\/wp-json\/wp\/v2\/property\/2961"}],"collection":[{"href":"https:\/\/www.prazskekancelare.com\/test\/wp-json\/wp\/v2\/property"}],"about":[{"href":"https:\/\/www.prazskekancelare.com\/test\/wp-json\/wp\/v2\/types\/property"}],"author":[{"embeddable":true,"href":"https:\/\/www.prazskekancelare.com\/test\/wp-json\/wp\/v2\/users\/1"}],"replies":[{"embeddable":true,"href":"https:\/\/www.prazskekancelare.com\/test\/wp-json\/wp\/v2\/comments?post=2961"}],"wp:featuredmedia":[{"embeddable":true,"href":"https:\/\/www.prazskekancelare.com\/test\/wp-json\/wp\/v2\/media\/2958"}],"wp:attachment":[{"href":"https:\/\/www.prazskekancelare.com\/test\/wp-json\/wp\/v2\/media?parent=2961"}],"curies":[{"name":"wp","href":"https:\/\/api.w.org\/{rel}","templated":true}]}}