{"id":2859,"date":"2018-09-08T12:04:10","date_gmt":"2018-09-08T10:04:10","guid":{"rendered":"https:\/\/www.prazskekancelare.com\/test\/?post_type=property&#038;p=2859"},"modified":"2019-12-01T11:54:55","modified_gmt":"2019-12-01T10:54:55","slug":"pronajem-kancelare-meteor-centre-office-park-karlin-krizikova-praha-8","status":"publish","type":"property","link":"https:\/\/www.prazskekancelare.com\/test\/kancelare-k-pronajmu\/pronajem-kancelare-meteor-centre-office-park-karlin-krizikova-praha-8\/","title":{"rendered":"Kancel\u00e1\u0159e METEOR Centre Office Park Karl\u00edn"},"content":{"rendered":"<p>\n\t<ul id=\"slideshowgallery117911\" class=\"slideshowgallery117911\" style=\"display:none;\">\n\t\t\t\t\t<!-- From all slides or gallery slides -->\n\t\t\t\t\t\t\t<li>\n\t\t\t\t\t<h3 style=\"opacity:70;\">meteorofficeparkkancelarekpronajmu<\/h3>\n\t\t\t\t\t\t\t\t\t\t\t<span data-alt=\"meteorofficeparkkancelarekpronajmu\">https:\/\/www.prazskekancelare.com\/test\/wp-content\/uploads\/2018\/12\/meteorofficeparkkancelarekpronajmu.jpg<\/span>\n\t\t\t\t\t\t\t\t\t\t<p><\/p>\n\t\t\t\t\t\t\t\t\t\t\t\t\t\t\t\t\t\t<a><img class=\"skip-lazy\" src=\"https:\/\/www.prazskekancelare.com\/test\/wp-content\/uploads\/2018\/12\/meteorofficeparkkancelarekpronajmu-400x300.jpg\" alt=\"meteorofficeparkkancelarekpronajmu\" \/><\/a>\n\t\t\t\t\t\t\t\t\t\t\t\t\t\t\t<\/li>\n\t\t\t\t\t\t\t<li>\n\t\t\t\t\t<h3 style=\"opacity:70;\">kancelaremeteorpraha8<\/h3>\n\t\t\t\t\t\t\t\t\t\t\t<span data-alt=\"kancelaremeteorpraha8\">https:\/\/www.prazskekancelare.com\/test\/wp-content\/uploads\/2018\/12\/kancelaremeteorpraha8.jpg<\/span>\n\t\t\t\t\t\t\t\t\t\t<p><\/p>\n\t\t\t\t\t\t\t\t\t\t\t\t\t\t\t\t\t\t<a><img class=\"skip-lazy\" src=\"https:\/\/www.prazskekancelare.com\/test\/wp-content\/uploads\/2018\/12\/kancelaremeteorpraha8-400x300.jpg\" alt=\"kancelaremeteorpraha8\" \/><\/a>\n\t\t\t\t\t\t\t\t\t\t\t\t\t\t\t<\/li>\n\t\t\t\t\t\t\t<li>\n\t\t\t\t\t<h3 style=\"opacity:70;\">kancelarenapronajemmeteorkarlin<\/h3>\n\t\t\t\t\t\t\t\t\t\t\t<span data-alt=\"kancelarenapronajemmeteorkarlin\">https:\/\/www.prazskekancelare.com\/test\/wp-content\/uploads\/2018\/12\/kancelarenapronajemmeteorkarlin.jpg<\/span>\n\t\t\t\t\t\t\t\t\t\t<p><\/p>\n\t\t\t\t\t\t\t\t\t\t\t\t\t\t\t\t\t\t<a><img class=\"skip-lazy\" src=\"https:\/\/www.prazskekancelare.com\/test\/wp-content\/uploads\/2018\/12\/kancelarenapronajemmeteorkarlin-400x300.jpg\" alt=\"kancelarenapronajemmeteorkarlin\" \/><\/a>\n\t\t\t\t\t\t\t\t\t\t\t\t\t\t\t<\/li>\n\t\t\t\t\t\t\t<li>\n\t\t\t\t\t<h3 style=\"opacity:70;\">kancelarepraha8karlin<\/h3>\n\t\t\t\t\t\t\t\t\t\t\t<span data-alt=\"kancelarepraha8karlin\">https:\/\/www.prazskekancelare.com\/test\/wp-content\/uploads\/2018\/12\/kancelarepraha8karlin.jpg<\/span>\n\t\t\t\t\t\t\t\t\t\t<p><\/p>\n\t\t\t\t\t\t\t\t\t\t\t\t\t\t\t\t\t\t<a><img class=\"skip-lazy\" src=\"https:\/\/www.prazskekancelare.com\/test\/wp-content\/uploads\/2018\/12\/kancelarepraha8karlin-400x300.jpg\" alt=\"kancelarepraha8karlin\" \/><\/a>\n\t\t\t\t\t\t\t\t\t\t\t\t\t\t\t<\/li>\n\t\t\t\t\t\t\t<li>\n\t\t\t\t\t<h3 style=\"opacity:70;\">meteorcentrekancelare<\/h3>\n\t\t\t\t\t\t\t\t\t\t\t<span data-alt=\"meteorcentrekancelare\">https:\/\/www.prazskekancelare.com\/test\/wp-content\/uploads\/2018\/12\/meteorcentrekancelare.jpg<\/span>\n\t\t\t\t\t\t\t\t\t\t<p><\/p>\n\t\t\t\t\t\t\t\t\t\t\t\t\t\t\t\t\t\t<a><img class=\"skip-lazy\" src=\"https:\/\/www.prazskekancelare.com\/test\/wp-content\/uploads\/2018\/12\/meteorcentrekancelare-400x300.jpg\" alt=\"meteorcentrekancelare\" \/><\/a>\n\t\t\t\t\t\t\t\t\t\t\t\t\t\t\t<\/li>\n\t\t\t\t\t\t\t<li>\n\t\t\t\t\t<h3 style=\"opacity:70;\">meteorcentreofficepark<\/h3>\n\t\t\t\t\t\t\t\t\t\t\t<span data-alt=\"meteorcentreofficepark\">https:\/\/www.prazskekancelare.com\/test\/wp-content\/uploads\/2018\/12\/meteorcentreofficepark.jpg<\/span>\n\t\t\t\t\t\t\t\t\t\t<p><\/p>\n\t\t\t\t\t\t\t\t\t\t\t\t\t\t\t\t\t\t<a><img class=\"skip-lazy\" src=\"https:\/\/www.prazskekancelare.com\/test\/wp-content\/uploads\/2018\/12\/meteorcentreofficepark-400x300.jpg\" alt=\"meteorcentreofficepark\" \/><\/a>\n\t\t\t\t\t\t\t\t\t\t\t\t\t\t\t<\/li>\n\t\t\t\t\t\t\t<li>\n\t\t\t\t\t<h3 style=\"opacity:70;\">meteorkancelarepraha8<\/h3>\n\t\t\t\t\t\t\t\t\t\t\t<span data-alt=\"meteorkancelarepraha8\">https:\/\/www.prazskekancelare.com\/test\/wp-content\/uploads\/2018\/12\/meteorkancelarepraha8.jpg<\/span>\n\t\t\t\t\t\t\t\t\t\t<p><\/p>\n\t\t\t\t\t\t\t\t\t\t\t\t\t\t\t\t\t\t<a><img class=\"skip-lazy\" src=\"https:\/\/www.prazskekancelare.com\/test\/wp-content\/uploads\/2018\/12\/meteorkancelarepraha8-400x300.jpg\" alt=\"meteorkancelarepraha8\" \/><\/a>\n\t\t\t\t\t\t\t\t\t\t\t\t\t\t\t<\/li>\n\t\t\t\t\t\t\t<li>\n\t\t\t\t\t<h3 style=\"opacity:70;\">meteorofficepark<\/h3>\n\t\t\t\t\t\t\t\t\t\t\t<span data-alt=\"meteorofficepark\">https:\/\/www.prazskekancelare.com\/test\/wp-content\/uploads\/2018\/12\/meteorofficepark.jpg<\/span>\n\t\t\t\t\t\t\t\t\t\t<p><\/p>\n\t\t\t\t\t\t\t\t\t\t\t\t\t\t\t\t\t\t<a><img class=\"skip-lazy\" src=\"https:\/\/www.prazskekancelare.com\/test\/wp-content\/uploads\/2018\/12\/meteorofficepark-400x300.jpg\" alt=\"meteorofficepark\" \/><\/a>\n\t\t\t\t\t\t\t\t\t\t\t\t\t\t\t<\/li>\n\t\t\t\t\t\t\t<li>\n\t\t\t\t\t<h3 style=\"opacity:70;\">kancelarekpronajmumeteor<\/h3>\n\t\t\t\t\t\t\t\t\t\t\t<span data-alt=\"kancelarekpronajmumeteor\">https:\/\/www.prazskekancelare.com\/test\/wp-content\/uploads\/2018\/12\/kancelarekpronajmumeteor.jpg<\/span>\n\t\t\t\t\t\t\t\t\t\t<p><\/p>\n\t\t\t\t\t\t\t\t\t\t\t\t\t\t\t\t\t\t<a><img class=\"skip-lazy\" src=\"https:\/\/www.prazskekancelare.com\/test\/wp-content\/uploads\/2018\/12\/kancelarekpronajmumeteor-400x300.jpg\" alt=\"kancelarekpronajmumeteor\" \/><\/a>\n\t\t\t\t\t\t\t\t\t\t\t\t\t\t\t<\/li>\n\t\t\t\t\t\t\t<li>\n\t\t\t\t\t<h3 style=\"opacity:70;\">pronajemkancelaremeteorofficepark<\/h3>\n\t\t\t\t\t\t\t\t\t\t\t<span data-alt=\"pronajemkancelaremeteorofficepark\">https:\/\/www.prazskekancelare.com\/test\/wp-content\/uploads\/2018\/12\/pronajemkancelaremeteorofficepark.jpg<\/span>\n\t\t\t\t\t\t\t\t\t\t<p><\/p>\n\t\t\t\t\t\t\t\t\t\t\t\t\t\t\t\t\t\t<a><img class=\"skip-lazy\" src=\"https:\/\/www.prazskekancelare.com\/test\/wp-content\/uploads\/2018\/12\/pronajemkancelaremeteorofficepark-400x300.jpg\" alt=\"pronajemkancelaremeteorofficepark\" \/><\/a>\n\t\t\t\t\t\t\t\t\t\t\t\t\t\t\t<\/li>\n\t\t\t\t\t\t\t<li>\n\t\t\t\t\t<h3 style=\"opacity:70;\">kancelaremeteorofficepark<\/h3>\n\t\t\t\t\t\t\t\t\t\t\t<span data-alt=\"kancelaremeteorofficepark\">https:\/\/www.prazskekancelare.com\/test\/wp-content\/uploads\/2018\/12\/kancelaremeteorofficepark.jpg<\/span>\n\t\t\t\t\t\t\t\t\t\t<p><\/p>\n\t\t\t\t\t\t\t\t\t\t\t\t\t\t\t\t\t\t<a><img class=\"skip-lazy\" src=\"https:\/\/www.prazskekancelare.com\/test\/wp-content\/uploads\/2018\/12\/kancelaremeteorofficepark-400x300.jpg\" alt=\"kancelaremeteorofficepark\" \/><\/a>\n\t\t\t\t\t\t\t\t\t\t\t\t\t\t\t<\/li>\n\t\t\t\t\t\t<\/ul>\n\n\t\t<div id=\"slideshow-wrappergallery117911\" class=\"slideshow-wrapper\" style=\"--slideshow-width:1336px\">\n\t\t\n\t\t<div class=\"slideshow-fullsize\" id=\"fullsizegallery117911\">\n\t\t\t\t\t\t\t\t\t\t\t\t\t\t<div id=\"imgprevgallery117911\" class=\"slideshow-imgprev imgnav\" title=\"Previous Image\">Previous Image<\/div>\n\t\t\t\t\t\t<a id=\"imglinkgallery117911\" class=\"slideshow-imglink imglink\">\n\t\t\t\t<!-- link -->\n\t\t\t<\/a>\n\t\t\t\t\t\t\t\t\t\t\t<div id=\"imgnextgallery117911\" class=\"slideshow-imgnext imgnav\" title=\"Next Image\">Next Image<\/div>\n\t\t\t\t\t\t<div id=\"imagegallery117911\" class=\"slideshow-image\"><\/div>\n\t\t\t<div class=\"slideshow-information infobottom\" id=\"informationgallery117911\">\n\t\t\t\t<h3 class=\"slideshow-info-heading\">info heading<\/h3>\n\t\t\t\t<p class=\"slideshow-info-content\">info content<\/p>\n\t\t\t<\/div>\n\t\t<\/div>\n\n\t\t\t\t\t<div id=\"thumbnailsgallery117911\" class=\"slideshow-thumbnails thumbsbot\">\n\t\t\t\t<div class=\"slideshow-slideleft\" id=\"slideleftgallery117911\" title=\"Slide Left\"><\/div>\n\t\t\t\t<div class=\"slideshow-slidearea\" id=\"slideareagallery117911\">\n\t\t\t\t\t<div class=\"slideshow-slider\" id=\"slidergallery117911\"><\/div>\n\t\t\t\t<\/div>\n\t\t\t\t<div class=\"slideshow-slideright\" id=\"sliderightgallery117911\" title=\"Slide Right\"><\/div>\n\t\t\t\t<br style=\"clear:both; visibility:hidden; height:1px;\" \/>\n\t\t\t<\/div>\n\t\t\t<\/div>\n\n\t<br \/>\nNab\u00edz\u00edme kancel\u00e1\u0159e <strong>Meteor Centre Office Park Karl\u00edn\u00a0\u2705<\/strong>. Va\u0161e nov\u00e9<strong> kancel\u00e1\u0159e v Meteoru Centre<\/strong> k pron\u00e1jmu snad nemohou b\u00fdt l\u00e9pe um\u00edst\u011bn\u00e9. Kancel\u00e1\u0159sk\u00e1 budova se toti\u017e nach\u00e1z\u00ed ihned vedle metra K\u0159i\u017e\u00edkova, na ulic\u00edch Th\u00e1mova a Sokolovsk\u00e1. V\u0159ele doporu\u010dujeme prohl\u00eddku.<\/p>\n<h2>Pron\u00e1jem kancel\u00e1\u0159e Meteor Centre Office Park Karl\u00edn \u2013 lokalita<\/h2>\n<p><strong>Kancel\u00e1\u0159e Meteor Centre Office Park<\/strong> se nach\u00e1z\u00ed v sam\u00e9m srdci obchodn\u00ed a presti\u017en\u00ed \u010d\u00e1sti Karl\u00edna. Bl\u00edzkost centra Prahy, v\u00fdborn\u00e1 dopravn\u00ed dostupnost MHD i vozem, obchodn\u00ed a ob\u010dansk\u00e1 vybavenost lokality a samoz\u0159ejm\u011b nenahraditeln\u00e1 reprezentativnost lokality a modern\u00ed budovy jsou obrovsk\u00fdmi plusy Meteoru.<\/p>\n<p><span style=\"color: #ff0000;\"><strong>N\u00e1\u0161 tip: <\/strong>Budova, jej\u00ed lokalita, ob\u010dansk\u00e1 a obchodn\u00ed vybavenost m\u00edsta jsou opravdu skv\u011bl\u00e1. Dejte n\u00e1m mo\u017enost V\u00e1s vz\u00edt na prohl\u00eddku. Zabere jen n\u011bkolik minut, ale poskytne V\u00e1m jasn\u00fd obr\u00e1zek o m\u00edst\u011b a budov\u011b. Pracujeme samoz\u0159ejm\u011b bez provize a zaru\u010dujeme, \u017ee budete kancel\u00e1\u0159emi p\u0159\u00edjemn\u011b p\u0159ekvapeni.<\/span><\/p>\n<p><a href=\"\/poptavka-po-kancelarich-k-pronajmu\/\" target=\"_blank\"><img loading=\"lazy\" class=\"alignnone wp-image-3617 size-medium\" src=\"https:\/\/www.prazskekancelare.com\/test\/wp-content\/uploads\/2019\/12\/kancelare-5-5000m-300x46.png\" alt=\"kancel\u00e1\u0159e od 5m\" width=\"300\" height=\"46\" srcset=\"https:\/\/www.prazskekancelare.com\/test\/wp-content\/uploads\/2019\/12\/kancelare-5-5000m-300x46.png 300w, https:\/\/www.prazskekancelare.com\/test\/wp-content\/uploads\/2019\/12\/kancelare-5-5000m-1024x156.png 1024w\" sizes=\"(max-width: 300px) 100vw, 300px\" \/><\/a><\/p>\n<h2>Kancel\u00e1\u0159e k pron\u00e1jmu Meteor Centre Office Park \u2013 budova<\/h2>\n<p><strong>Kancel\u00e1\u0159e Meteor<\/strong> nab\u00edz\u00ed a\u017e 17.000 m2 kancel\u00e1\u0159sk\u00fdch ploch, 1.100 obchod\u016f k pron\u00e1jmu a samoz\u0159ejm\u011b 160 parkovac\u00edch st\u00e1n\u00ed v podzemn\u00edch gar\u00e1\u017e\u00edch.<\/p>\n<p>Kancel\u00e1\u0159sk\u00fd komplex <strong>Meteor Centre Office Park<\/strong> tvo\u0159\u00ed 3 komplexy budov A, B, C. Jde o mix zrekonstruovan\u00e9 star\u00e9 z\u00e1stavby a modern\u00edch budov, kter\u00e9 jsou \u010d\u00e1ste\u010dn\u011b ve vnitrobloku a \u010d\u00e1ste\u010dn\u011b na ulic\u00edch Sokolovsk\u00e1 a Th\u00e1mova.<\/p>\n<p>Jde o velmi modern\u00ed a reprezentativn\u00ed kancel\u00e1\u0159sk\u00e9 budovy. Samoz\u0159ejmost\u00ed jsou ve\u0161ker\u00e9 IT rozvody, nonstop recepce, ochranka ve v\u0161ech budov\u00e1ch, po\u017e\u00e1rn\u00ed syst\u00e9my, klimatizace, otev\u00edrateln\u00e1 nebo \u010d\u00e1ste\u010dn\u011b otev\u00edrateln\u00e1 okna\u2026apod.<\/p>\n<h2>Kancel\u00e1\u0159e Meteor Centre Office Park BEZ provize<\/h2>\n<p>Ve\u0161ker\u00e9 slu\u017eby na\u0161\u00ed spole\u010dnosti jsou bez jak\u00e9koli provize. Nev\u00e1hejte n\u00e1s zdarma oslovit, jsme tu pro v\u00e1s nonstop.<\/p>\n<h2>Jak poptat kancel\u00e1\u0159e v Meteor Centre Office Park K\u0159i\u017e\u00edkova?<\/h2>\n<p>Vypl\u0148te pros\u00edm <span style=\"color: #ff0000;\"><strong><a style=\"color: #ff0000;\" href=\"\/poptavka-po-kancelarich-k-pronajmu\/\" target=\"_blank\">Rychl\u00fd popt\u00e1vkov\u00fd formul\u00e1\u0159<\/a><\/strong>. <\/span>Najdete\u00a0ho konci textu\u00a0a makl\u00e9\u0159e zodpov\u011bdn\u00e9ho za nemovitosti v prav\u00e9m sloupci.<br \/>\ne-mail:\u00a0<strong><a href=\"mailto:info@prazskekancelare.cz\">info@prazskekancelare.com<\/a>\u00a0<\/strong>\/\u00a0telefon: <strong><span style=\"color: #ff0000;\">+420 773 295 925, +420 723 984 360.\u00a0<\/span><\/strong><\/p>\n<p><a href=\"\/poptavka-po-kancelarich-k-pronajmu\/\" target=\"_blank\"><img loading=\"lazy\" class=\"alignnone wp-image-3619 size-medium\" src=\"https:\/\/www.prazskekancelare.com\/test\/wp-content\/uploads\/2019\/12\/poptavejte-bez-provize-300x48.png\" alt=\"popt\u00e1vejte kancel\u00e1\u0159 bez provize\" width=\"300\" height=\"48\" srcset=\"https:\/\/www.prazskekancelare.com\/test\/wp-content\/uploads\/2019\/12\/poptavejte-bez-provize-300x48.png 300w, https:\/\/www.prazskekancelare.com\/test\/wp-content\/uploads\/2019\/12\/poptavejte-bez-provize-1024x163.png 1024w\" sizes=\"(max-width: 300px) 100vw, 300px\" \/><\/a><\/p>\n","protected":false},"author":1,"featured_media":2854,"comment_status":"closed","ping_status":"closed","template":"","yoast_head":"<!-- This site is optimized with the Yoast SEO plugin v16.4 - https:\/\/yoast.com\/wordpress\/plugins\/seo\/ -->\n<title>Kancel\u00e1\u0159e METEOR CENTRE OFFICE PARK Karl\u00edn Praha 8 &gt;&gt;<\/title>\n<meta name=\"description\" content=\"Popt\u00e1vejte kancel\u00e1\u0159e Meteor Centre Office Park Karl\u00edn Praha 8 \u2705 | Meteor Centre Office Park kancel\u00e1\u0159e na m\u00edru ZDE \u2705 | Nab\u00eddky na m\u00edru do 30 minut.\" \/>\n<meta name=\"robots\" content=\"noindex, follow, max-snippet:-1, max-image-preview:large, max-video-preview:-1\" \/>\n<meta property=\"og:locale\" content=\"cs_CZ\" \/>\n<meta property=\"og:type\" content=\"article\" \/>\n<meta property=\"og:title\" content=\"Kancel\u00e1\u0159e METEOR CENTRE OFFICE PARK Karl\u00edn Praha 8 &gt;&gt;\" \/>\n<meta property=\"og:description\" content=\"Popt\u00e1vejte kancel\u00e1\u0159e Meteor Centre Office Park Karl\u00edn Praha 8 \u2705 | Meteor Centre Office Park kancel\u00e1\u0159e na m\u00edru ZDE \u2705 | Nab\u00eddky na m\u00edru do 30 minut.\" \/>\n<meta property=\"og:url\" content=\"https:\/\/www.prazskekancelare.com\/test\/kancelare-k-pronajmu\/pronajem-kancelare-meteor-centre-office-park-karlin-krizikova-praha-8\/\" \/>\n<meta property=\"og:site_name\" content=\"TEST - Pron\u00e1jem kancel\u00e1\u0159e Praha\" \/>\n<meta property=\"article:modified_time\" content=\"2019-12-01T10:54:55+00:00\" \/>\n<meta property=\"og:image\" content=\"https:\/\/www.prazskekancelare.com\/test\/wp-content\/uploads\/2018\/12\/meteorcentreofficepark.jpg\" \/>\n\t<meta property=\"og:image:width\" content=\"1097\" \/>\n\t<meta property=\"og:image:height\" content=\"662\" \/>\n<meta name=\"twitter:card\" content=\"summary\" \/>\n<meta name=\"twitter:label1\" content=\"Odhadovan\u00e1 doba \u010dten\u00ed\" \/>\n\t<meta name=\"twitter:data1\" content=\"2 minuty\" \/>\n<script type=\"application\/ld+json\" class=\"yoast-schema-graph\">{\"@context\":\"https:\/\/schema.org\",\"@graph\":[{\"@type\":\"Organization\",\"@id\":\"https:\/\/www.prazskekancelare.com\/test\/#organization\",\"name\":\"Pron\\u00e1jem kancel\\u00e1\\u0159e Praha\",\"url\":\"https:\/\/www.prazskekancelare.com\/test\/\",\"sameAs\":[],\"logo\":{\"@type\":\"ImageObject\",\"@id\":\"https:\/\/www.prazskekancelare.com\/test\/#logo\",\"inLanguage\":\"cs\",\"url\":\"https:\/\/www.prazskekancelare.com\/test\/wp-content\/uploads\/2018\/05\/prazske-kancelare-com-logo.png\",\"contentUrl\":\"https:\/\/www.prazskekancelare.com\/test\/wp-content\/uploads\/2018\/05\/prazske-kancelare-com-logo.png\",\"width\":242,\"height\":59,\"caption\":\"Pron\\u00e1jem kancel\\u00e1\\u0159e Praha\"},\"image\":{\"@id\":\"https:\/\/www.prazskekancelare.com\/test\/#logo\"}},{\"@type\":\"WebSite\",\"@id\":\"https:\/\/www.prazskekancelare.com\/test\/#website\",\"url\":\"https:\/\/www.prazskekancelare.com\/test\/\",\"name\":\"TEST - Pron\\u00e1jem kancel\\u00e1\\u0159e Praha\",\"description\":\"Pron\\u00e1jem kancel\\u00e1\\u0159e Praha a Kancelare Praha\",\"publisher\":{\"@id\":\"https:\/\/www.prazskekancelare.com\/test\/#organization\"},\"potentialAction\":[{\"@type\":\"SearchAction\",\"target\":\"https:\/\/www.prazskekancelare.com\/test\/?s={search_term_string}\",\"query-input\":\"required name=search_term_string\"}],\"inLanguage\":\"cs\"},{\"@type\":\"ImageObject\",\"@id\":\"https:\/\/www.prazskekancelare.com\/test\/kancelare-k-pronajmu\/pronajem-kancelare-meteor-centre-office-park-karlin-krizikova-praha-8\/#primaryimage\",\"inLanguage\":\"cs\",\"url\":\"https:\/\/www.prazskekancelare.com\/test\/wp-content\/uploads\/2018\/12\/meteorcentreofficepark.jpg\",\"contentUrl\":\"https:\/\/www.prazskekancelare.com\/test\/wp-content\/uploads\/2018\/12\/meteorcentreofficepark.jpg\",\"width\":1097,\"height\":662,\"caption\":\"Pron\\u00e1jem kancel\\u00e1\\u0159e Meteor Centre Office Park\"},{\"@type\":\"WebPage\",\"@id\":\"https:\/\/www.prazskekancelare.com\/test\/kancelare-k-pronajmu\/pronajem-kancelare-meteor-centre-office-park-karlin-krizikova-praha-8\/#webpage\",\"url\":\"https:\/\/www.prazskekancelare.com\/test\/kancelare-k-pronajmu\/pronajem-kancelare-meteor-centre-office-park-karlin-krizikova-praha-8\/\",\"name\":\"Kancel\\u00e1\\u0159e METEOR CENTRE OFFICE PARK Karl\\u00edn Praha 8 >>\",\"isPartOf\":{\"@id\":\"https:\/\/www.prazskekancelare.com\/test\/#website\"},\"primaryImageOfPage\":{\"@id\":\"https:\/\/www.prazskekancelare.com\/test\/kancelare-k-pronajmu\/pronajem-kancelare-meteor-centre-office-park-karlin-krizikova-praha-8\/#primaryimage\"},\"datePublished\":\"2018-09-08T10:04:10+00:00\",\"dateModified\":\"2019-12-01T10:54:55+00:00\",\"description\":\"Popt\\u00e1vejte kancel\\u00e1\\u0159e Meteor Centre Office Park Karl\\u00edn Praha 8 \\u2705 | Meteor Centre Office Park kancel\\u00e1\\u0159e na m\\u00edru ZDE \\u2705 | Nab\\u00eddky na m\\u00edru do 30 minut.\",\"breadcrumb\":{\"@id\":\"https:\/\/www.prazskekancelare.com\/test\/kancelare-k-pronajmu\/pronajem-kancelare-meteor-centre-office-park-karlin-krizikova-praha-8\/#breadcrumb\"},\"inLanguage\":\"cs\",\"potentialAction\":[{\"@type\":\"ReadAction\",\"target\":[\"https:\/\/www.prazskekancelare.com\/test\/kancelare-k-pronajmu\/pronajem-kancelare-meteor-centre-office-park-karlin-krizikova-praha-8\/\"]}]},{\"@type\":\"BreadcrumbList\",\"@id\":\"https:\/\/www.prazskekancelare.com\/test\/kancelare-k-pronajmu\/pronajem-kancelare-meteor-centre-office-park-karlin-krizikova-praha-8\/#breadcrumb\",\"itemListElement\":[{\"@type\":\"ListItem\",\"position\":1,\"item\":{\"@type\":\"WebPage\",\"@id\":\"https:\/\/www.prazskekancelare.com\/test\/\",\"url\":\"https:\/\/www.prazskekancelare.com\/test\/\",\"name\":\"Dom\\u016f\"}},{\"@type\":\"ListItem\",\"position\":2,\"item\":{\"@type\":\"WebPage\",\"@id\":\"https:\/\/www.prazskekancelare.com\/test\/kancelare-k-pronajmu\/\",\"url\":\"https:\/\/www.prazskekancelare.com\/test\/kancelare-k-pronajmu\/\",\"name\":\"Properties\"}},{\"@type\":\"ListItem\",\"position\":3,\"item\":{\"@id\":\"https:\/\/www.prazskekancelare.com\/test\/kancelare-k-pronajmu\/pronajem-kancelare-meteor-centre-office-park-karlin-krizikova-praha-8\/#webpage\"}}]}]}<\/script>\n<!-- \/ Yoast SEO plugin. -->","cmb2":{"property_general":{"property_id":"ANO","property_year_built":"","property_address":"Th\u00e1mova 32,\r\n180 00 Praha 8\r\n","property_zip":"","property_contract":"","property_gallery":"","property_plans":"","property_video":"","property_parent_property":""},"property_flags":{"property_featured":"","property_sticky":"","property_reduced":"","property_sold":""},"property_contact":{"property_contact_name":"","property_contact_phone":""},"property_pricing":{"property_price":"330","property_price_prefix":"od","property_price_suffix":"K\u010d\/m2","property_price_custom":""},"property_attributes":{"property_rooms":"\u010d\u00e1ste\u010dn\u011b \/ NE","property_beds":"5","property_baths":"NE","property_garages":"\u010d\u00e1ste\u010dn\u011b \/ NE","property_home_area":"","property_lot_dimensions":"","property_lot_area":"20m2 - 2000m2"},"property_valuation":{"property_valuation_group":""},"property_public_facilities":{"property_public_facilities_group":""},"property_map_location":{"property_map_location":{"latitude":"50.094051","longitude":"14.451455"}},"property_relations":{"property_agents":["260"]}},"_links":{"self":[{"href":"https:\/\/www.prazskekancelare.com\/test\/wp-json\/wp\/v2\/property\/2859"}],"collection":[{"href":"https:\/\/www.prazskekancelare.com\/test\/wp-json\/wp\/v2\/property"}],"about":[{"href":"https:\/\/www.prazskekancelare.com\/test\/wp-json\/wp\/v2\/types\/property"}],"author":[{"embeddable":true,"href":"https:\/\/www.prazskekancelare.com\/test\/wp-json\/wp\/v2\/users\/1"}],"replies":[{"embeddable":true,"href":"https:\/\/www.prazskekancelare.com\/test\/wp-json\/wp\/v2\/comments?post=2859"}],"wp:featuredmedia":[{"embeddable":true,"href":"https:\/\/www.prazskekancelare.com\/test\/wp-json\/wp\/v2\/media\/2854"}],"wp:attachment":[{"href":"https:\/\/www.prazskekancelare.com\/test\/wp-json\/wp\/v2\/media?parent=2859"}],"curies":[{"name":"wp","href":"https:\/\/api.w.org\/{rel}","templated":true}]}}