{"id":2845,"date":"2018-11-24T22:15:35","date_gmt":"2018-11-24T21:15:35","guid":{"rendered":"https:\/\/www.prazskekancelare.com\/test\/?post_type=property&#038;p=2845"},"modified":"2019-11-21T15:37:09","modified_gmt":"2019-11-21T14:37:09","slug":"pronajem-kancelare-spalena-praha-1","status":"publish","type":"property","link":"https:\/\/www.prazskekancelare.com\/test\/kancelare-k-pronajmu\/pronajem-kancelare-spalena-praha-1\/","title":{"rendered":"Kancel\u00e1\u0159e Sp\u00e1len\u00e1 &#038; Karlovo n\u00e1m\u011bst\u00ed <span style=\"color: #ff0000;\">nov\u00e9<\/span>"},"content":{"rendered":"<p>\n\t<ul id=\"slideshowgallery11618\" class=\"slideshowgallery11618\" style=\"display:none;\">\n\t\t\t\t\t<!-- From all slides or gallery slides -->\n\t\t\t\t\t\t\t<li>\n\t\t\t\t\t<h3 style=\"opacity:70;\">pronajemkancelaripraha1spalena<\/h3>\n\t\t\t\t\t\t\t\t\t\t\t<span data-alt=\"pronajemkancelaripraha1spalena\">https:\/\/www.prazskekancelare.com\/test\/wp-content\/uploads\/2018\/12\/pronajemkancelaripraha1spalena.jpg<\/span>\n\t\t\t\t\t\t\t\t\t\t<p><\/p>\n\t\t\t\t\t\t\t\t\t\t\t\t\t\t\t\t\t\t<a><img class=\"skip-lazy\" src=\"https:\/\/www.prazskekancelare.com\/test\/wp-content\/uploads\/2018\/12\/pronajemkancelaripraha1spalena-400x300.jpg\" alt=\"pronajemkancelaripraha1spalena\" \/><\/a>\n\t\t\t\t\t\t\t\t\t\t\t\t\t\t\t<\/li>\n\t\t\t\t\t\t\t<li>\n\t\t\t\t\t<h3 style=\"opacity:70;\">kancelarepraha1<\/h3>\n\t\t\t\t\t\t\t\t\t\t\t<span data-alt=\"kancelarepraha1\">https:\/\/www.prazskekancelare.com\/test\/wp-content\/uploads\/2018\/12\/kancelarepraha1.jpg<\/span>\n\t\t\t\t\t\t\t\t\t\t<p><\/p>\n\t\t\t\t\t\t\t\t\t\t\t\t\t\t\t\t\t\t<a><img class=\"skip-lazy\" src=\"https:\/\/www.prazskekancelare.com\/test\/wp-content\/uploads\/2018\/12\/kancelarepraha1-400x300.jpg\" alt=\"kancelarepraha1\" \/><\/a>\n\t\t\t\t\t\t\t\t\t\t\t\t\t\t\t<\/li>\n\t\t\t\t\t\t\t<li>\n\t\t\t\t\t<h3 style=\"opacity:70;\">kancelarespalena<\/h3>\n\t\t\t\t\t\t\t\t\t\t\t<span data-alt=\"kancelarespalena\">https:\/\/www.prazskekancelare.com\/test\/wp-content\/uploads\/2018\/12\/kancelarespalena.jpg<\/span>\n\t\t\t\t\t\t\t\t\t\t<p><\/p>\n\t\t\t\t\t\t\t\t\t\t\t\t\t\t\t\t\t\t<a><img class=\"skip-lazy\" src=\"https:\/\/www.prazskekancelare.com\/test\/wp-content\/uploads\/2018\/12\/kancelarespalena-400x300.jpg\" alt=\"kancelarespalena\" \/><\/a>\n\t\t\t\t\t\t\t\t\t\t\t\t\t\t\t<\/li>\n\t\t\t\t\t\t\t<li>\n\t\t\t\t\t<h3 style=\"opacity:70;\">kancelarespalenakpronajmu<\/h3>\n\t\t\t\t\t\t\t\t\t\t\t<span data-alt=\"kancelarespalenakpronajmu\">https:\/\/www.prazskekancelare.com\/test\/wp-content\/uploads\/2018\/12\/kancelarespalenakpronajmu.jpg<\/span>\n\t\t\t\t\t\t\t\t\t\t<p><\/p>\n\t\t\t\t\t\t\t\t\t\t\t\t\t\t\t\t\t\t<a><img class=\"skip-lazy\" src=\"https:\/\/www.prazskekancelare.com\/test\/wp-content\/uploads\/2018\/12\/kancelarespalenakpronajmu-400x300.jpg\" alt=\"kancelarespalenakpronajmu\" \/><\/a>\n\t\t\t\t\t\t\t\t\t\t\t\t\t\t\t<\/li>\n\t\t\t\t\t\t\t<li>\n\t\t\t\t\t<h3 style=\"opacity:70;\">kancelarespalenapraha<\/h3>\n\t\t\t\t\t\t\t\t\t\t\t<span data-alt=\"kancelarespalenapraha\">https:\/\/www.prazskekancelare.com\/test\/wp-content\/uploads\/2018\/12\/kancelarespalenapraha.jpg<\/span>\n\t\t\t\t\t\t\t\t\t\t<p><\/p>\n\t\t\t\t\t\t\t\t\t\t\t\t\t\t\t\t\t\t<a><img class=\"skip-lazy\" src=\"https:\/\/www.prazskekancelare.com\/test\/wp-content\/uploads\/2018\/12\/kancelarespalenapraha-400x300.jpg\" alt=\"kancelarespalenapraha\" \/><\/a>\n\t\t\t\t\t\t\t\t\t\t\t\t\t\t\t<\/li>\n\t\t\t\t\t\t\t<li>\n\t\t\t\t\t<h3 style=\"opacity:70;\">kancelarespalenapraha1<\/h3>\n\t\t\t\t\t\t\t\t\t\t\t<span data-alt=\"kancelarespalenapraha1\">https:\/\/www.prazskekancelare.com\/test\/wp-content\/uploads\/2018\/12\/kancelarespalenapraha1.jpg<\/span>\n\t\t\t\t\t\t\t\t\t\t<p><\/p>\n\t\t\t\t\t\t\t\t\t\t\t\t\t\t\t\t\t\t<a><img class=\"skip-lazy\" src=\"https:\/\/www.prazskekancelare.com\/test\/wp-content\/uploads\/2018\/12\/kancelarespalenapraha1-400x300.jpg\" alt=\"kancelarespalenapraha1\" \/><\/a>\n\t\t\t\t\t\t\t\t\t\t\t\t\t\t\t<\/li>\n\t\t\t\t\t\t\t<li>\n\t\t\t\t\t<h3 style=\"opacity:70;\">kancelarevespalenepraha1<\/h3>\n\t\t\t\t\t\t\t\t\t\t\t<span data-alt=\"kancelarevespalenepraha1\">https:\/\/www.prazskekancelare.com\/test\/wp-content\/uploads\/2018\/12\/kancelarevespalenepraha1.jpg<\/span>\n\t\t\t\t\t\t\t\t\t\t<p><\/p>\n\t\t\t\t\t\t\t\t\t\t\t\t\t\t\t\t\t\t<a><img class=\"skip-lazy\" src=\"https:\/\/www.prazskekancelare.com\/test\/wp-content\/uploads\/2018\/12\/kancelarevespalenepraha1-400x300.jpg\" alt=\"kancelarevespalenepraha1\" \/><\/a>\n\t\t\t\t\t\t\t\t\t\t\t\t\t\t\t<\/li>\n\t\t\t\t\t\t\t<li>\n\t\t\t\t\t<h3 style=\"opacity:70;\">prahacentrumkancelare<\/h3>\n\t\t\t\t\t\t\t\t\t\t\t<span data-alt=\"prahacentrumkancelare\">https:\/\/www.prazskekancelare.com\/test\/wp-content\/uploads\/2018\/12\/prahacentrumkancelare.jpg<\/span>\n\t\t\t\t\t\t\t\t\t\t<p><\/p>\n\t\t\t\t\t\t\t\t\t\t\t\t\t\t\t\t\t\t<a><img class=\"skip-lazy\" src=\"https:\/\/www.prazskekancelare.com\/test\/wp-content\/uploads\/2018\/12\/prahacentrumkancelare-400x300.jpg\" alt=\"prahacentrumkancelare\" \/><\/a>\n\t\t\t\t\t\t\t\t\t\t\t\t\t\t\t<\/li>\n\t\t\t\t\t\t\t<li>\n\t\t\t\t\t<h3 style=\"opacity:70;\">pronajemkancelarespalenapraha1<\/h3>\n\t\t\t\t\t\t\t\t\t\t\t<span data-alt=\"pronajemkancelarespalenapraha1\">https:\/\/www.prazskekancelare.com\/test\/wp-content\/uploads\/2018\/12\/pronajemkancelarespalenapraha1.jpg<\/span>\n\t\t\t\t\t\t\t\t\t\t<p><\/p>\n\t\t\t\t\t\t\t\t\t\t\t\t\t\t\t\t\t\t<a><img class=\"skip-lazy\" src=\"https:\/\/www.prazskekancelare.com\/test\/wp-content\/uploads\/2018\/12\/pronajemkancelarespalenapraha1-400x300.jpg\" alt=\"pronajemkancelarespalenapraha1\" \/><\/a>\n\t\t\t\t\t\t\t\t\t\t\t\t\t\t\t<\/li>\n\t\t\t\t\t\t\t<li>\n\t\t\t\t\t<h3 style=\"opacity:70;\">kancelarekpronajmuspalenapraha1<\/h3>\n\t\t\t\t\t\t\t\t\t\t\t<span data-alt=\"kancelarekpronajmuspalenapraha1\">https:\/\/www.prazskekancelare.com\/test\/wp-content\/uploads\/2018\/12\/kancelarekpronajmuspalenapraha1.jpg<\/span>\n\t\t\t\t\t\t\t\t\t\t<p><\/p>\n\t\t\t\t\t\t\t\t\t\t\t\t\t\t\t\t\t\t<a><img class=\"skip-lazy\" src=\"https:\/\/www.prazskekancelare.com\/test\/wp-content\/uploads\/2018\/12\/kancelarekpronajmuspalenapraha1-400x300.jpg\" alt=\"kancelarekpronajmuspalenapraha1\" \/><\/a>\n\t\t\t\t\t\t\t\t\t\t\t\t\t\t\t<\/li>\n\t\t\t\t\t\t\t<li>\n\t\t\t\t\t<h3 style=\"opacity:70;\">kancelarenapronajemspalena<\/h3>\n\t\t\t\t\t\t\t\t\t\t\t<span data-alt=\"kancelarenapronajemspalena\">https:\/\/www.prazskekancelare.com\/test\/wp-content\/uploads\/2018\/12\/kancelarenapronajemspalena.jpg<\/span>\n\t\t\t\t\t\t\t\t\t\t<p><\/p>\n\t\t\t\t\t\t\t\t\t\t\t\t\t\t\t\t\t\t<a><img class=\"skip-lazy\" src=\"https:\/\/www.prazskekancelare.com\/test\/wp-content\/uploads\/2018\/12\/kancelarenapronajemspalena-400x300.jpg\" alt=\"kancelarenapronajemspalena\" \/><\/a>\n\t\t\t\t\t\t\t\t\t\t\t\t\t\t\t<\/li>\n\t\t\t\t\t\t<\/ul>\n\n\t\t<div id=\"slideshow-wrappergallery11618\" class=\"slideshow-wrapper\" style=\"--slideshow-width:1336px\">\n\t\t\n\t\t<div class=\"slideshow-fullsize\" id=\"fullsizegallery11618\">\n\t\t\t\t\t\t\t\t\t\t\t\t\t\t<div id=\"imgprevgallery11618\" class=\"slideshow-imgprev imgnav\" title=\"Previous Image\">Previous Image<\/div>\n\t\t\t\t\t\t<a id=\"imglinkgallery11618\" class=\"slideshow-imglink imglink\">\n\t\t\t\t<!-- link -->\n\t\t\t<\/a>\n\t\t\t\t\t\t\t\t\t\t\t<div id=\"imgnextgallery11618\" class=\"slideshow-imgnext imgnav\" title=\"Next Image\">Next Image<\/div>\n\t\t\t\t\t\t<div id=\"imagegallery11618\" class=\"slideshow-image\"><\/div>\n\t\t\t<div class=\"slideshow-information infobottom\" id=\"informationgallery11618\">\n\t\t\t\t<h3 class=\"slideshow-info-heading\">info heading<\/h3>\n\t\t\t\t<p class=\"slideshow-info-content\">info content<\/p>\n\t\t\t<\/div>\n\t\t<\/div>\n\n\t\t\t\t\t<div id=\"thumbnailsgallery11618\" class=\"slideshow-thumbnails thumbsbot\">\n\t\t\t\t<div class=\"slideshow-slideleft\" id=\"slideleftgallery11618\" title=\"Slide Left\"><\/div>\n\t\t\t\t<div class=\"slideshow-slidearea\" id=\"slideareagallery11618\">\n\t\t\t\t\t<div class=\"slideshow-slider\" id=\"slidergallery11618\"><\/div>\n\t\t\t\t<\/div>\n\t\t\t\t<div class=\"slideshow-slideright\" id=\"sliderightgallery11618\" title=\"Slide Right\"><\/div>\n\t\t\t\t<br style=\"clear:both; visibility:hidden; height:1px;\" \/>\n\t\t\t<\/div>\n\t\t\t<\/div>\n\n\t<br \/>\nNab\u00edz\u00edme pron\u00e1jem modern\u011b zrekonstruovan\u00fdch <strong>kancel\u00e1\u0159\u00ed Sp\u00e1len\u00e1 ulice \u2705\u00a0<\/strong>a<strong> kancel\u00e1\u0159\u00ed Karlovo n\u00e1m\u011bst\u00ed<\/strong> v historick\u00e9 novobarokn\u011b secesn\u00ed budov\u011b v ulici Sp\u00e1len\u00e1 14 nedaleko Karlova n\u00e1m\u011bst\u00ed a jen p\u00e1r des\u00edtek metr\u016f od metra N\u00e1rodn\u00ed t\u0159\u00edda (trasa B). Kancel\u00e1\u0159sk\u00e1 budova je opravdu n\u00e1dhern\u00e1, modern\u011b vybaven\u00e1, v\u00fdborn\u011b dostupn\u00e1, notoricky zn\u00e1m\u00e1 a se skv\u011blou obchodn\u00ed a ob\u010danskou vybavenost\u00ed lokality.<\/p>\n<h2>Pron\u00e1jem kancel\u00e1\u0159e Sp\u00e1len\u00e1 Praha 1 \u2013 budova<\/h2>\n<p><strong>Kancel\u00e1\u0159e ve Sp\u00e1len\u00e9<\/strong> jsou na\u0161\u00edm intern\u00edm favoritem. Exteri\u00e9r i interi\u00e9r budovy V\u00e1m u\u010daruje sv\u00fdm designem a pou\u017eit\u00fdmi materi\u00e1ly. Sp\u00e1len\u00e1 14 je propojena vnitroblokem s kancel\u00e1\u0159emi v budov\u011b Vladislavova 17. Tvo\u0159\u00ed spolu jeden kancel\u00e1\u0159sk\u00fd komplex propojuj\u00edc\u00ed 2 ulice a nab\u00edzej\u00edc\u00ed z\u00e1zem\u00ed jak mal\u00fdm, tak velk\u00fdm spole\u010dnostem.<strong> Kancel\u00e1\u0159e u Karlova n\u00e1m\u011bst\u00ed<\/strong> nab\u00edz\u00ed od 30 m2 do n\u011bkolika tis\u00edc metr\u016f \u010dtvere\u010dn\u00edch.<\/p>\n<p>Celkov\u00e1 plocha <strong>kancel\u00e1\u0159\u00ed k pron\u00e1jmu ve Sp\u00e1len\u00e9 ulici<\/strong> je 5.500 m2 a nab\u00edz\u00ed parkov\u00e1n\u00ed v podzemn\u00edch gar\u00e1\u017e\u00edch pro 100 automobil\u016f.<\/p>\n<p><span style=\"color: #ff0000;\"><strong>N\u00e1\u0161 tip:<\/strong> V Praze existuje opravdu m\u00e1lo podobn\u00fdch budov. Pokud hled\u00e1te reprezentativn\u00ed s\u00eddlo pro Va\u0161i spole\u010dnost, v\u00fdborn\u011b dostupn\u00e9 MHD a nav\u00edc s atmosf\u00e9rou a historick\u00fdm duchem, napi\u0161te n\u00e1m o prohl\u00eddku. Zajist\u00edme ji samoz\u0159ejm\u011b ihned a bez jak\u00e9koli provize.<\/span><\/p>\n<h3><strong><span style=\"color: #0000ff;\">Aktu\u00e1ln\u011b voln\u00e9 prostory Sp\u00e1len\u00e1 a Karlovo n\u00e1m\u011bst\u00ed:<\/span><\/strong><\/h3>\n<p><span style=\"color: #0000ff;\">20 m2 | 60 m2 | 140 m2 | 130 m2 | 266 m2 | 350 m2 | 550 m2 | 1.000 m2 | 1 430 m2<\/span><\/p>\n<h3><span style=\"color: #ff0000;\"><strong><a style=\"color: #ff0000;\" href=\"\/poptavka-po-kancelarich-k-pronajmu\/\" target=\"_blank\">Popt\u00e1vejte NEZ\u00c1VAZN\u011a a BEZ PROVIZE &#8211; ZDE &gt;&gt;<\/a><\/strong><\/span><\/h3>\n<h2>V\u00fdhody pron\u00e1jmu kancel\u00e1\u0159\u00ed Sp\u00e1len\u00e1 &amp; Karlovo n\u00e1m\u011bst\u00ed<\/h2>\n<p>\u2022 Reprezentativn\u00ed kancel\u00e1\u0159e \/ budova<br \/>\n\u2022 Skv\u011bl\u00e1 dopravn\u00ed dostupnost<br \/>\n\u2022 Klimatizace<br \/>\n\u2022 Kobercov\u00e9 podlahy<br \/>\n\u2022 Otev\u00edrateln\u00e1 okna<br \/>\n\u2022 Parkovac\u00ed st\u00e1n\u00ed, nav\u00edc i pro n\u00e1v\u0161t\u011bvy<br \/>\n\u2022 Ve\u0161ker\u00e9 rozvody IT<br \/>\n\u2022 Skv\u011bl\u00e1 ob\u010dansk\u00e1 a obchodn\u00ed vybavenost lokality (kav\u00e1rny, po\u0161ty, banky, restaurace, \u2026)<br \/>\n\u2022 Reprezentativn\u00ed adresa<br \/>\n\u2022 Mezin\u00e1rodn\u00ed obchodn\u00ed prost\u0159ed\u00ed v budov\u011b<br \/>\n\u2022 Variabiln\u00ed kancel\u00e1\u0159e na vy\u017e\u00e1d\u00e1n\u00ed<br \/>\n\u2022 Skv\u011bl\u00e1 cena!<\/p>\n<h2>Kancel\u00e1\u0159e Karlono n\u00e1m\u011bst\u00ed Bez provize<\/h2>\n<p>Ve\u0161ker\u00e9 slu\u017eby na\u0161\u00ed spole\u010dnosti jsou bez jak\u00e9koli provize. Nev\u00e1hejte n\u00e1s zdarma oslovit, jsme tu pro v\u00e1s nonstop.<\/p>\n<h2>Jak poptat kancel\u00e1\u0159e ve Sp\u00e1len\u00e9 14?<\/h2>\n<p>Vypl\u0148te pros\u00edm <span style=\"color: #0000ff;\"><strong><a style=\"color: #0000ff;\" href=\"\/poptavka-po-kancelarich-k-pronajmu\/\" target=\"_blank\">Rychl\u00fd popt\u00e1vkov\u00fd formul\u00e1\u0159<\/a><\/strong><\/span>. Najdete\u00a0ho konci textu\u00a0a makl\u00e9\u0159e zodpov\u011bdn\u00e9ho za nemovitosti v prav\u00e9m sloupci.<br \/>\ne-mail:\u00a0<strong><a href=\"mailto:info@prazskekancelare.cz\">info@prazskekancelare.com<\/a>\u00a0<\/strong>\/\u00a0telefon: <strong><span style=\"color: #ff0000;\">+420 773 295 925, +420 723 984 360.\u00a0<\/span><\/strong><\/p>\n<h3><span style=\"color: #ff0000;\"><strong><a style=\"color: #ff0000;\" href=\"\/poptavka-po-kancelarich-k-pronajmu\/\" target=\"_blank\">Popt\u00e1vejte NEZ\u00c1VAZN\u011a a BEZ PROVIZE &#8211; ZDE &gt;&gt;<\/a><\/strong><\/span><\/h3>\n","protected":false},"author":1,"featured_media":2838,"comment_status":"closed","ping_status":"closed","template":"","yoast_head":"<!-- This site is optimized with the Yoast SEO plugin v16.4 - https:\/\/yoast.com\/wordpress\/plugins\/seo\/ -->\n<title>SP\u00c1LEN\u00c1 kancel\u00e1\u0159e Praha 1 | Karlovo n\u00e1m\u011bst\u00ed | 100 Kancel\u00e1\u0159\u00ed<\/title>\n<meta name=\"description\" content=\"Popt\u00e1vejte kancel\u00e1\u0159e Sp\u00e1len\u00e1 ulice a kancel\u00e1\u0159e Karlovo n\u00e1m\u011bst\u00ed \u2705 | 1000 kancel\u00e1\u0159\u00ed k pron\u00e1jmu v Praze \u2705 | Nab\u00eddky na m\u00edru do 30 minut | Provize 0%.\" \/>\n<meta name=\"robots\" content=\"noindex, follow, max-snippet:-1, max-image-preview:large, max-video-preview:-1\" \/>\n<meta property=\"og:locale\" content=\"cs_CZ\" \/>\n<meta property=\"og:type\" content=\"article\" \/>\n<meta property=\"og:title\" content=\"SP\u00c1LEN\u00c1 kancel\u00e1\u0159e Praha 1 | Karlovo n\u00e1m\u011bst\u00ed | 100 Kancel\u00e1\u0159\u00ed\" \/>\n<meta property=\"og:description\" content=\"Popt\u00e1vejte kancel\u00e1\u0159e Sp\u00e1len\u00e1 ulice a kancel\u00e1\u0159e Karlovo n\u00e1m\u011bst\u00ed \u2705 | 1000 kancel\u00e1\u0159\u00ed k pron\u00e1jmu v Praze \u2705 | Nab\u00eddky na m\u00edru do 30 minut | Provize 0%.\" \/>\n<meta property=\"og:url\" content=\"https:\/\/www.prazskekancelare.com\/test\/kancelare-k-pronajmu\/pronajem-kancelare-spalena-praha-1\/\" \/>\n<meta property=\"og:site_name\" content=\"TEST - Pron\u00e1jem kancel\u00e1\u0159e Praha\" \/>\n<meta property=\"article:modified_time\" content=\"2019-11-21T14:37:09+00:00\" \/>\n<meta property=\"og:image\" content=\"https:\/\/www.prazskekancelare.com\/test\/wp-content\/uploads\/2018\/12\/kancelarespalenapraha.jpg\" \/>\n\t<meta property=\"og:image:width\" content=\"1232\" \/>\n\t<meta property=\"og:image:height\" content=\"783\" \/>\n<meta name=\"twitter:card\" content=\"summary\" \/>\n<meta name=\"twitter:label1\" content=\"Odhadovan\u00e1 doba \u010dten\u00ed\" \/>\n\t<meta name=\"twitter:data1\" content=\"2 minuty\" \/>\n<script type=\"application\/ld+json\" class=\"yoast-schema-graph\">{\"@context\":\"https:\/\/schema.org\",\"@graph\":[{\"@type\":\"Organization\",\"@id\":\"https:\/\/www.prazskekancelare.com\/test\/#organization\",\"name\":\"Pron\\u00e1jem kancel\\u00e1\\u0159e Praha\",\"url\":\"https:\/\/www.prazskekancelare.com\/test\/\",\"sameAs\":[],\"logo\":{\"@type\":\"ImageObject\",\"@id\":\"https:\/\/www.prazskekancelare.com\/test\/#logo\",\"inLanguage\":\"cs\",\"url\":\"https:\/\/www.prazskekancelare.com\/test\/wp-content\/uploads\/2018\/05\/prazske-kancelare-com-logo.png\",\"contentUrl\":\"https:\/\/www.prazskekancelare.com\/test\/wp-content\/uploads\/2018\/05\/prazske-kancelare-com-logo.png\",\"width\":242,\"height\":59,\"caption\":\"Pron\\u00e1jem kancel\\u00e1\\u0159e Praha\"},\"image\":{\"@id\":\"https:\/\/www.prazskekancelare.com\/test\/#logo\"}},{\"@type\":\"WebSite\",\"@id\":\"https:\/\/www.prazskekancelare.com\/test\/#website\",\"url\":\"https:\/\/www.prazskekancelare.com\/test\/\",\"name\":\"TEST - Pron\\u00e1jem kancel\\u00e1\\u0159e Praha\",\"description\":\"Pron\\u00e1jem kancel\\u00e1\\u0159e Praha a Kancelare Praha\",\"publisher\":{\"@id\":\"https:\/\/www.prazskekancelare.com\/test\/#organization\"},\"potentialAction\":[{\"@type\":\"SearchAction\",\"target\":\"https:\/\/www.prazskekancelare.com\/test\/?s={search_term_string}\",\"query-input\":\"required name=search_term_string\"}],\"inLanguage\":\"cs\"},{\"@type\":\"ImageObject\",\"@id\":\"https:\/\/www.prazskekancelare.com\/test\/kancelare-k-pronajmu\/pronajem-kancelare-spalena-praha-1\/#primaryimage\",\"inLanguage\":\"cs\",\"url\":\"https:\/\/www.prazskekancelare.com\/test\/wp-content\/uploads\/2018\/12\/kancelarespalenapraha.jpg\",\"contentUrl\":\"https:\/\/www.prazskekancelare.com\/test\/wp-content\/uploads\/2018\/12\/kancelarespalenapraha.jpg\",\"width\":1232,\"height\":783,\"caption\":\"Kancel\\u00e1\\u0159e Sp\\u00e1len\\u00e1 14 Praha 1\"},{\"@type\":\"WebPage\",\"@id\":\"https:\/\/www.prazskekancelare.com\/test\/kancelare-k-pronajmu\/pronajem-kancelare-spalena-praha-1\/#webpage\",\"url\":\"https:\/\/www.prazskekancelare.com\/test\/kancelare-k-pronajmu\/pronajem-kancelare-spalena-praha-1\/\",\"name\":\"SP\\u00c1LEN\\u00c1 kancel\\u00e1\\u0159e Praha 1 | Karlovo n\\u00e1m\\u011bst\\u00ed | 100 Kancel\\u00e1\\u0159\\u00ed\",\"isPartOf\":{\"@id\":\"https:\/\/www.prazskekancelare.com\/test\/#website\"},\"primaryImageOfPage\":{\"@id\":\"https:\/\/www.prazskekancelare.com\/test\/kancelare-k-pronajmu\/pronajem-kancelare-spalena-praha-1\/#primaryimage\"},\"datePublished\":\"2018-11-24T21:15:35+00:00\",\"dateModified\":\"2019-11-21T14:37:09+00:00\",\"description\":\"Popt\\u00e1vejte kancel\\u00e1\\u0159e Sp\\u00e1len\\u00e1 ulice a kancel\\u00e1\\u0159e Karlovo n\\u00e1m\\u011bst\\u00ed \\u2705 | 1000 kancel\\u00e1\\u0159\\u00ed k pron\\u00e1jmu v Praze \\u2705 | Nab\\u00eddky na m\\u00edru do 30 minut | Provize 0%.\",\"breadcrumb\":{\"@id\":\"https:\/\/www.prazskekancelare.com\/test\/kancelare-k-pronajmu\/pronajem-kancelare-spalena-praha-1\/#breadcrumb\"},\"inLanguage\":\"cs\",\"potentialAction\":[{\"@type\":\"ReadAction\",\"target\":[\"https:\/\/www.prazskekancelare.com\/test\/kancelare-k-pronajmu\/pronajem-kancelare-spalena-praha-1\/\"]}]},{\"@type\":\"BreadcrumbList\",\"@id\":\"https:\/\/www.prazskekancelare.com\/test\/kancelare-k-pronajmu\/pronajem-kancelare-spalena-praha-1\/#breadcrumb\",\"itemListElement\":[{\"@type\":\"ListItem\",\"position\":1,\"item\":{\"@type\":\"WebPage\",\"@id\":\"https:\/\/www.prazskekancelare.com\/test\/\",\"url\":\"https:\/\/www.prazskekancelare.com\/test\/\",\"name\":\"Dom\\u016f\"}},{\"@type\":\"ListItem\",\"position\":2,\"item\":{\"@type\":\"WebPage\",\"@id\":\"https:\/\/www.prazskekancelare.com\/test\/kancelare-k-pronajmu\/\",\"url\":\"https:\/\/www.prazskekancelare.com\/test\/kancelare-k-pronajmu\/\",\"name\":\"Properties\"}},{\"@type\":\"ListItem\",\"position\":3,\"item\":{\"@id\":\"https:\/\/www.prazskekancelare.com\/test\/kancelare-k-pronajmu\/pronajem-kancelare-spalena-praha-1\/#webpage\"}}]}]}<\/script>\n<!-- \/ Yoast SEO plugin. -->","cmb2":{"property_general":{"property_id":"ANO","property_year_built":"","property_address":"Sp\u00e1len\u00e1 14,\r\n110 00 Praha 1\r\n","property_zip":"","property_contract":"","property_gallery":"","property_plans":"","property_video":"","property_parent_property":""},"property_flags":{"property_featured":"","property_sticky":"","property_reduced":"","property_sold":""},"property_contact":{"property_contact_name":"","property_contact_phone":""},"property_pricing":{"property_price":"350","property_price_prefix":"od","property_price_suffix":"K\u010d\/m2","property_price_custom":""},"property_attributes":{"property_rooms":"\u010d\u00e1ste\u010dn\u011b \/ NE","property_beds":"5","property_baths":"NE","property_garages":"\u010d\u00e1ste\u010dn\u011b \/ NE","property_home_area":"","property_lot_dimensions":"","property_lot_area":"20m2 - 1000m2"},"property_valuation":{"property_valuation_group":""},"property_public_facilities":{"property_public_facilities_group":""},"property_map_location":{"property_map_location":{"latitude":"50.0806126","longitude":"14.4198066"}},"property_relations":{"property_agents":["260"]}},"_links":{"self":[{"href":"https:\/\/www.prazskekancelare.com\/test\/wp-json\/wp\/v2\/property\/2845"}],"collection":[{"href":"https:\/\/www.prazskekancelare.com\/test\/wp-json\/wp\/v2\/property"}],"about":[{"href":"https:\/\/www.prazskekancelare.com\/test\/wp-json\/wp\/v2\/types\/property"}],"author":[{"embeddable":true,"href":"https:\/\/www.prazskekancelare.com\/test\/wp-json\/wp\/v2\/users\/1"}],"replies":[{"embeddable":true,"href":"https:\/\/www.prazskekancelare.com\/test\/wp-json\/wp\/v2\/comments?post=2845"}],"wp:featuredmedia":[{"embeddable":true,"href":"https:\/\/www.prazskekancelare.com\/test\/wp-json\/wp\/v2\/media\/2838"}],"wp:attachment":[{"href":"https:\/\/www.prazskekancelare.com\/test\/wp-json\/wp\/v2\/media?parent=2845"}],"curies":[{"name":"wp","href":"https:\/\/api.w.org\/{rel}","templated":true}]}}