{"id":2819,"date":"2018-11-10T11:48:14","date_gmt":"2018-11-10T10:48:14","guid":{"rendered":"https:\/\/www.prazskekancelare.com\/test\/?post_type=property&#038;p=2819"},"modified":"2019-12-01T10:43:47","modified_gmt":"2019-12-01T09:43:47","slug":"pronajem-nebytovych-prostor-praha-kancelare-flora-vinohrady-praha-3","status":"publish","type":"property","link":"https:\/\/www.prazskekancelare.com\/test\/kancelare-k-pronajmu\/pronajem-nebytovych-prostor-praha-kancelare-flora-vinohrady-praha-3\/","title":{"rendered":"Nebytov\u00e9 prostory Praha 3 Flora<span style=\"color: #ff0000;\">zlevn\u011bno<\/span>"},"content":{"rendered":"<p>\n\t<ul id=\"slideshowgallery115984\" class=\"slideshowgallery115984\" style=\"display:none;\">\n\t\t\t\t\t<!-- From all slides or gallery slides -->\n\t\t\t\t\t\t\t<li>\n\t\t\t\t\t<h3 style=\"opacity:70;\">kancelarekuchynka<\/h3>\n\t\t\t\t\t\t\t\t\t\t\t<span data-alt=\"kancelarekuchynka\">https:\/\/www.prazskekancelare.com\/test\/wp-content\/uploads\/2018\/11\/vinohradykancelarekpronajmu.jpg<\/span>\n\t\t\t\t\t\t\t\t\t\t<p><\/p>\n\t\t\t\t\t\t\t\t\t\t\t\t\t\t\t\t\t\t<a><img class=\"skip-lazy\" src=\"https:\/\/www.prazskekancelare.com\/test\/wp-content\/uploads\/2018\/11\/vinohradykancelarekpronajmu-400x300.jpg\" alt=\"kancelarekuchynka\" \/><\/a>\n\t\t\t\t\t\t\t\t\t\t\t\t\t\t\t<\/li>\n\t\t\t\t\t\t\t<li>\n\t\t\t\t\t<h3 style=\"opacity:70;\">baranovakancelarePraha3<\/h3>\n\t\t\t\t\t\t\t\t\t\t\t<span data-alt=\"baranovakancelarepraha3\">https:\/\/www.prazskekancelare.com\/test\/wp-content\/uploads\/2018\/11\/baranovakancelarepraha3.jpg<\/span>\n\t\t\t\t\t\t\t\t\t\t<p><\/p>\n\t\t\t\t\t\t\t\t\t\t\t\t\t\t\t\t\t\t<a><img class=\"skip-lazy\" src=\"https:\/\/www.prazskekancelare.com\/test\/wp-content\/uploads\/2018\/11\/baranovakancelarepraha3-400x300.jpg\" alt=\"baranovakancelarepraha3\" \/><\/a>\n\t\t\t\t\t\t\t\t\t\t\t\t\t\t\t<\/li>\n\t\t\t\t\t\t\t<li>\n\t\t\t\t\t<h3 style=\"opacity:70;\">Florakancelare<\/h3>\n\t\t\t\t\t\t\t\t\t\t\t<span data-alt=\"florakancelare\">https:\/\/www.prazskekancelare.com\/test\/wp-content\/uploads\/2018\/11\/florakancelarekpronajmu.jpg<\/span>\n\t\t\t\t\t\t\t\t\t\t<p><\/p>\n\t\t\t\t\t\t\t\t\t\t\t\t\t\t\t\t\t\t<a><img class=\"skip-lazy\" src=\"https:\/\/www.prazskekancelare.com\/test\/wp-content\/uploads\/2018\/11\/florakancelarekpronajmu-400x300.jpg\" alt=\"florakancelare\" \/><\/a>\n\t\t\t\t\t\t\t\t\t\t\t\t\t\t\t<\/li>\n\t\t\t\t\t\t\t<li>\n\t\t\t\t\t<h3 style=\"opacity:70;\">kancelarevinohrady<\/h3>\n\t\t\t\t\t\t\t\t\t\t\t<span data-alt=\"kancelarevinohrady\">https:\/\/www.prazskekancelare.com\/test\/wp-content\/uploads\/2018\/11\/kancelarekpronajmupraha3.jpg<\/span>\n\t\t\t\t\t\t\t\t\t\t<p><\/p>\n\t\t\t\t\t\t\t\t\t\t\t\t\t\t\t\t\t\t<a><img class=\"skip-lazy\" src=\"https:\/\/www.prazskekancelare.com\/test\/wp-content\/uploads\/2018\/11\/kancelarekpronajmupraha3-400x300.jpg\" alt=\"kancelarevinohrady\" \/><\/a>\n\t\t\t\t\t\t\t\t\t\t\t\t\t\t\t<\/li>\n\t\t\t\t\t\t\t<li>\n\t\t\t\t\t<h3 style=\"opacity:70;\">Praha3kancelare<\/h3>\n\t\t\t\t\t\t\t\t\t\t\t<span data-alt=\"praha3kancelare\">https:\/\/www.prazskekancelare.com\/test\/wp-content\/uploads\/2018\/11\/kancelarepraha3.jpg<\/span>\n\t\t\t\t\t\t\t\t\t\t<p><\/p>\n\t\t\t\t\t\t\t\t\t\t\t\t\t\t\t\t\t\t<a><img class=\"skip-lazy\" src=\"https:\/\/www.prazskekancelare.com\/test\/wp-content\/uploads\/2018\/11\/kancelarepraha3-400x300.jpg\" alt=\"praha3kancelare\" \/><\/a>\n\t\t\t\t\t\t\t\t\t\t\t\t\t\t\t<\/li>\n\t\t\t\t\t\t\t<li>\n\t\t\t\t\t<h3 style=\"opacity:70;\">kancelarepronajemvinohrady<\/h3>\n\t\t\t\t\t\t\t\t\t\t\t<span data-alt=\"kancelarepronajemvinohrady\">https:\/\/www.prazskekancelare.com\/test\/wp-content\/uploads\/2018\/11\/kancelarepronajemvinohrady.jpg<\/span>\n\t\t\t\t\t\t\t\t\t\t<p><\/p>\n\t\t\t\t\t\t\t\t\t\t\t\t\t\t\t\t\t\t<a><img class=\"skip-lazy\" src=\"https:\/\/www.prazskekancelare.com\/test\/wp-content\/uploads\/2018\/11\/kancelarepronajemvinohrady-400x300.jpg\" alt=\"kancelarepronajemvinohrady\" \/><\/a>\n\t\t\t\t\t\t\t\t\t\t\t\t\t\t\t<\/li>\n\t\t\t\t\t\t\t<li>\n\t\t\t\t\t<h3 style=\"opacity:70;\">vybavenekancelareflora<\/h3>\n\t\t\t\t\t\t\t\t\t\t\t<span data-alt=\"vybavenekancelareflora\">https:\/\/www.prazskekancelare.com\/test\/wp-content\/uploads\/2018\/11\/praha3vinohradykancelare.jpg<\/span>\n\t\t\t\t\t\t\t\t\t\t<p><\/p>\n\t\t\t\t\t\t\t\t\t\t\t\t\t\t\t\t\t\t<a><img class=\"skip-lazy\" src=\"https:\/\/www.prazskekancelare.com\/test\/wp-content\/uploads\/2018\/11\/praha3vinohradykancelare-400x300.jpg\" alt=\"vybavenekancelareflora\" \/><\/a>\n\t\t\t\t\t\t\t\t\t\t\t\t\t\t\t<\/li>\n\t\t\t\t\t\t\t<li>\n\t\t\t\t\t<h3 style=\"opacity:70;\">kancelarekpronajmuvinohrady<\/h3>\n\t\t\t\t\t\t\t\t\t\t\t<span data-alt=\"kancelarekpronajmuvinohrady\">https:\/\/www.prazskekancelare.com\/test\/wp-content\/uploads\/2018\/11\/pronajemkancelareflora.jpg<\/span>\n\t\t\t\t\t\t\t\t\t\t<p><\/p>\n\t\t\t\t\t\t\t\t\t\t\t\t\t\t\t\t\t\t<a><img class=\"skip-lazy\" src=\"https:\/\/www.prazskekancelare.com\/test\/wp-content\/uploads\/2018\/11\/pronajemkancelareflora-400x300.jpg\" alt=\"kancelarekpronajmuvinohrady\" \/><\/a>\n\t\t\t\t\t\t\t\t\t\t\t\t\t\t\t<\/li>\n\t\t\t\t\t\t\t<li>\n\t\t\t\t\t<h3 style=\"opacity:70;\">pronajemkancelarePraha3<\/h3>\n\t\t\t\t\t\t\t\t\t\t\t<span data-alt=\"pronajemkancelarepraha3\">https:\/\/www.prazskekancelare.com\/test\/wp-content\/uploads\/2018\/11\/pronajemkancelarepraha3.jpg<\/span>\n\t\t\t\t\t\t\t\t\t\t<p><\/p>\n\t\t\t\t\t\t\t\t\t\t\t\t\t\t\t\t\t\t<a><img class=\"skip-lazy\" src=\"https:\/\/www.prazskekancelare.com\/test\/wp-content\/uploads\/2018\/11\/pronajemkancelarepraha3-400x300.jpg\" alt=\"pronajemkancelarepraha3\" \/><\/a>\n\t\t\t\t\t\t\t\t\t\t\t\t\t\t\t<\/li>\n\t\t\t\t\t\t\t<li>\n\t\t\t\t\t<h3 style=\"opacity:70;\">kancelareflora<\/h3>\n\t\t\t\t\t\t\t\t\t\t\t<span data-alt=\"kancelareflora\">https:\/\/www.prazskekancelare.com\/test\/wp-content\/uploads\/2018\/11\/baranovakancelarepraha3vinohrady.jpg<\/span>\n\t\t\t\t\t\t\t\t\t\t<p><\/p>\n\t\t\t\t\t\t\t\t\t\t\t\t\t\t\t\t\t\t<a><img class=\"skip-lazy\" src=\"https:\/\/www.prazskekancelare.com\/test\/wp-content\/uploads\/2018\/11\/baranovakancelarepraha3vinohrady-400x300.jpg\" alt=\"kancelareflora\" \/><\/a>\n\t\t\t\t\t\t\t\t\t\t\t\t\t\t\t<\/li>\n\t\t\t\t\t\t<\/ul>\n\n\t\t<div id=\"slideshow-wrappergallery115984\" class=\"slideshow-wrapper\" style=\"--slideshow-width:1220px\">\n\t\t\n\t\t<div class=\"slideshow-fullsize\" id=\"fullsizegallery115984\">\n\t\t\t\t\t\t\t\t\t\t\t\t\t\t<div id=\"imgprevgallery115984\" class=\"slideshow-imgprev imgnav\" title=\"Previous Image\">Previous Image<\/div>\n\t\t\t\t\t\t<a id=\"imglinkgallery115984\" class=\"slideshow-imglink imglink\">\n\t\t\t\t<!-- link -->\n\t\t\t<\/a>\n\t\t\t\t\t\t\t\t\t\t\t<div id=\"imgnextgallery115984\" class=\"slideshow-imgnext imgnav\" title=\"Next Image\">Next Image<\/div>\n\t\t\t\t\t\t<div id=\"imagegallery115984\" class=\"slideshow-image\"><\/div>\n\t\t\t<div class=\"slideshow-information infobottom\" id=\"informationgallery115984\">\n\t\t\t\t<h3 class=\"slideshow-info-heading\">info heading<\/h3>\n\t\t\t\t<p class=\"slideshow-info-content\">info content<\/p>\n\t\t\t<\/div>\n\t\t<\/div>\n\n\t\t\t\t\t<div id=\"thumbnailsgallery115984\" class=\"slideshow-thumbnails thumbsbot\">\n\t\t\t\t<div class=\"slideshow-slideleft\" id=\"slideleftgallery115984\" title=\"Slide Left\"><\/div>\n\t\t\t\t<div class=\"slideshow-slidearea\" id=\"slideareagallery115984\">\n\t\t\t\t\t<div class=\"slideshow-slider\" id=\"slidergallery115984\"><\/div>\n\t\t\t\t<\/div>\n\t\t\t\t<div class=\"slideshow-slideright\" id=\"sliderightgallery115984\" title=\"Slide Right\"><\/div>\n\t\t\t\t<br style=\"clear:both; visibility:hidden; height:1px;\" \/>\n\t\t\t<\/div>\n\t\t\t<\/div>\n\n\t<br \/>\nNab\u00edz\u00edme <strong>kancel\u00e1\u0159e Flora\u00a0\u2705<\/strong> v\u00fdhodn\u00fd pron\u00e1jem nebytov\u00fdch prostor Praha &#8211;\u00a0t\u0159\u00ed kancel\u00e1\u0159\u00ed v udr\u017eovan\u00e9m \u010din\u017eovn\u00edm dom\u011b bl\u00edzko vinohradsk\u00e9 Flory o celkov\u00e9 velikosti 51m2. Kancel\u00e1\u0159e jsou udr\u017eovan\u00e9, \u010d\u00e1ste\u010dn\u011b vybaven\u00e9 a ihned k dispozici.<\/p>\n<h2>Pron\u00e1jem nebytov\u00fdch prostor Praha Vinohrady &#8211; lokalita, budova<\/h2>\n<p><strong>Kancel\u00e1\u0159e k pron\u00e1jmu na Flo\u0159e<\/strong> s\u00eddl\u00ed v p\u0159\u00edzem\u00ed \u010din\u017eovn\u00edho domu v Baranov\u011b ulici cca 100m od OC Flora a metra stejn\u00e9ho jm\u00e9na. Nebytov\u00e9 prostory pro\u0161ly rekonstrukc\u00ed, jsou velmi reprezentativn\u00ed a \u010d\u00e1ste\u010dn\u011b vybaven\u00e9. Cena kancel\u00e1\u0159\u00ed je na lokalitu v centru m\u011bsta a na metru v\u00edce ne\u017e p\u0159\u00edv\u011btiv\u00e1.<\/p>\n<p><span style=\"color: #ff0000;\"><strong>N\u00e1\u0161 tip:<\/strong> Doporu\u010dujeme rychlou prohl\u00eddku, kter\u00e1 nezabere v\u00edce ne\u017e 15 minut. Kancel\u00e1\u0159e o t\u011bchto rozm\u011brech v centru m\u011bsta a ihned na metru nebudou k dispozici dlouho. Napi\u0161te n\u00e1m a mi za\u0159\u00edd\u00edme ihned prohl\u00eddku a nejlep\u0161\u00ed smluvn\u00ed podm\u00ednky \u2013 <strong>samoz\u0159ejm\u011b BEZ PROVIZE. \u00dakolujte n\u00e1s tedy zdarma.<\/strong><\/span><\/p>\n<p><a href=\"\/poptavka-po-kancelarich-k-pronajmu\/\" target=\"_blank\"><img loading=\"lazy\" class=\"alignnone wp-image-3618 size-medium\" src=\"https:\/\/www.prazskekancelare.com\/test\/wp-content\/uploads\/2019\/12\/nabidky-do-30-minut-300x46.png\" alt=\"Nab\u00eddky kancel\u00e1\u0159\u00ed do 30 minut\" width=\"300\" height=\"46\" srcset=\"https:\/\/www.prazskekancelare.com\/test\/wp-content\/uploads\/2019\/12\/nabidky-do-30-minut-300x46.png 300w, https:\/\/www.prazskekancelare.com\/test\/wp-content\/uploads\/2019\/12\/nabidky-do-30-minut-1024x156.png 1024w\" sizes=\"(max-width: 300px) 100vw, 300px\" \/><\/a><\/p>\n<h2>Kancel\u00e1\u0159e Flora &#8211; prostory k pron\u00e1jmu<\/h2>\n<p>Sou\u010d\u00e1st\u00ed 3 nov\u011b zrekonstruovan\u00fdch <strong>kancel\u00e1\u0159\u00ed na Flo\u0159e<\/strong> o rozm\u011brech 16 m2, 10 m2 a 25m2 jsou i kuchy\u0148ka, toalety a zaseda\u010dka. Na podlah\u00e1ch jsou nov\u00e9 koberce, kancel\u00e1\u0159e maj\u00ed vysok\u00e9 stropy a jsou velmi sv\u011btl\u00e9.<\/p>\n<h2>Kancel\u00e1\u0159e Flora Bez provize<\/h2>\n<p>Ve\u0161ker\u00e9 slu\u017eby na\u0161\u00ed spole\u010dnosti a jej\u00edch makl\u00e9\u0159\u016f jsou bez provize.<\/p>\n<p>Pro\u00a0za\u0159\u00edzen\u00ed prohl\u00eddky n\u00e1s pros\u00edm nev\u00e1hejte kdykoli kontaktovat nebo vyplnit <span style=\"color: #0000ff;\"><strong><a style=\"color: #0000ff;\" href=\"\/poptavka-po-kancelarich-k-pronajmu\/\" target=\"_blank\">popt\u00e1vkov\u00fd formul\u00e1\u0159<\/a><\/strong><\/span>.<\/p>\n<p>Makl\u00e9\u0159e zodpov\u011bdn\u00e9ho za nemovitost najdete v prav\u00e9m sloupci.<br \/>\ne-mail:\u00a0<strong><a href=\"mailto:info@prazskekancelare.cz\">info@prazskekancelare.com<\/a><\/strong>\u00a0\/\u00a0telefon: <strong><span style=\"color: #ff0000;\">+420 773 295 925, +420 723 984 360<\/span><\/strong><\/p>\n<p><a href=\"\/poptavka-po-kancelarich-k-pronajmu\/\" target=\"_blank\"><img loading=\"lazy\" class=\"alignnone wp-image-3619 size-medium\" src=\"https:\/\/www.prazskekancelare.com\/test\/wp-content\/uploads\/2019\/12\/poptavejte-bez-provize-300x48.png\" alt=\"popt\u00e1vejte kancel\u00e1\u0159 bez provize\" width=\"300\" height=\"48\" srcset=\"https:\/\/www.prazskekancelare.com\/test\/wp-content\/uploads\/2019\/12\/poptavejte-bez-provize-300x48.png 300w, https:\/\/www.prazskekancelare.com\/test\/wp-content\/uploads\/2019\/12\/poptavejte-bez-provize-1024x163.png 1024w\" sizes=\"(max-width: 300px) 100vw, 300px\" \/><\/a><\/p>\n","protected":false},"author":1,"featured_media":2814,"comment_status":"closed","ping_status":"closed","template":"","yoast_head":"<!-- This site is optimized with the Yoast SEO plugin v16.4 - https:\/\/yoast.com\/wordpress\/plugins\/seo\/ -->\n<title>Pron\u00e1jem nebytov\u00fdch prostor Praha | kancel\u00e1\u0159e FLORA LEVN\u011a<\/title>\n<meta name=\"description\" content=\"Popt\u00e1vejte nebytov\u00e9 prostory Praha \u2705 | Kancel\u00e1\u0159e Flora Praha 3 \u2705 | kancel\u00e1\u0159e Ji\u010d\u00ednsk\u00e9ho, kancel\u00e1\u0159e \u017delivsk\u00e9ho | Pron\u00e1jem kancel\u00e1\u0159sk\u00fdch prostor Praha ZDE.\" \/>\n<meta name=\"robots\" content=\"noindex, follow, max-snippet:-1, max-image-preview:large, max-video-preview:-1\" \/>\n<meta property=\"og:locale\" content=\"cs_CZ\" \/>\n<meta property=\"og:type\" content=\"article\" \/>\n<meta property=\"og:title\" content=\"Pron\u00e1jem nebytov\u00fdch prostor Praha | kancel\u00e1\u0159e FLORA LEVN\u011a\" \/>\n<meta property=\"og:description\" content=\"Popt\u00e1vejte nebytov\u00e9 prostory Praha \u2705 | Kancel\u00e1\u0159e Flora Praha 3 \u2705 | kancel\u00e1\u0159e Ji\u010d\u00ednsk\u00e9ho, kancel\u00e1\u0159e \u017delivsk\u00e9ho | Pron\u00e1jem kancel\u00e1\u0159sk\u00fdch prostor Praha ZDE.\" \/>\n<meta property=\"og:url\" content=\"https:\/\/www.prazskekancelare.com\/test\/kancelare-k-pronajmu\/pronajem-nebytovych-prostor-praha-kancelare-flora-vinohrady-praha-3\/\" \/>\n<meta property=\"og:site_name\" content=\"TEST - Pron\u00e1jem kancel\u00e1\u0159e Praha\" \/>\n<meta property=\"article:modified_time\" content=\"2019-12-01T09:43:47+00:00\" \/>\n<meta property=\"og:image\" content=\"https:\/\/www.prazskekancelare.com\/test\/wp-content\/uploads\/2018\/11\/kancelarepronajemvinohrady.jpg\" \/>\n\t<meta property=\"og:image:width\" content=\"1028\" \/>\n\t<meta property=\"og:image:height\" content=\"693\" \/>\n<meta name=\"twitter:card\" content=\"summary\" \/>\n<meta name=\"twitter:label1\" content=\"Odhadovan\u00e1 doba \u010dten\u00ed\" \/>\n\t<meta name=\"twitter:data1\" content=\"1 minuta\" \/>\n<script type=\"application\/ld+json\" class=\"yoast-schema-graph\">{\"@context\":\"https:\/\/schema.org\",\"@graph\":[{\"@type\":\"Organization\",\"@id\":\"https:\/\/www.prazskekancelare.com\/test\/#organization\",\"name\":\"Pron\\u00e1jem kancel\\u00e1\\u0159e Praha\",\"url\":\"https:\/\/www.prazskekancelare.com\/test\/\",\"sameAs\":[],\"logo\":{\"@type\":\"ImageObject\",\"@id\":\"https:\/\/www.prazskekancelare.com\/test\/#logo\",\"inLanguage\":\"cs\",\"url\":\"https:\/\/www.prazskekancelare.com\/test\/wp-content\/uploads\/2018\/05\/prazske-kancelare-com-logo.png\",\"contentUrl\":\"https:\/\/www.prazskekancelare.com\/test\/wp-content\/uploads\/2018\/05\/prazske-kancelare-com-logo.png\",\"width\":242,\"height\":59,\"caption\":\"Pron\\u00e1jem kancel\\u00e1\\u0159e Praha\"},\"image\":{\"@id\":\"https:\/\/www.prazskekancelare.com\/test\/#logo\"}},{\"@type\":\"WebSite\",\"@id\":\"https:\/\/www.prazskekancelare.com\/test\/#website\",\"url\":\"https:\/\/www.prazskekancelare.com\/test\/\",\"name\":\"TEST - Pron\\u00e1jem kancel\\u00e1\\u0159e Praha\",\"description\":\"Pron\\u00e1jem kancel\\u00e1\\u0159e Praha a Kancelare Praha\",\"publisher\":{\"@id\":\"https:\/\/www.prazskekancelare.com\/test\/#organization\"},\"potentialAction\":[{\"@type\":\"SearchAction\",\"target\":\"https:\/\/www.prazskekancelare.com\/test\/?s={search_term_string}\",\"query-input\":\"required name=search_term_string\"}],\"inLanguage\":\"cs\"},{\"@type\":\"ImageObject\",\"@id\":\"https:\/\/www.prazskekancelare.com\/test\/kancelare-k-pronajmu\/pronajem-nebytovych-prostor-praha-kancelare-flora-vinohrady-praha-3\/#primaryimage\",\"inLanguage\":\"cs\",\"url\":\"https:\/\/www.prazskekancelare.com\/test\/wp-content\/uploads\/2018\/11\/kancelarepronajemvinohrady.jpg\",\"contentUrl\":\"https:\/\/www.prazskekancelare.com\/test\/wp-content\/uploads\/2018\/11\/kancelarepronajemvinohrady.jpg\",\"width\":1028,\"height\":693,\"caption\":\"Vinohrady kancel\\u00e1\\u0159e k pron\\u00e1jmu Praha 3\"},{\"@type\":\"WebPage\",\"@id\":\"https:\/\/www.prazskekancelare.com\/test\/kancelare-k-pronajmu\/pronajem-nebytovych-prostor-praha-kancelare-flora-vinohrady-praha-3\/#webpage\",\"url\":\"https:\/\/www.prazskekancelare.com\/test\/kancelare-k-pronajmu\/pronajem-nebytovych-prostor-praha-kancelare-flora-vinohrady-praha-3\/\",\"name\":\"Pron\\u00e1jem nebytov\\u00fdch prostor Praha | kancel\\u00e1\\u0159e FLORA LEVN\\u011a\",\"isPartOf\":{\"@id\":\"https:\/\/www.prazskekancelare.com\/test\/#website\"},\"primaryImageOfPage\":{\"@id\":\"https:\/\/www.prazskekancelare.com\/test\/kancelare-k-pronajmu\/pronajem-nebytovych-prostor-praha-kancelare-flora-vinohrady-praha-3\/#primaryimage\"},\"datePublished\":\"2018-11-10T10:48:14+00:00\",\"dateModified\":\"2019-12-01T09:43:47+00:00\",\"description\":\"Popt\\u00e1vejte nebytov\\u00e9 prostory Praha \\u2705 | Kancel\\u00e1\\u0159e Flora Praha 3 \\u2705 | kancel\\u00e1\\u0159e Ji\\u010d\\u00ednsk\\u00e9ho, kancel\\u00e1\\u0159e \\u017delivsk\\u00e9ho | Pron\\u00e1jem kancel\\u00e1\\u0159sk\\u00fdch prostor Praha ZDE.\",\"breadcrumb\":{\"@id\":\"https:\/\/www.prazskekancelare.com\/test\/kancelare-k-pronajmu\/pronajem-nebytovych-prostor-praha-kancelare-flora-vinohrady-praha-3\/#breadcrumb\"},\"inLanguage\":\"cs\",\"potentialAction\":[{\"@type\":\"ReadAction\",\"target\":[\"https:\/\/www.prazskekancelare.com\/test\/kancelare-k-pronajmu\/pronajem-nebytovych-prostor-praha-kancelare-flora-vinohrady-praha-3\/\"]}]},{\"@type\":\"BreadcrumbList\",\"@id\":\"https:\/\/www.prazskekancelare.com\/test\/kancelare-k-pronajmu\/pronajem-nebytovych-prostor-praha-kancelare-flora-vinohrady-praha-3\/#breadcrumb\",\"itemListElement\":[{\"@type\":\"ListItem\",\"position\":1,\"item\":{\"@type\":\"WebPage\",\"@id\":\"https:\/\/www.prazskekancelare.com\/test\/\",\"url\":\"https:\/\/www.prazskekancelare.com\/test\/\",\"name\":\"Dom\\u016f\"}},{\"@type\":\"ListItem\",\"position\":2,\"item\":{\"@type\":\"WebPage\",\"@id\":\"https:\/\/www.prazskekancelare.com\/test\/kancelare-k-pronajmu\/\",\"url\":\"https:\/\/www.prazskekancelare.com\/test\/kancelare-k-pronajmu\/\",\"name\":\"Properties\"}},{\"@type\":\"ListItem\",\"position\":3,\"item\":{\"@id\":\"https:\/\/www.prazskekancelare.com\/test\/kancelare-k-pronajmu\/pronajem-nebytovych-prostor-praha-kancelare-flora-vinohrady-praha-3\/#webpage\"}}]}]}<\/script>\n<!-- \/ Yoast SEO plugin. -->","cmb2":{"property_general":{"property_id":"ANO","property_year_built":"","property_address":"Baranova 30,\r\n130 00 Praha 3\r\n","property_zip":"","property_contract":"","property_gallery":"","property_plans":"","property_video":"","property_parent_property":""},"property_flags":{"property_featured":"","property_sticky":"","property_reduced":"","property_sold":""},"property_contact":{"property_contact_name":"","property_contact_phone":""},"property_pricing":{"property_price":"250","property_price_prefix":"od","property_price_suffix":"K\u010d\/m2","property_price_custom":""},"property_attributes":{"property_rooms":"NE","property_beds":"4","property_baths":"NE","property_garages":"NE \/ \u010d\u00e1ste\u010dn\u011b","property_home_area":"","property_lot_dimensions":"","property_lot_area":"51 m2"},"property_valuation":{"property_valuation_group":""},"property_public_facilities":{"property_public_facilities_group":""},"property_map_location":{"property_map_location":{"latitude":"50.0810289","longitude":"14.4570744"}},"property_relations":{"property_agents":["260"]}},"_links":{"self":[{"href":"https:\/\/www.prazskekancelare.com\/test\/wp-json\/wp\/v2\/property\/2819"}],"collection":[{"href":"https:\/\/www.prazskekancelare.com\/test\/wp-json\/wp\/v2\/property"}],"about":[{"href":"https:\/\/www.prazskekancelare.com\/test\/wp-json\/wp\/v2\/types\/property"}],"author":[{"embeddable":true,"href":"https:\/\/www.prazskekancelare.com\/test\/wp-json\/wp\/v2\/users\/1"}],"replies":[{"embeddable":true,"href":"https:\/\/www.prazskekancelare.com\/test\/wp-json\/wp\/v2\/comments?post=2819"}],"wp:featuredmedia":[{"embeddable":true,"href":"https:\/\/www.prazskekancelare.com\/test\/wp-json\/wp\/v2\/media\/2814"}],"wp:attachment":[{"href":"https:\/\/www.prazskekancelare.com\/test\/wp-json\/wp\/v2\/media?parent=2819"}],"curies":[{"name":"wp","href":"https:\/\/api.w.org\/{rel}","templated":true}]}}