{"id":2635,"date":"2018-09-21T19:30:10","date_gmt":"2018-09-21T17:30:10","guid":{"rendered":"https:\/\/www.prazskekancelare.com\/test\/?post_type=property&#038;p=2635"},"modified":"2019-03-14T18:06:37","modified_gmt":"2019-03-14T17:06:37","slug":"kancelare-palac-ymca-praha-1","status":"publish","type":"property","link":"https:\/\/www.prazskekancelare.com\/test\/kancelare-k-pronajmu\/kancelare-palac-ymca-praha-1\/","title":{"rendered":"Kancel\u00e1\u0159e Pal\u00e1c YMCA Na Po\u0159\u00ed\u010d\u00ed Praha 1"},"content":{"rendered":"<p>\n\t<ul id=\"slideshowgallery109165\" class=\"slideshowgallery109165\" style=\"display:none;\">\n\t\t\t\t\t<!-- From all slides or gallery slides -->\n\t\t\t\t\t\t\t<li>\n\t\t\t\t\t<h3 style=\"opacity:70;\">bazenpalacymca<\/h3>\n\t\t\t\t\t\t\t\t\t\t\t<span data-alt=\"bazenpalacymca\">https:\/\/www.prazskekancelare.com\/test\/wp-content\/uploads\/2018\/10\/bazenpalacymca.jpg<\/span>\n\t\t\t\t\t\t\t\t\t\t<p><\/p>\n\t\t\t\t\t\t\t\t\t\t\t\t\t\t\t\t\t\t<a><img class=\"skip-lazy\" src=\"https:\/\/www.prazskekancelare.com\/test\/wp-content\/uploads\/2018\/10\/bazenpalacymca-400x300.jpg\" alt=\"bazenpalacymca\" \/><\/a>\n\t\t\t\t\t\t\t\t\t\t\t\t\t\t\t<\/li>\n\t\t\t\t\t\t\t<li>\n\t\t\t\t\t<h3 style=\"opacity:70;\">kancelareymcapraha<\/h3>\n\t\t\t\t\t\t\t\t\t\t\t<span data-alt=\"kancelareymcapraha\">https:\/\/www.prazskekancelare.com\/test\/wp-content\/uploads\/2018\/10\/kancelareymcapraha.jpg<\/span>\n\t\t\t\t\t\t\t\t\t\t<p><\/p>\n\t\t\t\t\t\t\t\t\t\t\t\t\t\t\t\t\t\t<a><img class=\"skip-lazy\" src=\"https:\/\/www.prazskekancelare.com\/test\/wp-content\/uploads\/2018\/10\/kancelareymcapraha-400x300.jpg\" alt=\"kancelareymcapraha\" \/><\/a>\n\t\t\t\t\t\t\t\t\t\t\t\t\t\t\t<\/li>\n\t\t\t\t\t\t\t<li>\n\t\t\t\t\t<h3 style=\"opacity:70;\">kancelareymcapraha1<\/h3>\n\t\t\t\t\t\t\t\t\t\t\t<span data-alt=\"kancelareymcapraha1\">https:\/\/www.prazskekancelare.com\/test\/wp-content\/uploads\/2018\/10\/kancelareymcapraha1.jpg<\/span>\n\t\t\t\t\t\t\t\t\t\t<p><\/p>\n\t\t\t\t\t\t\t\t\t\t\t\t\t\t\t\t\t\t<a><img class=\"skip-lazy\" src=\"https:\/\/www.prazskekancelare.com\/test\/wp-content\/uploads\/2018\/10\/kancelareymcapraha1-400x300.jpg\" alt=\"kancelareymcapraha1\" \/><\/a>\n\t\t\t\t\t\t\t\t\t\t\t\t\t\t\t<\/li>\n\t\t\t\t\t\t\t<li>\n\t\t\t\t\t<h3 style=\"opacity:70;\">pronajemkancelarepraha1<\/h3>\n\t\t\t\t\t\t\t\t\t\t\t<span data-alt=\"pronajemkancelarepraha1\">https:\/\/www.prazskekancelare.com\/test\/wp-content\/uploads\/2018\/10\/pronajemkancelarepraha1.jpg<\/span>\n\t\t\t\t\t\t\t\t\t\t<p><\/p>\n\t\t\t\t\t\t\t\t\t\t\t\t\t\t\t\t\t\t<a><img class=\"skip-lazy\" src=\"https:\/\/www.prazskekancelare.com\/test\/wp-content\/uploads\/2018\/10\/pronajemkancelarepraha1-400x300.jpg\" alt=\"pronajemkancelarepraha1\" \/><\/a>\n\t\t\t\t\t\t\t\t\t\t\t\t\t\t\t<\/li>\n\t\t\t\t\t\t\t<li>\n\t\t\t\t\t<h3 style=\"opacity:70;\">palacymcakancelare<\/h3>\n\t\t\t\t\t\t\t\t\t\t\t<span data-alt=\"palacymcakancelare\">https:\/\/www.prazskekancelare.com\/test\/wp-content\/uploads\/2018\/10\/palacymcakancelare.jpg<\/span>\n\t\t\t\t\t\t\t\t\t\t<p><\/p>\n\t\t\t\t\t\t\t\t\t\t\t\t\t\t\t\t\t\t<a><img class=\"skip-lazy\" src=\"https:\/\/www.prazskekancelare.com\/test\/wp-content\/uploads\/2018\/10\/palacymcakancelare-400x300.jpg\" alt=\"palacymcakancelare\" \/><\/a>\n\t\t\t\t\t\t\t\t\t\t\t\t\t\t\t<\/li>\n\t\t\t\t\t\t\t<li>\n\t\t\t\t\t<h3 style=\"opacity:70;\">sportpalacymca<\/h3>\n\t\t\t\t\t\t\t\t\t\t\t<span data-alt=\"sportpalacymca\">https:\/\/www.prazskekancelare.com\/test\/wp-content\/uploads\/2018\/10\/sportpalacymca.jpg<\/span>\n\t\t\t\t\t\t\t\t\t\t<p><\/p>\n\t\t\t\t\t\t\t\t\t\t\t\t\t\t\t\t\t\t<a><img class=\"skip-lazy\" src=\"https:\/\/www.prazskekancelare.com\/test\/wp-content\/uploads\/2018\/10\/sportpalacymca-400x300.jpg\" alt=\"sportpalacymca\" \/><\/a>\n\t\t\t\t\t\t\t\t\t\t\t\t\t\t\t<\/li>\n\t\t\t\t\t\t\t<li>\n\t\t\t\t\t<h3 style=\"opacity:70;\">ymcakancelare<\/h3>\n\t\t\t\t\t\t\t\t\t\t\t<span data-alt=\"ymcakancelare\">https:\/\/www.prazskekancelare.com\/test\/wp-content\/uploads\/2018\/10\/ymcakancelare.jpg<\/span>\n\t\t\t\t\t\t\t\t\t\t<p><\/p>\n\t\t\t\t\t\t\t\t\t\t\t\t\t\t\t\t\t\t<a><img class=\"skip-lazy\" src=\"https:\/\/www.prazskekancelare.com\/test\/wp-content\/uploads\/2018\/10\/ymcakancelare-300x226.jpg\" alt=\"ymcakancelare\" \/><\/a>\n\t\t\t\t\t\t\t\t\t\t\t\t\t\t\t<\/li>\n\t\t\t\t\t\t\t<li>\n\t\t\t\t\t<h3 style=\"opacity:70;\">ymcakancelarekpronajmu<\/h3>\n\t\t\t\t\t\t\t\t\t\t\t<span data-alt=\"ymcakancelarekpronajmu\">https:\/\/www.prazskekancelare.com\/test\/wp-content\/uploads\/2018\/10\/ymcakancelarekpronajmu.jpg<\/span>\n\t\t\t\t\t\t\t\t\t\t<p><\/p>\n\t\t\t\t\t\t\t\t\t\t\t\t\t\t\t\t\t\t<a><img class=\"skip-lazy\" src=\"https:\/\/www.prazskekancelare.com\/test\/wp-content\/uploads\/2018\/10\/ymcakancelarekpronajmu-400x300.jpg\" alt=\"ymcakancelarekpronajmu\" \/><\/a>\n\t\t\t\t\t\t\t\t\t\t\t\t\t\t\t<\/li>\n\t\t\t\t\t\t\t<li>\n\t\t\t\t\t<h3 style=\"opacity:70;\">YMCAkancelarenapronajem<\/h3>\n\t\t\t\t\t\t\t\t\t\t\t<span data-alt=\"ymcakancelarenapronajem\">https:\/\/www.prazskekancelare.com\/test\/wp-content\/uploads\/2018\/10\/ymcakancelarenapronajem.jpg<\/span>\n\t\t\t\t\t\t\t\t\t\t<p><\/p>\n\t\t\t\t\t\t\t\t\t\t\t\t\t\t\t\t\t\t<a><img class=\"skip-lazy\" src=\"https:\/\/www.prazskekancelare.com\/test\/wp-content\/uploads\/2018\/10\/ymcakancelarenapronajem-400x300.jpg\" alt=\"ymcakancelarenapronajem\" \/><\/a>\n\t\t\t\t\t\t\t\t\t\t\t\t\t\t\t<\/li>\n\t\t\t\t\t\t\t<li>\n\t\t\t\t\t<h3 style=\"opacity:70;\">ymcapronajemkancelariPraha1<\/h3>\n\t\t\t\t\t\t\t\t\t\t\t<span data-alt=\"ymcapronajemkancelaripraha1\">https:\/\/www.prazskekancelare.com\/test\/wp-content\/uploads\/2018\/10\/ymcapronajemkancelaripraha1.jpg<\/span>\n\t\t\t\t\t\t\t\t\t\t<p><\/p>\n\t\t\t\t\t\t\t\t\t\t\t\t\t\t\t\t\t\t<a><img class=\"skip-lazy\" src=\"https:\/\/www.prazskekancelare.com\/test\/wp-content\/uploads\/2018\/10\/ymcapronajemkancelaripraha1-400x300.jpg\" alt=\"ymcapronajemkancelaripraha1\" \/><\/a>\n\t\t\t\t\t\t\t\t\t\t\t\t\t\t\t<\/li>\n\t\t\t\t\t\t\t<li>\n\t\t\t\t\t<h3 style=\"opacity:70;\">kancelarenapronajemymca<\/h3>\n\t\t\t\t\t\t\t\t\t\t\t<span data-alt=\"kancelarenapronajemymca\">https:\/\/www.prazskekancelare.com\/test\/wp-content\/uploads\/2018\/10\/kancelarenapronajemymca.jpg<\/span>\n\t\t\t\t\t\t\t\t\t\t<p><\/p>\n\t\t\t\t\t\t\t\t\t\t\t\t\t\t\t\t\t\t<a><img class=\"skip-lazy\" src=\"https:\/\/www.prazskekancelare.com\/test\/wp-content\/uploads\/2018\/10\/kancelarenapronajemymca-300x224.jpg\" alt=\"kancelarenapronajemymca\" \/><\/a>\n\t\t\t\t\t\t\t\t\t\t\t\t\t\t\t<\/li>\n\t\t\t\t\t\t\t<li>\n\t\t\t\t\t<h3 style=\"opacity:70;\">kancelarenamestirapubliky<\/h3>\n\t\t\t\t\t\t\t\t\t\t\t<span data-alt=\"kancelarenamestirapubliky\">https:\/\/www.prazskekancelare.com\/test\/wp-content\/uploads\/2018\/10\/kancelarenamestirapubliky.jpg<\/span>\n\t\t\t\t\t\t\t\t\t\t<p><\/p>\n\t\t\t\t\t\t\t\t\t\t\t\t\t\t\t\t\t\t<a><img class=\"skip-lazy\" src=\"https:\/\/www.prazskekancelare.com\/test\/wp-content\/uploads\/2018\/10\/kancelarenamestirapubliky-400x300.jpg\" alt=\"kancelarenamestirapubliky\" \/><\/a>\n\t\t\t\t\t\t\t\t\t\t\t\t\t\t\t<\/li>\n\t\t\t\t\t\t\t<li>\n\t\t\t\t\t<h3 style=\"opacity:70;\">kancelarekpronajmuymca<\/h3>\n\t\t\t\t\t\t\t\t\t\t\t<span data-alt=\"kancelarekpronajmuymca\">https:\/\/www.prazskekancelare.com\/test\/wp-content\/uploads\/2018\/10\/kancelarekpronajmuymca.jpg<\/span>\n\t\t\t\t\t\t\t\t\t\t<p><\/p>\n\t\t\t\t\t\t\t\t\t\t\t\t\t\t\t\t\t\t<a><img class=\"skip-lazy\" src=\"https:\/\/www.prazskekancelare.com\/test\/wp-content\/uploads\/2018\/10\/kancelarekpronajmuymca-400x300.jpg\" alt=\"kancelarekpronajmuymca\" \/><\/a>\n\t\t\t\t\t\t\t\t\t\t\t\t\t\t\t<\/li>\n\t\t\t\t\t\t\t<li>\n\t\t\t\t\t<h3 style=\"opacity:70;\">fitcentrumpalacymca<\/h3>\n\t\t\t\t\t\t\t\t\t\t\t<span data-alt=\"fitcentrumpalacymca\">https:\/\/www.prazskekancelare.com\/test\/wp-content\/uploads\/2018\/10\/fitcentrumpalacymca.jpg<\/span>\n\t\t\t\t\t\t\t\t\t\t<p><\/p>\n\t\t\t\t\t\t\t\t\t\t\t\t\t\t\t\t\t\t<a><img class=\"skip-lazy\" src=\"https:\/\/www.prazskekancelare.com\/test\/wp-content\/uploads\/2018\/10\/fitcentrumpalacymca-400x300.jpg\" alt=\"fitcentrumpalacymca\" \/><\/a>\n\t\t\t\t\t\t\t\t\t\t\t\t\t\t\t<\/li>\n\t\t\t\t\t\t\t<li>\n\t\t\t\t\t<h3 style=\"opacity:70;\">kancelarevymcenamestirepubliky<\/h3>\n\t\t\t\t\t\t\t\t\t\t\t<span data-alt=\"kancelarevymcenamestirepubliky\">https:\/\/www.prazskekancelare.com\/test\/wp-content\/uploads\/2018\/10\/kancelarevymcenamestirepubliky.jpg<\/span>\n\t\t\t\t\t\t\t\t\t\t<p><\/p>\n\t\t\t\t\t\t\t\t\t\t\t\t\t\t\t\t\t\t<a><img class=\"skip-lazy\" src=\"https:\/\/www.prazskekancelare.com\/test\/wp-content\/uploads\/2018\/10\/kancelarevymcenamestirepubliky-400x300.jpg\" alt=\"kancelarevymcenamestirepubliky\" \/><\/a>\n\t\t\t\t\t\t\t\t\t\t\t\t\t\t\t<\/li>\n\t\t\t\t\t\t<\/ul>\n\n\t\t<div id=\"slideshow-wrappergallery109165\" class=\"slideshow-wrapper\" style=\"--slideshow-width:1800px\">\n\t\t\n\t\t<div class=\"slideshow-fullsize\" id=\"fullsizegallery109165\">\n\t\t\t\t\t\t\t\t\t\t\t\t\t\t<div id=\"imgprevgallery109165\" class=\"slideshow-imgprev imgnav\" title=\"Previous Image\">Previous Image<\/div>\n\t\t\t\t\t\t<a id=\"imglinkgallery109165\" class=\"slideshow-imglink imglink\">\n\t\t\t\t<!-- link -->\n\t\t\t<\/a>\n\t\t\t\t\t\t\t\t\t\t\t<div id=\"imgnextgallery109165\" class=\"slideshow-imgnext imgnav\" title=\"Next Image\">Next Image<\/div>\n\t\t\t\t\t\t<div id=\"imagegallery109165\" class=\"slideshow-image\"><\/div>\n\t\t\t<div class=\"slideshow-information infobottom\" id=\"informationgallery109165\">\n\t\t\t\t<h3 class=\"slideshow-info-heading\">info heading<\/h3>\n\t\t\t\t<p class=\"slideshow-info-content\">info content<\/p>\n\t\t\t<\/div>\n\t\t<\/div>\n\n\t\t\t\t\t<div id=\"thumbnailsgallery109165\" class=\"slideshow-thumbnails thumbsbot\">\n\t\t\t\t<div class=\"slideshow-slideleft\" id=\"slideleftgallery109165\" title=\"Slide Left\"><\/div>\n\t\t\t\t<div class=\"slideshow-slidearea\" id=\"slideareagallery109165\">\n\t\t\t\t\t<div class=\"slideshow-slider\" id=\"slidergallery109165\"><\/div>\n\t\t\t\t<\/div>\n\t\t\t\t<div class=\"slideshow-slideright\" id=\"sliderightgallery109165\" title=\"Slide Right\"><\/div>\n\t\t\t\t<br style=\"clear:both; visibility:hidden; height:1px;\" \/>\n\t\t\t<\/div>\n\t\t\t<\/div>\n\n\t<br \/>\nP\u0159edstavujeme kancel\u00e1\u0159e k pron\u00e1jmu v notoricky zn\u00e1m\u00e9 budov\u011b Pal\u00e1c YMCA v sam\u00e9m srdci Prahy 1 na ulici Na Po\u0159\u00ed\u010d\u00ed. Historicky velmi cen\u011bn\u00e1 budova, kter\u00e1 celou svou historii slou\u017e\u00ed ml\u00e1de\u017ei, je sou\u010d\u00e1st\u00ed pam\u00e1tkov\u00e9 rezervace zapsan\u00e9 na seznamu UNESCO.<\/p>\n<h2>Kancel\u00e1\u0159e\u00a0Pal\u00e1c YMCA &#8211; lokalita, okol\u00ed<\/h2>\n<p>Pal\u00e1c YMCA je v\u00fdborn\u011b dopravn\u011b dostupn\u00fd m\u011bstkou hromadnou dopravou. Prakticky ihned u budovy je vchod do stanice metra N\u00e1m\u011bst\u00ed Republiky a p\u0159ed budovou je zast\u00e1vka tramvaje. Parkov\u00e1n\u00ed je zaji\u0161t\u011bno v p\u0159ilehl\u00e9 budov\u011b obchodn\u00edho centra Palladium.<\/p>\n<p>Ob\u010dansk\u00e1 i obchodn\u00ed vybavenost centra prahy je samoz\u0159ejm\u011b na t\u00e9 nejlep\u0161\u00ed \u00farovni. V okol\u00ed je velk\u00e9 mno\u017estv\u00ed kav\u00e1ren, restaurac\u00ed, bar\u016f, vin\u00e1ren,\u2026apod. Nedaleko je po\u0161ta, banky v\u0161ech zna\u010dek a ve\u0161ker\u00e9 d\u016fle\u017eit\u00e9 \u00fa\u0159ady.<\/p>\n<p>Kancel\u00e1\u0159sk\u00e1 budova pro Va\u0161e podnik\u00e1n\u00ed snad nem\u016f\u017ee b\u00fdt l\u00e9pe um\u00edst\u011bn\u00e1. Nav\u00edc adresa, na kter\u00e9 le\u017e\u00ed, je nejen velmi zn\u00e1m\u00e1, ale i reprezentativn\u00ed.<\/p>\n<h2>Pron\u00e1jem kancel\u00e1\u0159\u00ed v Pal\u00e1ci YMCA &#8211; kancel\u00e1\u0159e<\/h2>\n<p>Kancel\u00e1\u0159e jsou zrekonstruovan\u00e9, s vysok\u00fdmi stropy, v\u00fdborn\u011b dosa\u017eiteln\u00e9 v\u00fdtahem, s koberci, sv\u011btl\u00e9 a v p\u0159\u00edpad\u011b dohody i p\u0159izp\u016fsobiteln\u00e9 po\u017eadavk\u016fm klient\u016f. Kancel\u00e1\u0159e p\u016fsob\u00ed modern\u00edm dojmem a jsou velmi reprezentativn\u00ed.<\/p>\n<p>V\u0161echny kancel\u00e1\u0159e jsou v\u011btrateln\u00e9, s otev\u00edrateln\u00fdmi okny a v\u010detn\u011b v\u0161ech rozvod\u016f.<\/p>\n<p>V\u0159ele doporu\u010dujeme prohl\u00eddku.<\/p>\n<h2>V\u00fdhody kancel\u00e1\u0159\u00ed\u00a0v Pal\u00e1ci YMCA<\/h2>\n<p>&#8211; Lokalita a dosa\u017eitelnost hromadnou dopravou<br \/>\n&#8211; Reprezentativn\u00ed adresa a notoricky zn\u00e1m\u00e1 stavba<br \/>\n&#8211; Modern\u00ed kancel\u00e1\u0159e s vysok\u00fdmi stropy<br \/>\n&#8211; V\u00fdborn\u00e1 ob\u010dansk\u00e1 a obchodn\u00ed vybavenost budovy i okol\u00ed<br \/>\n&#8211; Skv\u011bl\u00fd potenci\u00e1l budovy v r\u00e1mci mo\u017en\u00fdch obchodn\u00edch partner\u016f<br \/>\n&#8211; Vybaven\u00ed budovy (posilovna, baz\u00e9n, sauna, okruh na b\u011bh\u00e1n\u00ed,\u2026)<br \/>\n&#8211; V\u00fdborn\u00e1 kav\u00e1rna a restaurace v dom\u011b<br \/>\n&#8211; Vzduchotechnika, koberce, otev\u00edrateln\u00e1 okna<br \/>\n&#8211; V\u00fdtah do v\u0161ech pater<br \/>\n&#8211; Zaji\u0161t\u011bn\u00e9 parkov\u00e1n\u00ed<br \/>\n&#8211; Atmosf\u00e9ra budovy<\/p>\n<h2>Bez provize<\/h2>\n<p>Ve\u0161ker\u00e9 slu\u017eby na\u0161\u00ed spole\u010dnosti jsou bez jak\u00e9koli provize. Nev\u00e1hejte n\u00e1s zdarma oslovit, jsme tu pro v\u00e1s nonstop.<\/p>\n<h2>Jak poptat kancel\u00e1\u0159?<\/h2>\n<p>Vypl\u0148te pros\u00edm Rychl\u00fd popt\u00e1vkov\u00fd formul\u00e1\u0159. Najdete\u00a0ho konci textu\u00a0a makl\u00e9\u0159e zodpov\u011bdn\u00e9ho za nemovitosti v prav\u00e9m sloupci.<br \/>\ne-mail:\u00a0<strong><a href=\"mailto:info@prazskekancelare.cz\">info@prazskekancelare.com<\/a>\u00a0<\/strong>\/\u00a0telefon: <strong><span style=\"color: #ff0000;\">+420 773 295 925, +420 723 984 360.\u00a0<\/span><\/strong><\/p>\n<h2>V\u00edce informac\u00ed o kancel\u00e1\u0159\u00edch k pron\u00e1jmu v v Pal\u00e1ci YMCA:<\/h2>\n","protected":false},"author":1,"featured_media":2628,"comment_status":"closed","ping_status":"closed","template":"","yoast_head":"<!-- This site is optimized with the Yoast SEO plugin v16.4 - https:\/\/yoast.com\/wordpress\/plugins\/seo\/ -->\n<title>Kancel\u00e1\u0159e YMCA Na Po\u0159\u00ed\u010d\u00ed Praha 1 | 0% Provize | 100 KANCEL\u00c1\u0158\u00cd \u00ae<\/title>\n<meta name=\"description\" content=\"Nab\u00edz\u00edme kancel\u00e1\u0159e k pron\u00e1jmu v Pal\u00e1ci YMCA Na Po\u0159\u00ed\u010d\u00ed Praha 1 | 100 kancel\u00e1\u0159\u00ed k pron\u00e1jmu v Praze | Nab\u00eddky kancel\u00e1\u0159\u00ed do 30 minut | Provize 0%.\" \/>\n<meta name=\"robots\" content=\"noindex, follow, max-snippet:-1, max-image-preview:large, max-video-preview:-1\" \/>\n<meta property=\"og:locale\" content=\"cs_CZ\" \/>\n<meta property=\"og:type\" content=\"article\" \/>\n<meta property=\"og:title\" content=\"Kancel\u00e1\u0159e YMCA Na Po\u0159\u00ed\u010d\u00ed Praha 1 | 0% Provize | 100 KANCEL\u00c1\u0158\u00cd \u00ae\" \/>\n<meta property=\"og:description\" content=\"Nab\u00edz\u00edme kancel\u00e1\u0159e k pron\u00e1jmu v Pal\u00e1ci YMCA Na Po\u0159\u00ed\u010d\u00ed Praha 1 | 100 kancel\u00e1\u0159\u00ed k pron\u00e1jmu v Praze | Nab\u00eddky kancel\u00e1\u0159\u00ed do 30 minut | Provize 0%.\" \/>\n<meta property=\"og:url\" content=\"https:\/\/www.prazskekancelare.com\/test\/kancelare-k-pronajmu\/kancelare-palac-ymca-praha-1\/\" \/>\n<meta property=\"og:site_name\" content=\"TEST - Pron\u00e1jem kancel\u00e1\u0159e Praha\" \/>\n<meta property=\"article:modified_time\" content=\"2019-03-14T17:06:37+00:00\" \/>\n<meta property=\"og:image\" content=\"https:\/\/www.prazskekancelare.com\/test\/wp-content\/uploads\/2018\/10\/palacymcakancelare.jpg\" \/>\n\t<meta property=\"og:image:width\" content=\"1316\" \/>\n\t<meta property=\"og:image:height\" content=\"827\" \/>\n<meta name=\"twitter:card\" content=\"summary\" \/>\n<meta name=\"twitter:label1\" content=\"Odhadovan\u00e1 doba \u010dten\u00ed\" \/>\n\t<meta name=\"twitter:data1\" content=\"2 minuty\" \/>\n<script type=\"application\/ld+json\" class=\"yoast-schema-graph\">{\"@context\":\"https:\/\/schema.org\",\"@graph\":[{\"@type\":\"Organization\",\"@id\":\"https:\/\/www.prazskekancelare.com\/test\/#organization\",\"name\":\"Pron\\u00e1jem kancel\\u00e1\\u0159e Praha\",\"url\":\"https:\/\/www.prazskekancelare.com\/test\/\",\"sameAs\":[],\"logo\":{\"@type\":\"ImageObject\",\"@id\":\"https:\/\/www.prazskekancelare.com\/test\/#logo\",\"inLanguage\":\"cs\",\"url\":\"https:\/\/www.prazskekancelare.com\/test\/wp-content\/uploads\/2018\/05\/prazske-kancelare-com-logo.png\",\"contentUrl\":\"https:\/\/www.prazskekancelare.com\/test\/wp-content\/uploads\/2018\/05\/prazske-kancelare-com-logo.png\",\"width\":242,\"height\":59,\"caption\":\"Pron\\u00e1jem kancel\\u00e1\\u0159e Praha\"},\"image\":{\"@id\":\"https:\/\/www.prazskekancelare.com\/test\/#logo\"}},{\"@type\":\"WebSite\",\"@id\":\"https:\/\/www.prazskekancelare.com\/test\/#website\",\"url\":\"https:\/\/www.prazskekancelare.com\/test\/\",\"name\":\"TEST - Pron\\u00e1jem kancel\\u00e1\\u0159e Praha\",\"description\":\"Pron\\u00e1jem kancel\\u00e1\\u0159e Praha a Kancelare Praha\",\"publisher\":{\"@id\":\"https:\/\/www.prazskekancelare.com\/test\/#organization\"},\"potentialAction\":[{\"@type\":\"SearchAction\",\"target\":\"https:\/\/www.prazskekancelare.com\/test\/?s={search_term_string}\",\"query-input\":\"required name=search_term_string\"}],\"inLanguage\":\"cs\"},{\"@type\":\"ImageObject\",\"@id\":\"https:\/\/www.prazskekancelare.com\/test\/kancelare-k-pronajmu\/kancelare-palac-ymca-praha-1\/#primaryimage\",\"inLanguage\":\"cs\",\"url\":\"https:\/\/www.prazskekancelare.com\/test\/wp-content\/uploads\/2018\/10\/palacymcakancelare.jpg\",\"contentUrl\":\"https:\/\/www.prazskekancelare.com\/test\/wp-content\/uploads\/2018\/10\/palacymcakancelare.jpg\",\"width\":1316,\"height\":827,\"caption\":\"kanel\\u00e1\\u0159e Pal\\u00e1c Ymca Praha 1\"},{\"@type\":\"WebPage\",\"@id\":\"https:\/\/www.prazskekancelare.com\/test\/kancelare-k-pronajmu\/kancelare-palac-ymca-praha-1\/#webpage\",\"url\":\"https:\/\/www.prazskekancelare.com\/test\/kancelare-k-pronajmu\/kancelare-palac-ymca-praha-1\/\",\"name\":\"Kancel\\u00e1\\u0159e YMCA Na Po\\u0159\\u00ed\\u010d\\u00ed Praha 1 | 0% Provize | 100 KANCEL\\u00c1\\u0158\\u00cd \\u00ae\",\"isPartOf\":{\"@id\":\"https:\/\/www.prazskekancelare.com\/test\/#website\"},\"primaryImageOfPage\":{\"@id\":\"https:\/\/www.prazskekancelare.com\/test\/kancelare-k-pronajmu\/kancelare-palac-ymca-praha-1\/#primaryimage\"},\"datePublished\":\"2018-09-21T17:30:10+00:00\",\"dateModified\":\"2019-03-14T17:06:37+00:00\",\"description\":\"Nab\\u00edz\\u00edme kancel\\u00e1\\u0159e k pron\\u00e1jmu v Pal\\u00e1ci YMCA Na Po\\u0159\\u00ed\\u010d\\u00ed Praha 1 | 100 kancel\\u00e1\\u0159\\u00ed k pron\\u00e1jmu v Praze | Nab\\u00eddky kancel\\u00e1\\u0159\\u00ed do 30 minut | Provize 0%.\",\"breadcrumb\":{\"@id\":\"https:\/\/www.prazskekancelare.com\/test\/kancelare-k-pronajmu\/kancelare-palac-ymca-praha-1\/#breadcrumb\"},\"inLanguage\":\"cs\",\"potentialAction\":[{\"@type\":\"ReadAction\",\"target\":[\"https:\/\/www.prazskekancelare.com\/test\/kancelare-k-pronajmu\/kancelare-palac-ymca-praha-1\/\"]}]},{\"@type\":\"BreadcrumbList\",\"@id\":\"https:\/\/www.prazskekancelare.com\/test\/kancelare-k-pronajmu\/kancelare-palac-ymca-praha-1\/#breadcrumb\",\"itemListElement\":[{\"@type\":\"ListItem\",\"position\":1,\"item\":{\"@type\":\"WebPage\",\"@id\":\"https:\/\/www.prazskekancelare.com\/test\/\",\"url\":\"https:\/\/www.prazskekancelare.com\/test\/\",\"name\":\"Dom\\u016f\"}},{\"@type\":\"ListItem\",\"position\":2,\"item\":{\"@type\":\"WebPage\",\"@id\":\"https:\/\/www.prazskekancelare.com\/test\/kancelare-k-pronajmu\/\",\"url\":\"https:\/\/www.prazskekancelare.com\/test\/kancelare-k-pronajmu\/\",\"name\":\"Properties\"}},{\"@type\":\"ListItem\",\"position\":3,\"item\":{\"@id\":\"https:\/\/www.prazskekancelare.com\/test\/kancelare-k-pronajmu\/kancelare-palac-ymca-praha-1\/#webpage\"}}]}]}<\/script>\n<!-- \/ Yoast SEO plugin. -->","cmb2":{"property_general":{"property_id":"ANO","property_year_built":"","property_address":"Na Po\u0159\u00ed\u010d\u00ed 1041\/12,\r\n 110 00 Praha 1\r\n","property_zip":"","property_contract":"","property_gallery":"","property_plans":"","property_video":"","property_parent_property":""},"property_flags":{"property_featured":"","property_sticky":"","property_reduced":"","property_sold":""},"property_contact":{"property_contact_name":"","property_contact_phone":""},"property_pricing":{"property_price":"350","property_price_prefix":"od","property_price_suffix":"K\u010d\/m2","property_price_custom":""},"property_attributes":{"property_rooms":"NE","property_beds":"6","property_baths":"NE","property_garages":"NE \/ \u010d\u00e1ste\u010dn\u011b","property_home_area":"","property_lot_dimensions":"","property_lot_area":"20m2 - 1000m2"},"property_valuation":{"property_valuation_group":""},"property_public_facilities":{"property_public_facilities_group":""},"property_map_location":{"property_map_location":{"latitude":"50.0891259","longitude":"14.4309761"}},"property_relations":{"property_agents":["260"]}},"_links":{"self":[{"href":"https:\/\/www.prazskekancelare.com\/test\/wp-json\/wp\/v2\/property\/2635"}],"collection":[{"href":"https:\/\/www.prazskekancelare.com\/test\/wp-json\/wp\/v2\/property"}],"about":[{"href":"https:\/\/www.prazskekancelare.com\/test\/wp-json\/wp\/v2\/types\/property"}],"author":[{"embeddable":true,"href":"https:\/\/www.prazskekancelare.com\/test\/wp-json\/wp\/v2\/users\/1"}],"replies":[{"embeddable":true,"href":"https:\/\/www.prazskekancelare.com\/test\/wp-json\/wp\/v2\/comments?post=2635"}],"wp:featuredmedia":[{"embeddable":true,"href":"https:\/\/www.prazskekancelare.com\/test\/wp-json\/wp\/v2\/media\/2628"}],"wp:attachment":[{"href":"https:\/\/www.prazskekancelare.com\/test\/wp-json\/wp\/v2\/media?parent=2635"}],"curies":[{"name":"wp","href":"https:\/\/api.w.org\/{rel}","templated":true}]}}