{"id":2370,"date":"2018-09-16T19:11:25","date_gmt":"2018-09-16T17:11:25","guid":{"rendered":"https:\/\/www.prazskekancelare.com\/test\/?post_type=property&#038;p=2370"},"modified":"2019-11-02T18:17:47","modified_gmt":"2019-11-02T17:17:47","slug":"kancelare-palac-koruna-metro-mustek-praha-1","status":"publish","type":"property","link":"https:\/\/www.prazskekancelare.com\/test\/kancelare-k-pronajmu\/kancelare-palac-koruna-metro-mustek-praha-1\/","title":{"rendered":"Kancel\u00e1\u0159e PAL\u00c1C KORUNA M\u016fstek Praha 1"},"content":{"rendered":"<p>\n\t<ul id=\"slideshowgallery105708\" class=\"slideshowgallery105708\" style=\"display:none;\">\n\t\t\t\t\t<!-- From all slides or gallery slides -->\n\t\t\t\t\t\t\t<li>\n\t\t\t\t\t<h3 style=\"opacity:70;\">pronajemkancelaripalackoruna<\/h3>\n\t\t\t\t\t\t\t\t\t\t\t<span data-alt=\"pronajemkancelaripalackoruna\">https:\/\/www.prazskekancelare.com\/test\/wp-content\/uploads\/2018\/09\/pronajemkancelaripalackoruna.jpg<\/span>\n\t\t\t\t\t\t\t\t\t\t<p><\/p>\n\t\t\t\t\t\t\t\t\t\t\t\t\t\t\t\t\t\t<a><img class=\"skip-lazy\" src=\"https:\/\/www.prazskekancelare.com\/test\/wp-content\/uploads\/2018\/09\/pronajemkancelaripalackoruna-400x300.jpg\" alt=\"pronajemkancelaripalackoruna\" \/><\/a>\n\t\t\t\t\t\t\t\t\t\t\t\t\t\t\t<\/li>\n\t\t\t\t\t\t\t<li>\n\t\t\t\t\t<h3 style=\"opacity:70;\">kancelarecentrumpraha1<\/h3>\n\t\t\t\t\t\t\t\t\t\t\t<span data-alt=\"kancelarecentrumpraha1\">https:\/\/www.prazskekancelare.com\/test\/wp-content\/uploads\/2018\/09\/kancelarecentrumpraha1.jpg<\/span>\n\t\t\t\t\t\t\t\t\t\t<p><\/p>\n\t\t\t\t\t\t\t\t\t\t\t\t\t\t\t\t\t\t<a><img class=\"skip-lazy\" src=\"https:\/\/www.prazskekancelare.com\/test\/wp-content\/uploads\/2018\/09\/kancelarecentrumpraha1-400x300.jpg\" alt=\"kancelarecentrumpraha1\" \/><\/a>\n\t\t\t\t\t\t\t\t\t\t\t\t\t\t\t<\/li>\n\t\t\t\t\t\t\t<li>\n\t\t\t\t\t<h3 style=\"opacity:70;\">kancelarekpronajmupalackoruna<\/h3>\n\t\t\t\t\t\t\t\t\t\t\t<span data-alt=\"kancelarekpronajmupalackoruna\">https:\/\/www.prazskekancelare.com\/test\/wp-content\/uploads\/2018\/09\/kancelarekpronajmupalackoruna.jpg<\/span>\n\t\t\t\t\t\t\t\t\t\t<p><\/p>\n\t\t\t\t\t\t\t\t\t\t\t\t\t\t\t\t\t\t<a><img class=\"skip-lazy\" src=\"https:\/\/www.prazskekancelare.com\/test\/wp-content\/uploads\/2018\/09\/kancelarekpronajmupalackoruna-400x300.jpg\" alt=\"kancelarekpronajmupalackoruna\" \/><\/a>\n\t\t\t\t\t\t\t\t\t\t\t\t\t\t\t<\/li>\n\t\t\t\t\t\t\t<li>\n\t\t\t\t\t<h3 style=\"opacity:70;\">kancelarepalackoruna<\/h3>\n\t\t\t\t\t\t\t\t\t\t\t<span data-alt=\"kancelarepalackoruna\">https:\/\/www.prazskekancelare.com\/test\/wp-content\/uploads\/2018\/09\/kancelarepalackoruna.jpg<\/span>\n\t\t\t\t\t\t\t\t\t\t<p><\/p>\n\t\t\t\t\t\t\t\t\t\t\t\t\t\t\t\t\t\t<a><img class=\"skip-lazy\" src=\"https:\/\/www.prazskekancelare.com\/test\/wp-content\/uploads\/2018\/09\/kancelarepalackoruna-400x300.jpg\" alt=\"kancelarepalackoruna\" \/><\/a>\n\t\t\t\t\t\t\t\t\t\t\t\t\t\t\t<\/li>\n\t\t\t\t\t\t\t<li>\n\t\t\t\t\t<h3 style=\"opacity:70;\">kancelarepalackorunacentrumprahy<\/h3>\n\t\t\t\t\t\t\t\t\t\t\t<span data-alt=\"kancelarepalackorunacentrumprahy\">https:\/\/www.prazskekancelare.com\/test\/wp-content\/uploads\/2018\/09\/kancelarepalackorunacentrumprahy.jpg<\/span>\n\t\t\t\t\t\t\t\t\t\t<p><\/p>\n\t\t\t\t\t\t\t\t\t\t\t\t\t\t\t\t\t\t<a><img class=\"skip-lazy\" src=\"https:\/\/www.prazskekancelare.com\/test\/wp-content\/uploads\/2018\/09\/kancelarepalackorunacentrumprahy-400x300.jpg\" alt=\"kancelarepalackorunacentrumprahy\" \/><\/a>\n\t\t\t\t\t\t\t\t\t\t\t\t\t\t\t<\/li>\n\t\t\t\t\t\t\t<li>\n\t\t\t\t\t<h3 style=\"opacity:70;\">kancelarepalackorunapraha1<\/h3>\n\t\t\t\t\t\t\t\t\t\t\t<span data-alt=\"kancelarepalackorunapraha1\">https:\/\/www.prazskekancelare.com\/test\/wp-content\/uploads\/2018\/09\/kancelarepalackorunapraha1.jpg<\/span>\n\t\t\t\t\t\t\t\t\t\t<p><\/p>\n\t\t\t\t\t\t\t\t\t\t\t\t\t\t\t\t\t\t<a><img class=\"skip-lazy\" src=\"https:\/\/www.prazskekancelare.com\/test\/wp-content\/uploads\/2018\/09\/kancelarepalackorunapraha1-400x300.jpg\" alt=\"kancelarepalackorunapraha1\" \/><\/a>\n\t\t\t\t\t\t\t\t\t\t\t\t\t\t\t<\/li>\n\t\t\t\t\t\t\t<li>\n\t\t\t\t\t<h3 style=\"opacity:70;\">kancelarepalackorunavcentru<\/h3>\n\t\t\t\t\t\t\t\t\t\t\t<span data-alt=\"kancelarepalackorunavcentru\">https:\/\/www.prazskekancelare.com\/test\/wp-content\/uploads\/2018\/09\/kancelarepalackorunavcentru.jpg<\/span>\n\t\t\t\t\t\t\t\t\t\t<p><\/p>\n\t\t\t\t\t\t\t\t\t\t\t\t\t\t\t\t\t\t<a><img class=\"skip-lazy\" src=\"https:\/\/www.prazskekancelare.com\/test\/wp-content\/uploads\/2018\/09\/kancelarepalackorunavcentru-400x300.jpg\" alt=\"kancelarepalackorunavcentru\" \/><\/a>\n\t\t\t\t\t\t\t\t\t\t\t\t\t\t\t<\/li>\n\t\t\t\t\t\t\t<li>\n\t\t\t\t\t<h3 style=\"opacity:70;\">kancelarevpalacikorunapraha1<\/h3>\n\t\t\t\t\t\t\t\t\t\t\t<span data-alt=\"kancelarevpalacikorunapraha1\">https:\/\/www.prazskekancelare.com\/test\/wp-content\/uploads\/2018\/09\/kancelarevpalacikorunapraha1.jpg<\/span>\n\t\t\t\t\t\t\t\t\t\t<p><\/p>\n\t\t\t\t\t\t\t\t\t\t\t\t\t\t\t\t\t\t<a><img class=\"skip-lazy\" src=\"https:\/\/www.prazskekancelare.com\/test\/wp-content\/uploads\/2018\/09\/kancelarevpalacikorunapraha1-400x300.jpg\" alt=\"kancelarevpalacikorunapraha1\" \/><\/a>\n\t\t\t\t\t\t\t\t\t\t\t\t\t\t\t<\/li>\n\t\t\t\t\t\t\t<li>\n\t\t\t\t\t<h3 style=\"opacity:70;\">kancelarpalackoruna<\/h3>\n\t\t\t\t\t\t\t\t\t\t\t<span data-alt=\"kancelarpalackoruna\">https:\/\/www.prazskekancelare.com\/test\/wp-content\/uploads\/2018\/09\/kancelarpalackoruna.jpg<\/span>\n\t\t\t\t\t\t\t\t\t\t<p><\/p>\n\t\t\t\t\t\t\t\t\t\t\t\t\t\t\t\t\t\t<a><img class=\"skip-lazy\" src=\"https:\/\/www.prazskekancelare.com\/test\/wp-content\/uploads\/2018\/09\/kancelarpalackoruna-400x300.jpg\" alt=\"kancelarpalackoruna\" \/><\/a>\n\t\t\t\t\t\t\t\t\t\t\t\t\t\t\t<\/li>\n\t\t\t\t\t\t\t<li>\n\t\t\t\t\t<h3 style=\"opacity:70;\">palackorunakancelare<\/h3>\n\t\t\t\t\t\t\t\t\t\t\t<span data-alt=\"palackorunakancelare\">https:\/\/www.prazskekancelare.com\/test\/wp-content\/uploads\/2018\/09\/palackorunakancelare.jpg<\/span>\n\t\t\t\t\t\t\t\t\t\t<p><\/p>\n\t\t\t\t\t\t\t\t\t\t\t\t\t\t\t\t\t\t<a><img class=\"skip-lazy\" src=\"https:\/\/www.prazskekancelare.com\/test\/wp-content\/uploads\/2018\/09\/palackorunakancelare-400x300.jpg\" alt=\"palackorunakancelare\" \/><\/a>\n\t\t\t\t\t\t\t\t\t\t\t\t\t\t\t<\/li>\n\t\t\t\t\t\t\t<li>\n\t\t\t\t\t<h3 style=\"opacity:70;\">palackorunakancelarevpraze<\/h3>\n\t\t\t\t\t\t\t\t\t\t\t<span data-alt=\"palackorunakancelarevpraze\">https:\/\/www.prazskekancelare.com\/test\/wp-content\/uploads\/2018\/09\/palackorunakancelarevpraze.jpg<\/span>\n\t\t\t\t\t\t\t\t\t\t<p><\/p>\n\t\t\t\t\t\t\t\t\t\t\t\t\t\t\t\t\t\t<a><img class=\"skip-lazy\" src=\"https:\/\/www.prazskekancelare.com\/test\/wp-content\/uploads\/2018\/09\/palackorunakancelarevpraze-400x300.jpg\" alt=\"palackorunakancelarevpraze\" \/><\/a>\n\t\t\t\t\t\t\t\t\t\t\t\t\t\t\t<\/li>\n\t\t\t\t\t\t\t<li>\n\t\t\t\t\t<h3 style=\"opacity:70;\">palackorunavaclavskenamestikancelare<\/h3>\n\t\t\t\t\t\t\t\t\t\t\t<span data-alt=\"palackorunavaclavskenamestikancelare\">https:\/\/www.prazskekancelare.com\/test\/wp-content\/uploads\/2018\/09\/palackorunavaclavskenamestikancelare.jpg<\/span>\n\t\t\t\t\t\t\t\t\t\t<p><\/p>\n\t\t\t\t\t\t\t\t\t\t\t\t\t\t\t\t\t\t<a><img class=\"skip-lazy\" src=\"https:\/\/www.prazskekancelare.com\/test\/wp-content\/uploads\/2018\/09\/palackorunavaclavskenamestikancelare-400x300.jpg\" alt=\"palackorunavaclavskenamestikancelare\" \/><\/a>\n\t\t\t\t\t\t\t\t\t\t\t\t\t\t\t<\/li>\n\t\t\t\t\t\t\t<li>\n\t\t\t\t\t<h3 style=\"opacity:70;\">hotelvpalacikoruna<\/h3>\n\t\t\t\t\t\t\t\t\t\t\t<span data-alt=\"hotelvpalacikoruna\">https:\/\/www.prazskekancelare.com\/test\/wp-content\/uploads\/2018\/09\/hotelvpalacikoruna.jpg<\/span>\n\t\t\t\t\t\t\t\t\t\t<p><\/p>\n\t\t\t\t\t\t\t\t\t\t\t\t\t\t\t\t\t\t<a><img class=\"skip-lazy\" src=\"https:\/\/www.prazskekancelare.com\/test\/wp-content\/uploads\/2018\/09\/hotelvpalacikoruna-400x300.jpg\" alt=\"hotelvpalacikoruna\" \/><\/a>\n\t\t\t\t\t\t\t\t\t\t\t\t\t\t\t<\/li>\n\t\t\t\t\t\t<\/ul>\n\n\t\t<div id=\"slideshow-wrappergallery105708\" class=\"slideshow-wrapper\" style=\"--slideshow-width:1568px\">\n\t\t\n\t\t<div class=\"slideshow-fullsize\" id=\"fullsizegallery105708\">\n\t\t\t\t\t\t\t\t\t\t\t\t\t\t<div id=\"imgprevgallery105708\" class=\"slideshow-imgprev imgnav\" title=\"Previous Image\">Previous Image<\/div>\n\t\t\t\t\t\t<a id=\"imglinkgallery105708\" class=\"slideshow-imglink imglink\">\n\t\t\t\t<!-- link -->\n\t\t\t<\/a>\n\t\t\t\t\t\t\t\t\t\t\t<div id=\"imgnextgallery105708\" class=\"slideshow-imgnext imgnav\" title=\"Next Image\">Next Image<\/div>\n\t\t\t\t\t\t<div id=\"imagegallery105708\" class=\"slideshow-image\"><\/div>\n\t\t\t<div class=\"slideshow-information infobottom\" id=\"informationgallery105708\">\n\t\t\t\t<h3 class=\"slideshow-info-heading\">info heading<\/h3>\n\t\t\t\t<p class=\"slideshow-info-content\">info content<\/p>\n\t\t\t<\/div>\n\t\t<\/div>\n\n\t\t\t\t\t<div id=\"thumbnailsgallery105708\" class=\"slideshow-thumbnails thumbsbot\">\n\t\t\t\t<div class=\"slideshow-slideleft\" id=\"slideleftgallery105708\" title=\"Slide Left\"><\/div>\n\t\t\t\t<div class=\"slideshow-slidearea\" id=\"slideareagallery105708\">\n\t\t\t\t\t<div class=\"slideshow-slider\" id=\"slidergallery105708\"><\/div>\n\t\t\t\t<\/div>\n\t\t\t\t<div class=\"slideshow-slideright\" id=\"sliderightgallery105708\" title=\"Slide Right\"><\/div>\n\t\t\t\t<br style=\"clear:both; visibility:hidden; height:1px;\" \/>\n\t\t\t<\/div>\n\t\t\t<\/div>\n\n\t<br \/>\nP\u0159edstavujeme <strong>kancel\u00e1\u0159e Pal\u00e1c Koruna<\/strong> \u2705 v historick\u00e9, ov\u0161em nov\u011b zrekonstruovan\u00e9 budov\u011b\u00a0na V\u00e1clavsk\u00e9m n\u00e1m\u011bst\u00ed. Budova pat\u0159\u00ed ke skvost\u016fm centra Prahy a jej\u00ed poloha u\u017e snad nem\u016f\u017ee b\u00fdt lep\u0161\u00ed. Na rohu V\u00e1clavsk\u00e9ho n\u00e1m\u011bst\u00ed a ulice Na P\u0159\u00edkop\u011b s v\u00fdstupem z metra M\u016fstek p\u0159\u00edmo v budov\u011b nab\u00edz\u00ed malometr\u00e1\u017en\u00ed kancel\u00e1\u0159e k pron\u00e1jmu u velk\u00e9 kancel\u00e1\u0159sk\u00e9 celky.<\/p>\n<p><span style=\"color: #0000ff;\">V\u0159ele doporu\u010dujeme prohl\u00eddku budovy, kterou ur\u010dit\u011b dob\u0159e zn\u00e1te. Jej\u00ed interi\u00e9ry V\u00e1s ale zaru\u010den\u011b p\u0159ekvap\u00ed.<\/span><\/p>\n<h2>Pron\u00e1jem kancel\u00e1\u0159\u00ed\u00a0Pal\u00e1c Koruna &#8211; budova a kancel\u00e1\u0159e<\/h2>\n<p>Koruna je fenom\u00e9n. D\u00edky sv\u00e9 velikosti nab\u00edz\u00ed nejen obchodn\u00ed prostory, nes\u010detn\u011b restaurac\u00ed, hotel, hostel, ale i kancel\u00e1\u0159e k pron\u00e1jmu. Parkov\u00e1n\u00ed je zaji\u0161t\u011bno nedaleko v kryt\u00fdch gar\u00e1\u017e\u00edch a samoz\u0159ejmost\u00ed je recepce a ostraha.<br \/>\nBudova je velmi obl\u00edbena d\u00edky sv\u00e9 poloze, reprezentativn\u00edmu vzhledu a nad\u010dasov\u00e9mu designu. Nab\u00edz\u00ed kr\u00e1sn\u00e9 v\u00fdhledy po cel\u00e9 Praze 1 a umo\u017e\u0148uje variabiln\u00ed p\u0159\u00edstup k jednotliv\u00fdm kancel\u00e1\u0159\u00edm k pron\u00e1jmu.<br \/>\nKancel\u00e1\u0159e na presti\u017en\u00ed adrese jsou sv\u011btl\u00e9, s vysok\u00fdmi stropy, velk\u00fdmi okny, klimatizovan\u00e9, s v\u00fdtahem, mo\u017enost\u00ed uskladn\u011bn\u00ed v\u011bc\u00ed a hlavn\u011b za dobr\u00fdch podm\u00ednek pom\u011bru kvalita \/ cena.<\/p>\n<h2>V\u00fdhody kancel\u00e1\u0159\u00ed v Pal\u00e1ci Koruna<\/h2>\n<p>&#8211; centr\u00e1ln\u00ed recepce<br \/>\n&#8211; 2 v\u00fdtahy a mramorov\u00e9 oblo\u017een\u00ed na chodb\u00e1ch<br \/>\n&#8211; obchodn\u00ed a ob\u010dansk\u00e1 vybavenost v m\u00edst\u011b<br \/>\n&#8211; reprezentativn\u00ed adresa<br \/>\n&#8211; parkovac\u00edch m\u00edsta zaji\u0161t\u011bna<br \/>\n&#8211; \u010d\u00e1ste\u010dn\u011b vybaven\u00e9 kancel\u00e1\u0159e<\/p>\n<h2>N\u00e1\u0161 tip<\/h2>\n<p><span style=\"color: #ff0000;\">Pal\u00e1c Koruna doporu\u010dujeme nav\u0161t\u00edvit osobn\u011b a p\u0159esv\u011bd\u010dit se, jak budovat \u017eije obchodem a \u010dil\u00fdm ruchem. D\u00edky um\u00edst\u011bn\u00ed v centru Prahy u\u0161et\u0159\u00edte \u010das doj\u00ed\u017ed\u011bn\u00edm za klienty, kter\u00e9 nav\u00edc p\u0159ekvap\u00edte velmi reprezentativn\u00edm s\u00eddlem Va\u0161\u00ed spole\u010dnosti. Dejte n\u00e1m 20 minut na prohl\u00eddku, stoj\u00ed zato.<\/span><\/p>\n<h2>Bez provize<\/h2>\n<p>Ve\u0161ker\u00e9 slu\u017eby na\u0161\u00ed spole\u010dnosti jsou bez jak\u00e9koli provize. Nev\u00e1hejte n\u00e1s zdarma oslovit.<\/p>\n<h2>Jak poptat kancel\u00e1\u0159?<\/h2>\n<p>Rychl\u00fd popt\u00e1vkov\u00fd formul\u00e1\u0159 najdete na konci textu\u00a0a makl\u00e9\u0159e zodpov\u011bdn\u00e9ho za nemovitosti v prav\u00e9m sloupci.<br \/>\ne-mail:\u00a0<strong><a href=\"mailto:info@prazskekancelare.cz\">info@prazskekancelare.com<\/a>\u00a0<\/strong>\/\u00a0telefon: <strong><span style=\"color: #ff0000;\">+420 773 295 925, +420 723 984 360.\u00a0<\/span><\/strong><\/p>\n<h2>v\u00edce informac\u00ed o kancel\u00e1\u0159\u00edch Pal\u00e1ci Koruna:<\/h2>\n","protected":false},"author":1,"featured_media":2375,"comment_status":"closed","ping_status":"closed","template":"","yoast_head":"<!-- This site is optimized with the Yoast SEO plugin v16.4 - https:\/\/yoast.com\/wordpress\/plugins\/seo\/ -->\n<title>PAL\u00c1C KORUNA kancel\u00e1\u0159e M\u016fstek Praha 1 | 1000 KANCEL\u00c1\u0158\u00cd<\/title>\n<meta name=\"description\" content=\"Popt\u00e1vejte kancel\u00e1\u0159e Pal\u00e1c Koruna \u2705 Praha 1 M\u016fstek | 1000 kancel\u00e1\u0159\u00ed kolem V\u00e1clavsk\u00e9ho n\u00e1m\u011bst\u00ed \u2705 | Nab\u00eddky kancel\u00e1\u0159\u00ed na m\u00edru v Korun\u011b BEZ provize.\" \/>\n<meta name=\"robots\" content=\"noindex, follow, max-snippet:-1, max-image-preview:large, max-video-preview:-1\" \/>\n<meta property=\"og:locale\" content=\"cs_CZ\" \/>\n<meta property=\"og:type\" content=\"article\" \/>\n<meta property=\"og:title\" content=\"PAL\u00c1C KORUNA kancel\u00e1\u0159e M\u016fstek Praha 1 | 1000 KANCEL\u00c1\u0158\u00cd\" \/>\n<meta property=\"og:description\" content=\"Popt\u00e1vejte kancel\u00e1\u0159e Pal\u00e1c Koruna \u2705 Praha 1 M\u016fstek | 1000 kancel\u00e1\u0159\u00ed kolem V\u00e1clavsk\u00e9ho n\u00e1m\u011bst\u00ed \u2705 | Nab\u00eddky kancel\u00e1\u0159\u00ed na m\u00edru v Korun\u011b BEZ provize.\" \/>\n<meta property=\"og:url\" content=\"https:\/\/www.prazskekancelare.com\/test\/kancelare-k-pronajmu\/kancelare-palac-koruna-metro-mustek-praha-1\/\" \/>\n<meta property=\"og:site_name\" content=\"TEST - Pron\u00e1jem kancel\u00e1\u0159e Praha\" \/>\n<meta property=\"article:modified_time\" content=\"2019-11-02T17:17:47+00:00\" \/>\n<meta property=\"og:image\" content=\"https:\/\/www.prazskekancelare.com\/test\/wp-content\/uploads\/2018\/09\/kancelarepalackoruna.jpg\" \/>\n\t<meta property=\"og:image:width\" content=\"1221\" \/>\n\t<meta property=\"og:image:height\" content=\"753\" \/>\n<meta name=\"twitter:card\" content=\"summary\" \/>\n<meta name=\"twitter:label1\" content=\"Odhadovan\u00e1 doba \u010dten\u00ed\" \/>\n\t<meta name=\"twitter:data1\" content=\"2 minuty\" \/>\n<script type=\"application\/ld+json\" class=\"yoast-schema-graph\">{\"@context\":\"https:\/\/schema.org\",\"@graph\":[{\"@type\":\"Organization\",\"@id\":\"https:\/\/www.prazskekancelare.com\/test\/#organization\",\"name\":\"Pron\\u00e1jem kancel\\u00e1\\u0159e Praha\",\"url\":\"https:\/\/www.prazskekancelare.com\/test\/\",\"sameAs\":[],\"logo\":{\"@type\":\"ImageObject\",\"@id\":\"https:\/\/www.prazskekancelare.com\/test\/#logo\",\"inLanguage\":\"cs\",\"url\":\"https:\/\/www.prazskekancelare.com\/test\/wp-content\/uploads\/2018\/05\/prazske-kancelare-com-logo.png\",\"contentUrl\":\"https:\/\/www.prazskekancelare.com\/test\/wp-content\/uploads\/2018\/05\/prazske-kancelare-com-logo.png\",\"width\":242,\"height\":59,\"caption\":\"Pron\\u00e1jem kancel\\u00e1\\u0159e Praha\"},\"image\":{\"@id\":\"https:\/\/www.prazskekancelare.com\/test\/#logo\"}},{\"@type\":\"WebSite\",\"@id\":\"https:\/\/www.prazskekancelare.com\/test\/#website\",\"url\":\"https:\/\/www.prazskekancelare.com\/test\/\",\"name\":\"TEST - Pron\\u00e1jem kancel\\u00e1\\u0159e Praha\",\"description\":\"Pron\\u00e1jem kancel\\u00e1\\u0159e Praha a Kancelare Praha\",\"publisher\":{\"@id\":\"https:\/\/www.prazskekancelare.com\/test\/#organization\"},\"potentialAction\":[{\"@type\":\"SearchAction\",\"target\":\"https:\/\/www.prazskekancelare.com\/test\/?s={search_term_string}\",\"query-input\":\"required name=search_term_string\"}],\"inLanguage\":\"cs\"},{\"@type\":\"ImageObject\",\"@id\":\"https:\/\/www.prazskekancelare.com\/test\/kancelare-k-pronajmu\/kancelare-palac-koruna-metro-mustek-praha-1\/#primaryimage\",\"inLanguage\":\"cs\",\"url\":\"https:\/\/www.prazskekancelare.com\/test\/wp-content\/uploads\/2018\/09\/kancelarepalackoruna.jpg\",\"contentUrl\":\"https:\/\/www.prazskekancelare.com\/test\/wp-content\/uploads\/2018\/09\/kancelarepalackoruna.jpg\",\"width\":1221,\"height\":753,\"caption\":\"Pal\\u00e1c Koruna kancel\\u00e1\\u0159e k pron\\u00e1jmu\"},{\"@type\":\"WebPage\",\"@id\":\"https:\/\/www.prazskekancelare.com\/test\/kancelare-k-pronajmu\/kancelare-palac-koruna-metro-mustek-praha-1\/#webpage\",\"url\":\"https:\/\/www.prazskekancelare.com\/test\/kancelare-k-pronajmu\/kancelare-palac-koruna-metro-mustek-praha-1\/\",\"name\":\"PAL\\u00c1C KORUNA kancel\\u00e1\\u0159e M\\u016fstek Praha 1 | 1000 KANCEL\\u00c1\\u0158\\u00cd\",\"isPartOf\":{\"@id\":\"https:\/\/www.prazskekancelare.com\/test\/#website\"},\"primaryImageOfPage\":{\"@id\":\"https:\/\/www.prazskekancelare.com\/test\/kancelare-k-pronajmu\/kancelare-palac-koruna-metro-mustek-praha-1\/#primaryimage\"},\"datePublished\":\"2018-09-16T17:11:25+00:00\",\"dateModified\":\"2019-11-02T17:17:47+00:00\",\"description\":\"Popt\\u00e1vejte kancel\\u00e1\\u0159e Pal\\u00e1c Koruna \\u2705 Praha 1 M\\u016fstek | 1000 kancel\\u00e1\\u0159\\u00ed kolem V\\u00e1clavsk\\u00e9ho n\\u00e1m\\u011bst\\u00ed \\u2705 | Nab\\u00eddky kancel\\u00e1\\u0159\\u00ed na m\\u00edru v Korun\\u011b BEZ provize.\",\"breadcrumb\":{\"@id\":\"https:\/\/www.prazskekancelare.com\/test\/kancelare-k-pronajmu\/kancelare-palac-koruna-metro-mustek-praha-1\/#breadcrumb\"},\"inLanguage\":\"cs\",\"potentialAction\":[{\"@type\":\"ReadAction\",\"target\":[\"https:\/\/www.prazskekancelare.com\/test\/kancelare-k-pronajmu\/kancelare-palac-koruna-metro-mustek-praha-1\/\"]}]},{\"@type\":\"BreadcrumbList\",\"@id\":\"https:\/\/www.prazskekancelare.com\/test\/kancelare-k-pronajmu\/kancelare-palac-koruna-metro-mustek-praha-1\/#breadcrumb\",\"itemListElement\":[{\"@type\":\"ListItem\",\"position\":1,\"item\":{\"@type\":\"WebPage\",\"@id\":\"https:\/\/www.prazskekancelare.com\/test\/\",\"url\":\"https:\/\/www.prazskekancelare.com\/test\/\",\"name\":\"Dom\\u016f\"}},{\"@type\":\"ListItem\",\"position\":2,\"item\":{\"@type\":\"WebPage\",\"@id\":\"https:\/\/www.prazskekancelare.com\/test\/kancelare-k-pronajmu\/\",\"url\":\"https:\/\/www.prazskekancelare.com\/test\/kancelare-k-pronajmu\/\",\"name\":\"Properties\"}},{\"@type\":\"ListItem\",\"position\":3,\"item\":{\"@id\":\"https:\/\/www.prazskekancelare.com\/test\/kancelare-k-pronajmu\/kancelare-palac-koruna-metro-mustek-praha-1\/#webpage\"}}]}]}<\/script>\n<!-- \/ Yoast SEO plugin. -->","cmb2":{"property_general":{"property_id":"ANO","property_year_built":"","property_address":"V\u00e1clavsk\u00e9 n\u00e1m\u011bst\u00ed 846\/1,\r\n 110 00 Praha 1\r\n","property_zip":"","property_contract":"","property_gallery":"","property_plans":"","property_video":"","property_parent_property":""},"property_flags":{"property_featured":"","property_sticky":"","property_reduced":"","property_sold":""},"property_contact":{"property_contact_name":"","property_contact_phone":""},"property_pricing":{"property_price":"340","property_price_prefix":"od","property_price_suffix":"K\u010d\/m2","property_price_custom":""},"property_attributes":{"property_rooms":"NE","property_beds":"6","property_baths":"NE","property_garages":"NE \/ \u010d\u00e1ste\u010dn\u011b","property_home_area":"","property_lot_dimensions":"","property_lot_area":"15m2 - 1.000m2"},"property_valuation":{"property_valuation_group":""},"property_public_facilities":{"property_public_facilities_group":""},"property_map_location":{"property_map_location":{"latitude":"50.0840046","longitude":"14.4238644"}},"property_relations":{"property_agents":["260"]}},"_links":{"self":[{"href":"https:\/\/www.prazskekancelare.com\/test\/wp-json\/wp\/v2\/property\/2370"}],"collection":[{"href":"https:\/\/www.prazskekancelare.com\/test\/wp-json\/wp\/v2\/property"}],"about":[{"href":"https:\/\/www.prazskekancelare.com\/test\/wp-json\/wp\/v2\/types\/property"}],"author":[{"embeddable":true,"href":"https:\/\/www.prazskekancelare.com\/test\/wp-json\/wp\/v2\/users\/1"}],"replies":[{"embeddable":true,"href":"https:\/\/www.prazskekancelare.com\/test\/wp-json\/wp\/v2\/comments?post=2370"}],"wp:featuredmedia":[{"embeddable":true,"href":"https:\/\/www.prazskekancelare.com\/test\/wp-json\/wp\/v2\/media\/2375"}],"wp:attachment":[{"href":"https:\/\/www.prazskekancelare.com\/test\/wp-json\/wp\/v2\/media?parent=2370"}],"curies":[{"name":"wp","href":"https:\/\/api.w.org\/{rel}","templated":true}]}}