{"id":2368,"date":"2018-09-16T17:32:28","date_gmt":"2018-09-16T15:32:28","guid":{"rendered":"https:\/\/www.prazskekancelare.com\/test\/?post_type=property&#038;p=2368"},"modified":"2020-10-21T17:32:15","modified_gmt":"2020-10-21T15:32:15","slug":"detsky-dum-kancelare-na-prikope-praha-1","status":"publish","type":"property","link":"https:\/\/www.prazskekancelare.com\/test\/kancelare-k-pronajmu\/detsky-dum-kancelare-na-prikope-praha-1\/","title":{"rendered":"D\u011aTSK\u00dd D\u016eM kancel\u00e1\u0159e Na P\u0159\u00edkop\u011b P1 <span style=\"color: #ff0000;\">HIT<\/span>"},"content":{"rendered":"<p>\n\t<ul id=\"slideshowgallery104457\" class=\"slideshowgallery104457\" style=\"display:none;\">\n\t\t\t\t\t<!-- From all slides or gallery slides -->\n\t\t\t\t\t\t\t<li>\n\t\t\t\t\t<h3 style=\"opacity:70;\">vyhledzkancelarenaprikope<\/h3>\n\t\t\t\t\t\t\t\t\t\t\t<span data-alt=\"vyhledzkancelarenaprikope\">https:\/\/www.prazskekancelare.com\/test\/wp-content\/uploads\/2018\/09\/vyhledzkancelarenaprikope.jpg<\/span>\n\t\t\t\t\t\t\t\t\t\t<p><\/p>\n\t\t\t\t\t\t\t\t\t\t\t\t\t\t\t\t\t\t<a><img class=\"skip-lazy\" src=\"https:\/\/www.prazskekancelare.com\/test\/wp-content\/uploads\/2018\/09\/vyhledzkancelarenaprikope-400x300.jpg\" alt=\"vyhledzkancelarenaprikope\" \/><\/a>\n\t\t\t\t\t\t\t\t\t\t\t\t\t\t\t<\/li>\n\t\t\t\t\t\t\t<li>\n\t\t\t\t\t<h3 style=\"opacity:70;\">pronajemkancelaridetskydum<\/h3>\n\t\t\t\t\t\t\t\t\t\t\t<span data-alt=\"pronajemkancelaridetskydum\">https:\/\/www.prazskekancelare.com\/test\/wp-content\/uploads\/2018\/09\/pronajemkancelaridetskydum.jpg<\/span>\n\t\t\t\t\t\t\t\t\t\t<p><\/p>\n\t\t\t\t\t\t\t\t\t\t\t\t\t\t\t\t\t\t<a><img class=\"skip-lazy\" src=\"https:\/\/www.prazskekancelare.com\/test\/wp-content\/uploads\/2018\/09\/pronajemkancelaridetskydum-400x300.jpg\" alt=\"pronajemkancelaridetskydum\" \/><\/a>\n\t\t\t\t\t\t\t\t\t\t\t\t\t\t\t<\/li>\n\t\t\t\t\t\t\t<li>\n\t\t\t\t\t<h3 style=\"opacity:70;\">pronajemkancelarenaprikope<\/h3>\n\t\t\t\t\t\t\t\t\t\t\t<span data-alt=\"pronajemkancelarenaprikope\">https:\/\/www.prazskekancelare.com\/test\/wp-content\/uploads\/2018\/09\/pronajemkancelarenaprikope.jpg<\/span>\n\t\t\t\t\t\t\t\t\t\t<p><\/p>\n\t\t\t\t\t\t\t\t\t\t\t\t\t\t\t\t\t\t<a><img class=\"skip-lazy\" src=\"https:\/\/www.prazskekancelare.com\/test\/wp-content\/uploads\/2018\/09\/pronajemkancelarenaprikope-400x300.jpg\" alt=\"pronajemkancelarenaprikope\" \/><\/a>\n\t\t\t\t\t\t\t\t\t\t\t\t\t\t\t<\/li>\n\t\t\t\t\t\t\t<li>\n\t\t\t\t\t<h3 style=\"opacity:70;\">praha1kancelaredetskydum<\/h3>\n\t\t\t\t\t\t\t\t\t\t\t<span data-alt=\"praha1kancelaredetskydum\">https:\/\/www.prazskekancelare.com\/test\/wp-content\/uploads\/2018\/09\/praha1kancelaredetskydum.jpg<\/span>\n\t\t\t\t\t\t\t\t\t\t<p><\/p>\n\t\t\t\t\t\t\t\t\t\t\t\t\t\t\t\t\t\t<a><img class=\"skip-lazy\" src=\"https:\/\/www.prazskekancelare.com\/test\/wp-content\/uploads\/2018\/09\/praha1kancelaredetskydum-400x300.jpg\" alt=\"praha1kancelaredetskydum\" \/><\/a>\n\t\t\t\t\t\t\t\t\t\t\t\t\t\t\t<\/li>\n\t\t\t\t\t\t\t<li>\n\t\t\t\t\t<h3 style=\"opacity:70;\">naprikopepronajemkancelare<\/h3>\n\t\t\t\t\t\t\t\t\t\t\t<span data-alt=\"naprikopepronajemkancelare\">https:\/\/www.prazskekancelare.com\/test\/wp-content\/uploads\/2018\/09\/naprikopepronajemkancelare.jpg<\/span>\n\t\t\t\t\t\t\t\t\t\t<p><\/p>\n\t\t\t\t\t\t\t\t\t\t\t\t\t\t\t\t\t\t<a><img class=\"skip-lazy\" src=\"https:\/\/www.prazskekancelare.com\/test\/wp-content\/uploads\/2018\/09\/naprikopepronajemkancelare-400x300.jpg\" alt=\"naprikopepronajemkancelare\" \/><\/a>\n\t\t\t\t\t\t\t\t\t\t\t\t\t\t\t<\/li>\n\t\t\t\t\t\t\t<li>\n\t\t\t\t\t<h3 style=\"opacity:70;\">naprikopekancelare<\/h3>\n\t\t\t\t\t\t\t\t\t\t\t<span data-alt=\"naprikopekancelare\">https:\/\/www.prazskekancelare.com\/test\/wp-content\/uploads\/2018\/09\/naprikopekancelare.jpg<\/span>\n\t\t\t\t\t\t\t\t\t\t<p><\/p>\n\t\t\t\t\t\t\t\t\t\t\t\t\t\t\t\t\t\t<a><img class=\"skip-lazy\" src=\"https:\/\/www.prazskekancelare.com\/test\/wp-content\/uploads\/2018\/09\/naprikopekancelare-400x300.jpg\" alt=\"naprikopekancelare\" \/><\/a>\n\t\t\t\t\t\t\t\t\t\t\t\t\t\t\t<\/li>\n\t\t\t\t\t\t\t<li>\n\t\t\t\t\t<h3 style=\"opacity:70;\">kancelaredetskydumpraha1<\/h3>\n\t\t\t\t\t\t\t\t\t\t\t<span data-alt=\"kancelaredetskydumpraha1\">https:\/\/www.prazskekancelare.com\/test\/wp-content\/uploads\/2018\/09\/kancelaredetskydumpraha1.jpg<\/span>\n\t\t\t\t\t\t\t\t\t\t<p><\/p>\n\t\t\t\t\t\t\t\t\t\t\t\t\t\t\t\t\t\t<a><img class=\"skip-lazy\" src=\"https:\/\/www.prazskekancelare.com\/test\/wp-content\/uploads\/2018\/09\/kancelaredetskydumpraha1-400x300.jpg\" alt=\"kancelaredetskydumpraha1\" \/><\/a>\n\t\t\t\t\t\t\t\t\t\t\t\t\t\t\t<\/li>\n\t\t\t\t\t\t\t<li>\n\t\t\t\t\t<h3 style=\"opacity:70;\">kancelaredetskydum<\/h3>\n\t\t\t\t\t\t\t\t\t\t\t<span data-alt=\"kancelaredetskydum\">https:\/\/www.prazskekancelare.com\/test\/wp-content\/uploads\/2018\/09\/kancelaredetskydum.jpg<\/span>\n\t\t\t\t\t\t\t\t\t\t<p><\/p>\n\t\t\t\t\t\t\t\t\t\t\t\t\t\t\t\t\t\t<a><img class=\"skip-lazy\" src=\"https:\/\/www.prazskekancelare.com\/test\/wp-content\/uploads\/2018\/09\/kancelaredetskydum-400x300.jpg\" alt=\"kancelaredetskydum\" \/><\/a>\n\t\t\t\t\t\t\t\t\t\t\t\t\t\t\t<\/li>\n\t\t\t\t\t\t<\/ul>\n\n\t\t<div id=\"slideshow-wrappergallery104457\" class=\"slideshow-wrapper\" style=\"--slideshow-width:988px\">\n\t\t\n\t\t<div class=\"slideshow-fullsize\" id=\"fullsizegallery104457\">\n\t\t\t\t\t\t\t\t\t\t\t\t\t\t<div id=\"imgprevgallery104457\" class=\"slideshow-imgprev imgnav\" title=\"Previous Image\">Previous Image<\/div>\n\t\t\t\t\t\t<a id=\"imglinkgallery104457\" class=\"slideshow-imglink imglink\">\n\t\t\t\t<!-- link -->\n\t\t\t<\/a>\n\t\t\t\t\t\t\t\t\t\t\t<div id=\"imgnextgallery104457\" class=\"slideshow-imgnext imgnav\" title=\"Next Image\">Next Image<\/div>\n\t\t\t\t\t\t<div id=\"imagegallery104457\" class=\"slideshow-image\"><\/div>\n\t\t\t<div class=\"slideshow-information infobottom\" id=\"informationgallery104457\">\n\t\t\t\t<h3 class=\"slideshow-info-heading\">info heading<\/h3>\n\t\t\t\t<p class=\"slideshow-info-content\">info content<\/p>\n\t\t\t<\/div>\n\t\t<\/div>\n\n\t\t\t\t\t<div id=\"thumbnailsgallery104457\" class=\"slideshow-thumbnails thumbsbot\">\n\t\t\t\t<div class=\"slideshow-slideleft\" id=\"slideleftgallery104457\" title=\"Slide Left\"><\/div>\n\t\t\t\t<div class=\"slideshow-slidearea\" id=\"slideareagallery104457\">\n\t\t\t\t\t<div class=\"slideshow-slider\" id=\"slidergallery104457\"><\/div>\n\t\t\t\t<\/div>\n\t\t\t\t<div class=\"slideshow-slideright\" id=\"sliderightgallery104457\" title=\"Slide Right\"><\/div>\n\t\t\t\t<br style=\"clear:both; visibility:hidden; height:1px;\" \/>\n\t\t\t<\/div>\n\t\t\t<\/div>\n\n\t<br \/>\nNab\u00edz\u00edme V\u00e1m kancel\u00e1\u0159e v notoricky zn\u00e1m\u00e9 budov\u011b <strong>D\u011btsk\u00fd D\u016fm Praha \u2705<\/strong>\u00a0v ulici Na P\u0159\u00edkop\u011b. Nov\u011b zrekonstruovan\u00e1 kancel\u00e1\u0159sk\u00e1 budov\u011b v centru Prahy 1 nab\u00edz\u00ed skv\u011blou adresu, v\u00fdbornou dostupnost, bezkonkuren\u010dn\u00ed ob\u010danskou i obchodn\u00ed vybavenost lokality a tak\u00e9 velmi zaj\u00edmavou cenu.<\/p>\n<p><span style=\"color: #ff0000;\"><strong>Kancel\u00e1\u0159e od 10m2 do 2.000m2 &#8211; Poj\u010fme se spolu do D\u011btsk\u00e9ho Domu pod\u00edvat, budete nad\u0161en\u00ed. Pracujeme bez provize.<\/strong><\/span><\/p>\n<h2>Pron\u00e1jem kancel\u00e1\u0159\u00ed\u00a0D\u011btsk\u00fd D\u016fm &#8211; lokalita<\/h2>\n<p><strong>Kancel\u00e1\u0159e D\u011btsk\u00fd D\u016fm<\/strong> jsou um\u00edst\u011bn\u00e9 p\u0159\u00edmo na p\u0159estupn\u00ed stanici metra M\u016fstek nedaleko doln\u00ed \u010d\u00e1sti V\u00e1clavsk\u00e9ho n\u00e1m\u011bst\u00ed. Bl\u00edzkost v\u0161ech nutn\u00fdch instituc\u00ed v\u010detn\u011b v\u0161ech bank a po\u0161ty je velkou devizou D\u011btsk\u00e9ho domu. Nad\u010dasovost modern\u011b zrekonstruovan\u00e9 budovy, jej\u00ed um\u00edst\u011bn\u00ed v sam\u00e9m srdci Prahy a v\u00fdborn\u00fd pom\u011br kvalita\/cena maj\u00ed za n\u00e1sledek velkou oblibu tamn\u00edch kancel\u00e1\u0159\u00ed.<\/p>\n<p><span style=\"color: #0000ff;\">V\u0159ele doporu\u010dujeme prohl\u00eddku. <\/span><br \/>\n<span style=\"color: #0000ff;\">Kompletn\u00ed a aktu\u00e1ln\u00ed nab\u00eddku pro V\u00e1s sestav\u00edme do 30 min.<\/span><\/p>\n<p><a href=\"\/poptavka-po-kancelarich-k-pronajmu\/\" target=\"_blank\" rel=\"noopener noreferrer\"><img loading=\"lazy\" class=\"alignnone wp-image-3617 size-medium\" src=\"https:\/\/www.prazskekancelare.com\/test\/wp-content\/uploads\/2019\/12\/kancelare-5-5000m-300x46.png\" alt=\"kancel\u00e1\u0159e od 5m\" width=\"300\" height=\"46\" srcset=\"https:\/\/www.prazskekancelare.com\/test\/wp-content\/uploads\/2019\/12\/kancelare-5-5000m-300x46.png 300w, https:\/\/www.prazskekancelare.com\/test\/wp-content\/uploads\/2019\/12\/kancelare-5-5000m-1024x156.png 1024w\" sizes=\"(max-width: 300px) 100vw, 300px\" \/><\/a><\/p>\n<h2>Kancel\u00e1\u0159e Na P\u0159\u00edkop\u011b &#8211; budova<\/h2>\n<p><strong>Kancel\u00e1\u0159e k pron\u00e1jmu v D\u011btsk\u00e9m Dom\u011b<\/strong> pro\u0161ly p\u0159ed n\u011bkolika lety modern\u00ed rekonstrukc\u00ed. Vybaven\u00ed kancel\u00e1\u0159\u00ed nov\u011b odpov\u00edd\u00e1 vysok\u00e9mu standardu a pot\u0159eb\u00e1m dne\u0161n\u00edch n\u00e1jemc\u016f. Kancel\u00e1\u0159e v D\u011btsk\u00e9m Dom\u011b jsou nav\u00edc flexibiln\u00ed a vybaven\u00e9 ve\u0161kerou dostupnou kabel\u00e1\u017e\u00ed.<br \/>\nV budov\u011b jsou vyu\u017eity pouze vysoce kvalitn\u00ed materi\u00e1ly ve v\u00fdborn\u011b vyu\u017eit\u00fdch ploch\u00e1ch. Kancel\u00e1\u0159sk\u00e1 budova p\u016fsob\u00ed velmi reprezentativn\u00edm dojmem jak z venku, tak uvnit\u0159. Budete nad\u0161eni, jak budovat \u201eprokoukla\u201c a pokud se pro n\u00e1jem v budov\u011b rozhodnete, ud\u011bl\u00e1te dojem na ka\u017ed\u00e9ho va\u0161e n\u00e1v\u0161t\u011bvn\u00edka, obchodn\u00edho partnera.<\/p>\n<h2>V\u00fdhody D\u011btsk\u00e9ho Domu<\/h2>\n<p>&#8211; centr\u00e1ln\u00ed recepce s 24 hodinovou bezpe\u010dnostn\u00ed slu\u017ebou<br \/>\n&#8211; 2 v\u00fdtahy a mramorov\u00e9 oblo\u017een\u00ed na chodb\u00e1ch<br \/>\n&#8211; p\u0159\u00edstup na terasu s n\u00e1dhern\u00fdm v\u00fdhledem na Star\u00e9 m\u011bsto a Hrad\u010dany<br \/>\n&#8211; 23 parkovac\u00edch m\u00edst v podzemn\u00edch gar\u00e1\u017e\u00edch.<br \/>\n&#8211; chlazen\u00ed v ka\u017ed\u00e9 kancel\u00e1\u0159e<\/p>\n<h2>Provize za zprost\u0159edkov\u00e1n\u00ed kancel\u00e1\u0159\u00ed v D\u011btsk\u00e9m Dom\u011b<\/h2>\n<p>Ve\u0161ker\u00e9 slu\u017eby na\u0161\u00ed spole\u010dnosti jsou bez jak\u00e9koli provize. Nev\u00e1hejte n\u00e1s zdarma oslovit.<\/p>\n<h2>N\u00e1\u0161 tip<\/h2>\n<p><span style=\"color: #000000;\"><strong>Kancel\u00e1\u0159e D\u011btsk\u00fd d\u016fm<\/strong> doporu\u010dujeme nav\u0161t\u00edvit osobn\u011b a nas\u00e1t atmosf\u00e9ru budovy a m\u00edsta jako takov\u00e9ho. Jsme si jist\u00ed, \u017ee jde o jedno z nejlep\u0161\u00edch m\u00edst v srdci Prahy, kde si pronajmout kancel\u00e1\u0159. Velk\u00fd z\u00e1jem o D\u011btsk\u00fd D\u016fm to tak\u00e9 potvrzuje.<\/span><\/p>\n<h2>Jak poptat kancel\u00e1\u0159?<\/h2>\n<p>Rychl\u00fd popt\u00e1vkov\u00fd formul\u00e1\u0159 najdete na konci textu\u00a0a makl\u00e9\u0159e zodpov\u011bdn\u00e9ho za nemovitosti v prav\u00e9m sloupci.<br \/>\ne-mail:\u00a0<strong><a href=\"mailto:info@prazskekancelare.cz\">info@prazskekancelare.com<\/a>\u00a0<\/strong>\/\u00a0telefon: <strong><span style=\"color: #ff0000;\">+420 773 295 925, +420 723 984 360.\u00a0<\/span><\/strong><\/p>\n<a href=\"\/poptavka-po-kancelarich-k-pronajmu\/\" class=\"myButton\" target=\"_blank\">Popt\u00e1vejte BEZ provize<\/a>\n<h2>v\u00edce informac\u00ed o kancel\u00e1\u0159\u00edch v D\u011btsk\u00e9m Dom\u011b:<\/h2>\n","protected":false},"author":1,"featured_media":2361,"comment_status":"closed","ping_status":"closed","template":"","yoast_head":"<!-- This site is optimized with the Yoast SEO plugin v16.4 - https:\/\/yoast.com\/wordpress\/plugins\/seo\/ -->\n<title>D\u011aTSK\u00dd D\u016eM kancel\u00e1\u0159e Na P\u0159\u00edkop\u011b Praha 1 | 900 Kancel\u00e1\u0159\u00ed &gt;&gt;<\/title>\n<meta name=\"description\" content=\"Popt\u00e1vejte kancel\u00e1\u0159e D\u011btsk\u00fd D\u016fm Praha Na P\u0159\u00edkop\u011b \u2705 | 900 kancel\u00e1\u0159\u00ed k pron\u00e1jmu v centru Prahy \u2705 | Nab\u00eddky v\u00fdhodn\u00fdch kancel\u00e1\u0159\u00ed do 30 minut | Provize 0%.\" \/>\n<meta name=\"robots\" content=\"noindex, follow, max-snippet:-1, max-image-preview:large, max-video-preview:-1\" \/>\n<meta property=\"og:locale\" content=\"cs_CZ\" \/>\n<meta property=\"og:type\" content=\"article\" \/>\n<meta property=\"og:title\" content=\"D\u011aTSK\u00dd D\u016eM kancel\u00e1\u0159e Na P\u0159\u00edkop\u011b Praha 1 | 900 Kancel\u00e1\u0159\u00ed &gt;&gt;\" \/>\n<meta property=\"og:description\" content=\"Popt\u00e1vejte kancel\u00e1\u0159e D\u011btsk\u00fd D\u016fm Praha Na P\u0159\u00edkop\u011b \u2705 | 900 kancel\u00e1\u0159\u00ed k pron\u00e1jmu v centru Prahy \u2705 | Nab\u00eddky v\u00fdhodn\u00fdch kancel\u00e1\u0159\u00ed do 30 minut | Provize 0%.\" \/>\n<meta property=\"og:url\" content=\"https:\/\/www.prazskekancelare.com\/test\/kancelare-k-pronajmu\/detsky-dum-kancelare-na-prikope-praha-1\/\" \/>\n<meta property=\"og:site_name\" content=\"TEST - Pron\u00e1jem kancel\u00e1\u0159e Praha\" \/>\n<meta property=\"article:modified_time\" content=\"2020-10-21T15:32:15+00:00\" \/>\n<meta property=\"og:image\" content=\"https:\/\/www.prazskekancelare.com\/test\/wp-content\/uploads\/2018\/09\/kancelaredetskydumpraha1.jpg\" \/>\n\t<meta property=\"og:image:width\" content=\"1123\" \/>\n\t<meta property=\"og:image:height\" content=\"748\" \/>\n<meta name=\"twitter:card\" content=\"summary\" \/>\n<meta name=\"twitter:label1\" content=\"Odhadovan\u00e1 doba \u010dten\u00ed\" \/>\n\t<meta name=\"twitter:data1\" content=\"3 minuty\" \/>\n<script type=\"application\/ld+json\" class=\"yoast-schema-graph\">{\"@context\":\"https:\/\/schema.org\",\"@graph\":[{\"@type\":\"Organization\",\"@id\":\"https:\/\/www.prazskekancelare.com\/test\/#organization\",\"name\":\"Pron\\u00e1jem kancel\\u00e1\\u0159e Praha\",\"url\":\"https:\/\/www.prazskekancelare.com\/test\/\",\"sameAs\":[],\"logo\":{\"@type\":\"ImageObject\",\"@id\":\"https:\/\/www.prazskekancelare.com\/test\/#logo\",\"inLanguage\":\"cs\",\"url\":\"https:\/\/www.prazskekancelare.com\/test\/wp-content\/uploads\/2018\/05\/prazske-kancelare-com-logo.png\",\"contentUrl\":\"https:\/\/www.prazskekancelare.com\/test\/wp-content\/uploads\/2018\/05\/prazske-kancelare-com-logo.png\",\"width\":242,\"height\":59,\"caption\":\"Pron\\u00e1jem kancel\\u00e1\\u0159e Praha\"},\"image\":{\"@id\":\"https:\/\/www.prazskekancelare.com\/test\/#logo\"}},{\"@type\":\"WebSite\",\"@id\":\"https:\/\/www.prazskekancelare.com\/test\/#website\",\"url\":\"https:\/\/www.prazskekancelare.com\/test\/\",\"name\":\"TEST - Pron\\u00e1jem kancel\\u00e1\\u0159e Praha\",\"description\":\"Pron\\u00e1jem kancel\\u00e1\\u0159e Praha a Kancelare Praha\",\"publisher\":{\"@id\":\"https:\/\/www.prazskekancelare.com\/test\/#organization\"},\"potentialAction\":[{\"@type\":\"SearchAction\",\"target\":\"https:\/\/www.prazskekancelare.com\/test\/?s={search_term_string}\",\"query-input\":\"required name=search_term_string\"}],\"inLanguage\":\"cs\"},{\"@type\":\"ImageObject\",\"@id\":\"https:\/\/www.prazskekancelare.com\/test\/kancelare-k-pronajmu\/detsky-dum-kancelare-na-prikope-praha-1\/#primaryimage\",\"inLanguage\":\"cs\",\"url\":\"https:\/\/www.prazskekancelare.com\/test\/wp-content\/uploads\/2018\/09\/kancelaredetskydumpraha1.jpg\",\"contentUrl\":\"https:\/\/www.prazskekancelare.com\/test\/wp-content\/uploads\/2018\/09\/kancelaredetskydumpraha1.jpg\",\"width\":1123,\"height\":748,\"caption\":\"Kancel\\u00e1\\u0159e k pron\\u00e1jmu Na P\\u0159\\u00edkop\\u011b D\\u011btsk\\u00fd D\\u016fm\"},{\"@type\":\"WebPage\",\"@id\":\"https:\/\/www.prazskekancelare.com\/test\/kancelare-k-pronajmu\/detsky-dum-kancelare-na-prikope-praha-1\/#webpage\",\"url\":\"https:\/\/www.prazskekancelare.com\/test\/kancelare-k-pronajmu\/detsky-dum-kancelare-na-prikope-praha-1\/\",\"name\":\"D\\u011aTSK\\u00dd D\\u016eM kancel\\u00e1\\u0159e Na P\\u0159\\u00edkop\\u011b Praha 1 | 900 Kancel\\u00e1\\u0159\\u00ed >>\",\"isPartOf\":{\"@id\":\"https:\/\/www.prazskekancelare.com\/test\/#website\"},\"primaryImageOfPage\":{\"@id\":\"https:\/\/www.prazskekancelare.com\/test\/kancelare-k-pronajmu\/detsky-dum-kancelare-na-prikope-praha-1\/#primaryimage\"},\"datePublished\":\"2018-09-16T15:32:28+00:00\",\"dateModified\":\"2020-10-21T15:32:15+00:00\",\"description\":\"Popt\\u00e1vejte kancel\\u00e1\\u0159e D\\u011btsk\\u00fd D\\u016fm Praha Na P\\u0159\\u00edkop\\u011b \\u2705 | 900 kancel\\u00e1\\u0159\\u00ed k pron\\u00e1jmu v centru Prahy \\u2705 | Nab\\u00eddky v\\u00fdhodn\\u00fdch kancel\\u00e1\\u0159\\u00ed do 30 minut | Provize 0%.\",\"breadcrumb\":{\"@id\":\"https:\/\/www.prazskekancelare.com\/test\/kancelare-k-pronajmu\/detsky-dum-kancelare-na-prikope-praha-1\/#breadcrumb\"},\"inLanguage\":\"cs\",\"potentialAction\":[{\"@type\":\"ReadAction\",\"target\":[\"https:\/\/www.prazskekancelare.com\/test\/kancelare-k-pronajmu\/detsky-dum-kancelare-na-prikope-praha-1\/\"]}]},{\"@type\":\"BreadcrumbList\",\"@id\":\"https:\/\/www.prazskekancelare.com\/test\/kancelare-k-pronajmu\/detsky-dum-kancelare-na-prikope-praha-1\/#breadcrumb\",\"itemListElement\":[{\"@type\":\"ListItem\",\"position\":1,\"item\":{\"@type\":\"WebPage\",\"@id\":\"https:\/\/www.prazskekancelare.com\/test\/\",\"url\":\"https:\/\/www.prazskekancelare.com\/test\/\",\"name\":\"Dom\\u016f\"}},{\"@type\":\"ListItem\",\"position\":2,\"item\":{\"@type\":\"WebPage\",\"@id\":\"https:\/\/www.prazskekancelare.com\/test\/kancelare-k-pronajmu\/\",\"url\":\"https:\/\/www.prazskekancelare.com\/test\/kancelare-k-pronajmu\/\",\"name\":\"Properties\"}},{\"@type\":\"ListItem\",\"position\":3,\"item\":{\"@id\":\"https:\/\/www.prazskekancelare.com\/test\/kancelare-k-pronajmu\/detsky-dum-kancelare-na-prikope-praha-1\/#webpage\"}}]}]}<\/script>\n<!-- \/ Yoast SEO plugin. -->","cmb2":{"property_general":{"property_id":"ANO","property_year_built":"","property_address":"Na P\u0159\u00edkop\u011b 15,\r\n 110 00 Praha 1\r\n","property_zip":"","property_contract":"","property_gallery":"","property_plans":"","property_video":"","property_parent_property":""},"property_flags":{"property_featured":"","property_sticky":"","property_reduced":"","property_sold":""},"property_contact":{"property_contact_name":"","property_contact_phone":""},"property_pricing":{"property_price":"320","property_price_prefix":"od","property_price_suffix":"K\u010d\/m2","property_price_custom":""},"property_attributes":{"property_rooms":"NE","property_beds":"6","property_baths":"NE","property_garages":"NE \/ \u010d\u00e1ste\u010dn\u011b","property_home_area":"","property_lot_dimensions":"","property_lot_area":"15m2 - 1.000m2"},"property_valuation":{"property_valuation_group":""},"property_public_facilities":{"property_public_facilities_group":""},"property_map_location":{"property_map_location":{"latitude":"50.0851867","longitude":"14.4249617"}},"property_relations":{"property_agents":["260"]}},"_links":{"self":[{"href":"https:\/\/www.prazskekancelare.com\/test\/wp-json\/wp\/v2\/property\/2368"}],"collection":[{"href":"https:\/\/www.prazskekancelare.com\/test\/wp-json\/wp\/v2\/property"}],"about":[{"href":"https:\/\/www.prazskekancelare.com\/test\/wp-json\/wp\/v2\/types\/property"}],"author":[{"embeddable":true,"href":"https:\/\/www.prazskekancelare.com\/test\/wp-json\/wp\/v2\/users\/1"}],"replies":[{"embeddable":true,"href":"https:\/\/www.prazskekancelare.com\/test\/wp-json\/wp\/v2\/comments?post=2368"}],"wp:featuredmedia":[{"embeddable":true,"href":"https:\/\/www.prazskekancelare.com\/test\/wp-json\/wp\/v2\/media\/2361"}],"wp:attachment":[{"href":"https:\/\/www.prazskekancelare.com\/test\/wp-json\/wp\/v2\/media?parent=2368"}],"curies":[{"name":"wp","href":"https:\/\/api.w.org\/{rel}","templated":true}]}}