{"id":2286,"date":"2018-04-25T12:54:26","date_gmt":"2018-04-25T10:54:26","guid":{"rendered":"https:\/\/www.prazskekancelare.com\/test\/?post_type=property&#038;p=2286"},"modified":"2019-12-11T15:51:01","modified_gmt":"2019-12-11T14:51:01","slug":"pronajem-kancelari-palac-andel-metro-praha-5","status":"publish","type":"property","link":"https:\/\/www.prazskekancelare.com\/test\/kancelare-k-pronajmu\/pronajem-kancelari-palac-andel-metro-praha-5\/","title":{"rendered":"Kancel\u00e1\u0159e PAL\u00c1C AND\u011aL Praha 5 <span style=\"color: #ff0000;\">TOP cena<\/span>"},"content":{"rendered":"<p>\n\t<ul id=\"slideshowgallery102436\" class=\"slideshowgallery102436\" style=\"display:none;\">\n\t\t\t\t\t<!-- From all slides or gallery slides -->\n\t\t\t\t\t\t\t<li>\n\t\t\t\t\t<h3 style=\"opacity:70;\">pronajemkancelarismichovpraha5<\/h3>\n\t\t\t\t\t\t\t\t\t\t\t<span data-alt=\"pronajemkancelarismichovpraha5\">https:\/\/www.prazskekancelare.com\/test\/wp-content\/uploads\/2018\/04\/pronajemkancelarismichovpraha5.jpg<\/span>\n\t\t\t\t\t\t\t\t\t\t<p><\/p>\n\t\t\t\t\t\t\t\t\t\t\t\t\t\t\t\t\t\t<a><img class=\"skip-lazy\" src=\"https:\/\/www.prazskekancelare.com\/test\/wp-content\/uploads\/2018\/04\/pronajemkancelarismichovpraha5-400x300.jpg\" alt=\"pronajemkancelarismichovpraha5\" \/><\/a>\n\t\t\t\t\t\t\t\t\t\t\t\t\t\t\t<\/li>\n\t\t\t\t\t\t\t<li>\n\t\t\t\t\t<h3 style=\"opacity:70;\">kancelarenapronajemandel<\/h3>\n\t\t\t\t\t\t\t\t\t\t\t<span data-alt=\"kancelarenapronajemandel\">https:\/\/www.prazskekancelare.com\/test\/wp-content\/uploads\/2018\/04\/kancelarenapronajemandel.jpg<\/span>\n\t\t\t\t\t\t\t\t\t\t<p><\/p>\n\t\t\t\t\t\t\t\t\t\t\t\t\t\t\t\t\t\t<a><img class=\"skip-lazy\" src=\"https:\/\/www.prazskekancelare.com\/test\/wp-content\/uploads\/2018\/04\/kancelarenapronajemandel-400x300.jpg\" alt=\"kancelarenapronajemandel\" \/><\/a>\n\t\t\t\t\t\t\t\t\t\t\t\t\t\t\t<\/li>\n\t\t\t\t\t\t\t<li>\n\t\t\t\t\t<h3 style=\"opacity:70;\">kancelarenapronajemsmichov<\/h3>\n\t\t\t\t\t\t\t\t\t\t\t<span data-alt=\"kancelarenapronajemsmichov\">https:\/\/www.prazskekancelare.com\/test\/wp-content\/uploads\/2018\/04\/kancelarenapronajemsmichov.jpg<\/span>\n\t\t\t\t\t\t\t\t\t\t<p><\/p>\n\t\t\t\t\t\t\t\t\t\t\t\t\t\t\t\t\t\t<a><img class=\"skip-lazy\" src=\"https:\/\/www.prazskekancelare.com\/test\/wp-content\/uploads\/2018\/04\/kancelarenapronajemsmichov-300x222.jpg\" alt=\"kancelarenapronajemsmichov\" \/><\/a>\n\t\t\t\t\t\t\t\t\t\t\t\t\t\t\t<\/li>\n\t\t\t\t\t\t\t<li>\n\t\t\t\t\t<h3 style=\"opacity:70;\">kancelarepraha5<\/h3>\n\t\t\t\t\t\t\t\t\t\t\t<span data-alt=\"kancelarepraha5\">https:\/\/www.prazskekancelare.com\/test\/wp-content\/uploads\/2018\/04\/kancelarepraha5.jpg<\/span>\n\t\t\t\t\t\t\t\t\t\t<p><\/p>\n\t\t\t\t\t\t\t\t\t\t\t\t\t\t\t\t\t\t<a><img class=\"skip-lazy\" src=\"https:\/\/www.prazskekancelare.com\/test\/wp-content\/uploads\/2018\/04\/kancelarepraha5-400x300.jpg\" alt=\"kancelarepraha5\" \/><\/a>\n\t\t\t\t\t\t\t\t\t\t\t\t\t\t\t<\/li>\n\t\t\t\t\t\t\t<li>\n\t\t\t\t\t<h3 style=\"opacity:70;\">kancelaresmichov<\/h3>\n\t\t\t\t\t\t\t\t\t\t\t<span data-alt=\"kancelaresmichov\">https:\/\/www.prazskekancelare.com\/test\/wp-content\/uploads\/2018\/04\/kancelaresmichov.jpg<\/span>\n\t\t\t\t\t\t\t\t\t\t<p><\/p>\n\t\t\t\t\t\t\t\t\t\t\t\t\t\t\t\t\t\t<a><img class=\"skip-lazy\" src=\"https:\/\/www.prazskekancelare.com\/test\/wp-content\/uploads\/2018\/04\/kancelaresmichov-400x300.jpg\" alt=\"kancelaresmichov\" \/><\/a>\n\t\t\t\t\t\t\t\t\t\t\t\t\t\t\t<\/li>\n\t\t\t\t\t\t\t<li>\n\t\t\t\t\t<h3 style=\"opacity:70;\">kancelarkpronajmupraha5<\/h3>\n\t\t\t\t\t\t\t\t\t\t\t<span data-alt=\"kancelarkpronajmupraha5\">https:\/\/www.prazskekancelare.com\/test\/wp-content\/uploads\/2018\/04\/kancelarkpronajmupraha5.jpg<\/span>\n\t\t\t\t\t\t\t\t\t\t<p><\/p>\n\t\t\t\t\t\t\t\t\t\t\t\t\t\t\t\t\t\t<a><img class=\"skip-lazy\" src=\"https:\/\/www.prazskekancelare.com\/test\/wp-content\/uploads\/2018\/04\/kancelarkpronajmupraha5-400x300.jpg\" alt=\"kancelarkpronajmupraha5\" \/><\/a>\n\t\t\t\t\t\t\t\t\t\t\t\t\t\t\t<\/li>\n\t\t\t\t\t\t\t<li>\n\t\t\t\t\t<h3 style=\"opacity:70;\">PalacAndelKancelareKPronajmu<\/h3>\n\t\t\t\t\t\t\t\t\t\t\t<span data-alt=\"palacandelkancelarekpronajmu\">https:\/\/www.prazskekancelare.com\/test\/wp-content\/uploads\/2018\/04\/palacandelkancelarekpronajmu.jpg<\/span>\n\t\t\t\t\t\t\t\t\t\t<p><\/p>\n\t\t\t\t\t\t\t\t\t\t\t\t\t\t\t\t\t\t<a><img class=\"skip-lazy\" src=\"https:\/\/www.prazskekancelare.com\/test\/wp-content\/uploads\/2018\/04\/palacandelkancelarekpronajmu-400x300.jpg\" alt=\"palacandelkancelarekpronajmu\" \/><\/a>\n\t\t\t\t\t\t\t\t\t\t\t\t\t\t\t<\/li>\n\t\t\t\t\t\t\t<li>\n\t\t\t\t\t<h3 style=\"opacity:70;\">pronajemkancelareandel<\/h3>\n\t\t\t\t\t\t\t\t\t\t\t<span data-alt=\"pronajemkancelareandel\">https:\/\/www.prazskekancelare.com\/test\/wp-content\/uploads\/2018\/04\/pronajemkancelareandel.jpg<\/span>\n\t\t\t\t\t\t\t\t\t\t<p><\/p>\n\t\t\t\t\t\t\t\t\t\t\t\t\t\t\t\t\t\t<a><img class=\"skip-lazy\" src=\"https:\/\/www.prazskekancelare.com\/test\/wp-content\/uploads\/2018\/04\/pronajemkancelareandel-400x300.jpg\" alt=\"pronajemkancelareandel\" \/><\/a>\n\t\t\t\t\t\t\t\t\t\t\t\t\t\t\t<\/li>\n\t\t\t\t\t\t\t<li>\n\t\t\t\t\t<h3 style=\"opacity:70;\">pronajemkancelarenaandelu<\/h3>\n\t\t\t\t\t\t\t\t\t\t\t<span data-alt=\"pronajemkancelarenaandelu\">https:\/\/www.prazskekancelare.com\/test\/wp-content\/uploads\/2018\/04\/pronajemkancelarenaandelu.jpg<\/span>\n\t\t\t\t\t\t\t\t\t\t<p><\/p>\n\t\t\t\t\t\t\t\t\t\t\t\t\t\t\t\t\t\t<a><img class=\"skip-lazy\" src=\"https:\/\/www.prazskekancelare.com\/test\/wp-content\/uploads\/2018\/04\/pronajemkancelarenaandelu-400x300.jpg\" alt=\"pronajemkancelarenaandelu\" \/><\/a>\n\t\t\t\t\t\t\t\t\t\t\t\t\t\t\t<\/li>\n\t\t\t\t\t\t\t<li>\n\t\t\t\t\t<h3 style=\"opacity:70;\">dispozicniresenikancelare<\/h3>\n\t\t\t\t\t\t\t\t\t\t\t<span data-alt=\"dispozicniresenikancelare\">https:\/\/www.prazskekancelare.com\/test\/wp-content\/uploads\/2018\/04\/dispozicniresenikancelare.png<\/span>\n\t\t\t\t\t\t\t\t\t\t<p><\/p>\n\t\t\t\t\t\t\t\t\t\t\t\t\t\t\t\t\t\t<a><img class=\"skip-lazy\" src=\"https:\/\/www.prazskekancelare.com\/test\/wp-content\/uploads\/2018\/04\/dispozicniresenikancelare-400x300.png\" alt=\"dispozicniresenikancelare\" \/><\/a>\n\t\t\t\t\t\t\t\t\t\t\t\t\t\t\t<\/li>\n\t\t\t\t\t\t\t<li>\n\t\t\t\t\t<h3 style=\"opacity:70;\">hlavnifotkaandelkancelare<\/h3>\n\t\t\t\t\t\t\t\t\t\t\t<span data-alt=\"hlavnifotkaandelkancelare\">https:\/\/www.prazskekancelare.com\/test\/wp-content\/uploads\/2018\/04\/hlavnifotkaandelkancelare.jpg<\/span>\n\t\t\t\t\t\t\t\t\t\t<p><\/p>\n\t\t\t\t\t\t\t\t\t\t\t\t\t\t\t\t\t\t<a><img class=\"skip-lazy\" src=\"https:\/\/www.prazskekancelare.com\/test\/wp-content\/uploads\/2018\/04\/hlavnifotkaandelkancelare-400x300.jpg\" alt=\"hlavnifotkaandelkancelare\" \/><\/a>\n\t\t\t\t\t\t\t\t\t\t\t\t\t\t\t<\/li>\n\t\t\t\t\t\t\t<li>\n\t\t\t\t\t<h3 style=\"opacity:70;\">kancelareandelpronajem<\/h3>\n\t\t\t\t\t\t\t\t\t\t\t<span data-alt=\"kancelareandelpronajem\">https:\/\/www.prazskekancelare.com\/test\/wp-content\/uploads\/2018\/04\/kancelareandelpronajem.jpg<\/span>\n\t\t\t\t\t\t\t\t\t\t<p><\/p>\n\t\t\t\t\t\t\t\t\t\t\t\t\t\t\t\t\t\t<a><img class=\"skip-lazy\" src=\"https:\/\/www.prazskekancelare.com\/test\/wp-content\/uploads\/2018\/04\/kancelareandelpronajem-400x300.jpg\" alt=\"kancelareandelpronajem\" \/><\/a>\n\t\t\t\t\t\t\t\t\t\t\t\t\t\t\t<\/li>\n\t\t\t\t\t\t<\/ul>\n\n\t\t<div id=\"slideshow-wrappergallery102436\" class=\"slideshow-wrapper\" style=\"--slideshow-width:1452px\">\n\t\t\n\t\t<div class=\"slideshow-fullsize\" id=\"fullsizegallery102436\">\n\t\t\t\t\t\t\t\t\t\t\t\t\t\t<div id=\"imgprevgallery102436\" class=\"slideshow-imgprev imgnav\" title=\"Previous Image\">Previous Image<\/div>\n\t\t\t\t\t\t<a id=\"imglinkgallery102436\" class=\"slideshow-imglink imglink\">\n\t\t\t\t<!-- link -->\n\t\t\t<\/a>\n\t\t\t\t\t\t\t\t\t\t\t<div id=\"imgnextgallery102436\" class=\"slideshow-imgnext imgnav\" title=\"Next Image\">Next Image<\/div>\n\t\t\t\t\t\t<div id=\"imagegallery102436\" class=\"slideshow-image\"><\/div>\n\t\t\t<div class=\"slideshow-information infobottom\" id=\"informationgallery102436\">\n\t\t\t\t<h3 class=\"slideshow-info-heading\">info heading<\/h3>\n\t\t\t\t<p class=\"slideshow-info-content\">info content<\/p>\n\t\t\t<\/div>\n\t\t<\/div>\n\n\t\t\t\t\t<div id=\"thumbnailsgallery102436\" class=\"slideshow-thumbnails thumbsbot\">\n\t\t\t\t<div class=\"slideshow-slideleft\" id=\"slideleftgallery102436\" title=\"Slide Left\"><\/div>\n\t\t\t\t<div class=\"slideshow-slidearea\" id=\"slideareagallery102436\">\n\t\t\t\t\t<div class=\"slideshow-slider\" id=\"slidergallery102436\"><\/div>\n\t\t\t\t<\/div>\n\t\t\t\t<div class=\"slideshow-slideright\" id=\"sliderightgallery102436\" title=\"Slide Right\"><\/div>\n\t\t\t\t<br style=\"clear:both; visibility:hidden; height:1px;\" \/>\n\t\t\t<\/div>\n\t\t\t<\/div>\n\n\t<br \/>\nP\u0159edstavujeme <strong>kancel\u00e1\u0159e Pal\u00e1c And\u011bl\u00a0\u2705<\/strong>, pron\u00e1jem kancel\u00e1\u0159\u00ed na Praze 5 Sm\u00edchov\u011b <strong>v modern\u00ed kancel\u00e1\u0159sk\u00e9<\/strong> <strong>budov\u011b.<\/strong>\u00a0Lokalita je pro zvolen\u00ed sv\u00e9ho s\u00eddla opravdu ide\u00e1ln\u00ed. V\u00fdborn\u00e1 dostupnost metrem i autem, koncentrace nejv\u011bt\u0161\u00edch firem, obchodn\u00ed i ob\u010dansk\u00e1 vybavenost a skute\u010dnost, \u017ee se And\u011bl stal druh\u00fdm centrem Prahy, jsou jen n\u011bkter\u00e9 z v\u00fdhod lokality.<\/p>\n<h2>Kancel\u00e1\u0159e\u00a0Pal\u00e1c And\u011bl &#8211; lokalita<\/h2>\n<p><strong>Pal\u00e1c And\u011bl<\/strong> najdete p\u0159\u00edmo v srdci pra\u017esk\u00e9ho And\u011bla. And\u011bl, synonymum pro tepaj\u00edc\u00ed centrum m\u011bsta. Pro ka\u017edou spole\u010dnost je v\u00fdhodn\u00e9 zde s\u00eddlit. Na cokoli si p\u0159i v\u00fdb\u011bru sv\u00fdch kancel\u00e1\u0159\u00ed pomysl\u00edte, zde ur\u010dit\u011b je. Obchodn\u00ed centru se spoustou kav\u00e1ren, restaurac\u00ed, obchod\u016f, po\u0161tou, bankami, fitness centrem, \u2026 atd.<br \/>\nReprezentativn\u00ed, dob\u0159e dostupn\u00e1 a velmi \u017e\u00e1dan\u00e1 lokalita, to je And\u011bl. Bl\u00edzkost centra Prahy a skv\u011bl\u00e1 dostupnost na pra\u017esk\u00e9 leti\u0161t\u011b u\u017e jen umoc\u0148uj\u00ed pohled na lokalitu jako na vhodnou pro podnik\u00e1n\u00ed.<\/p>\n<h3><span style=\"color: #0000ff;\"><strong>V nab\u00eddce jsou tyto kancel\u00e1\u0159e:<\/strong><\/span><\/h3>\n<ol>\n<li><span style=\"color: #0000ff;\"><strong>malometr\u00e1\u017en\u00ed\u00a0<\/strong>vybaven\u00e9 kancel\u00e1\u0159e\u00a0<strong>od 8 m2\u00a0<\/strong>nebo<\/span><\/li>\n<li><span style=\"color: #0000ff;\"><strong>velkometr\u00e1\u017en\u00ed\u00a0<\/strong>kancel\u00e1\u0159e typu open-space\u00a0<strong>od 100 m2 do 2.500 m2<\/strong>.<\/span><\/li>\n<\/ol>\n<p><span style=\"color: #ff0000;\"><strong>N\u00e1\u0161 tip:<\/strong><\/span>\u00a0Za\u0161lete n\u00e1m rychl\u00fd\u00a0<strong>popt\u00e1vkov\u00fd formul\u00e1\u0159\u00a0<\/strong>a my V\u00e1m b\u011bhem 30 minut\u00a0p\u0159iprav\u00edme kompletn\u00ed nab\u00eddku dle Va\u0161ich specifikac\u00ed a bez provize.\u00a0V nab\u00eddce m\u00e1me <strong>1000 kancel\u00e1\u0159\u00ed v Praze<\/strong>. T\u011b\u0161\u00edme se na spolupr\u00e1ci.<\/p>\n<p><a href=\"\/poptavka-po-kancelarich-k-pronajmu\/\" target=\"_blank\"><img loading=\"lazy\" class=\"alignnone\" src=\"https:\/\/www.prazskekancelare.com\/test\/wp-content\/uploads\/2019\/12\/kancelare-5-5000m-300x46.png\" alt=\"kancel\u00e1\u0159e od 5m\" width=\"300\" height=\"46\" \/><\/a><\/p>\n<h2>Pal\u00e1c And\u011bl kancel\u00e1\u0159e Sm\u00edchov &#8211; budova<\/h2>\n<p>Modern\u00ed, <strong>kancel\u00e1\u0159sk\u00e1 budova Pal\u00e1ce And\u011bl<\/strong> se strategickou polohu, ihned na metru And\u011bl s celkovou rozlohou 14.000 metr\u016f \u010dtvrte\u010dn\u00edch na 6ti patrech nab\u00edz\u00ed parkovac\u00ed st\u00e1n\u00ed v podzemn\u00edch gar\u00e1\u017e\u00edch a samoz\u0159ejm\u011b skladovac\u00ed plochy.<\/p>\n<p>N\u00e1jemn\u00edky kancel\u00e1\u0159sk\u00e9 budovy Pal\u00e1c And\u011bl jsou krom\u011b Mafry a Pfizeru tak\u00e9 UBS, Google, HVB a Skype.<\/p>\n<h2>V\u00fdhody kancel\u00e1\u0159 v And\u011bl Parku<\/h2>\n<p>\u2022 Skv\u011bl\u00e1 dostupnost<br \/>\n\u2022 V\u00fdjime\u010dn\u00e1 obchodn\u00ed a ob\u010dansk\u00e1 vybavenost<br \/>\n\u2022 Parkovac\u00ed st\u00e1n\u00ed a skladov\u00e9 prostory<br \/>\n\u2022 Identifikace spole\u010dnosti na fas\u00e1d\u011b\/ st\u0159e\u0161e<br \/>\n\u2022 Nonstop recepce<br \/>\n\u2022 Flexibiln\u00ed kancel\u00e1\u0159e od 200 \u2013 2000m2<br \/>\n\u2022 Klimatizace<br \/>\n\u2022 Otev\u00edrateln\u00e1 okna<br \/>\n\u2022 Elektrick\u00e9 \u017ealuzie<br \/>\n\u2022 8 v\u00fdtah\u016f<br \/>\n\u2022 Vysokorychlostn\u00ed internet<br \/>\n\u2022 Z\u00e1t\u011b\u017eov\u00e9 koberce<br \/>\n\u2022 bezpe\u010dnostn\u00ed zaji\u0161t\u011bn\u00ed budovy<\/p>\n<h2>Provize za zprost\u0159edkov\u00e1n\u00ed pron\u00e1jmu kancel\u00e1\u0159\u00ed\u00a0v And\u011bl Parku<\/h2>\n<p>Ve\u0161ker\u00e9 slu\u017eby na\u0161\u00ed spole\u010dnosti a jej\u00edch makl\u00e9\u0159\u016f jsou bez provize. Volejte \/ pi\u0161te nonstop.<\/p>\n<h2>Jak poptat kancel\u00e1\u0159e na And\u011blu?<\/h2>\n<p>Za\u0161lete n\u00e1m pros\u00edm jednoduchou popt\u00e1vku nebo zavolejte na\u0161emu makl\u00e9\u0159i a on v\u0161e za\u0159\u00edd\u00ed k Va\u0161\u00ed maxim\u00e1ln\u00ed spokojenosti.<\/p>\n<p><span style=\"color: #ff0000;\"><strong>Kompletn\u00ed nab\u00eddku p\u0159iprav\u00edme do 30ti minut po zasl\u00e1n\u00ed popt\u00e1vky.<\/strong><\/span><\/p>\n<p>Rychl\u00fd popt\u00e1vkov\u00fd formul\u00e1\u0159 najdete na konci textu\u00a0a makl\u00e9\u0159e zodpov\u011bdn\u00e9ho za nemovitosti v prav\u00e9m sloupci.<\/p>\n<p>e-mail:\u00a0<strong><a href=\"mailto:info@prazskekancelare.cz\">info@prazskekancelare.com<\/a><\/strong>\u00a0\/\u00a0telefon: <strong><span style=\"color: #ff0000;\">+420 773 295 925, +420 723 984 360<\/span><\/strong><\/p>\n<p><a href=\"\/\" target=\"_blank\"><img loading=\"lazy\" class=\"alignnone\" src=\"https:\/\/www.prazskekancelare.com\/test\/wp-content\/uploads\/2019\/12\/poptavejte-bez-provize-300x48.png\" alt=\"popt\u00e1vejte kancel\u00e1\u0159 bez provize\" width=\"300\" height=\"48\" \/><\/a><\/p>\n<h2>v\u00edce informac\u00ed:<\/h2>\n","protected":false},"author":1,"featured_media":2275,"comment_status":"closed","ping_status":"closed","template":"","yoast_head":"<!-- This site is optimized with the Yoast SEO plugin v16.4 - https:\/\/yoast.com\/wordpress\/plugins\/seo\/ -->\n<title>PAL\u00c1C AND\u011aL kancel\u00e1\u0159e Praha 5 | 0% Provize | 500 Kancel\u00e1\u0159\u00ed<\/title>\n<meta name=\"description\" content=\"Popt\u00e1vejte kancel\u00e1\u0159e Pal\u00e1c And\u011bl \u2705 Praha 5 | Kancel\u00e1\u0159e k pron\u00e1jmu Pal\u00e1c And\u011bl Business Centrum V\u00ddHODN\u011a \u2705 | Nab\u00eddky kancel\u00e1\u0159\u00ed na m\u00edru do 30 minut.\" \/>\n<meta name=\"robots\" content=\"noindex, follow, max-snippet:-1, max-image-preview:large, max-video-preview:-1\" \/>\n<meta property=\"og:locale\" content=\"cs_CZ\" \/>\n<meta property=\"og:type\" content=\"article\" \/>\n<meta property=\"og:title\" content=\"PAL\u00c1C AND\u011aL kancel\u00e1\u0159e Praha 5 | 0% Provize | 500 Kancel\u00e1\u0159\u00ed\" \/>\n<meta property=\"og:description\" content=\"Popt\u00e1vejte kancel\u00e1\u0159e Pal\u00e1c And\u011bl \u2705 Praha 5 | Kancel\u00e1\u0159e k pron\u00e1jmu Pal\u00e1c And\u011bl Business Centrum V\u00ddHODN\u011a \u2705 | Nab\u00eddky kancel\u00e1\u0159\u00ed na m\u00edru do 30 minut.\" \/>\n<meta property=\"og:url\" content=\"https:\/\/www.prazskekancelare.com\/test\/kancelare-k-pronajmu\/pronajem-kancelari-palac-andel-metro-praha-5\/\" \/>\n<meta property=\"og:site_name\" content=\"TEST - Pron\u00e1jem kancel\u00e1\u0159e Praha\" \/>\n<meta property=\"article:modified_time\" content=\"2019-12-11T14:51:01+00:00\" \/>\n<meta property=\"og:image\" content=\"https:\/\/www.prazskekancelare.com\/test\/wp-content\/uploads\/2018\/04\/hlavnifotkaandelkancelare.jpg\" \/>\n\t<meta property=\"og:image:width\" content=\"928\" \/>\n\t<meta property=\"og:image:height\" content=\"621\" \/>\n<meta name=\"twitter:card\" content=\"summary\" \/>\n<meta name=\"twitter:label1\" content=\"Odhadovan\u00e1 doba \u010dten\u00ed\" \/>\n\t<meta name=\"twitter:data1\" content=\"2 minuty\" \/>\n<script type=\"application\/ld+json\" class=\"yoast-schema-graph\">{\"@context\":\"https:\/\/schema.org\",\"@graph\":[{\"@type\":\"Organization\",\"@id\":\"https:\/\/www.prazskekancelare.com\/test\/#organization\",\"name\":\"Pron\\u00e1jem kancel\\u00e1\\u0159e Praha\",\"url\":\"https:\/\/www.prazskekancelare.com\/test\/\",\"sameAs\":[],\"logo\":{\"@type\":\"ImageObject\",\"@id\":\"https:\/\/www.prazskekancelare.com\/test\/#logo\",\"inLanguage\":\"cs\",\"url\":\"https:\/\/www.prazskekancelare.com\/test\/wp-content\/uploads\/2018\/05\/prazske-kancelare-com-logo.png\",\"contentUrl\":\"https:\/\/www.prazskekancelare.com\/test\/wp-content\/uploads\/2018\/05\/prazske-kancelare-com-logo.png\",\"width\":242,\"height\":59,\"caption\":\"Pron\\u00e1jem kancel\\u00e1\\u0159e Praha\"},\"image\":{\"@id\":\"https:\/\/www.prazskekancelare.com\/test\/#logo\"}},{\"@type\":\"WebSite\",\"@id\":\"https:\/\/www.prazskekancelare.com\/test\/#website\",\"url\":\"https:\/\/www.prazskekancelare.com\/test\/\",\"name\":\"TEST - Pron\\u00e1jem kancel\\u00e1\\u0159e Praha\",\"description\":\"Pron\\u00e1jem kancel\\u00e1\\u0159e Praha a Kancelare Praha\",\"publisher\":{\"@id\":\"https:\/\/www.prazskekancelare.com\/test\/#organization\"},\"potentialAction\":[{\"@type\":\"SearchAction\",\"target\":\"https:\/\/www.prazskekancelare.com\/test\/?s={search_term_string}\",\"query-input\":\"required name=search_term_string\"}],\"inLanguage\":\"cs\"},{\"@type\":\"ImageObject\",\"@id\":\"https:\/\/www.prazskekancelare.com\/test\/kancelare-k-pronajmu\/pronajem-kancelari-palac-andel-metro-praha-5\/#primaryimage\",\"inLanguage\":\"cs\",\"url\":\"https:\/\/www.prazskekancelare.com\/test\/wp-content\/uploads\/2018\/04\/hlavnifotkaandelkancelare.jpg\",\"contentUrl\":\"https:\/\/www.prazskekancelare.com\/test\/wp-content\/uploads\/2018\/04\/hlavnifotkaandelkancelare.jpg\",\"width\":928,\"height\":621,\"caption\":\"kancel\\u00e1\\u0159e k pron\\u00e1jmu na Praze 5\"},{\"@type\":\"WebPage\",\"@id\":\"https:\/\/www.prazskekancelare.com\/test\/kancelare-k-pronajmu\/pronajem-kancelari-palac-andel-metro-praha-5\/#webpage\",\"url\":\"https:\/\/www.prazskekancelare.com\/test\/kancelare-k-pronajmu\/pronajem-kancelari-palac-andel-metro-praha-5\/\",\"name\":\"PAL\\u00c1C AND\\u011aL kancel\\u00e1\\u0159e Praha 5 | 0% Provize | 500 Kancel\\u00e1\\u0159\\u00ed\",\"isPartOf\":{\"@id\":\"https:\/\/www.prazskekancelare.com\/test\/#website\"},\"primaryImageOfPage\":{\"@id\":\"https:\/\/www.prazskekancelare.com\/test\/kancelare-k-pronajmu\/pronajem-kancelari-palac-andel-metro-praha-5\/#primaryimage\"},\"datePublished\":\"2018-04-25T10:54:26+00:00\",\"dateModified\":\"2019-12-11T14:51:01+00:00\",\"description\":\"Popt\\u00e1vejte kancel\\u00e1\\u0159e Pal\\u00e1c And\\u011bl \\u2705 Praha 5 | Kancel\\u00e1\\u0159e k pron\\u00e1jmu Pal\\u00e1c And\\u011bl Business Centrum V\\u00ddHODN\\u011a \\u2705 | Nab\\u00eddky kancel\\u00e1\\u0159\\u00ed na m\\u00edru do 30 minut.\",\"breadcrumb\":{\"@id\":\"https:\/\/www.prazskekancelare.com\/test\/kancelare-k-pronajmu\/pronajem-kancelari-palac-andel-metro-praha-5\/#breadcrumb\"},\"inLanguage\":\"cs\",\"potentialAction\":[{\"@type\":\"ReadAction\",\"target\":[\"https:\/\/www.prazskekancelare.com\/test\/kancelare-k-pronajmu\/pronajem-kancelari-palac-andel-metro-praha-5\/\"]}]},{\"@type\":\"BreadcrumbList\",\"@id\":\"https:\/\/www.prazskekancelare.com\/test\/kancelare-k-pronajmu\/pronajem-kancelari-palac-andel-metro-praha-5\/#breadcrumb\",\"itemListElement\":[{\"@type\":\"ListItem\",\"position\":1,\"item\":{\"@type\":\"WebPage\",\"@id\":\"https:\/\/www.prazskekancelare.com\/test\/\",\"url\":\"https:\/\/www.prazskekancelare.com\/test\/\",\"name\":\"Dom\\u016f\"}},{\"@type\":\"ListItem\",\"position\":2,\"item\":{\"@type\":\"WebPage\",\"@id\":\"https:\/\/www.prazskekancelare.com\/test\/kancelare-k-pronajmu\/\",\"url\":\"https:\/\/www.prazskekancelare.com\/test\/kancelare-k-pronajmu\/\",\"name\":\"Properties\"}},{\"@type\":\"ListItem\",\"position\":3,\"item\":{\"@id\":\"https:\/\/www.prazskekancelare.com\/test\/kancelare-k-pronajmu\/pronajem-kancelari-palac-andel-metro-praha-5\/#webpage\"}}]}]}<\/script>\n<!-- \/ Yoast SEO plugin. -->","cmb2":{"property_general":{"property_id":"ANO","property_year_built":"","property_address":"Plze\u0148sk\u00e1 5,\r\n150 00 Praha 5\r\n","property_zip":"","property_contract":"","property_gallery":"","property_plans":"","property_video":"","property_parent_property":""},"property_flags":{"property_featured":"","property_sticky":"","property_reduced":"","property_sold":""},"property_contact":{"property_contact_name":"","property_contact_phone":""},"property_pricing":{"property_price":"290","property_price_prefix":"od","property_price_suffix":"K\u010d\/m2","property_price_custom":""},"property_attributes":{"property_rooms":"NE","property_beds":"6","property_baths":"NE","property_garages":"NE \/ \u010d\u00e1ste\u010dn\u011b","property_home_area":"","property_lot_dimensions":"","property_lot_area":"100 m2 - 5000 m2"},"property_valuation":{"property_valuation_group":""},"property_public_facilities":{"property_public_facilities_group":""},"property_map_location":{"property_map_location":{"latitude":"50.07180179999999","longitude":"14.402093499999978"}},"property_relations":{"property_agents":["260"]}},"_links":{"self":[{"href":"https:\/\/www.prazskekancelare.com\/test\/wp-json\/wp\/v2\/property\/2286"}],"collection":[{"href":"https:\/\/www.prazskekancelare.com\/test\/wp-json\/wp\/v2\/property"}],"about":[{"href":"https:\/\/www.prazskekancelare.com\/test\/wp-json\/wp\/v2\/types\/property"}],"author":[{"embeddable":true,"href":"https:\/\/www.prazskekancelare.com\/test\/wp-json\/wp\/v2\/users\/1"}],"replies":[{"embeddable":true,"href":"https:\/\/www.prazskekancelare.com\/test\/wp-json\/wp\/v2\/comments?post=2286"}],"wp:featuredmedia":[{"embeddable":true,"href":"https:\/\/www.prazskekancelare.com\/test\/wp-json\/wp\/v2\/media\/2275"}],"wp:attachment":[{"href":"https:\/\/www.prazskekancelare.com\/test\/wp-json\/wp\/v2\/media?parent=2286"}],"curies":[{"name":"wp","href":"https:\/\/api.w.org\/{rel}","templated":true}]}}