{"id":2269,"date":"2018-03-22T13:23:04","date_gmt":"2018-03-22T12:23:04","guid":{"rendered":"https:\/\/www.prazskekancelare.com\/test\/?post_type=property&#038;p=2269"},"modified":"2019-12-30T09:19:41","modified_gmt":"2019-12-30T08:19:41","slug":"pronajem-kancelari-praha-6-argo-evropska-dejvice","status":"publish","type":"property","link":"https:\/\/www.prazskekancelare.com\/test\/kancelare-k-pronajmu\/pronajem-kancelari-praha-6-argo-evropska-dejvice\/","title":{"rendered":"Kancel\u00e1\u0159e ARGO ALPHA Evropsk\u00e1 Praha 6 <span style=\"color: #ff0000;\">TIP<\/span>"},"content":{"rendered":"\n\t<ul id=\"slideshowgallery101959\" class=\"slideshowgallery101959\" style=\"display:none;\">\n\t\t\t\t\t<!-- From all slides or gallery slides -->\n\t\t\t\t\t\t\t<li>\n\t\t\t\t\t<h3 style=\"opacity:70;\">pronajemkancelaripraha6<\/h3>\n\t\t\t\t\t\t\t\t\t\t\t<span data-alt=\"pronajemkancelaripraha6\">https:\/\/www.prazskekancelare.com\/test\/wp-content\/uploads\/2018\/03\/pronajemkancelaripraha6.jpg<\/span>\n\t\t\t\t\t\t\t\t\t\t<p><\/p>\n\t\t\t\t\t\t\t\t\t\t\t\t\t\t\t\t\t\t<a><img class=\"skip-lazy\" src=\"https:\/\/www.prazskekancelare.com\/test\/wp-content\/uploads\/2018\/03\/pronajemkancelaripraha6-400x300.jpg\" alt=\"pronajemkancelaripraha6\" \/><\/a>\n\t\t\t\t\t\t\t\t\t\t\t\t\t\t\t<\/li>\n\t\t\t\t\t\t\t<li>\n\t\t\t\t\t<h3 style=\"opacity:70;\">pronajemkancelaridejvice<\/h3>\n\t\t\t\t\t\t\t\t\t\t\t<span data-alt=\"pronajemkancelaridejvice\">https:\/\/www.prazskekancelare.com\/test\/wp-content\/uploads\/2018\/03\/pronajemkancelaridejvice.jpg<\/span>\n\t\t\t\t\t\t\t\t\t\t<p><\/p>\n\t\t\t\t\t\t\t\t\t\t\t\t\t\t\t\t\t\t<a><img class=\"skip-lazy\" src=\"https:\/\/www.prazskekancelare.com\/test\/wp-content\/uploads\/2018\/03\/pronajemkancelaridejvice-400x300.jpg\" alt=\"pronajemkancelaridejvice\" \/><\/a>\n\t\t\t\t\t\t\t\t\t\t\t\t\t\t\t<\/li>\n\t\t\t\t\t\t\t<li>\n\t\t\t\t\t<h3 style=\"opacity:70;\">pronajemkancelareevropska<\/h3>\n\t\t\t\t\t\t\t\t\t\t\t<span data-alt=\"pronajemkancelareevropska\">https:\/\/www.prazskekancelare.com\/test\/wp-content\/uploads\/2018\/03\/pronajemkancelareevropska.jpg<\/span>\n\t\t\t\t\t\t\t\t\t\t<p><\/p>\n\t\t\t\t\t\t\t\t\t\t\t\t\t\t\t\t\t\t<a><img class=\"skip-lazy\" src=\"https:\/\/www.prazskekancelare.com\/test\/wp-content\/uploads\/2018\/03\/pronajemkancelareevropska-400x300.jpg\" alt=\"pronajemkancelareevropska\" \/><\/a>\n\t\t\t\t\t\t\t\t\t\t\t\t\t\t\t<\/li>\n\t\t\t\t\t\t\t<li>\n\t\t\t\t\t<h3 style=\"opacity:70;\">kancelarepraha6pronajem<\/h3>\n\t\t\t\t\t\t\t\t\t\t\t<span data-alt=\"kancelarepraha6pronajem\">https:\/\/www.prazskekancelare.com\/test\/wp-content\/uploads\/2018\/03\/kancelarepraha6pronajem.jpg<\/span>\n\t\t\t\t\t\t\t\t\t\t<p><\/p>\n\t\t\t\t\t\t\t\t\t\t\t\t\t\t\t\t\t\t<a><img class=\"skip-lazy\" src=\"https:\/\/www.prazskekancelare.com\/test\/wp-content\/uploads\/2018\/03\/kancelarepraha6pronajem-400x300.jpg\" alt=\"kancelarepraha6pronajem\" \/><\/a>\n\t\t\t\t\t\t\t\t\t\t\t\t\t\t\t<\/li>\n\t\t\t\t\t\t\t<li>\n\t\t\t\t\t<h3 style=\"opacity:70;\">kancelarepraha6<\/h3>\n\t\t\t\t\t\t\t\t\t\t\t<span data-alt=\"kancelarepraha6\">https:\/\/www.prazskekancelare.com\/test\/wp-content\/uploads\/2018\/03\/kancelarepraha6.jpg<\/span>\n\t\t\t\t\t\t\t\t\t\t<p><\/p>\n\t\t\t\t\t\t\t\t\t\t\t\t\t\t\t\t\t\t<a><img class=\"skip-lazy\" src=\"https:\/\/www.prazskekancelare.com\/test\/wp-content\/uploads\/2018\/03\/kancelarepraha6-400x300.jpg\" alt=\"kancelarepraha6\" \/><\/a>\n\t\t\t\t\t\t\t\t\t\t\t\t\t\t\t<\/li>\n\t\t\t\t\t\t\t<li>\n\t\t\t\t\t<h3 style=\"opacity:70;\">kancelarenapronajempraha6<\/h3>\n\t\t\t\t\t\t\t\t\t\t\t<span data-alt=\"kancelarenapronajempraha6\">https:\/\/www.prazskekancelare.com\/test\/wp-content\/uploads\/2018\/03\/kancelarenapronajempraha6.jpg<\/span>\n\t\t\t\t\t\t\t\t\t\t<p><\/p>\n\t\t\t\t\t\t\t\t\t\t\t\t\t\t\t\t\t\t<a><img class=\"skip-lazy\" src=\"https:\/\/www.prazskekancelare.com\/test\/wp-content\/uploads\/2018\/03\/kancelarenapronajempraha6-400x300.jpg\" alt=\"kancelarenapronajempraha6\" \/><\/a>\n\t\t\t\t\t\t\t\t\t\t\t\t\t\t\t<\/li>\n\t\t\t\t\t\t\t<li>\n\t\t\t\t\t<h3 style=\"opacity:70;\">kancelarenapraze6<\/h3>\n\t\t\t\t\t\t\t\t\t\t\t<span data-alt=\"kancelarenapraze6\">https:\/\/www.prazskekancelare.com\/test\/wp-content\/uploads\/2018\/03\/kancelarenapraze6.jpg<\/span>\n\t\t\t\t\t\t\t\t\t\t<p><\/p>\n\t\t\t\t\t\t\t\t\t\t\t\t\t\t\t\t\t\t<a><img class=\"skip-lazy\" src=\"https:\/\/www.prazskekancelare.com\/test\/wp-content\/uploads\/2018\/03\/kancelarenapraze6-400x300.jpg\" alt=\"kancelarenapraze6\" \/><\/a>\n\t\t\t\t\t\t\t\t\t\t\t\t\t\t\t<\/li>\n\t\t\t\t\t\t\t<li>\n\t\t\t\t\t<h3 style=\"opacity:70;\">kancelarekpronajmupraha6<\/h3>\n\t\t\t\t\t\t\t\t\t\t\t<span data-alt=\"kancelarekpronajmupraha6\">https:\/\/www.prazskekancelare.com\/test\/wp-content\/uploads\/2018\/03\/kancelarekpronajmupraha6.jpg<\/span>\n\t\t\t\t\t\t\t\t\t\t<p><\/p>\n\t\t\t\t\t\t\t\t\t\t\t\t\t\t\t\t\t\t<a><img class=\"skip-lazy\" src=\"https:\/\/www.prazskekancelare.com\/test\/wp-content\/uploads\/2018\/03\/kancelarekpronajmupraha6-400x300.jpg\" alt=\"kancelarekpronajmupraha6\" \/><\/a>\n\t\t\t\t\t\t\t\t\t\t\t\t\t\t\t<\/li>\n\t\t\t\t\t\t<\/ul>\n\n\t\t<div id=\"slideshow-wrappergallery101959\" class=\"slideshow-wrapper\" style=\"--slideshow-width:988px\">\n\t\t\n\t\t<div class=\"slideshow-fullsize\" id=\"fullsizegallery101959\">\n\t\t\t\t\t\t\t\t\t\t\t\t\t\t<div id=\"imgprevgallery101959\" class=\"slideshow-imgprev imgnav\" title=\"Previous Image\">Previous Image<\/div>\n\t\t\t\t\t\t<a id=\"imglinkgallery101959\" class=\"slideshow-imglink imglink\">\n\t\t\t\t<!-- link -->\n\t\t\t<\/a>\n\t\t\t\t\t\t\t\t\t\t\t<div id=\"imgnextgallery101959\" class=\"slideshow-imgnext imgnav\" title=\"Next Image\">Next Image<\/div>\n\t\t\t\t\t\t<div id=\"imagegallery101959\" class=\"slideshow-image\"><\/div>\n\t\t\t<div class=\"slideshow-information infobottom\" id=\"informationgallery101959\">\n\t\t\t\t<h3 class=\"slideshow-info-heading\">info heading<\/h3>\n\t\t\t\t<p class=\"slideshow-info-content\">info content<\/p>\n\t\t\t<\/div>\n\t\t<\/div>\n\n\t\t\t\t\t<div id=\"thumbnailsgallery101959\" class=\"slideshow-thumbnails thumbsbot\">\n\t\t\t\t<div class=\"slideshow-slideleft\" id=\"slideleftgallery101959\" title=\"Slide Left\"><\/div>\n\t\t\t\t<div class=\"slideshow-slidearea\" id=\"slideareagallery101959\">\n\t\t\t\t\t<div class=\"slideshow-slider\" id=\"slidergallery101959\"><\/div>\n\t\t\t\t<\/div>\n\t\t\t\t<div class=\"slideshow-slideright\" id=\"sliderightgallery101959\" title=\"Slide Right\"><\/div>\n\t\t\t\t<br style=\"clear:both; visibility:hidden; height:1px;\" \/>\n\t\t\t<\/div>\n\t\t\t<\/div>\n\n\t\n<p>&nbsp;<\/p>\n<p>P\u0159edstavujeme <strong>kancel\u00e1\u0159e\u00a0ARGO ALPHA\u00a0\u2705<\/strong> velmi obl\u00edben\u00fd pron\u00e1jem na Praze 6 v Evropsk\u00e9 ulici. Kancel\u00e1\u0159e k pron\u00e1jmu v budov\u011b Argo v pra\u017esk\u00fdch Vokovic\u00edch maj\u00ed hned n\u011bkolik v\u00fdhod. Hlavn\u00ed z nich je skv\u011bl\u00e1 dostupnost, v\u00fdborn\u00e1 cena a bl\u00edzkost k pra\u017esk\u00e9mu leti\u0161ti a v\u00fdpadovk\u00e1m na Plze\u0148, Karlovy Vary a Chomutov (D5 a R7).<\/p>\n<h2>\u00a0Argo Alpha Kancel\u00e1\u0159e &#8211; dostupnost, lokalita<\/h2>\n<p>Krom\u011b nedalek\u00e9 stanice metra Dejvick\u00e1, zaji\u0161\u0165uj\u00ed skv\u011blou dostupnost tramvajov\u00e9 spoje (zast\u00e1vka je p\u0159\u00edmo p\u0159ed budovou) a v\u00fdborn\u00e9 napojen\u00ed na d\u00e1lnice na z\u00e1padn\u00ed \u010d\u00e1sti Prahy.<br \/>\nV podzem\u00ed budovy jsou parkovac\u00ed st\u00e1n\u00ed a ob\u010dansko-obchodn\u00ed vybavenost lokality zaji\u0161\u0165uje nedalek\u00e9 obchodn\u00ed centrum \u0160estka.<br \/>\nNedaleko budovy se nach\u00e1z\u00ed p\u0159\u00edrodn\u00ed rezervace \u0160\u00e1rka, do kter\u00e9 je opravdu skv\u011bl\u00fd v\u00fdhled ze v\u0161ech pater <strong>kancel\u00e1\u0159sk\u00e9 budovy Argo Alpha<\/strong>.<\/p>\n<h2>Kancel\u00e1\u0159e Argo Evropsk\u00e1 ulice &#8211; prostory<\/h2>\n<p><strong>Argo Alpha<\/strong> nab\u00edz\u00ed cca 11.000 m2 nejmodern\u011bj\u0161\u00edch prostor k pron\u00e1jmu. Samoz\u0159ejmost\u00ed jsou modern\u00ed rozvody a ve\u0161ker\u00e1 vybavenost nov\u00fdch kancel\u00e1\u0159sk\u00fdch center. N\u00e1jemc\u016fm jsou k dispozici efektivn\u011b \u0159e\u0161en\u00e9 a rozd\u011blen\u00e9 kancel\u00e1\u0159sk\u00e9 celky, kter\u00e9 lze dle libosti z\u00e1jemc\u016f d\u00e1le upravovat a dovybavovat.<br \/>\nModern\u00ed a funk\u010dn\u00ed design cel\u00e9 kancel\u00e1\u0159sk\u00e9 budovy je vhodn\u00fd pro spole\u010dnosti, kter\u00e9 vyhled\u00e1vaj\u00ed inspirativn\u00ed prost\u0159ed\u00ed pro sv\u016fj business.<br \/>\nPopt\u00e1vejte prostory od 150m do 3.000m, r\u00e1di V\u00e1s vezmeme na prohl\u00eddku.<br \/>\n<span style=\"color: #ff0000;\">Argo up\u0159\u00edmn\u011b doporu\u010dujeme!<\/span><\/p>\n<h2>Pron\u00e1jem kancel\u00e1\u0159\u00ed Argo Alpha Dejvice &#8211; jak poptat?<\/h2>\n<p>Pros\u00edme o vypln\u011bn\u00ed popt\u00e1vkov\u00e9ho formul\u00e1\u0159e nebo zasl\u00e1n\u00ed emailu. Jsme V\u00e1m k dispozici nonstop a na\u0161e slu\u017eby jsou zdarma, bez jak\u00e9koli provize.<\/p>\n<p>Rychl\u00fd popt\u00e1vkov\u00fd formul\u00e1\u0159 najdete na konci textu\u00a0a makl\u00e9\u0159e zodpov\u011bdn\u00e9ho za nemovitosti v prav\u00e9m sloupci.<br \/>\ne-mail:\u00a0<strong><a href=\"mailto:info@prazskekancelare.cz\">info@prazskekancelare.com<\/a><\/strong>\u00a0\/\u00a0telefon: <strong><span style=\"color: #ff0000;\">+420 773 295 925, +420 723 984 360.\u00a0<\/span><\/strong><\/p>\n<p><a href=\"\/poptavka-po-kancelarich-k-pronajmu\/\" target=\"_blank\"><img loading=\"lazy\" class=\"alignnone wp-image-3618 size-medium\" src=\"https:\/\/www.prazskekancelare.com\/test\/wp-content\/uploads\/2019\/12\/nabidky-do-30-minut-300x46.png\" alt=\"Nab\u00eddky kancel\u00e1\u0159\u00ed do 30 minut\" width=\"300\" height=\"46\" srcset=\"https:\/\/www.prazskekancelare.com\/test\/wp-content\/uploads\/2019\/12\/nabidky-do-30-minut-300x46.png 300w, https:\/\/www.prazskekancelare.com\/test\/wp-content\/uploads\/2019\/12\/nabidky-do-30-minut-1024x156.png 1024w\" sizes=\"(max-width: 300px) 100vw, 300px\" \/><\/a><\/p>\n<h2>V\u00edce informac\u00ed o Argo Alpha:<\/h2>\n","protected":false},"author":1,"featured_media":2262,"comment_status":"closed","ping_status":"closed","template":"","yoast_head":"<!-- This site is optimized with the Yoast SEO plugin v16.4 - https:\/\/yoast.com\/wordpress\/plugins\/seo\/ -->\n<title>ARGO ALPHA kancel\u00e1\u0159e \u00ae Praha 6 | 0% Provize | 600 Kancel\u00e1\u0159\u00ed<\/title>\n<meta name=\"description\" content=\"Popt\u00e1vejte pron\u00e1jem kancel\u00e1\u0159e Argo Alpha \u2705 Praha 6 | Argo Alpha kancel\u00e1\u0159e a dal\u0161\u00edch 600 kancel\u00e1\u0159\u00ed v Praze \u2705| Nab\u00eddky kancel\u00e1\u0159\u00ed na m\u00edru do 30 minut.\" \/>\n<meta name=\"robots\" content=\"noindex, follow, max-snippet:-1, max-image-preview:large, max-video-preview:-1\" \/>\n<meta property=\"og:locale\" content=\"cs_CZ\" \/>\n<meta property=\"og:type\" content=\"article\" \/>\n<meta property=\"og:title\" content=\"ARGO ALPHA kancel\u00e1\u0159e \u00ae Praha 6 | 0% Provize | 600 Kancel\u00e1\u0159\u00ed\" \/>\n<meta property=\"og:description\" content=\"Popt\u00e1vejte pron\u00e1jem kancel\u00e1\u0159e Argo Alpha \u2705 Praha 6 | Argo Alpha kancel\u00e1\u0159e a dal\u0161\u00edch 600 kancel\u00e1\u0159\u00ed v Praze \u2705| Nab\u00eddky kancel\u00e1\u0159\u00ed na m\u00edru do 30 minut.\" \/>\n<meta property=\"og:url\" content=\"https:\/\/www.prazskekancelare.com\/test\/kancelare-k-pronajmu\/pronajem-kancelari-praha-6-argo-evropska-dejvice\/\" \/>\n<meta property=\"og:site_name\" content=\"TEST - Pron\u00e1jem kancel\u00e1\u0159e Praha\" \/>\n<meta property=\"article:modified_time\" content=\"2019-12-30T08:19:41+00:00\" \/>\n<meta property=\"og:image\" content=\"https:\/\/www.prazskekancelare.com\/test\/wp-content\/uploads\/2018\/03\/kancelarenapraze6.jpg\" \/>\n\t<meta property=\"og:image:width\" content=\"1010\" \/>\n\t<meta property=\"og:image:height\" content=\"672\" \/>\n<meta name=\"twitter:card\" content=\"summary\" \/>\n<meta name=\"twitter:label1\" content=\"Odhadovan\u00e1 doba \u010dten\u00ed\" \/>\n\t<meta name=\"twitter:data1\" content=\"2 minuty\" \/>\n<script type=\"application\/ld+json\" class=\"yoast-schema-graph\">{\"@context\":\"https:\/\/schema.org\",\"@graph\":[{\"@type\":\"Organization\",\"@id\":\"https:\/\/www.prazskekancelare.com\/test\/#organization\",\"name\":\"Pron\\u00e1jem kancel\\u00e1\\u0159e Praha\",\"url\":\"https:\/\/www.prazskekancelare.com\/test\/\",\"sameAs\":[],\"logo\":{\"@type\":\"ImageObject\",\"@id\":\"https:\/\/www.prazskekancelare.com\/test\/#logo\",\"inLanguage\":\"cs\",\"url\":\"https:\/\/www.prazskekancelare.com\/test\/wp-content\/uploads\/2018\/05\/prazske-kancelare-com-logo.png\",\"contentUrl\":\"https:\/\/www.prazskekancelare.com\/test\/wp-content\/uploads\/2018\/05\/prazske-kancelare-com-logo.png\",\"width\":242,\"height\":59,\"caption\":\"Pron\\u00e1jem kancel\\u00e1\\u0159e Praha\"},\"image\":{\"@id\":\"https:\/\/www.prazskekancelare.com\/test\/#logo\"}},{\"@type\":\"WebSite\",\"@id\":\"https:\/\/www.prazskekancelare.com\/test\/#website\",\"url\":\"https:\/\/www.prazskekancelare.com\/test\/\",\"name\":\"TEST - Pron\\u00e1jem kancel\\u00e1\\u0159e Praha\",\"description\":\"Pron\\u00e1jem kancel\\u00e1\\u0159e Praha a Kancelare Praha\",\"publisher\":{\"@id\":\"https:\/\/www.prazskekancelare.com\/test\/#organization\"},\"potentialAction\":[{\"@type\":\"SearchAction\",\"target\":\"https:\/\/www.prazskekancelare.com\/test\/?s={search_term_string}\",\"query-input\":\"required name=search_term_string\"}],\"inLanguage\":\"cs\"},{\"@type\":\"ImageObject\",\"@id\":\"https:\/\/www.prazskekancelare.com\/test\/kancelare-k-pronajmu\/pronajem-kancelari-praha-6-argo-evropska-dejvice\/#primaryimage\",\"inLanguage\":\"cs\",\"url\":\"https:\/\/www.prazskekancelare.com\/test\/wp-content\/uploads\/2018\/03\/kancelarenapraze6.jpg\",\"contentUrl\":\"https:\/\/www.prazskekancelare.com\/test\/wp-content\/uploads\/2018\/03\/kancelarenapraze6.jpg\",\"width\":1010,\"height\":672,\"caption\":\"kancel\\u00e1\\u0159e k pron\\u00e1jmu Praha 6\"},{\"@type\":\"WebPage\",\"@id\":\"https:\/\/www.prazskekancelare.com\/test\/kancelare-k-pronajmu\/pronajem-kancelari-praha-6-argo-evropska-dejvice\/#webpage\",\"url\":\"https:\/\/www.prazskekancelare.com\/test\/kancelare-k-pronajmu\/pronajem-kancelari-praha-6-argo-evropska-dejvice\/\",\"name\":\"ARGO ALPHA kancel\\u00e1\\u0159e \\u00ae Praha 6 | 0% Provize | 600 Kancel\\u00e1\\u0159\\u00ed\",\"isPartOf\":{\"@id\":\"https:\/\/www.prazskekancelare.com\/test\/#website\"},\"primaryImageOfPage\":{\"@id\":\"https:\/\/www.prazskekancelare.com\/test\/kancelare-k-pronajmu\/pronajem-kancelari-praha-6-argo-evropska-dejvice\/#primaryimage\"},\"datePublished\":\"2018-03-22T12:23:04+00:00\",\"dateModified\":\"2019-12-30T08:19:41+00:00\",\"description\":\"Popt\\u00e1vejte pron\\u00e1jem kancel\\u00e1\\u0159e Argo Alpha \\u2705 Praha 6 | Argo Alpha kancel\\u00e1\\u0159e a dal\\u0161\\u00edch 600 kancel\\u00e1\\u0159\\u00ed v Praze \\u2705| Nab\\u00eddky kancel\\u00e1\\u0159\\u00ed na m\\u00edru do 30 minut.\",\"breadcrumb\":{\"@id\":\"https:\/\/www.prazskekancelare.com\/test\/kancelare-k-pronajmu\/pronajem-kancelari-praha-6-argo-evropska-dejvice\/#breadcrumb\"},\"inLanguage\":\"cs\",\"potentialAction\":[{\"@type\":\"ReadAction\",\"target\":[\"https:\/\/www.prazskekancelare.com\/test\/kancelare-k-pronajmu\/pronajem-kancelari-praha-6-argo-evropska-dejvice\/\"]}]},{\"@type\":\"BreadcrumbList\",\"@id\":\"https:\/\/www.prazskekancelare.com\/test\/kancelare-k-pronajmu\/pronajem-kancelari-praha-6-argo-evropska-dejvice\/#breadcrumb\",\"itemListElement\":[{\"@type\":\"ListItem\",\"position\":1,\"item\":{\"@type\":\"WebPage\",\"@id\":\"https:\/\/www.prazskekancelare.com\/test\/\",\"url\":\"https:\/\/www.prazskekancelare.com\/test\/\",\"name\":\"Dom\\u016f\"}},{\"@type\":\"ListItem\",\"position\":2,\"item\":{\"@type\":\"WebPage\",\"@id\":\"https:\/\/www.prazskekancelare.com\/test\/kancelare-k-pronajmu\/\",\"url\":\"https:\/\/www.prazskekancelare.com\/test\/kancelare-k-pronajmu\/\",\"name\":\"Properties\"}},{\"@type\":\"ListItem\",\"position\":3,\"item\":{\"@id\":\"https:\/\/www.prazskekancelare.com\/test\/kancelare-k-pronajmu\/pronajem-kancelari-praha-6-argo-evropska-dejvice\/#webpage\"}}]}]}<\/script>\n<!-- \/ Yoast SEO plugin. -->","cmb2":{"property_general":{"property_id":"ANO","property_year_built":"","property_address":"Evropsk\u00e1 846\/176a,\r\nPraha 6\r\n","property_zip":"","property_contract":"","property_gallery":"","property_plans":"","property_video":"","property_parent_property":""},"property_flags":{"property_featured":"","property_sticky":"","property_reduced":"","property_sold":""},"property_contact":{"property_contact_name":"","property_contact_phone":""},"property_pricing":{"property_price":"250","property_price_prefix":"od","property_price_suffix":"K\u010d\/m2","property_price_custom":""},"property_attributes":{"property_rooms":"NE","property_beds":"5","property_baths":"NE","property_garages":"NE \/ \u010d\u00e1ste\u010dn\u011b","property_home_area":"","property_lot_dimensions":"","property_lot_area":"100 m2 - 3.000 m2"},"property_valuation":{"property_valuation_group":""},"property_public_facilities":{"property_public_facilities_group":""},"property_map_location":{"property_map_location":{"latitude":"50.09503369999999","longitude":"14.340324399999986"}},"property_relations":{"property_agents":["260"]}},"_links":{"self":[{"href":"https:\/\/www.prazskekancelare.com\/test\/wp-json\/wp\/v2\/property\/2269"}],"collection":[{"href":"https:\/\/www.prazskekancelare.com\/test\/wp-json\/wp\/v2\/property"}],"about":[{"href":"https:\/\/www.prazskekancelare.com\/test\/wp-json\/wp\/v2\/types\/property"}],"author":[{"embeddable":true,"href":"https:\/\/www.prazskekancelare.com\/test\/wp-json\/wp\/v2\/users\/1"}],"replies":[{"embeddable":true,"href":"https:\/\/www.prazskekancelare.com\/test\/wp-json\/wp\/v2\/comments?post=2269"}],"wp:featuredmedia":[{"embeddable":true,"href":"https:\/\/www.prazskekancelare.com\/test\/wp-json\/wp\/v2\/media\/2262"}],"wp:attachment":[{"href":"https:\/\/www.prazskekancelare.com\/test\/wp-json\/wp\/v2\/media?parent=2269"}],"curies":[{"name":"wp","href":"https:\/\/api.w.org\/{rel}","templated":true}]}}