{"id":2259,"date":"2015-10-18T16:17:50","date_gmt":"2015-10-18T14:17:50","guid":{"rendered":"https:\/\/www.prazskekancelare.com\/test\/?post_type=property&#038;p=2259"},"modified":"2019-03-23T10:25:52","modified_gmt":"2019-03-23T09:25:52","slug":"pronajem-kancelari-radlicka-praha-5","status":"publish","type":"property","link":"https:\/\/www.prazskekancelare.com\/test\/kancelare-k-pronajmu\/pronajem-kancelari-radlicka-praha-5\/","title":{"rendered":"Kancel\u00e1\u0159e RADLICK\u00c1, Sm\u00edchov Praha 5"},"content":{"rendered":"<p>\n\t<ul id=\"slideshowgallery100739\" class=\"slideshowgallery100739\" style=\"display:none;\">\n\t\t\t\t\t<!-- From all slides or gallery slides -->\n\t\t\t\t\t\t\t<li>\n\t\t\t\t\t<h3 style=\"opacity:70;\">radlickapraha5kancelarepronajem<\/h3>\n\t\t\t\t\t\t\t\t\t\t\t<span data-alt=\"radlickapraha5kancelarepronajem\">https:\/\/www.prazskekancelare.com\/test\/wp-content\/uploads\/2018\/03\/radlickapraha5kancelarepronajem.jpg<\/span>\n\t\t\t\t\t\t\t\t\t\t<p><\/p>\n\t\t\t\t\t\t\t\t\t\t\t\t\t\t\t\t\t\t<a><img class=\"skip-lazy\" src=\"https:\/\/www.prazskekancelare.com\/test\/wp-content\/uploads\/2018\/03\/radlickapraha5kancelarepronajem-300x225.jpg\" alt=\"radlickapraha5kancelarepronajem\" \/><\/a>\n\t\t\t\t\t\t\t\t\t\t\t\t\t\t\t<\/li>\n\t\t\t\t\t\t\t<li>\n\t\t\t\t\t<h3 style=\"opacity:70;\">kancelarenapraze5<\/h3>\n\t\t\t\t\t\t\t\t\t\t\t<span data-alt=\"kancelarenapraze5\">https:\/\/www.prazskekancelare.com\/test\/wp-content\/uploads\/2018\/03\/kancelarenapraze5.jpg<\/span>\n\t\t\t\t\t\t\t\t\t\t<p><\/p>\n\t\t\t\t\t\t\t\t\t\t\t\t\t\t\t\t\t\t<a><img class=\"skip-lazy\" src=\"https:\/\/www.prazskekancelare.com\/test\/wp-content\/uploads\/2018\/03\/kancelarenapraze5-400x300.jpg\" alt=\"kancelarenapraze5\" \/><\/a>\n\t\t\t\t\t\t\t\t\t\t\t\t\t\t\t<\/li>\n\t\t\t\t\t\t\t<li>\n\t\t\t\t\t<h3 style=\"opacity:70;\">kancelarenapronajemradlicka<\/h3>\n\t\t\t\t\t\t\t\t\t\t\t<span data-alt=\"kancelarenapronajemradlicka\">https:\/\/www.prazskekancelare.com\/test\/wp-content\/uploads\/2018\/03\/kancelarenapronajemradlicka.jpg<\/span>\n\t\t\t\t\t\t\t\t\t\t<p><\/p>\n\t\t\t\t\t\t\t\t\t\t\t\t\t\t\t\t\t\t<a><img class=\"skip-lazy\" src=\"https:\/\/www.prazskekancelare.com\/test\/wp-content\/uploads\/2018\/03\/kancelarenapronajemradlicka-300x225.jpg\" alt=\"kancelarenapronajemradlicka\" \/><\/a>\n\t\t\t\t\t\t\t\t\t\t\t\t\t\t\t<\/li>\n\t\t\t\t\t\t\t<li>\n\t\t\t\t\t<h3 style=\"opacity:70;\">levnekancelarepraha5<\/h3>\n\t\t\t\t\t\t\t\t\t\t\t<span data-alt=\"levnekancelarepraha5\">https:\/\/www.prazskekancelare.com\/test\/wp-content\/uploads\/2018\/03\/levnekancelarepraha5.jpg<\/span>\n\t\t\t\t\t\t\t\t\t\t<p><\/p>\n\t\t\t\t\t\t\t\t\t\t\t\t\t\t\t\t\t\t<a><img class=\"skip-lazy\" src=\"https:\/\/www.prazskekancelare.com\/test\/wp-content\/uploads\/2018\/03\/levnekancelarepraha5-400x300.jpg\" alt=\"levnekancelarepraha5\" \/><\/a>\n\t\t\t\t\t\t\t\t\t\t\t\t\t\t\t<\/li>\n\t\t\t\t\t\t\t<li>\n\t\t\t\t\t<h3 style=\"opacity:70;\">pronajemkancelarepraha5<\/h3>\n\t\t\t\t\t\t\t\t\t\t\t<span data-alt=\"pronajemkancelarepraha5\">https:\/\/www.prazskekancelare.com\/test\/wp-content\/uploads\/2018\/03\/pronajemkancelarepraha5.jpg<\/span>\n\t\t\t\t\t\t\t\t\t\t<p><\/p>\n\t\t\t\t\t\t\t\t\t\t\t\t\t\t\t\t\t\t<a><img class=\"skip-lazy\" src=\"https:\/\/www.prazskekancelare.com\/test\/wp-content\/uploads\/2018\/03\/pronajemkancelarepraha5-300x225.jpg\" alt=\"pronajemkancelarepraha5\" \/><\/a>\n\t\t\t\t\t\t\t\t\t\t\t\t\t\t\t<\/li>\n\t\t\t\t\t\t\t<li>\n\t\t\t\t\t<h3 style=\"opacity:70;\">pronajemkancelaripraha5<\/h3>\n\t\t\t\t\t\t\t\t\t\t\t<span data-alt=\"pronajemkancelaripraha5\">https:\/\/www.prazskekancelare.com\/test\/wp-content\/uploads\/2018\/03\/pronajemkancelaripraha51.jpg<\/span>\n\t\t\t\t\t\t\t\t\t\t<p><\/p>\n\t\t\t\t\t\t\t\t\t\t\t\t\t\t\t\t\t\t<a><img class=\"skip-lazy\" src=\"https:\/\/www.prazskekancelare.com\/test\/wp-content\/uploads\/2018\/03\/pronajemkancelaripraha51-300x225.jpg\" alt=\"pronajemkancelaripraha5\" \/><\/a>\n\t\t\t\t\t\t\t\t\t\t\t\t\t\t\t<\/li>\n\t\t\t\t\t\t\t<li>\n\t\t\t\t\t<h3 style=\"opacity:70;\">pronajemkancelariradlicka<\/h3>\n\t\t\t\t\t\t\t\t\t\t\t<span data-alt=\"pronajemkancelariradlicka\">https:\/\/www.prazskekancelare.com\/test\/wp-content\/uploads\/2018\/03\/pronajemkancelariradlicka.jpg<\/span>\n\t\t\t\t\t\t\t\t\t\t<p><\/p>\n\t\t\t\t\t\t\t\t\t\t\t\t\t\t\t\t\t\t<a><img class=\"skip-lazy\" src=\"https:\/\/www.prazskekancelare.com\/test\/wp-content\/uploads\/2018\/03\/pronajemkancelariradlicka-400x300.jpg\" alt=\"pronajemkancelariradlicka\" \/><\/a>\n\t\t\t\t\t\t\t\t\t\t\t\t\t\t\t<\/li>\n\t\t\t\t\t\t\t<li>\n\t\t\t\t\t<h3 style=\"opacity:70;\">radlickakancelarekpronajmu<\/h3>\n\t\t\t\t\t\t\t\t\t\t\t<span data-alt=\"radlickakancelarekpronajmu\">https:\/\/www.prazskekancelare.com\/test\/wp-content\/uploads\/2018\/03\/radlickakancelarekpronajmu.jpg<\/span>\n\t\t\t\t\t\t\t\t\t\t<p><\/p>\n\t\t\t\t\t\t\t\t\t\t\t\t\t\t\t\t\t\t<a><img class=\"skip-lazy\" src=\"https:\/\/www.prazskekancelare.com\/test\/wp-content\/uploads\/2018\/03\/radlickakancelarekpronajmu-400x300.jpg\" alt=\"radlickakancelarekpronajmu\" \/><\/a>\n\t\t\t\t\t\t\t\t\t\t\t\t\t\t\t<\/li>\n\t\t\t\t\t\t\t<li>\n\t\t\t\t\t<h3 style=\"opacity:70;\">radlickakancelarenapronajem<\/h3>\n\t\t\t\t\t\t\t\t\t\t\t<span data-alt=\"radlickakancelarenapronajem\">https:\/\/www.prazskekancelare.com\/test\/wp-content\/uploads\/2018\/03\/radlickakancelarenapronajem.jpg<\/span>\n\t\t\t\t\t\t\t\t\t\t<p><\/p>\n\t\t\t\t\t\t\t\t\t\t\t\t\t\t\t\t\t\t<a><img class=\"skip-lazy\" src=\"https:\/\/www.prazskekancelare.com\/test\/wp-content\/uploads\/2018\/03\/radlickakancelarenapronajem-400x300.jpg\" alt=\"radlickakancelarenapronajem\" \/><\/a>\n\t\t\t\t\t\t\t\t\t\t\t\t\t\t\t<\/li>\n\t\t\t\t\t\t\t<li>\n\t\t\t\t\t<h3 style=\"opacity:70;\">zlicinkancelarepraha5<\/h3>\n\t\t\t\t\t\t\t\t\t\t\t<span data-alt=\"zlicinkancelarepraha5\">https:\/\/www.prazskekancelare.com\/test\/wp-content\/uploads\/2018\/03\/zlicinkancelarepraha5.jpg<\/span>\n\t\t\t\t\t\t\t\t\t\t<p><\/p>\n\t\t\t\t\t\t\t\t\t\t\t\t\t\t\t\t\t\t<a><img class=\"skip-lazy\" src=\"https:\/\/www.prazskekancelare.com\/test\/wp-content\/uploads\/2018\/03\/zlicinkancelarepraha5-400x300.jpg\" alt=\"zlicinkancelarepraha5\" \/><\/a>\n\t\t\t\t\t\t\t\t\t\t\t\t\t\t\t<\/li>\n\t\t\t\t\t\t\t<li>\n\t\t\t\t\t<h3 style=\"opacity:70;\">kancelarekpronajmupraha5<\/h3>\n\t\t\t\t\t\t\t\t\t\t\t<span data-alt=\"kancelarekpronajmupraha5\">https:\/\/www.prazskekancelare.com\/test\/wp-content\/uploads\/2018\/03\/kancelarekpronajmupraha51.jpg<\/span>\n\t\t\t\t\t\t\t\t\t\t<p><\/p>\n\t\t\t\t\t\t\t\t\t\t\t\t\t\t\t\t\t\t<a><img class=\"skip-lazy\" src=\"https:\/\/www.prazskekancelare.com\/test\/wp-content\/uploads\/2018\/03\/kancelarekpronajmupraha51-300x225.jpg\" alt=\"kancelarekpronajmupraha5\" \/><\/a>\n\t\t\t\t\t\t\t\t\t\t\t\t\t\t\t<\/li>\n\t\t\t\t\t\t<\/ul>\n\n\t\t<div id=\"slideshow-wrappergallery100739\" class=\"slideshow-wrapper\" style=\"--slideshow-width:1336px\">\n\t\t\n\t\t<div class=\"slideshow-fullsize\" id=\"fullsizegallery100739\">\n\t\t\t\t\t\t\t\t\t\t\t\t\t\t<div id=\"imgprevgallery100739\" class=\"slideshow-imgprev imgnav\" title=\"Previous Image\">Previous Image<\/div>\n\t\t\t\t\t\t<a id=\"imglinkgallery100739\" class=\"slideshow-imglink imglink\">\n\t\t\t\t<!-- link -->\n\t\t\t<\/a>\n\t\t\t\t\t\t\t\t\t\t\t<div id=\"imgnextgallery100739\" class=\"slideshow-imgnext imgnav\" title=\"Next Image\">Next Image<\/div>\n\t\t\t\t\t\t<div id=\"imagegallery100739\" class=\"slideshow-image\"><\/div>\n\t\t\t<div class=\"slideshow-information infobottom\" id=\"informationgallery100739\">\n\t\t\t\t<h3 class=\"slideshow-info-heading\">info heading<\/h3>\n\t\t\t\t<p class=\"slideshow-info-content\">info content<\/p>\n\t\t\t<\/div>\n\t\t<\/div>\n\n\t\t\t\t\t<div id=\"thumbnailsgallery100739\" class=\"slideshow-thumbnails thumbsbot\">\n\t\t\t\t<div class=\"slideshow-slideleft\" id=\"slideleftgallery100739\" title=\"Slide Left\"><\/div>\n\t\t\t\t<div class=\"slideshow-slidearea\" id=\"slideareagallery100739\">\n\t\t\t\t\t<div class=\"slideshow-slider\" id=\"slidergallery100739\"><\/div>\n\t\t\t\t<\/div>\n\t\t\t\t<div class=\"slideshow-slideright\" id=\"sliderightgallery100739\" title=\"Slide Right\"><\/div>\n\t\t\t\t<br style=\"clear:both; visibility:hidden; height:1px;\" \/>\n\t\t\t<\/div>\n\t\t\t<\/div>\n\n\t<br \/>\nP\u0159edstavujeme v\u00e1m modern\u00ed pron\u00e1jem kancel\u00e1\u0159\u00ed <strong>v Radlick\u00e9 ulici na Praze 5<\/strong>. Kancel\u00e1\u0159e k pron\u00e1jmu se nach\u00e1z\u00ed v nedaleko stanice metra And\u011bl v architektonicky velmi poveden\u00e9 budov\u011b s kr\u00e1sn\u00fdm v\u00fdhledem na Prahu. Kancel\u00e1\u0159sk\u00e9 prostory jsou vybaveny nejmodern\u011bj\u0161\u00edmi materi\u00e1ly a rozvody, kter\u00e9 zaji\u0161\u0165uj\u00ed naprostou spokojenost v\u0161ech n\u00e1jemn\u00edk\u016f. V\u0159ele doporu\u010dujeme prohl\u00eddku.<\/p>\n<h2>Kancel\u00e1\u0159e Radlick\u00e1 Praha 5 &#8211; dostupnost<\/h2>\n<p>Kancel\u00e1\u0159sk\u00e1 budova se nach\u00e1z\u00ed na velmi dob\u0159e dostupn\u00e9m m\u00edst\u011b Prahy 5. Stanice metra je v doch\u00e1zkov\u00e9 vzd\u00e1lenosti (5 minut ch\u016fze), obchodn\u00ed centrum Nov\u00fd Sm\u00edchov je tak\u00e9 cca 5min. ch\u016fze, vlakov\u00e9 n\u00e1dra\u017e\u00ed 2 minuty ch\u016fze a napojen\u00ed na pra\u017esk\u00fd okruh je ihned vedle budovy. Dostupnost MHD nebo osobn\u00edm automobilem je opravdu ide\u00e1ln\u00ed. Komfort pro n\u00e1jemn\u00edky umoc\u0148uj\u00ed parkovac\u00ed st\u00e1n\u00ed pod budovou a nedalek\u00fd park, kter\u00fd je p\u0159\u00edstupn\u00fd p\u0159\u00edmo z vrchn\u00edho podla\u017e\u00ed kancel\u00e1\u0159sk\u00e9 budovy.<\/p>\n<h2>Pron\u00e1jem kancel\u00e1\u0159\u00ed Praha 5 &#8211; kancel\u00e1\u0159e<\/h2>\n<p>Nab\u00edzen\u00e9 kancel\u00e1\u0159e jsou flexibiln\u011b upravovateln\u00e9 a dok\u00e1\u017e\u00ed se p\u0159izp\u016fsobit pot\u0159eb\u00e1m v\u0161ech n\u00e1jemn\u00edk\u016f. Na sv\u00e9 si p\u0159ijdou spole\u010dnosti s n\u011bkolika zam\u011bstnanci i nadn\u00e1rodn\u00ed korporace. Budova nab\u00edz\u00ed kancel\u00e1\u0159e od 30m do 3.000m.<br \/>\nCena kancel\u00e1\u0159sk\u00e9ho se pohybuje od 10 do 12,50 EUR \/ m2 \/ m\u011bs\u00edc bez DPH a p\u0159\u00edpadnou dohodou z\u00e1vislou na d\u00e9lce trv\u00e1n\u00ed n\u00e1jmu.<\/p>\n<h2>Provize za zprost\u0159edkov\u00e1n\u00ed pron\u00e1jmu kancel\u00e1\u0159\u00ed\u00a0na\u00a0Radlick\u00e9<\/h2>\n<p>Ve\u0161ker\u00e9 slu\u017eby na\u0161\u00ed spole\u010dnosti a jej\u00edch makl\u00e9\u0159\u016f jsou bez provize. Volejte \/ pi\u0161te nonstop.<\/p>\n<h2>Jak poptat kancel\u00e1\u0159e?<\/h2>\n<p>Za\u0161lete n\u00e1m pros\u00edm jednoduchou popt\u00e1vku nebo zavolejte na\u0161emu makl\u00e9\u0159i a on v\u0161e za\u0159\u00edd\u00ed k Va\u0161\u00ed maxim\u00e1ln\u00ed spokojenosti.<\/p>\n<p><span style=\"color: #ff0000;\"><strong>Kompletn\u00ed nab\u00eddku p\u0159iprav\u00edme do 30ti minut po zasl\u00e1n\u00ed popt\u00e1vky.<\/strong><\/span><\/p>\n<p>Rychl\u00fd popt\u00e1vkov\u00fd formul\u00e1\u0159 najdete na konci textu\u00a0a makl\u00e9\u0159e zodpov\u011bdn\u00e9ho za nemovitosti v prav\u00e9m sloupci.<\/p>\n<p>e-mail:\u00a0<strong><a href=\"mailto:info@prazskekancelare.cz\">info@prazskekancelare.com<\/a><\/strong>\u00a0\/\u00a0telefon: <strong><span style=\"color: #ff0000;\">+420 773 295 925, +420 723 984 360<\/span><\/strong><\/p>\n<h2>v\u00edce informac\u00ed:<\/h2>\n","protected":false},"author":1,"featured_media":2251,"comment_status":"closed","ping_status":"closed","template":"","yoast_head":"<!-- This site is optimized with the Yoast SEO plugin v16.4 - https:\/\/yoast.com\/wordpress\/plugins\/seo\/ -->\n<title>Kancel\u00e1\u0159e RADLICK\u00c1 Praha 5 | 0% Provize | 500 KANCEL\u00c1\u0158\u00cd \u00ae<\/title>\n<meta name=\"description\" content=\"Popt\u00e1vejte pron\u00e1jem kancel\u00e1\u0159e Radlick\u00e1, Sm\u00edchov, And\u011bl Praha 5 | 500 x kancel\u00e1\u0159e k pron\u00e1jmu Praha | Nab\u00eddky kancel\u00e1\u0159\u00ed do 30 minut | Provize 0%.\" \/>\n<meta name=\"robots\" content=\"noindex, follow, max-snippet:-1, max-image-preview:large, max-video-preview:-1\" \/>\n<meta property=\"og:locale\" content=\"cs_CZ\" \/>\n<meta property=\"og:type\" content=\"article\" \/>\n<meta property=\"og:title\" content=\"Kancel\u00e1\u0159e RADLICK\u00c1 Praha 5 | 0% Provize | 500 KANCEL\u00c1\u0158\u00cd \u00ae\" \/>\n<meta property=\"og:description\" content=\"Popt\u00e1vejte pron\u00e1jem kancel\u00e1\u0159e Radlick\u00e1, Sm\u00edchov, And\u011bl Praha 5 | 500 x kancel\u00e1\u0159e k pron\u00e1jmu Praha | Nab\u00eddky kancel\u00e1\u0159\u00ed do 30 minut | Provize 0%.\" \/>\n<meta property=\"og:url\" content=\"https:\/\/www.prazskekancelare.com\/test\/kancelare-k-pronajmu\/pronajem-kancelari-radlicka-praha-5\/\" \/>\n<meta property=\"og:site_name\" content=\"TEST - Pron\u00e1jem kancel\u00e1\u0159e Praha\" \/>\n<meta property=\"article:modified_time\" content=\"2019-03-23T09:25:52+00:00\" \/>\n<meta property=\"og:image\" content=\"https:\/\/www.prazskekancelare.com\/test\/wp-content\/uploads\/2018\/03\/kancelarenapronajemradlicka.jpg\" \/>\n\t<meta property=\"og:image:width\" content=\"800\" \/>\n\t<meta property=\"og:image:height\" content=\"600\" \/>\n<meta name=\"twitter:card\" content=\"summary\" \/>\n<meta name=\"twitter:label1\" content=\"Odhadovan\u00e1 doba \u010dten\u00ed\" \/>\n\t<meta name=\"twitter:data1\" content=\"2 minuty\" \/>\n<script type=\"application\/ld+json\" class=\"yoast-schema-graph\">{\"@context\":\"https:\/\/schema.org\",\"@graph\":[{\"@type\":\"Organization\",\"@id\":\"https:\/\/www.prazskekancelare.com\/test\/#organization\",\"name\":\"Pron\\u00e1jem kancel\\u00e1\\u0159e Praha\",\"url\":\"https:\/\/www.prazskekancelare.com\/test\/\",\"sameAs\":[],\"logo\":{\"@type\":\"ImageObject\",\"@id\":\"https:\/\/www.prazskekancelare.com\/test\/#logo\",\"inLanguage\":\"cs\",\"url\":\"https:\/\/www.prazskekancelare.com\/test\/wp-content\/uploads\/2018\/05\/prazske-kancelare-com-logo.png\",\"contentUrl\":\"https:\/\/www.prazskekancelare.com\/test\/wp-content\/uploads\/2018\/05\/prazske-kancelare-com-logo.png\",\"width\":242,\"height\":59,\"caption\":\"Pron\\u00e1jem kancel\\u00e1\\u0159e Praha\"},\"image\":{\"@id\":\"https:\/\/www.prazskekancelare.com\/test\/#logo\"}},{\"@type\":\"WebSite\",\"@id\":\"https:\/\/www.prazskekancelare.com\/test\/#website\",\"url\":\"https:\/\/www.prazskekancelare.com\/test\/\",\"name\":\"TEST - Pron\\u00e1jem kancel\\u00e1\\u0159e Praha\",\"description\":\"Pron\\u00e1jem kancel\\u00e1\\u0159e Praha a Kancelare Praha\",\"publisher\":{\"@id\":\"https:\/\/www.prazskekancelare.com\/test\/#organization\"},\"potentialAction\":[{\"@type\":\"SearchAction\",\"target\":\"https:\/\/www.prazskekancelare.com\/test\/?s={search_term_string}\",\"query-input\":\"required name=search_term_string\"}],\"inLanguage\":\"cs\"},{\"@type\":\"ImageObject\",\"@id\":\"https:\/\/www.prazskekancelare.com\/test\/kancelare-k-pronajmu\/pronajem-kancelari-radlicka-praha-5\/#primaryimage\",\"inLanguage\":\"cs\",\"url\":\"https:\/\/www.prazskekancelare.com\/test\/wp-content\/uploads\/2018\/03\/kancelarenapronajemradlicka.jpg\",\"contentUrl\":\"https:\/\/www.prazskekancelare.com\/test\/wp-content\/uploads\/2018\/03\/kancelarenapronajemradlicka.jpg\",\"width\":800,\"height\":600,\"caption\":\"Radlick\\u00e9 Praha 5 kancel\\u00e1\\u0159e\"},{\"@type\":\"WebPage\",\"@id\":\"https:\/\/www.prazskekancelare.com\/test\/kancelare-k-pronajmu\/pronajem-kancelari-radlicka-praha-5\/#webpage\",\"url\":\"https:\/\/www.prazskekancelare.com\/test\/kancelare-k-pronajmu\/pronajem-kancelari-radlicka-praha-5\/\",\"name\":\"Kancel\\u00e1\\u0159e RADLICK\\u00c1 Praha 5 | 0% Provize | 500 KANCEL\\u00c1\\u0158\\u00cd \\u00ae\",\"isPartOf\":{\"@id\":\"https:\/\/www.prazskekancelare.com\/test\/#website\"},\"primaryImageOfPage\":{\"@id\":\"https:\/\/www.prazskekancelare.com\/test\/kancelare-k-pronajmu\/pronajem-kancelari-radlicka-praha-5\/#primaryimage\"},\"datePublished\":\"2015-10-18T14:17:50+00:00\",\"dateModified\":\"2019-03-23T09:25:52+00:00\",\"description\":\"Popt\\u00e1vejte pron\\u00e1jem kancel\\u00e1\\u0159e Radlick\\u00e1, Sm\\u00edchov, And\\u011bl Praha 5 | 500 x kancel\\u00e1\\u0159e k pron\\u00e1jmu Praha | Nab\\u00eddky kancel\\u00e1\\u0159\\u00ed do 30 minut | Provize 0%.\",\"breadcrumb\":{\"@id\":\"https:\/\/www.prazskekancelare.com\/test\/kancelare-k-pronajmu\/pronajem-kancelari-radlicka-praha-5\/#breadcrumb\"},\"inLanguage\":\"cs\",\"potentialAction\":[{\"@type\":\"ReadAction\",\"target\":[\"https:\/\/www.prazskekancelare.com\/test\/kancelare-k-pronajmu\/pronajem-kancelari-radlicka-praha-5\/\"]}]},{\"@type\":\"BreadcrumbList\",\"@id\":\"https:\/\/www.prazskekancelare.com\/test\/kancelare-k-pronajmu\/pronajem-kancelari-radlicka-praha-5\/#breadcrumb\",\"itemListElement\":[{\"@type\":\"ListItem\",\"position\":1,\"item\":{\"@type\":\"WebPage\",\"@id\":\"https:\/\/www.prazskekancelare.com\/test\/\",\"url\":\"https:\/\/www.prazskekancelare.com\/test\/\",\"name\":\"Dom\\u016f\"}},{\"@type\":\"ListItem\",\"position\":2,\"item\":{\"@type\":\"WebPage\",\"@id\":\"https:\/\/www.prazskekancelare.com\/test\/kancelare-k-pronajmu\/\",\"url\":\"https:\/\/www.prazskekancelare.com\/test\/kancelare-k-pronajmu\/\",\"name\":\"Properties\"}},{\"@type\":\"ListItem\",\"position\":3,\"item\":{\"@id\":\"https:\/\/www.prazskekancelare.com\/test\/kancelare-k-pronajmu\/pronajem-kancelari-radlicka-praha-5\/#webpage\"}}]}]}<\/script>\n<!-- \/ Yoast SEO plugin. -->","cmb2":{"property_general":{"property_id":"ANO","property_year_built":"","property_address":"Radlick\u00e1 571\/70,\r\n 150 00 Praha 5\r\n","property_zip":"","property_contract":"","property_gallery":"","property_plans":"","property_video":"","property_parent_property":""},"property_flags":{"property_featured":"","property_sticky":"","property_reduced":"","property_sold":""},"property_contact":{"property_contact_name":"","property_contact_phone":""},"property_pricing":{"property_price":"250","property_price_prefix":"od","property_price_suffix":"K\u010d\/m2","property_price_custom":""},"property_attributes":{"property_rooms":"NE","property_beds":"7","property_baths":"NE","property_garages":"NE \/ \u010d\u00e1ste\u010dn\u011b","property_home_area":"","property_lot_dimensions":"","property_lot_area":"30 m2 - 3000 m2"},"property_valuation":{"property_valuation_group":""},"property_public_facilities":{"property_public_facilities_group":""},"property_map_location":{"property_map_location":{"latitude":"50.0631412","longitude":"14.404462299999977"}},"property_relations":{"property_agents":["260"]}},"_links":{"self":[{"href":"https:\/\/www.prazskekancelare.com\/test\/wp-json\/wp\/v2\/property\/2259"}],"collection":[{"href":"https:\/\/www.prazskekancelare.com\/test\/wp-json\/wp\/v2\/property"}],"about":[{"href":"https:\/\/www.prazskekancelare.com\/test\/wp-json\/wp\/v2\/types\/property"}],"author":[{"embeddable":true,"href":"https:\/\/www.prazskekancelare.com\/test\/wp-json\/wp\/v2\/users\/1"}],"replies":[{"embeddable":true,"href":"https:\/\/www.prazskekancelare.com\/test\/wp-json\/wp\/v2\/comments?post=2259"}],"wp:featuredmedia":[{"embeddable":true,"href":"https:\/\/www.prazskekancelare.com\/test\/wp-json\/wp\/v2\/media\/2251"}],"wp:attachment":[{"href":"https:\/\/www.prazskekancelare.com\/test\/wp-json\/wp\/v2\/media?parent=2259"}],"curies":[{"name":"wp","href":"https:\/\/api.w.org\/{rel}","templated":true}]}}