{"id":2220,"date":"2018-02-11T14:19:29","date_gmt":"2018-02-11T13:19:29","guid":{"rendered":"https:\/\/www.prazskekancelare.com\/test\/?post_type=property&#038;p=2220"},"modified":"2020-11-01T17:33:08","modified_gmt":"2020-11-01T16:33:08","slug":"vysehrad-business-centre-kancelare-praha-4","status":"publish","type":"property","link":"https:\/\/www.prazskekancelare.com\/test\/kancelare-k-pronajmu\/vysehrad-business-centre-kancelare-praha-4\/","title":{"rendered":"Business Centrum Vy\u0161ehrad Na Pankr\u00e1ci 1685\/17 Praha 4"},"content":{"rendered":"<p>\n\t<ul id=\"slideshowgallery97920\" class=\"slideshowgallery97920\" style=\"display:none;\">\n\t\t\t\t\t<!-- From all slides or gallery slides -->\n\t\t\t\t\t\t\t<li>\n\t\t\t\t\t<h3 style=\"opacity:70;\">vysehradkancelare<\/h3>\n\t\t\t\t\t\t\t\t\t\t\t<span data-alt=\"vysehradkancelare\">https:\/\/www.prazskekancelare.com\/test\/wp-content\/uploads\/2018\/02\/vysehradkancelare.jpg<\/span>\n\t\t\t\t\t\t\t\t\t\t<p><\/p>\n\t\t\t\t\t\t\t\t\t\t\t\t\t\t\t\t\t\t<a><img class=\"skip-lazy\" src=\"https:\/\/www.prazskekancelare.com\/test\/wp-content\/uploads\/2018\/02\/vysehradkancelare-400x300.jpg\" alt=\"vysehradkancelare\" \/><\/a>\n\t\t\t\t\t\t\t\t\t\t\t\t\t\t\t<\/li>\n\t\t\t\t\t\t\t<li>\n\t\t\t\t\t<h3 style=\"opacity:70;\">pronajemkancelarivysehrad<\/h3>\n\t\t\t\t\t\t\t\t\t\t\t<span data-alt=\"pronajemkancelarivysehrad\">https:\/\/www.prazskekancelare.com\/test\/wp-content\/uploads\/2018\/02\/pronajemkancelarivysehrad1.jpg<\/span>\n\t\t\t\t\t\t\t\t\t\t<p><\/p>\n\t\t\t\t\t\t\t\t\t\t\t\t\t\t\t\t\t\t<a><img class=\"skip-lazy\" src=\"https:\/\/www.prazskekancelare.com\/test\/wp-content\/uploads\/2018\/02\/pronajemkancelarivysehrad1-400x300.jpg\" alt=\"pronajemkancelarivysehrad\" \/><\/a>\n\t\t\t\t\t\t\t\t\t\t\t\t\t\t\t<\/li>\n\t\t\t\t\t\t\t<li>\n\t\t\t\t\t<h3 style=\"opacity:70;\">pronajemkancelaripraha4<\/h3>\n\t\t\t\t\t\t\t\t\t\t\t<span data-alt=\"pronajemkancelaripraha4\">https:\/\/www.prazskekancelare.com\/test\/wp-content\/uploads\/2018\/02\/pronajemkancelaripraha41.jpg<\/span>\n\t\t\t\t\t\t\t\t\t\t<p><\/p>\n\t\t\t\t\t\t\t\t\t\t\t\t\t\t\t\t\t\t<a><img class=\"skip-lazy\" src=\"https:\/\/www.prazskekancelare.com\/test\/wp-content\/uploads\/2018\/02\/pronajemkancelaripraha41-400x300.jpg\" alt=\"pronajemkancelaripraha4\" \/><\/a>\n\t\t\t\t\t\t\t\t\t\t\t\t\t\t\t<\/li>\n\t\t\t\t\t\t\t<li>\n\t\t\t\t\t<h3 style=\"opacity:70;\">praha4kancelarekpronajmu<\/h3>\n\t\t\t\t\t\t\t\t\t\t\t<span data-alt=\"praha4kancelarekpronajmu\">https:\/\/www.prazskekancelare.com\/test\/wp-content\/uploads\/2018\/02\/praha4kancelarekpronajmu.jpg<\/span>\n\t\t\t\t\t\t\t\t\t\t<p><\/p>\n\t\t\t\t\t\t\t\t\t\t\t\t\t\t\t\t\t\t<a><img class=\"skip-lazy\" src=\"https:\/\/www.prazskekancelare.com\/test\/wp-content\/uploads\/2018\/02\/praha4kancelarekpronajmu-400x300.jpg\" alt=\"praha4kancelarekpronajmu\" \/><\/a>\n\t\t\t\t\t\t\t\t\t\t\t\t\t\t\t<\/li>\n\t\t\t\t\t\t\t<li>\n\t\t\t\t\t<h3 style=\"opacity:70;\">kancelarevysehrad<\/h3>\n\t\t\t\t\t\t\t\t\t\t\t<span data-alt=\"kancelarevysehrad\">https:\/\/www.prazskekancelare.com\/test\/wp-content\/uploads\/2018\/02\/kancelarevysehrad.jpg<\/span>\n\t\t\t\t\t\t\t\t\t\t<p><\/p>\n\t\t\t\t\t\t\t\t\t\t\t\t\t\t\t\t\t\t<a><img class=\"skip-lazy\" src=\"https:\/\/www.prazskekancelare.com\/test\/wp-content\/uploads\/2018\/02\/kancelarevysehrad-400x300.jpg\" alt=\"kancelarevysehrad\" \/><\/a>\n\t\t\t\t\t\t\t\t\t\t\t\t\t\t\t<\/li>\n\t\t\t\t\t\t\t<li>\n\t\t\t\t\t<h3 style=\"opacity:70;\">kancelarekpronajmupraha4<\/h3>\n\t\t\t\t\t\t\t\t\t\t\t<span data-alt=\"kancelarekpronajmupraha4\">https:\/\/www.prazskekancelare.com\/test\/wp-content\/uploads\/2018\/02\/kancelarekpronajmupraha4.jpg<\/span>\n\t\t\t\t\t\t\t\t\t\t<p><\/p>\n\t\t\t\t\t\t\t\t\t\t\t\t\t\t\t\t\t\t<a><img class=\"skip-lazy\" src=\"https:\/\/www.prazskekancelare.com\/test\/wp-content\/uploads\/2018\/02\/kancelarekpronajmupraha4-400x300.jpg\" alt=\"kancelarekpronajmupraha4\" \/><\/a>\n\t\t\t\t\t\t\t\t\t\t\t\t\t\t\t<\/li>\n\t\t\t\t\t\t<\/ul>\n\n\t\t<div id=\"slideshow-wrappergallery97920\" class=\"slideshow-wrapper\" style=\"--slideshow-width:756px\">\n\t\t\n\t\t<div class=\"slideshow-fullsize\" id=\"fullsizegallery97920\">\n\t\t\t\t\t\t\t\t\t\t\t\t\t\t<div id=\"imgprevgallery97920\" class=\"slideshow-imgprev imgnav\" title=\"Previous Image\">Previous Image<\/div>\n\t\t\t\t\t\t<a id=\"imglinkgallery97920\" class=\"slideshow-imglink imglink\">\n\t\t\t\t<!-- link -->\n\t\t\t<\/a>\n\t\t\t\t\t\t\t\t\t\t\t<div id=\"imgnextgallery97920\" class=\"slideshow-imgnext imgnav\" title=\"Next Image\">Next Image<\/div>\n\t\t\t\t\t\t<div id=\"imagegallery97920\" class=\"slideshow-image\"><\/div>\n\t\t\t<div class=\"slideshow-information infobottom\" id=\"informationgallery97920\">\n\t\t\t\t<h3 class=\"slideshow-info-heading\">info heading<\/h3>\n\t\t\t\t<p class=\"slideshow-info-content\">info content<\/p>\n\t\t\t<\/div>\n\t\t<\/div>\n\n\t\t\t\t\t<div id=\"thumbnailsgallery97920\" class=\"slideshow-thumbnails thumbsbot\">\n\t\t\t\t<div class=\"slideshow-slideleft\" id=\"slideleftgallery97920\" title=\"Slide Left\"><\/div>\n\t\t\t\t<div class=\"slideshow-slidearea\" id=\"slideareagallery97920\">\n\t\t\t\t\t<div class=\"slideshow-slider\" id=\"slidergallery97920\"><\/div>\n\t\t\t\t<\/div>\n\t\t\t\t<div class=\"slideshow-slideright\" id=\"sliderightgallery97920\" title=\"Slide Right\"><\/div>\n\t\t\t\t<br style=\"clear:both; visibility:hidden; height:1px;\" \/>\n\t\t\t<\/div>\n\t\t\t<\/div>\n\n\t<br \/>\nP\u0159edstavujeme<strong> kancel\u00e1\u0159e Vy\u0161ehrad Business Centrum\u00a0\u2705<\/strong>, modern\u00ed, skv\u011ble dostupn\u00fd a cenov\u011b dostupn\u00fd pron\u00e1jem kancel\u00e1\u0159\u00ed na pra\u017esk\u00e9m Vy\u0161ehrad\u011b ihned vedle Kongresov\u00e9ho centra. Spole\u010dn\u011b s n\u00edm a p\u0159ilehl\u00fdm hotelem Holiday Inn tvo\u0159\u00ed Business Centrum Vy\u0161ehrad velmi zaj\u00edmav\u00e9 obchodn\u00ed z\u00e1zem\u00ed v\u0161em n\u00e1jemn\u00edk\u016fm.<\/p>\n<h2>Business centrum Vy\u0161ehrad Na Pankr\u00e1ci 1685\/17 &#8211; velikosti<\/h2>\n<p>V\u0159ele doporu\u010dujeme prohl\u00eddku v\u0161ech kancel\u00e1\u0159\u00ed<\/p>\n<ol>\n<li><strong><span style=\"color: #ff0000;\">malometr\u00e1\u017en\u00ed kancel\u00e1\u0159e: <\/span>od 20m do 100m\u00a0<\/strong><\/li>\n<li><strong><span style=\"color: #ff0000;\">velk\u00e9 open space celky: <\/span>od 100m do 3.000m!<\/strong><\/li>\n<\/ol>\n<p>T\u011b\u0161\u00edme se na spolupr\u00e1ci, popt\u00e1vejte ihned BEZ PROVIZE:<\/p>\n<div id=\"attachment_3617\" style=\"width: 310px\" class=\"wp-caption alignnone\"><a href=\"https:\/\/www.prazskekancelare.com\/test\/poptavka-po-kancelarich-k-pronajmu\/\" target=\"_blank\" rel=\"noopener noreferrer\"><img aria-describedby=\"caption-attachment-3617\" loading=\"lazy\" class=\"wp-image-3617 size-medium\" src=\"https:\/\/www.prazskekancelare.com\/test\/wp-content\/uploads\/2019\/12\/kancelare-5-5000m-300x46.png\" alt=\"Business centrum Vy\u0161ehrad Na Pankr\u00e1ci 1685\/17\" width=\"300\" height=\"46\" srcset=\"https:\/\/www.prazskekancelare.com\/test\/wp-content\/uploads\/2019\/12\/kancelare-5-5000m-300x46.png 300w, https:\/\/www.prazskekancelare.com\/test\/wp-content\/uploads\/2019\/12\/kancelare-5-5000m-1024x156.png 1024w\" sizes=\"(max-width: 300px) 100vw, 300px\" \/><\/a><p id=\"caption-attachment-3617\" class=\"wp-caption-text\"><span style=\"color: #ffffff;\">Business centrum Vy\u0161ehrad<\/span><\/p><\/div>\n<h2>Business Centrum Vy\u0161ehrad &#8211; lokalita<\/h2>\n<p>Kancel\u00e1\u0159sk\u00e1 budova\u00a0<strong>Business Center\u00a0Vy\u0161ehrad<\/strong> se nach\u00e1z\u00ed ihned vedle Kongresov\u00e9ho centra, ke kter\u00e9mu tak trochu pat\u0159\u00ed. Kancel\u00e1\u0159e byly vystaveny pro pot\u0159ebu zased\u00e1n\u00ed MMF a od t\u00e9 doby slou\u017e\u00ed jako modern\u00ed, kancel\u00e1\u0159sk\u00e9 centrum, obl\u00edben\u00e9 pro svou polohu, dostupnost a ob\u010dansko-obchodn\u00ed vybavenost.<br \/>\nV\u00fdhodou je samoz\u0159ejm\u011b tak\u00e9 dostupnost na D1, kter\u00e1 vede nedaleko budovy, ihned vedle linky metra C, se stanic\u00ed Vy\u0161ehrad.<br \/>\nPro spole\u010dnosti, kter\u00e9 maj\u00ed bl\u00edzk\u00fd kontakt s jihem Prahy nebo cestuj\u00ed \u010dasto do Brna neexistuje lep\u0161\u00ed lokalita.<\/p>\n<h2>Vy\u0161ehrad Business Centre modern\u00ed kancel\u00e1\u0159e<\/h2>\n<p>Budova ve sv\u00e9m 7. pat\u0159e nab\u00edz\u00ed mal\u00e9, ale i velk\u00e9 kancel\u00e1\u0159e k pron\u00e1jmu, v\u010detn\u011b dopl\u0148kov\u00fdch slu\u017eeb typu recepce, podatelny, kav\u00e1rny, restaurace, hotelu, \u2026apod. Najdete zde v\u0161e, co ke sv\u00e9 pr\u00e1ci pot\u0159ebujete. Kancel\u00e1\u0159sk\u00e9 prostory samotn\u00e9 jsou vzdu\u0161n\u00e9, modern\u00ed, sv\u011btl\u00e9 a variabiln\u011b uspo\u0159adateln\u00e9.<br \/>\nV\u0159ele doporu\u010dujeme prohl\u00eddku.<\/p>\n<h2>V\u00fdhody kancel\u00e1\u0159\u00ed\u00a0v BC Vy\u0161ehrad<\/h2>\n<p>\u2022 nonstop recepce a ostraha<br \/>\n\u2022 bezbari\u00e9rov\u00fd p\u0159\u00edstup v\u0161ude v budov\u011b<br \/>\n\u2022 v\u00fdtahy osobn\u00ed i n\u00e1kladn\u00ed<br \/>\n\u2022 soci\u00e1ln\u00ed za\u0159\u00edzen\u00ed na patrech (v\u010detn\u011b kuchyn\u011bk)<br \/>\n\u2022 velk\u00e9 slevy na zasedac\u00ed a kongresov\u00e9 m\u00edstnosti v budov\u011b<br \/>\n\u2022 klimatizace a vzduchotechnika<br \/>\n\u2022 strukturovan\u00e1 kabel\u00e1\u017e<br \/>\n\u2022 banka v budov\u011b<br \/>\n\u2022 Hotel Holiday Inn Prague ihned vedle<br \/>\n\u2022 P\u016fj\u010dovna automobil\u016f v dom\u011b<br \/>\n\u2022 \u010cerpac\u00ed stanice OMV vedle budovy<br \/>\n\u2022 Fitness a Wellness<br \/>\n\u2022 Kv\u011btin\u00e1\u0159stv\u00ed<\/p>\n<h2>Jak poptat kancel\u00e1\u0159 na Vy\u0161ehrad\u011b?<\/h2>\n<p>V p\u0159\u00edpad\u011b Va\u0161eho z\u00e1jmu o kancel\u00e1\u0159e\u00a0v\u00a0v BC Vy\u0161ehrad\u00a0pros\u00edme o zasl\u00e1n\u00ed popt\u00e1vkov\u00e9ho formul\u00e1\u0159e. Doporu\u010dujeme prohl\u00eddku centra, ur\u010dit\u011b si vyberete.<\/p>\n<p>Rychl\u00fd popt\u00e1vkov\u00fd formul\u00e1\u0159 najdete na konci textu\u00a0a makl\u00e9\u0159e zodpov\u011bdn\u00e9ho za nemovitosti v prav\u00e9m sloupci.<br \/>\ne-mail:\u00a0<strong><a href=\"mailto:info@prazskekancelare.cz\">info@prazskekancelare.com<\/a><\/strong>\u00a0\/\u00a0telefon: <strong><span style=\"color: #ff0000;\">+420 773 295 925, +420 723 984 360<\/span><\/strong><\/p>\n<div id=\"attachment_3619\" style=\"width: 310px\" class=\"wp-caption alignnone\"><a href=\"https:\/\/www.prazskekancelare.com\/test\/poptavka-po-kancelarich-k-pronajmu\/\" target=\"_blank\" rel=\"noopener noreferrer\"><img aria-describedby=\"caption-attachment-3619\" loading=\"lazy\" class=\"wp-image-3619 size-medium\" src=\"https:\/\/www.prazskekancelare.com\/test\/wp-content\/uploads\/2019\/12\/poptavejte-bez-provize-300x48.png\" alt=\"vy\u0161ehrad business center\" width=\"300\" height=\"48\" srcset=\"https:\/\/www.prazskekancelare.com\/test\/wp-content\/uploads\/2019\/12\/poptavejte-bez-provize-300x48.png 300w, https:\/\/www.prazskekancelare.com\/test\/wp-content\/uploads\/2019\/12\/poptavejte-bez-provize-1024x163.png 1024w\" sizes=\"(max-width: 300px) 100vw, 300px\" \/><\/a><p id=\"caption-attachment-3619\" class=\"wp-caption-text\"><span style=\"color: #ffffff;\">vy\u0161ehrad business center<\/span><\/p><\/div>\n<h2>v\u00edce informac\u00ed o Business Centrum Vy\u0161ehrad:<\/h2>\n","protected":false},"author":1,"featured_media":2214,"comment_status":"closed","ping_status":"closed","template":"","yoast_head":"<!-- This site is optimized with the Yoast SEO plugin v16.4 - https:\/\/yoast.com\/wordpress\/plugins\/seo\/ -->\n<title>BUSINESS CENTRUM Vy\u0161ehrad \u2764\ufe0f | Na Pankr\u00e1ci 1685\/17 Praha 4 ????<\/title>\n<meta name=\"description\" content=\"Popt\u00e1vejte Vy\u0161ehrad Business Centrum Praha 4 Na Pankr\u00e1ci 1685\/17.\u2705 Vy\u0161ehrad business center levn\u011b.\u2705 Jak poptat kancel\u00e1\u0159 ve Vy\u0161ehrad business centre levn\u011b?\" \/>\n<meta name=\"robots\" content=\"noindex, follow, max-snippet:-1, max-image-preview:large, max-video-preview:-1\" \/>\n<meta property=\"og:locale\" content=\"cs_CZ\" \/>\n<meta property=\"og:type\" content=\"article\" \/>\n<meta property=\"og:title\" content=\"BUSINESS CENTRUM Vy\u0161ehrad \u2764\ufe0f | Na Pankr\u00e1ci 1685\/17 Praha 4 ????\" \/>\n<meta property=\"og:description\" content=\"Popt\u00e1vejte Vy\u0161ehrad Business Centrum Praha 4 Na Pankr\u00e1ci 1685\/17.\u2705 Vy\u0161ehrad business center levn\u011b.\u2705 Jak poptat kancel\u00e1\u0159 ve Vy\u0161ehrad business centre levn\u011b?\" \/>\n<meta property=\"og:url\" content=\"https:\/\/www.prazskekancelare.com\/test\/kancelare-k-pronajmu\/vysehrad-business-centre-kancelare-praha-4\/\" \/>\n<meta property=\"og:site_name\" content=\"TEST - Pron\u00e1jem kancel\u00e1\u0159e Praha\" \/>\n<meta property=\"article:modified_time\" content=\"2020-11-01T16:33:08+00:00\" \/>\n<meta property=\"og:image\" content=\"https:\/\/www.prazskekancelare.com\/test\/wp-content\/uploads\/2018\/02\/kancelarevysehrad.jpg\" \/>\n\t<meta property=\"og:image:width\" content=\"1128\" \/>\n\t<meta property=\"og:image:height\" content=\"785\" \/>\n<meta name=\"twitter:card\" content=\"summary\" \/>\n<meta name=\"twitter:label1\" content=\"Odhadovan\u00e1 doba \u010dten\u00ed\" \/>\n\t<meta name=\"twitter:data1\" content=\"2 minuty\" \/>\n<script type=\"application\/ld+json\" class=\"yoast-schema-graph\">{\"@context\":\"https:\/\/schema.org\",\"@graph\":[{\"@type\":\"Organization\",\"@id\":\"https:\/\/www.prazskekancelare.com\/test\/#organization\",\"name\":\"Pron\\u00e1jem kancel\\u00e1\\u0159e Praha\",\"url\":\"https:\/\/www.prazskekancelare.com\/test\/\",\"sameAs\":[],\"logo\":{\"@type\":\"ImageObject\",\"@id\":\"https:\/\/www.prazskekancelare.com\/test\/#logo\",\"inLanguage\":\"cs\",\"url\":\"https:\/\/www.prazskekancelare.com\/test\/wp-content\/uploads\/2018\/05\/prazske-kancelare-com-logo.png\",\"contentUrl\":\"https:\/\/www.prazskekancelare.com\/test\/wp-content\/uploads\/2018\/05\/prazske-kancelare-com-logo.png\",\"width\":242,\"height\":59,\"caption\":\"Pron\\u00e1jem kancel\\u00e1\\u0159e Praha\"},\"image\":{\"@id\":\"https:\/\/www.prazskekancelare.com\/test\/#logo\"}},{\"@type\":\"WebSite\",\"@id\":\"https:\/\/www.prazskekancelare.com\/test\/#website\",\"url\":\"https:\/\/www.prazskekancelare.com\/test\/\",\"name\":\"TEST - Pron\\u00e1jem kancel\\u00e1\\u0159e Praha\",\"description\":\"Pron\\u00e1jem kancel\\u00e1\\u0159e Praha a Kancelare Praha\",\"publisher\":{\"@id\":\"https:\/\/www.prazskekancelare.com\/test\/#organization\"},\"potentialAction\":[{\"@type\":\"SearchAction\",\"target\":\"https:\/\/www.prazskekancelare.com\/test\/?s={search_term_string}\",\"query-input\":\"required name=search_term_string\"}],\"inLanguage\":\"cs\"},{\"@type\":\"ImageObject\",\"@id\":\"https:\/\/www.prazskekancelare.com\/test\/kancelare-k-pronajmu\/vysehrad-business-centre-kancelare-praha-4\/#primaryimage\",\"inLanguage\":\"cs\",\"url\":\"https:\/\/www.prazskekancelare.com\/test\/wp-content\/uploads\/2018\/02\/kancelarevysehrad.jpg\",\"contentUrl\":\"https:\/\/www.prazskekancelare.com\/test\/wp-content\/uploads\/2018\/02\/kancelarevysehrad.jpg\",\"width\":1128,\"height\":785,\"caption\":\"kancel\\u00e1\\u0159e Vy\\u0161ehrad Praha 4\"},{\"@type\":\"WebPage\",\"@id\":\"https:\/\/www.prazskekancelare.com\/test\/kancelare-k-pronajmu\/vysehrad-business-centre-kancelare-praha-4\/#webpage\",\"url\":\"https:\/\/www.prazskekancelare.com\/test\/kancelare-k-pronajmu\/vysehrad-business-centre-kancelare-praha-4\/\",\"name\":\"BUSINESS CENTRUM Vy\\u0161ehrad \\u2764\\ufe0f | Na Pankr\\u00e1ci 1685\/17 Praha 4 ????\",\"isPartOf\":{\"@id\":\"https:\/\/www.prazskekancelare.com\/test\/#website\"},\"primaryImageOfPage\":{\"@id\":\"https:\/\/www.prazskekancelare.com\/test\/kancelare-k-pronajmu\/vysehrad-business-centre-kancelare-praha-4\/#primaryimage\"},\"datePublished\":\"2018-02-11T13:19:29+00:00\",\"dateModified\":\"2020-11-01T16:33:08+00:00\",\"description\":\"Popt\\u00e1vejte Vy\\u0161ehrad Business Centrum Praha 4 Na Pankr\\u00e1ci 1685\/17.\\u2705 Vy\\u0161ehrad business center levn\\u011b.\\u2705 Jak poptat kancel\\u00e1\\u0159 ve Vy\\u0161ehrad business centre levn\\u011b?\",\"breadcrumb\":{\"@id\":\"https:\/\/www.prazskekancelare.com\/test\/kancelare-k-pronajmu\/vysehrad-business-centre-kancelare-praha-4\/#breadcrumb\"},\"inLanguage\":\"cs\",\"potentialAction\":[{\"@type\":\"ReadAction\",\"target\":[\"https:\/\/www.prazskekancelare.com\/test\/kancelare-k-pronajmu\/vysehrad-business-centre-kancelare-praha-4\/\"]}]},{\"@type\":\"BreadcrumbList\",\"@id\":\"https:\/\/www.prazskekancelare.com\/test\/kancelare-k-pronajmu\/vysehrad-business-centre-kancelare-praha-4\/#breadcrumb\",\"itemListElement\":[{\"@type\":\"ListItem\",\"position\":1,\"item\":{\"@type\":\"WebPage\",\"@id\":\"https:\/\/www.prazskekancelare.com\/test\/\",\"url\":\"https:\/\/www.prazskekancelare.com\/test\/\",\"name\":\"Dom\\u016f\"}},{\"@type\":\"ListItem\",\"position\":2,\"item\":{\"@type\":\"WebPage\",\"@id\":\"https:\/\/www.prazskekancelare.com\/test\/kancelare-k-pronajmu\/\",\"url\":\"https:\/\/www.prazskekancelare.com\/test\/kancelare-k-pronajmu\/\",\"name\":\"Properties\"}},{\"@type\":\"ListItem\",\"position\":3,\"item\":{\"@id\":\"https:\/\/www.prazskekancelare.com\/test\/kancelare-k-pronajmu\/vysehrad-business-centre-kancelare-praha-4\/#webpage\"}}]}]}<\/script>\n<!-- \/ Yoast SEO plugin. -->","cmb2":{"property_general":{"property_id":"ANO","property_year_built":"","property_address":"Na Pankr\u00e1ci 1685\/17,\r\n140 00 Praha 4\r\n","property_zip":"","property_contract":"","property_gallery":"","property_plans":"","property_video":"","property_parent_property":""},"property_flags":{"property_featured":"","property_sticky":"","property_reduced":"","property_sold":""},"property_contact":{"property_contact_name":"","property_contact_phone":""},"property_pricing":{"property_price":"290","property_price_prefix":"od","property_price_suffix":"K\u010d\/m2","property_price_custom":""},"property_attributes":{"property_rooms":"NE","property_beds":"6","property_baths":"NE","property_garages":"NE \/ \u010d\u00e1ste\u010dn\u011b","property_home_area":"","property_lot_dimensions":"","property_lot_area":"5 m2 - 3.000 m2"},"property_valuation":{"property_valuation_group":""},"property_public_facilities":{"property_public_facilities_group":""},"property_map_location":{"property_map_location":{"latitude":"50.06193449999999","longitude":"14.426594499999965"}},"property_relations":{"property_agents":["260"]}},"_links":{"self":[{"href":"https:\/\/www.prazskekancelare.com\/test\/wp-json\/wp\/v2\/property\/2220"}],"collection":[{"href":"https:\/\/www.prazskekancelare.com\/test\/wp-json\/wp\/v2\/property"}],"about":[{"href":"https:\/\/www.prazskekancelare.com\/test\/wp-json\/wp\/v2\/types\/property"}],"author":[{"embeddable":true,"href":"https:\/\/www.prazskekancelare.com\/test\/wp-json\/wp\/v2\/users\/1"}],"replies":[{"embeddable":true,"href":"https:\/\/www.prazskekancelare.com\/test\/wp-json\/wp\/v2\/comments?post=2220"}],"wp:featuredmedia":[{"embeddable":true,"href":"https:\/\/www.prazskekancelare.com\/test\/wp-json\/wp\/v2\/media\/2214"}],"wp:attachment":[{"href":"https:\/\/www.prazskekancelare.com\/test\/wp-json\/wp\/v2\/media?parent=2220"}],"curies":[{"name":"wp","href":"https:\/\/api.w.org\/{rel}","templated":true}]}}