{"id":2211,"date":"2018-02-11T12:58:14","date_gmt":"2018-02-11T11:58:14","guid":{"rendered":"https:\/\/www.prazskekancelare.com\/test\/?post_type=property&#038;p=2211"},"modified":"2020-01-01T19:15:23","modified_gmt":"2020-01-01T18:15:23","slug":"pronajem-kancelari-vysehrad-kongresove-centrum-praha-4","status":"publish","type":"property","link":"https:\/\/www.prazskekancelare.com\/test\/kancelare-k-pronajmu\/pronajem-kancelari-vysehrad-kongresove-centrum-praha-4\/","title":{"rendered":"Kancel\u00e1\u0159e KONGRESOV\u00c9 Centrum Praha 4"},"content":{"rendered":"<p>\n\t<ul id=\"slideshowgallery96492\" class=\"slideshowgallery96492\" style=\"display:none;\">\n\t\t\t\t\t<!-- From all slides or gallery slides -->\n\t\t\t\t\t\t\t<li>\n\t\t\t\t\t<h3 style=\"opacity:70;\">pronajemkancelarivysehrad<\/h3>\n\t\t\t\t\t\t\t\t\t\t\t<span data-alt=\"pronajemkancelarivysehrad\">https:\/\/www.prazskekancelare.com\/test\/wp-content\/uploads\/2018\/02\/pronajemkancelarivysehrad.jpg<\/span>\n\t\t\t\t\t\t\t\t\t\t<p><\/p>\n\t\t\t\t\t\t\t\t\t\t\t\t\t\t\t\t\t\t<a><img class=\"skip-lazy\" src=\"https:\/\/www.prazskekancelare.com\/test\/wp-content\/uploads\/2018\/02\/pronajemkancelarivysehrad-400x300.jpg\" alt=\"pronajemkancelarivysehrad\" \/><\/a>\n\t\t\t\t\t\t\t\t\t\t\t\t\t\t\t<\/li>\n\t\t\t\t\t\t\t<li>\n\t\t\t\t\t<h3 style=\"opacity:70;\">kancelarenavysehrade<\/h3>\n\t\t\t\t\t\t\t\t\t\t\t<span data-alt=\"kancelarenavysehrade\">https:\/\/www.prazskekancelare.com\/test\/wp-content\/uploads\/2018\/02\/kancelarenavysehrade.jpg<\/span>\n\t\t\t\t\t\t\t\t\t\t<p><\/p>\n\t\t\t\t\t\t\t\t\t\t\t\t\t\t\t\t\t\t<a><img class=\"skip-lazy\" src=\"https:\/\/www.prazskekancelare.com\/test\/wp-content\/uploads\/2018\/02\/kancelarenavysehrade-400x300.jpg\" alt=\"kancelarenavysehrade\" \/><\/a>\n\t\t\t\t\t\t\t\t\t\t\t\t\t\t\t<\/li>\n\t\t\t\t\t\t\t<li>\n\t\t\t\t\t<h3 style=\"opacity:70;\">kancelarepraha4pronajem<\/h3>\n\t\t\t\t\t\t\t\t\t\t\t<span data-alt=\"kancelarepraha4pronajem\">https:\/\/www.prazskekancelare.com\/test\/wp-content\/uploads\/2018\/02\/kancelarepraha4pronajem.jpg<\/span>\n\t\t\t\t\t\t\t\t\t\t<p><\/p>\n\t\t\t\t\t\t\t\t\t\t\t\t\t\t\t\t\t\t<a><img class=\"skip-lazy\" src=\"https:\/\/www.prazskekancelare.com\/test\/wp-content\/uploads\/2018\/02\/kancelarepraha4pronajem-400x300.jpg\" alt=\"kancelarepraha4pronajem\" \/><\/a>\n\t\t\t\t\t\t\t\t\t\t\t\t\t\t\t<\/li>\n\t\t\t\t\t\t\t<li>\n\t\t\t\t\t<h3 style=\"opacity:70;\">kancelarepronajempraha4<\/h3>\n\t\t\t\t\t\t\t\t\t\t\t<span data-alt=\"kancelarepronajempraha4\">https:\/\/www.prazskekancelare.com\/test\/wp-content\/uploads\/2018\/02\/kancelarepronajempraha4.jpg<\/span>\n\t\t\t\t\t\t\t\t\t\t<p><\/p>\n\t\t\t\t\t\t\t\t\t\t\t\t\t\t\t\t\t\t<a><img class=\"skip-lazy\" src=\"https:\/\/www.prazskekancelare.com\/test\/wp-content\/uploads\/2018\/02\/kancelarepronajempraha4-400x300.jpg\" alt=\"kancelarepronajempraha4\" \/><\/a>\n\t\t\t\t\t\t\t\t\t\t\t\t\t\t\t<\/li>\n\t\t\t\t\t\t\t<li>\n\t\t\t\t\t<h3 style=\"opacity:70;\">kancelarevysehradkpronajmu<\/h3>\n\t\t\t\t\t\t\t\t\t\t\t<span data-alt=\"kancelarevysehradkpronajmu\">https:\/\/www.prazskekancelare.com\/test\/wp-content\/uploads\/2018\/02\/kancelarevysehradkpronajmu.jpg<\/span>\n\t\t\t\t\t\t\t\t\t\t<p><\/p>\n\t\t\t\t\t\t\t\t\t\t\t\t\t\t\t\t\t\t<a><img class=\"skip-lazy\" src=\"https:\/\/www.prazskekancelare.com\/test\/wp-content\/uploads\/2018\/02\/kancelarevysehradkpronajmu-400x300.jpg\" alt=\"kancelarevysehradkpronajmu\" \/><\/a>\n\t\t\t\t\t\t\t\t\t\t\t\t\t\t\t<\/li>\n\t\t\t\t\t\t\t<li>\n\t\t\t\t\t<h3 style=\"opacity:70;\">kancelarevysehradpraha4<\/h3>\n\t\t\t\t\t\t\t\t\t\t\t<span data-alt=\"kancelarevysehradpraha4\">https:\/\/www.prazskekancelare.com\/test\/wp-content\/uploads\/2018\/02\/kancelarevysehradpraha4.jpg<\/span>\n\t\t\t\t\t\t\t\t\t\t<p><\/p>\n\t\t\t\t\t\t\t\t\t\t\t\t\t\t\t\t\t\t<a><img class=\"skip-lazy\" src=\"https:\/\/www.prazskekancelare.com\/test\/wp-content\/uploads\/2018\/02\/kancelarevysehradpraha4-400x300.jpg\" alt=\"kancelarevysehradpraha4\" \/><\/a>\n\t\t\t\t\t\t\t\t\t\t\t\t\t\t\t<\/li>\n\t\t\t\t\t\t\t<li>\n\t\t\t\t\t<h3 style=\"opacity:70;\">kongresovaecentrumkancelare<\/h3>\n\t\t\t\t\t\t\t\t\t\t\t<span data-alt=\"kongresovaecentrumkancelare\">https:\/\/www.prazskekancelare.com\/test\/wp-content\/uploads\/2018\/02\/kongresovaecentrumkancelare.jpg<\/span>\n\t\t\t\t\t\t\t\t\t\t<p><\/p>\n\t\t\t\t\t\t\t\t\t\t\t\t\t\t\t\t\t\t<a><img class=\"skip-lazy\" src=\"https:\/\/www.prazskekancelare.com\/test\/wp-content\/uploads\/2018\/02\/kongresovaecentrumkancelare-400x300.jpg\" alt=\"kongresovaecentrumkancelare\" \/><\/a>\n\t\t\t\t\t\t\t\t\t\t\t\t\t\t\t<\/li>\n\t\t\t\t\t\t\t<li>\n\t\t\t\t\t<h3 style=\"opacity:70;\">malekancelarekrponajmupraha4<\/h3>\n\t\t\t\t\t\t\t\t\t\t\t<span data-alt=\"malekancelarekrponajmupraha4\">https:\/\/www.prazskekancelare.com\/test\/wp-content\/uploads\/2018\/02\/malekancelarekrponajmupraha4.jpg<\/span>\n\t\t\t\t\t\t\t\t\t\t<p><\/p>\n\t\t\t\t\t\t\t\t\t\t\t\t\t\t\t\t\t\t<a><img class=\"skip-lazy\" src=\"https:\/\/www.prazskekancelare.com\/test\/wp-content\/uploads\/2018\/02\/malekancelarekrponajmupraha4-400x300.jpg\" alt=\"malekancelarekrponajmupraha4\" \/><\/a>\n\t\t\t\t\t\t\t\t\t\t\t\t\t\t\t<\/li>\n\t\t\t\t\t\t\t<li>\n\t\t\t\t\t<h3 style=\"opacity:70;\">pronajemkancelaripraha4<\/h3>\n\t\t\t\t\t\t\t\t\t\t\t<span data-alt=\"pronajemkancelaripraha4\">https:\/\/www.prazskekancelare.com\/test\/wp-content\/uploads\/2018\/02\/pronajemkancelaripraha4.jpg<\/span>\n\t\t\t\t\t\t\t\t\t\t<p><\/p>\n\t\t\t\t\t\t\t\t\t\t\t\t\t\t\t\t\t\t<a><img class=\"skip-lazy\" src=\"https:\/\/www.prazskekancelare.com\/test\/wp-content\/uploads\/2018\/02\/pronajemkancelaripraha4-400x300.jpg\" alt=\"pronajemkancelaripraha4\" \/><\/a>\n\t\t\t\t\t\t\t\t\t\t\t\t\t\t\t<\/li>\n\t\t\t\t\t\t\t<li>\n\t\t\t\t\t<h3 style=\"opacity:70;\">kancelarekongresovecentrum<\/h3>\n\t\t\t\t\t\t\t\t\t\t\t<span data-alt=\"kancelarekongresovecentrum\">https:\/\/www.prazskekancelare.com\/test\/wp-content\/uploads\/2018\/02\/kancelarekongresovecentrum.jpg<\/span>\n\t\t\t\t\t\t\t\t\t\t<p><\/p>\n\t\t\t\t\t\t\t\t\t\t\t\t\t\t\t\t\t\t<a><img class=\"skip-lazy\" src=\"https:\/\/www.prazskekancelare.com\/test\/wp-content\/uploads\/2018\/02\/kancelarekongresovecentrum-400x300.jpg\" alt=\"kancelarekongresovecentrum\" \/><\/a>\n\t\t\t\t\t\t\t\t\t\t\t\t\t\t\t<\/li>\n\t\t\t\t\t\t\t<li>\n\t\t\t\t\t<h3 style=\"opacity:70;\">kancelarekongresovecentrumpraha5<\/h3>\n\t\t\t\t\t\t\t\t\t\t\t<span data-alt=\"kancelarekongresovecentrumpraha5\">https:\/\/www.prazskekancelare.com\/test\/wp-content\/uploads\/2018\/02\/kancelarekongresovecentrumpraha5.jpg<\/span>\n\t\t\t\t\t\t\t\t\t\t<p><\/p>\n\t\t\t\t\t\t\t\t\t\t\t\t\t\t\t\t\t\t<a><img class=\"skip-lazy\" src=\"https:\/\/www.prazskekancelare.com\/test\/wp-content\/uploads\/2018\/02\/kancelarekongresovecentrumpraha5-400x300.jpg\" alt=\"kancelarekongresovecentrumpraha5\" \/><\/a>\n\t\t\t\t\t\t\t\t\t\t\t\t\t\t\t<\/li>\n\t\t\t\t\t\t<\/ul>\n\n\t\t<div id=\"slideshow-wrappergallery96492\" class=\"slideshow-wrapper\" style=\"--slideshow-width:1336px\">\n\t\t\n\t\t<div class=\"slideshow-fullsize\" id=\"fullsizegallery96492\">\n\t\t\t\t\t\t\t\t\t\t\t\t\t\t<div id=\"imgprevgallery96492\" class=\"slideshow-imgprev imgnav\" title=\"Previous Image\">Previous Image<\/div>\n\t\t\t\t\t\t<a id=\"imglinkgallery96492\" class=\"slideshow-imglink imglink\">\n\t\t\t\t<!-- link -->\n\t\t\t<\/a>\n\t\t\t\t\t\t\t\t\t\t\t<div id=\"imgnextgallery96492\" class=\"slideshow-imgnext imgnav\" title=\"Next Image\">Next Image<\/div>\n\t\t\t\t\t\t<div id=\"imagegallery96492\" class=\"slideshow-image\"><\/div>\n\t\t\t<div class=\"slideshow-information infobottom\" id=\"informationgallery96492\">\n\t\t\t\t<h3 class=\"slideshow-info-heading\">info heading<\/h3>\n\t\t\t\t<p class=\"slideshow-info-content\">info content<\/p>\n\t\t\t<\/div>\n\t\t<\/div>\n\n\t\t\t\t\t<div id=\"thumbnailsgallery96492\" class=\"slideshow-thumbnails thumbsbot\">\n\t\t\t\t<div class=\"slideshow-slideleft\" id=\"slideleftgallery96492\" title=\"Slide Left\"><\/div>\n\t\t\t\t<div class=\"slideshow-slidearea\" id=\"slideareagallery96492\">\n\t\t\t\t\t<div class=\"slideshow-slider\" id=\"slidergallery96492\"><\/div>\n\t\t\t\t<\/div>\n\t\t\t\t<div class=\"slideshow-slideright\" id=\"sliderightgallery96492\" title=\"Slide Right\"><\/div>\n\t\t\t\t<br style=\"clear:both; visibility:hidden; height:1px;\" \/>\n\t\t\t<\/div>\n\t\t\t<\/div>\n\n\t<br \/>\nP\u0159edstavujeme<strong> kancel\u00e1\u0159e Kongresov\u00e9 centrum Praha Vy\u0161ehrad<\/strong>.\u2705 Skv\u011ble dostupn\u00fd pron\u00e1jem kancel\u00e1\u0159\u00ed s prostory jsou po rekonstrukci, velmi reprezentativn\u00ed, sv\u011btl\u00e9, na m\u00edst\u011b s v\u00fdbornou ob\u010danskou i obchodn\u00ed vybavenost\u00ed a za zaj\u00edmavou cenu. Doporu\u010dujeme osobn\u00ed prohl\u00eddku BEZ provize v Kongresov\u00e9m centru, budete nad\u0161eni. KONGRESOV\u00c9 CENTRUM nab\u00edz\u00ed kancel\u00e1\u0159e v\u0161ech velikost\u00ed, ka\u017ed\u00fd si vybere. T\u011b\u0161\u00edme se na spolupr\u00e1ci.<\/p>\n<p><a href=\"\/poptavka-po-kancelarich-k-pronajmu\/\" target=\"_blank\"><img loading=\"lazy\" class=\"alignnone wp-image-3617 size-medium\" src=\"https:\/\/www.prazskekancelare.com\/test\/wp-content\/uploads\/2019\/12\/kancelare-5-5000m-300x46.png\" alt=\"kancel\u00e1\u0159e od 5m\" width=\"300\" height=\"46\" srcset=\"https:\/\/www.prazskekancelare.com\/test\/wp-content\/uploads\/2019\/12\/kancelare-5-5000m-300x46.png 300w, https:\/\/www.prazskekancelare.com\/test\/wp-content\/uploads\/2019\/12\/kancelare-5-5000m-1024x156.png 1024w\" sizes=\"(max-width: 300px) 100vw, 300px\" \/><\/a><\/p>\n<h2>Kongresov\u00e9 centrum kancel\u00e1\u0159e Praha 4 &#8211; budova, dostupnost<\/h2>\n<p><strong>Kancel\u00e1\u0159sk\u00e1 budova Kongresov\u00e9ho centra<\/strong> se nach\u00e1z\u00ed p\u0159\u00edmo na metru Vy\u0161ehrad. Kancel\u00e1\u0159e u\u017e nemohou b\u00fdt l\u00e9pe dostupn\u00e9. Pod budovou je nav\u00edc mnoho parkovac\u00edch st\u00e1n\u00ed. Budova pro\u0161la rekonstrukc\u00ed a nyn\u00ed p\u016fsob\u00ed opravdu reprezentativn\u00edm dojmem. V posledn\u00edch letech nejenom d\u00edky bl\u00edzk\u00e9mu hotelu a nov\u00fdm obchodn\u00edm prostor\u00e1m v okol\u00ed, za\u010d\u00edn\u00e1 b\u00fdt Kongresov\u00e9 centrum velmi obl\u00edben\u00e9 a n\u00e1jemci jsou zde nad\u0161eni.<\/p>\n<p>V\u00fdhodou je samoz\u0159ejm\u011b tak\u00e9 v\u00fdpadovka D1, na kterou je z budovy p\u0159\u00edmo napojen\u00ed. Budova je opravdu ide\u00e1ln\u00ed pro mal\u00e9, st\u0159edn\u00ed i velk\u00e9 spole\u010dnosti.<\/p>\n<h2>Kongresov\u00e9 centrum &#8211; kancel\u00e1\u0159e<\/h2>\n<p>Budova <strong>Kongresov\u00e9ho centra<\/strong> nab\u00edz\u00ed k pron\u00e1jmu kancel\u00e1\u0159sk\u00e9 plochy od 20m2 a\u017e po n\u011bkolik tis\u00edc metr\u016f. Z kancel\u00e1\u0159\u00ed je skv\u011bl\u00fd v\u00fdhled do zelen\u011b. Vybaven\u00ed kancel\u00e1\u0159\u00ed je modern\u00ed, v\u010detn\u011b nov\u00e9ho koberce, rozvod\u016f, vnit\u0159n\u00edch \u017ealuzi\u00ed, tel. linek, klimatizace\/vyt\u00e1p\u011bn\u00ed. Na ka\u017ed\u00e9m pat\u0159e budovy najdou n\u00e1jemci nav\u00edc kuchy\u0148ku a toalety.<\/p>\n<h2>V\u00fdhody kancel\u00e1\u0159\u00ed\u00a0na Vy\u0161ehrad\u011b<\/h2>\n<p>\u2022 bezbari\u00e9rov\u00fd p\u0159\u00edstup<br \/>\n\u2022 nonstop spr\u00e1vu a ostrahu objektu<br \/>\n\u2022 mnoho osobn\u00edch v\u00fdtah\u016f a n\u00e1kladn\u00ed v\u00fdtahy s nosnost\u00ed 2 a 5t<br \/>\n\u2022 modern\u00ed kuchy\u0148ky a toalety na patrech<br \/>\n\u2022 zaj\u00edmav\u00e9 slevy na zasedac\u00ed a kongresov\u00e9 m\u00edstnosti v budov\u011b<br \/>\n\u2022 klimatizace<br \/>\n\u2022 venkovn\u00ed \u017ealuzie<br \/>\n\u2022 nov\u00e9 koberce<br \/>\n\u2022 strukturovan\u00e1 kabel\u00e1\u017e<br \/>\n\u2022 telefonn\u00ed \u00fast\u0159edna<br \/>\n\u2022 elektrick\u00e1 po\u017e\u00e1rn\u00ed signalizace<br \/>\n\u2022 Komer\u010dn\u00ed banka v budov\u011b<br \/>\n\u2022 Hotel Holiday Inn Prague ihned vedle<br \/>\n\u2022 P\u016fj\u010dovna automobil\u016f v dom\u011b<br \/>\n\u2022 Fitness a Wellness<br \/>\n\u2022 Kv\u011btin\u00e1\u0159stv\u00ed<br \/>\n\u2022 \u010cerpac\u00ed stanice<\/p>\n<h2>Jak poptat kancel\u00e1\u0159 v Kongresov\u00e9m centru<\/h2>\n<p>V p\u0159\u00edpad\u011b Va\u0161eho z\u00e1jmu o <strong>kancel\u00e1\u0159e\u00a0v Kongresov\u00e9m centru<\/strong>\u00a0pros\u00edme o zasl\u00e1n\u00ed popt\u00e1vkov\u00e9ho formul\u00e1\u0159e. Doporu\u010dujeme prohl\u00eddku centra, ur\u010dit\u011b si vyberete.<\/p>\n<p>Rychl\u00fd popt\u00e1vkov\u00fd formul\u00e1\u0159 najdete na konci textu\u00a0a makl\u00e9\u0159e zodpov\u011bdn\u00e9ho za nemovitosti v prav\u00e9m sloupci.<br \/>\ne-mail:\u00a0<strong><a href=\"mailto:info@prazskekancelare.cz\">info@prazskekancelare.com<\/a><\/strong>\u00a0\/\u00a0telefon: <strong><span style=\"color: #ff0000;\">+420 773 295 925, +420 723 984 360<\/span><\/strong><\/p>\n<p><a href=\"\/poptavka-po-kancelarich-k-pronajmu\/\" target=\"_blank\"><img loading=\"lazy\" class=\"alignnone wp-image-3619 size-medium\" src=\"https:\/\/www.prazskekancelare.com\/test\/wp-content\/uploads\/2019\/12\/poptavejte-bez-provize-300x48.png\" alt=\"popt\u00e1vejte kancel\u00e1\u0159 bez provize\" width=\"300\" height=\"48\" srcset=\"https:\/\/www.prazskekancelare.com\/test\/wp-content\/uploads\/2019\/12\/poptavejte-bez-provize-300x48.png 300w, https:\/\/www.prazskekancelare.com\/test\/wp-content\/uploads\/2019\/12\/poptavejte-bez-provize-1024x163.png 1024w\" sizes=\"(max-width: 300px) 100vw, 300px\" \/><\/a><\/p>\n<h2>V\u00edce informac\u00ed o kancel\u00e1\u0159\u00edch v Kongresov\u00e9m centru:<\/h2>\n","protected":false},"author":1,"featured_media":2207,"comment_status":"closed","ping_status":"closed","template":"","yoast_head":"<!-- This site is optimized with the Yoast SEO plugin v16.4 - https:\/\/yoast.com\/wordpress\/plugins\/seo\/ -->\n<title>KONGRESOV\u00c9 CENTRUM kancel\u00e1\u0159e \u00ae Praha 4 | 400 Kancel\u00e1\u0159\u00ed<\/title>\n<meta name=\"description\" content=\"Popt\u00e1vejte kancel\u00e1\u0159e Kongresov\u00e9 centrum Praha 4 Vy\u0161ehrad \u2705| Kongresov\u00e9 centrum Praha kancel\u00e1\u0159e LEVN\u011a \u2705| Nab\u00eddky kancel\u00e1\u0159\u00ed do 30 minut | Provize 0%.\" \/>\n<meta name=\"robots\" content=\"noindex, follow, max-snippet:-1, max-image-preview:large, max-video-preview:-1\" \/>\n<meta property=\"og:locale\" content=\"cs_CZ\" \/>\n<meta property=\"og:type\" content=\"article\" \/>\n<meta property=\"og:title\" content=\"KONGRESOV\u00c9 CENTRUM kancel\u00e1\u0159e \u00ae Praha 4 | 400 Kancel\u00e1\u0159\u00ed\" \/>\n<meta property=\"og:description\" content=\"Popt\u00e1vejte kancel\u00e1\u0159e Kongresov\u00e9 centrum Praha 4 Vy\u0161ehrad \u2705| Kongresov\u00e9 centrum Praha kancel\u00e1\u0159e LEVN\u011a \u2705| Nab\u00eddky kancel\u00e1\u0159\u00ed do 30 minut | Provize 0%.\" \/>\n<meta property=\"og:url\" content=\"https:\/\/www.prazskekancelare.com\/test\/kancelare-k-pronajmu\/pronajem-kancelari-vysehrad-kongresove-centrum-praha-4\/\" \/>\n<meta property=\"og:site_name\" content=\"TEST - Pron\u00e1jem kancel\u00e1\u0159e Praha\" \/>\n<meta property=\"article:modified_time\" content=\"2020-01-01T18:15:23+00:00\" \/>\n<meta property=\"og:image\" content=\"https:\/\/www.prazskekancelare.com\/test\/wp-content\/uploads\/2018\/02\/kongresovaecentrumkancelare.jpg\" \/>\n\t<meta property=\"og:image:width\" content=\"1124\" \/>\n\t<meta property=\"og:image:height\" content=\"717\" \/>\n<meta name=\"twitter:card\" content=\"summary\" \/>\n<meta name=\"twitter:label1\" content=\"Odhadovan\u00e1 doba \u010dten\u00ed\" \/>\n\t<meta name=\"twitter:data1\" content=\"2 minuty\" \/>\n<script type=\"application\/ld+json\" class=\"yoast-schema-graph\">{\"@context\":\"https:\/\/schema.org\",\"@graph\":[{\"@type\":\"Organization\",\"@id\":\"https:\/\/www.prazskekancelare.com\/test\/#organization\",\"name\":\"Pron\\u00e1jem kancel\\u00e1\\u0159e Praha\",\"url\":\"https:\/\/www.prazskekancelare.com\/test\/\",\"sameAs\":[],\"logo\":{\"@type\":\"ImageObject\",\"@id\":\"https:\/\/www.prazskekancelare.com\/test\/#logo\",\"inLanguage\":\"cs\",\"url\":\"https:\/\/www.prazskekancelare.com\/test\/wp-content\/uploads\/2018\/05\/prazske-kancelare-com-logo.png\",\"contentUrl\":\"https:\/\/www.prazskekancelare.com\/test\/wp-content\/uploads\/2018\/05\/prazske-kancelare-com-logo.png\",\"width\":242,\"height\":59,\"caption\":\"Pron\\u00e1jem kancel\\u00e1\\u0159e Praha\"},\"image\":{\"@id\":\"https:\/\/www.prazskekancelare.com\/test\/#logo\"}},{\"@type\":\"WebSite\",\"@id\":\"https:\/\/www.prazskekancelare.com\/test\/#website\",\"url\":\"https:\/\/www.prazskekancelare.com\/test\/\",\"name\":\"TEST - Pron\\u00e1jem kancel\\u00e1\\u0159e Praha\",\"description\":\"Pron\\u00e1jem kancel\\u00e1\\u0159e Praha a Kancelare Praha\",\"publisher\":{\"@id\":\"https:\/\/www.prazskekancelare.com\/test\/#organization\"},\"potentialAction\":[{\"@type\":\"SearchAction\",\"target\":\"https:\/\/www.prazskekancelare.com\/test\/?s={search_term_string}\",\"query-input\":\"required name=search_term_string\"}],\"inLanguage\":\"cs\"},{\"@type\":\"ImageObject\",\"@id\":\"https:\/\/www.prazskekancelare.com\/test\/kancelare-k-pronajmu\/pronajem-kancelari-vysehrad-kongresove-centrum-praha-4\/#primaryimage\",\"inLanguage\":\"cs\",\"url\":\"https:\/\/www.prazskekancelare.com\/test\/wp-content\/uploads\/2018\/02\/kongresovaecentrumkancelare.jpg\",\"contentUrl\":\"https:\/\/www.prazskekancelare.com\/test\/wp-content\/uploads\/2018\/02\/kongresovaecentrumkancelare.jpg\",\"width\":1124,\"height\":717,\"caption\":\"kancel\\u00e1\\u0159e Kongresov\\u00e9 centrum Vy\\u0161ehrad Praha 4\"},{\"@type\":\"WebPage\",\"@id\":\"https:\/\/www.prazskekancelare.com\/test\/kancelare-k-pronajmu\/pronajem-kancelari-vysehrad-kongresove-centrum-praha-4\/#webpage\",\"url\":\"https:\/\/www.prazskekancelare.com\/test\/kancelare-k-pronajmu\/pronajem-kancelari-vysehrad-kongresove-centrum-praha-4\/\",\"name\":\"KONGRESOV\\u00c9 CENTRUM kancel\\u00e1\\u0159e \\u00ae Praha 4 | 400 Kancel\\u00e1\\u0159\\u00ed\",\"isPartOf\":{\"@id\":\"https:\/\/www.prazskekancelare.com\/test\/#website\"},\"primaryImageOfPage\":{\"@id\":\"https:\/\/www.prazskekancelare.com\/test\/kancelare-k-pronajmu\/pronajem-kancelari-vysehrad-kongresove-centrum-praha-4\/#primaryimage\"},\"datePublished\":\"2018-02-11T11:58:14+00:00\",\"dateModified\":\"2020-01-01T18:15:23+00:00\",\"description\":\"Popt\\u00e1vejte kancel\\u00e1\\u0159e Kongresov\\u00e9 centrum Praha 4 Vy\\u0161ehrad \\u2705| Kongresov\\u00e9 centrum Praha kancel\\u00e1\\u0159e LEVN\\u011a \\u2705| Nab\\u00eddky kancel\\u00e1\\u0159\\u00ed do 30 minut | Provize 0%.\",\"breadcrumb\":{\"@id\":\"https:\/\/www.prazskekancelare.com\/test\/kancelare-k-pronajmu\/pronajem-kancelari-vysehrad-kongresove-centrum-praha-4\/#breadcrumb\"},\"inLanguage\":\"cs\",\"potentialAction\":[{\"@type\":\"ReadAction\",\"target\":[\"https:\/\/www.prazskekancelare.com\/test\/kancelare-k-pronajmu\/pronajem-kancelari-vysehrad-kongresove-centrum-praha-4\/\"]}]},{\"@type\":\"BreadcrumbList\",\"@id\":\"https:\/\/www.prazskekancelare.com\/test\/kancelare-k-pronajmu\/pronajem-kancelari-vysehrad-kongresove-centrum-praha-4\/#breadcrumb\",\"itemListElement\":[{\"@type\":\"ListItem\",\"position\":1,\"item\":{\"@type\":\"WebPage\",\"@id\":\"https:\/\/www.prazskekancelare.com\/test\/\",\"url\":\"https:\/\/www.prazskekancelare.com\/test\/\",\"name\":\"Dom\\u016f\"}},{\"@type\":\"ListItem\",\"position\":2,\"item\":{\"@type\":\"WebPage\",\"@id\":\"https:\/\/www.prazskekancelare.com\/test\/kancelare-k-pronajmu\/\",\"url\":\"https:\/\/www.prazskekancelare.com\/test\/kancelare-k-pronajmu\/\",\"name\":\"Properties\"}},{\"@type\":\"ListItem\",\"position\":3,\"item\":{\"@id\":\"https:\/\/www.prazskekancelare.com\/test\/kancelare-k-pronajmu\/pronajem-kancelari-vysehrad-kongresove-centrum-praha-4\/#webpage\"}}]}]}<\/script>\n<!-- \/ Yoast SEO plugin. -->","cmb2":{"property_general":{"property_id":"ANO","property_year_built":"","property_address":"5. kv\u011btna 1640\/65,\r\n140 00 Praha 4\r\n","property_zip":"","property_contract":"","property_gallery":"","property_plans":"","property_video":"","property_parent_property":""},"property_flags":{"property_featured":"","property_sticky":"","property_reduced":"","property_sold":""},"property_contact":{"property_contact_name":"","property_contact_phone":""},"property_pricing":{"property_price":"250","property_price_prefix":"od","property_price_suffix":"K\u010d\/m2","property_price_custom":""},"property_attributes":{"property_rooms":"NE","property_beds":"5","property_baths":"NE","property_garages":"NE \/ \u010d\u00e1ste\u010dn\u011b","property_home_area":"","property_lot_dimensions":"","property_lot_area":"5 m2 - 5.000 m2"},"property_valuation":{"property_valuation_group":""},"property_public_facilities":{"property_public_facilities_group":""},"property_map_location":{"property_map_location":{"latitude":"50.0621517","longitude":"14.428607000000056"}},"property_relations":{"property_agents":["260"]}},"_links":{"self":[{"href":"https:\/\/www.prazskekancelare.com\/test\/wp-json\/wp\/v2\/property\/2211"}],"collection":[{"href":"https:\/\/www.prazskekancelare.com\/test\/wp-json\/wp\/v2\/property"}],"about":[{"href":"https:\/\/www.prazskekancelare.com\/test\/wp-json\/wp\/v2\/types\/property"}],"author":[{"embeddable":true,"href":"https:\/\/www.prazskekancelare.com\/test\/wp-json\/wp\/v2\/users\/1"}],"replies":[{"embeddable":true,"href":"https:\/\/www.prazskekancelare.com\/test\/wp-json\/wp\/v2\/comments?post=2211"}],"wp:featuredmedia":[{"embeddable":true,"href":"https:\/\/www.prazskekancelare.com\/test\/wp-json\/wp\/v2\/media\/2207"}],"wp:attachment":[{"href":"https:\/\/www.prazskekancelare.com\/test\/wp-json\/wp\/v2\/media?parent=2211"}],"curies":[{"name":"wp","href":"https:\/\/api.w.org\/{rel}","templated":true}]}}