{"id":2154,"date":"2017-10-06T17:00:42","date_gmt":"2017-10-06T15:00:42","guid":{"rendered":"https:\/\/www.prazskekancelare.com\/test\/?post_type=property&#038;p=2154"},"modified":"2020-01-02T10:18:30","modified_gmt":"2020-01-02T09:18:30","slug":"pronajem-kancelari-corso-karlin-krizikova","status":"publish","type":"property","link":"https:\/\/www.prazskekancelare.com\/test\/kancelare-k-pronajmu\/pronajem-kancelari-corso-karlin-krizikova\/","title":{"rendered":"Kancel\u00e1\u0159e CORSO Karl\u00edn Praha 8 <span style=\"color: #ff0000;\">n\u00e1\u0161 TIP<\/span>"},"content":{"rendered":"<p>\n\t<ul id=\"slideshowgallery92871\" class=\"slideshowgallery92871\" style=\"display:none;\">\n\t\t\t\t\t<!-- From all slides or gallery slides -->\n\t\t\t\t\t\t\t<li>\n\t\t\t\t\t<h3 style=\"opacity:70;\">pronajem kancelari praha 8<\/h3>\n\t\t\t\t\t\t\t\t\t\t\t<span data-alt=\"pronajem-kancelari-praha-8\">https:\/\/www.prazskekancelare.com\/test\/wp-content\/uploads\/2017\/10\/pronajem-kancelari-praha-8.jpg<\/span>\n\t\t\t\t\t\t\t\t\t\t<p><\/p>\n\t\t\t\t\t\t\t\t\t\t\t\t\t\t\t\t\t\t<a><img class=\"skip-lazy\" src=\"https:\/\/www.prazskekancelare.com\/test\/wp-content\/uploads\/2017\/10\/pronajem-kancelari-praha-8-400x300.jpg\" alt=\"pronajem-kancelari-praha-8\" \/><\/a>\n\t\t\t\t\t\t\t\t\t\t\t\t\t\t\t<\/li>\n\t\t\t\t\t\t\t<li>\n\t\t\t\t\t<h3 style=\"opacity:70;\">pronajem kancelare praha 8<\/h3>\n\t\t\t\t\t\t\t\t\t\t\t<span data-alt=\"pronajem-kancelare-praha-8\">https:\/\/www.prazskekancelare.com\/test\/wp-content\/uploads\/2017\/10\/pronajem-kancelare-praha-8.jpg<\/span>\n\t\t\t\t\t\t\t\t\t\t<p><\/p>\n\t\t\t\t\t\t\t\t\t\t\t\t\t\t\t\t\t\t<a><img class=\"skip-lazy\" src=\"https:\/\/www.prazskekancelare.com\/test\/wp-content\/uploads\/2017\/10\/pronajem-kancelare-praha-8-400x300.jpg\" alt=\"pronajem-kancelare-praha-8\" \/><\/a>\n\t\t\t\t\t\t\t\t\t\t\t\t\t\t\t<\/li>\n\t\t\t\t\t\t\t<li>\n\t\t\t\t\t<h3 style=\"opacity:70;\">kancelare praha 8 pronajem<\/h3>\n\t\t\t\t\t\t\t\t\t\t\t<span data-alt=\"kancelare-praha-8-pronajem\">https:\/\/www.prazskekancelare.com\/test\/wp-content\/uploads\/2017\/10\/kancelare-praha-8-pronajem.jpg<\/span>\n\t\t\t\t\t\t\t\t\t\t<p><\/p>\n\t\t\t\t\t\t\t\t\t\t\t\t\t\t\t\t\t\t<a><img class=\"skip-lazy\" src=\"https:\/\/www.prazskekancelare.com\/test\/wp-content\/uploads\/2017\/10\/kancelare-praha-8-pronajem-400x300.jpg\" alt=\"kancelare-praha-8-pronajem\" \/><\/a>\n\t\t\t\t\t\t\t\t\t\t\t\t\t\t\t<\/li>\n\t\t\t\t\t\t\t<li>\n\t\t\t\t\t<h3 style=\"opacity:70;\">kancelare karlin k pronajmu<\/h3>\n\t\t\t\t\t\t\t\t\t\t\t<span data-alt=\"kancelare-karlin-k-pronajmu\">https:\/\/www.prazskekancelare.com\/test\/wp-content\/uploads\/2017\/10\/kancelare-karlin-k-pronajmu.jpg<\/span>\n\t\t\t\t\t\t\t\t\t\t<p><\/p>\n\t\t\t\t\t\t\t\t\t\t\t\t\t\t\t\t\t\t<a><img class=\"skip-lazy\" src=\"https:\/\/www.prazskekancelare.com\/test\/wp-content\/uploads\/2017\/10\/kancelare-karlin-k-pronajmu-400x300.jpg\" alt=\"kancelare-karlin-k-pronajmu\" \/><\/a>\n\t\t\t\t\t\t\t\t\t\t\t\t\t\t\t<\/li>\n\t\t\t\t\t\t\t<li>\n\t\t\t\t\t<h3 style=\"opacity:70;\">kancelare corso karlin<\/h3>\n\t\t\t\t\t\t\t\t\t\t\t<span data-alt=\"kancelare-corso-karlin\">https:\/\/www.prazskekancelare.com\/test\/wp-content\/uploads\/2017\/10\/kancelare-corso-karlin.jpg<\/span>\n\t\t\t\t\t\t\t\t\t\t<p><\/p>\n\t\t\t\t\t\t\t\t\t\t\t\t\t\t\t\t\t\t<a><img class=\"skip-lazy\" src=\"https:\/\/www.prazskekancelare.com\/test\/wp-content\/uploads\/2017\/10\/kancelare-corso-karlin-400x300.jpg\" alt=\"kancelare-corso-karlin\" \/><\/a>\n\t\t\t\t\t\t\t\t\t\t\t\t\t\t\t<\/li>\n\t\t\t\t\t\t\t<li>\n\t\t\t\t\t<h3 style=\"opacity:70;\">kancelar na pronajem Karlin<\/h3>\n\t\t\t\t\t\t\t\t\t\t\t<span data-alt=\"kancelar-na-pronajem-karlin\">https:\/\/www.prazskekancelare.com\/test\/wp-content\/uploads\/2017\/10\/kancelar-na-pronajem-karlin.jpg<\/span>\n\t\t\t\t\t\t\t\t\t\t<p><\/p>\n\t\t\t\t\t\t\t\t\t\t\t\t\t\t\t\t\t\t<a><img class=\"skip-lazy\" src=\"https:\/\/www.prazskekancelare.com\/test\/wp-content\/uploads\/2017\/10\/kancelar-na-pronajem-karlin-400x300.jpg\" alt=\"kancelar-na-pronajem-karlin\" \/><\/a>\n\t\t\t\t\t\t\t\t\t\t\t\t\t\t\t<\/li>\n\t\t\t\t\t\t<\/ul>\n\n\t\t<div id=\"slideshow-wrappergallery92871\" class=\"slideshow-wrapper\" style=\"--slideshow-width:756px\">\n\t\t\n\t\t<div class=\"slideshow-fullsize\" id=\"fullsizegallery92871\">\n\t\t\t\t\t\t\t\t\t\t\t\t\t\t<div id=\"imgprevgallery92871\" class=\"slideshow-imgprev imgnav\" title=\"Previous Image\">Previous Image<\/div>\n\t\t\t\t\t\t<a id=\"imglinkgallery92871\" class=\"slideshow-imglink imglink\">\n\t\t\t\t<!-- link -->\n\t\t\t<\/a>\n\t\t\t\t\t\t\t\t\t\t\t<div id=\"imgnextgallery92871\" class=\"slideshow-imgnext imgnav\" title=\"Next Image\">Next Image<\/div>\n\t\t\t\t\t\t<div id=\"imagegallery92871\" class=\"slideshow-image\"><\/div>\n\t\t\t<div class=\"slideshow-information infobottom\" id=\"informationgallery92871\">\n\t\t\t\t<h3 class=\"slideshow-info-heading\">info heading<\/h3>\n\t\t\t\t<p class=\"slideshow-info-content\">info content<\/p>\n\t\t\t<\/div>\n\t\t<\/div>\n\n\t\t\t\t\t<div id=\"thumbnailsgallery92871\" class=\"slideshow-thumbnails thumbsbot\">\n\t\t\t\t<div class=\"slideshow-slideleft\" id=\"slideleftgallery92871\" title=\"Slide Left\"><\/div>\n\t\t\t\t<div class=\"slideshow-slidearea\" id=\"slideareagallery92871\">\n\t\t\t\t\t<div class=\"slideshow-slider\" id=\"slidergallery92871\"><\/div>\n\t\t\t\t<\/div>\n\t\t\t\t<div class=\"slideshow-slideright\" id=\"sliderightgallery92871\" title=\"Slide Right\"><\/div>\n\t\t\t\t<br style=\"clear:both; visibility:hidden; height:1px;\" \/>\n\t\t\t<\/div>\n\t\t\t<\/div>\n\n\t<br \/>\nP\u0159edstavujeme<strong> kancel\u00e1\u0159e CORSO Karl\u00edn \u2705,<\/strong> pron\u00e1jem kancel\u00e1\u0159\u00ed na Praze 8 ihned vedle metra K\u0159i\u017e\u00edkova. Kancel\u00e1\u0159sk\u00e1 budova je symbolem nov\u00e9ho, modern\u00edho a vkusn\u011b \u0159e\u0161en\u00e9ho Karl\u00edna. Kancel\u00e1\u0159e jsou sv\u011btl\u00e9, vzdu\u0161n\u00e9 a velmi reprezentativn\u00ed. Lokalita i budova jsou obl\u00edbeny u renomovan\u00fdch \u010desk\u00fdch i zahrani\u010dn\u00edch firem.<\/p>\n<p><strong>Corso Karl\u00edn<\/strong> nab\u00edz\u00ed kancel\u00e1\u0159e od 5 m2 do 5.000 m2 &#8211; Poj\u010fme se tam spolu pod\u00edvat na rychlou prohl\u00eddku BEZ jak\u00e9koli provize. Jsme v\u00e1m kdykoli k dispozici.<\/p>\n<div id=\"attachment_3617\" style=\"width: 310px\" class=\"wp-caption alignnone\"><a href=\"\/poptavka-po-kancelarich-k-pronajmu\/\" target=\"_blank\"><img aria-describedby=\"caption-attachment-3617\" loading=\"lazy\" class=\"wp-image-3617 size-medium\" src=\"https:\/\/www.prazskekancelare.com\/test\/wp-content\/uploads\/2019\/12\/kancelare-5-5000m-300x46.png\" alt=\"pron\u00e1jem kancel\u00e1\u0159e praha\" width=\"300\" height=\"46\" srcset=\"https:\/\/www.prazskekancelare.com\/test\/wp-content\/uploads\/2019\/12\/kancelare-5-5000m-300x46.png 300w, https:\/\/www.prazskekancelare.com\/test\/wp-content\/uploads\/2019\/12\/kancelare-5-5000m-1024x156.png 1024w\" sizes=\"(max-width: 300px) 100vw, 300px\" \/><\/a><p id=\"caption-attachment-3617\" class=\"wp-caption-text\"><span style=\"color: #ffffff;\">pron\u00e1jem kancel\u00e1\u0159e<\/span><\/p><\/div>\n<h2>Corso Karl\u00edn kancel\u00e1\u0159e Praha 8 &#8211; lokalita<\/h2>\n<p>Kancel\u00e1\u0159e k pron\u00e1jmu v budov\u011b CORSO KARL\u00cdN najdete v sam\u00e9m srdci Karl\u00edna, ihned u stanice metra K\u0159i\u017e\u00edkova (trasa B). D\u00edky metru je zaru\u010dena skv\u011bl\u00e1 dostupnost pro zam\u011bstnance i obchodn\u00ed partnery. Karl\u00edn se m\u016f\u017ee pochlubit tak\u00e9 velmi rychl\u00fdm p\u0159\u00edstupem do ostatn\u00edch \u010d\u00e1st\u00ed Prahy, d\u00edky dopravn\u00edm uzl\u016fm.<\/p>\n<h2>Kancel\u00e1\u0159e Corso Karl\u00edn<\/h2>\n<p>Kancel\u00e1\u0159sk\u00e9 prostory k pron\u00e1jmu spl\u0148uj\u00ed v\u0161echny modern\u00ed standardy pro kancel\u00e1\u0159sk\u00e9 prostory. Nav\u00edc si ov\u0161em udr\u017euj\u00ed pr\u016fmyslov\u00e9ho ducha, d\u00edky kter\u00e9mu jsou prostory inspirativn\u00ed, modern\u00ed a sv\u011btl\u00e9.<br \/>\nCelkov\u00e1 rozloha budovy je cca 10 000 m2 ve 3 patrech a nejmen\u0161\u00ed jednotka je cca 200m.<br \/>\nV p\u0159\u00edzem\u00ed v\u00edt\u00e1 n\u00e1v\u0161t\u011bvn\u00edky reprezentativn\u00ed recepce, pod budovou jsou k dispozici parkovac\u00ed st\u00e1n\u00ed a vedle budovy je poveden\u00e9, zelen\u00e9 prostranstv\u00ed p\u0159izp\u016fsoben\u00e9 odpo\u010dinku a relaxu.<br \/>\nKancel\u00e1\u0159e v\u0159ele doporu\u010dujeme a t\u011b\u0161\u00edme se na p\u0159\u00edpadnou prohl\u00eddku.<\/p>\n<h2>Provize za zprost\u0159edkov\u00e1n\u00ed kancel\u00e1\u0159\u00ed Corso K\u0159i\u017e\u00edkova<\/h2>\n<p>Ve\u0161ker\u00e9 slu\u017eby na\u0161\u00ed spole\u010dnosti a jej\u00edch makl\u00e9\u0159\u016f jsou bez provize.\u00a0<strong>Nab\u00eddky zas\u00edl\u00e1me do 30ti minut!<\/strong><\/p>\n<h2>Jak poptat kancel\u00e1\u0159 Corso na Praze 8?<\/h2>\n<p>Pro zasl\u00e1n\u00ed kompletn\u00ed nab\u00eddky s aktu\u00e1ln\u011b dostupn\u00fdmi kancel\u00e1\u0159emi k pron\u00e1jmu <strong>Corso Praha 8 Karl\u00edn<\/strong>,\u00a0n\u00e1s pros\u00edm nev\u00e1hejte kdykoli kontaktovat.<\/p>\n<p>Rychl\u00fd popt\u00e1vkov\u00fd formul\u00e1\u0159 najdete na konci textu\u00a0a makl\u00e9\u0159e zodpov\u011bdn\u00e9ho za nemovitosti v prav\u00e9m sloupci.<br \/>\ne-mail:\u00a0<strong><a href=\"mailto:info@prazskekancelare.cz\">info@prazskekancelare.com<\/a><\/strong>\u00a0\/\u00a0telefon: <strong><span style=\"color: #ff0000;\">+420 773 295 925, +420 723 984 360<\/span><\/strong><\/p>\n<div id=\"attachment_3619\" style=\"width: 310px\" class=\"wp-caption alignnone\"><a href=\"\/\" target=\"_blank\"><img aria-describedby=\"caption-attachment-3619\" loading=\"lazy\" class=\"wp-image-3619 size-medium\" src=\"https:\/\/www.prazskekancelare.com\/test\/wp-content\/uploads\/2019\/12\/poptavejte-bez-provize-300x48.png\" alt=\"pron\u00e1jem kancel\u00e1\u0159e praha\" width=\"300\" height=\"48\" srcset=\"https:\/\/www.prazskekancelare.com\/test\/wp-content\/uploads\/2019\/12\/poptavejte-bez-provize-300x48.png 300w, https:\/\/www.prazskekancelare.com\/test\/wp-content\/uploads\/2019\/12\/poptavejte-bez-provize-1024x163.png 1024w\" sizes=\"(max-width: 300px) 100vw, 300px\" \/><\/a><p id=\"caption-attachment-3619\" class=\"wp-caption-text\"><span style=\"color: #ffffff;\">pron\u00e1jem kancel\u00e1\u0159e praha<\/span><\/p><\/div>\n<h2>V\u00edce informac\u00ed kancel\u00e1\u0159\u00edch v Corso Karl\u00edn:<\/h2>\n","protected":false},"author":1,"featured_media":2152,"comment_status":"closed","ping_status":"closed","template":"","yoast_head":"<!-- This site is optimized with the Yoast SEO plugin v16.4 - https:\/\/yoast.com\/wordpress\/plugins\/seo\/ -->\n<title>CORSO Karl\u00edn kancel\u00e1\u0159e \u00ae Praha 8 K\u0159i\u017e\u00edkova | 800 Kancel\u00e1\u0159\u00ed&gt;&gt;<\/title>\n<meta name=\"description\" content=\"Popt\u00e1vejte kancel\u00e1\u0159e Corso Karl\u00edn Praha 8 metro K\u0159i\u017e\u00edkova \u2705| Corso Karl\u00edn LEVN\u011a a 800 kancel\u00e1\u0159\u00ed k pron\u00e1jmu v Praze \u2705| Kancel\u00e1\u0159e obratem Bez Provize.\" \/>\n<meta name=\"robots\" content=\"noindex, follow, max-snippet:-1, max-image-preview:large, max-video-preview:-1\" \/>\n<meta property=\"og:locale\" content=\"cs_CZ\" \/>\n<meta property=\"og:type\" content=\"article\" \/>\n<meta property=\"og:title\" content=\"CORSO Karl\u00edn kancel\u00e1\u0159e \u00ae Praha 8 K\u0159i\u017e\u00edkova | 800 Kancel\u00e1\u0159\u00ed&gt;&gt;\" \/>\n<meta property=\"og:description\" content=\"Popt\u00e1vejte kancel\u00e1\u0159e Corso Karl\u00edn Praha 8 metro K\u0159i\u017e\u00edkova \u2705| Corso Karl\u00edn LEVN\u011a a 800 kancel\u00e1\u0159\u00ed k pron\u00e1jmu v Praze \u2705| Kancel\u00e1\u0159e obratem Bez Provize.\" \/>\n<meta property=\"og:url\" content=\"https:\/\/www.prazskekancelare.com\/test\/kancelare-k-pronajmu\/pronajem-kancelari-corso-karlin-krizikova\/\" \/>\n<meta property=\"og:site_name\" content=\"TEST - Pron\u00e1jem kancel\u00e1\u0159e Praha\" \/>\n<meta property=\"article:modified_time\" content=\"2020-01-02T09:18:30+00:00\" \/>\n<meta property=\"og:image\" content=\"https:\/\/www.prazskekancelare.com\/test\/wp-content\/uploads\/2017\/10\/pronajem-kancelare-praha-8.jpg\" \/>\n\t<meta property=\"og:image:width\" content=\"1178\" \/>\n\t<meta property=\"og:image:height\" content=\"622\" \/>\n<meta name=\"twitter:card\" content=\"summary\" \/>\n<meta name=\"twitter:label1\" content=\"Odhadovan\u00e1 doba \u010dten\u00ed\" \/>\n\t<meta name=\"twitter:data1\" content=\"2 minuty\" \/>\n<script type=\"application\/ld+json\" class=\"yoast-schema-graph\">{\"@context\":\"https:\/\/schema.org\",\"@graph\":[{\"@type\":\"Organization\",\"@id\":\"https:\/\/www.prazskekancelare.com\/test\/#organization\",\"name\":\"Pron\\u00e1jem kancel\\u00e1\\u0159e Praha\",\"url\":\"https:\/\/www.prazskekancelare.com\/test\/\",\"sameAs\":[],\"logo\":{\"@type\":\"ImageObject\",\"@id\":\"https:\/\/www.prazskekancelare.com\/test\/#logo\",\"inLanguage\":\"cs\",\"url\":\"https:\/\/www.prazskekancelare.com\/test\/wp-content\/uploads\/2018\/05\/prazske-kancelare-com-logo.png\",\"contentUrl\":\"https:\/\/www.prazskekancelare.com\/test\/wp-content\/uploads\/2018\/05\/prazske-kancelare-com-logo.png\",\"width\":242,\"height\":59,\"caption\":\"Pron\\u00e1jem kancel\\u00e1\\u0159e Praha\"},\"image\":{\"@id\":\"https:\/\/www.prazskekancelare.com\/test\/#logo\"}},{\"@type\":\"WebSite\",\"@id\":\"https:\/\/www.prazskekancelare.com\/test\/#website\",\"url\":\"https:\/\/www.prazskekancelare.com\/test\/\",\"name\":\"TEST - Pron\\u00e1jem kancel\\u00e1\\u0159e Praha\",\"description\":\"Pron\\u00e1jem kancel\\u00e1\\u0159e Praha a Kancelare Praha\",\"publisher\":{\"@id\":\"https:\/\/www.prazskekancelare.com\/test\/#organization\"},\"potentialAction\":[{\"@type\":\"SearchAction\",\"target\":\"https:\/\/www.prazskekancelare.com\/test\/?s={search_term_string}\",\"query-input\":\"required name=search_term_string\"}],\"inLanguage\":\"cs\"},{\"@type\":\"ImageObject\",\"@id\":\"https:\/\/www.prazskekancelare.com\/test\/kancelare-k-pronajmu\/pronajem-kancelari-corso-karlin-krizikova\/#primaryimage\",\"inLanguage\":\"cs\",\"url\":\"https:\/\/www.prazskekancelare.com\/test\/wp-content\/uploads\/2017\/10\/pronajem-kancelare-praha-8.jpg\",\"contentUrl\":\"https:\/\/www.prazskekancelare.com\/test\/wp-content\/uploads\/2017\/10\/pronajem-kancelare-praha-8.jpg\",\"width\":1178,\"height\":622,\"caption\":\"kancel\\u00e1\\u0159e Corso Karl\\u00edn Praha 8\"},{\"@type\":\"WebPage\",\"@id\":\"https:\/\/www.prazskekancelare.com\/test\/kancelare-k-pronajmu\/pronajem-kancelari-corso-karlin-krizikova\/#webpage\",\"url\":\"https:\/\/www.prazskekancelare.com\/test\/kancelare-k-pronajmu\/pronajem-kancelari-corso-karlin-krizikova\/\",\"name\":\"CORSO Karl\\u00edn kancel\\u00e1\\u0159e \\u00ae Praha 8 K\\u0159i\\u017e\\u00edkova | 800 Kancel\\u00e1\\u0159\\u00ed>>\",\"isPartOf\":{\"@id\":\"https:\/\/www.prazskekancelare.com\/test\/#website\"},\"primaryImageOfPage\":{\"@id\":\"https:\/\/www.prazskekancelare.com\/test\/kancelare-k-pronajmu\/pronajem-kancelari-corso-karlin-krizikova\/#primaryimage\"},\"datePublished\":\"2017-10-06T15:00:42+00:00\",\"dateModified\":\"2020-01-02T09:18:30+00:00\",\"description\":\"Popt\\u00e1vejte kancel\\u00e1\\u0159e Corso Karl\\u00edn Praha 8 metro K\\u0159i\\u017e\\u00edkova \\u2705| Corso Karl\\u00edn LEVN\\u011a a 800 kancel\\u00e1\\u0159\\u00ed k pron\\u00e1jmu v Praze \\u2705| Kancel\\u00e1\\u0159e obratem Bez Provize.\",\"breadcrumb\":{\"@id\":\"https:\/\/www.prazskekancelare.com\/test\/kancelare-k-pronajmu\/pronajem-kancelari-corso-karlin-krizikova\/#breadcrumb\"},\"inLanguage\":\"cs\",\"potentialAction\":[{\"@type\":\"ReadAction\",\"target\":[\"https:\/\/www.prazskekancelare.com\/test\/kancelare-k-pronajmu\/pronajem-kancelari-corso-karlin-krizikova\/\"]}]},{\"@type\":\"BreadcrumbList\",\"@id\":\"https:\/\/www.prazskekancelare.com\/test\/kancelare-k-pronajmu\/pronajem-kancelari-corso-karlin-krizikova\/#breadcrumb\",\"itemListElement\":[{\"@type\":\"ListItem\",\"position\":1,\"item\":{\"@type\":\"WebPage\",\"@id\":\"https:\/\/www.prazskekancelare.com\/test\/\",\"url\":\"https:\/\/www.prazskekancelare.com\/test\/\",\"name\":\"Dom\\u016f\"}},{\"@type\":\"ListItem\",\"position\":2,\"item\":{\"@type\":\"WebPage\",\"@id\":\"https:\/\/www.prazskekancelare.com\/test\/kancelare-k-pronajmu\/\",\"url\":\"https:\/\/www.prazskekancelare.com\/test\/kancelare-k-pronajmu\/\",\"name\":\"Properties\"}},{\"@type\":\"ListItem\",\"position\":3,\"item\":{\"@id\":\"https:\/\/www.prazskekancelare.com\/test\/kancelare-k-pronajmu\/pronajem-kancelari-corso-karlin-krizikova\/#webpage\"}}]}]}<\/script>\n<!-- \/ Yoast SEO plugin. -->","cmb2":{"property_general":{"property_id":"ANO","property_year_built":"","property_address":"K\u0159i\u017e\u00edkova 36a, \r\n186 00 Praha 8","property_zip":"","property_contract":"","property_gallery":"","property_plans":"","property_video":"","property_parent_property":""},"property_flags":{"property_featured":"","property_sticky":"","property_reduced":"","property_sold":""},"property_contact":{"property_contact_name":"","property_contact_phone":""},"property_pricing":{"property_price":"330","property_price_prefix":"od","property_price_suffix":"K\u010d\/m2","property_price_custom":""},"property_attributes":{"property_rooms":"NE","property_beds":"4","property_baths":"NE","property_garages":"ANO i NE (dle va\u0161\u00ed volby)","property_home_area":"","property_lot_dimensions":"","property_lot_area":"50 m2 - 2.000 m2"},"property_valuation":{"property_valuation_group":""},"property_public_facilities":{"property_public_facilities_group":""},"property_map_location":{"property_map_location":{"latitude":"50.09234109999999","longitude":"14.451192200000037"}},"property_relations":{"property_agents":["260"]}},"_links":{"self":[{"href":"https:\/\/www.prazskekancelare.com\/test\/wp-json\/wp\/v2\/property\/2154"}],"collection":[{"href":"https:\/\/www.prazskekancelare.com\/test\/wp-json\/wp\/v2\/property"}],"about":[{"href":"https:\/\/www.prazskekancelare.com\/test\/wp-json\/wp\/v2\/types\/property"}],"author":[{"embeddable":true,"href":"https:\/\/www.prazskekancelare.com\/test\/wp-json\/wp\/v2\/users\/1"}],"replies":[{"embeddable":true,"href":"https:\/\/www.prazskekancelare.com\/test\/wp-json\/wp\/v2\/comments?post=2154"}],"wp:featuredmedia":[{"embeddable":true,"href":"https:\/\/www.prazskekancelare.com\/test\/wp-json\/wp\/v2\/media\/2152"}],"wp:attachment":[{"href":"https:\/\/www.prazskekancelare.com\/test\/wp-json\/wp\/v2\/media?parent=2154"}],"curies":[{"name":"wp","href":"https:\/\/api.w.org\/{rel}","templated":true}]}}