{"id":2046,"date":"2017-04-21T12:02:40","date_gmt":"2017-04-21T10:02:40","guid":{"rendered":"https:\/\/www.prazskekancelare.com\/test\/?post_type=property&#038;p=2046"},"modified":"2019-03-16T09:31:24","modified_gmt":"2019-03-16T08:31:24","slug":"pronajem-kancelare-antala-staska-praha-4","status":"publish","type":"property","link":"https:\/\/www.prazskekancelare.com\/test\/kancelare-k-pronajmu\/pronajem-kancelare-antala-staska-praha-4\/","title":{"rendered":"Kancel\u00e1\u0159e ANTALA Sta\u0161ka Praha 4 <span style=\"color: #ff0000;\">v\u00fdhodn\u00e9<\/span>"},"content":{"rendered":"<p>\n\t<ul id=\"slideshowgallery8492\" class=\"slideshowgallery8492\" style=\"display:none;\">\n\t\t\t\t\t<!-- From all slides or gallery slides -->\n\t\t\t\t\t\t\t<li>\n\t\t\t\t\t<h3 style=\"opacity:70;\">pronajem kancelari praha 4<\/h3>\n\t\t\t\t\t\t\t\t\t\t\t<span data-alt=\"pronajem-kancelari-praha-4\">https:\/\/www.prazskekancelare.com\/test\/wp-content\/uploads\/2017\/04\/pronajem-kancelari-praha-4.jpg<\/span>\n\t\t\t\t\t\t\t\t\t\t<p><\/p>\n\t\t\t\t\t\t\t\t\t\t\t\t\t\t\t\t\t\t<a><img class=\"skip-lazy\" src=\"https:\/\/www.prazskekancelare.com\/test\/wp-content\/uploads\/2017\/04\/pronajem-kancelari-praha-4-400x300.jpg\" alt=\"pronajem-kancelari-praha-4\" \/><\/a>\n\t\t\t\t\t\t\t\t\t\t\t\t\t\t\t<\/li>\n\t\t\t\t\t\t\t<li>\n\t\t\t\t\t<h3 style=\"opacity:70;\">kancelare budejovicka praha 4<\/h3>\n\t\t\t\t\t\t\t\t\t\t\t<span data-alt=\"kancelare-budejovicka-praha-4\">https:\/\/www.prazskekancelare.com\/test\/wp-content\/uploads\/2017\/04\/kancelare-budejovicka-praha-4.jpg<\/span>\n\t\t\t\t\t\t\t\t\t\t<p><\/p>\n\t\t\t\t\t\t\t\t\t\t\t\t\t\t\t\t\t\t<a><img class=\"skip-lazy\" src=\"https:\/\/www.prazskekancelare.com\/test\/wp-content\/uploads\/2017\/04\/kancelare-budejovicka-praha-4-300x225.jpg\" alt=\"kancelare-budejovicka-praha-4\" \/><\/a>\n\t\t\t\t\t\t\t\t\t\t\t\t\t\t\t<\/li>\n\t\t\t\t\t\t\t<li>\n\t\t\t\t\t<h3 style=\"opacity:70;\">kancelare k pronajmu Antala Staska<\/h3>\n\t\t\t\t\t\t\t\t\t\t\t<span data-alt=\"kancelare-k-pronajmu-antala-staska\">https:\/\/www.prazskekancelare.com\/test\/wp-content\/uploads\/2017\/04\/kancelare-k-pronajmu-antala-staska.jpg<\/span>\n\t\t\t\t\t\t\t\t\t\t<p><\/p>\n\t\t\t\t\t\t\t\t\t\t\t\t\t\t\t\t\t\t<a><img class=\"skip-lazy\" src=\"https:\/\/www.prazskekancelare.com\/test\/wp-content\/uploads\/2017\/04\/kancelare-k-pronajmu-antala-staska-400x300.jpg\" alt=\"kancelare-k-pronajmu-antala-staska\" \/><\/a>\n\t\t\t\t\t\t\t\t\t\t\t\t\t\t\t<\/li>\n\t\t\t\t\t\t\t<li>\n\t\t\t\t\t<h3 style=\"opacity:70;\">kancelare levne na praze 4<\/h3>\n\t\t\t\t\t\t\t\t\t\t\t<span data-alt=\"kancelare-levne-na-praze-4\">https:\/\/www.prazskekancelare.com\/test\/wp-content\/uploads\/2017\/04\/kancelare-levne-na-praze-4.jpg<\/span>\n\t\t\t\t\t\t\t\t\t\t<p><\/p>\n\t\t\t\t\t\t\t\t\t\t\t\t\t\t\t\t\t\t<a><img class=\"skip-lazy\" src=\"https:\/\/www.prazskekancelare.com\/test\/wp-content\/uploads\/2017\/04\/kancelare-levne-na-praze-4-400x300.jpg\" alt=\"kancelare-levne-na-praze-4\" \/><\/a>\n\t\t\t\t\t\t\t\t\t\t\t\t\t\t\t<\/li>\n\t\t\t\t\t\t\t<li>\n\t\t\t\t\t<h3 style=\"opacity:70;\">parkovaci stani Praha 4<\/h3>\n\t\t\t\t\t\t\t\t\t\t\t<span data-alt=\"parkovaci-stani-praha-4\">https:\/\/www.prazskekancelare.com\/test\/wp-content\/uploads\/2017\/04\/parkovaci-stani-praha-4.jpg<\/span>\n\t\t\t\t\t\t\t\t\t\t<p><\/p>\n\t\t\t\t\t\t\t\t\t\t\t\t\t\t\t\t\t\t<a><img class=\"skip-lazy\" src=\"https:\/\/www.prazskekancelare.com\/test\/wp-content\/uploads\/2017\/04\/parkovaci-stani-praha-4-400x300.jpg\" alt=\"parkovaci-stani-praha-4\" \/><\/a>\n\t\t\t\t\t\t\t\t\t\t\t\t\t\t\t<\/li>\n\t\t\t\t\t\t\t<li>\n\t\t\t\t\t<h3 style=\"opacity:70;\">pronajem kancelare antala staska<\/h3>\n\t\t\t\t\t\t\t\t\t\t\t<span data-alt=\"pronajem-kancelare-antala-staska\">https:\/\/www.prazskekancelare.com\/test\/wp-content\/uploads\/2017\/04\/pronajem-kancelare-antala-staska.jpg<\/span>\n\t\t\t\t\t\t\t\t\t\t<p><\/p>\n\t\t\t\t\t\t\t\t\t\t\t\t\t\t\t\t\t\t<a><img class=\"skip-lazy\" src=\"https:\/\/www.prazskekancelare.com\/test\/wp-content\/uploads\/2017\/04\/pronajem-kancelare-antala-staska-400x300.jpg\" alt=\"pronajem-kancelare-antala-staska\" \/><\/a>\n\t\t\t\t\t\t\t\t\t\t\t\t\t\t\t<\/li>\n\t\t\t\t\t\t\t<li>\n\t\t\t\t\t<h3 style=\"opacity:70;\">pronajem kancelare praha 4 budejovicka<\/h3>\n\t\t\t\t\t\t\t\t\t\t\t<span data-alt=\"pronajem-kancelare-praha-4-budejovicka\">https:\/\/www.prazskekancelare.com\/test\/wp-content\/uploads\/2017\/04\/pronajem-kancelare-praha-4-budejovicka.jpg<\/span>\n\t\t\t\t\t\t\t\t\t\t<p><\/p>\n\t\t\t\t\t\t\t\t\t\t\t\t\t\t\t\t\t\t<a><img class=\"skip-lazy\" src=\"https:\/\/www.prazskekancelare.com\/test\/wp-content\/uploads\/2017\/04\/pronajem-kancelare-praha-4-budejovicka-400x300.jpg\" alt=\"pronajem-kancelare-praha-4-budejovicka\" \/><\/a>\n\t\t\t\t\t\t\t\t\t\t\t\t\t\t\t<\/li>\n\t\t\t\t\t\t\t<li>\n\t\t\t\t\t<h3 style=\"opacity:70;\">pronajem kancelaree na budejovicke praha 4<\/h3>\n\t\t\t\t\t\t\t\t\t\t\t<span data-alt=\"pronajem-kancelaree-na-budejovicke-praha-4\">https:\/\/www.prazskekancelare.com\/test\/wp-content\/uploads\/2017\/04\/pronajem-kancelaree-na-budejovicke-praha-4.jpg<\/span>\n\t\t\t\t\t\t\t\t\t\t<p><\/p>\n\t\t\t\t\t\t\t\t\t\t\t\t\t\t\t\t\t\t<a><img class=\"skip-lazy\" src=\"https:\/\/www.prazskekancelare.com\/test\/wp-content\/uploads\/2017\/04\/pronajem-kancelaree-na-budejovicke-praha-4-400x300.jpg\" alt=\"pronajem-kancelaree-na-budejovicke-praha-4\" \/><\/a>\n\t\t\t\t\t\t\t\t\t\t\t\t\t\t\t<\/li>\n\t\t\t\t\t\t\t<li>\n\t\t\t\t\t<h3 style=\"opacity:70;\">pronajem kancelari praha 4 levne<\/h3>\n\t\t\t\t\t\t\t\t\t\t\t<span data-alt=\"pronajem-kancelari-praha-4-levne\">https:\/\/www.prazskekancelare.com\/test\/wp-content\/uploads\/2017\/04\/pronajem-kancelari-praha-4-levne.jpg<\/span>\n\t\t\t\t\t\t\t\t\t\t<p><\/p>\n\t\t\t\t\t\t\t\t\t\t\t\t\t\t\t\t\t\t<a><img class=\"skip-lazy\" src=\"https:\/\/www.prazskekancelare.com\/test\/wp-content\/uploads\/2017\/04\/pronajem-kancelari-praha-4-levne-400x300.jpg\" alt=\"pronajem-kancelari-praha-4-levne\" \/><\/a>\n\t\t\t\t\t\t\t\t\t\t\t\t\t\t\t<\/li>\n\t\t\t\t\t\t\t<li>\n\t\t\t\t\t<h3 style=\"opacity:70;\">kancelare antala staska<\/h3>\n\t\t\t\t\t\t\t\t\t\t\t<span data-alt=\"kancelare-antala-staska\">https:\/\/www.prazskekancelare.com\/test\/wp-content\/uploads\/2017\/04\/kancelare-antala-staska.jpg<\/span>\n\t\t\t\t\t\t\t\t\t\t<p><\/p>\n\t\t\t\t\t\t\t\t\t\t\t\t\t\t\t\t\t\t<a><img class=\"skip-lazy\" src=\"https:\/\/www.prazskekancelare.com\/test\/wp-content\/uploads\/2017\/04\/kancelare-antala-staska-400x300.jpg\" alt=\"kancelare-antala-staska\" \/><\/a>\n\t\t\t\t\t\t\t\t\t\t\t\t\t\t\t<\/li>\n\t\t\t\t\t\t<\/ul>\n\n\t\t<div id=\"slideshow-wrappergallery8492\" class=\"slideshow-wrapper\" style=\"--slideshow-width:1220px\">\n\t\t\n\t\t<div class=\"slideshow-fullsize\" id=\"fullsizegallery8492\">\n\t\t\t\t\t\t\t\t\t\t\t\t\t\t<div id=\"imgprevgallery8492\" class=\"slideshow-imgprev imgnav\" title=\"Previous Image\">Previous Image<\/div>\n\t\t\t\t\t\t<a id=\"imglinkgallery8492\" class=\"slideshow-imglink imglink\">\n\t\t\t\t<!-- link -->\n\t\t\t<\/a>\n\t\t\t\t\t\t\t\t\t\t\t<div id=\"imgnextgallery8492\" class=\"slideshow-imgnext imgnav\" title=\"Next Image\">Next Image<\/div>\n\t\t\t\t\t\t<div id=\"imagegallery8492\" class=\"slideshow-image\"><\/div>\n\t\t\t<div class=\"slideshow-information infobottom\" id=\"informationgallery8492\">\n\t\t\t\t<h3 class=\"slideshow-info-heading\">info heading<\/h3>\n\t\t\t\t<p class=\"slideshow-info-content\">info content<\/p>\n\t\t\t<\/div>\n\t\t<\/div>\n\n\t\t\t\t\t<div id=\"thumbnailsgallery8492\" class=\"slideshow-thumbnails thumbsbot\">\n\t\t\t\t<div class=\"slideshow-slideleft\" id=\"slideleftgallery8492\" title=\"Slide Left\"><\/div>\n\t\t\t\t<div class=\"slideshow-slidearea\" id=\"slideareagallery8492\">\n\t\t\t\t\t<div class=\"slideshow-slider\" id=\"slidergallery8492\"><\/div>\n\t\t\t\t<\/div>\n\t\t\t\t<div class=\"slideshow-slideright\" id=\"sliderightgallery8492\" title=\"Slide Right\"><\/div>\n\t\t\t\t<br style=\"clear:both; visibility:hidden; height:1px;\" \/>\n\t\t\t<\/div>\n\t\t\t<\/div>\n\n\t<br \/>\nP\u0159edstavujeme velmi obl\u00edben\u00fd pron\u00e1jem kancel\u00e1\u0159\u00ed Praha 4 v ulici <strong>Antala Sta\u0161ka<\/strong>. Kancel\u00e1\u0159sk\u00e1 budova m\u00e1 hned n\u011bkolik hlavn\u00edch v\u00fdhod, jako jsou: skv\u011bl\u00e1 dostupnost metrem, v\u00fdborn\u00e1 lokalita nedaleko D1 a Ji\u017en\u00ed spojky, kr\u00e1sn\u00e9 a modern\u00ed prostory, snadn\u00e9 parkov\u00e1n\u00ed a hlavn\u011b zaj\u00edmavou cenu.<br \/>\nMajitel budovy nab\u00edz\u00ed dlouhodob\u00e9 i kr\u00e1tkodob\u00e9 pron\u00e1jmy kancel\u00e1\u0159\u00ed, obchod\u016f a skladovac\u00edch prostor. Kancel\u00e1\u0159e jsou standardn\u011b vybaveny \u017ealuziemi, koberci a modern\u00edmi datov\u00fdmi s\u00edt\u011bmi.<br \/>\nV\u0159ele doporu\u010dujeme prohl\u00eddku.<\/p>\n<h2>Pron\u00e1jem kancel\u00e1\u0159\u00ed Antala Sta\u0161ka u metra\u00a0Praha 4 Bud\u011bjovick\u00e1 &#8211; budova<\/h2>\n<p>Nab\u00edz\u00edme pln\u011b klimatizovan\u00fd, kancel\u00e1\u0159sk\u00fd prostor s registrac\u00ed s\u00eddla zdarma, kamerov\u00fdm syst\u00e9mem, elektronick\u00fdm zabezpe\u010den\u00edm, vlastn\u00edm WC, kuchy\u0148kou, serverovnou, skladem, snadn\u00fdm parkov\u00e1n\u00edm a vlastn\u00edm vchodem. To v\u0161echno um\u00ed budova v ulici Antala Sta\u0161ka nabdnout.<br \/>\nKancel\u00e1\u0159sk\u00fd objekt m\u00e1 novou zateplenou fas\u00e1du, nov\u00e9 v\u00fdtahy a novou elektroinstalaci. K dispozici je nonstop recepce, havarijn\u00ed slu\u017eby, po\u0161tovn\u00ed slu\u017eby, zasedac\u00ed m\u00edstnosti, podzemn\u00ed parking, skladov\u00e9 prostory a kav\u00e1rna v p\u0159\u00edzem\u00ed budovy.<br \/>\nKancel\u00e1\u0159e k pron\u00e1jmu je mo\u017en\u00e9 vybavit n\u00e1bytkem.<\/p>\n<h2>Kancel\u00e1\u0159e Praha 4 &#8211; lokalita<\/h2>\n<p>Kancel\u00e1\u0159e k pron\u00e1jmu jsou od stanice metra Bud\u011bjovick\u00e1 vzd\u00e1len\u00e9 cca 250m, zast\u00e1vka autobusu MDH je ihned p\u0159ed objektem a n\u00e1jezd na Ji\u017en\u00ed spojku je nedaleko budovy.<\/p>\n<h2>V\u00fdhody pron\u00e1jmu kancel\u00e1\u0159\u00ed Antala Sta\u0161ka<\/h2>\n<ul>\n<li>dispozi\u010dn\u011b variabiln\u00ed\u00a0kancel\u00e1\u0159e k\u00a0pron\u00e1jmu (v\u00fdm\u011bry od 15m2)<\/li>\n<li>pln\u011b\u00a0vybaven\u00e9 kancel\u00e1\u0159e a zasedac\u00ed m\u00edstnosti<\/li>\n<li>venkovn\u00ed i podzemn\u00ed st\u0159e\u017een\u00e9 parkovi\u0161t\u011b<\/li>\n<li>skladov\u00e9 a \u00falo\u017en\u00e9 prostory<\/li>\n<li>administrativn\u00ed a pr\u00e1vn\u00ed servis<\/li>\n<\/ul>\n<h2>Kancel\u00e1\u0159e na Antala Sta\u0161ka\u00a0Praha 4- provize<\/h2>\n<p>Ve\u0161ker\u00e9 slu\u017eby na\u0161\u00ed spole\u010dnosti a jej\u00edch makl\u00e9\u0159\u016f jsou bez provize. Nev\u00e1hejte n\u00e1s kdykoli oslovit a \u00fakolovat.<\/p>\n<h2>Jak poptat kancel\u00e1\u0159 na Praze 4?<\/h2>\n<p>Pro zasl\u00e1n\u00ed kompletn\u00ed nab\u00eddky s aktu\u00e1ln\u011b dostupn\u00fdmi kancel\u00e1\u0159emi k pron\u00e1jmu Praha 4 Antala Sta\u0161ka\u00a0n\u00e1s pros\u00edm nev\u00e1hejte kdykoli kontaktovat.<\/p>\n<p>Rychl\u00fd popt\u00e1vkov\u00fd formul\u00e1\u0159 najdete na konci textu\u00a0a makl\u00e9\u0159e zodpov\u011bdn\u00e9ho za nemovitosti v prav\u00e9m sloupci.<br \/>\ne-mail:\u00a0<strong><a href=\"mailto:info@prazskekancelare.cz\">info@prazskekancelare.com<\/a><\/strong>\u00a0\/\u00a0telefon: <strong><span style=\"color: #ff0000;\">+420 773 295 925, +420 723 984 360<\/span><\/strong><\/p>\n<h2>v\u00edce informac\u00ed o kancel\u00e1\u0159\u00edch na Praze 4:<\/h2>\n","protected":false},"author":1,"featured_media":2039,"comment_status":"closed","ping_status":"closed","template":"","yoast_head":"<!-- This site is optimized with the Yoast SEO plugin v16.4 - https:\/\/yoast.com\/wordpress\/plugins\/seo\/ -->\n<title>ANTALA STA\u0160KA kancel\u00e1\u0159e Bud\u011bjovick\u00e1 Praha 4 | 400 Kancel\u00e1\u0159\u00ed \u00ae<\/title>\n<meta name=\"description\" content=\"Popt\u00e1vejte pron\u00e1jem kancel\u00e1\u0159e Antala Sta\u0161ka Bud\u011bjovick\u00e1 Praha 4 | 400 kancel\u00e1\u0159\u00ed k pron\u00e1jmu v Praze | Nab\u00eddky kancel\u00e1\u0159\u00ed do 30 minut | Provize 0%.\" \/>\n<meta name=\"robots\" content=\"noindex, follow, max-snippet:-1, max-image-preview:large, max-video-preview:-1\" \/>\n<meta property=\"og:locale\" content=\"cs_CZ\" \/>\n<meta property=\"og:type\" content=\"article\" \/>\n<meta property=\"og:title\" content=\"ANTALA STA\u0160KA kancel\u00e1\u0159e Bud\u011bjovick\u00e1 Praha 4 | 400 Kancel\u00e1\u0159\u00ed \u00ae\" \/>\n<meta property=\"og:description\" content=\"Popt\u00e1vejte pron\u00e1jem kancel\u00e1\u0159e Antala Sta\u0161ka Bud\u011bjovick\u00e1 Praha 4 | 400 kancel\u00e1\u0159\u00ed k pron\u00e1jmu v Praze | Nab\u00eddky kancel\u00e1\u0159\u00ed do 30 minut | Provize 0%.\" \/>\n<meta property=\"og:url\" content=\"https:\/\/www.prazskekancelare.com\/test\/kancelare-k-pronajmu\/pronajem-kancelare-antala-staska-praha-4\/\" \/>\n<meta property=\"og:site_name\" content=\"TEST - Pron\u00e1jem kancel\u00e1\u0159e Praha\" \/>\n<meta property=\"article:modified_time\" content=\"2019-03-16T08:31:24+00:00\" \/>\n<meta property=\"og:image\" content=\"https:\/\/www.prazskekancelare.com\/test\/wp-content\/uploads\/2017\/04\/kancelare-levne-na-praze-4.jpg\" \/>\n\t<meta property=\"og:image:width\" content=\"1097\" \/>\n\t<meta property=\"og:image:height\" content=\"736\" \/>\n<meta name=\"twitter:card\" content=\"summary\" \/>\n<meta name=\"twitter:label1\" content=\"Odhadovan\u00e1 doba \u010dten\u00ed\" \/>\n\t<meta name=\"twitter:data1\" content=\"2 minuty\" \/>\n<script type=\"application\/ld+json\" class=\"yoast-schema-graph\">{\"@context\":\"https:\/\/schema.org\",\"@graph\":[{\"@type\":\"Organization\",\"@id\":\"https:\/\/www.prazskekancelare.com\/test\/#organization\",\"name\":\"Pron\\u00e1jem kancel\\u00e1\\u0159e Praha\",\"url\":\"https:\/\/www.prazskekancelare.com\/test\/\",\"sameAs\":[],\"logo\":{\"@type\":\"ImageObject\",\"@id\":\"https:\/\/www.prazskekancelare.com\/test\/#logo\",\"inLanguage\":\"cs\",\"url\":\"https:\/\/www.prazskekancelare.com\/test\/wp-content\/uploads\/2018\/05\/prazske-kancelare-com-logo.png\",\"contentUrl\":\"https:\/\/www.prazskekancelare.com\/test\/wp-content\/uploads\/2018\/05\/prazske-kancelare-com-logo.png\",\"width\":242,\"height\":59,\"caption\":\"Pron\\u00e1jem kancel\\u00e1\\u0159e Praha\"},\"image\":{\"@id\":\"https:\/\/www.prazskekancelare.com\/test\/#logo\"}},{\"@type\":\"WebSite\",\"@id\":\"https:\/\/www.prazskekancelare.com\/test\/#website\",\"url\":\"https:\/\/www.prazskekancelare.com\/test\/\",\"name\":\"TEST - Pron\\u00e1jem kancel\\u00e1\\u0159e Praha\",\"description\":\"Pron\\u00e1jem kancel\\u00e1\\u0159e Praha a Kancelare Praha\",\"publisher\":{\"@id\":\"https:\/\/www.prazskekancelare.com\/test\/#organization\"},\"potentialAction\":[{\"@type\":\"SearchAction\",\"target\":\"https:\/\/www.prazskekancelare.com\/test\/?s={search_term_string}\",\"query-input\":\"required name=search_term_string\"}],\"inLanguage\":\"cs\"},{\"@type\":\"ImageObject\",\"@id\":\"https:\/\/www.prazskekancelare.com\/test\/kancelare-k-pronajmu\/pronajem-kancelare-antala-staska-praha-4\/#primaryimage\",\"inLanguage\":\"cs\",\"url\":\"https:\/\/www.prazskekancelare.com\/test\/wp-content\/uploads\/2017\/04\/kancelare-levne-na-praze-4.jpg\",\"contentUrl\":\"https:\/\/www.prazskekancelare.com\/test\/wp-content\/uploads\/2017\/04\/kancelare-levne-na-praze-4.jpg\",\"width\":1097,\"height\":736,\"caption\":\"kancel\\u00e1\\u0159e Bud\\u011bjovick\\u00e1 Praha 4\"},{\"@type\":\"WebPage\",\"@id\":\"https:\/\/www.prazskekancelare.com\/test\/kancelare-k-pronajmu\/pronajem-kancelare-antala-staska-praha-4\/#webpage\",\"url\":\"https:\/\/www.prazskekancelare.com\/test\/kancelare-k-pronajmu\/pronajem-kancelare-antala-staska-praha-4\/\",\"name\":\"ANTALA STA\\u0160KA kancel\\u00e1\\u0159e Bud\\u011bjovick\\u00e1 Praha 4 | 400 Kancel\\u00e1\\u0159\\u00ed \\u00ae\",\"isPartOf\":{\"@id\":\"https:\/\/www.prazskekancelare.com\/test\/#website\"},\"primaryImageOfPage\":{\"@id\":\"https:\/\/www.prazskekancelare.com\/test\/kancelare-k-pronajmu\/pronajem-kancelare-antala-staska-praha-4\/#primaryimage\"},\"datePublished\":\"2017-04-21T10:02:40+00:00\",\"dateModified\":\"2019-03-16T08:31:24+00:00\",\"description\":\"Popt\\u00e1vejte pron\\u00e1jem kancel\\u00e1\\u0159e Antala Sta\\u0161ka Bud\\u011bjovick\\u00e1 Praha 4 | 400 kancel\\u00e1\\u0159\\u00ed k pron\\u00e1jmu v Praze | Nab\\u00eddky kancel\\u00e1\\u0159\\u00ed do 30 minut | Provize 0%.\",\"breadcrumb\":{\"@id\":\"https:\/\/www.prazskekancelare.com\/test\/kancelare-k-pronajmu\/pronajem-kancelare-antala-staska-praha-4\/#breadcrumb\"},\"inLanguage\":\"cs\",\"potentialAction\":[{\"@type\":\"ReadAction\",\"target\":[\"https:\/\/www.prazskekancelare.com\/test\/kancelare-k-pronajmu\/pronajem-kancelare-antala-staska-praha-4\/\"]}]},{\"@type\":\"BreadcrumbList\",\"@id\":\"https:\/\/www.prazskekancelare.com\/test\/kancelare-k-pronajmu\/pronajem-kancelare-antala-staska-praha-4\/#breadcrumb\",\"itemListElement\":[{\"@type\":\"ListItem\",\"position\":1,\"item\":{\"@type\":\"WebPage\",\"@id\":\"https:\/\/www.prazskekancelare.com\/test\/\",\"url\":\"https:\/\/www.prazskekancelare.com\/test\/\",\"name\":\"Dom\\u016f\"}},{\"@type\":\"ListItem\",\"position\":2,\"item\":{\"@type\":\"WebPage\",\"@id\":\"https:\/\/www.prazskekancelare.com\/test\/kancelare-k-pronajmu\/\",\"url\":\"https:\/\/www.prazskekancelare.com\/test\/kancelare-k-pronajmu\/\",\"name\":\"Properties\"}},{\"@type\":\"ListItem\",\"position\":3,\"item\":{\"@id\":\"https:\/\/www.prazskekancelare.com\/test\/kancelare-k-pronajmu\/pronajem-kancelare-antala-staska-praha-4\/#webpage\"}}]}]}<\/script>\n<!-- \/ Yoast SEO plugin. -->","cmb2":{"property_general":{"property_id":"ANO","property_year_built":"","property_address":"Antala Sta\u0161ka 1859,\r\n140 00 Praha 4\r\n","property_zip":"","property_contract":"","property_gallery":"","property_plans":"","property_video":"","property_parent_property":""},"property_flags":{"property_featured":"","property_sticky":"","property_reduced":"","property_sold":""},"property_contact":{"property_contact_name":"","property_contact_phone":""},"property_pricing":{"property_price":"220","property_price_prefix":"od","property_price_suffix":"K\u010d\/m2","property_price_custom":""},"property_attributes":{"property_rooms":"NE","property_beds":"9","property_baths":"NE","property_garages":"NE \/ \u010d\u00e1ste\u010dn\u011b","property_home_area":"","property_lot_dimensions":"","property_lot_area":"15 m2 - 1.000 m2"},"property_valuation":{"property_valuation_group":""},"property_public_facilities":{"property_public_facilities_group":""},"property_map_location":{"property_map_location":{"latitude":"50.0405631","longitude":"14.440671100000031"}},"property_relations":{"property_agents":["260"]}},"_links":{"self":[{"href":"https:\/\/www.prazskekancelare.com\/test\/wp-json\/wp\/v2\/property\/2046"}],"collection":[{"href":"https:\/\/www.prazskekancelare.com\/test\/wp-json\/wp\/v2\/property"}],"about":[{"href":"https:\/\/www.prazskekancelare.com\/test\/wp-json\/wp\/v2\/types\/property"}],"author":[{"embeddable":true,"href":"https:\/\/www.prazskekancelare.com\/test\/wp-json\/wp\/v2\/users\/1"}],"replies":[{"embeddable":true,"href":"https:\/\/www.prazskekancelare.com\/test\/wp-json\/wp\/v2\/comments?post=2046"}],"wp:featuredmedia":[{"embeddable":true,"href":"https:\/\/www.prazskekancelare.com\/test\/wp-json\/wp\/v2\/media\/2039"}],"wp:attachment":[{"href":"https:\/\/www.prazskekancelare.com\/test\/wp-json\/wp\/v2\/media?parent=2046"}],"curies":[{"name":"wp","href":"https:\/\/api.w.org\/{rel}","templated":true}]}}