{"id":2001,"date":"2017-03-23T13:06:28","date_gmt":"2017-03-23T12:06:28","guid":{"rendered":"https:\/\/www.prazskekancelare.com\/test\/?post_type=property&#038;p=2001"},"modified":"2020-10-20T00:09:24","modified_gmt":"2020-10-19T22:09:24","slug":"pronajem-kancelari-slovansky-dum-centrum-praha-1","status":"publish","type":"property","link":"https:\/\/www.prazskekancelare.com\/test\/kancelare-k-pronajmu\/pronajem-kancelari-slovansky-dum-centrum-praha-1\/","title":{"rendered":"SLOVANSK\u00dd D\u016eM kancel\u00e1\u0159e Praha 1 <span style=\"color: #ff0000;\">TOP<\/span>"},"content":{"rendered":"<p>\n\t<ul id=\"slideshowgallery80322\" class=\"slideshowgallery80322\" style=\"display:none;\">\n\t\t\t\t\t<!-- From all slides or gallery slides -->\n\t\t\t\t\t\t\t<li>\n\t\t\t\t\t<h3 style=\"opacity:70;\">slovansky dum kancelare na pronajem<\/h3>\n\t\t\t\t\t\t\t\t\t\t\t<span data-alt=\"slovansky-dum-kancelare-na-pronajem\">https:\/\/www.prazskekancelare.com\/test\/wp-content\/uploads\/2017\/03\/slovansky-dum-kancelare-na-pronajem.jpg<\/span>\n\t\t\t\t\t\t\t\t\t\t<p><\/p>\n\t\t\t\t\t\t\t\t\t\t\t\t\t\t\t\t\t\t<a><img class=\"skip-lazy\" src=\"https:\/\/www.prazskekancelare.com\/test\/wp-content\/uploads\/2017\/03\/slovansky-dum-kancelare-na-pronajem-400x300.jpg\" alt=\"slovansky-dum-kancelare-na-pronajem\" \/><\/a>\n\t\t\t\t\t\t\t\t\t\t\t\t\t\t\t<\/li>\n\t\t\t\t\t\t\t<li>\n\t\t\t\t\t<h3 style=\"opacity:70;\">Slovansky Dum kancelare k pronajmu praha 1<\/h3>\n\t\t\t\t\t\t\t\t\t\t\t<span data-alt=\"slovansky-dum-kancelare-k-pronajmu-praha-1\">https:\/\/www.prazskekancelare.com\/test\/wp-content\/uploads\/2017\/03\/slovansky-dum-kancelare-k-pronajmu-praha-1.jpg<\/span>\n\t\t\t\t\t\t\t\t\t\t<p><\/p>\n\t\t\t\t\t\t\t\t\t\t\t\t\t\t\t\t\t\t<a><img class=\"skip-lazy\" src=\"https:\/\/www.prazskekancelare.com\/test\/wp-content\/uploads\/2017\/03\/slovansky-dum-kancelare-k-pronajmu-praha-1-400x300.jpg\" alt=\"slovansky-dum-kancelare-k-pronajmu-praha-1\" \/><\/a>\n\t\t\t\t\t\t\t\t\t\t\t\t\t\t\t<\/li>\n\t\t\t\t\t\t\t<li>\n\t\t\t\t\t<h3 style=\"opacity:70;\">pronajem kancelari Slovansky dum praha 1<\/h3>\n\t\t\t\t\t\t\t\t\t\t\t<span data-alt=\"pronajem-kancelari-slovansky-dum-praha-1\">https:\/\/www.prazskekancelare.com\/test\/wp-content\/uploads\/2017\/03\/pronajem-kancelari-slovansky-dum-praha-1.jpg<\/span>\n\t\t\t\t\t\t\t\t\t\t<p><\/p>\n\t\t\t\t\t\t\t\t\t\t\t\t\t\t\t\t\t\t<a><img class=\"skip-lazy\" src=\"https:\/\/www.prazskekancelare.com\/test\/wp-content\/uploads\/2017\/03\/pronajem-kancelari-slovansky-dum-praha-1-400x300.jpg\" alt=\"pronajem-kancelari-slovansky-dum-praha-1\" \/><\/a>\n\t\t\t\t\t\t\t\t\t\t\t\t\t\t\t<\/li>\n\t\t\t\t\t\t\t<li>\n\t\t\t\t\t<h3 style=\"opacity:70;\">pronajem kancelari na prikope praha 1<\/h3>\n\t\t\t\t\t\t\t\t\t\t\t<span data-alt=\"pronajem-kancelari-na-prikope-praha-1\">https:\/\/www.prazskekancelare.com\/test\/wp-content\/uploads\/2017\/03\/pronajem-kancelari-na-prikope-praha-1.jpg<\/span>\n\t\t\t\t\t\t\t\t\t\t<p><\/p>\n\t\t\t\t\t\t\t\t\t\t\t\t\t\t\t\t\t\t<a><img class=\"skip-lazy\" src=\"https:\/\/www.prazskekancelare.com\/test\/wp-content\/uploads\/2017\/03\/pronajem-kancelari-na-prikope-praha-1-400x300.jpg\" alt=\"pronajem-kancelari-na-prikope-praha-1\" \/><\/a>\n\t\t\t\t\t\t\t\t\t\t\t\t\t\t\t<\/li>\n\t\t\t\t\t\t\t<li>\n\t\t\t\t\t<h3 style=\"opacity:70;\">pronajem kancelare na prikope praha 1<\/h3>\n\t\t\t\t\t\t\t\t\t\t\t<span data-alt=\"pronajem-kancelare-na-prikope-praha-1\">https:\/\/www.prazskekancelare.com\/test\/wp-content\/uploads\/2017\/03\/pronajem-kancelare-na-prikope-praha-1.jpg<\/span>\n\t\t\t\t\t\t\t\t\t\t<p><\/p>\n\t\t\t\t\t\t\t\t\t\t\t\t\t\t\t\t\t\t<a><img class=\"skip-lazy\" src=\"https:\/\/www.prazskekancelare.com\/test\/wp-content\/uploads\/2017\/03\/pronajem-kancelare-na-prikope-praha-1-400x300.jpg\" alt=\"pronajem-kancelare-na-prikope-praha-1\" \/><\/a>\n\t\t\t\t\t\t\t\t\t\t\t\t\t\t\t<\/li>\n\t\t\t\t\t\t\t<li>\n\t\t\t\t\t<h3 style=\"opacity:70;\">kancelare praha 1<\/h3>\n\t\t\t\t\t\t\t\t\t\t\t<span data-alt=\"kancelare-praha-1\">https:\/\/www.prazskekancelare.com\/test\/wp-content\/uploads\/2017\/03\/kancelare-praha-1.jpg<\/span>\n\t\t\t\t\t\t\t\t\t\t<p><\/p>\n\t\t\t\t\t\t\t\t\t\t\t\t\t\t\t\t\t\t<a><img class=\"skip-lazy\" src=\"https:\/\/www.prazskekancelare.com\/test\/wp-content\/uploads\/2017\/03\/kancelare-praha-1-400x300.jpg\" alt=\"kancelare-praha-1\" \/><\/a>\n\t\t\t\t\t\t\t\t\t\t\t\t\t\t\t<\/li>\n\t\t\t\t\t\t\t<li>\n\t\t\t\t\t<h3 style=\"opacity:70;\">kancelare na prikope praha 1<\/h3>\n\t\t\t\t\t\t\t\t\t\t\t<span data-alt=\"kancelare-na-prikope-praha-1\">https:\/\/www.prazskekancelare.com\/test\/wp-content\/uploads\/2017\/03\/kancelare-na-prikope-praha-1.jpg<\/span>\n\t\t\t\t\t\t\t\t\t\t<p><\/p>\n\t\t\t\t\t\t\t\t\t\t\t\t\t\t\t\t\t\t<a><img class=\"skip-lazy\" src=\"https:\/\/www.prazskekancelare.com\/test\/wp-content\/uploads\/2017\/03\/kancelare-na-prikope-praha-1-400x300.jpg\" alt=\"kancelare-na-prikope-praha-1\" \/><\/a>\n\t\t\t\t\t\t\t\t\t\t\t\t\t\t\t<\/li>\n\t\t\t\t\t\t\t<li>\n\t\t\t\t\t<h3 style=\"opacity:70;\">kancelare levne praha 1<\/h3>\n\t\t\t\t\t\t\t\t\t\t\t<span data-alt=\"kancelare-levne-praha-1\">https:\/\/www.prazskekancelare.com\/test\/wp-content\/uploads\/2017\/03\/kancelare-levne-praha-1.jpg<\/span>\n\t\t\t\t\t\t\t\t\t\t<p><\/p>\n\t\t\t\t\t\t\t\t\t\t\t\t\t\t\t\t\t\t<a><img class=\"skip-lazy\" src=\"https:\/\/www.prazskekancelare.com\/test\/wp-content\/uploads\/2017\/03\/kancelare-levne-praha-1-400x300.jpg\" alt=\"kancelare-levne-praha-1\" \/><\/a>\n\t\t\t\t\t\t\t\t\t\t\t\t\t\t\t<\/li>\n\t\t\t\t\t\t\t<li>\n\t\t\t\t\t<h3 style=\"opacity:70;\">kancelare k pronajmu praha 1<\/h3>\n\t\t\t\t\t\t\t\t\t\t\t<span data-alt=\"kancelare-k-pronajmu-praha-1\">https:\/\/www.prazskekancelare.com\/test\/wp-content\/uploads\/2017\/03\/kancelare-k-pronajmu-praha-1.jpg<\/span>\n\t\t\t\t\t\t\t\t\t\t<p><\/p>\n\t\t\t\t\t\t\t\t\t\t\t\t\t\t\t\t\t\t<a><img class=\"skip-lazy\" src=\"https:\/\/www.prazskekancelare.com\/test\/wp-content\/uploads\/2017\/03\/kancelare-k-pronajmu-praha-1-400x300.jpg\" alt=\"kancelare-k-pronajmu-praha-1\" \/><\/a>\n\t\t\t\t\t\t\t\t\t\t\t\t\t\t\t<\/li>\n\t\t\t\t\t\t<\/ul>\n\n\t\t<div id=\"slideshow-wrappergallery80322\" class=\"slideshow-wrapper\" style=\"--slideshow-width:1104px\">\n\t\t\n\t\t<div class=\"slideshow-fullsize\" id=\"fullsizegallery80322\">\n\t\t\t\t\t\t\t\t\t\t\t\t\t\t<div id=\"imgprevgallery80322\" class=\"slideshow-imgprev imgnav\" title=\"Previous Image\">Previous Image<\/div>\n\t\t\t\t\t\t<a id=\"imglinkgallery80322\" class=\"slideshow-imglink imglink\">\n\t\t\t\t<!-- link -->\n\t\t\t<\/a>\n\t\t\t\t\t\t\t\t\t\t\t<div id=\"imgnextgallery80322\" class=\"slideshow-imgnext imgnav\" title=\"Next Image\">Next Image<\/div>\n\t\t\t\t\t\t<div id=\"imagegallery80322\" class=\"slideshow-image\"><\/div>\n\t\t\t<div class=\"slideshow-information infobottom\" id=\"informationgallery80322\">\n\t\t\t\t<h3 class=\"slideshow-info-heading\">info heading<\/h3>\n\t\t\t\t<p class=\"slideshow-info-content\">info content<\/p>\n\t\t\t<\/div>\n\t\t<\/div>\n\n\t\t\t\t\t<div id=\"thumbnailsgallery80322\" class=\"slideshow-thumbnails thumbsbot\">\n\t\t\t\t<div class=\"slideshow-slideleft\" id=\"slideleftgallery80322\" title=\"Slide Left\"><\/div>\n\t\t\t\t<div class=\"slideshow-slidearea\" id=\"slideareagallery80322\">\n\t\t\t\t\t<div class=\"slideshow-slider\" id=\"slidergallery80322\"><\/div>\n\t\t\t\t<\/div>\n\t\t\t\t<div class=\"slideshow-slideright\" id=\"sliderightgallery80322\" title=\"Slide Right\"><\/div>\n\t\t\t\t<br style=\"clear:both; visibility:hidden; height:1px;\" \/>\n\t\t\t<\/div>\n\t\t\t<\/div>\n\n\t<br \/>\nP\u0159edstavujeme <strong>Slovansk\u00fd D\u016fm\u00a0\u2705<\/strong>, pron\u00e1jem kancel\u00e1\u0159\u00ed na Praze 1 v elegantn\u00ed, nov\u011b zrekonstruovan\u00e9 kancel\u00e1\u0159sk\u00e9 budov\u011b. Multifunk\u010dn\u00ed budova je d\u011blena na kancel\u00e1\u0159sk\u00e9 plochy, konferen\u010dn\u00ed a banketov\u00e9 s\u00e1ly, obchodn\u00ed galerii, restaurace, luxusn\u00ed byty a multikino.<\/p>\n<h2>Slovansk\u00fd D\u016fm &#8211; budova<\/h2>\n<p>Kancel\u00e1\u0159sk\u00e1 budova je opravdu v\u00fdborn\u011b situovan\u00e1 a pron\u00e1jmy kancel\u00e1\u0159\u00ed jsou velmi zaj\u00edmav\u011b \u0159e\u0161en\u00e9. Dostupnost kancel\u00e1\u0159\u00ed MHD i autem nem\u016f\u017ee b\u00fdt lep\u0161\u00ed. D\u00edky lokalit\u011b ulice Na P\u0159\u00edkop\u011b jste p\u0159\u00edmo v centru v\u0161eho pra\u017esk\u00e9ho d\u011bn\u00ed. Nep\u0159ebern\u00e9 mno\u017estv\u00ed restaurac\u00ed a obchodn\u00edch center v okol\u00ed nav\u00edc zaru\u010duje dosa\u017eitelnost v\u0161eho, co denn\u011b pot\u0159ebujete. Slovansk\u00fd D\u016fm je opravdu spr\u00e1vn\u00e1 volba a presti\u017en\u00ed adresa bude tou spr\u00e1vnou v\u00fdhodou oproti Va\u0161\u00ed konkurenci.<\/p>\n<h2>V\u00fdhody kancel\u00e1\u0159\u00ed ve Slovansk\u00e9m Dom\u011b<\/h2>\n<p>&#8211; non-stop ostraha<br \/>\n&#8211; modern\u011b \u0159e\u0161en\u00e9 kancel\u00e1\u0159sk\u00e9 prostory<br \/>\n&#8211; technick\u00e9 i IT vybaven\u00ed na nejmodern\u011bj\u0161\u00ed \u00farovni<br \/>\n&#8211; klimatizace \/ vzduchotechnika<br \/>\n&#8211; Bezpe\u010dnostn\u00ed syst\u00e9m, v\u010detn\u011b kamer<br \/>\n&#8211; K dispozici jsou i men\u0161\u00ed kancel\u00e1\u0159e<br \/>\n&#8211; Prohl\u00eddku um\u00edme za\u0159\u00eddit ihned<\/p>\n<h2>Aktu\u00e1ln\u011b voln\u00e9 kancel\u00e1\u0159e Slovansk\u00fd D\u016fm<\/h2>\n<p><span style=\"color: #ff0000;\">PODLA\u017d\u00cd \u00a0 \u00a0 \u00a0 \u00a0VELIKOST \u00a0 \u00a0 \u00a0 \u00a0 \u00a0DOSTUPNOST \u00a0 \u00a0 \u00a0 \u00a0 \u00a0 \u00a0 \u00a0 \u00a0 \u00a0 \u00a0 \u00a0 \u00a0CENA<\/span><br \/>\n1. patro \u00a0 \u00a0 \u00a0 \u00a0 \u00a0 \u00a0 \u00a0 \u00a0 \u00a0 288 m\u00b2 \u00a0 \u00a0 \u00a0 \u00a0 \u00a0 \u00a0IHNED \u00a0 \u00a0 \u00a0 \u00a0 \u00a0 \u00a0 \u00a0 \u00a0 \u00a0 \u00a0 \u00a018.50 EUR \/ m\u00b2 \/ m\u011bs\u00edc<br \/>\n2. patro \u00a0 \u00a0 \u00a0 \u00a0 \u00a0 \u00a0 \u00a0 \u00a0 \u00a0 385 m\u00b2 \u00a0 \u00a0 \u00a0 \u00a0 \u00a0 \u00a0IHNED \u00a0 \u00a0 \u00a0 \u00a0 \u00a0 \u00a0 \u00a0 \u00a0 \u00a0 \u00a0 \u00a018.50 EUR \/ m\u00b2 \/ m\u011bs\u00edc<\/p>\n<p>2. patro\u00a0 \u00a0 \u00a0 \u00a0 \u00a0 \u00a0 \u00a0 \u00a0 \u00a0 \u00a0559 m\u00b2 \u00a0 \u00a0 \u00a0 \u00a0 \u00a0 \u00a0IHNED \u00a0 \u00a0 \u00a0 \u00a0 \u00a0 \u00a0 \u00a0 \u00a0 \u00a0 \u00a0 \u00a018.00 EUR \/ m\u00b2 \/ m\u011bs\u00edc<br \/>\n2. patro \u00a0 \u00a0 \u00a0 \u00a0 \u00a0 \u00a0 \u00a0 \u00a0 \u00a0 180 m\u00b2 \u00a0 \u00a0 \u00a0 \u00a0 \u00a0 \u00a0IHNED \u00a0 \u00a0 \u00a0 \u00a0 \u00a0 \u00a0 \u00a0 \u00a0 \u00a0 \u00a0 \u00a018.00 EUR \/ m\u00b2 \/ m\u011bs\u00edc<\/p>\n<p>2. patro\u00a0 \u00a0 \u00a0 \u00a0 \u00a0 \u00a0 \u00a0 \u00a0 \u00a0 \u00a0110 m\u00b2 \u00a0 \u00a0 \u00a0 \u00a0 \u00a0 \u00a0 \u00a0IHNED \u00a0 \u00a0 \u00a0 \u00a0 \u00a0 \u00a0 \u00a0 \u00a0 \u00a0 \u00a0 \u00a018.30 EUR \/ m\u00b2 \/ m\u011bs\u00edc<\/p>\n<p>2. patro\u00a0 \u00a0 \u00a0 \u00a0 \u00a0 \u00a0 \u00a0 \u00a0 \u00a01200 m\u00b2\u00a0 \u00a0 \u00a0 \u00a0 \u00a0 \u00a0 IHNED \u00a0 \u00a0 \u00a0 \u00a0 \u00a0 \u00a0 \u00a0 \u00a0 \u00a0 \u00a0 \u00a018.30 EUR \/ m\u00b2 \/ m\u011bs\u00edc<\/p>\n<h2>Slovansk\u00fd D\u016fm Bez provize<\/h2>\n<p>V\u0161echny slu\u017eby na\u0161\u00ed spole\u010dnosti jsou pro V\u00e1s zdarma. Nebojte se n\u00e1s \u010d\u00edmkoli \u00fakolovat.<\/p>\n<h2>Jak poptat kancel\u00e1\u0159e ve Slovansk\u00e9m Dom\u011b?<\/h2>\n<p>Rychl\u00fd popt\u00e1vkov\u00fd formul\u00e1\u0159 najdete na konci textu\u00a0a makl\u00e9\u0159e zodpov\u011bdn\u00e9ho za nemovitosti v prav\u00e9m sloupci.<br \/>\ne-mail:\u00a0<strong><a href=\"mailto:info@prazskekancelare.cz\">info@prazskekancelare.com<\/a>\u00a0<\/strong>\/\u00a0telefon: <strong><span style=\"color: #ff0000;\">+420 773 295 925, +420 723 984 360.\u00a0<\/span><\/strong><\/p>\n<h2>N\u00e1\u0161 tip<\/h2>\n<p><span style=\"color: #ff0000;\">Tento pron\u00e1jem kancel\u00e1\u0159\u00ed v centru Prahy\u00a0doporu\u010dujeme nav\u0161t\u00edvit a poznat osobn\u011b &#8211; budovu, kancel\u00e1\u0159e k pron\u00e1jmu a hlavn\u011b person\u00e1l. Zaru\u010den\u011b v\u00e1s zaujmou nejen v\u00fdhled, cena, dostupnost, vybavenost a okol\u00ed business centra, ale hlavn\u011b p\u0159\u00edjemn\u00e1 atmosf\u00e9ra budovy.<\/span><\/p>\n<pre><a href=\"\/poptavka-po-kancelarich-k-pronajmu\/\" class=\"myButton\" target=\"_blank\">Popt\u00e1vejte bez provize<\/a><\/pre>\n<h2>v\u00edce informac\u00ed o kancel\u00e1\u0159\u00edch ve Slovansk\u00e9m dom\u011b:<\/h2>\n","protected":false},"author":1,"featured_media":1993,"comment_status":"closed","ping_status":"closed","template":"","yoast_head":"<!-- This site is optimized with the Yoast SEO plugin v16.4 - https:\/\/yoast.com\/wordpress\/plugins\/seo\/ -->\n<title>SLOVANSK\u00dd D\u016eM ???? kancel\u00e1\u0159e Na P\u0159\u00edkop\u011b Praha 1 | LEVN\u011a<\/title>\n<meta name=\"description\" content=\"Slovansk\u00fd D\u016fm nab\u00edz\u00ed levn\u00e9 kancel\u00e1\u0159e Na P\u0159\u00edkop\u011b 22 Praha 1.\u2705 Nab\u00eddka 1000 kancel\u00e1\u0159\u00ed v centru + Slovansky Dum!\u2705 Kancel\u00e1\u0159e na m\u00edru do 30 minut.\u2705\" \/>\n<meta name=\"robots\" content=\"noindex, follow, max-snippet:-1, max-image-preview:large, max-video-preview:-1\" \/>\n<meta property=\"og:locale\" content=\"cs_CZ\" \/>\n<meta property=\"og:type\" content=\"article\" \/>\n<meta property=\"og:title\" content=\"SLOVANSK\u00dd D\u016eM ???? kancel\u00e1\u0159e Na P\u0159\u00edkop\u011b Praha 1 | LEVN\u011a\" \/>\n<meta property=\"og:description\" content=\"Slovansk\u00fd D\u016fm nab\u00edz\u00ed levn\u00e9 kancel\u00e1\u0159e Na P\u0159\u00edkop\u011b 22 Praha 1.\u2705 Nab\u00eddka 1000 kancel\u00e1\u0159\u00ed v centru + Slovansky Dum!\u2705 Kancel\u00e1\u0159e na m\u00edru do 30 minut.\u2705\" \/>\n<meta property=\"og:url\" content=\"https:\/\/www.prazskekancelare.com\/test\/kancelare-k-pronajmu\/pronajem-kancelari-slovansky-dum-centrum-praha-1\/\" \/>\n<meta property=\"og:site_name\" content=\"TEST - Pron\u00e1jem kancel\u00e1\u0159e Praha\" \/>\n<meta property=\"article:modified_time\" content=\"2020-10-19T22:09:24+00:00\" \/>\n<meta property=\"og:image\" content=\"https:\/\/www.prazskekancelare.com\/test\/wp-content\/uploads\/2017\/03\/kancelare-na-prikope-praha-1.jpg\" \/>\n\t<meta property=\"og:image:width\" content=\"1455\" \/>\n\t<meta property=\"og:image:height\" content=\"790\" \/>\n<meta name=\"twitter:card\" content=\"summary\" \/>\n<meta name=\"twitter:label1\" content=\"Odhadovan\u00e1 doba \u010dten\u00ed\" \/>\n\t<meta name=\"twitter:data1\" content=\"2 minuty\" \/>\n<script type=\"application\/ld+json\" class=\"yoast-schema-graph\">{\"@context\":\"https:\/\/schema.org\",\"@graph\":[{\"@type\":\"Organization\",\"@id\":\"https:\/\/www.prazskekancelare.com\/test\/#organization\",\"name\":\"Pron\\u00e1jem kancel\\u00e1\\u0159e Praha\",\"url\":\"https:\/\/www.prazskekancelare.com\/test\/\",\"sameAs\":[],\"logo\":{\"@type\":\"ImageObject\",\"@id\":\"https:\/\/www.prazskekancelare.com\/test\/#logo\",\"inLanguage\":\"cs\",\"url\":\"https:\/\/www.prazskekancelare.com\/test\/wp-content\/uploads\/2018\/05\/prazske-kancelare-com-logo.png\",\"contentUrl\":\"https:\/\/www.prazskekancelare.com\/test\/wp-content\/uploads\/2018\/05\/prazske-kancelare-com-logo.png\",\"width\":242,\"height\":59,\"caption\":\"Pron\\u00e1jem kancel\\u00e1\\u0159e Praha\"},\"image\":{\"@id\":\"https:\/\/www.prazskekancelare.com\/test\/#logo\"}},{\"@type\":\"WebSite\",\"@id\":\"https:\/\/www.prazskekancelare.com\/test\/#website\",\"url\":\"https:\/\/www.prazskekancelare.com\/test\/\",\"name\":\"TEST - Pron\\u00e1jem kancel\\u00e1\\u0159e Praha\",\"description\":\"Pron\\u00e1jem kancel\\u00e1\\u0159e Praha a Kancelare Praha\",\"publisher\":{\"@id\":\"https:\/\/www.prazskekancelare.com\/test\/#organization\"},\"potentialAction\":[{\"@type\":\"SearchAction\",\"target\":\"https:\/\/www.prazskekancelare.com\/test\/?s={search_term_string}\",\"query-input\":\"required name=search_term_string\"}],\"inLanguage\":\"cs\"},{\"@type\":\"ImageObject\",\"@id\":\"https:\/\/www.prazskekancelare.com\/test\/kancelare-k-pronajmu\/pronajem-kancelari-slovansky-dum-centrum-praha-1\/#primaryimage\",\"inLanguage\":\"cs\",\"url\":\"https:\/\/www.prazskekancelare.com\/test\/wp-content\/uploads\/2017\/03\/kancelare-na-prikope-praha-1.jpg\",\"contentUrl\":\"https:\/\/www.prazskekancelare.com\/test\/wp-content\/uploads\/2017\/03\/kancelare-na-prikope-praha-1.jpg\",\"width\":1455,\"height\":790,\"caption\":\"Kancel\\u00e1\\u0159e Slovansk\\u00fd D\\u016fm Na P\\u0159\\u00edkop\\u011b Praha 1\"},{\"@type\":\"WebPage\",\"@id\":\"https:\/\/www.prazskekancelare.com\/test\/kancelare-k-pronajmu\/pronajem-kancelari-slovansky-dum-centrum-praha-1\/#webpage\",\"url\":\"https:\/\/www.prazskekancelare.com\/test\/kancelare-k-pronajmu\/pronajem-kancelari-slovansky-dum-centrum-praha-1\/\",\"name\":\"SLOVANSK\\u00dd D\\u016eM ???? kancel\\u00e1\\u0159e Na P\\u0159\\u00edkop\\u011b Praha 1 | LEVN\\u011a\",\"isPartOf\":{\"@id\":\"https:\/\/www.prazskekancelare.com\/test\/#website\"},\"primaryImageOfPage\":{\"@id\":\"https:\/\/www.prazskekancelare.com\/test\/kancelare-k-pronajmu\/pronajem-kancelari-slovansky-dum-centrum-praha-1\/#primaryimage\"},\"datePublished\":\"2017-03-23T12:06:28+00:00\",\"dateModified\":\"2020-10-19T22:09:24+00:00\",\"description\":\"Slovansk\\u00fd D\\u016fm nab\\u00edz\\u00ed levn\\u00e9 kancel\\u00e1\\u0159e Na P\\u0159\\u00edkop\\u011b 22 Praha 1.\\u2705 Nab\\u00eddka 1000 kancel\\u00e1\\u0159\\u00ed v centru + Slovansky Dum!\\u2705 Kancel\\u00e1\\u0159e na m\\u00edru do 30 minut.\\u2705\",\"breadcrumb\":{\"@id\":\"https:\/\/www.prazskekancelare.com\/test\/kancelare-k-pronajmu\/pronajem-kancelari-slovansky-dum-centrum-praha-1\/#breadcrumb\"},\"inLanguage\":\"cs\",\"potentialAction\":[{\"@type\":\"ReadAction\",\"target\":[\"https:\/\/www.prazskekancelare.com\/test\/kancelare-k-pronajmu\/pronajem-kancelari-slovansky-dum-centrum-praha-1\/\"]}]},{\"@type\":\"BreadcrumbList\",\"@id\":\"https:\/\/www.prazskekancelare.com\/test\/kancelare-k-pronajmu\/pronajem-kancelari-slovansky-dum-centrum-praha-1\/#breadcrumb\",\"itemListElement\":[{\"@type\":\"ListItem\",\"position\":1,\"item\":{\"@type\":\"WebPage\",\"@id\":\"https:\/\/www.prazskekancelare.com\/test\/\",\"url\":\"https:\/\/www.prazskekancelare.com\/test\/\",\"name\":\"Dom\\u016f\"}},{\"@type\":\"ListItem\",\"position\":2,\"item\":{\"@type\":\"WebPage\",\"@id\":\"https:\/\/www.prazskekancelare.com\/test\/kancelare-k-pronajmu\/\",\"url\":\"https:\/\/www.prazskekancelare.com\/test\/kancelare-k-pronajmu\/\",\"name\":\"Properties\"}},{\"@type\":\"ListItem\",\"position\":3,\"item\":{\"@id\":\"https:\/\/www.prazskekancelare.com\/test\/kancelare-k-pronajmu\/pronajem-kancelari-slovansky-dum-centrum-praha-1\/#webpage\"}}]}]}<\/script>\n<!-- \/ Yoast SEO plugin. -->","cmb2":{"property_general":{"property_id":"ANO","property_year_built":"","property_address":"Na P\u0159\u00edkop\u011b 22,\r\n 110 00 Praha 1\r\n","property_zip":"","property_contract":"","property_gallery":"","property_plans":"","property_video":"","property_parent_property":""},"property_flags":{"property_featured":"","property_sticky":"","property_reduced":"","property_sold":""},"property_contact":{"property_contact_name":"","property_contact_phone":""},"property_pricing":{"property_price":"290","property_price_prefix":"od","property_price_suffix":"K\u010d\/m2","property_price_custom":""},"property_attributes":{"property_rooms":"NE","property_beds":"3","property_baths":"NE","property_garages":"NE \/ \u010d\u00e1ste\u010dn\u011b","property_home_area":"","property_lot_dimensions":"","property_lot_area":"20 m2 - 2.000 m2"},"property_valuation":{"property_valuation_group":""},"property_public_facilities":{"property_public_facilities_group":""},"property_map_location":{"property_map_location":{"latitude":"50.0863756","longitude":"14.427352700000029"}},"property_relations":{"property_agents":["260"]}},"_links":{"self":[{"href":"https:\/\/www.prazskekancelare.com\/test\/wp-json\/wp\/v2\/property\/2001"}],"collection":[{"href":"https:\/\/www.prazskekancelare.com\/test\/wp-json\/wp\/v2\/property"}],"about":[{"href":"https:\/\/www.prazskekancelare.com\/test\/wp-json\/wp\/v2\/types\/property"}],"author":[{"embeddable":true,"href":"https:\/\/www.prazskekancelare.com\/test\/wp-json\/wp\/v2\/users\/1"}],"replies":[{"embeddable":true,"href":"https:\/\/www.prazskekancelare.com\/test\/wp-json\/wp\/v2\/comments?post=2001"}],"wp:featuredmedia":[{"embeddable":true,"href":"https:\/\/www.prazskekancelare.com\/test\/wp-json\/wp\/v2\/media\/1993"}],"wp:attachment":[{"href":"https:\/\/www.prazskekancelare.com\/test\/wp-json\/wp\/v2\/media?parent=2001"}],"curies":[{"name":"wp","href":"https:\/\/api.w.org\/{rel}","templated":true}]}}