{"id":1983,"date":"2017-03-19T14:06:17","date_gmt":"2017-03-19T13:06:17","guid":{"rendered":"https:\/\/www.prazskekancelare.com\/test\/?post_type=property&#038;p=1983"},"modified":"2019-03-16T10:07:31","modified_gmt":"2019-03-16T09:07:31","slug":"pronajem-kancelari-east-building-antala-staska-praha-4","status":"publish","type":"property","link":"https:\/\/www.prazskekancelare.com\/test\/kancelare-k-pronajmu\/pronajem-kancelari-east-building-antala-staska-praha-4\/","title":{"rendered":"Kancel\u00e1\u0159e EAST BUILDING Praha 4 <span style=\"color: #ff0000;\">nov\u00e9<\/span>"},"content":{"rendered":"<p>\n\t<ul id=\"slideshowgallery79565\" class=\"slideshowgallery79565\" style=\"display:none;\">\n\t\t\t\t\t<!-- From all slides or gallery slides -->\n\t\t\t\t\t\t\t<li>\n\t\t\t\t\t<h3 style=\"opacity:70;\">budejovicka kancelare praha 4<\/h3>\n\t\t\t\t\t\t\t\t\t\t\t<span data-alt=\"budejovicka-kancelare-praha-4\">https:\/\/www.prazskekancelare.com\/test\/wp-content\/uploads\/2017\/03\/budejovicka-kancelare-praha-4.jpg<\/span>\n\t\t\t\t\t\t\t\t\t\t<p><\/p>\n\t\t\t\t\t\t\t\t\t\t\t\t\t\t\t\t\t\t<a><img class=\"skip-lazy\" src=\"https:\/\/www.prazskekancelare.com\/test\/wp-content\/uploads\/2017\/03\/budejovicka-kancelare-praha-4-400x300.jpg\" alt=\"budejovicka-kancelare-praha-4\" \/><\/a>\n\t\t\t\t\t\t\t\t\t\t\t\t\t\t\t<\/li>\n\t\t\t\t\t\t\t<li>\n\t\t\t\t\t<h3 style=\"opacity:70;\">eastbuilding praha 4<\/h3>\n\t\t\t\t\t\t\t\t\t\t\t<span data-alt=\"eastbuilding-praha-4\">https:\/\/www.prazskekancelare.com\/test\/wp-content\/uploads\/2017\/03\/eastbuilding-praha-4.jpg<\/span>\n\t\t\t\t\t\t\t\t\t\t<p><\/p>\n\t\t\t\t\t\t\t\t\t\t\t\t\t\t\t\t\t\t<a><img class=\"skip-lazy\" src=\"https:\/\/www.prazskekancelare.com\/test\/wp-content\/uploads\/2017\/03\/eastbuilding-praha-4-400x300.jpg\" alt=\"eastbuilding-praha-4\" \/><\/a>\n\t\t\t\t\t\t\t\t\t\t\t\t\t\t\t<\/li>\n\t\t\t\t\t\t\t<li>\n\t\t\t\t\t<h3 style=\"opacity:70;\">kancel budejovicka praha 4<\/h3>\n\t\t\t\t\t\t\t\t\t\t\t<span data-alt=\"kancel-budejovicka-praha-4\">https:\/\/www.prazskekancelare.com\/test\/wp-content\/uploads\/2017\/03\/kancel-budejovicka-praha-4.jpg<\/span>\n\t\t\t\t\t\t\t\t\t\t<p><\/p>\n\t\t\t\t\t\t\t\t\t\t\t\t\t\t\t\t\t\t<a><img class=\"skip-lazy\" src=\"https:\/\/www.prazskekancelare.com\/test\/wp-content\/uploads\/2017\/03\/kancel-budejovicka-praha-4-400x300.jpg\" alt=\"kancel-budejovicka-praha-4\" \/><\/a>\n\t\t\t\t\t\t\t\t\t\t\t\t\t\t\t<\/li>\n\t\t\t\t\t\t\t<li>\n\t\t\t\t\t<h3 style=\"opacity:70;\">kancelare k pronajmu praha 4<\/h3>\n\t\t\t\t\t\t\t\t\t\t\t<span data-alt=\"kancelare-k-pronajmu-praha-4\">https:\/\/www.prazskekancelare.com\/test\/wp-content\/uploads\/2017\/03\/kancelare-k-pronajmu-praha-4.jpg<\/span>\n\t\t\t\t\t\t\t\t\t\t<p><\/p>\n\t\t\t\t\t\t\t\t\t\t\t\t\t\t\t\t\t\t<a><img class=\"skip-lazy\" src=\"https:\/\/www.prazskekancelare.com\/test\/wp-content\/uploads\/2017\/03\/kancelare-k-pronajmu-praha-4-400x300.jpg\" alt=\"kancelare-k-pronajmu-praha-4\" \/><\/a>\n\t\t\t\t\t\t\t\t\t\t\t\t\t\t\t<\/li>\n\t\t\t\t\t\t\t<li>\n\t\t\t\t\t<h3 style=\"opacity:70;\">kancelare na praze 4 pronajem<\/h3>\n\t\t\t\t\t\t\t\t\t\t\t<span data-alt=\"kancelare-na-praze-4-pronajem\">https:\/\/www.prazskekancelare.com\/test\/wp-content\/uploads\/2017\/03\/kancelare-na-praze-4-pronajem.jpg<\/span>\n\t\t\t\t\t\t\t\t\t\t<p><\/p>\n\t\t\t\t\t\t\t\t\t\t\t\t\t\t\t\t\t\t<a><img class=\"skip-lazy\" src=\"https:\/\/www.prazskekancelare.com\/test\/wp-content\/uploads\/2017\/03\/kancelare-na-praze-4-pronajem-400x300.jpg\" alt=\"kancelare-na-praze-4-pronajem\" \/><\/a>\n\t\t\t\t\t\t\t\t\t\t\t\t\t\t\t<\/li>\n\t\t\t\t\t\t\t<li>\n\t\t\t\t\t<h3 style=\"opacity:70;\">kancelare praha 4<\/h3>\n\t\t\t\t\t\t\t\t\t\t\t<span data-alt=\"kancelare-praha-4\">https:\/\/www.prazskekancelare.com\/test\/wp-content\/uploads\/2017\/03\/kancelare-praha-4.jpg<\/span>\n\t\t\t\t\t\t\t\t\t\t<p><\/p>\n\t\t\t\t\t\t\t\t\t\t\t\t\t\t\t\t\t\t<a><img class=\"skip-lazy\" src=\"https:\/\/www.prazskekancelare.com\/test\/wp-content\/uploads\/2017\/03\/kancelare-praha-4-400x300.jpg\" alt=\"kancelare-praha-4\" \/><\/a>\n\t\t\t\t\t\t\t\t\t\t\t\t\t\t\t<\/li>\n\t\t\t\t\t\t\t<li>\n\t\t\t\t\t<h3 style=\"opacity:70;\">pronajem kancelare praha 4 budejovicka<\/h3>\n\t\t\t\t\t\t\t\t\t\t\t<span data-alt=\"pronajem-kancelare-praha-4-budejovicka\">https:\/\/www.prazskekancelare.com\/test\/wp-content\/uploads\/2017\/03\/pronajem-kancelare-praha-4-budejovicka.jpg<\/span>\n\t\t\t\t\t\t\t\t\t\t<p><\/p>\n\t\t\t\t\t\t\t\t\t\t\t\t\t\t\t\t\t\t<a><img class=\"skip-lazy\" src=\"https:\/\/www.prazskekancelare.com\/test\/wp-content\/uploads\/2017\/03\/pronajem-kancelare-praha-4-budejovicka-400x300.jpg\" alt=\"pronajem-kancelare-praha-4-budejovicka\" \/><\/a>\n\t\t\t\t\t\t\t\t\t\t\t\t\t\t\t<\/li>\n\t\t\t\t\t\t\t<li>\n\t\t\t\t\t<h3 style=\"opacity:70;\">pronajem kancelari budejovicka<\/h3>\n\t\t\t\t\t\t\t\t\t\t\t<span data-alt=\"pronajem-kancelari-budejovicka\">https:\/\/www.prazskekancelare.com\/test\/wp-content\/uploads\/2017\/03\/pronajem-kancelari-budejovicka.jpg<\/span>\n\t\t\t\t\t\t\t\t\t\t<p><\/p>\n\t\t\t\t\t\t\t\t\t\t\t\t\t\t\t\t\t\t<a><img class=\"skip-lazy\" src=\"https:\/\/www.prazskekancelare.com\/test\/wp-content\/uploads\/2017\/03\/pronajem-kancelari-budejovicka-400x300.jpg\" alt=\"pronajem-kancelari-budejovicka\" \/><\/a>\n\t\t\t\t\t\t\t\t\t\t\t\t\t\t\t<\/li>\n\t\t\t\t\t\t\t<li>\n\t\t\t\t\t<h3 style=\"opacity:70;\">pronajem kancelari na praze 4<\/h3>\n\t\t\t\t\t\t\t\t\t\t\t<span data-alt=\"pronajem-kancelari-na-praze-4\">https:\/\/www.prazskekancelare.com\/test\/wp-content\/uploads\/2017\/03\/pronajem-kancelari-na-praze-4.jpg<\/span>\n\t\t\t\t\t\t\t\t\t\t<p><\/p>\n\t\t\t\t\t\t\t\t\t\t\t\t\t\t\t\t\t\t<a><img class=\"skip-lazy\" src=\"https:\/\/www.prazskekancelare.com\/test\/wp-content\/uploads\/2017\/03\/pronajem-kancelari-na-praze-4-400x300.jpg\" alt=\"pronajem-kancelari-na-praze-4\" \/><\/a>\n\t\t\t\t\t\t\t\t\t\t\t\t\t\t\t<\/li>\n\t\t\t\t\t\t\t<li>\n\t\t\t\t\t<h3 style=\"opacity:70;\">pronajem kancelari Praha 4<\/h3>\n\t\t\t\t\t\t\t\t\t\t\t<span data-alt=\"pronajem-kancelari-praha-4\">https:\/\/www.prazskekancelare.com\/test\/wp-content\/uploads\/2017\/03\/pronajem-kancelari-praha-4.jpg<\/span>\n\t\t\t\t\t\t\t\t\t\t<p><\/p>\n\t\t\t\t\t\t\t\t\t\t\t\t\t\t\t\t\t\t<a><img class=\"skip-lazy\" src=\"https:\/\/www.prazskekancelare.com\/test\/wp-content\/uploads\/2017\/03\/pronajem-kancelari-praha-4-400x300.jpg\" alt=\"pronajem-kancelari-praha-4\" \/><\/a>\n\t\t\t\t\t\t\t\t\t\t\t\t\t\t\t<\/li>\n\t\t\t\t\t\t\t<li>\n\t\t\t\t\t<h3 style=\"opacity:70;\">kancelar k pronajmu praha 4<\/h3>\n\t\t\t\t\t\t\t\t\t\t\t<span data-alt=\"kancelar-k-pronajmu-praha-4\">https:\/\/www.prazskekancelare.com\/test\/wp-content\/uploads\/2017\/03\/kancelar-k-pronajmu-praha-4.jpg<\/span>\n\t\t\t\t\t\t\t\t\t\t<p><\/p>\n\t\t\t\t\t\t\t\t\t\t\t\t\t\t\t\t\t\t<a><img class=\"skip-lazy\" src=\"https:\/\/www.prazskekancelare.com\/test\/wp-content\/uploads\/2017\/03\/kancelar-k-pronajmu-praha-4-400x300.jpg\" alt=\"kancelar-k-pronajmu-praha-4\" \/><\/a>\n\t\t\t\t\t\t\t\t\t\t\t\t\t\t\t<\/li>\n\t\t\t\t\t\t<\/ul>\n\n\t\t<div id=\"slideshow-wrappergallery79565\" class=\"slideshow-wrapper\" style=\"--slideshow-width:1336px\">\n\t\t\n\t\t<div class=\"slideshow-fullsize\" id=\"fullsizegallery79565\">\n\t\t\t\t\t\t\t\t\t\t\t\t\t\t<div id=\"imgprevgallery79565\" class=\"slideshow-imgprev imgnav\" title=\"Previous Image\">Previous Image<\/div>\n\t\t\t\t\t\t<a id=\"imglinkgallery79565\" class=\"slideshow-imglink imglink\">\n\t\t\t\t<!-- link -->\n\t\t\t<\/a>\n\t\t\t\t\t\t\t\t\t\t\t<div id=\"imgnextgallery79565\" class=\"slideshow-imgnext imgnav\" title=\"Next Image\">Next Image<\/div>\n\t\t\t\t\t\t<div id=\"imagegallery79565\" class=\"slideshow-image\"><\/div>\n\t\t\t<div class=\"slideshow-information infobottom\" id=\"informationgallery79565\">\n\t\t\t\t<h3 class=\"slideshow-info-heading\">info heading<\/h3>\n\t\t\t\t<p class=\"slideshow-info-content\">info content<\/p>\n\t\t\t<\/div>\n\t\t<\/div>\n\n\t\t\t\t\t<div id=\"thumbnailsgallery79565\" class=\"slideshow-thumbnails thumbsbot\">\n\t\t\t\t<div class=\"slideshow-slideleft\" id=\"slideleftgallery79565\" title=\"Slide Left\"><\/div>\n\t\t\t\t<div class=\"slideshow-slidearea\" id=\"slideareagallery79565\">\n\t\t\t\t\t<div class=\"slideshow-slider\" id=\"slidergallery79565\"><\/div>\n\t\t\t\t<\/div>\n\t\t\t\t<div class=\"slideshow-slideright\" id=\"sliderightgallery79565\" title=\"Slide Right\"><\/div>\n\t\t\t\t<br style=\"clear:both; visibility:hidden; height:1px;\" \/>\n\t\t\t<\/div>\n\t\t\t<\/div>\n\n\t<br \/>\nNab\u00edz\u00edme k pron\u00e1jmu kancel\u00e1\u0159e na Praze 4 v kancel\u00e1\u0159sk\u00e9 budov\u011b <strong>East Building<\/strong>. Jde o modern\u00ed budovu \u010dist\u011b administrativn\u00edho charakteru. D\u00edky vyu\u017eit\u00ed modern\u00edch technologi\u00ed a skv\u011bl\u00e9 dostupnosti vynik\u00e1 budova mezi ostatn\u00edmi v dan\u00e9 lokalit\u011b.<\/p>\n<h2>Pron\u00e1jem kancel\u00e1\u0159\u00ed Antala Sta\u0161ka Praha 4 &#8211; budova East Building<\/h2>\n<p>V kancel\u00e1\u0159sk\u00e9 budov\u011b najdete nejmodern\u011bj\u0161\u00ed infrastrukturu a z\u00e1zem\u00ed se v\u0161emi nutn\u00fdmi slu\u017ebami. Samoz\u0159ejmost\u00ed jsou instalace LAN a IT rozvod\u016f ve v\u0161ech kancel\u00e1\u0159\u00edch k pron\u00e1jmu.<\/p>\n<p>Kancel\u00e1\u0159sk\u00fd komplex m\u00e1 celkem 7 nadzemn\u00edch podla\u017e\u00ed a t\u0159i podzemn\u00ed, kde se nach\u00e1z\u00ed parkovac\u00ed st\u00e1n\u00ed.<\/p>\n<p>P\u0159\u00edjemn\u00fdm zpest\u0159en\u00edm ka\u017edodenn\u00ed pr\u00e1ce v budov\u011b je vnit\u0159n\u00ed atrium, kter\u00e9 je otev\u0159en\u00e9 a tedy k dispozici pro odpo\u010dinech a relaxaci. Ve druh\u00e9m a \u0161est\u00e9m podla\u017e\u00ed se nach\u00e1z\u00ed kr\u00e1sn\u00e9 terasy pln\u00edc\u00ed stejnou funkci.<br \/>\nterasy.<\/p>\n<h2>Kancel\u00e1\u0159e Bud\u011bjovick\u00e1 Praha 4 &#8211; lokalita<\/h2>\n<p>East Building m\u00e1 obrovskou v\u00fdhodu bl\u00edzkosti metra Bud\u011bjovick\u00e1 a Ji\u017en\u00ed spojky. Budova je autem p\u0159\u00edstupn\u00e1 ze v\u0161ech strana trv\u00e1 jen n\u011bkolik minut, ne\u017e se dostanete na d\u00e1lnici D1.<\/p>\n<h2>Aktu\u00e1ln\u00e9 voln\u00e9 kancel\u00e1\u0159e<\/h2>\n<table style=\"height: 239px;\" width=\"658\">\n<tbody>\n<tr>\n<td style=\"text-align: center;\" width=\"115\"><span style=\"color: #ff0000;\">PODLA\u017d\u00cd<\/span><\/td>\n<td style=\"text-align: center;\" width=\"115\"><span style=\"color: #ff0000;\">VELIKOST<\/span><\/td>\n<td style=\"text-align: center;\" width=\"115\"><span style=\"color: #ff0000;\">DOSTUPNOST<\/span><\/td>\n<td style=\"text-align: center;\" width=\"152\"><span style=\"color: #ff0000;\">CENA<\/span><\/td>\n<\/tr>\n<tr>\n<td style=\"text-align: center;\">2. patro<\/td>\n<td style=\"text-align: center;\">211 m\u00b2<\/td>\n<td style=\"text-align: center;\">IHNED<\/td>\n<td style=\"text-align: center;\">12.77\u00a0EUR \/ m\u00b2 \/ m\u011bs\u00edc<\/td>\n<\/tr>\n<tr>\n<td style=\"text-align: center;\">2. patro<\/td>\n<td style=\"text-align: center;\">441 m\u00b2<\/td>\n<td style=\"text-align: center;\">IHNED<\/td>\n<td style=\"text-align: center;\">12.77\u00a0EUR \/ m\u00b2 \/ m\u011bs\u00edc<\/td>\n<\/tr>\n<tr>\n<td style=\"text-align: center;\">3. patro<\/td>\n<td style=\"text-align: center;\">105 m\u00b2<\/td>\n<td style=\"text-align: center;\">IHNED<\/td>\n<td style=\"text-align: center;\">12.77\u00a0EUR \/ m\u00b2 \/ m\u011bs\u00edc<\/td>\n<\/tr>\n<tr>\n<td style=\"text-align: center;\">4. patro<\/td>\n<td style=\"text-align: center;\">965 m\u00b2<\/td>\n<td style=\"text-align: center;\">IHNED<\/td>\n<td style=\"text-align: center;\">12.77\u00a0EUR \/ m\u00b2 \/ m\u011bs\u00edc<\/td>\n<\/tr>\n<tr>\n<td style=\"text-align: center;\">2. patro<\/td>\n<td style=\"text-align: center;\">1355 m2<\/td>\n<td style=\"text-align: center;\">IHNED<\/td>\n<td style=\"text-align: center;\">12.77\u00a0EUR \/ m\u00b2 \/ m\u011bs\u00edc<\/td>\n<\/tr>\n<tr>\n<td style=\"text-align: center;\">3. patro<\/td>\n<td style=\"text-align: center;\">80 m2<\/td>\n<td style=\"text-align: center;\">IHNED<\/td>\n<td style=\"text-align: center;\">12.77\u00a0EUR \/ m\u00b2 \/ m\u011bs\u00edc<\/td>\n<\/tr>\n<\/tbody>\n<\/table>\n<h2>East Building kancel\u00e1\u0159e Praha 4\u00a0&#8211; provize<\/h2>\n<p>Ve\u0161ker\u00e9 slu\u017eby na\u0161\u00ed spole\u010dnosti a jej\u00edch makl\u00e9\u0159\u016f jsou bez provize.<\/p>\n<h2>Jak poptat kancel\u00e1\u0159\u00a0na Antala Sta\u0161ka?<\/h2>\n<p>Pro zasl\u00e1n\u00ed kompletn\u00ed nab\u00eddky s aktu\u00e1ln\u011b dostupn\u00fdmi kancel\u00e1\u0159emi k pron\u00e1jmu Praha 4 Antala Sta\u0161ka\u00a0n\u00e1s pros\u00edm nev\u00e1hejte kdykoli kontaktovat.<\/p>\n<p>Rychl\u00fd popt\u00e1vkov\u00fd formul\u00e1\u0159 najdete na konci textu\u00a0a makl\u00e9\u0159e zodpov\u011bdn\u00e9ho za nemovitosti v prav\u00e9m sloupci.<br \/>\ne-mail:\u00a0<strong><a href=\"mailto:info@prazskekancelare.cz\">info@prazskekancelare.com<\/a><\/strong>\u00a0\/\u00a0telefon: <strong><span style=\"color: #ff0000;\">+420 773 295 925, +420 723 984 360<\/span><\/strong><\/p>\n<h2>v\u00edce informac\u00ed o kancel\u00e1\u0159\u00edch East Building na Antala Sta\u0161ka:<\/h2>\n","protected":false},"author":1,"featured_media":1982,"comment_status":"closed","ping_status":"closed","template":"","yoast_head":"<!-- This site is optimized with the Yoast SEO plugin v16.4 - https:\/\/yoast.com\/wordpress\/plugins\/seo\/ -->\n<title>EAST BUILDING kancel\u00e1\u0159e Antala Sta\u0161ka Praha 4 | 400 Kancel\u00e1\u0159\u00ed \u00ae<\/title>\n<meta name=\"description\" content=\"Popt\u00e1vejte pron\u00e1jem kancel\u00e1\u0159e East Building Antala Sta\u0161ka Praha 4 | 400 kancel\u00e1\u0159\u00ed k pron\u00e1jmu v Praze | Nab\u00eddky kancel\u00e1\u0159\u00ed do 30 minut | Provize 0%.\" \/>\n<meta name=\"robots\" content=\"noindex, follow, max-snippet:-1, max-image-preview:large, max-video-preview:-1\" \/>\n<meta property=\"og:locale\" content=\"cs_CZ\" \/>\n<meta property=\"og:type\" content=\"article\" \/>\n<meta property=\"og:title\" content=\"EAST BUILDING kancel\u00e1\u0159e Antala Sta\u0161ka Praha 4 | 400 Kancel\u00e1\u0159\u00ed \u00ae\" \/>\n<meta property=\"og:description\" content=\"Popt\u00e1vejte pron\u00e1jem kancel\u00e1\u0159e East Building Antala Sta\u0161ka Praha 4 | 400 kancel\u00e1\u0159\u00ed k pron\u00e1jmu v Praze | Nab\u00eddky kancel\u00e1\u0159\u00ed do 30 minut | Provize 0%.\" \/>\n<meta property=\"og:url\" content=\"https:\/\/www.prazskekancelare.com\/test\/kancelare-k-pronajmu\/pronajem-kancelari-east-building-antala-staska-praha-4\/\" \/>\n<meta property=\"og:site_name\" content=\"TEST - Pron\u00e1jem kancel\u00e1\u0159e Praha\" \/>\n<meta property=\"article:modified_time\" content=\"2019-03-16T09:07:31+00:00\" \/>\n<meta property=\"og:image\" content=\"https:\/\/www.prazskekancelare.com\/test\/wp-content\/uploads\/2017\/03\/pronajem-kancelari-praha-4.jpg\" \/>\n\t<meta property=\"og:image:width\" content=\"1384\" \/>\n\t<meta property=\"og:image:height\" content=\"663\" \/>\n<meta name=\"twitter:card\" content=\"summary\" \/>\n<meta name=\"twitter:label1\" content=\"Odhadovan\u00e1 doba \u010dten\u00ed\" \/>\n\t<meta name=\"twitter:data1\" content=\"2 minuty\" \/>\n<script type=\"application\/ld+json\" class=\"yoast-schema-graph\">{\"@context\":\"https:\/\/schema.org\",\"@graph\":[{\"@type\":\"Organization\",\"@id\":\"https:\/\/www.prazskekancelare.com\/test\/#organization\",\"name\":\"Pron\\u00e1jem kancel\\u00e1\\u0159e Praha\",\"url\":\"https:\/\/www.prazskekancelare.com\/test\/\",\"sameAs\":[],\"logo\":{\"@type\":\"ImageObject\",\"@id\":\"https:\/\/www.prazskekancelare.com\/test\/#logo\",\"inLanguage\":\"cs\",\"url\":\"https:\/\/www.prazskekancelare.com\/test\/wp-content\/uploads\/2018\/05\/prazske-kancelare-com-logo.png\",\"contentUrl\":\"https:\/\/www.prazskekancelare.com\/test\/wp-content\/uploads\/2018\/05\/prazske-kancelare-com-logo.png\",\"width\":242,\"height\":59,\"caption\":\"Pron\\u00e1jem kancel\\u00e1\\u0159e Praha\"},\"image\":{\"@id\":\"https:\/\/www.prazskekancelare.com\/test\/#logo\"}},{\"@type\":\"WebSite\",\"@id\":\"https:\/\/www.prazskekancelare.com\/test\/#website\",\"url\":\"https:\/\/www.prazskekancelare.com\/test\/\",\"name\":\"TEST - Pron\\u00e1jem kancel\\u00e1\\u0159e Praha\",\"description\":\"Pron\\u00e1jem kancel\\u00e1\\u0159e Praha a Kancelare Praha\",\"publisher\":{\"@id\":\"https:\/\/www.prazskekancelare.com\/test\/#organization\"},\"potentialAction\":[{\"@type\":\"SearchAction\",\"target\":\"https:\/\/www.prazskekancelare.com\/test\/?s={search_term_string}\",\"query-input\":\"required name=search_term_string\"}],\"inLanguage\":\"cs\"},{\"@type\":\"ImageObject\",\"@id\":\"https:\/\/www.prazskekancelare.com\/test\/kancelare-k-pronajmu\/pronajem-kancelari-east-building-antala-staska-praha-4\/#primaryimage\",\"inLanguage\":\"cs\",\"url\":\"https:\/\/www.prazskekancelare.com\/test\/wp-content\/uploads\/2017\/03\/pronajem-kancelari-praha-4.jpg\",\"contentUrl\":\"https:\/\/www.prazskekancelare.com\/test\/wp-content\/uploads\/2017\/03\/pronajem-kancelari-praha-4.jpg\",\"width\":1384,\"height\":663,\"caption\":\"East Building kancel\\u00e1\\u0159e Praha 4 Antala Sta\\u0161ka\"},{\"@type\":\"WebPage\",\"@id\":\"https:\/\/www.prazskekancelare.com\/test\/kancelare-k-pronajmu\/pronajem-kancelari-east-building-antala-staska-praha-4\/#webpage\",\"url\":\"https:\/\/www.prazskekancelare.com\/test\/kancelare-k-pronajmu\/pronajem-kancelari-east-building-antala-staska-praha-4\/\",\"name\":\"EAST BUILDING kancel\\u00e1\\u0159e Antala Sta\\u0161ka Praha 4 | 400 Kancel\\u00e1\\u0159\\u00ed \\u00ae\",\"isPartOf\":{\"@id\":\"https:\/\/www.prazskekancelare.com\/test\/#website\"},\"primaryImageOfPage\":{\"@id\":\"https:\/\/www.prazskekancelare.com\/test\/kancelare-k-pronajmu\/pronajem-kancelari-east-building-antala-staska-praha-4\/#primaryimage\"},\"datePublished\":\"2017-03-19T13:06:17+00:00\",\"dateModified\":\"2019-03-16T09:07:31+00:00\",\"description\":\"Popt\\u00e1vejte pron\\u00e1jem kancel\\u00e1\\u0159e East Building Antala Sta\\u0161ka Praha 4 | 400 kancel\\u00e1\\u0159\\u00ed k pron\\u00e1jmu v Praze | Nab\\u00eddky kancel\\u00e1\\u0159\\u00ed do 30 minut | Provize 0%.\",\"breadcrumb\":{\"@id\":\"https:\/\/www.prazskekancelare.com\/test\/kancelare-k-pronajmu\/pronajem-kancelari-east-building-antala-staska-praha-4\/#breadcrumb\"},\"inLanguage\":\"cs\",\"potentialAction\":[{\"@type\":\"ReadAction\",\"target\":[\"https:\/\/www.prazskekancelare.com\/test\/kancelare-k-pronajmu\/pronajem-kancelari-east-building-antala-staska-praha-4\/\"]}]},{\"@type\":\"BreadcrumbList\",\"@id\":\"https:\/\/www.prazskekancelare.com\/test\/kancelare-k-pronajmu\/pronajem-kancelari-east-building-antala-staska-praha-4\/#breadcrumb\",\"itemListElement\":[{\"@type\":\"ListItem\",\"position\":1,\"item\":{\"@type\":\"WebPage\",\"@id\":\"https:\/\/www.prazskekancelare.com\/test\/\",\"url\":\"https:\/\/www.prazskekancelare.com\/test\/\",\"name\":\"Dom\\u016f\"}},{\"@type\":\"ListItem\",\"position\":2,\"item\":{\"@type\":\"WebPage\",\"@id\":\"https:\/\/www.prazskekancelare.com\/test\/kancelare-k-pronajmu\/\",\"url\":\"https:\/\/www.prazskekancelare.com\/test\/kancelare-k-pronajmu\/\",\"name\":\"Properties\"}},{\"@type\":\"ListItem\",\"position\":3,\"item\":{\"@id\":\"https:\/\/www.prazskekancelare.com\/test\/kancelare-k-pronajmu\/pronajem-kancelari-east-building-antala-staska-praha-4\/#webpage\"}}]}]}<\/script>\n<!-- \/ Yoast SEO plugin. -->","cmb2":{"property_general":{"property_id":"ANO","property_year_built":"","property_address":"Antala Sta\u0161ka 510\/38,\r\n140 00 Praha 4\r\n","property_zip":"","property_contract":"","property_gallery":"","property_plans":"","property_video":"","property_parent_property":""},"property_flags":{"property_featured":"","property_sticky":"","property_reduced":"","property_sold":""},"property_contact":{"property_contact_name":"","property_contact_phone":""},"property_pricing":{"property_price":"290","property_price_prefix":"od","property_price_suffix":"K\u010d\/m2","property_price_custom":""},"property_attributes":{"property_rooms":"NE","property_beds":"6","property_baths":"NE","property_garages":"NE \/ \u010d\u00e1ste\u010dn\u011b","property_home_area":"","property_lot_dimensions":"","property_lot_area":"50 m2 - 3.000 m2"},"property_valuation":{"property_valuation_group":""},"property_public_facilities":{"property_public_facilities_group":""},"property_map_location":{"property_map_location":{"latitude":"50.0407817","longitude":"14.441487499999994"}},"property_relations":{"property_agents":["260"]}},"_links":{"self":[{"href":"https:\/\/www.prazskekancelare.com\/test\/wp-json\/wp\/v2\/property\/1983"}],"collection":[{"href":"https:\/\/www.prazskekancelare.com\/test\/wp-json\/wp\/v2\/property"}],"about":[{"href":"https:\/\/www.prazskekancelare.com\/test\/wp-json\/wp\/v2\/types\/property"}],"author":[{"embeddable":true,"href":"https:\/\/www.prazskekancelare.com\/test\/wp-json\/wp\/v2\/users\/1"}],"replies":[{"embeddable":true,"href":"https:\/\/www.prazskekancelare.com\/test\/wp-json\/wp\/v2\/comments?post=1983"}],"wp:featuredmedia":[{"embeddable":true,"href":"https:\/\/www.prazskekancelare.com\/test\/wp-json\/wp\/v2\/media\/1982"}],"wp:attachment":[{"href":"https:\/\/www.prazskekancelare.com\/test\/wp-json\/wp\/v2\/media?parent=1983"}],"curies":[{"name":"wp","href":"https:\/\/api.w.org\/{rel}","templated":true}]}}