{"id":1969,"date":"2017-03-11T18:52:27","date_gmt":"2017-03-11T17:52:27","guid":{"rendered":"https:\/\/www.prazskekancelare.com\/test\/?post_type=property&#038;p=1969"},"modified":"2019-03-16T10:13:59","modified_gmt":"2019-03-16T09:13:59","slug":"pronajem-kancelari-stodulky-praha-5","status":"publish","type":"property","link":"https:\/\/www.prazskekancelare.com\/test\/kancelare-k-pronajmu\/pronajem-kancelari-stodulky-praha-5\/","title":{"rendered":"Kancel\u00e1\u0159e STOD\u016eLKY Praha 5 <span style=\"color: #ff0000;\">v\u00fdhodn\u00e9<\/span>"},"content":{"rendered":"<p>\n\t<ul id=\"slideshowgallery78466\" class=\"slideshowgallery78466\" style=\"display:none;\">\n\t\t\t\t\t<!-- From all slides or gallery slides -->\n\t\t\t\t\t\t\t<li>\n\t\t\t\t\t<h3 style=\"opacity:70;\">pronajem kancelar\u00ed na praze 5<\/h3>\n\t\t\t\t\t\t\t\t\t\t\t<span data-alt=\"pronajem-kancelar-na-praze-5\">https:\/\/www.prazskekancelare.com\/test\/wp-content\/uploads\/2017\/03\/pronajem-kancelari-na-praze-5.jpg<\/span>\n\t\t\t\t\t\t\t\t\t\t<p><\/p>\n\t\t\t\t\t\t\t\t\t\t\t\t\t\t\t\t\t\t<a><img class=\"skip-lazy\" src=\"https:\/\/www.prazskekancelare.com\/test\/wp-content\/uploads\/2017\/03\/pronajem-kancelari-na-praze-5-400x300.jpg\" alt=\"pronajem-kancelar-na-praze-5\" \/><\/a>\n\t\t\t\t\t\t\t\t\t\t\t\t\t\t\t<\/li>\n\t\t\t\t\t\t\t<li>\n\t\t\t\t\t<h3 style=\"opacity:70;\">pronajem kancelari praha 5<\/h3>\n\t\t\t\t\t\t\t\t\t\t\t<span data-alt=\"pronajem-kancelari-praha-5\">https:\/\/www.prazskekancelare.com\/test\/wp-content\/uploads\/2017\/03\/pronajem-kancelari-praha-5.jpg<\/span>\n\t\t\t\t\t\t\t\t\t\t<p><\/p>\n\t\t\t\t\t\t\t\t\t\t\t\t\t\t\t\t\t\t<a><img class=\"skip-lazy\" src=\"https:\/\/www.prazskekancelare.com\/test\/wp-content\/uploads\/2017\/03\/pronajem-kancelari-praha-5-400x300.jpg\" alt=\"pronajem-kancelari-praha-5\" \/><\/a>\n\t\t\t\t\t\t\t\t\t\t\t\t\t\t\t<\/li>\n\t\t\t\t\t\t\t<li>\n\t\t\t\t\t<h3 style=\"opacity:70;\">pronajem kancelare praha 5<\/h3>\n\t\t\t\t\t\t\t\t\t\t\t<span data-alt=\"pronajem-kancelare-praha-5\">https:\/\/www.prazskekancelare.com\/test\/wp-content\/uploads\/2017\/03\/pronajem-kancelare-praha-5.jpg<\/span>\n\t\t\t\t\t\t\t\t\t\t<p><\/p>\n\t\t\t\t\t\t\t\t\t\t\t\t\t\t\t\t\t\t<a><img class=\"skip-lazy\" src=\"https:\/\/www.prazskekancelare.com\/test\/wp-content\/uploads\/2017\/03\/pronajem-kancelare-praha-5-400x300.jpg\" alt=\"pronajem-kancelare-praha-5\" \/><\/a>\n\t\t\t\t\t\t\t\t\t\t\t\t\t\t\t<\/li>\n\t\t\t\t\t\t\t<li>\n\t\t\t\t\t<h3 style=\"opacity:70;\">praha 5 kancelare k pronajmu<\/h3>\n\t\t\t\t\t\t\t\t\t\t\t<span data-alt=\"praha-5-kancelare-k-pronajmu\">https:\/\/www.prazskekancelare.com\/test\/wp-content\/uploads\/2017\/03\/praha-5-kancelare-k-pronajmu.jpg<\/span>\n\t\t\t\t\t\t\t\t\t\t<p><\/p>\n\t\t\t\t\t\t\t\t\t\t\t\t\t\t\t\t\t\t<a><img class=\"skip-lazy\" src=\"https:\/\/www.prazskekancelare.com\/test\/wp-content\/uploads\/2017\/03\/praha-5-kancelare-k-pronajmu-400x300.jpg\" alt=\"praha-5-kancelare-k-pronajmu\" \/><\/a>\n\t\t\t\t\t\t\t\t\t\t\t\t\t\t\t<\/li>\n\t\t\t\t\t\t\t<li>\n\t\t\t\t\t<h3 style=\"opacity:70;\">nvoe kancelare praha 5<\/h3>\n\t\t\t\t\t\t\t\t\t\t\t<span data-alt=\"nvoe-kancelare-praha-5\">https:\/\/www.prazskekancelare.com\/test\/wp-content\/uploads\/2017\/03\/nvoe-kancelare-praha-5.jpg<\/span>\n\t\t\t\t\t\t\t\t\t\t<p><\/p>\n\t\t\t\t\t\t\t\t\t\t\t\t\t\t\t\t\t\t<a><img class=\"skip-lazy\" src=\"https:\/\/www.prazskekancelare.com\/test\/wp-content\/uploads\/2017\/03\/nvoe-kancelare-praha-5-400x300.jpg\" alt=\"nvoe-kancelare-praha-5\" \/><\/a>\n\t\t\t\t\t\t\t\t\t\t\t\t\t\t\t<\/li>\n\t\t\t\t\t\t\t<li>\n\t\t\t\t\t<h3 style=\"opacity:70;\">kancelar na pronajem Praha 5<\/h3>\n\t\t\t\t\t\t\t\t\t\t\t<span data-alt=\"kancelar-na-pronajem-praha-5\">https:\/\/www.prazskekancelare.com\/test\/wp-content\/uploads\/2017\/03\/kancelar-na-pronajem-praha-5.jpg<\/span>\n\t\t\t\t\t\t\t\t\t\t<p><\/p>\n\t\t\t\t\t\t\t\t\t\t\t\t\t\t\t\t\t\t<a><img class=\"skip-lazy\" src=\"https:\/\/www.prazskekancelare.com\/test\/wp-content\/uploads\/2017\/03\/kancelar-na-pronajem-praha-5-400x300.jpg\" alt=\"kancelar-na-pronajem-praha-5\" \/><\/a>\n\t\t\t\t\t\t\t\t\t\t\t\t\t\t\t<\/li>\n\t\t\t\t\t\t\t<li>\n\t\t\t\t\t<h3 style=\"opacity:70;\">kancelare k pronajmu praha 5<\/h3>\n\t\t\t\t\t\t\t\t\t\t\t<span data-alt=\"kancelare-k-pronajmu-praha-5\">https:\/\/www.prazskekancelare.com\/test\/wp-content\/uploads\/2017\/03\/kancelare-k-pronajmu-praha-5.jpg<\/span>\n\t\t\t\t\t\t\t\t\t\t<p><\/p>\n\t\t\t\t\t\t\t\t\t\t\t\t\t\t\t\t\t\t<a><img class=\"skip-lazy\" src=\"https:\/\/www.prazskekancelare.com\/test\/wp-content\/uploads\/2017\/03\/kancelare-k-pronajmu-praha-5-400x300.jpg\" alt=\"kancelare-k-pronajmu-praha-5\" \/><\/a>\n\t\t\t\t\t\t\t\t\t\t\t\t\t\t\t<\/li>\n\t\t\t\t\t\t<\/ul>\n\n\t\t<div id=\"slideshow-wrappergallery78466\" class=\"slideshow-wrapper\" style=\"--slideshow-width:872px\">\n\t\t\n\t\t<div class=\"slideshow-fullsize\" id=\"fullsizegallery78466\">\n\t\t\t\t\t\t\t\t\t\t\t\t\t\t<div id=\"imgprevgallery78466\" class=\"slideshow-imgprev imgnav\" title=\"Previous Image\">Previous Image<\/div>\n\t\t\t\t\t\t<a id=\"imglinkgallery78466\" class=\"slideshow-imglink imglink\">\n\t\t\t\t<!-- link -->\n\t\t\t<\/a>\n\t\t\t\t\t\t\t\t\t\t\t<div id=\"imgnextgallery78466\" class=\"slideshow-imgnext imgnav\" title=\"Next Image\">Next Image<\/div>\n\t\t\t\t\t\t<div id=\"imagegallery78466\" class=\"slideshow-image\"><\/div>\n\t\t\t<div class=\"slideshow-information infobottom\" id=\"informationgallery78466\">\n\t\t\t\t<h3 class=\"slideshow-info-heading\">info heading<\/h3>\n\t\t\t\t<p class=\"slideshow-info-content\">info content<\/p>\n\t\t\t<\/div>\n\t\t<\/div>\n\n\t\t\t\t\t<div id=\"thumbnailsgallery78466\" class=\"slideshow-thumbnails thumbsbot\">\n\t\t\t\t<div class=\"slideshow-slideleft\" id=\"slideleftgallery78466\" title=\"Slide Left\"><\/div>\n\t\t\t\t<div class=\"slideshow-slidearea\" id=\"slideareagallery78466\">\n\t\t\t\t\t<div class=\"slideshow-slider\" id=\"slidergallery78466\"><\/div>\n\t\t\t\t<\/div>\n\t\t\t\t<div class=\"slideshow-slideright\" id=\"sliderightgallery78466\" title=\"Slide Right\"><\/div>\n\t\t\t\t<br style=\"clear:both; visibility:hidden; height:1px;\" \/>\n\t\t\t<\/div>\n\t\t\t<\/div>\n\n\t<br \/>\nP\u0159edstavujeme V\u00e1m <strong>kancel\u00e1\u0159e Stod\u016flky<\/strong>, velmi zaj\u00edmav\u00fd pron\u00e1jem kancel\u00e1\u0159\u00ed a sklad\u016f ve stejn\u00e9 budov\u011b na Praze 5 Stod\u016flk\u00e1ch. Kancel\u00e1\u0159e jsou ide\u00e1ln\u00ed nap\u0159\u00edklad pro e-shop, farmaceutickou spole\u010dnost, drogistickou nebo kosmetickou spole\u010dnost, prodejce textilu, apod.<\/p>\n<h2>Pron\u00e1jem kancel\u00e1\u0159\u00ed\u00a0Stod\u016flky Praha 5 &#8211; budova<\/h2>\n<p>Nov\u011b zrekonstruovan\u00e1 kancel\u00e1\u0159sk\u00e1 budova k pron\u00e1jmu nab\u00edz\u00ed kancel\u00e1\u0159e 225 m2, 250 m2 a distribu\u010dn\u00ed sklad 700 m2 v kr\u00e1sn\u00e9 a v\u00fdborn\u011b dostupn\u00e9 lokalit\u011b star\u00fdch Stod\u016flek, jen cca 3 min. od stanice metra B &#8211; Stod\u016flky.<br \/>\nKancel\u00e1\u0159e se nach\u00e1z\u00ed v p\u016fvodn\u00ed z\u00e1stavb\u011b v ulici Kov\u00e1\u0159ova 39. Objekt byl obl\u00edben jako \u00fato\u010di\u0161t\u011b nadn\u00e1rodn\u00edch spole\u010dnost\u00ed jako jsou EMI Music (Warner Music), divize \u010cesk\u00e9ho rozhlasu a tak\u00e9 Bontonland.<\/p>\n<h2>Sklad k pron\u00e1jmu Stod\u016flky &#8211; \u010dlen\u011bn\u00ed<\/h2>\n<p>Kancel\u00e1\u0159e k pron\u00e1jmu i skladovou \u010d\u00e1st je mo\u017en\u00e9 pronajmout v celku (2 patra kancel\u00e1\u0159sk\u00fdch prostor a 3 patra distribu\u010dn\u00edho skladu) nebo je mo\u017en\u00e9 prostor rozd\u011blit na dva celky. V\u0161e je dle domluvy s majitelem.<br \/>\nKancel\u00e1\u0159sk\u00e1 budova je um\u00edst\u011bna ve svahu a tud\u00ed\u017e je mo\u017en\u00e9 vyu\u017e\u00edvat dv\u011b patra sklad\u016f samostatn\u011b. Ob\u011b patra sklad\u016f jsou propojena n\u00e1kladn\u00edmi v\u00fdtahy.<br \/>\nV objektu je nov\u00e9, rychlo-ob\u011bhov\u00e9 vyt\u00e1p\u011bn\u00ed, kter\u00e9 garantuje ni\u017e\u0161\u00ed spot\u0159ebu energi\u00ed.<br \/>\nV\u00fdhodou t\u011bchto kancel\u00e1\u0159\u00ed k pron\u00e1jmu je bezprobl\u00e9mov\u00e9 parkov\u00e1n\u00ed p\u0159ed domem \u010di v okol\u00ed domu.<\/p>\n<table style=\"height: 263px;\" width=\"628\">\n<tbody>\n<tr>\n<td style=\"text-align: center;\" width=\"101\"><span style=\"color: #ff0000;\">PODLA\u017d\u00cd<\/span><\/td>\n<td style=\"text-align: center;\" width=\"95\"><span style=\"color: #ff0000;\">VELIKOST<\/span><\/td>\n<td style=\"text-align: center;\" width=\"112\"><span style=\"color: #ff0000;\">DOSTUPNOST<\/span><\/td>\n<td style=\"text-align: center;\" width=\"168\"><span style=\"color: #ff0000;\">CENA<\/span><\/td>\n<\/tr>\n<tr>\n<td style=\"text-align: center;\">P\u0159\u00edzem\u00ed<\/td>\n<td style=\"text-align: center;\">30 m\u00b2<\/td>\n<td style=\"text-align: center;\">IHNED<\/td>\n<td style=\"text-align: center;\">9.00\u00a0EUR \/ m\u00b2 \/ m\u011bs\u00edc<\/td>\n<\/tr>\n<tr>\n<td style=\"text-align: center;\">P\u0159\u00edzem\u00ed<\/td>\n<td style=\"text-align: center;\">83 m\u00b2<\/td>\n<td style=\"text-align: center;\">IHNED<\/td>\n<td style=\"text-align: center;\">4.60\u00a0EUR \/ m\u00b2 \/ m\u011bs\u00edc<\/td>\n<\/tr>\n<tr>\n<td style=\"text-align: center;\">P\u0159\u00edzem\u00ed<\/td>\n<td style=\"text-align: center;\">150 m\u00b2<\/td>\n<td style=\"text-align: center;\">IHNED<\/td>\n<td style=\"text-align: center;\">9.00\u00a0EUR \/ m\u00b2 \/ m\u011bs\u00edc<\/td>\n<\/tr>\n<tr>\n<td style=\"text-align: center;\">P\u0159\u00edzem\u00ed<\/td>\n<td style=\"text-align: center;\">216 m\u00b2<\/td>\n<td style=\"text-align: center;\">IHNED<\/td>\n<td style=\"text-align: center;\">8.00-9.00\u00a0EUR \/ m\u00b2 \/ m\u011bs\u00edc<\/td>\n<\/tr>\n<tr>\n<td style=\"text-align: center;\">1. patro<\/td>\n<td style=\"text-align: center;\">350 m\u00b2<\/td>\n<td style=\"text-align: center;\">IHNED<\/td>\n<td style=\"text-align: center;\">11.00\u00a0EUR \/ m\u00b2 \/ m\u011bs\u00edc<\/td>\n<\/tr>\n<tr>\n<td style=\"text-align: center;\">1. patro<\/td>\n<td style=\"text-align: center;\">583 m\u00b2<\/td>\n<td style=\"text-align: center;\">IHNED<\/td>\n<td style=\"text-align: center;\">4.60\u00a0EUR \/ m\u00b2 \/ m\u011bs\u00edc<\/td>\n<\/tr>\n<tr>\n<td style=\"text-align: center;\">2. patro<\/td>\n<td style=\"text-align: center;\">953 m\u00b2<\/td>\n<td style=\"text-align: center;\">IHNED<\/td>\n<td style=\"text-align: center;\">4.60\u00a0EUR \/ m\u00b2 \/ m\u011bs\u00edc<\/td>\n<\/tr>\n<\/tbody>\n<\/table>\n<h2>Provize za zprost\u0159edkov\u00e1n\u00ed pron\u00e1jmu kancel\u00e1\u0159\u00ed\u00a0na Stod\u016flk\u00e1ch<\/h2>\n<p>Ve\u0161ker\u00e9 slu\u017eby na\u0161\u00ed spole\u010dnosti a jej\u00edch makl\u00e9\u0159\u016f jsou bez provize. Volejte \/ pi\u0161te nonstop.<\/p>\n<h2>Jak poptat kancel\u00e1\u0159e k pron\u00e1jmu\u00a0Praha 5 Stod\u016flky?<\/h2>\n<p>Za\u0161lete n\u00e1m pros\u00edm jednoduchou popt\u00e1vku nebo zavolejte na\u0161emu makl\u00e9\u0159i a on v\u0161e za\u0159\u00edd\u00ed k Va\u0161\u00ed spokojenosti.<\/p>\n<p><span style=\"color: #ff0000;\"><strong>Kompletn\u00ed nab\u00eddku p\u0159iprav\u00edme do 30ti minut po zasl\u00e1n\u00ed popt\u00e1vky.<\/strong><\/span><\/p>\n<p>Rychl\u00fd popt\u00e1vkov\u00fd formul\u00e1\u0159 najdete na konci textu\u00a0a makl\u00e9\u0159e zodpov\u011bdn\u00e9ho za nemovitosti v prav\u00e9m sloupci.<\/p>\n<p>e-mail:\u00a0<strong><a href=\"mailto:info@prazskekancelare.cz\">info@prazskekancelare.com<\/a><\/strong>\u00a0\/\u00a0telefon: <strong><span style=\"color: #ff0000;\">+420 773 295 925, +420 723 984 360<\/span><\/strong><\/p>\n<h2>v\u00edce informac\u00ed o kancel\u00e1\u0159\u00edch ve Stod\u016flk\u00e1ch:<\/h2>\n","protected":false},"author":1,"featured_media":1968,"comment_status":"closed","ping_status":"closed","template":"","yoast_head":"<!-- This site is optimized with the Yoast SEO plugin v16.4 - https:\/\/yoast.com\/wordpress\/plugins\/seo\/ -->\n<title>STOD\u016eLKY kancel\u00e1\u0159e Praha 5 | 0% Provize | 500 KANCEL\u00c1\u0158\u00cd \u00ae<\/title>\n<meta name=\"description\" content=\"Popt\u00e1vejte pron\u00e1jem kancel\u00e1\u0159e Stod\u016flky, Lu\u017einy, Luka Praha 5 | 500 kancel\u00e1\u0159\u00ed k pron\u00e1jmu v Praze | Nab\u00eddky kancel\u00e1\u0159\u00ed do 30 minut | Provize 0%.\" \/>\n<meta name=\"robots\" content=\"noindex, follow, max-snippet:-1, max-image-preview:large, max-video-preview:-1\" \/>\n<meta property=\"og:locale\" content=\"cs_CZ\" \/>\n<meta property=\"og:type\" content=\"article\" \/>\n<meta property=\"og:title\" content=\"STOD\u016eLKY kancel\u00e1\u0159e Praha 5 | 0% Provize | 500 KANCEL\u00c1\u0158\u00cd \u00ae\" \/>\n<meta property=\"og:description\" content=\"Popt\u00e1vejte pron\u00e1jem kancel\u00e1\u0159e Stod\u016flky, Lu\u017einy, Luka Praha 5 | 500 kancel\u00e1\u0159\u00ed k pron\u00e1jmu v Praze | Nab\u00eddky kancel\u00e1\u0159\u00ed do 30 minut | Provize 0%.\" \/>\n<meta property=\"og:url\" content=\"https:\/\/www.prazskekancelare.com\/test\/kancelare-k-pronajmu\/pronajem-kancelari-stodulky-praha-5\/\" \/>\n<meta property=\"og:site_name\" content=\"TEST - Pron\u00e1jem kancel\u00e1\u0159e Praha\" \/>\n<meta property=\"article:modified_time\" content=\"2019-03-16T09:13:59+00:00\" \/>\n<meta property=\"og:image\" content=\"https:\/\/www.prazskekancelare.com\/test\/wp-content\/uploads\/2017\/03\/pronajem-kancelari-praha-5.jpg\" \/>\n\t<meta property=\"og:image:width\" content=\"1202\" \/>\n\t<meta property=\"og:image:height\" content=\"669\" \/>\n<meta name=\"twitter:card\" content=\"summary\" \/>\n<meta name=\"twitter:label1\" content=\"Odhadovan\u00e1 doba \u010dten\u00ed\" \/>\n\t<meta name=\"twitter:data1\" content=\"2 minuty\" \/>\n<script type=\"application\/ld+json\" class=\"yoast-schema-graph\">{\"@context\":\"https:\/\/schema.org\",\"@graph\":[{\"@type\":\"Organization\",\"@id\":\"https:\/\/www.prazskekancelare.com\/test\/#organization\",\"name\":\"Pron\\u00e1jem kancel\\u00e1\\u0159e Praha\",\"url\":\"https:\/\/www.prazskekancelare.com\/test\/\",\"sameAs\":[],\"logo\":{\"@type\":\"ImageObject\",\"@id\":\"https:\/\/www.prazskekancelare.com\/test\/#logo\",\"inLanguage\":\"cs\",\"url\":\"https:\/\/www.prazskekancelare.com\/test\/wp-content\/uploads\/2018\/05\/prazske-kancelare-com-logo.png\",\"contentUrl\":\"https:\/\/www.prazskekancelare.com\/test\/wp-content\/uploads\/2018\/05\/prazske-kancelare-com-logo.png\",\"width\":242,\"height\":59,\"caption\":\"Pron\\u00e1jem kancel\\u00e1\\u0159e Praha\"},\"image\":{\"@id\":\"https:\/\/www.prazskekancelare.com\/test\/#logo\"}},{\"@type\":\"WebSite\",\"@id\":\"https:\/\/www.prazskekancelare.com\/test\/#website\",\"url\":\"https:\/\/www.prazskekancelare.com\/test\/\",\"name\":\"TEST - Pron\\u00e1jem kancel\\u00e1\\u0159e Praha\",\"description\":\"Pron\\u00e1jem kancel\\u00e1\\u0159e Praha a Kancelare Praha\",\"publisher\":{\"@id\":\"https:\/\/www.prazskekancelare.com\/test\/#organization\"},\"potentialAction\":[{\"@type\":\"SearchAction\",\"target\":\"https:\/\/www.prazskekancelare.com\/test\/?s={search_term_string}\",\"query-input\":\"required name=search_term_string\"}],\"inLanguage\":\"cs\"},{\"@type\":\"ImageObject\",\"@id\":\"https:\/\/www.prazskekancelare.com\/test\/kancelare-k-pronajmu\/pronajem-kancelari-stodulky-praha-5\/#primaryimage\",\"inLanguage\":\"cs\",\"url\":\"https:\/\/www.prazskekancelare.com\/test\/wp-content\/uploads\/2017\/03\/pronajem-kancelari-praha-5.jpg\",\"contentUrl\":\"https:\/\/www.prazskekancelare.com\/test\/wp-content\/uploads\/2017\/03\/pronajem-kancelari-praha-5.jpg\",\"width\":1202,\"height\":669,\"caption\":\"Kancel\\u00e1\\u0159e Stod\\u016flky Praha 5\"},{\"@type\":\"WebPage\",\"@id\":\"https:\/\/www.prazskekancelare.com\/test\/kancelare-k-pronajmu\/pronajem-kancelari-stodulky-praha-5\/#webpage\",\"url\":\"https:\/\/www.prazskekancelare.com\/test\/kancelare-k-pronajmu\/pronajem-kancelari-stodulky-praha-5\/\",\"name\":\"STOD\\u016eLKY kancel\\u00e1\\u0159e Praha 5 | 0% Provize | 500 KANCEL\\u00c1\\u0158\\u00cd \\u00ae\",\"isPartOf\":{\"@id\":\"https:\/\/www.prazskekancelare.com\/test\/#website\"},\"primaryImageOfPage\":{\"@id\":\"https:\/\/www.prazskekancelare.com\/test\/kancelare-k-pronajmu\/pronajem-kancelari-stodulky-praha-5\/#primaryimage\"},\"datePublished\":\"2017-03-11T17:52:27+00:00\",\"dateModified\":\"2019-03-16T09:13:59+00:00\",\"description\":\"Popt\\u00e1vejte pron\\u00e1jem kancel\\u00e1\\u0159e Stod\\u016flky, Lu\\u017einy, Luka Praha 5 | 500 kancel\\u00e1\\u0159\\u00ed k pron\\u00e1jmu v Praze | Nab\\u00eddky kancel\\u00e1\\u0159\\u00ed do 30 minut | Provize 0%.\",\"breadcrumb\":{\"@id\":\"https:\/\/www.prazskekancelare.com\/test\/kancelare-k-pronajmu\/pronajem-kancelari-stodulky-praha-5\/#breadcrumb\"},\"inLanguage\":\"cs\",\"potentialAction\":[{\"@type\":\"ReadAction\",\"target\":[\"https:\/\/www.prazskekancelare.com\/test\/kancelare-k-pronajmu\/pronajem-kancelari-stodulky-praha-5\/\"]}]},{\"@type\":\"BreadcrumbList\",\"@id\":\"https:\/\/www.prazskekancelare.com\/test\/kancelare-k-pronajmu\/pronajem-kancelari-stodulky-praha-5\/#breadcrumb\",\"itemListElement\":[{\"@type\":\"ListItem\",\"position\":1,\"item\":{\"@type\":\"WebPage\",\"@id\":\"https:\/\/www.prazskekancelare.com\/test\/\",\"url\":\"https:\/\/www.prazskekancelare.com\/test\/\",\"name\":\"Dom\\u016f\"}},{\"@type\":\"ListItem\",\"position\":2,\"item\":{\"@type\":\"WebPage\",\"@id\":\"https:\/\/www.prazskekancelare.com\/test\/kancelare-k-pronajmu\/\",\"url\":\"https:\/\/www.prazskekancelare.com\/test\/kancelare-k-pronajmu\/\",\"name\":\"Properties\"}},{\"@type\":\"ListItem\",\"position\":3,\"item\":{\"@id\":\"https:\/\/www.prazskekancelare.com\/test\/kancelare-k-pronajmu\/pronajem-kancelari-stodulky-praha-5\/#webpage\"}}]}]}<\/script>\n<!-- \/ Yoast SEO plugin. -->","cmb2":{"property_general":{"property_id":"ANO","property_year_built":"","property_address":"Kov\u00e1\u0159ova 39,\r\n 150 00 Praha 5\r\n","property_zip":"","property_contract":"","property_gallery":"","property_plans":"","property_video":"","property_parent_property":""},"property_flags":{"property_featured":"","property_sticky":"","property_reduced":"","property_sold":""},"property_contact":{"property_contact_name":"","property_contact_phone":""},"property_pricing":{"property_price":"150","property_price_prefix":"od","property_price_suffix":"K\u010d\/m2","property_price_custom":""},"property_attributes":{"property_rooms":"NE","property_beds":"2","property_baths":"NE","property_garages":"NE \/ \u010d\u00e1ste\u010dn\u011b","property_home_area":"","property_lot_dimensions":"","property_lot_area":"30 m2 - 1000 m2"},"property_valuation":{"property_valuation_group":""},"property_public_facilities":{"property_public_facilities_group":""},"property_map_location":{"property_map_location":{"latitude":"50.0486922","longitude":"14.313163499999973"}},"property_relations":{"property_agents":["260"]}},"_links":{"self":[{"href":"https:\/\/www.prazskekancelare.com\/test\/wp-json\/wp\/v2\/property\/1969"}],"collection":[{"href":"https:\/\/www.prazskekancelare.com\/test\/wp-json\/wp\/v2\/property"}],"about":[{"href":"https:\/\/www.prazskekancelare.com\/test\/wp-json\/wp\/v2\/types\/property"}],"author":[{"embeddable":true,"href":"https:\/\/www.prazskekancelare.com\/test\/wp-json\/wp\/v2\/users\/1"}],"replies":[{"embeddable":true,"href":"https:\/\/www.prazskekancelare.com\/test\/wp-json\/wp\/v2\/comments?post=1969"}],"wp:featuredmedia":[{"embeddable":true,"href":"https:\/\/www.prazskekancelare.com\/test\/wp-json\/wp\/v2\/media\/1968"}],"wp:attachment":[{"href":"https:\/\/www.prazskekancelare.com\/test\/wp-json\/wp\/v2\/media?parent=1969"}],"curies":[{"name":"wp","href":"https:\/\/api.w.org\/{rel}","templated":true}]}}