{"id":1925,"date":"2017-01-29T16:56:49","date_gmt":"2017-01-29T15:56:49","guid":{"rendered":"https:\/\/www.prazskekancelare.com\/test\/?post_type=property&#038;p=1925"},"modified":"2021-04-14T15:22:22","modified_gmt":"2021-04-14T13:22:22","slug":"pronajem-kancelari-pankrac-city-tower","status":"publish","type":"property","link":"https:\/\/www.prazskekancelare.com\/test\/kancelare-k-pronajmu\/pronajem-kancelari-pankrac-city-tower\/","title":{"rendered":"CITY TOWER Praha kancel\u00e1\u0159e Pankr\u00e1c <span style=\"color: #ff0000;\">TOP cena<\/span>"},"content":{"rendered":"<p>\n\t<ul id=\"slideshowgallery7578\" class=\"slideshowgallery7578\" style=\"display:none;\">\n\t\t\t\t\t<!-- From all slides or gallery slides -->\n\t\t\t\t\t\t\t<li>\n\t\t\t\t\t<h3 style=\"opacity:70;\">pronajem na pankraci<\/h3>\n\t\t\t\t\t\t\t\t\t\t\t<span data-alt=\"pronajem-na-pankraci\">https:\/\/www.prazskekancelare.com\/test\/wp-content\/uploads\/2017\/01\/pronajem-na-pankraci.jpg<\/span>\n\t\t\t\t\t\t\t\t\t\t<p><\/p>\n\t\t\t\t\t\t\t\t\t\t\t\t\t\t\t\t\t\t<a><img class=\"skip-lazy\" src=\"https:\/\/www.prazskekancelare.com\/test\/wp-content\/uploads\/2017\/01\/pronajem-na-pankraci-400x300.jpg\" alt=\"pronajem-na-pankraci\" \/><\/a>\n\t\t\t\t\t\t\t\t\t\t\t\t\t\t\t<\/li>\n\t\t\t\t\t\t\t<li>\n\t\t\t\t\t<h3 style=\"opacity:70;\">CityTower<\/h3>\n\t\t\t\t\t\t\t\t\t\t\t<span data-alt=\"citytower\">https:\/\/www.prazskekancelare.com\/test\/wp-content\/uploads\/2018\/11\/citytower.jpg<\/span>\n\t\t\t\t\t\t\t\t\t\t<p><\/p>\n\t\t\t\t\t\t\t\t\t\t\t\t\t\t\t\t\t\t<a><img class=\"skip-lazy\" src=\"https:\/\/www.prazskekancelare.com\/test\/wp-content\/uploads\/2018\/11\/citytower-400x300.jpg\" alt=\"citytower\" \/><\/a>\n\t\t\t\t\t\t\t\t\t\t\t\t\t\t\t<\/li>\n\t\t\t\t\t\t\t<li>\n\t\t\t\t\t<h3 style=\"opacity:70;\">citytowerpankracpraha4<\/h3>\n\t\t\t\t\t\t\t\t\t\t\t<span data-alt=\"citytowerpankracpraha4\">https:\/\/www.prazskekancelare.com\/test\/wp-content\/uploads\/2018\/11\/citytowerpankracpraha4.jpg<\/span>\n\t\t\t\t\t\t\t\t\t\t<p><\/p>\n\t\t\t\t\t\t\t\t\t\t\t\t\t\t\t\t\t\t<a><img class=\"skip-lazy\" src=\"https:\/\/www.prazskekancelare.com\/test\/wp-content\/uploads\/2018\/11\/citytowerpankracpraha4-300x225.jpg\" alt=\"citytowerpankracpraha4\" \/><\/a>\n\t\t\t\t\t\t\t\t\t\t\t\t\t\t\t<\/li>\n\t\t\t\t\t\t\t<li>\n\t\t\t\t\t<h3 style=\"opacity:70;\">kancelarecitytowerpraha4<\/h3>\n\t\t\t\t\t\t\t\t\t\t\t<span data-alt=\"kancelarecitytowerpraha4\">https:\/\/www.prazskekancelare.com\/test\/wp-content\/uploads\/2018\/11\/kancelarecitytowerpraha4.jpg<\/span>\n\t\t\t\t\t\t\t\t\t\t<p><\/p>\n\t\t\t\t\t\t\t\t\t\t\t\t\t\t\t\t\t\t<a><img class=\"skip-lazy\" src=\"https:\/\/www.prazskekancelare.com\/test\/wp-content\/uploads\/2018\/11\/kancelarecitytowerpraha4-400x300.jpg\" alt=\"kancelarecitytowerpraha4\" \/><\/a>\n\t\t\t\t\t\t\t\t\t\t\t\t\t\t\t<\/li>\n\t\t\t\t\t\t\t<li>\n\t\t\t\t\t<h3 style=\"opacity:70;\">praha4kancelare<\/h3>\n\t\t\t\t\t\t\t\t\t\t\t<span data-alt=\"praha4kancelare\">https:\/\/www.prazskekancelare.com\/test\/wp-content\/uploads\/2018\/11\/praha4kancelare.jpg<\/span>\n\t\t\t\t\t\t\t\t\t\t<p><\/p>\n\t\t\t\t\t\t\t\t\t\t\t\t\t\t\t\t\t\t<a><img class=\"skip-lazy\" src=\"https:\/\/www.prazskekancelare.com\/test\/wp-content\/uploads\/2018\/11\/praha4kancelare-300x225.jpg\" alt=\"praha4kancelare\" \/><\/a>\n\t\t\t\t\t\t\t\t\t\t\t\t\t\t\t<\/li>\n\t\t\t\t\t\t\t<li>\n\t\t\t\t\t<h3 style=\"opacity:70;\">kancelar k pronajmu pankrac<\/h3>\n\t\t\t\t\t\t\t\t\t\t\t<span data-alt=\"kancelar-k-pronajmu-pankrac\">https:\/\/www.prazskekancelare.com\/test\/wp-content\/uploads\/2017\/01\/kancelar-k-pronajmu-pankrac.jpg<\/span>\n\t\t\t\t\t\t\t\t\t\t<p><\/p>\n\t\t\t\t\t\t\t\t\t\t\t\t\t\t\t\t\t\t<a><img class=\"skip-lazy\" src=\"https:\/\/www.prazskekancelare.com\/test\/wp-content\/uploads\/2017\/01\/kancelar-k-pronajmu-pankrac-400x300.jpg\" alt=\"kancelar-k-pronajmu-pankrac\" \/><\/a>\n\t\t\t\t\t\t\t\t\t\t\t\t\t\t\t<\/li>\n\t\t\t\t\t\t\t<li>\n\t\t\t\t\t<h3 style=\"opacity:70;\">kancelare city tower praha 4<\/h3>\n\t\t\t\t\t\t\t\t\t\t\t<span data-alt=\"kancelare-city-tower-praha-4\">https:\/\/www.prazskekancelare.com\/test\/wp-content\/uploads\/2017\/01\/kancelare-city-tower-praha-4.jpg<\/span>\n\t\t\t\t\t\t\t\t\t\t<p><\/p>\n\t\t\t\t\t\t\t\t\t\t\t\t\t\t\t\t\t\t<a><img class=\"skip-lazy\" src=\"https:\/\/www.prazskekancelare.com\/test\/wp-content\/uploads\/2017\/01\/kancelare-city-tower-praha-4-400x300.jpg\" alt=\"kancelare-city-tower-praha-4\" \/><\/a>\n\t\t\t\t\t\t\t\t\t\t\t\t\t\t\t<\/li>\n\t\t\t\t\t\t\t<li>\n\t\t\t\t\t<h3 style=\"opacity:70;\">kancelare pankrac<\/h3>\n\t\t\t\t\t\t\t\t\t\t\t<span data-alt=\"kancelare-pankrac\">https:\/\/www.prazskekancelare.com\/test\/wp-content\/uploads\/2017\/01\/kancelare-pankrac.jpg<\/span>\n\t\t\t\t\t\t\t\t\t\t<p><\/p>\n\t\t\t\t\t\t\t\t\t\t\t\t\t\t\t\t\t\t<a><img class=\"skip-lazy\" src=\"https:\/\/www.prazskekancelare.com\/test\/wp-content\/uploads\/2017\/01\/kancelare-pankrac-400x300.jpg\" alt=\"kancelare-pankrac\" \/><\/a>\n\t\t\t\t\t\t\t\t\t\t\t\t\t\t\t<\/li>\n\t\t\t\t\t\t\t<li>\n\t\t\t\t\t<h3 style=\"opacity:70;\">kancelare praha 4 pankrac<\/h3>\n\t\t\t\t\t\t\t\t\t\t\t<span data-alt=\"kancelare-praha-4-pankrac\">https:\/\/www.prazskekancelare.com\/test\/wp-content\/uploads\/2017\/01\/kancelare-praha-4-pankrac.jpg<\/span>\n\t\t\t\t\t\t\t\t\t\t<p><\/p>\n\t\t\t\t\t\t\t\t\t\t\t\t\t\t\t\t\t\t<a><img class=\"skip-lazy\" src=\"https:\/\/www.prazskekancelare.com\/test\/wp-content\/uploads\/2017\/01\/kancelare-praha-4-pankrac-400x300.jpg\" alt=\"kancelare-praha-4-pankrac\" \/><\/a>\n\t\t\t\t\t\t\t\t\t\t\t\t\t\t\t<\/li>\n\t\t\t\t\t\t\t<li>\n\t\t\t\t\t<h3 style=\"opacity:70;\">pankrac city tower kancelare<\/h3>\n\t\t\t\t\t\t\t\t\t\t\t<span data-alt=\"pankrac-city-tower-kancelare\">https:\/\/www.prazskekancelare.com\/test\/wp-content\/uploads\/2017\/01\/pankrac-city-tower-kancelare.jpg<\/span>\n\t\t\t\t\t\t\t\t\t\t<p><\/p>\n\t\t\t\t\t\t\t\t\t\t\t\t\t\t\t\t\t\t<a><img class=\"skip-lazy\" src=\"https:\/\/www.prazskekancelare.com\/test\/wp-content\/uploads\/2017\/01\/pankrac-city-tower-kancelare-400x300.jpg\" alt=\"pankrac-city-tower-kancelare\" \/><\/a>\n\t\t\t\t\t\t\t\t\t\t\t\t\t\t\t<\/li>\n\t\t\t\t\t\t\t<li>\n\t\t\t\t\t<h3 style=\"opacity:70;\">pankrac kancelare<\/h3>\n\t\t\t\t\t\t\t\t\t\t\t<span data-alt=\"pankrac-kancelare\">https:\/\/www.prazskekancelare.com\/test\/wp-content\/uploads\/2017\/01\/pankrac-kancelare.jpg<\/span>\n\t\t\t\t\t\t\t\t\t\t<p><\/p>\n\t\t\t\t\t\t\t\t\t\t\t\t\t\t\t\t\t\t<a><img class=\"skip-lazy\" src=\"https:\/\/www.prazskekancelare.com\/test\/wp-content\/uploads\/2017\/01\/pankrac-kancelare-400x300.jpg\" alt=\"pankrac-kancelare\" \/><\/a>\n\t\t\t\t\t\t\t\t\t\t\t\t\t\t\t<\/li>\n\t\t\t\t\t\t\t<li>\n\t\t\t\t\t<h3 style=\"opacity:70;\">praha 4 kancelare k pronajmu<\/h3>\n\t\t\t\t\t\t\t\t\t\t\t<span data-alt=\"praha-4-kancelare-k-pronajmu\">https:\/\/www.prazskekancelare.com\/test\/wp-content\/uploads\/2017\/01\/praha-4-kancelare-k-pronajmu.jpg<\/span>\n\t\t\t\t\t\t\t\t\t\t<p><\/p>\n\t\t\t\t\t\t\t\t\t\t\t\t\t\t\t\t\t\t<a><img class=\"skip-lazy\" src=\"https:\/\/www.prazskekancelare.com\/test\/wp-content\/uploads\/2017\/01\/praha-4-kancelare-k-pronajmu-400x300.jpg\" alt=\"praha-4-kancelare-k-pronajmu\" \/><\/a>\n\t\t\t\t\t\t\t\t\t\t\t\t\t\t\t<\/li>\n\t\t\t\t\t\t\t<li>\n\t\t\t\t\t<h3 style=\"opacity:70;\">pronajem kancelare na pankraci praha 4<\/h3>\n\t\t\t\t\t\t\t\t\t\t\t<span data-alt=\"pronajem-kancelare-na-pankraci-praha-4\">https:\/\/www.prazskekancelare.com\/test\/wp-content\/uploads\/2017\/01\/pronajem-kancelare-na-pankraci-praha-4.jpg<\/span>\n\t\t\t\t\t\t\t\t\t\t<p><\/p>\n\t\t\t\t\t\t\t\t\t\t\t\t\t\t\t\t\t\t<a><img class=\"skip-lazy\" src=\"https:\/\/www.prazskekancelare.com\/test\/wp-content\/uploads\/2017\/01\/pronajem-kancelare-na-pankraci-praha-4-400x300.jpg\" alt=\"pronajem-kancelare-na-pankraci-praha-4\" \/><\/a>\n\t\t\t\t\t\t\t\t\t\t\t\t\t\t\t<\/li>\n\t\t\t\t\t\t\t<li>\n\t\t\t\t\t<h3 style=\"opacity:70;\">pronajem kancelare praha 4 pankrac<\/h3>\n\t\t\t\t\t\t\t\t\t\t\t<span data-alt=\"pronajem-kancelare-praha-4-pankrac\">https:\/\/www.prazskekancelare.com\/test\/wp-content\/uploads\/2017\/01\/pronajem-kancelare-praha-4-pankrac.jpg<\/span>\n\t\t\t\t\t\t\t\t\t\t<p><\/p>\n\t\t\t\t\t\t\t\t\t\t\t\t\t\t\t\t\t\t<a><img class=\"skip-lazy\" src=\"https:\/\/www.prazskekancelare.com\/test\/wp-content\/uploads\/2017\/01\/pronajem-kancelare-praha-4-pankrac-400x300.jpg\" alt=\"pronajem-kancelare-praha-4-pankrac\" \/><\/a>\n\t\t\t\t\t\t\t\t\t\t\t\t\t\t\t<\/li>\n\t\t\t\t\t\t\t<li>\n\t\t\t\t\t<h3 style=\"opacity:70;\">pronajem kancelari na praze 4<\/h3>\n\t\t\t\t\t\t\t\t\t\t\t<span data-alt=\"pronajem-kancelari-na-praze-4\">https:\/\/www.prazskekancelare.com\/test\/wp-content\/uploads\/2017\/01\/pronajem-kancelari-na-praze-4.jpg<\/span>\n\t\t\t\t\t\t\t\t\t\t<p><\/p>\n\t\t\t\t\t\t\t\t\t\t\t\t\t\t\t\t\t\t<a><img class=\"skip-lazy\" src=\"https:\/\/www.prazskekancelare.com\/test\/wp-content\/uploads\/2017\/01\/pronajem-kancelari-na-praze-4-400x300.jpg\" alt=\"pronajem-kancelari-na-praze-4\" \/><\/a>\n\t\t\t\t\t\t\t\t\t\t\t\t\t\t\t<\/li>\n\t\t\t\t\t\t\t<li>\n\t\t\t\t\t<h3 style=\"opacity:70;\">Pronajem kancelari Pankrac<\/h3>\n\t\t\t\t\t\t\t\t\t\t\t<span data-alt=\"pronajem-kancelari-pankrac\">https:\/\/www.prazskekancelare.com\/test\/wp-content\/uploads\/2017\/01\/pronajem-kancelari-pankrac.jpg<\/span>\n\t\t\t\t\t\t\t\t\t\t<p><\/p>\n\t\t\t\t\t\t\t\t\t\t\t\t\t\t\t\t\t\t<a><img class=\"skip-lazy\" src=\"https:\/\/www.prazskekancelare.com\/test\/wp-content\/uploads\/2017\/01\/pronajem-kancelari-pankrac-400x300.jpg\" alt=\"pronajem-kancelari-pankrac\" \/><\/a>\n\t\t\t\t\t\t\t\t\t\t\t\t\t\t\t<\/li>\n\t\t\t\t\t\t\t<li>\n\t\t\t\t\t<h3 style=\"opacity:70;\">pronajem kancelari Praha 4<\/h3>\n\t\t\t\t\t\t\t\t\t\t\t<span data-alt=\"pronajem-kancelari-praha-4\">https:\/\/www.prazskekancelare.com\/test\/wp-content\/uploads\/2017\/01\/pronajem-kancelari-praha-4.jpg<\/span>\n\t\t\t\t\t\t\t\t\t\t<p><\/p>\n\t\t\t\t\t\t\t\t\t\t\t\t\t\t\t\t\t\t<a><img class=\"skip-lazy\" src=\"https:\/\/www.prazskekancelare.com\/test\/wp-content\/uploads\/2017\/01\/pronajem-kancelari-praha-4-400x300.jpg\" alt=\"pronajem-kancelari-praha-4\" \/><\/a>\n\t\t\t\t\t\t\t\t\t\t\t\t\t\t\t<\/li>\n\t\t\t\t\t\t\t<li>\n\t\t\t\t\t<h3 style=\"opacity:70;\">pronajem kancelari praha Pankrac<\/h3>\n\t\t\t\t\t\t\t\t\t\t\t<span data-alt=\"pronajem-kancelari-praha-pankrac\">https:\/\/www.prazskekancelare.com\/test\/wp-content\/uploads\/2017\/01\/pronajem-kancelari-praha-pankrac.jpg<\/span>\n\t\t\t\t\t\t\t\t\t\t<p><\/p>\n\t\t\t\t\t\t\t\t\t\t\t\t\t\t\t\t\t\t<a><img class=\"skip-lazy\" src=\"https:\/\/www.prazskekancelare.com\/test\/wp-content\/uploads\/2017\/01\/pronajem-kancelari-praha-pankrac-400x300.jpg\" alt=\"pronajem-kancelari-praha-pankrac\" \/><\/a>\n\t\t\t\t\t\t\t\t\t\t\t\t\t\t\t<\/li>\n\t\t\t\t\t\t\t<li>\n\t\t\t\t\t<h3 style=\"opacity:70;\">arkadypankracpraha4kancelare<\/h3>\n\t\t\t\t\t\t\t\t\t\t\t<span data-alt=\"arkadypankracpraha4kancelare\">https:\/\/www.prazskekancelare.com\/test\/wp-content\/uploads\/2018\/11\/arkadypankracpraha4kancelare.jpg<\/span>\n\t\t\t\t\t\t\t\t\t\t<p><\/p>\n\t\t\t\t\t\t\t\t\t\t\t\t\t\t\t\t\t\t<a><img class=\"skip-lazy\" src=\"https:\/\/www.prazskekancelare.com\/test\/wp-content\/uploads\/2018\/11\/arkadypankracpraha4kancelare-400x300.jpg\" alt=\"arkadypankracpraha4kancelare\" \/><\/a>\n\t\t\t\t\t\t\t\t\t\t\t\t\t\t\t<\/li>\n\t\t\t\t\t\t<\/ul>\n\n\t\t<div id=\"slideshow-wrappergallery7578\" class=\"slideshow-wrapper\" style=\"--slideshow-width:2264px\">\n\t\t\n\t\t<div class=\"slideshow-fullsize\" id=\"fullsizegallery7578\">\n\t\t\t\t\t\t\t\t\t\t\t\t\t\t<div id=\"imgprevgallery7578\" class=\"slideshow-imgprev imgnav\" title=\"Previous Image\">Previous Image<\/div>\n\t\t\t\t\t\t<a id=\"imglinkgallery7578\" class=\"slideshow-imglink imglink\">\n\t\t\t\t<!-- link -->\n\t\t\t<\/a>\n\t\t\t\t\t\t\t\t\t\t\t<div id=\"imgnextgallery7578\" class=\"slideshow-imgnext imgnav\" title=\"Next Image\">Next Image<\/div>\n\t\t\t\t\t\t<div id=\"imagegallery7578\" class=\"slideshow-image\"><\/div>\n\t\t\t<div class=\"slideshow-information infobottom\" id=\"informationgallery7578\">\n\t\t\t\t<h3 class=\"slideshow-info-heading\">info heading<\/h3>\n\t\t\t\t<p class=\"slideshow-info-content\">info content<\/p>\n\t\t\t<\/div>\n\t\t<\/div>\n\n\t\t\t\t\t<div id=\"thumbnailsgallery7578\" class=\"slideshow-thumbnails thumbsbot\">\n\t\t\t\t<div class=\"slideshow-slideleft\" id=\"slideleftgallery7578\" title=\"Slide Left\"><\/div>\n\t\t\t\t<div class=\"slideshow-slidearea\" id=\"slideareagallery7578\">\n\t\t\t\t\t<div class=\"slideshow-slider\" id=\"slidergallery7578\"><\/div>\n\t\t\t\t<\/div>\n\t\t\t\t<div class=\"slideshow-slideright\" id=\"sliderightgallery7578\" title=\"Slide Right\"><\/div>\n\t\t\t\t<br style=\"clear:both; visibility:hidden; height:1px;\" \/>\n\t\t\t<\/div>\n\t\t\t<\/div>\n\n\t<br \/>\nP\u0159edstavujeme\u00a0<strong>kancel\u00e1\u0159e City Tower <\/strong>Pankr\u00e1c<strong>\u00a0\u2705<\/strong> v nejvy\u0161\u0161\u00ed pra\u017esk\u00e9 budov\u011b na Pankr\u00e1ci, Praha 4. Kancel\u00e1\u0159e k pron\u00e1jmu v <strong>CITY TOWER<\/strong> na Pankr\u00e1ci jsou vyhled\u00e1van\u00e9 d\u00edky sv\u00e9 poloze, dostupnosti MHD, bl\u00edzkosti k D1 a tak\u00e9 cen\u011b. V\u0159ele doporu\u010dujeme prohl\u00eddku, zabere v\u00edm pouze n\u011bkolik minut a vy budete zaru\u010den\u011b nad\u0161en\u00ed. Nav\u00edc na\u0161e slu\u017eby jsou v\u017edy BEZ provize. Nev\u00e1hejte n\u00e1s tedy kdykoli \u00fakolovat. Jsme tu pro v\u00e1s<\/p>\n<h2><strong>City Tower Praha kancel\u00e1\u0159e <\/strong><span style=\"color: #ff0000;\"><em>(mal\u00e9 i velk\u00e9)<\/em><\/span><\/h2>\n<ul>\n<li><strong>od 5 m2:\u00a0<\/strong>\u00a0pro mal\u00e9 spole\u010dnost, za\u010d\u00ednaj\u00edc\u00ed podnikatele \/ \u017eivnostn\u00edky, virtu\u00e1ln\u00ed s\u00eddla, ale tak\u00e9 co-working, flexi m\u00edsto, \u2026<\/li>\n<li><strong>od 100 m2 \u2013 5.000 m2:<\/strong>\u00a0pro v\u011bt\u0161\u00ed \/ velk\u00e9 spole\u010dnosti, cel\u00e1 patra, velk\u00e9 \u00faspory, open space kancel\u00e1\u0159e nebo d\u011bliteln\u00e9 kancel\u00e1\u0159e \u2013\u00a0<strong>velmi v\u00fdhodn\u00e9!\u00a0<\/strong><span style=\"color: #ff0000;\"><em>(spo\u010d\u00edt\u00e1me v\u00e1m Zdarma \u00faspory)<\/em><\/span><\/li>\n<\/ul>\n<p><strong>Popt\u00e1vejte IHNED nez\u00e1vazn\u011b | V\u00fdhodn\u00e9 ceny a BEZ provize:<\/strong><\/p>\n<p><a href=\"\/poptavka-po-kancelarich-k-pronajmu\/\" target=\"_blank\" rel=\"noopener\"><img loading=\"lazy\" class=\"alignnone wp-image-3617 size-medium\" src=\"https:\/\/www.prazskekancelare.com\/test\/wp-content\/uploads\/2019\/12\/kancelare-5-5000m-300x46.png\" alt=\"Albatros Kancel\u00e1\u0159e Spaces\" width=\"300\" height=\"46\" srcset=\"https:\/\/www.prazskekancelare.com\/test\/wp-content\/uploads\/2019\/12\/kancelare-5-5000m-300x46.png 300w, https:\/\/www.prazskekancelare.com\/test\/wp-content\/uploads\/2019\/12\/kancelare-5-5000m-1024x156.png 1024w\" sizes=\"(max-width: 300px) 100vw, 300px\" \/><\/a><\/p>\n<h2>City Tower kancel\u00e1\u0159e Pankr\u00e1c Praha 4 &#8211; budova<\/h2>\n<p><strong>Kancel\u00e1\u0159sk\u00e1 budova City Tower<\/strong> je se sv\u00fdmi 109 metry jednou z nejvy\u0161\u0161\u00edch budov v \u010cesk\u00e9 Republice a jednou z hlavn\u00edch dominant Prahy.<br \/>\nPro budovu je na m\u00edst\u011b slogan &#8222;vid\u011bt a b\u00fdt vid\u011bn. Rekonstrukce budovy byla dokon\u010dena v roce 2008 a chlub\u00ed se nejvy\u0161\u0161\u00edmi technick\u00fdmi a designov\u00fdmi standardy. Ka\u017ed\u00e9 podla\u017e\u00ed m\u016f\u017ee b\u00fdt rozd\u011bleno mezi v\u00edce n\u00e1jemc\u016f s nez\u00e1visl\u00fdm vstupem pro ka\u017ed\u00e9ho z nich. Standardn\u00ed podla\u017e\u00ed budovy umo\u017e\u0148uje flexibiln\u00ed vyu\u017eit\u00ed kancel\u00e1\u0159sk\u00fdch ploch dle p\u0159\u00e1n\u00ed n\u00e1jemc\u016f.<br \/>\nCity Tower nab\u00edz\u00ed a\u017e 1.800m2 nejmodern\u011bj\u0161\u00edch kancel\u00e1\u0159sk\u00fdch prostor k pron\u00e1jmu na Praze 4.<\/p>\n<h2>Pron\u00e1jem kancel\u00e1\u0159\u00ed Praha City Tower Pankr\u00e1c &#8211; lokalita, okol\u00ed<\/h2>\n<p>Pankr\u00e1c se postupem \u010dasu stal nov\u00fdm centrem Prahy. Nen\u00ed to nads\u00e1zka, kolem obchodn\u00edho centra Ark\u00e1dy se soust\u0159edila a st\u00e1le soust\u0159e\u010fuj\u00ed nejv\u011bt\u0161\u00ed obchodn\u00ed \/ kancel\u00e1\u0159sk\u00e1 centra v Praze. V sou\u010dasn\u00e9 dob\u011b jich na m\u00edst\u011b, ihned na metru vyr\u016fst\u00e1 5 nov\u00fdch.<br \/>\nBl\u00edzkost n\u00e1kupn\u00edho st\u0159ediska Ark\u00e1dy je obrovskou v\u00fdhodou. Mno\u017estv\u00ed obchod\u016f, restaurac\u00ed, n\u00e1kupn\u00edch st\u0159edisek, foodcourt\u016f a tak\u00e9 parkovi\u0161t\u011b zdarma je velkou devizou pro v\u0161echny firmy v okol\u00ed.<br \/>\nCity Tower a v\u016fbec Pankr\u00e1c v\u0159ele doporu\u010dujeme. V nab\u00eddce m\u00e1me v\u0161echny budovy v t\u00e9to lokalit\u011b, nejenom <strong>City Tower<\/strong>. Nab\u00edz\u00edme pron\u00e1jem kancel\u00e1\u0159\u00ed od 15 m2 a\u017e po 5.000 m2.<br \/>\nT\u011b\u0161\u00edme se na Va\u0161i popt\u00e1vku.<\/p>\n<h2>Provize za zprost\u0159edkov\u00e1n\u00ed kancel\u00e1\u0159\u00ed v City Tower<\/h2>\n<p>Ve\u0161ker\u00e9 slu\u017eby na\u0161\u00ed spole\u010dnosti a jej\u00edch makl\u00e9\u0159\u016f jsou bez provize.<\/p>\n<h2>Jak poptat kancel\u00e1\u0159 v City Tower?<\/h2>\n<p>Pro zasl\u00e1n\u00ed kompletn\u00ed nab\u00eddky s aktu\u00e1ln\u011b dostupn\u00fdmi kancel\u00e1\u0159emi k pron\u00e1jmu Praha 4 Pankr\u00e1c\u00a0n\u00e1s pros\u00edm nev\u00e1hejte kdykoli kontaktovat.<\/p>\n<p><span style=\"color: #ff0000;\"><strong>Reagujeme do 30 minut a BEZ provize.<\/strong><\/span><\/p>\n<p>Rychl\u00fd popt\u00e1vkov\u00fd formul\u00e1\u0159 najdete na konci textu\u00a0a makl\u00e9\u0159e zodpov\u011bdn\u00e9ho za nemovitosti v prav\u00e9m sloupci.<br \/>\ne-mail:\u00a0<strong><a href=\"mailto:info@prazskekancelare.cz\">info@prazskekancelare.com<\/a><\/strong>\u00a0\/\u00a0telefon: <strong><span style=\"color: #ff0000;\">+420 773 295 925, +420 723 984 360<\/span><\/strong><\/p>\n<h2><span style=\"color: #ff0000;\"><strong><a style=\"color: #ff0000;\" href=\"\/poptavka-po-kancelarich-k-pronajmu\/\" target=\"_blank\" rel=\"noopener\">POPT\u00c1VEJTE nyn\u00ed BEZ provize (Nab\u00eddky na m\u00edru do 30 minut) &gt;&gt;<\/a><\/strong><\/span><\/h2>\n<h2>V\u00edce informac\u00ed o open-space kancel\u00e1\u0159\u00edch v City Tower:<\/h2>\n","protected":false},"author":1,"featured_media":1917,"comment_status":"closed","ping_status":"closed","template":"","yoast_head":"<!-- This site is optimized with the Yoast SEO plugin v16.4 - https:\/\/yoast.com\/wordpress\/plugins\/seo\/ -->\n<title>CITY TOWER kancel\u00e1\u0159e \u2764\ufe0f Pankr\u00e1c Praha 4 (400 KANCEL\u00c1\u0158\u00cd)<\/title>\n<meta name=\"description\" content=\"Popt\u00e1vejte kancel\u00e1\u0159e City Tower Pankr\u00e1c Praha 4.\u2714\ufe0f City Tower kancel\u00e1\u0159e do 30 minut a BEZ provize.\u2714\ufe0f Nab\u00eddka 400 kancel\u00e1\u0159\u00ed Praha City Tower.\" \/>\n<meta name=\"robots\" content=\"noindex, follow, max-snippet:-1, max-image-preview:large, max-video-preview:-1\" \/>\n<meta property=\"og:locale\" content=\"cs_CZ\" \/>\n<meta property=\"og:type\" content=\"article\" \/>\n<meta property=\"og:title\" content=\"CITY TOWER kancel\u00e1\u0159e \u2764\ufe0f Pankr\u00e1c Praha 4 (400 KANCEL\u00c1\u0158\u00cd)\" \/>\n<meta property=\"og:description\" content=\"Popt\u00e1vejte kancel\u00e1\u0159e City Tower Pankr\u00e1c Praha 4.\u2714\ufe0f City Tower kancel\u00e1\u0159e do 30 minut a BEZ provize.\u2714\ufe0f Nab\u00eddka 400 kancel\u00e1\u0159\u00ed Praha City Tower.\" \/>\n<meta property=\"og:url\" content=\"https:\/\/www.prazskekancelare.com\/test\/kancelare-k-pronajmu\/pronajem-kancelari-pankrac-city-tower\/\" \/>\n<meta property=\"og:site_name\" content=\"TEST - Pron\u00e1jem kancel\u00e1\u0159e Praha\" \/>\n<meta property=\"article:modified_time\" content=\"2021-04-14T13:22:22+00:00\" \/>\n<meta property=\"og:image\" content=\"https:\/\/www.prazskekancelare.com\/test\/wp-content\/uploads\/2017\/01\/praha-4-kancelare-k-pronajmu.jpg\" \/>\n\t<meta property=\"og:image:width\" content=\"1450\" \/>\n\t<meta property=\"og:image:height\" content=\"784\" \/>\n<meta name=\"twitter:card\" content=\"summary\" \/>\n<meta name=\"twitter:label1\" content=\"Odhadovan\u00e1 doba \u010dten\u00ed\" \/>\n\t<meta name=\"twitter:data1\" content=\"3 minuty\" \/>\n<script type=\"application\/ld+json\" class=\"yoast-schema-graph\">{\"@context\":\"https:\/\/schema.org\",\"@graph\":[{\"@type\":\"Organization\",\"@id\":\"https:\/\/www.prazskekancelare.com\/test\/#organization\",\"name\":\"Pron\\u00e1jem kancel\\u00e1\\u0159e Praha\",\"url\":\"https:\/\/www.prazskekancelare.com\/test\/\",\"sameAs\":[],\"logo\":{\"@type\":\"ImageObject\",\"@id\":\"https:\/\/www.prazskekancelare.com\/test\/#logo\",\"inLanguage\":\"cs\",\"url\":\"https:\/\/www.prazskekancelare.com\/test\/wp-content\/uploads\/2018\/05\/prazske-kancelare-com-logo.png\",\"contentUrl\":\"https:\/\/www.prazskekancelare.com\/test\/wp-content\/uploads\/2018\/05\/prazske-kancelare-com-logo.png\",\"width\":242,\"height\":59,\"caption\":\"Pron\\u00e1jem kancel\\u00e1\\u0159e Praha\"},\"image\":{\"@id\":\"https:\/\/www.prazskekancelare.com\/test\/#logo\"}},{\"@type\":\"WebSite\",\"@id\":\"https:\/\/www.prazskekancelare.com\/test\/#website\",\"url\":\"https:\/\/www.prazskekancelare.com\/test\/\",\"name\":\"TEST - Pron\\u00e1jem kancel\\u00e1\\u0159e Praha\",\"description\":\"Pron\\u00e1jem kancel\\u00e1\\u0159e Praha a Kancelare Praha\",\"publisher\":{\"@id\":\"https:\/\/www.prazskekancelare.com\/test\/#organization\"},\"potentialAction\":[{\"@type\":\"SearchAction\",\"target\":\"https:\/\/www.prazskekancelare.com\/test\/?s={search_term_string}\",\"query-input\":\"required name=search_term_string\"}],\"inLanguage\":\"cs\"},{\"@type\":\"ImageObject\",\"@id\":\"https:\/\/www.prazskekancelare.com\/test\/kancelare-k-pronajmu\/pronajem-kancelari-pankrac-city-tower\/#primaryimage\",\"inLanguage\":\"cs\",\"url\":\"https:\/\/www.prazskekancelare.com\/test\/wp-content\/uploads\/2017\/01\/praha-4-kancelare-k-pronajmu.jpg\",\"contentUrl\":\"https:\/\/www.prazskekancelare.com\/test\/wp-content\/uploads\/2017\/01\/praha-4-kancelare-k-pronajmu.jpg\",\"width\":1450,\"height\":784,\"caption\":\"Kancel\\u00e1\\u0159e City Tower Pankr\\u00e1c Praha 4 metro\"},{\"@type\":\"WebPage\",\"@id\":\"https:\/\/www.prazskekancelare.com\/test\/kancelare-k-pronajmu\/pronajem-kancelari-pankrac-city-tower\/#webpage\",\"url\":\"https:\/\/www.prazskekancelare.com\/test\/kancelare-k-pronajmu\/pronajem-kancelari-pankrac-city-tower\/\",\"name\":\"CITY TOWER kancel\\u00e1\\u0159e \\u2764\\ufe0f Pankr\\u00e1c Praha 4 (400 KANCEL\\u00c1\\u0158\\u00cd)\",\"isPartOf\":{\"@id\":\"https:\/\/www.prazskekancelare.com\/test\/#website\"},\"primaryImageOfPage\":{\"@id\":\"https:\/\/www.prazskekancelare.com\/test\/kancelare-k-pronajmu\/pronajem-kancelari-pankrac-city-tower\/#primaryimage\"},\"datePublished\":\"2017-01-29T15:56:49+00:00\",\"dateModified\":\"2021-04-14T13:22:22+00:00\",\"description\":\"Popt\\u00e1vejte kancel\\u00e1\\u0159e City Tower Pankr\\u00e1c Praha 4.\\u2714\\ufe0f City Tower kancel\\u00e1\\u0159e do 30 minut a BEZ provize.\\u2714\\ufe0f Nab\\u00eddka 400 kancel\\u00e1\\u0159\\u00ed Praha City Tower.\",\"breadcrumb\":{\"@id\":\"https:\/\/www.prazskekancelare.com\/test\/kancelare-k-pronajmu\/pronajem-kancelari-pankrac-city-tower\/#breadcrumb\"},\"inLanguage\":\"cs\",\"potentialAction\":[{\"@type\":\"ReadAction\",\"target\":[\"https:\/\/www.prazskekancelare.com\/test\/kancelare-k-pronajmu\/pronajem-kancelari-pankrac-city-tower\/\"]}]},{\"@type\":\"BreadcrumbList\",\"@id\":\"https:\/\/www.prazskekancelare.com\/test\/kancelare-k-pronajmu\/pronajem-kancelari-pankrac-city-tower\/#breadcrumb\",\"itemListElement\":[{\"@type\":\"ListItem\",\"position\":1,\"item\":{\"@type\":\"WebPage\",\"@id\":\"https:\/\/www.prazskekancelare.com\/test\/\",\"url\":\"https:\/\/www.prazskekancelare.com\/test\/\",\"name\":\"Dom\\u016f\"}},{\"@type\":\"ListItem\",\"position\":2,\"item\":{\"@type\":\"WebPage\",\"@id\":\"https:\/\/www.prazskekancelare.com\/test\/kancelare-k-pronajmu\/\",\"url\":\"https:\/\/www.prazskekancelare.com\/test\/kancelare-k-pronajmu\/\",\"name\":\"Properties\"}},{\"@type\":\"ListItem\",\"position\":3,\"item\":{\"@id\":\"https:\/\/www.prazskekancelare.com\/test\/kancelare-k-pronajmu\/pronajem-kancelari-pankrac-city-tower\/#webpage\"}}]}]}<\/script>\n<!-- \/ Yoast SEO plugin. -->","cmb2":{"property_general":{"property_id":"ANO","property_year_built":"","property_address":"Hv\u011bzdova 1716\/2b,\r\n140 00 Praha 4\r\n","property_zip":"","property_contract":"","property_gallery":"","property_plans":"","property_video":"","property_parent_property":""},"property_flags":{"property_featured":"","property_sticky":"","property_reduced":"","property_sold":""},"property_contact":{"property_contact_name":"","property_contact_phone":""},"property_pricing":{"property_price":"350","property_price_prefix":"od","property_price_suffix":"K\u010d\/m2","property_price_custom":""},"property_attributes":{"property_rooms":"NE","property_beds":"28","property_baths":"NE, nikdy!","property_garages":"NE \/ \u010d\u00e1ste\u010dn\u011b","property_home_area":"","property_lot_dimensions":"","property_lot_area":"5 m2 - 5.000 m2"},"property_valuation":{"property_valuation_group":""},"property_public_facilities":{"property_public_facilities_group":""},"property_map_location":{"property_map_location":{"latitude":"50.0504208","longitude":"14.436145300000021"}},"property_relations":{"property_agents":["260"]}},"_links":{"self":[{"href":"https:\/\/www.prazskekancelare.com\/test\/wp-json\/wp\/v2\/property\/1925"}],"collection":[{"href":"https:\/\/www.prazskekancelare.com\/test\/wp-json\/wp\/v2\/property"}],"about":[{"href":"https:\/\/www.prazskekancelare.com\/test\/wp-json\/wp\/v2\/types\/property"}],"author":[{"embeddable":true,"href":"https:\/\/www.prazskekancelare.com\/test\/wp-json\/wp\/v2\/users\/1"}],"replies":[{"embeddable":true,"href":"https:\/\/www.prazskekancelare.com\/test\/wp-json\/wp\/v2\/comments?post=1925"}],"wp:featuredmedia":[{"embeddable":true,"href":"https:\/\/www.prazskekancelare.com\/test\/wp-json\/wp\/v2\/media\/1917"}],"wp:attachment":[{"href":"https:\/\/www.prazskekancelare.com\/test\/wp-json\/wp\/v2\/media?parent=1925"}],"curies":[{"name":"wp","href":"https:\/\/api.w.org\/{rel}","templated":true}]}}