{"id":1897,"date":"2017-01-15T12:38:51","date_gmt":"2017-01-15T11:38:51","guid":{"rendered":"https:\/\/www.prazskekancelare.com\/test\/?post_type=property&#038;p=1897"},"modified":"2020-11-01T18:43:08","modified_gmt":"2020-11-01T17:43:08","slug":"pronajem-kancelari-millenium-plaza-centrum-praha-1","status":"publish","type":"property","link":"https:\/\/www.prazskekancelare.com\/test\/kancelare-k-pronajmu\/pronajem-kancelari-millenium-plaza-centrum-praha-1\/","title":{"rendered":"MILLENNIUM Plaza V Celnici 10 Praha 1 kancel\u00e1\u0159e"},"content":{"rendered":"<p>\n\t<ul id=\"slideshowgallery73109\" class=\"slideshowgallery73109\" style=\"display:none;\">\n\t\t\t\t\t<!-- From all slides or gallery slides -->\n\t\t\t\t\t\t\t<li>\n\t\t\t\t\t<h3 style=\"opacity:70;\">pronajem praha 1 kancelare<\/h3>\n\t\t\t\t\t\t\t\t\t\t\t<span data-alt=\"pronajem-praha-1-kancelare\">https:\/\/www.prazskekancelare.com\/test\/wp-content\/uploads\/2017\/01\/pronajem-praha-1-kancelare.jpg<\/span>\n\t\t\t\t\t\t\t\t\t\t<p><\/p>\n\t\t\t\t\t\t\t\t\t\t\t\t\t\t\t\t\t\t<a><img class=\"skip-lazy\" src=\"https:\/\/www.prazskekancelare.com\/test\/wp-content\/uploads\/2017\/01\/pronajem-praha-1-kancelare-400x300.jpg\" alt=\"pronajem-praha-1-kancelare\" \/><\/a>\n\t\t\t\t\t\t\t\t\t\t\t\t\t\t\t<\/li>\n\t\t\t\t\t\t\t<li>\n\t\t\t\t\t<h3 style=\"opacity:70;\">pronajem kancelari praha 1<\/h3>\n\t\t\t\t\t\t\t\t\t\t\t<span data-alt=\"pronajem-kancelari-praha-1\">https:\/\/www.prazskekancelare.com\/test\/wp-content\/uploads\/2017\/01\/pronajem-kancelari-praha-1.jpg<\/span>\n\t\t\t\t\t\t\t\t\t\t<p><\/p>\n\t\t\t\t\t\t\t\t\t\t\t\t\t\t\t\t\t\t<a><img class=\"skip-lazy\" src=\"https:\/\/www.prazskekancelare.com\/test\/wp-content\/uploads\/2017\/01\/pronajem-kancelari-praha-1-400x300.jpg\" alt=\"pronajem-kancelari-praha-1\" \/><\/a>\n\t\t\t\t\t\t\t\t\t\t\t\t\t\t\t<\/li>\n\t\t\t\t\t\t\t<li>\n\t\t\t\t\t<h3 style=\"opacity:70;\">pronajem kancelare praha 1<\/h3>\n\t\t\t\t\t\t\t\t\t\t\t<span data-alt=\"pronajem-kancelare-praha-1\">https:\/\/www.prazskekancelare.com\/test\/wp-content\/uploads\/2017\/01\/pronajem-kancelare-praha-1.jpg<\/span>\n\t\t\t\t\t\t\t\t\t\t<p><\/p>\n\t\t\t\t\t\t\t\t\t\t\t\t\t\t\t\t\t\t<a><img class=\"skip-lazy\" src=\"https:\/\/www.prazskekancelare.com\/test\/wp-content\/uploads\/2017\/01\/pronajem-kancelare-praha-1-400x300.jpg\" alt=\"pronajem-kancelare-praha-1\" \/><\/a>\n\t\t\t\t\t\t\t\t\t\t\t\t\t\t\t<\/li>\n\t\t\t\t\t\t\t<li>\n\t\t\t\t\t<h3 style=\"opacity:70;\">kancelare praha 1<\/h3>\n\t\t\t\t\t\t\t\t\t\t\t<span data-alt=\"kancelare-praha-1\">https:\/\/www.prazskekancelare.com\/test\/wp-content\/uploads\/2017\/01\/kancelare-praha-1.jpg<\/span>\n\t\t\t\t\t\t\t\t\t\t<p><\/p>\n\t\t\t\t\t\t\t\t\t\t\t\t\t\t\t\t\t\t<a><img class=\"skip-lazy\" src=\"https:\/\/www.prazskekancelare.com\/test\/wp-content\/uploads\/2017\/01\/kancelare-praha-1-400x300.jpg\" alt=\"kancelare-praha-1\" \/><\/a>\n\t\t\t\t\t\t\t\t\t\t\t\t\t\t\t<\/li>\n\t\t\t\t\t\t\t<li>\n\t\t\t\t\t<h3 style=\"opacity:70;\">kancelare praha 1 levne<\/h3>\n\t\t\t\t\t\t\t\t\t\t\t<span data-alt=\"kancelare-praha-1-levne\">https:\/\/www.prazskekancelare.com\/test\/wp-content\/uploads\/2017\/01\/kancelare-praha-1-levne.jpg<\/span>\n\t\t\t\t\t\t\t\t\t\t<p><\/p>\n\t\t\t\t\t\t\t\t\t\t\t\t\t\t\t\t\t\t<a><img class=\"skip-lazy\" src=\"https:\/\/www.prazskekancelare.com\/test\/wp-content\/uploads\/2017\/01\/kancelare-praha-1-levne-400x300.jpg\" alt=\"kancelare-praha-1-levne\" \/><\/a>\n\t\t\t\t\t\t\t\t\t\t\t\t\t\t\t<\/li>\n\t\t\t\t\t\t\t<li>\n\t\t\t\t\t<h3 style=\"opacity:70;\">kancelare na praze 1<\/h3>\n\t\t\t\t\t\t\t\t\t\t\t<span data-alt=\"kancelare-na-praze-1\">https:\/\/www.prazskekancelare.com\/test\/wp-content\/uploads\/2017\/01\/kancelare-na-praze-1.jpg<\/span>\n\t\t\t\t\t\t\t\t\t\t<p><\/p>\n\t\t\t\t\t\t\t\t\t\t\t\t\t\t\t\t\t\t<a><img class=\"skip-lazy\" src=\"https:\/\/www.prazskekancelare.com\/test\/wp-content\/uploads\/2017\/01\/kancelare-na-praze-1-400x300.jpg\" alt=\"kancelare-na-praze-1\" \/><\/a>\n\t\t\t\t\t\t\t\t\t\t\t\t\t\t\t<\/li>\n\t\t\t\t\t\t\t<li>\n\t\t\t\t\t<h3 style=\"opacity:70;\">kancelare na praze 1 levne<\/h3>\n\t\t\t\t\t\t\t\t\t\t\t<span data-alt=\"kancelare-na-praze-1-levne\">https:\/\/www.prazskekancelare.com\/test\/wp-content\/uploads\/2017\/01\/kancelare-na-praze-1-levne.jpg<\/span>\n\t\t\t\t\t\t\t\t\t\t<p><\/p>\n\t\t\t\t\t\t\t\t\t\t\t\t\t\t\t\t\t\t<a><img class=\"skip-lazy\" src=\"https:\/\/www.prazskekancelare.com\/test\/wp-content\/uploads\/2017\/01\/kancelare-na-praze-1-levne-400x300.jpg\" alt=\"kancelare-na-praze-1-levne\" \/><\/a>\n\t\t\t\t\t\t\t\t\t\t\t\t\t\t\t<\/li>\n\t\t\t\t\t\t\t<li>\n\t\t\t\t\t<h3 style=\"opacity:70;\">kancelare k pronajmu Praha 1<\/h3>\n\t\t\t\t\t\t\t\t\t\t\t<span data-alt=\"kancelare-k-pronajmu-praha-1\">https:\/\/www.prazskekancelare.com\/test\/wp-content\/uploads\/2017\/01\/kancelare-k-pronajmu-praha-1.jpg<\/span>\n\t\t\t\t\t\t\t\t\t\t<p><\/p>\n\t\t\t\t\t\t\t\t\t\t\t\t\t\t\t\t\t\t<a><img class=\"skip-lazy\" src=\"https:\/\/www.prazskekancelare.com\/test\/wp-content\/uploads\/2017\/01\/kancelare-k-pronajmu-praha-1-400x300.jpg\" alt=\"kancelare-k-pronajmu-praha-1\" \/><\/a>\n\t\t\t\t\t\t\t\t\t\t\t\t\t\t\t<\/li>\n\t\t\t\t\t\t<\/ul>\n\n\t\t<div id=\"slideshow-wrappergallery73109\" class=\"slideshow-wrapper\" style=\"--slideshow-width:988px\">\n\t\t\n\t\t<div class=\"slideshow-fullsize\" id=\"fullsizegallery73109\">\n\t\t\t\t\t\t\t\t\t\t\t\t\t\t<div id=\"imgprevgallery73109\" class=\"slideshow-imgprev imgnav\" title=\"Previous Image\">Previous Image<\/div>\n\t\t\t\t\t\t<a id=\"imglinkgallery73109\" class=\"slideshow-imglink imglink\">\n\t\t\t\t<!-- link -->\n\t\t\t<\/a>\n\t\t\t\t\t\t\t\t\t\t\t<div id=\"imgnextgallery73109\" class=\"slideshow-imgnext imgnav\" title=\"Next Image\">Next Image<\/div>\n\t\t\t\t\t\t<div id=\"imagegallery73109\" class=\"slideshow-image\"><\/div>\n\t\t\t<div class=\"slideshow-information infobottom\" id=\"informationgallery73109\">\n\t\t\t\t<h3 class=\"slideshow-info-heading\">info heading<\/h3>\n\t\t\t\t<p class=\"slideshow-info-content\">info content<\/p>\n\t\t\t<\/div>\n\t\t<\/div>\n\n\t\t\t\t\t<div id=\"thumbnailsgallery73109\" class=\"slideshow-thumbnails thumbsbot\">\n\t\t\t\t<div class=\"slideshow-slideleft\" id=\"slideleftgallery73109\" title=\"Slide Left\"><\/div>\n\t\t\t\t<div class=\"slideshow-slidearea\" id=\"slideareagallery73109\">\n\t\t\t\t\t<div class=\"slideshow-slider\" id=\"slidergallery73109\"><\/div>\n\t\t\t\t<\/div>\n\t\t\t\t<div class=\"slideshow-slideright\" id=\"sliderightgallery73109\" title=\"Slide Right\"><\/div>\n\t\t\t\t<br style=\"clear:both; visibility:hidden; height:1px;\" \/>\n\t\t\t<\/div>\n\t\t\t<\/div>\n\n\t<br \/>\nNab\u00edz\u00edme k pron\u00e1jmu v\u00fdjime\u010dn\u00e9 kancel\u00e1\u0159e p\u0159\u00edmo v centru Prahy 1 v budov\u011b <strong>Millennium Plaza<\/strong> v ulici V Celnici\u2705. Kancel\u00e1\u0159e k pron\u00e1jmu se nach\u00e1z\u00ed ihned vedle N\u00e1m\u011bstn\u00ed Republiky a maj\u00ed tedy vynikaj\u00edc\u00ed polohu a dopravn\u00ed dostupnost.<\/p>\n<h2><strong>Millenium Plaza\u00a0kancel\u00e1\u0159e\u00a0<\/strong><em>(mal\u00e9 i velk\u00e9)<\/em><strong>\u00a0VELIKOSTI<\/strong><\/h2>\n<ul>\n<li><strong>MAL\u00c9: od 5 m2 \u2013 100 m2:\u00a0<\/strong>\u00a0pro mal\u00e9 spole\u010dnost, za\u010d\u00ednaj\u00edc\u00ed podnikatele \/ \u017eivnostn\u00edky, coworking, virtu\u00e1ln\u00ed s\u00eddla, \u2026<\/li>\n<li><strong>VELK\u00c9: od 100 m2 \u2013 3.000 m2:<\/strong>\u00a0pro v\u011bt\u0161\u00ed \/ velk\u00e9 spole\u010dnosti, kter\u00e9 cht\u011bj\u00ed u\u0161et\u0159it za spr\u00e1vu sv\u00fdch kancel\u00e1\u0159\u00ed, n\u00e1bytek a slu\u017eby v\u016fbec \u2013\u00a0<strong>velmi v\u00fdhodn\u00e9!\u00a0<\/strong><em>(spo\u010d\u00edt\u00e1me v\u00e1m \u00faspory)<\/em><\/li>\n<\/ul>\n<p><span style=\"color: #ff0000;\"><strong>Popt\u00e1vejte IHNED nez\u00e1vazn\u011b a BEZ provize:<\/strong><\/span><\/p>\n<div id=\"attachment_3617\" style=\"width: 310px\" class=\"wp-caption alignnone\"><a href=\"\/poptavka-po-kancelarich-k-pronajmu\/\" target=\"_blank\" rel=\"noopener noreferrer\"><img aria-describedby=\"caption-attachment-3617\" loading=\"lazy\" class=\"wp-image-3617 size-medium\" src=\"https:\/\/www.prazskekancelare.com\/test\/wp-content\/uploads\/2019\/12\/kancelare-5-5000m-300x46.png\" alt=\"millennium plaza\" width=\"300\" height=\"46\" srcset=\"https:\/\/www.prazskekancelare.com\/test\/wp-content\/uploads\/2019\/12\/kancelare-5-5000m-300x46.png 300w, https:\/\/www.prazskekancelare.com\/test\/wp-content\/uploads\/2019\/12\/kancelare-5-5000m-1024x156.png 1024w\" sizes=\"(max-width: 300px) 100vw, 300px\" \/><\/a><p id=\"caption-attachment-3617\" class=\"wp-caption-text\"><span style=\"color: #ffffff;\">millennium plaza<\/span><\/p><\/div>\n<p><span style=\"color: #ff0000;\"><strong>N\u00e1\u0161 tip:<\/strong> <span style=\"color: #000000;\">Dejte n\u00e1m mo\u017enost V\u00e1s vz\u00edt na prohl\u00eddku. Budete nad\u0161eni a mi ud\u011bl\u00e1me maximum, abychom v\u00e1m bez provize dohodli nejlep\u0161\u00ed podm\u00ednky. Millenium Plaza si zamilujete.<\/span><\/span><\/p>\n<h2>Pron\u00e1jem kancel\u00e1\u0159\u00ed centrum Prahy Millenium Plaza &#8211; budova<\/h2>\n<p>The <strong>Millenium Plaza<\/strong>, jak se kancel\u00e1\u0159sk\u00e1 budova jmenuje, z\u00edskala pov\u011bst na trhu jako high-profil kancel\u00e1\u0159sk\u00e1 budova. Budova kancel\u00e1\u0159\u00ed nab\u00edz\u00ed 66,000 m2 komer\u010dn\u00edch prostor k pron\u00e1jmu situovan\u00fdch v ulici V Celnici, naproti hotelu Hilton, vedle hotelu Marriott, a p\u0159\u00edmo nad stanic\u00ed metra N\u00e1m\u011bst\u00ed Republiky.<br \/>\nPron\u00e1jem kancel\u00e1\u0159\u00ed v t\u00e9to budov\u011b nab\u00edz\u00ed modern\u00ed technologie spolu s flexibiln\u00edmi prostory, kter\u00e9 se p\u0159izp\u016fsob\u00ed pot\u0159eb\u00e1m v\u0161ech n\u00e1jemc\u016f. Samoz\u0159ejmost\u00ed jsou podzemn\u00ed parkovac\u00ed st\u00e1n\u00ed, s kapacitou v\u00edce ne\u017e 400 parkovac\u00edch m\u00edst.<\/p>\n<p>Krom\u011b toho v\u0161eho, kancel\u00e1\u0159sk\u00e1 budova nab\u00edz\u00ed v\u00fdjime\u010dn\u00e9 prost\u0159ed\u00ed d\u00edky mnoha restaurac\u00edm, kav\u00e1rn\u00e1m bank\u00e1m, hotelu, obchodu, vin\u00e1rn\u011b, po\u0161t\u011b, fitcentru World Class Health Academy,\u2026apod.<\/p>\n<h2>Pron\u00e1jem kancel\u00e1\u0159e N\u00e1m\u011bst\u00ed Republiky\u00a0&#8211; kancel\u00e1\u0159e<\/h2>\n<p>Kancel\u00e1\u0159e k pron\u00e1jmu v budov\u011b Millennium jsou velmi obl\u00edben\u00e9 d\u00edky sv\u00fdm dispozic\u00edm, skv\u011bl\u00e9mu v\u00fdhledu, \u010d\u00e1ste\u010dn\u00e9mu vybaven\u00ed, modern\u00edm technologi\u00edm, zas\u00ed\u0165ov\u00e1n\u00edm,\u2026apod.<br \/>\nV\u0159ele doporu\u010dujeme prohl\u00eddku. Kancel\u00e1\u0159e k pron\u00e1jmu, kter\u00e9 nab\u00edz\u00edme: 50m \u2013 3.000m2.<\/p>\n<h2>Provize za Millenium Praha V Celnici 10<\/h2>\n<p>Ve\u0161ker\u00e9 slu\u017eby na\u0161\u00ed spole\u010dnosti a jej\u00edch makl\u00e9\u0159\u016f jsou bez provize.<\/p>\n<h2>Jak poptat kancel\u00e1\u0159 na Praze 1?<\/h2>\n<p>Pro zasl\u00e1n\u00ed kompletn\u00ed nab\u00eddky s aktu\u00e1ln\u011b dostupn\u00fdmi kancel\u00e1\u0159emi k pron\u00e1jmu\u00a0&#8211; N\u00e1m\u011bst\u00ed Republiky,\u00a0n\u00e1s pros\u00edm nev\u00e1hejte kdykoli kontaktovat.<\/p>\n<p>Rychl\u00fd popt\u00e1vkov\u00fd formul\u00e1\u0159 najdete na konci textu\u00a0a makl\u00e9\u0159e zodpov\u011bdn\u00e9ho za nemovitosti v prav\u00e9m sloupci.<br \/>\ne-mail:\u00a0<strong><a href=\"mailto:info@prazskekancelare.cz\">info@prazskekancelare.com<\/a>\u00a0<\/strong>\/\u00a0telefon: <strong><span style=\"color: #ff0000;\">+420 773 295 925, +420 723 984 360.\u00a0<\/span><\/strong><\/p>\n<h2>Doporu\u010dujeme<\/h2>\n<p>Tento pron\u00e1jem kancel\u00e1\u0159\u00ed v centru Prahy\u00a0doporu\u010dujeme nav\u0161t\u00edvit a poznat osobn\u011b &#8211; budovu, kancel\u00e1\u0159e k pron\u00e1jmu a hlavn\u011b person\u00e1l. Zaru\u010den\u011b v\u00e1s zaujmou nejen v\u00fdhled, cena, dostupnost, vybavenost a okol\u00ed business centra, ale hlavn\u011b p\u0159\u00edjemn\u00e1 atmosf\u00e9ra budovy.<\/p>\n<div id=\"attachment_3619\" style=\"width: 310px\" class=\"wp-caption alignnone\"><a style=\"color: #ffffff;\" href=\"\/poptavka-po-kancelarich-k-pronajmu\/\" target=\"_blank\" rel=\"noopener noreferrer\"><img aria-describedby=\"caption-attachment-3619\" loading=\"lazy\" class=\"wp-image-3619 size-medium\" src=\"https:\/\/www.prazskekancelare.com\/test\/wp-content\/uploads\/2019\/12\/poptavejte-bez-provize-300x48.png\" alt=\"millenium plaza v celnici 10\" width=\"300\" height=\"48\" srcset=\"https:\/\/www.prazskekancelare.com\/test\/wp-content\/uploads\/2019\/12\/poptavejte-bez-provize-300x48.png 300w, https:\/\/www.prazskekancelare.com\/test\/wp-content\/uploads\/2019\/12\/poptavejte-bez-provize-1024x163.png 1024w\" sizes=\"(max-width: 300px) 100vw, 300px\" \/><\/a><p id=\"caption-attachment-3619\" class=\"wp-caption-text\"><span style=\"color: #ffffff;\">millenium plaza v celnici 10<\/span><\/p><\/div>\n<h2>v\u00edce informac\u00ed o Millenium Plaza Praha:<\/h2>\n","protected":false},"author":1,"featured_media":1892,"comment_status":"closed","ping_status":"closed","template":"","yoast_head":"<!-- This site is optimized with the Yoast SEO plugin v16.4 - https:\/\/yoast.com\/wordpress\/plugins\/seo\/ -->\n<title>???? MILLENNIUM PLAZA ???? Millenium Plaza Praha V CELNICI 10 LEVN\u011a<\/title>\n<meta name=\"description\" content=\"Popt\u00e1vejte MILLENIUM PLAZA V Celnici 10 Praha 1.\u2705 1000 kancel\u00e1\u0159\u00ed k pron\u00e1jmu v Millenium Praha.\u2705 Nab\u00eddky LEVN\u00ddCH kancel\u00e1\u0159\u00ed Millennium Plaza BEZ Provize.\u2705\" \/>\n<meta name=\"robots\" content=\"noindex, follow, max-snippet:-1, max-image-preview:large, max-video-preview:-1\" \/>\n<meta property=\"og:locale\" content=\"cs_CZ\" \/>\n<meta property=\"og:type\" content=\"article\" \/>\n<meta property=\"og:title\" content=\"???? MILLENNIUM PLAZA ???? Millenium Plaza Praha V CELNICI 10 LEVN\u011a\" \/>\n<meta property=\"og:description\" content=\"Popt\u00e1vejte MILLENIUM PLAZA V Celnici 10 Praha 1.\u2705 1000 kancel\u00e1\u0159\u00ed k pron\u00e1jmu v Millenium Praha.\u2705 Nab\u00eddky LEVN\u00ddCH kancel\u00e1\u0159\u00ed Millennium Plaza BEZ Provize.\u2705\" \/>\n<meta property=\"og:url\" content=\"https:\/\/www.prazskekancelare.com\/test\/kancelare-k-pronajmu\/pronajem-kancelari-millenium-plaza-centrum-praha-1\/\" \/>\n<meta property=\"og:site_name\" content=\"TEST - Pron\u00e1jem kancel\u00e1\u0159e Praha\" \/>\n<meta property=\"article:modified_time\" content=\"2020-11-01T17:43:08+00:00\" \/>\n<meta property=\"og:image\" content=\"https:\/\/www.prazskekancelare.com\/test\/wp-content\/uploads\/2017\/01\/kancelare-praha-1-levne.jpg\" \/>\n\t<meta property=\"og:image:width\" content=\"1396\" \/>\n\t<meta property=\"og:image:height\" content=\"688\" \/>\n<meta name=\"twitter:card\" content=\"summary\" \/>\n<meta name=\"twitter:label1\" content=\"Odhadovan\u00e1 doba \u010dten\u00ed\" \/>\n\t<meta name=\"twitter:data1\" content=\"3 minuty\" \/>\n<script type=\"application\/ld+json\" class=\"yoast-schema-graph\">{\"@context\":\"https:\/\/schema.org\",\"@graph\":[{\"@type\":\"Organization\",\"@id\":\"https:\/\/www.prazskekancelare.com\/test\/#organization\",\"name\":\"Pron\\u00e1jem kancel\\u00e1\\u0159e Praha\",\"url\":\"https:\/\/www.prazskekancelare.com\/test\/\",\"sameAs\":[],\"logo\":{\"@type\":\"ImageObject\",\"@id\":\"https:\/\/www.prazskekancelare.com\/test\/#logo\",\"inLanguage\":\"cs\",\"url\":\"https:\/\/www.prazskekancelare.com\/test\/wp-content\/uploads\/2018\/05\/prazske-kancelare-com-logo.png\",\"contentUrl\":\"https:\/\/www.prazskekancelare.com\/test\/wp-content\/uploads\/2018\/05\/prazske-kancelare-com-logo.png\",\"width\":242,\"height\":59,\"caption\":\"Pron\\u00e1jem kancel\\u00e1\\u0159e Praha\"},\"image\":{\"@id\":\"https:\/\/www.prazskekancelare.com\/test\/#logo\"}},{\"@type\":\"WebSite\",\"@id\":\"https:\/\/www.prazskekancelare.com\/test\/#website\",\"url\":\"https:\/\/www.prazskekancelare.com\/test\/\",\"name\":\"TEST - Pron\\u00e1jem kancel\\u00e1\\u0159e Praha\",\"description\":\"Pron\\u00e1jem kancel\\u00e1\\u0159e Praha a Kancelare Praha\",\"publisher\":{\"@id\":\"https:\/\/www.prazskekancelare.com\/test\/#organization\"},\"potentialAction\":[{\"@type\":\"SearchAction\",\"target\":\"https:\/\/www.prazskekancelare.com\/test\/?s={search_term_string}\",\"query-input\":\"required name=search_term_string\"}],\"inLanguage\":\"cs\"},{\"@type\":\"ImageObject\",\"@id\":\"https:\/\/www.prazskekancelare.com\/test\/kancelare-k-pronajmu\/pronajem-kancelari-millenium-plaza-centrum-praha-1\/#primaryimage\",\"inLanguage\":\"cs\",\"url\":\"https:\/\/www.prazskekancelare.com\/test\/wp-content\/uploads\/2017\/01\/kancelare-praha-1-levne.jpg\",\"contentUrl\":\"https:\/\/www.prazskekancelare.com\/test\/wp-content\/uploads\/2017\/01\/kancelare-praha-1-levne.jpg\",\"width\":1396,\"height\":688,\"caption\":\"Millennium Plaza kancel\\u00e1\\u0159e Praha 1 V Celnici\"},{\"@type\":\"WebPage\",\"@id\":\"https:\/\/www.prazskekancelare.com\/test\/kancelare-k-pronajmu\/pronajem-kancelari-millenium-plaza-centrum-praha-1\/#webpage\",\"url\":\"https:\/\/www.prazskekancelare.com\/test\/kancelare-k-pronajmu\/pronajem-kancelari-millenium-plaza-centrum-praha-1\/\",\"name\":\"???? MILLENNIUM PLAZA ???? Millenium Plaza Praha V CELNICI 10 LEVN\\u011a\",\"isPartOf\":{\"@id\":\"https:\/\/www.prazskekancelare.com\/test\/#website\"},\"primaryImageOfPage\":{\"@id\":\"https:\/\/www.prazskekancelare.com\/test\/kancelare-k-pronajmu\/pronajem-kancelari-millenium-plaza-centrum-praha-1\/#primaryimage\"},\"datePublished\":\"2017-01-15T11:38:51+00:00\",\"dateModified\":\"2020-11-01T17:43:08+00:00\",\"description\":\"Popt\\u00e1vejte MILLENIUM PLAZA V Celnici 10 Praha 1.\\u2705 1000 kancel\\u00e1\\u0159\\u00ed k pron\\u00e1jmu v Millenium Praha.\\u2705 Nab\\u00eddky LEVN\\u00ddCH kancel\\u00e1\\u0159\\u00ed Millennium Plaza BEZ Provize.\\u2705\",\"breadcrumb\":{\"@id\":\"https:\/\/www.prazskekancelare.com\/test\/kancelare-k-pronajmu\/pronajem-kancelari-millenium-plaza-centrum-praha-1\/#breadcrumb\"},\"inLanguage\":\"cs\",\"potentialAction\":[{\"@type\":\"ReadAction\",\"target\":[\"https:\/\/www.prazskekancelare.com\/test\/kancelare-k-pronajmu\/pronajem-kancelari-millenium-plaza-centrum-praha-1\/\"]}]},{\"@type\":\"BreadcrumbList\",\"@id\":\"https:\/\/www.prazskekancelare.com\/test\/kancelare-k-pronajmu\/pronajem-kancelari-millenium-plaza-centrum-praha-1\/#breadcrumb\",\"itemListElement\":[{\"@type\":\"ListItem\",\"position\":1,\"item\":{\"@type\":\"WebPage\",\"@id\":\"https:\/\/www.prazskekancelare.com\/test\/\",\"url\":\"https:\/\/www.prazskekancelare.com\/test\/\",\"name\":\"Dom\\u016f\"}},{\"@type\":\"ListItem\",\"position\":2,\"item\":{\"@type\":\"WebPage\",\"@id\":\"https:\/\/www.prazskekancelare.com\/test\/kancelare-k-pronajmu\/\",\"url\":\"https:\/\/www.prazskekancelare.com\/test\/kancelare-k-pronajmu\/\",\"name\":\"Properties\"}},{\"@type\":\"ListItem\",\"position\":3,\"item\":{\"@id\":\"https:\/\/www.prazskekancelare.com\/test\/kancelare-k-pronajmu\/pronajem-kancelari-millenium-plaza-centrum-praha-1\/#webpage\"}}]}]}<\/script>\n<!-- \/ Yoast SEO plugin. -->","cmb2":{"property_general":{"property_id":"ANO","property_year_built":"","property_address":"V Celnici 10,\r\n 110 00 Praha 1\r\n","property_zip":"","property_contract":"","property_gallery":"","property_plans":"","property_video":"","property_parent_property":""},"property_flags":{"property_featured":"","property_sticky":"","property_reduced":"","property_sold":""},"property_contact":{"property_contact_name":"","property_contact_phone":""},"property_pricing":{"property_price":"330","property_price_prefix":"od","property_price_suffix":"K\u010d\/m2","property_price_custom":""},"property_attributes":{"property_rooms":"NE","property_beds":"6","property_baths":"NE","property_garages":"NE \/ \u010d\u00e1ste\u010dn\u011b","property_home_area":"","property_lot_dimensions":"","property_lot_area":"50 m2 - 3.000 m2"},"property_valuation":{"property_valuation_group":""},"property_public_facilities":{"property_public_facilities_group":""},"property_map_location":{"property_map_location":{"latitude":"50.088227","longitude":"14.431685600000037"}},"property_relations":{"property_agents":["260"]}},"_links":{"self":[{"href":"https:\/\/www.prazskekancelare.com\/test\/wp-json\/wp\/v2\/property\/1897"}],"collection":[{"href":"https:\/\/www.prazskekancelare.com\/test\/wp-json\/wp\/v2\/property"}],"about":[{"href":"https:\/\/www.prazskekancelare.com\/test\/wp-json\/wp\/v2\/types\/property"}],"author":[{"embeddable":true,"href":"https:\/\/www.prazskekancelare.com\/test\/wp-json\/wp\/v2\/users\/1"}],"replies":[{"embeddable":true,"href":"https:\/\/www.prazskekancelare.com\/test\/wp-json\/wp\/v2\/comments?post=1897"}],"wp:featuredmedia":[{"embeddable":true,"href":"https:\/\/www.prazskekancelare.com\/test\/wp-json\/wp\/v2\/media\/1892"}],"wp:attachment":[{"href":"https:\/\/www.prazskekancelare.com\/test\/wp-json\/wp\/v2\/media?parent=1897"}],"curies":[{"name":"wp","href":"https:\/\/api.w.org\/{rel}","templated":true}]}}