{"id":1884,"date":"2016-12-03T12:56:21","date_gmt":"2016-12-03T11:56:21","guid":{"rendered":"https:\/\/www.prazskekancelare.com\/test\/?post_type=property&#038;p=1884"},"modified":"2019-03-17T10:02:19","modified_gmt":"2019-03-17T09:02:19","slug":"pronajem-kancelari-brevnov-vypich-bila-hora-praha-6","status":"publish","type":"property","link":"https:\/\/www.prazskekancelare.com\/test\/kancelare-k-pronajmu\/pronajem-kancelari-brevnov-vypich-bila-hora-praha-6\/","title":{"rendered":"Kancel\u00e1\u0159e B\u00cdL\u00c1 HORA, B\u0159evnov a Vypich Praha 6"},"content":{"rendered":"\n\t<ul id=\"slideshowgallery72690\" class=\"slideshowgallery72690\" style=\"display:none;\">\n\t\t\t\t\t<!-- From all slides or gallery slides -->\n\t\t\t\t\t\t\t<li>\n\t\t\t\t\t<h3 style=\"opacity:70;\">pronajem-kancelari-vypich<\/h3>\n\t\t\t\t\t\t\t\t\t\t\t<span data-alt=\"pronajem-kancelari-vypich\">https:\/\/www.prazskekancelare.com\/test\/wp-content\/uploads\/2016\/12\/pronajem-kancelari-vypich.jpg<\/span>\n\t\t\t\t\t\t\t\t\t\t<p><\/p>\n\t\t\t\t\t\t\t\t\t\t\t\t\t\t\t\t\t\t<a><img class=\"skip-lazy\" src=\"https:\/\/www.prazskekancelare.com\/test\/wp-content\/uploads\/2016\/12\/pronajem-kancelari-vypich-400x300.jpg\" alt=\"pronajem-kancelari-vypich\" \/><\/a>\n\t\t\t\t\t\t\t\t\t\t\t\t\t\t\t<\/li>\n\t\t\t\t\t\t\t<li>\n\t\t\t\t\t<h3 style=\"opacity:70;\">pronajem-kancelari-brevnov-praha-6<\/h3>\n\t\t\t\t\t\t\t\t\t\t\t<span data-alt=\"pronajem-kancelari-brevnov-praha-6\">https:\/\/www.prazskekancelare.com\/test\/wp-content\/uploads\/2016\/12\/pronajem-kancelari-brevnov-praha-6.jpg<\/span>\n\t\t\t\t\t\t\t\t\t\t<p><\/p>\n\t\t\t\t\t\t\t\t\t\t\t\t\t\t\t\t\t\t<a><img class=\"skip-lazy\" src=\"https:\/\/www.prazskekancelare.com\/test\/wp-content\/uploads\/2016\/12\/pronajem-kancelari-brevnov-praha-6-300x225.jpg\" alt=\"pronajem-kancelari-brevnov-praha-6\" \/><\/a>\n\t\t\t\t\t\t\t\t\t\t\t\t\t\t\t<\/li>\n\t\t\t\t\t\t\t<li>\n\t\t\t\t\t<h3 style=\"opacity:70;\">kancelare-vypich<\/h3>\n\t\t\t\t\t\t\t\t\t\t\t<span data-alt=\"kancelare-vypich\">https:\/\/www.prazskekancelare.com\/test\/wp-content\/uploads\/2016\/12\/kancelare-vypich.jpg<\/span>\n\t\t\t\t\t\t\t\t\t\t<p><\/p>\n\t\t\t\t\t\t\t\t\t\t\t\t\t\t\t\t\t\t<a><img class=\"skip-lazy\" src=\"https:\/\/www.prazskekancelare.com\/test\/wp-content\/uploads\/2016\/12\/kancelare-vypich-300x225.jpg\" alt=\"kancelare-vypich\" \/><\/a>\n\t\t\t\t\t\t\t\t\t\t\t\t\t\t\t<\/li>\n\t\t\t\t\t\t\t<li>\n\t\t\t\t\t<h3 style=\"opacity:70;\">kancelare-k-pronajmu-bila-hora<\/h3>\n\t\t\t\t\t\t\t\t\t\t\t<span data-alt=\"kancelare-k-pronajmu-bila-hora\">https:\/\/www.prazskekancelare.com\/test\/wp-content\/uploads\/2016\/12\/kancelare-k-pronajmu-bila-hora.jpg<\/span>\n\t\t\t\t\t\t\t\t\t\t<p><\/p>\n\t\t\t\t\t\t\t\t\t\t\t\t\t\t\t\t\t\t<a><img class=\"skip-lazy\" src=\"https:\/\/www.prazskekancelare.com\/test\/wp-content\/uploads\/2016\/12\/kancelare-k-pronajmu-bila-hora-300x225.jpg\" alt=\"kancelare-k-pronajmu-bila-hora\" \/><\/a>\n\t\t\t\t\t\t\t\t\t\t\t\t\t\t\t<\/li>\n\t\t\t\t\t\t\t<li>\n\t\t\t\t\t<h3 style=\"opacity:70;\">kancelare-bila-hora<\/h3>\n\t\t\t\t\t\t\t\t\t\t\t<span data-alt=\"kancelare-bila-hora\">https:\/\/www.prazskekancelare.com\/test\/wp-content\/uploads\/2016\/12\/kancelare-bila-hora.jpeg<\/span>\n\t\t\t\t\t\t\t\t\t\t<p><\/p>\n\t\t\t\t\t\t\t\t\t\t\t\t\t\t\t\t\t\t<a><img class=\"skip-lazy\" src=\"https:\/\/www.prazskekancelare.com\/test\/wp-content\/uploads\/2016\/12\/kancelare-bila-hora-300x229.jpeg\" alt=\"kancelare-bila-hora\" \/><\/a>\n\t\t\t\t\t\t\t\t\t\t\t\t\t\t\t<\/li>\n\t\t\t\t\t\t<\/ul>\n\n\t\t<div id=\"slideshow-wrappergallery72690\" class=\"slideshow-wrapper\" style=\"--slideshow-width:640px\">\n\t\t\n\t\t<div class=\"slideshow-fullsize\" id=\"fullsizegallery72690\">\n\t\t\t\t\t\t\t\t\t\t\t\t\t\t<div id=\"imgprevgallery72690\" class=\"slideshow-imgprev imgnav\" title=\"Previous Image\">Previous Image<\/div>\n\t\t\t\t\t\t<a id=\"imglinkgallery72690\" class=\"slideshow-imglink imglink\">\n\t\t\t\t<!-- link -->\n\t\t\t<\/a>\n\t\t\t\t\t\t\t\t\t\t\t<div id=\"imgnextgallery72690\" class=\"slideshow-imgnext imgnav\" title=\"Next Image\">Next Image<\/div>\n\t\t\t\t\t\t<div id=\"imagegallery72690\" class=\"slideshow-image\"><\/div>\n\t\t\t<div class=\"slideshow-information infobottom\" id=\"informationgallery72690\">\n\t\t\t\t<h3 class=\"slideshow-info-heading\">info heading<\/h3>\n\t\t\t\t<p class=\"slideshow-info-content\">info content<\/p>\n\t\t\t<\/div>\n\t\t<\/div>\n\n\t\t\t\t\t<div id=\"thumbnailsgallery72690\" class=\"slideshow-thumbnails thumbsbot\">\n\t\t\t\t<div class=\"slideshow-slideleft\" id=\"slideleftgallery72690\" title=\"Slide Left\"><\/div>\n\t\t\t\t<div class=\"slideshow-slidearea\" id=\"slideareagallery72690\">\n\t\t\t\t\t<div class=\"slideshow-slider\" id=\"slidergallery72690\"><\/div>\n\t\t\t\t<\/div>\n\t\t\t\t<div class=\"slideshow-slideright\" id=\"sliderightgallery72690\" title=\"Slide Right\"><\/div>\n\t\t\t\t<br style=\"clear:both; visibility:hidden; height:1px;\" \/>\n\t\t\t<\/div>\n\t\t\t<\/div>\n\n\t\n<p>P\u0159edstavujeme pron\u00e1jem kancel\u00e1\u0159\u00ed na pra\u017esk\u00e9m Vypichu nedaleko B\u00edl\u00e9 hory. Kancel\u00e1\u0159e k pron\u00e1jmu jsou v\u00fdborn\u011b um\u00edst\u011bny ihned vedle B\u011blohorsk\u00e9 ulice s velk\u00fdm mno\u017estv\u00edm parkovac\u00edch st\u00e1n\u00ed p\u0159\u00edmo u kancel\u00e1\u0159sk\u00e9 budovy.<\/p>\n<h2>Pron\u00e1jem kancel\u00e1\u0159\u00ed\u00a0B\u00edl\u00e1 Hora, B\u0159evnov &#8211; dispozice<\/h2>\n<p>Jde o velmi reprezentativn\u00ed prostor s v\u00fdborn\u00fdm napojen\u00edm na pra\u017esk\u00fd obchvat a nedaleko pra\u017esk\u00e9ho leti\u0161t\u011b V\u00e1clava Havla. Dispozi\u010dn\u011b je prostor 4+1, v\u010detn\u011b kuchy\u0148ky a toalety. Kancel\u00e1\u0159e k pron\u00e1jmu lze upravit dle pot\u0159eb klienta, n\u00e1jemce. V kancel\u00e1\u0159\u00edch jsou instalovan\u00e9 bezpe\u010dnostn\u00ed dve\u0159e a domovn\u00ed alarm. Samoz\u0159ejmost\u00ed je vzduchotechnika.<\/p>\n<h2>Pron\u00e1jem kancel\u00e1\u0159\u00ed B\u0159evnov &#8211; lokalita<\/h2>\n<p>Sou\u010d\u00e1st\u00ed kancel\u00e1\u0159 je i mal\u00fd sklad, kde je mo\u017en\u00e9 skladovat a\u017e 20m2 materi\u00e1lu. Krom\u011b dostupnosti vozem nelze opomenout tak\u00e9 v\u00fdbornou dostupnost MHD \u2013 stanice metra A &#8211; Hrad\u010dansk\u00e1 a Motol jsou nedaleko, jen n\u011bkolik stanic autobusem, \u010di tramvaj\u00ed.<\/p>\n<h2>Pron\u00e1jem kancel\u00e1\u0159\u00ed Vypich &#8211; jak poptat?<\/h2>\n<p>Pros\u00edm o vypln\u011bn\u00ed popt\u00e1vkov\u00e9ho formul\u00e1\u0159e nebo zasl\u00e1n\u00ed emailu. Jsme V\u00e1m k dispozici nonstop a na\u0161e slu\u017eby jsou zdarma, bez jak\u00e9koli provize.<\/p>\n<p>Rychl\u00fd popt\u00e1vkov\u00fd formul\u00e1\u0159 najdete na konci textu\u00a0a makl\u00e9\u0159e zodpov\u011bdn\u00e9ho za nemovitosti v prav\u00e9m sloupci.<br \/>\ne-mail:\u00a0<strong><a href=\"mailto:info@prazskekancelare.cz\">info@prazskekancelare.com<\/a><\/strong>\u00a0\/\u00a0telefon: <strong><span style=\"color: #ff0000;\">+420 773 295 925, +420 723 984 360.\u00a0<\/span><\/strong><\/p>\n<h2>v\u00edce informac\u00ed o kancel\u00e1\u0159\u00edch na Praze 6:<\/h2>\n","protected":false},"author":1,"featured_media":1879,"comment_status":"closed","ping_status":"closed","template":"","yoast_head":"<!-- This site is optimized with the Yoast SEO plugin v16.4 - https:\/\/yoast.com\/wordpress\/plugins\/seo\/ -->\n<title>B\u00cdL\u00c1 HORA kancel\u00e1\u0159e B\u0159evnov, Vypich Praha 6 | 600 KANCEL\u00c1\u0158\u00cd \u00ae<\/title>\n<meta name=\"description\" content=\"Popt\u00e1vejte pron\u00e1jem kancel\u00e1\u0159e B\u00edl\u00e1 Hora, Vypich, B\u0159evnov Praha 6 | 600 kancel\u00e1\u0159\u00ed k pron\u00e1jmu Praha | Nab\u00eddky kancel\u00e1\u0159\u00ed do 30 minut | Provize 0%.\" \/>\n<meta name=\"robots\" content=\"noindex, follow, max-snippet:-1, max-image-preview:large, max-video-preview:-1\" \/>\n<meta property=\"og:locale\" content=\"cs_CZ\" \/>\n<meta property=\"og:type\" content=\"article\" \/>\n<meta property=\"og:title\" content=\"B\u00cdL\u00c1 HORA kancel\u00e1\u0159e B\u0159evnov, Vypich Praha 6 | 600 KANCEL\u00c1\u0158\u00cd \u00ae\" \/>\n<meta property=\"og:description\" content=\"Popt\u00e1vejte pron\u00e1jem kancel\u00e1\u0159e B\u00edl\u00e1 Hora, Vypich, B\u0159evnov Praha 6 | 600 kancel\u00e1\u0159\u00ed k pron\u00e1jmu Praha | Nab\u00eddky kancel\u00e1\u0159\u00ed do 30 minut | Provize 0%.\" \/>\n<meta property=\"og:url\" content=\"https:\/\/www.prazskekancelare.com\/test\/kancelare-k-pronajmu\/pronajem-kancelari-brevnov-vypich-bila-hora-praha-6\/\" \/>\n<meta property=\"og:site_name\" content=\"TEST - Pron\u00e1jem kancel\u00e1\u0159e Praha\" \/>\n<meta property=\"article:modified_time\" content=\"2019-03-17T09:02:19+00:00\" \/>\n<meta property=\"og:image\" content=\"https:\/\/www.prazskekancelare.com\/test\/wp-content\/uploads\/2016\/12\/kancelare-bila-hora.jpeg\" \/>\n\t<meta property=\"og:image:width\" content=\"525\" \/>\n\t<meta property=\"og:image:height\" content=\"400\" \/>\n<meta name=\"twitter:card\" content=\"summary\" \/>\n<meta name=\"twitter:label1\" content=\"Odhadovan\u00e1 doba \u010dten\u00ed\" \/>\n\t<meta name=\"twitter:data1\" content=\"1 minuta\" \/>\n<script type=\"application\/ld+json\" class=\"yoast-schema-graph\">{\"@context\":\"https:\/\/schema.org\",\"@graph\":[{\"@type\":\"Organization\",\"@id\":\"https:\/\/www.prazskekancelare.com\/test\/#organization\",\"name\":\"Pron\\u00e1jem kancel\\u00e1\\u0159e Praha\",\"url\":\"https:\/\/www.prazskekancelare.com\/test\/\",\"sameAs\":[],\"logo\":{\"@type\":\"ImageObject\",\"@id\":\"https:\/\/www.prazskekancelare.com\/test\/#logo\",\"inLanguage\":\"cs\",\"url\":\"https:\/\/www.prazskekancelare.com\/test\/wp-content\/uploads\/2018\/05\/prazske-kancelare-com-logo.png\",\"contentUrl\":\"https:\/\/www.prazskekancelare.com\/test\/wp-content\/uploads\/2018\/05\/prazske-kancelare-com-logo.png\",\"width\":242,\"height\":59,\"caption\":\"Pron\\u00e1jem kancel\\u00e1\\u0159e Praha\"},\"image\":{\"@id\":\"https:\/\/www.prazskekancelare.com\/test\/#logo\"}},{\"@type\":\"WebSite\",\"@id\":\"https:\/\/www.prazskekancelare.com\/test\/#website\",\"url\":\"https:\/\/www.prazskekancelare.com\/test\/\",\"name\":\"TEST - Pron\\u00e1jem kancel\\u00e1\\u0159e Praha\",\"description\":\"Pron\\u00e1jem kancel\\u00e1\\u0159e Praha a Kancelare Praha\",\"publisher\":{\"@id\":\"https:\/\/www.prazskekancelare.com\/test\/#organization\"},\"potentialAction\":[{\"@type\":\"SearchAction\",\"target\":\"https:\/\/www.prazskekancelare.com\/test\/?s={search_term_string}\",\"query-input\":\"required name=search_term_string\"}],\"inLanguage\":\"cs\"},{\"@type\":\"ImageObject\",\"@id\":\"https:\/\/www.prazskekancelare.com\/test\/kancelare-k-pronajmu\/pronajem-kancelari-brevnov-vypich-bila-hora-praha-6\/#primaryimage\",\"inLanguage\":\"cs\",\"url\":\"https:\/\/www.prazskekancelare.com\/test\/wp-content\/uploads\/2016\/12\/kancelare-bila-hora.jpeg\",\"contentUrl\":\"https:\/\/www.prazskekancelare.com\/test\/wp-content\/uploads\/2016\/12\/kancelare-bila-hora.jpeg\",\"width\":525,\"height\":400,\"caption\":\"Kancel\\u00e1\\u0159e Praha 6 Vypich, B\\u0159evnov, B\\u00edl\\u00e1 Hora\"},{\"@type\":\"WebPage\",\"@id\":\"https:\/\/www.prazskekancelare.com\/test\/kancelare-k-pronajmu\/pronajem-kancelari-brevnov-vypich-bila-hora-praha-6\/#webpage\",\"url\":\"https:\/\/www.prazskekancelare.com\/test\/kancelare-k-pronajmu\/pronajem-kancelari-brevnov-vypich-bila-hora-praha-6\/\",\"name\":\"B\\u00cdL\\u00c1 HORA kancel\\u00e1\\u0159e B\\u0159evnov, Vypich Praha 6 | 600 KANCEL\\u00c1\\u0158\\u00cd \\u00ae\",\"isPartOf\":{\"@id\":\"https:\/\/www.prazskekancelare.com\/test\/#website\"},\"primaryImageOfPage\":{\"@id\":\"https:\/\/www.prazskekancelare.com\/test\/kancelare-k-pronajmu\/pronajem-kancelari-brevnov-vypich-bila-hora-praha-6\/#primaryimage\"},\"datePublished\":\"2016-12-03T11:56:21+00:00\",\"dateModified\":\"2019-03-17T09:02:19+00:00\",\"description\":\"Popt\\u00e1vejte pron\\u00e1jem kancel\\u00e1\\u0159e B\\u00edl\\u00e1 Hora, Vypich, B\\u0159evnov Praha 6 | 600 kancel\\u00e1\\u0159\\u00ed k pron\\u00e1jmu Praha | Nab\\u00eddky kancel\\u00e1\\u0159\\u00ed do 30 minut | Provize 0%.\",\"breadcrumb\":{\"@id\":\"https:\/\/www.prazskekancelare.com\/test\/kancelare-k-pronajmu\/pronajem-kancelari-brevnov-vypich-bila-hora-praha-6\/#breadcrumb\"},\"inLanguage\":\"cs\",\"potentialAction\":[{\"@type\":\"ReadAction\",\"target\":[\"https:\/\/www.prazskekancelare.com\/test\/kancelare-k-pronajmu\/pronajem-kancelari-brevnov-vypich-bila-hora-praha-6\/\"]}]},{\"@type\":\"BreadcrumbList\",\"@id\":\"https:\/\/www.prazskekancelare.com\/test\/kancelare-k-pronajmu\/pronajem-kancelari-brevnov-vypich-bila-hora-praha-6\/#breadcrumb\",\"itemListElement\":[{\"@type\":\"ListItem\",\"position\":1,\"item\":{\"@type\":\"WebPage\",\"@id\":\"https:\/\/www.prazskekancelare.com\/test\/\",\"url\":\"https:\/\/www.prazskekancelare.com\/test\/\",\"name\":\"Dom\\u016f\"}},{\"@type\":\"ListItem\",\"position\":2,\"item\":{\"@type\":\"WebPage\",\"@id\":\"https:\/\/www.prazskekancelare.com\/test\/kancelare-k-pronajmu\/\",\"url\":\"https:\/\/www.prazskekancelare.com\/test\/kancelare-k-pronajmu\/\",\"name\":\"Properties\"}},{\"@type\":\"ListItem\",\"position\":3,\"item\":{\"@id\":\"https:\/\/www.prazskekancelare.com\/test\/kancelare-k-pronajmu\/pronajem-kancelari-brevnov-vypich-bila-hora-praha-6\/#webpage\"}}]}]}<\/script>\n<!-- \/ Yoast SEO plugin. -->","cmb2":{"property_general":{"property_id":"ANO","property_year_built":"","property_address":"B\u011blohorsk\u00e1 277,\r\nPraha 6\r\n","property_zip":"","property_contract":"","property_gallery":"","property_plans":"","property_video":"","property_parent_property":""},"property_flags":{"property_featured":"","property_sticky":"","property_reduced":"","property_sold":""},"property_contact":{"property_contact_name":"","property_contact_phone":""},"property_pricing":{"property_price":"150","property_price_prefix":"od","property_price_suffix":"K\u010d\/m2","property_price_custom":""},"property_attributes":{"property_rooms":"NE","property_beds":"2","property_baths":"NE","property_garages":"NE \/ \u010d\u00e1ste\u010dn\u011b","property_home_area":"","property_lot_dimensions":"","property_lot_area":"200 m2"},"property_valuation":{"property_valuation_group":""},"property_public_facilities":{"property_public_facilities_group":""},"property_map_location":{"property_map_location":{"latitude":"50.07517979999999","longitude":"14.326566599999978"}},"property_relations":{"property_agents":["260"]}},"_links":{"self":[{"href":"https:\/\/www.prazskekancelare.com\/test\/wp-json\/wp\/v2\/property\/1884"}],"collection":[{"href":"https:\/\/www.prazskekancelare.com\/test\/wp-json\/wp\/v2\/property"}],"about":[{"href":"https:\/\/www.prazskekancelare.com\/test\/wp-json\/wp\/v2\/types\/property"}],"author":[{"embeddable":true,"href":"https:\/\/www.prazskekancelare.com\/test\/wp-json\/wp\/v2\/users\/1"}],"replies":[{"embeddable":true,"href":"https:\/\/www.prazskekancelare.com\/test\/wp-json\/wp\/v2\/comments?post=1884"}],"wp:featuredmedia":[{"embeddable":true,"href":"https:\/\/www.prazskekancelare.com\/test\/wp-json\/wp\/v2\/media\/1879"}],"wp:attachment":[{"href":"https:\/\/www.prazskekancelare.com\/test\/wp-json\/wp\/v2\/media?parent=1884"}],"curies":[{"name":"wp","href":"https:\/\/api.w.org\/{rel}","templated":true}]}}