{"id":1871,"date":"2016-12-02T14:04:22","date_gmt":"2016-12-02T13:04:22","guid":{"rendered":"https:\/\/www.prazskekancelare.com\/test\/?post_type=property&#038;p=1871"},"modified":"2019-09-28T11:48:50","modified_gmt":"2019-09-28T09:48:50","slug":"sklady-kyje-rajska-zahrada-cerny-most-horni-pocernice-praha-9","status":"publish","type":"property","link":"https:\/\/www.prazskekancelare.com\/test\/kancelare-k-pronajmu\/sklady-kyje-rajska-zahrada-cerny-most-horni-pocernice-praha-9\/","title":{"rendered":"SKLADY Praha v\u00fdchod Horn\u00ed Po\u010dernice, \u010cern\u00fd Most, Kyje  <span style=\"color: #ff0000;\">nov\u011b v nab\u00eddce<\/span>"},"content":{"rendered":"\n\t<ul id=\"slideshowgallery70486\" class=\"slideshowgallery70486\" style=\"display:none;\">\n\t\t\t\t\t<!-- From all slides or gallery slides -->\n\t\t\t\t\t\t\t<li>\n\t\t\t\t\t<h3 style=\"opacity:70;\">pronajem-kancelari-praha-9<\/h3>\n\t\t\t\t\t\t\t\t\t\t\t<span data-alt=\"pronajem-kancelari-praha-9\">https:\/\/www.prazskekancelare.com\/test\/wp-content\/uploads\/2016\/12\/pronajem-kancelari-praha-9.jpg<\/span>\n\t\t\t\t\t\t\t\t\t\t<p><\/p>\n\t\t\t\t\t\t\t\t\t\t\t\t\t\t\t\t\t\t<a><img class=\"skip-lazy\" src=\"https:\/\/www.prazskekancelare.com\/test\/wp-content\/uploads\/2016\/12\/pronajem-kancelari-praha-9-400x300.jpg\" alt=\"pronajem-kancelari-praha-9\" \/><\/a>\n\t\t\t\t\t\t\t\t\t\t\t\t\t\t\t<\/li>\n\t\t\t\t\t\t\t<li>\n\t\t\t\t\t<h3 style=\"opacity:70;\">pronajem-kancelare-praha-9<\/h3>\n\t\t\t\t\t\t\t\t\t\t\t<span data-alt=\"pronajem-kancelare-praha-9\">https:\/\/www.prazskekancelare.com\/test\/wp-content\/uploads\/2016\/12\/pronajem-kancelare-praha-9.jpg<\/span>\n\t\t\t\t\t\t\t\t\t\t<p><\/p>\n\t\t\t\t\t\t\t\t\t\t\t\t\t\t\t\t\t\t<a><img class=\"skip-lazy\" src=\"https:\/\/www.prazskekancelare.com\/test\/wp-content\/uploads\/2016\/12\/pronajem-kancelare-praha-9-400x300.jpg\" alt=\"pronajem-kancelare-praha-9\" \/><\/a>\n\t\t\t\t\t\t\t\t\t\t\t\t\t\t\t<\/li>\n\t\t\t\t\t\t\t<li>\n\t\t\t\t\t<h3 style=\"opacity:70;\">kancelare-praha-9<\/h3>\n\t\t\t\t\t\t\t\t\t\t\t<span data-alt=\"kancelare-praha-9\">https:\/\/www.prazskekancelare.com\/test\/wp-content\/uploads\/2016\/12\/kancelare-praha-9.jpg<\/span>\n\t\t\t\t\t\t\t\t\t\t<p><\/p>\n\t\t\t\t\t\t\t\t\t\t\t\t\t\t\t\t\t\t<a><img class=\"skip-lazy\" src=\"https:\/\/www.prazskekancelare.com\/test\/wp-content\/uploads\/2016\/12\/kancelare-praha-9-400x300.jpg\" alt=\"kancelare-praha-9\" \/><\/a>\n\t\t\t\t\t\t\t\t\t\t\t\t\t\t\t<\/li>\n\t\t\t\t\t\t\t<li>\n\t\t\t\t\t<h3 style=\"opacity:70;\">Big Hall<\/h3>\n\t\t\t\t\t\t\t\t\t\t\t<span data-alt=\"big-hall\">https:\/\/www.prazskekancelare.com\/test\/wp-content\/uploads\/2016\/12\/pronajem-kancelare-na-praze-9.jpg<\/span>\n\t\t\t\t\t\t\t\t\t\t<p><\/p>\n\t\t\t\t\t\t\t\t\t\t\t\t\t\t\t\t\t\t<a><img class=\"skip-lazy\" src=\"https:\/\/www.prazskekancelare.com\/test\/wp-content\/uploads\/2016\/12\/pronajem-kancelare-na-praze-9-400x300.jpg\" alt=\"big-hall\" \/><\/a>\n\t\t\t\t\t\t\t\t\t\t\t\t\t\t\t<\/li>\n\t\t\t\t\t\t\t<li>\n\t\t\t\t\t<h3 style=\"opacity:70;\">kancelare-na-pronajem-praha-9<\/h3>\n\t\t\t\t\t\t\t\t\t\t\t<span data-alt=\"kancelare-na-pronajem-praha-9\">https:\/\/www.prazskekancelare.com\/test\/wp-content\/uploads\/2016\/12\/kancelare-na-pronajem-praha-9.jpg<\/span>\n\t\t\t\t\t\t\t\t\t\t<p><\/p>\n\t\t\t\t\t\t\t\t\t\t\t\t\t\t\t\t\t\t<a><img class=\"skip-lazy\" src=\"https:\/\/www.prazskekancelare.com\/test\/wp-content\/uploads\/2016\/12\/kancelare-na-pronajem-praha-9-300x225.jpg\" alt=\"kancelare-na-pronajem-praha-9\" \/><\/a>\n\t\t\t\t\t\t\t\t\t\t\t\t\t\t\t<\/li>\n\t\t\t\t\t\t\t<li>\n\t\t\t\t\t<h3 style=\"opacity:70;\">kancelare-k-pronajmu-praha-8<\/h3>\n\t\t\t\t\t\t\t\t\t\t\t<span data-alt=\"kancelare-k-pronajmu-praha-8\">https:\/\/www.prazskekancelare.com\/test\/wp-content\/uploads\/2016\/12\/kancelare-k-pronajmu-praha-81.jpg<\/span>\n\t\t\t\t\t\t\t\t\t\t<p><\/p>\n\t\t\t\t\t\t\t\t\t\t\t\t\t\t\t\t\t\t<a><img class=\"skip-lazy\" src=\"https:\/\/www.prazskekancelare.com\/test\/wp-content\/uploads\/2016\/12\/kancelare-k-pronajmu-praha-81-400x300.jpg\" alt=\"kancelare-k-pronajmu-praha-8\" \/><\/a>\n\t\t\t\t\t\t\t\t\t\t\t\t\t\t\t<\/li>\n\t\t\t\t\t\t\t<li>\n\t\t\t\t\t<h3 style=\"opacity:70;\">kancelar-na-praze-9<\/h3>\n\t\t\t\t\t\t\t\t\t\t\t<span data-alt=\"kancelar-na-praze-9\">https:\/\/www.prazskekancelare.com\/test\/wp-content\/uploads\/2016\/12\/kancelar-na-praze-9.jpg<\/span>\n\t\t\t\t\t\t\t\t\t\t<p><\/p>\n\t\t\t\t\t\t\t\t\t\t\t\t\t\t\t\t\t\t<a><img class=\"skip-lazy\" src=\"https:\/\/www.prazskekancelare.com\/test\/wp-content\/uploads\/2016\/12\/kancelar-na-praze-9-400x300.jpg\" alt=\"kancelar-na-praze-9\" \/><\/a>\n\t\t\t\t\t\t\t\t\t\t\t\t\t\t\t<\/li>\n\t\t\t\t\t\t<\/ul>\n\n\t\t<div id=\"slideshow-wrappergallery70486\" class=\"slideshow-wrapper\" style=\"--slideshow-width:872px\">\n\t\t\n\t\t<div class=\"slideshow-fullsize\" id=\"fullsizegallery70486\">\n\t\t\t\t\t\t\t\t\t\t\t\t\t\t<div id=\"imgprevgallery70486\" class=\"slideshow-imgprev imgnav\" title=\"Previous Image\">Previous Image<\/div>\n\t\t\t\t\t\t<a id=\"imglinkgallery70486\" class=\"slideshow-imglink imglink\">\n\t\t\t\t<!-- link -->\n\t\t\t<\/a>\n\t\t\t\t\t\t\t\t\t\t\t<div id=\"imgnextgallery70486\" class=\"slideshow-imgnext imgnav\" title=\"Next Image\">Next Image<\/div>\n\t\t\t\t\t\t<div id=\"imagegallery70486\" class=\"slideshow-image\"><\/div>\n\t\t\t<div class=\"slideshow-information infobottom\" id=\"informationgallery70486\">\n\t\t\t\t<h3 class=\"slideshow-info-heading\">info heading<\/h3>\n\t\t\t\t<p class=\"slideshow-info-content\">info content<\/p>\n\t\t\t<\/div>\n\t\t<\/div>\n\n\t\t\t\t\t<div id=\"thumbnailsgallery70486\" class=\"slideshow-thumbnails thumbsbot\">\n\t\t\t\t<div class=\"slideshow-slideleft\" id=\"slideleftgallery70486\" title=\"Slide Left\"><\/div>\n\t\t\t\t<div class=\"slideshow-slidearea\" id=\"slideareagallery70486\">\n\t\t\t\t\t<div class=\"slideshow-slider\" id=\"slidergallery70486\"><\/div>\n\t\t\t\t<\/div>\n\t\t\t\t<div class=\"slideshow-slideright\" id=\"sliderightgallery70486\" title=\"Slide Right\"><\/div>\n\t\t\t\t<br style=\"clear:both; visibility:hidden; height:1px;\" \/>\n\t\t\t<\/div>\n\t\t\t<\/div>\n\n\t\n<p>&nbsp;<\/p>\n<p><span style=\"color: #ff0000;\">Nov\u011b nab\u00edz\u00edme a\u017e<strong>\u00a0<\/strong><\/span><span style=\"text-decoration: underline;\"><strong><a href=\"\/poptavka-po-kancelarich-k-pronajmu\/\" target=\"_blank\">900 sklad\u016f k pron\u00e1jmu po cel\u00e9 Praze<\/a><\/strong>.<\/span><span style=\"color: #ff0000;\"> Nab\u00eddky na m\u00edru do 30 minut a bez provize.\u00a0<\/span>Up\u0159\u00edmn\u011b doporu\u010dujeme i tento konkr\u00e9tn\u00ed pron\u00e1jem kancel\u00e1\u0159\u00ed a sklad\u016f Praha 9 v ulici Broumarsk\u00e1. Jde o specifick\u00fd pron\u00e1jem kancel\u00e1\u0159\u00ed, v\u010detn\u011b haly. Kancel\u00e1\u0159e k pron\u00e1jmu jsou 250 m2 velk\u00e9, hala nab\u00edz\u00ed 2000 m2 skladov\u00e9 plochy a nelze je pronajmout zvl\u00e1\u0161\u0165 bez skladovac\u00edch prostor.<\/p>\n<p><span style=\"color: #ff0000;\"><strong>N\u00e1\u0161 tip:<\/strong> Za\u0161lete n\u00e1m <a href=\"\/poptavka-po-kancelarich-k-pronajmu\/\" target=\"_blank\"><span style=\"text-decoration: underline;\"><strong>popt\u00e1vku po skladech<\/strong> <\/span><\/a>v jak\u00e9koli lokalit\u011b v Praze a my V\u00e1m do 30 minut p\u0159iprav\u00edme kompletn\u00ed nab\u00eddku bez provize. T\u011b\u0161\u00edme se na spolupr\u00e1ci a d\u011bkujeme za d\u016fv\u011bru.<\/span><\/p>\n<h2>Pron\u00e1jem kancel\u00e1\u0159\u00ed a sklad\u016f Praha v\u00fdchod Kyje, Rajsk\u00e1 zahrada, Horn\u00ed Po\u010dernice a \u010cern\u00fd Most &#8211; kancel\u00e1\u0159e<\/h2>\n<p>P\u0159esto\u017ee jsou kancel\u00e1\u0159e k pron\u00e1jmu sou\u010d\u00e1st\u00ed halov\u00e9ho prostoru, jde o velmi reprezentativn\u00ed kancel\u00e1\u0159e. Kancel\u00e1\u0159sk\u00e9 prostory se skl\u00e1daj\u00ed ze \u010dty\u0159 nepr\u016fchoz\u00edch m\u00edstnost\u00ed, chodby, kuchy\u0148ky, sprchov\u00e9ho koutu a dvou samostatn\u00fdch toalet.<\/p>\n<h2>Kancel\u00e1\u0159e a sklady k pron\u00e1jmu v Kyj\u00edch &#8211; lokalita<\/h2>\n<p>Lokalita je velmi dob\u0159e dopravn\u011b dostupn\u00e1. Ji\u017en\u00ed spojka, d\u00e1lnice na Hradec Kr\u00e1lov\u00e9 i Mladou Boleslav jsou jen n\u011bkolik set metr\u016f od kancel\u00e1\u0159sk\u00e9 budovy a sklad\u016f. Ihned vedle budovy je k dispozici velk\u00e9 mno\u017estv\u00ed parkovac\u00edch st\u00e1n\u00ed.<br \/>\nPron\u00e1jem kancel\u00e1\u0159\u00ed v Kyj\u00edch je voln\u00fd ihned, doporu\u010dujeme prohl\u00eddku.<\/p>\n<h2>Provize za zprost\u0159edkov\u00e1n\u00ed kancel\u00e1\u0159\u00ed na Praze 9<\/h2>\n<p>Ve\u0161ker\u00e9 slu\u017eby na\u0161\u00ed spole\u010dnosti a jej\u00edch makl\u00e9\u0159\u016f jsou bez provize.<\/p>\n<h2>Jak poptat kancel\u00e1\u0159 na Praze 9 pobl\u00ed\u017e \u010cern\u00e9ho Mostu?<\/h2>\n<p>Pro zasl\u00e1n\u00ed kompletn\u00ed nab\u00eddky s aktu\u00e1ln\u011b dostupn\u00fdmi kancel\u00e1\u0159emi k pron\u00e1jmu v Kyj\u00edch,\u00a0n\u00e1s pros\u00edm nev\u00e1hejte kdykoli kontaktovat.<\/p>\n<p>Rychl\u00fd popt\u00e1vkov\u00fd formul\u00e1\u0159 najdete na konci textu\u00a0a makl\u00e9\u0159e zodpov\u011bdn\u00e9ho za nemovitosti v prav\u00e9m sloupci.<br \/>\ne-mail:\u00a0<strong><a href=\"mailto:info@prazskekancelare.cz\">info@prazskekancelare.com<\/a><\/strong>\u00a0\/\u00a0telefon: <strong><span style=\"color: #ff0000;\">+420 773 295 925, +420 723 984 360<\/span><\/strong><\/p>\n<h2>v\u00edce informac\u00ed o kancel\u00e1\u0159\u00edch a skladech bl\u00edzko Rajsk\u00e9 zahrady a \u010cern\u00e9ho Mostu:<\/h2>\n","protected":false},"author":1,"featured_media":1870,"comment_status":"closed","ping_status":"closed","template":"","yoast_head":"<!-- This site is optimized with the Yoast SEO plugin v16.4 - https:\/\/yoast.com\/wordpress\/plugins\/seo\/ -->\n<title>SKLADY Praha v\u00fdchod - Horn\u00ed Po\u010dernice | 900 SKLAD\u016e \u00ae &gt;&gt;<\/title>\n<meta name=\"description\" content=\"Popt\u00e1vejte pron\u00e1jem sklad\u016f v Praze \u2705 | 900x sklady k pron\u00e1jmu v cel\u00e9 Praze | Kompletn\u00ed nab\u00eddky sklad\u016f na m\u00edru do 30 minut | Bez provize.\" \/>\n<meta name=\"robots\" content=\"noindex, follow, max-snippet:-1, max-image-preview:large, max-video-preview:-1\" \/>\n<meta property=\"og:locale\" content=\"cs_CZ\" \/>\n<meta property=\"og:type\" content=\"article\" \/>\n<meta property=\"og:title\" content=\"SKLADY Praha v\u00fdchod - Horn\u00ed Po\u010dernice | 900 SKLAD\u016e \u00ae &gt;&gt;\" \/>\n<meta property=\"og:description\" content=\"Popt\u00e1vejte pron\u00e1jem sklad\u016f v Praze \u2705 | 900x sklady k pron\u00e1jmu v cel\u00e9 Praze | Kompletn\u00ed nab\u00eddky sklad\u016f na m\u00edru do 30 minut | Bez provize.\" \/>\n<meta property=\"og:url\" content=\"https:\/\/www.prazskekancelare.com\/test\/kancelare-k-pronajmu\/sklady-kyje-rajska-zahrada-cerny-most-horni-pocernice-praha-9\/\" \/>\n<meta property=\"og:site_name\" content=\"TEST - Pron\u00e1jem kancel\u00e1\u0159e Praha\" \/>\n<meta property=\"article:modified_time\" content=\"2019-09-28T09:48:50+00:00\" \/>\n<meta property=\"og:image\" content=\"https:\/\/www.prazskekancelare.com\/test\/wp-content\/uploads\/2016\/12\/pronajem-kancelari-praha-9.jpg\" \/>\n\t<meta property=\"og:image:width\" content=\"600\" \/>\n\t<meta property=\"og:image:height\" content=\"400\" \/>\n<meta name=\"twitter:card\" content=\"summary\" \/>\n<meta name=\"twitter:label1\" content=\"Odhadovan\u00e1 doba \u010dten\u00ed\" \/>\n\t<meta name=\"twitter:data1\" content=\"2 minuty\" \/>\n<script type=\"application\/ld+json\" class=\"yoast-schema-graph\">{\"@context\":\"https:\/\/schema.org\",\"@graph\":[{\"@type\":\"Organization\",\"@id\":\"https:\/\/www.prazskekancelare.com\/test\/#organization\",\"name\":\"Pron\\u00e1jem kancel\\u00e1\\u0159e Praha\",\"url\":\"https:\/\/www.prazskekancelare.com\/test\/\",\"sameAs\":[],\"logo\":{\"@type\":\"ImageObject\",\"@id\":\"https:\/\/www.prazskekancelare.com\/test\/#logo\",\"inLanguage\":\"cs\",\"url\":\"https:\/\/www.prazskekancelare.com\/test\/wp-content\/uploads\/2018\/05\/prazske-kancelare-com-logo.png\",\"contentUrl\":\"https:\/\/www.prazskekancelare.com\/test\/wp-content\/uploads\/2018\/05\/prazske-kancelare-com-logo.png\",\"width\":242,\"height\":59,\"caption\":\"Pron\\u00e1jem kancel\\u00e1\\u0159e Praha\"},\"image\":{\"@id\":\"https:\/\/www.prazskekancelare.com\/test\/#logo\"}},{\"@type\":\"WebSite\",\"@id\":\"https:\/\/www.prazskekancelare.com\/test\/#website\",\"url\":\"https:\/\/www.prazskekancelare.com\/test\/\",\"name\":\"TEST - Pron\\u00e1jem kancel\\u00e1\\u0159e Praha\",\"description\":\"Pron\\u00e1jem kancel\\u00e1\\u0159e Praha a Kancelare Praha\",\"publisher\":{\"@id\":\"https:\/\/www.prazskekancelare.com\/test\/#organization\"},\"potentialAction\":[{\"@type\":\"SearchAction\",\"target\":\"https:\/\/www.prazskekancelare.com\/test\/?s={search_term_string}\",\"query-input\":\"required name=search_term_string\"}],\"inLanguage\":\"cs\"},{\"@type\":\"ImageObject\",\"@id\":\"https:\/\/www.prazskekancelare.com\/test\/kancelare-k-pronajmu\/sklady-kyje-rajska-zahrada-cerny-most-horni-pocernice-praha-9\/#primaryimage\",\"inLanguage\":\"cs\",\"url\":\"https:\/\/www.prazskekancelare.com\/test\/wp-content\/uploads\/2016\/12\/pronajem-kancelari-praha-9.jpg\",\"contentUrl\":\"https:\/\/www.prazskekancelare.com\/test\/wp-content\/uploads\/2016\/12\/pronajem-kancelari-praha-9.jpg\",\"width\":600,\"height\":400,\"caption\":\"Kancel\\u00e1\\u0159e Praha 9\"},{\"@type\":\"WebPage\",\"@id\":\"https:\/\/www.prazskekancelare.com\/test\/kancelare-k-pronajmu\/sklady-kyje-rajska-zahrada-cerny-most-horni-pocernice-praha-9\/#webpage\",\"url\":\"https:\/\/www.prazskekancelare.com\/test\/kancelare-k-pronajmu\/sklady-kyje-rajska-zahrada-cerny-most-horni-pocernice-praha-9\/\",\"name\":\"SKLADY Praha v\\u00fdchod - Horn\\u00ed Po\\u010dernice | 900 SKLAD\\u016e \\u00ae >>\",\"isPartOf\":{\"@id\":\"https:\/\/www.prazskekancelare.com\/test\/#website\"},\"primaryImageOfPage\":{\"@id\":\"https:\/\/www.prazskekancelare.com\/test\/kancelare-k-pronajmu\/sklady-kyje-rajska-zahrada-cerny-most-horni-pocernice-praha-9\/#primaryimage\"},\"datePublished\":\"2016-12-02T13:04:22+00:00\",\"dateModified\":\"2019-09-28T09:48:50+00:00\",\"description\":\"Popt\\u00e1vejte pron\\u00e1jem sklad\\u016f v Praze \\u2705 | 900x sklady k pron\\u00e1jmu v cel\\u00e9 Praze | Kompletn\\u00ed nab\\u00eddky sklad\\u016f na m\\u00edru do 30 minut | Bez provize.\",\"breadcrumb\":{\"@id\":\"https:\/\/www.prazskekancelare.com\/test\/kancelare-k-pronajmu\/sklady-kyje-rajska-zahrada-cerny-most-horni-pocernice-praha-9\/#breadcrumb\"},\"inLanguage\":\"cs\",\"potentialAction\":[{\"@type\":\"ReadAction\",\"target\":[\"https:\/\/www.prazskekancelare.com\/test\/kancelare-k-pronajmu\/sklady-kyje-rajska-zahrada-cerny-most-horni-pocernice-praha-9\/\"]}]},{\"@type\":\"BreadcrumbList\",\"@id\":\"https:\/\/www.prazskekancelare.com\/test\/kancelare-k-pronajmu\/sklady-kyje-rajska-zahrada-cerny-most-horni-pocernice-praha-9\/#breadcrumb\",\"itemListElement\":[{\"@type\":\"ListItem\",\"position\":1,\"item\":{\"@type\":\"WebPage\",\"@id\":\"https:\/\/www.prazskekancelare.com\/test\/\",\"url\":\"https:\/\/www.prazskekancelare.com\/test\/\",\"name\":\"Dom\\u016f\"}},{\"@type\":\"ListItem\",\"position\":2,\"item\":{\"@type\":\"WebPage\",\"@id\":\"https:\/\/www.prazskekancelare.com\/test\/kancelare-k-pronajmu\/\",\"url\":\"https:\/\/www.prazskekancelare.com\/test\/kancelare-k-pronajmu\/\",\"name\":\"Properties\"}},{\"@type\":\"ListItem\",\"position\":3,\"item\":{\"@id\":\"https:\/\/www.prazskekancelare.com\/test\/kancelare-k-pronajmu\/sklady-kyje-rajska-zahrada-cerny-most-horni-pocernice-praha-9\/#webpage\"}}]}]}<\/script>\n<!-- \/ Yoast SEO plugin. -->","cmb2":{"property_general":{"property_id":"ANO","property_year_built":"","property_address":"Broumarsk\u00e1 117,\r\nPraha Kyje\r\n","property_zip":"","property_contract":"","property_gallery":"","property_plans":"","property_video":"","property_parent_property":""},"property_flags":{"property_featured":"","property_sticky":"","property_reduced":"","property_sold":""},"property_contact":{"property_contact_name":"","property_contact_phone":""},"property_pricing":{"property_price":"85","property_price_prefix":"od","property_price_suffix":"K\u010d\/m2","property_price_custom":""},"property_attributes":{"property_rooms":"NE","property_beds":"2","property_baths":"NE","property_garages":"NE \/ \u010d\u00e1ste\u010dn\u011b","property_home_area":"","property_lot_dimensions":"","property_lot_area":"200 - 10000m2"},"property_valuation":{"property_valuation_group":""},"property_public_facilities":{"property_public_facilities_group":""},"property_map_location":{"property_map_location":{"latitude":"50.0953945","longitude":"14.547106999999983"}},"property_relations":{"property_agents":["260"]}},"_links":{"self":[{"href":"https:\/\/www.prazskekancelare.com\/test\/wp-json\/wp\/v2\/property\/1871"}],"collection":[{"href":"https:\/\/www.prazskekancelare.com\/test\/wp-json\/wp\/v2\/property"}],"about":[{"href":"https:\/\/www.prazskekancelare.com\/test\/wp-json\/wp\/v2\/types\/property"}],"author":[{"embeddable":true,"href":"https:\/\/www.prazskekancelare.com\/test\/wp-json\/wp\/v2\/users\/1"}],"replies":[{"embeddable":true,"href":"https:\/\/www.prazskekancelare.com\/test\/wp-json\/wp\/v2\/comments?post=1871"}],"wp:featuredmedia":[{"embeddable":true,"href":"https:\/\/www.prazskekancelare.com\/test\/wp-json\/wp\/v2\/media\/1870"}],"wp:attachment":[{"href":"https:\/\/www.prazskekancelare.com\/test\/wp-json\/wp\/v2\/media?parent=1871"}],"curies":[{"name":"wp","href":"https:\/\/api.w.org\/{rel}","templated":true}]}}