{"id":1837,"date":"2016-11-19T17:01:37","date_gmt":"2016-11-19T16:01:37","guid":{"rendered":"https:\/\/www.prazskekancelare.com\/test\/?post_type=property&#038;p=1837"},"modified":"2019-03-17T10:45:50","modified_gmt":"2019-03-17T09:45:50","slug":"pronajem-kancelari-krejcarek-praha-3","status":"publish","type":"property","link":"https:\/\/www.prazskekancelare.com\/test\/kancelare-k-pronajmu\/pronajem-kancelari-krejcarek-praha-3\/","title":{"rendered":"Kancel\u00e1\u0159e KREJC\u00c1REK Praha 3 <span style=\"color: #ff0000;\">velmi obl\u00edben\u00e9<\/span>"},"content":{"rendered":"<p>\n\t<ul id=\"slideshowgallery67856\" class=\"slideshowgallery67856\" style=\"display:none;\">\n\t\t\t\t\t<!-- From all slides or gallery slides -->\n\t\t\t\t\t\t\t<li>\n\t\t\t\t\t<h3 style=\"opacity:70;\">ponajem-kancelari-praha-3<\/h3>\n\t\t\t\t\t\t\t\t\t\t\t<span data-alt=\"ponajem-kancelari-praha-3\">https:\/\/www.prazskekancelare.com\/test\/wp-content\/uploads\/2016\/11\/ponajem-kancelari-praha-3.jpeg<\/span>\n\t\t\t\t\t\t\t\t\t\t<p><\/p>\n\t\t\t\t\t\t\t\t\t\t\t\t\t\t\t\t\t\t<a><img class=\"skip-lazy\" src=\"https:\/\/www.prazskekancelare.com\/test\/wp-content\/uploads\/2016\/11\/ponajem-kancelari-praha-3-400x300.jpeg\" alt=\"ponajem-kancelari-praha-3\" \/><\/a>\n\t\t\t\t\t\t\t\t\t\t\t\t\t\t\t<\/li>\n\t\t\t\t\t\t\t<li>\n\t\t\t\t\t<h3 style=\"opacity:70;\">kancelare-praha-3<\/h3>\n\t\t\t\t\t\t\t\t\t\t\t<span data-alt=\"kancelare-praha-3\">https:\/\/www.prazskekancelare.com\/test\/wp-content\/uploads\/2016\/11\/kancelare-praha-3.jpeg<\/span>\n\t\t\t\t\t\t\t\t\t\t<p><\/p>\n\t\t\t\t\t\t\t\t\t\t\t\t\t\t\t\t\t\t<a><img class=\"skip-lazy\" src=\"https:\/\/www.prazskekancelare.com\/test\/wp-content\/uploads\/2016\/11\/kancelare-praha-3-400x300.jpeg\" alt=\"kancelare-praha-3\" \/><\/a>\n\t\t\t\t\t\t\t\t\t\t\t\t\t\t\t<\/li>\n\t\t\t\t\t\t\t<li>\n\t\t\t\t\t<h3 style=\"opacity:70;\">kancelare-na-krejcarku-praha-3<\/h3>\n\t\t\t\t\t\t\t\t\t\t\t<span data-alt=\"kancelare-na-krejcarku-praha-3\">https:\/\/www.prazskekancelare.com\/test\/wp-content\/uploads\/2016\/11\/kancelare-na-krejcarku-praha-3.jpg<\/span>\n\t\t\t\t\t\t\t\t\t\t<p><\/p>\n\t\t\t\t\t\t\t\t\t\t\t\t\t\t\t\t\t\t<a><img class=\"skip-lazy\" src=\"https:\/\/www.prazskekancelare.com\/test\/wp-content\/uploads\/2016\/11\/kancelare-na-krejcarku-praha-3-400x300.jpg\" alt=\"kancelare-na-krejcarku-praha-3\" \/><\/a>\n\t\t\t\t\t\t\t\t\t\t\t\t\t\t\t<\/li>\n\t\t\t\t\t\t\t<li>\n\t\t\t\t\t<h3 style=\"opacity:70;\">kancelare-krejcarek-praha-3<\/h3>\n\t\t\t\t\t\t\t\t\t\t\t<span data-alt=\"kancelare-krejcarek-praha-3\">https:\/\/www.prazskekancelare.com\/test\/wp-content\/uploads\/2016\/11\/kancelare-krejcarek-praha-3.jpg<\/span>\n\t\t\t\t\t\t\t\t\t\t<p><\/p>\n\t\t\t\t\t\t\t\t\t\t\t\t\t\t\t\t\t\t<a><img class=\"skip-lazy\" src=\"https:\/\/www.prazskekancelare.com\/test\/wp-content\/uploads\/2016\/11\/kancelare-krejcarek-praha-3-400x300.jpg\" alt=\"kancelare-krejcarek-praha-3\" \/><\/a>\n\t\t\t\t\t\t\t\t\t\t\t\t\t\t\t<\/li>\n\t\t\t\t\t\t\t<li>\n\t\t\t\t\t<h3 style=\"opacity:70;\">kancelare-k-pronajmu-praha-3<\/h3>\n\t\t\t\t\t\t\t\t\t\t\t<span data-alt=\"kancelare-k-pronajmu-praha-3\">https:\/\/www.prazskekancelare.com\/test\/wp-content\/uploads\/2016\/11\/kancelare-k-pronajmu-praha-3.jpg<\/span>\n\t\t\t\t\t\t\t\t\t\t<p><\/p>\n\t\t\t\t\t\t\t\t\t\t\t\t\t\t\t\t\t\t<a><img class=\"skip-lazy\" src=\"https:\/\/www.prazskekancelare.com\/test\/wp-content\/uploads\/2016\/11\/kancelare-k-pronajmu-praha-3-400x300.jpg\" alt=\"kancelare-k-pronajmu-praha-3\" \/><\/a>\n\t\t\t\t\t\t\t\t\t\t\t\t\t\t\t<\/li>\n\t\t\t\t\t\t\t<li>\n\t\t\t\t\t<h3 style=\"opacity:70;\">kancelare-k-pronajmu-praha-3<\/h3>\n\t\t\t\t\t\t\t\t\t\t\t<span data-alt=\"kancelare-k-pronajmu-praha-3\">https:\/\/www.prazskekancelare.com\/test\/wp-content\/uploads\/2016\/11\/kancelare-k-pronajmu-praha-3.jpeg<\/span>\n\t\t\t\t\t\t\t\t\t\t<p><\/p>\n\t\t\t\t\t\t\t\t\t\t\t\t\t\t\t\t\t\t<a><img class=\"skip-lazy\" src=\"https:\/\/www.prazskekancelare.com\/test\/wp-content\/uploads\/2016\/11\/kancelare-k-pronajmu-praha-3-400x300.jpeg\" alt=\"kancelare-k-pronajmu-praha-3\" \/><\/a>\n\t\t\t\t\t\t\t\t\t\t\t\t\t\t\t<\/li>\n\t\t\t\t\t\t<\/ul>\n\n\t\t<div id=\"slideshow-wrappergallery67856\" class=\"slideshow-wrapper\" style=\"--slideshow-width:756px\">\n\t\t\n\t\t<div class=\"slideshow-fullsize\" id=\"fullsizegallery67856\">\n\t\t\t\t\t\t\t\t\t\t\t\t\t\t<div id=\"imgprevgallery67856\" class=\"slideshow-imgprev imgnav\" title=\"Previous Image\">Previous Image<\/div>\n\t\t\t\t\t\t<a id=\"imglinkgallery67856\" class=\"slideshow-imglink imglink\">\n\t\t\t\t<!-- link -->\n\t\t\t<\/a>\n\t\t\t\t\t\t\t\t\t\t\t<div id=\"imgnextgallery67856\" class=\"slideshow-imgnext imgnav\" title=\"Next Image\">Next Image<\/div>\n\t\t\t\t\t\t<div id=\"imagegallery67856\" class=\"slideshow-image\"><\/div>\n\t\t\t<div class=\"slideshow-information infobottom\" id=\"informationgallery67856\">\n\t\t\t\t<h3 class=\"slideshow-info-heading\">info heading<\/h3>\n\t\t\t\t<p class=\"slideshow-info-content\">info content<\/p>\n\t\t\t<\/div>\n\t\t<\/div>\n\n\t\t\t\t\t<div id=\"thumbnailsgallery67856\" class=\"slideshow-thumbnails thumbsbot\">\n\t\t\t\t<div class=\"slideshow-slideleft\" id=\"slideleftgallery67856\" title=\"Slide Left\"><\/div>\n\t\t\t\t<div class=\"slideshow-slidearea\" id=\"slideareagallery67856\">\n\t\t\t\t\t<div class=\"slideshow-slider\" id=\"slidergallery67856\"><\/div>\n\t\t\t\t<\/div>\n\t\t\t\t<div class=\"slideshow-slideright\" id=\"sliderightgallery67856\" title=\"Slide Right\"><\/div>\n\t\t\t\t<br style=\"clear:both; visibility:hidden; height:1px;\" \/>\n\t\t\t<\/div>\n\t\t\t<\/div>\n\n\t<br \/>\nP\u0159edstavujeme pron\u00e1jem kancel\u00e1\u0159\u00ed Praha 3 <strong>Krejc\u00e1rek<\/strong>. Kancel\u00e1\u0159sk\u00e9 centrum Krejc\u00e1rek se nach\u00e1z\u00ed na hranici m\u011bstsk\u00fdch \u010d\u00e1st\u00ed \u017di\u017ekov, Karl\u00edn a Vyso\u010dany, na k\u0159i\u017eovatce ulic Novovyso\u010dansk\u00e1 a Pod Krejc\u00e1rkem. Kancel\u00e1\u0159sk\u00e1 budova je dob\u0159e dostupn\u00e1 MHD a py\u0161n\u00ed se v\u00fdborn\u00fdm v\u00fdhledem na Prahu.<\/p>\n<h2>Pron\u00e1jem kancel\u00e1\u0159\u00ed Krejc\u00e1rek Praha 3 &#8211;\u00a0lokalita<\/h2>\n<p>Lokalita kancel\u00e1\u0159\u00ed k pron\u00e1jmu na Praze 3 Krejc\u00e1rku je velmi snadno dostupn\u00e1 automobilem i MHD, nach\u00e1z\u00ed se p\u0159\u00edmo u zast\u00e1vek autobus\u016f a tramvaj\u00ed. Stanice metra linky B \u2013 Palmovka je od budovy vzd\u00e1lena jednu stanici autobusem nebo tramvaj\u00ed. Kancel\u00e1\u0159sk\u00e9 centrum je sedmipodla\u017en\u00ed administrativn\u00ed budova s rozs\u00e1hl\u00fdmi slu\u017ebami \u2013 kav\u00e1rna, restaurace, j\u00eddelna, zubn\u00ed ordinace, thajsk\u00e9 mas\u00e1\u017ee, fitness centrum, hotelov\u00e9 pokoje, my\u010dka aut atd.<\/p>\n<h2>Kancel\u00e1\u0159e k pron\u00e1jmu Praha 3 &#8211; budova<\/h2>\n<p>Dispozi\u010dn\u00ed \u0159e\u0161en\u00ed jednotliv\u00fdch, kancel\u00e1\u0159sk\u00fdch pater umo\u017e\u0148uje vyu\u017e\u00edt prostor jak pro otev\u0159en\u00e9 kancel\u00e1\u0159e, tak i pro d\u011blen\u00ed po jednotliv\u00fdch kancel\u00e1\u0159\u00edch. V\u0159ele doporu\u010dujeme prohl\u00eddku. Dejte n\u00e1m v\u011bd\u011bt, r\u00e1di ji pro v\u00e1s za\u0159\u00edd\u00edme je\u0161t\u011b dnes.<\/p>\n<h2>Provize<\/h2>\n<p>Ve\u0161ker\u00e9 slu\u017eby na\u0161\u00ed spole\u010dnosti a jej\u00edch makl\u00e9\u0159\u016f jsou bez provize.<\/p>\n<p>Pro zasl\u00e1n\u00ed kompletn\u00ed nab\u00eddky s aktu\u00e1ln\u011b dostupn\u00fdmi kancel\u00e1\u0159emi k pron\u00e1jmu na Praze 3 &#8211; Krejc\u00e1rku,\u00a0n\u00e1s pros\u00edm nev\u00e1hejte kdykoli kontaktovat.<\/p>\n<p>Rychl\u00fd popt\u00e1vkov\u00fd formul\u00e1\u0159 najdete na konci textu\u00a0a makl\u00e9\u0159e zodpov\u011bdn\u00e9ho za nemovitosti v prav\u00e9m sloupci.<br \/>\ne-mail:\u00a0<strong><a href=\"mailto:info@prazskekancelare.cz\">info@prazskekancelare.com<\/a><\/strong>\u00a0\/\u00a0telefon: <strong><span style=\"color: #ff0000;\">+420 773 295 925, +420 723 984 360<\/span><\/strong><\/p>\n<h2>v\u00edce informac\u00ed o pron\u00e1jmu kancel\u00e1\u0159\u00ed v Krejc\u00e1rku:<\/h2>\n","protected":false},"author":1,"featured_media":1836,"comment_status":"closed","ping_status":"closed","template":"","yoast_head":"<!-- This site is optimized with the Yoast SEO plugin v16.4 - https:\/\/yoast.com\/wordpress\/plugins\/seo\/ -->\n<title>KREJC\u00c1REK kancel\u00e1\u0159e Praha 3 | 0% Provize | 300 KANCEL\u00c1\u0158\u00cd \u00ae<\/title>\n<meta name=\"description\" content=\"Popt\u00e1vejte pron\u00e1jem kancel\u00e1\u0159e Krejc\u00e1rek Praha 3 | 300 x kancel\u00e1\u0159e k pron\u00e1jmu Praha | Nebytov\u00e9 prostory k pron\u00e1jmu do 30 minut | Provize 0%.\" \/>\n<meta name=\"robots\" content=\"noindex, follow, max-snippet:-1, max-image-preview:large, max-video-preview:-1\" \/>\n<meta property=\"og:locale\" content=\"cs_CZ\" \/>\n<meta property=\"og:type\" content=\"article\" \/>\n<meta property=\"og:title\" content=\"KREJC\u00c1REK kancel\u00e1\u0159e Praha 3 | 0% Provize | 300 KANCEL\u00c1\u0158\u00cd \u00ae\" \/>\n<meta property=\"og:description\" content=\"Popt\u00e1vejte pron\u00e1jem kancel\u00e1\u0159e Krejc\u00e1rek Praha 3 | 300 x kancel\u00e1\u0159e k pron\u00e1jmu Praha | Nebytov\u00e9 prostory k pron\u00e1jmu do 30 minut | Provize 0%.\" \/>\n<meta property=\"og:url\" content=\"https:\/\/www.prazskekancelare.com\/test\/kancelare-k-pronajmu\/pronajem-kancelari-krejcarek-praha-3\/\" \/>\n<meta property=\"og:site_name\" content=\"TEST - Pron\u00e1jem kancel\u00e1\u0159e Praha\" \/>\n<meta property=\"article:modified_time\" content=\"2019-03-17T09:45:50+00:00\" \/>\n<meta property=\"og:image\" content=\"https:\/\/www.prazskekancelare.com\/test\/wp-content\/uploads\/2016\/11\/ponajem-kancelari-praha-3.jpeg\" \/>\n\t<meta property=\"og:image:width\" content=\"1288\" \/>\n\t<meta property=\"og:image:height\" content=\"900\" \/>\n<meta name=\"twitter:card\" content=\"summary\" \/>\n<meta name=\"twitter:label1\" content=\"Odhadovan\u00e1 doba \u010dten\u00ed\" \/>\n\t<meta name=\"twitter:data1\" content=\"1 minuta\" \/>\n<script type=\"application\/ld+json\" class=\"yoast-schema-graph\">{\"@context\":\"https:\/\/schema.org\",\"@graph\":[{\"@type\":\"Organization\",\"@id\":\"https:\/\/www.prazskekancelare.com\/test\/#organization\",\"name\":\"Pron\\u00e1jem kancel\\u00e1\\u0159e Praha\",\"url\":\"https:\/\/www.prazskekancelare.com\/test\/\",\"sameAs\":[],\"logo\":{\"@type\":\"ImageObject\",\"@id\":\"https:\/\/www.prazskekancelare.com\/test\/#logo\",\"inLanguage\":\"cs\",\"url\":\"https:\/\/www.prazskekancelare.com\/test\/wp-content\/uploads\/2018\/05\/prazske-kancelare-com-logo.png\",\"contentUrl\":\"https:\/\/www.prazskekancelare.com\/test\/wp-content\/uploads\/2018\/05\/prazske-kancelare-com-logo.png\",\"width\":242,\"height\":59,\"caption\":\"Pron\\u00e1jem kancel\\u00e1\\u0159e Praha\"},\"image\":{\"@id\":\"https:\/\/www.prazskekancelare.com\/test\/#logo\"}},{\"@type\":\"WebSite\",\"@id\":\"https:\/\/www.prazskekancelare.com\/test\/#website\",\"url\":\"https:\/\/www.prazskekancelare.com\/test\/\",\"name\":\"TEST - Pron\\u00e1jem kancel\\u00e1\\u0159e Praha\",\"description\":\"Pron\\u00e1jem kancel\\u00e1\\u0159e Praha a Kancelare Praha\",\"publisher\":{\"@id\":\"https:\/\/www.prazskekancelare.com\/test\/#organization\"},\"potentialAction\":[{\"@type\":\"SearchAction\",\"target\":\"https:\/\/www.prazskekancelare.com\/test\/?s={search_term_string}\",\"query-input\":\"required name=search_term_string\"}],\"inLanguage\":\"cs\"},{\"@type\":\"ImageObject\",\"@id\":\"https:\/\/www.prazskekancelare.com\/test\/kancelare-k-pronajmu\/pronajem-kancelari-krejcarek-praha-3\/#primaryimage\",\"inLanguage\":\"cs\",\"url\":\"https:\/\/www.prazskekancelare.com\/test\/wp-content\/uploads\/2016\/11\/ponajem-kancelari-praha-3.jpeg\",\"contentUrl\":\"https:\/\/www.prazskekancelare.com\/test\/wp-content\/uploads\/2016\/11\/ponajem-kancelari-praha-3.jpeg\",\"width\":1288,\"height\":900,\"caption\":\"Praha 3 kancel\\u00e1\\u0159e k pron\\u00e1jmu levn\\u011b\"},{\"@type\":\"WebPage\",\"@id\":\"https:\/\/www.prazskekancelare.com\/test\/kancelare-k-pronajmu\/pronajem-kancelari-krejcarek-praha-3\/#webpage\",\"url\":\"https:\/\/www.prazskekancelare.com\/test\/kancelare-k-pronajmu\/pronajem-kancelari-krejcarek-praha-3\/\",\"name\":\"KREJC\\u00c1REK kancel\\u00e1\\u0159e Praha 3 | 0% Provize | 300 KANCEL\\u00c1\\u0158\\u00cd \\u00ae\",\"isPartOf\":{\"@id\":\"https:\/\/www.prazskekancelare.com\/test\/#website\"},\"primaryImageOfPage\":{\"@id\":\"https:\/\/www.prazskekancelare.com\/test\/kancelare-k-pronajmu\/pronajem-kancelari-krejcarek-praha-3\/#primaryimage\"},\"datePublished\":\"2016-11-19T16:01:37+00:00\",\"dateModified\":\"2019-03-17T09:45:50+00:00\",\"description\":\"Popt\\u00e1vejte pron\\u00e1jem kancel\\u00e1\\u0159e Krejc\\u00e1rek Praha 3 | 300 x kancel\\u00e1\\u0159e k pron\\u00e1jmu Praha | Nebytov\\u00e9 prostory k pron\\u00e1jmu do 30 minut | Provize 0%.\",\"breadcrumb\":{\"@id\":\"https:\/\/www.prazskekancelare.com\/test\/kancelare-k-pronajmu\/pronajem-kancelari-krejcarek-praha-3\/#breadcrumb\"},\"inLanguage\":\"cs\",\"potentialAction\":[{\"@type\":\"ReadAction\",\"target\":[\"https:\/\/www.prazskekancelare.com\/test\/kancelare-k-pronajmu\/pronajem-kancelari-krejcarek-praha-3\/\"]}]},{\"@type\":\"BreadcrumbList\",\"@id\":\"https:\/\/www.prazskekancelare.com\/test\/kancelare-k-pronajmu\/pronajem-kancelari-krejcarek-praha-3\/#breadcrumb\",\"itemListElement\":[{\"@type\":\"ListItem\",\"position\":1,\"item\":{\"@type\":\"WebPage\",\"@id\":\"https:\/\/www.prazskekancelare.com\/test\/\",\"url\":\"https:\/\/www.prazskekancelare.com\/test\/\",\"name\":\"Dom\\u016f\"}},{\"@type\":\"ListItem\",\"position\":2,\"item\":{\"@type\":\"WebPage\",\"@id\":\"https:\/\/www.prazskekancelare.com\/test\/kancelare-k-pronajmu\/\",\"url\":\"https:\/\/www.prazskekancelare.com\/test\/kancelare-k-pronajmu\/\",\"name\":\"Properties\"}},{\"@type\":\"ListItem\",\"position\":3,\"item\":{\"@id\":\"https:\/\/www.prazskekancelare.com\/test\/kancelare-k-pronajmu\/pronajem-kancelari-krejcarek-praha-3\/#webpage\"}}]}]}<\/script>\n<!-- \/ Yoast SEO plugin. -->","cmb2":{"property_general":{"property_id":"ANO","property_year_built":"","property_address":"Pod Krejc\u00e1rkem 975\/2,\r\n130 00 Praha 3\r\n","property_zip":"","property_contract":"","property_gallery":"","property_plans":"","property_video":"","property_parent_property":""},"property_flags":{"property_featured":"","property_sticky":"","property_reduced":"","property_sold":""},"property_contact":{"property_contact_name":"","property_contact_phone":""},"property_pricing":{"property_price":"250","property_price_prefix":"od","property_price_suffix":"K\u010d\/m2","property_price_custom":""},"property_attributes":{"property_rooms":"ANO","property_beds":"4","property_baths":"NE","property_garages":"NE \/ \u010d\u00e1ste\u010dn\u011b","property_home_area":"","property_lot_dimensions":"","property_lot_area":"10 m2 - 3000 m2"},"property_valuation":{"property_valuation_group":""},"property_public_facilities":{"property_public_facilities_group":""},"property_map_location":{"property_map_location":{"latitude":"50.0966603","longitude":"14.477087299999994"}},"property_relations":{"property_agents":["260"]}},"_links":{"self":[{"href":"https:\/\/www.prazskekancelare.com\/test\/wp-json\/wp\/v2\/property\/1837"}],"collection":[{"href":"https:\/\/www.prazskekancelare.com\/test\/wp-json\/wp\/v2\/property"}],"about":[{"href":"https:\/\/www.prazskekancelare.com\/test\/wp-json\/wp\/v2\/types\/property"}],"author":[{"embeddable":true,"href":"https:\/\/www.prazskekancelare.com\/test\/wp-json\/wp\/v2\/users\/1"}],"replies":[{"embeddable":true,"href":"https:\/\/www.prazskekancelare.com\/test\/wp-json\/wp\/v2\/comments?post=1837"}],"wp:featuredmedia":[{"embeddable":true,"href":"https:\/\/www.prazskekancelare.com\/test\/wp-json\/wp\/v2\/media\/1836"}],"wp:attachment":[{"href":"https:\/\/www.prazskekancelare.com\/test\/wp-json\/wp\/v2\/media?parent=1837"}],"curies":[{"name":"wp","href":"https:\/\/api.w.org\/{rel}","templated":true}]}}