{"id":1815,"date":"2016-11-18T12:23:19","date_gmt":"2016-11-18T11:23:19","guid":{"rendered":"https:\/\/www.prazskekancelare.com\/test\/?post_type=property&#038;p=1815"},"modified":"2020-02-28T13:37:02","modified_gmt":"2020-02-28T12:37:02","slug":"pronajem-kancelari-michle-praha-4","status":"publish","type":"property","link":"https:\/\/www.prazskekancelare.com\/test\/kancelare-k-pronajmu\/pronajem-kancelari-michle-praha-4\/","title":{"rendered":"Kancel\u00e1\u0159e MICHLE ve vile Praha 4 <span style=\"color: #ff0000;\">n\u00e1\u0161 TIP<\/span>"},"content":{"rendered":"<p>\n\t<ul id=\"slideshowgallery65974\" class=\"slideshowgallery65974\" style=\"display:none;\">\n\t\t\t\t\t<!-- From all slides or gallery slides -->\n\t\t\t\t\t\t\t<li>\n\t\t\t\t\t<h3 style=\"opacity:70;\">Podkrov\u00ed 3.01<\/h3>\n\t\t\t\t\t\t\t\t\t\t\t<span data-alt=\"podkrov-301\">https:\/\/www.prazskekancelare.com\/test\/wp-content\/uploads\/2016\/11\/vyhovny-pronajem-kancelari-praha-4.jpg<\/span>\n\t\t\t\t\t\t\t\t\t\t<p><\/p>\n\t\t\t\t\t\t\t\t\t\t\t\t\t\t\t\t\t\t<a><img class=\"skip-lazy\" src=\"https:\/\/www.prazskekancelare.com\/test\/wp-content\/uploads\/2016\/11\/vyhovny-pronajem-kancelari-praha-4-400x300.jpg\" alt=\"podkrov-301\" \/><\/a>\n\t\t\t\t\t\t\t\t\t\t\t\t\t\t\t<\/li>\n\t\t\t\t\t\t\t<li>\n\t\t\t\t\t<h3 style=\"opacity:70;\">kancelare-na-praze-4-k-pronajmu<\/h3>\n\t\t\t\t\t\t\t\t\t\t\t<span data-alt=\"kancelare-na-praze-4-k-pronajmu\">https:\/\/www.prazskekancelare.com\/test\/wp-content\/uploads\/2016\/11\/kancelare-na-praze-4-k-pronajmu.jpg<\/span>\n\t\t\t\t\t\t\t\t\t\t<p><\/p>\n\t\t\t\t\t\t\t\t\t\t\t\t\t\t\t\t\t\t<a><img class=\"skip-lazy\" src=\"https:\/\/www.prazskekancelare.com\/test\/wp-content\/uploads\/2016\/11\/kancelare-na-praze-4-k-pronajmu-400x300.jpg\" alt=\"kancelare-na-praze-4-k-pronajmu\" \/><\/a>\n\t\t\t\t\t\t\t\t\t\t\t\t\t\t\t<\/li>\n\t\t\t\t\t\t\t<li>\n\t\t\t\t\t<h3 style=\"opacity:70;\">Podkrov\u00ed 3.01<\/h3>\n\t\t\t\t\t\t\t\t\t\t\t<span data-alt=\"podkrov-301\">https:\/\/www.prazskekancelare.com\/test\/wp-content\/uploads\/2016\/11\/kancelare-na-praze-4-pronajem.jpg<\/span>\n\t\t\t\t\t\t\t\t\t\t<p><\/p>\n\t\t\t\t\t\t\t\t\t\t\t\t\t\t\t\t\t\t<a><img class=\"skip-lazy\" src=\"https:\/\/www.prazskekancelare.com\/test\/wp-content\/uploads\/2016\/11\/kancelare-na-praze-4-pronajem-150x150.jpg\" alt=\"podkrov-301\" \/><\/a>\n\t\t\t\t\t\t\t\t\t\t\t\t\t\t\t<\/li>\n\t\t\t\t\t\t\t<li>\n\t\t\t\t\t<h3 style=\"opacity:70;\">kancelare-na-praze-4-ve-vile<\/h3>\n\t\t\t\t\t\t\t\t\t\t\t<span data-alt=\"kancelare-na-praze-4-ve-vile\">https:\/\/www.prazskekancelare.com\/test\/wp-content\/uploads\/2016\/11\/kancelare-na-praze-4-ve-vile.jpg<\/span>\n\t\t\t\t\t\t\t\t\t\t<p><\/p>\n\t\t\t\t\t\t\t\t\t\t\t\t\t\t\t\t\t\t<a><img class=\"skip-lazy\" src=\"https:\/\/www.prazskekancelare.com\/test\/wp-content\/uploads\/2016\/11\/kancelare-na-praze-4-ve-vile-400x300.jpg\" alt=\"kancelare-na-praze-4-ve-vile\" \/><\/a>\n\t\t\t\t\t\t\t\t\t\t\t\t\t\t\t<\/li>\n\t\t\t\t\t\t\t<li>\n\t\t\t\t\t<h3 style=\"opacity:70;\">kancelare-na-pronajem-budejovicka<\/h3>\n\t\t\t\t\t\t\t\t\t\t\t<span data-alt=\"kancelare-na-pronajem-budejovicka\">https:\/\/www.prazskekancelare.com\/test\/wp-content\/uploads\/2016\/11\/kancelare-na-pronajem-budejovicka.jpg<\/span>\n\t\t\t\t\t\t\t\t\t\t<p><\/p>\n\t\t\t\t\t\t\t\t\t\t\t\t\t\t\t\t\t\t<a><img class=\"skip-lazy\" src=\"https:\/\/www.prazskekancelare.com\/test\/wp-content\/uploads\/2016\/11\/kancelare-na-pronajem-budejovicka-400x300.jpg\" alt=\"kancelare-na-pronajem-budejovicka\" \/><\/a>\n\t\t\t\t\t\t\t\t\t\t\t\t\t\t\t<\/li>\n\t\t\t\t\t\t\t<li>\n\t\t\t\t\t<h3 style=\"opacity:70;\">Ji\u017en\u00ed pohled<\/h3>\n\t\t\t\t\t\t\t\t\t\t\t<span data-alt=\"jin-pohled\">https:\/\/www.prazskekancelare.com\/test\/wp-content\/uploads\/2016\/11\/kancelare-na-pronajem-praha-4-levne.jpg<\/span>\n\t\t\t\t\t\t\t\t\t\t<p><\/p>\n\t\t\t\t\t\t\t\t\t\t\t\t\t\t\t\t\t\t<a><img class=\"skip-lazy\" src=\"https:\/\/www.prazskekancelare.com\/test\/wp-content\/uploads\/2016\/11\/kancelare-na-pronajem-praha-4-levne-400x300.jpg\" alt=\"jin-pohled\" \/><\/a>\n\t\t\t\t\t\t\t\t\t\t\t\t\t\t\t<\/li>\n\t\t\t\t\t\t\t<li>\n\t\t\t\t\t<h3 style=\"opacity:70;\">kancelare-na-pronajem-praha-4-na-metru<\/h3>\n\t\t\t\t\t\t\t\t\t\t\t<span data-alt=\"kancelare-na-pronajem-praha-4-na-metru\">https:\/\/www.prazskekancelare.com\/test\/wp-content\/uploads\/2016\/11\/kancelare-na-pronajem-praha-4-na-metru.jpg<\/span>\n\t\t\t\t\t\t\t\t\t\t<p><\/p>\n\t\t\t\t\t\t\t\t\t\t\t\t\t\t\t\t\t\t<a><img class=\"skip-lazy\" src=\"https:\/\/www.prazskekancelare.com\/test\/wp-content\/uploads\/2016\/11\/kancelare-na-pronajem-praha-4-na-metru-400x300.jpg\" alt=\"kancelare-na-pronajem-praha-4-na-metru\" \/><\/a>\n\t\t\t\t\t\t\t\t\t\t\t\t\t\t\t<\/li>\n\t\t\t\t\t\t\t<li>\n\t\t\t\t\t<h3 style=\"opacity:70;\">Severn\u00ed vstup a parkov\u00e1n\u00ed<\/h3>\n\t\t\t\t\t\t\t\t\t\t\t<span data-alt=\"severn-vstup-a-parkovn\">https:\/\/www.prazskekancelare.com\/test\/wp-content\/uploads\/2016\/11\/kancelare-praha-4.jpg<\/span>\n\t\t\t\t\t\t\t\t\t\t<p><\/p>\n\t\t\t\t\t\t\t\t\t\t\t\t\t\t\t\t\t\t<a><img class=\"skip-lazy\" src=\"https:\/\/www.prazskekancelare.com\/test\/wp-content\/uploads\/2016\/11\/kancelare-praha-4-150x150.jpg\" alt=\"severn-vstup-a-parkovn\" \/><\/a>\n\t\t\t\t\t\t\t\t\t\t\t\t\t\t\t<\/li>\n\t\t\t\t\t\t\t<li>\n\t\t\t\t\t<h3 style=\"opacity:70;\">kancelare-budejovicka-praha-4<\/h3>\n\t\t\t\t\t\t\t\t\t\t\t<span data-alt=\"kancelare-budejovicka-praha-4\">https:\/\/www.prazskekancelare.com\/test\/wp-content\/uploads\/2016\/11\/kancelare-budejovicka-praha-4.jpg<\/span>\n\t\t\t\t\t\t\t\t\t\t<p><\/p>\n\t\t\t\t\t\t\t\t\t\t\t\t\t\t\t\t\t\t<a><img class=\"skip-lazy\" src=\"https:\/\/www.prazskekancelare.com\/test\/wp-content\/uploads\/2016\/11\/kancelare-budejovicka-praha-4-400x300.jpg\" alt=\"kancelare-budejovicka-praha-4\" \/><\/a>\n\t\t\t\t\t\t\t\t\t\t\t\t\t\t\t<\/li>\n\t\t\t\t\t\t\t<li>\n\t\t\t\t\t<h3 style=\"opacity:70;\">kancelar-na-pronajem-praha-4<\/h3>\n\t\t\t\t\t\t\t\t\t\t\t<span data-alt=\"kancelar-na-pronajem-praha-4\">https:\/\/www.prazskekancelare.com\/test\/wp-content\/uploads\/2016\/11\/kancelar-na-pronajem-praha-4.jpg<\/span>\n\t\t\t\t\t\t\t\t\t\t<p><\/p>\n\t\t\t\t\t\t\t\t\t\t\t\t\t\t\t\t\t\t<a><img class=\"skip-lazy\" src=\"https:\/\/www.prazskekancelare.com\/test\/wp-content\/uploads\/2016\/11\/kancelar-na-pronajem-praha-4-400x300.jpg\" alt=\"kancelar-na-pronajem-praha-4\" \/><\/a>\n\t\t\t\t\t\t\t\t\t\t\t\t\t\t\t<\/li>\n\t\t\t\t\t\t\t<li>\n\t\t\t\t\t<h3 style=\"opacity:70;\">Patro 2.023<\/h3>\n\t\t\t\t\t\t\t\t\t\t\t<span data-alt=\"patro-2023\">https:\/\/www.prazskekancelare.com\/test\/wp-content\/uploads\/2016\/11\/kancelar-k-pronajmu-praha-4.jpg<\/span>\n\t\t\t\t\t\t\t\t\t\t<p><\/p>\n\t\t\t\t\t\t\t\t\t\t\t\t\t\t\t\t\t\t<a><img class=\"skip-lazy\" src=\"https:\/\/www.prazskekancelare.com\/test\/wp-content\/uploads\/2016\/11\/kancelar-k-pronajmu-praha-4-400x300.jpg\" alt=\"patro-2023\" \/><\/a>\n\t\t\t\t\t\t\t\t\t\t\t\t\t\t\t<\/li>\n\t\t\t\t\t\t\t<li>\n\t\t\t\t\t<h3 style=\"opacity:70;\">V\u00fdchodn\u00ed pohled<\/h3>\n\t\t\t\t\t\t\t\t\t\t\t<span data-alt=\"vchodn-pohled\">https:\/\/www.prazskekancelare.com\/test\/wp-content\/uploads\/2016\/11\/kancelare-k-pronajmu-praha-41.jpg<\/span>\n\t\t\t\t\t\t\t\t\t\t<p><\/p>\n\t\t\t\t\t\t\t\t\t\t\t\t\t\t\t\t\t\t<a><img class=\"skip-lazy\" src=\"https:\/\/www.prazskekancelare.com\/test\/wp-content\/uploads\/2016\/11\/kancelare-k-pronajmu-praha-41-400x300.jpg\" alt=\"vchodn-pohled\" \/><\/a>\n\t\t\t\t\t\t\t\t\t\t\t\t\t\t\t<\/li>\n\t\t\t\t\t\t\t<li>\n\t\t\t\t\t<h3 style=\"opacity:70;\">P\u0159\u00edzem\u00ed 1.012<\/h3>\n\t\t\t\t\t\t\t\t\t\t\t<span data-alt=\"pzem-1012\">https:\/\/www.prazskekancelare.com\/test\/wp-content\/uploads\/2016\/11\/kancelare-k-pronajmu-na-praze-4-budejovicke.jpg<\/span>\n\t\t\t\t\t\t\t\t\t\t<p><\/p>\n\t\t\t\t\t\t\t\t\t\t\t\t\t\t\t\t\t\t<a><img class=\"skip-lazy\" src=\"https:\/\/www.prazskekancelare.com\/test\/wp-content\/uploads\/2016\/11\/kancelare-k-pronajmu-na-praze-4-budejovicke-400x300.jpg\" alt=\"pzem-1012\" \/><\/a>\n\t\t\t\t\t\t\t\t\t\t\t\t\t\t\t<\/li>\n\t\t\t\t\t\t\t<li>\n\t\t\t\t\t<h3 style=\"opacity:70;\">Podkrov\u00ed 3.01<\/h3>\n\t\t\t\t\t\t\t\t\t\t\t<span data-alt=\"podkrov-301\">https:\/\/www.prazskekancelare.com\/test\/wp-content\/uploads\/2016\/11\/vyhodny-pronajem-budejovicka-praha-4.jpg<\/span>\n\t\t\t\t\t\t\t\t\t\t<p><\/p>\n\t\t\t\t\t\t\t\t\t\t\t\t\t\t\t\t\t\t<a><img class=\"skip-lazy\" src=\"https:\/\/www.prazskekancelare.com\/test\/wp-content\/uploads\/2016\/11\/vyhodny-pronajem-budejovicka-praha-4-400x300.jpg\" alt=\"podkrov-301\" \/><\/a>\n\t\t\t\t\t\t\t\t\t\t\t\t\t\t\t<\/li>\n\t\t\t\t\t\t\t<li>\n\t\t\t\t\t<h3 style=\"opacity:70;\">vila-k-pronajmu-praha-4<\/h3>\n\t\t\t\t\t\t\t\t\t\t\t<span data-alt=\"vila-k-pronajmu-praha-4\">https:\/\/www.prazskekancelare.com\/test\/wp-content\/uploads\/2016\/11\/vila-k-pronajmu-praha-4.jpg<\/span>\n\t\t\t\t\t\t\t\t\t\t<p><\/p>\n\t\t\t\t\t\t\t\t\t\t\t\t\t\t\t\t\t\t<a><img class=\"skip-lazy\" src=\"https:\/\/www.prazskekancelare.com\/test\/wp-content\/uploads\/2016\/11\/vila-k-pronajmu-praha-4-400x300.jpg\" alt=\"vila-k-pronajmu-praha-4\" \/><\/a>\n\t\t\t\t\t\t\t\t\t\t\t\t\t\t\t<\/li>\n\t\t\t\t\t\t\t<li>\n\t\t\t\t\t<h3 style=\"opacity:70;\">Z\u00e1padn\u00ed pohled<\/h3>\n\t\t\t\t\t\t\t\t\t\t\t<span data-alt=\"zpadn-pohled\">https:\/\/www.prazskekancelare.com\/test\/wp-content\/uploads\/2016\/11\/pronajem-vily-praha-4.jpg<\/span>\n\t\t\t\t\t\t\t\t\t\t<p><\/p>\n\t\t\t\t\t\t\t\t\t\t\t\t\t\t\t\t\t\t<a><img class=\"skip-lazy\" src=\"https:\/\/www.prazskekancelare.com\/test\/wp-content\/uploads\/2016\/11\/pronajem-vily-praha-4-400x300.jpg\" alt=\"zpadn-pohled\" \/><\/a>\n\t\t\t\t\t\t\t\t\t\t\t\t\t\t\t<\/li>\n\t\t\t\t\t\t\t<li>\n\t\t\t\t\t<h3 style=\"opacity:70;\">Ji\u017en\u00ed pohled<\/h3>\n\t\t\t\t\t\t\t\t\t\t\t<span data-alt=\"jin-pohled\">https:\/\/www.prazskekancelare.com\/test\/wp-content\/uploads\/2016\/11\/pronajem-kancelari-praha-41.jpg<\/span>\n\t\t\t\t\t\t\t\t\t\t<p><\/p>\n\t\t\t\t\t\t\t\t\t\t\t\t\t\t\t\t\t\t<a><img class=\"skip-lazy\" src=\"https:\/\/www.prazskekancelare.com\/test\/wp-content\/uploads\/2016\/11\/pronajem-kancelari-praha-41-400x300.jpg\" alt=\"jin-pohled\" \/><\/a>\n\t\t\t\t\t\t\t\t\t\t\t\t\t\t\t<\/li>\n\t\t\t\t\t\t\t<li>\n\t\t\t\t\t<h3 style=\"opacity:70;\">Patro 2.012<\/h3>\n\t\t\t\t\t\t\t\t\t\t\t<span data-alt=\"patro-2012\">https:\/\/www.prazskekancelare.com\/test\/wp-content\/uploads\/2016\/11\/pronajem-kancelari-praha-4-budejovicka.jpg<\/span>\n\t\t\t\t\t\t\t\t\t\t<p><\/p>\n\t\t\t\t\t\t\t\t\t\t\t\t\t\t\t\t\t\t<a><img class=\"skip-lazy\" src=\"https:\/\/www.prazskekancelare.com\/test\/wp-content\/uploads\/2016\/11\/pronajem-kancelari-praha-4-budejovicka-150x150.jpg\" alt=\"patro-2012\" \/><\/a>\n\t\t\t\t\t\t\t\t\t\t\t\t\t\t\t<\/li>\n\t\t\t\t\t\t\t<li>\n\t\t\t\t\t<h3 style=\"opacity:70;\">Koupelna 1.06<\/h3>\n\t\t\t\t\t\t\t\t\t\t\t<span data-alt=\"koupelna-106\">https:\/\/www.prazskekancelare.com\/test\/wp-content\/uploads\/2016\/11\/pronajem-kancelari-na-praze-4.jpg<\/span>\n\t\t\t\t\t\t\t\t\t\t<p><\/p>\n\t\t\t\t\t\t\t\t\t\t\t\t\t\t\t\t\t\t<a><img class=\"skip-lazy\" src=\"https:\/\/www.prazskekancelare.com\/test\/wp-content\/uploads\/2016\/11\/pronajem-kancelari-na-praze-4-150x150.jpg\" alt=\"koupelna-106\" \/><\/a>\n\t\t\t\t\t\t\t\t\t\t\t\t\t\t\t<\/li>\n\t\t\t\t\t\t\t<li>\n\t\t\t\t\t<h3 style=\"opacity:70;\">Vstup<\/h3>\n\t\t\t\t\t\t\t\t\t\t\t<span data-alt=\"vstup\">https:\/\/www.prazskekancelare.com\/test\/wp-content\/uploads\/2016\/11\/pronajem-kancelare-praha-41.jpg<\/span>\n\t\t\t\t\t\t\t\t\t\t<p><\/p>\n\t\t\t\t\t\t\t\t\t\t\t\t\t\t\t\t\t\t<a><img class=\"skip-lazy\" src=\"https:\/\/www.prazskekancelare.com\/test\/wp-content\/uploads\/2016\/11\/pronajem-kancelare-praha-41-150x150.jpg\" alt=\"vstup\" \/><\/a>\n\t\t\t\t\t\t\t\t\t\t\t\t\t\t\t<\/li>\n\t\t\t\t\t\t\t<li>\n\t\t\t\t\t<h3 style=\"opacity:70;\">Atelii\u00e9r suter\u00e9n 0.02<\/h3>\n\t\t\t\t\t\t\t\t\t\t\t<span data-alt=\"ateliir-sutern-002\">https:\/\/www.prazskekancelare.com\/test\/wp-content\/uploads\/2016\/11\/levne-kancelare-praha-4.jpg<\/span>\n\t\t\t\t\t\t\t\t\t\t<p><\/p>\n\t\t\t\t\t\t\t\t\t\t\t\t\t\t\t\t\t\t<a><img class=\"skip-lazy\" src=\"https:\/\/www.prazskekancelare.com\/test\/wp-content\/uploads\/2016\/11\/levne-kancelare-praha-4-400x300.jpg\" alt=\"ateliir-sutern-002\" \/><\/a>\n\t\t\t\t\t\t\t\t\t\t\t\t\t\t\t<\/li>\n\t\t\t\t\t\t\t<li>\n\t\t\t\t\t<h3 style=\"opacity:70;\">Dvojit\u00e1 gar\u00e1\u017e, vjezd a parkov\u00e1n\u00ed<\/h3>\n\t\t\t\t\t\t\t\t\t\t\t<span data-alt=\"dvojit-gar-vjezd-a-parkovn\">https:\/\/www.prazskekancelare.com\/test\/wp-content\/uploads\/2016\/11\/kancelare-viladum-praha-4.jpg<\/span>\n\t\t\t\t\t\t\t\t\t\t<p><\/p>\n\t\t\t\t\t\t\t\t\t\t\t\t\t\t\t\t\t\t<a><img class=\"skip-lazy\" src=\"https:\/\/www.prazskekancelare.com\/test\/wp-content\/uploads\/2016\/11\/kancelare-viladum-praha-4-400x300.jpg\" alt=\"dvojit-gar-vjezd-a-parkovn\" \/><\/a>\n\t\t\t\t\t\t\t\t\t\t\t\t\t\t\t<\/li>\n\t\t\t\t\t\t\t<li>\n\t\t\t\t\t<h3 style=\"opacity:70;\">P\u0159\u00edzem\u00ed 1.021<\/h3>\n\t\t\t\t\t\t\t\t\t\t\t<span data-alt=\"pzem-1021\">https:\/\/www.prazskekancelare.com\/test\/wp-content\/uploads\/2016\/11\/kancelare-budejovicka.jpg<\/span>\n\t\t\t\t\t\t\t\t\t\t<p><\/p>\n\t\t\t\t\t\t\t\t\t\t\t\t\t\t\t\t\t\t<a><img class=\"skip-lazy\" src=\"https:\/\/www.prazskekancelare.com\/test\/wp-content\/uploads\/2016\/11\/kancelare-budejovicka-400x300.jpg\" alt=\"pzem-1021\" \/><\/a>\n\t\t\t\t\t\t\t\t\t\t\t\t\t\t\t<\/li>\n\t\t\t\t\t\t\t<li>\n\t\t\t\t\t<h3 style=\"opacity:70;\">Patro 2.012<\/h3>\n\t\t\t\t\t\t\t\t\t\t\t<span data-alt=\"patro-2012\">https:\/\/www.prazskekancelare.com\/test\/wp-content\/uploads\/2016\/11\/budejovicka-kancelarelare-praha-4.jpg<\/span>\n\t\t\t\t\t\t\t\t\t\t<p><\/p>\n\t\t\t\t\t\t\t\t\t\t\t\t\t\t\t\t\t\t<a><img class=\"skip-lazy\" src=\"https:\/\/www.prazskekancelare.com\/test\/wp-content\/uploads\/2016\/11\/budejovicka-kancelarelare-praha-4-400x300.jpg\" alt=\"patro-2012\" \/><\/a>\n\t\t\t\t\t\t\t\t\t\t\t\t\t\t\t<\/li>\n\t\t\t\t\t\t<\/ul>\n\n\t\t<div id=\"slideshow-wrappergallery65974\" class=\"slideshow-wrapper\" style=\"--slideshow-width:2844px\">\n\t\t\n\t\t<div class=\"slideshow-fullsize\" id=\"fullsizegallery65974\">\n\t\t\t\t\t\t\t\t\t\t\t\t\t\t<div id=\"imgprevgallery65974\" class=\"slideshow-imgprev imgnav\" title=\"Previous Image\">Previous Image<\/div>\n\t\t\t\t\t\t<a id=\"imglinkgallery65974\" class=\"slideshow-imglink imglink\">\n\t\t\t\t<!-- link -->\n\t\t\t<\/a>\n\t\t\t\t\t\t\t\t\t\t\t<div id=\"imgnextgallery65974\" class=\"slideshow-imgnext imgnav\" title=\"Next Image\">Next Image<\/div>\n\t\t\t\t\t\t<div id=\"imagegallery65974\" class=\"slideshow-image\"><\/div>\n\t\t\t<div class=\"slideshow-information infobottom\" id=\"informationgallery65974\">\n\t\t\t\t<h3 class=\"slideshow-info-heading\">info heading<\/h3>\n\t\t\t\t<p class=\"slideshow-info-content\">info content<\/p>\n\t\t\t<\/div>\n\t\t<\/div>\n\n\t\t\t\t\t<div id=\"thumbnailsgallery65974\" class=\"slideshow-thumbnails thumbsbot\">\n\t\t\t\t<div class=\"slideshow-slideleft\" id=\"slideleftgallery65974\" title=\"Slide Left\"><\/div>\n\t\t\t\t<div class=\"slideshow-slidearea\" id=\"slideareagallery65974\">\n\t\t\t\t\t<div class=\"slideshow-slider\" id=\"slidergallery65974\"><\/div>\n\t\t\t\t<\/div>\n\t\t\t\t<div class=\"slideshow-slideright\" id=\"sliderightgallery65974\" title=\"Slide Right\"><\/div>\n\t\t\t\t<br style=\"clear:both; visibility:hidden; height:1px;\" \/>\n\t\t\t<\/div>\n\t\t\t<\/div>\n\n\t<br \/>\nP\u0159edstavujeme<strong> pron\u00e1jem vilov\u00fdch kancel\u00e1\u0159\u00ed Praha 4 Michle<\/strong> <strong>&#8211; Ka\u010derov<\/strong> \u2705 v samostatn\u011b stoj\u00edc\u00edm zd\u011bn\u00e9m objektu p\u016fvodn\u011b z roku 1938. Kompletn\u00ed rekonstrukce kancel\u00e1\u0159\u00ed v\u010detn\u011b s\u00edt\u00ed a povrch\u016f provedena v r. 2003. Energetick\u00e1 n\u00e1ro\u010dnost kancel\u00e1\u0159sk\u00e9 budovy k pron\u00e1jmu je v kategorii E &#8211; viz \u0161t\u00edtek budovy. Objekt po domluv\u011b p\u0159ipraven k nast\u011bhov\u00e1n\u00ed.<\/p>\n<h2>Pron\u00e1jem kancel\u00e1\u0159\u00ed Praha 4 Michle &#8211; ve vile<\/h2>\n<p>Kancel\u00e1\u0159e k pron\u00e1jmu Praha 4 Ka\u010derov se nach\u00e1z\u00ed v klidn\u00e9 a tich\u00e9 lokalit\u011b, ve vilov\u00e9 \u010dtvrti, mezi obdobn\u00fdmi objekty. D\u016fm se nach\u00e1z\u00ed na zahrad\u011b cca. 700m2 &#8211; zastav\u011bn\u00e1 plocha 224m2. Jihoz\u00e1padn\u00ed orientace v klidn\u00e9 ulici, viz situace.<br \/>\nKancel\u00e1\u0159sk\u00e1 budova k pron\u00e1jmu se skl\u00e1d\u00e1 ze suter\u00e9nu a 4 nadzemn\u00edch podla\u017e\u00ed.<br \/>\nCel\u00e1 vila k pron\u00e1jmu je kompletn\u011b zas\u00ed\u0165ov\u00e1n datovou s\u00edt\u00ed Cat.5. v\u010detn\u011b komunika\u010dn\u00edch s\u00edt\u00ed pro cca 27 telefonn\u00edch linek. Propojovac\u00ed sk\u0159\u00ed\u0148 a pobo\u010dkov\u00e1 telefonn\u00ed \u00fast\u0159edna je um\u00edst\u011bna v 1. pat\u0159e. Napojen\u00ed na internet lze realizovat vzduchem ze sto\u017e\u00e1ru um\u00edst\u011bn\u00e9ho na horn\u00ed terase objektu. Napojen\u00ed pevn\u00fdch linek vy\u017eaduje pouze uzav\u0159en\u00ed smlouvy s p\u0159\u00edslu\u0161n\u00fdm poskytovatelem.<br \/>\nKancel\u00e1\u0159sk\u00fd d\u016fm je vybaven elektronick\u00fdm zabezpe\u010dovac\u00edm za\u0159\u00edzen\u00edm s mo\u017enost\u00ed napojen\u00edm na pult centr\u00e1ln\u00ed ochrany.<\/p>\n<h2>Kancel\u00e1\u0159e k pron\u00e1jmu Praha 4 Michle &#8211; d\u016fm \/ budova<\/h2>\n<p>Pod \u010d\u00e1st\u00ed domu a zahrady je gar\u00e1\u017e, p\u016fvodn\u011b ur\u010den\u00e1 pro 4 vozidla. V sou\u010dasnosti je gar\u00e1\u017e rozd\u011blena s vy\u010dlen\u011bn\u00fdm st\u00e1n\u00edm pro 2 osobn\u00ed vozy a \u010d\u00e1st je upravena jako p\u0159\u00edru\u010dn\u00ed sklad, arch\u00edv p\u00edsemnost\u00ed a podobn\u011b. Vjezdov\u00e1 vrata do gar\u00e1\u017ee zaji\u0161\u0165uje elektrick\u00fd pohon, v\u010detn\u011b d\u00e1lkov\u00e9ho ovl\u00e1d\u00e1n\u00ed.<br \/>\nNa dvo\u0159e je pohodln\u00e9 parkov\u00e1n\u00ed pro 4-5 osobn\u00edch voz\u016f, v\u010detn\u011b dod\u00e1vky do 3,5 tuny.<br \/>\nBr\u00e1na do dvora takt\u00e9\u017e na d\u00e1lkov\u00e9 ovl\u00e1d\u00e1n\u00ed s el. pohonem, vstupn\u00ed branka opat\u0159ena el. vr\u00e1tn\u00fdm s kamerov\u00fdm syst\u00e9mem.<br \/>\nSpojen\u00ed individu\u00e1ln\u00ed dopravou autem na D1 sm\u011br Brno, d\u00e1le na Ji\u017en\u00ed spojku, Pra\u017esk\u00fd okruh pro sm\u011br na Plze\u0148, Karlovy Vary, Most, Teplice, Liberec nebo Hradec Kr\u00e1lov\u00e9. N\u011bkolik r\u016fzn\u00fdch cest automobilem sm\u011brem do centra.<\/p>\n<h2>Cena a podm\u00ednky pron\u00e1jmu kancel\u00e1\u0159\u00ed\u00a0Praha 4 Michle<\/h2>\n<p>&#8211; Celkov\u00e1 plocha 624 m2.<br \/>\n&#8211; Cena celkem 138 000 K\u010d za m\u011bs\u00edc + poplatky.<br \/>\n&#8211; K cen\u011b se p\u0159ipo\u010d\u00edt\u00e1v\u00e1 DPH.<br \/>\n&#8211; Odpov\u00edd\u00e1 cen\u011b cca 220 K\u010d\/m2 za m\u011bs\u00edc.<br \/>\n&#8211; M\u011bs\u00ed\u010dn\u00ed kauce jedno n\u00e1jemn\u00e9 p\u0159i podpisu smlouvy.<br \/>\n&#8211; \u010ctvrtletn\u00ed platby n\u00e1jemn\u00e9ho p\u0159edem na z\u00e1klad\u011b spl\u00e1tkov\u00e9ho kalend\u00e1\u0159e.<\/p>\n<h2>Provize za zprost\u0159edkov\u00e1n\u00ed pron\u00e1jmu kancel\u00e1\u0159\u00ed Praha 4 Ka\u010derov<\/h2>\n<p>Ve\u0161ker\u00e9 slu\u017eby na\u0161\u00ed spole\u010dnosti a jej\u00edch makl\u00e9\u0159\u016f jsou bez provize.<\/p>\n<h2>Jak poptat kancel\u00e1\u0159 ve vile na Praze 4 Michli?<\/h2>\n<p>Pro zasl\u00e1n\u00ed kompletn\u00ed nab\u00eddky s aktu\u00e1ln\u011b dostupn\u00fdmi kancel\u00e1\u0159emi k pron\u00e1jmu Praha 4 na Ka\u010derov\u011b n\u00e1s pros\u00edm nev\u00e1hejte kdykoli kontaktovat.<\/p>\n<p>Rychl\u00fd popt\u00e1vkov\u00fd formul\u00e1\u0159 najdete na konci textu\u00a0a makl\u00e9\u0159e zodpov\u011bdn\u00e9ho za nemovitosti v prav\u00e9m sloupci.<br \/>\ne-mail:\u00a0<strong><a href=\"mailto:info@prazskekancelare.cz\">info@prazskekancelare.com<\/a><\/strong>\u00a0\/\u00a0telefon: <strong><span style=\"color: #ff0000;\">+420 773 295 925, +420 723 984 360<\/span><\/strong><\/p>\n<h2>v\u00edce informac\u00ed o vile na Praze 4:<\/h2>\n","protected":false},"author":1,"featured_media":1810,"comment_status":"closed","ping_status":"closed","template":"","yoast_head":"<!-- This site is optimized with the Yoast SEO plugin v16.4 - https:\/\/yoast.com\/wordpress\/plugins\/seo\/ -->\n<title>MICHLE &amp; KA\u010cEROV kancel\u00e1\u0159e Praha 4 ????| 400 KANCEL\u00c1\u0158\u00cd<\/title>\n<meta name=\"description\" content=\"Popt\u00e1vejte kancel\u00e1\u0159e ve vile Michle a Ka\u010derov Praha 4 \u2705| 400 x kancel\u00e1\u0159e v soukrom\u00e9m dom\u011b Praha 4 \u2705| Nab\u00eddky kancel\u00e1\u0159\u00ed na m\u00edru do 30 min | Provize 0%.\" \/>\n<meta name=\"robots\" content=\"noindex, follow, max-snippet:-1, max-image-preview:large, max-video-preview:-1\" \/>\n<meta property=\"og:locale\" content=\"cs_CZ\" \/>\n<meta property=\"og:type\" content=\"article\" \/>\n<meta property=\"og:title\" content=\"MICHLE &amp; KA\u010cEROV kancel\u00e1\u0159e Praha 4 ????| 400 KANCEL\u00c1\u0158\u00cd\" \/>\n<meta property=\"og:description\" content=\"Popt\u00e1vejte kancel\u00e1\u0159e ve vile Michle a Ka\u010derov Praha 4 \u2705| 400 x kancel\u00e1\u0159e v soukrom\u00e9m dom\u011b Praha 4 \u2705| Nab\u00eddky kancel\u00e1\u0159\u00ed na m\u00edru do 30 min | Provize 0%.\" \/>\n<meta property=\"og:url\" content=\"https:\/\/www.prazskekancelare.com\/test\/kancelare-k-pronajmu\/pronajem-kancelari-michle-praha-4\/\" \/>\n<meta property=\"og:site_name\" content=\"TEST - Pron\u00e1jem kancel\u00e1\u0159e Praha\" \/>\n<meta property=\"article:modified_time\" content=\"2020-02-28T12:37:02+00:00\" \/>\n<meta property=\"og:image\" content=\"https:\/\/www.prazskekancelare.com\/test\/wp-content\/uploads\/2016\/11\/pronajem-kancelari-praha-41.jpg\" \/>\n\t<meta property=\"og:image:width\" content=\"600\" \/>\n\t<meta property=\"og:image:height\" content=\"436\" \/>\n<meta name=\"twitter:card\" content=\"summary\" \/>\n<meta name=\"twitter:label1\" content=\"Odhadovan\u00e1 doba \u010dten\u00ed\" \/>\n\t<meta name=\"twitter:data1\" content=\"3 minuty\" \/>\n<script type=\"application\/ld+json\" class=\"yoast-schema-graph\">{\"@context\":\"https:\/\/schema.org\",\"@graph\":[{\"@type\":\"Organization\",\"@id\":\"https:\/\/www.prazskekancelare.com\/test\/#organization\",\"name\":\"Pron\\u00e1jem kancel\\u00e1\\u0159e Praha\",\"url\":\"https:\/\/www.prazskekancelare.com\/test\/\",\"sameAs\":[],\"logo\":{\"@type\":\"ImageObject\",\"@id\":\"https:\/\/www.prazskekancelare.com\/test\/#logo\",\"inLanguage\":\"cs\",\"url\":\"https:\/\/www.prazskekancelare.com\/test\/wp-content\/uploads\/2018\/05\/prazske-kancelare-com-logo.png\",\"contentUrl\":\"https:\/\/www.prazskekancelare.com\/test\/wp-content\/uploads\/2018\/05\/prazske-kancelare-com-logo.png\",\"width\":242,\"height\":59,\"caption\":\"Pron\\u00e1jem kancel\\u00e1\\u0159e Praha\"},\"image\":{\"@id\":\"https:\/\/www.prazskekancelare.com\/test\/#logo\"}},{\"@type\":\"WebSite\",\"@id\":\"https:\/\/www.prazskekancelare.com\/test\/#website\",\"url\":\"https:\/\/www.prazskekancelare.com\/test\/\",\"name\":\"TEST - Pron\\u00e1jem kancel\\u00e1\\u0159e Praha\",\"description\":\"Pron\\u00e1jem kancel\\u00e1\\u0159e Praha a Kancelare Praha\",\"publisher\":{\"@id\":\"https:\/\/www.prazskekancelare.com\/test\/#organization\"},\"potentialAction\":[{\"@type\":\"SearchAction\",\"target\":\"https:\/\/www.prazskekancelare.com\/test\/?s={search_term_string}\",\"query-input\":\"required name=search_term_string\"}],\"inLanguage\":\"cs\"},{\"@type\":\"ImageObject\",\"@id\":\"https:\/\/www.prazskekancelare.com\/test\/kancelare-k-pronajmu\/pronajem-kancelari-michle-praha-4\/#primaryimage\",\"inLanguage\":\"cs\",\"url\":\"https:\/\/www.prazskekancelare.com\/test\/wp-content\/uploads\/2016\/11\/pronajem-kancelari-praha-41.jpg\",\"contentUrl\":\"https:\/\/www.prazskekancelare.com\/test\/wp-content\/uploads\/2016\/11\/pronajem-kancelari-praha-41.jpg\",\"width\":600,\"height\":436,\"caption\":\"kancel\\u00e1\\u0159e ve vile Praha 4\"},{\"@type\":\"WebPage\",\"@id\":\"https:\/\/www.prazskekancelare.com\/test\/kancelare-k-pronajmu\/pronajem-kancelari-michle-praha-4\/#webpage\",\"url\":\"https:\/\/www.prazskekancelare.com\/test\/kancelare-k-pronajmu\/pronajem-kancelari-michle-praha-4\/\",\"name\":\"MICHLE & KA\\u010cEROV kancel\\u00e1\\u0159e Praha 4 ????| 400 KANCEL\\u00c1\\u0158\\u00cd\",\"isPartOf\":{\"@id\":\"https:\/\/www.prazskekancelare.com\/test\/#website\"},\"primaryImageOfPage\":{\"@id\":\"https:\/\/www.prazskekancelare.com\/test\/kancelare-k-pronajmu\/pronajem-kancelari-michle-praha-4\/#primaryimage\"},\"datePublished\":\"2016-11-18T11:23:19+00:00\",\"dateModified\":\"2020-02-28T12:37:02+00:00\",\"description\":\"Popt\\u00e1vejte kancel\\u00e1\\u0159e ve vile Michle a Ka\\u010derov Praha 4 \\u2705| 400 x kancel\\u00e1\\u0159e v soukrom\\u00e9m dom\\u011b Praha 4 \\u2705| Nab\\u00eddky kancel\\u00e1\\u0159\\u00ed na m\\u00edru do 30 min | Provize 0%.\",\"breadcrumb\":{\"@id\":\"https:\/\/www.prazskekancelare.com\/test\/kancelare-k-pronajmu\/pronajem-kancelari-michle-praha-4\/#breadcrumb\"},\"inLanguage\":\"cs\",\"potentialAction\":[{\"@type\":\"ReadAction\",\"target\":[\"https:\/\/www.prazskekancelare.com\/test\/kancelare-k-pronajmu\/pronajem-kancelari-michle-praha-4\/\"]}]},{\"@type\":\"BreadcrumbList\",\"@id\":\"https:\/\/www.prazskekancelare.com\/test\/kancelare-k-pronajmu\/pronajem-kancelari-michle-praha-4\/#breadcrumb\",\"itemListElement\":[{\"@type\":\"ListItem\",\"position\":1,\"item\":{\"@type\":\"WebPage\",\"@id\":\"https:\/\/www.prazskekancelare.com\/test\/\",\"url\":\"https:\/\/www.prazskekancelare.com\/test\/\",\"name\":\"Dom\\u016f\"}},{\"@type\":\"ListItem\",\"position\":2,\"item\":{\"@type\":\"WebPage\",\"@id\":\"https:\/\/www.prazskekancelare.com\/test\/kancelare-k-pronajmu\/\",\"url\":\"https:\/\/www.prazskekancelare.com\/test\/kancelare-k-pronajmu\/\",\"name\":\"Properties\"}},{\"@type\":\"ListItem\",\"position\":3,\"item\":{\"@id\":\"https:\/\/www.prazskekancelare.com\/test\/kancelare-k-pronajmu\/pronajem-kancelari-michle-praha-4\/#webpage\"}}]}]}<\/script>\n<!-- \/ Yoast SEO plugin. -->","cmb2":{"property_general":{"property_id":"ANO","property_year_built":"","property_address":"Na Z\u00e1honech 27,\r\n140 00 Praha 4\r\n","property_zip":"","property_contract":"","property_gallery":"","property_plans":"","property_video":"","property_parent_property":""},"property_flags":{"property_featured":"","property_sticky":"","property_reduced":"","property_sold":""},"property_contact":{"property_contact_name":"","property_contact_phone":""},"property_pricing":{"property_price":"220","property_price_prefix":"od","property_price_suffix":"K\u010d\/m2","property_price_custom":""},"property_attributes":{"property_rooms":"NE","property_beds":"3","property_baths":"NE","property_garages":"NE \/ \u010d\u00e1ste\u010dn\u011b","property_home_area":"","property_lot_dimensions":"","property_lot_area":"30 m2 - 700 m2"},"property_valuation":{"property_valuation_group":""},"property_public_facilities":{"property_public_facilities_group":""},"property_map_location":{"property_map_location":{"latitude":"50.0466038","longitude":"14.464546299999938"}},"property_relations":{"property_agents":["260"]}},"_links":{"self":[{"href":"https:\/\/www.prazskekancelare.com\/test\/wp-json\/wp\/v2\/property\/1815"}],"collection":[{"href":"https:\/\/www.prazskekancelare.com\/test\/wp-json\/wp\/v2\/property"}],"about":[{"href":"https:\/\/www.prazskekancelare.com\/test\/wp-json\/wp\/v2\/types\/property"}],"author":[{"embeddable":true,"href":"https:\/\/www.prazskekancelare.com\/test\/wp-json\/wp\/v2\/users\/1"}],"replies":[{"embeddable":true,"href":"https:\/\/www.prazskekancelare.com\/test\/wp-json\/wp\/v2\/comments?post=1815"}],"wp:featuredmedia":[{"embeddable":true,"href":"https:\/\/www.prazskekancelare.com\/test\/wp-json\/wp\/v2\/media\/1810"}],"wp:attachment":[{"href":"https:\/\/www.prazskekancelare.com\/test\/wp-json\/wp\/v2\/media?parent=1815"}],"curies":[{"name":"wp","href":"https:\/\/api.w.org\/{rel}","templated":true}]}}