{"id":1780,"date":"2016-11-14T19:04:39","date_gmt":"2016-11-14T18:04:39","guid":{"rendered":"https:\/\/www.prazskekancelare.com\/test\/?post_type=property&#038;p=1780"},"modified":"2019-09-28T11:51:32","modified_gmt":"2019-09-28T09:51:32","slug":"pronajem-skladu-a-hal-uhrineves-praha","status":"publish","type":"property","link":"https:\/\/www.prazskekancelare.com\/test\/kancelare-k-pronajmu\/pronajem-skladu-a-hal-uhrineves-praha\/","title":{"rendered":"Sklady UH\u0158\u00cdN\u011aVES Praha 10 <span style=\"color: #ff0000;\">nejv\u011bt\u0161\u00ed nab\u00eddka<\/span>"},"content":{"rendered":"<p>\n\t<ul id=\"slideshowgallery63317\" class=\"slideshowgallery63317\" style=\"display:none;\">\n\t\t\t\t\t<!-- From all slides or gallery slides -->\n\t\t\t\t\t\t\t<li>\n\t\t\t\t\t<h3 style=\"opacity:70;\">pronajem-haly-uhrineves<\/h3>\n\t\t\t\t\t\t\t\t\t\t\t<span data-alt=\"pronajem-haly-uhrineves\">https:\/\/www.prazskekancelare.com\/test\/wp-content\/uploads\/2016\/11\/pronajem-haly-uhrineves.jpg<\/span>\n\t\t\t\t\t\t\t\t\t\t<p><\/p>\n\t\t\t\t\t\t\t\t\t\t\t\t\t\t\t\t\t\t<a><img class=\"skip-lazy\" src=\"https:\/\/www.prazskekancelare.com\/test\/wp-content\/uploads\/2016\/11\/pronajem-haly-uhrineves-400x300.jpg\" alt=\"pronajem-haly-uhrineves\" \/><\/a>\n\t\t\t\t\t\t\t\t\t\t\t\t\t\t\t<\/li>\n\t\t\t\t\t\t\t<li>\n\t\t\t\t\t<h3 style=\"opacity:70;\">pronajem-kancelare-uhrineves<\/h3>\n\t\t\t\t\t\t\t\t\t\t\t<span data-alt=\"pronajem-kancelare-uhrineves\">https:\/\/www.prazskekancelare.com\/test\/wp-content\/uploads\/2016\/11\/pronajem-kancelare-uhrineves.jpg<\/span>\n\t\t\t\t\t\t\t\t\t\t<p><\/p>\n\t\t\t\t\t\t\t\t\t\t\t\t\t\t\t\t\t\t<a><img class=\"skip-lazy\" src=\"https:\/\/www.prazskekancelare.com\/test\/wp-content\/uploads\/2016\/11\/pronajem-kancelare-uhrineves-400x300.jpg\" alt=\"pronajem-kancelare-uhrineves\" \/><\/a>\n\t\t\t\t\t\t\t\t\t\t\t\t\t\t\t<\/li>\n\t\t\t\t\t\t\t<li>\n\t\t\t\t\t<h3 style=\"opacity:70;\">pronajem-haly-mecholupy<\/h3>\n\t\t\t\t\t\t\t\t\t\t\t<span data-alt=\"pronajem-haly-mecholupy\">https:\/\/www.prazskekancelare.com\/test\/wp-content\/uploads\/2016\/11\/pronajem-haly-mecholupy.jpg<\/span>\n\t\t\t\t\t\t\t\t\t\t<p><\/p>\n\t\t\t\t\t\t\t\t\t\t\t\t\t\t\t\t\t\t<a><img class=\"skip-lazy\" src=\"https:\/\/www.prazskekancelare.com\/test\/wp-content\/uploads\/2016\/11\/pronajem-haly-mecholupy-300x229.jpg\" alt=\"pronajem-haly-mecholupy\" \/><\/a>\n\t\t\t\t\t\t\t\t\t\t\t\t\t\t\t<\/li>\n\t\t\t\t\t\t\t<li>\n\t\t\t\t\t<h3 style=\"opacity:70;\">kancelare-uhrineves<\/h3>\n\t\t\t\t\t\t\t\t\t\t\t<span data-alt=\"kancelare-uhrineves\">https:\/\/www.prazskekancelare.com\/test\/wp-content\/uploads\/2016\/11\/kancelare-uhrineves.jpg<\/span>\n\t\t\t\t\t\t\t\t\t\t<p><\/p>\n\t\t\t\t\t\t\t\t\t\t\t\t\t\t\t\t\t\t<a><img class=\"skip-lazy\" src=\"https:\/\/www.prazskekancelare.com\/test\/wp-content\/uploads\/2016\/11\/kancelare-uhrineves-300x224.jpg\" alt=\"kancelare-uhrineves\" \/><\/a>\n\t\t\t\t\t\t\t\t\t\t\t\t\t\t\t<\/li>\n\t\t\t\t\t\t\t<li>\n\t\t\t\t\t<h3 style=\"opacity:70;\">kancelare-mecholupy<\/h3>\n\t\t\t\t\t\t\t\t\t\t\t<span data-alt=\"kancelare-mecholupy\">https:\/\/www.prazskekancelare.com\/test\/wp-content\/uploads\/2016\/11\/kancelare-mecholupy.jpg<\/span>\n\t\t\t\t\t\t\t\t\t\t<p><\/p>\n\t\t\t\t\t\t\t\t\t\t\t\t\t\t\t\t\t\t<a><img class=\"skip-lazy\" src=\"https:\/\/www.prazskekancelare.com\/test\/wp-content\/uploads\/2016\/11\/kancelare-mecholupy-400x300.jpg\" alt=\"kancelare-mecholupy\" \/><\/a>\n\t\t\t\t\t\t\t\t\t\t\t\t\t\t\t<\/li>\n\t\t\t\t\t\t\t<li>\n\t\t\t\t\t<h3 style=\"opacity:70;\">kancelare-k-pronajmu-dolni-mecholupy<\/h3>\n\t\t\t\t\t\t\t\t\t\t\t<span data-alt=\"kancelare-k-pronajmu-dolni-mecholupy\">https:\/\/www.prazskekancelare.com\/test\/wp-content\/uploads\/2016\/11\/kancelare-k-pronajmu-dolni-mecholupy.jpg<\/span>\n\t\t\t\t\t\t\t\t\t\t<p><\/p>\n\t\t\t\t\t\t\t\t\t\t\t\t\t\t\t\t\t\t<a><img class=\"skip-lazy\" src=\"https:\/\/www.prazskekancelare.com\/test\/wp-content\/uploads\/2016\/11\/kancelare-k-pronajmu-dolni-mecholupy-400x300.jpg\" alt=\"kancelare-k-pronajmu-dolni-mecholupy\" \/><\/a>\n\t\t\t\t\t\t\t\t\t\t\t\t\t\t\t<\/li>\n\t\t\t\t\t\t<\/ul>\n\n\t\t<div id=\"slideshow-wrappergallery63317\" class=\"slideshow-wrapper\" style=\"--slideshow-width:756px\">\n\t\t\n\t\t<div class=\"slideshow-fullsize\" id=\"fullsizegallery63317\">\n\t\t\t\t\t\t\t\t\t\t\t\t\t\t<div id=\"imgprevgallery63317\" class=\"slideshow-imgprev imgnav\" title=\"Previous Image\">Previous Image<\/div>\n\t\t\t\t\t\t<a id=\"imglinkgallery63317\" class=\"slideshow-imglink imglink\">\n\t\t\t\t<!-- link -->\n\t\t\t<\/a>\n\t\t\t\t\t\t\t\t\t\t\t<div id=\"imgnextgallery63317\" class=\"slideshow-imgnext imgnav\" title=\"Next Image\">Next Image<\/div>\n\t\t\t\t\t\t<div id=\"imagegallery63317\" class=\"slideshow-image\"><\/div>\n\t\t\t<div class=\"slideshow-information infobottom\" id=\"informationgallery63317\">\n\t\t\t\t<h3 class=\"slideshow-info-heading\">info heading<\/h3>\n\t\t\t\t<p class=\"slideshow-info-content\">info content<\/p>\n\t\t\t<\/div>\n\t\t<\/div>\n\n\t\t\t\t\t<div id=\"thumbnailsgallery63317\" class=\"slideshow-thumbnails thumbsbot\">\n\t\t\t\t<div class=\"slideshow-slideleft\" id=\"slideleftgallery63317\" title=\"Slide Left\"><\/div>\n\t\t\t\t<div class=\"slideshow-slidearea\" id=\"slideareagallery63317\">\n\t\t\t\t\t<div class=\"slideshow-slider\" id=\"slidergallery63317\"><\/div>\n\t\t\t\t<\/div>\n\t\t\t\t<div class=\"slideshow-slideright\" id=\"sliderightgallery63317\" title=\"Slide Right\"><\/div>\n\t\t\t\t<br style=\"clear:both; visibility:hidden; height:1px;\" \/>\n\t\t\t<\/div>\n\t\t\t<\/div>\n\n\t<br \/>\n<span style=\"color: #ff0000;\">Nab\u00edz\u00edme <strong>500 sklad\u016f k pron\u00e1jmu v cel\u00e9 Praze<\/strong>. Popt\u00e1vejte BEZ provize nab\u00eddku na m\u00edru do 30 minut <a href=\"\/poptavka-po-kancelarich-k-pronajmu\/\" target=\"_blank\"><span style=\"text-decoration: underline;\"><span style=\"color: #0000ff; text-decoration: underline;\"><strong>ZDE &gt;&gt;<\/strong><\/span><\/span><\/a>. T\u011b\u0161\u00edme se na spolupr\u00e1ci.<\/span><\/p>\n<p>P\u0159edstavujeme velmi zaj\u00edmav\u00fd <strong>pron\u00e1jem sklad\u016f a\u00a0hal Uh\u0159\u00edn\u011bves<\/strong>. Jedn\u00e1 se o reprezentativn\u00ed kancel\u00e1\u0159e k pron\u00e1jmu o plo\u0161e 200m2, sest\u00e1vaj\u00edc\u00ed ze \u010dty\u0159 nepr\u016fchoz\u00edch m\u00edstnost\u00ed, chodby, kuchy\u0148ky, sprchov\u00e9ho koutu a dvou samostatn\u00fdch WC. Kancel\u00e1\u0159e k pron\u00e1jmu jsou sou\u010d\u00e1st\u00ed skladov\u00e9ho are\u00e1lu, kter\u00fd je tak\u00e9 mo\u017eno pronajmou. Celkov\u00e1 plocha haly je 5.000 m2.<\/p>\n<h2>Pron\u00e1jem sklad\u016f a\u00a0hal Uh\u0159\u00edn\u011bves<\/h2>\n<p>Kancel\u00e1\u0159e k pron\u00e1jmu disponuj\u00ed parkovac\u00edm st\u00e1n\u00edm pro min. 10 automobil\u016f, velmi dobrou dopravn\u00ed dostupnost\u00ed, n\u011bkolik minut cesty od pra\u017esk\u00e9 Ji\u017en\u00ed spojky a velkou skladovac\u00ed kapacitu ihned vedle hlavn\u00ed budovy.<br \/>\nPron\u00e1jem kancel\u00e1\u0159\u00ed Uh\u0159\u00edn\u011bves je voln\u00fd ihned, doporu\u010dujeme prohl\u00eddku.<\/p>\n<h2>Provize za zprost\u0159edkov\u00e1n\u00ed pron\u00e1jmu sklad\u016f a kancel\u00e1\u0159\u00ed Praha\u00a0Uh\u0159\u00edn\u011bves<\/h2>\n<p>V\u0161echny slu\u017eby na\u0161\u00ed spole\u010dnosti a jej\u00edch makl\u00e9\u0159\u016f jdou zdarma &#8211; pi\u0161te a volejte bez jak\u00e9koli provize.<\/p>\n<h2>Jak\u00a0poptat sklad \/ kancel\u00e1\u0159 k pron\u00e1jmu v Uh\u0159\u00edn\u011bvsi?<\/h2>\n<p>Pro zasl\u00e1n\u00ed kompletn\u00ed nab\u00eddky s aktu\u00e1ln\u011b dostupn\u00fdmi pron\u00e1jmu kancel\u00e1\u0159\u00ed n\u00e1s pros\u00edm nev\u00e1hejte kdykoli kontaktovat.<\/p>\n<p>Rychl\u00fd popt\u00e1vkov\u00fd formul\u00e1\u0159 najdete na konci textu\u00a0a makl\u00e9\u0159e zodpov\u011bdn\u00e9ho za nemovitosti v prav\u00e9m sloupci.<br \/>\ne-mail:\u00a0<strong><a href=\"mailto:info@prazskekancelare.com\">info@prazskekancelare.com<\/a><\/strong>\u00a0\/\u00a0telefon: <strong><span style=\"color: #ff0000;\">+420 773 295 925, +420 723 984 360.\u00a0<\/span><\/strong><\/p>\n<h2>v\u00edce informac\u00ed o pron\u00e1jmu sklad\u016f a kancel\u00e1\u0159\u00ed Praha 10:<\/h2>\n","protected":false},"author":1,"featured_media":1777,"comment_status":"closed","ping_status":"closed","template":"","yoast_head":"<!-- This site is optimized with the Yoast SEO plugin v16.4 - https:\/\/yoast.com\/wordpress\/plugins\/seo\/ -->\n<title>SKLADY a HALY k pron\u00e1jmu Praha | 0% Provize | 700 Sklad\u016f&gt;&gt;<\/title>\n<meta name=\"description\" content=\"Popt\u00e1vejte pron\u00e1jem sklad\u016f a hal v cel\u00e9 Praze \u2705 | Sklady a haly k pron\u00e1jmu Praha levn\u011b a Bez provize | Nab\u00eddky 500 sklad\u016f levn\u011b a do 30 minut.\" \/>\n<meta name=\"robots\" content=\"noindex, follow, max-snippet:-1, max-image-preview:large, max-video-preview:-1\" \/>\n<meta property=\"og:locale\" content=\"cs_CZ\" \/>\n<meta property=\"og:type\" content=\"article\" \/>\n<meta property=\"og:title\" content=\"SKLADY a HALY k pron\u00e1jmu Praha | 0% Provize | 700 Sklad\u016f&gt;&gt;\" \/>\n<meta property=\"og:description\" content=\"Popt\u00e1vejte pron\u00e1jem sklad\u016f a hal v cel\u00e9 Praze \u2705 | Sklady a haly k pron\u00e1jmu Praha levn\u011b a Bez provize | Nab\u00eddky 500 sklad\u016f levn\u011b a do 30 minut.\" \/>\n<meta property=\"og:url\" content=\"https:\/\/www.prazskekancelare.com\/test\/kancelare-k-pronajmu\/pronajem-skladu-a-hal-uhrineves-praha\/\" \/>\n<meta property=\"og:site_name\" content=\"TEST - Pron\u00e1jem kancel\u00e1\u0159e Praha\" \/>\n<meta property=\"article:modified_time\" content=\"2019-09-28T09:51:32+00:00\" \/>\n<meta property=\"og:image\" content=\"https:\/\/www.prazskekancelare.com\/test\/wp-content\/uploads\/2016\/11\/pronajem-haly-mecholupy.jpg\" \/>\n\t<meta property=\"og:image:width\" content=\"732\" \/>\n\t<meta property=\"og:image:height\" content=\"558\" \/>\n<meta name=\"twitter:card\" content=\"summary\" \/>\n<meta name=\"twitter:label1\" content=\"Odhadovan\u00e1 doba \u010dten\u00ed\" \/>\n\t<meta name=\"twitter:data1\" content=\"1 minuta\" \/>\n<script type=\"application\/ld+json\" class=\"yoast-schema-graph\">{\"@context\":\"https:\/\/schema.org\",\"@graph\":[{\"@type\":\"Organization\",\"@id\":\"https:\/\/www.prazskekancelare.com\/test\/#organization\",\"name\":\"Pron\\u00e1jem kancel\\u00e1\\u0159e Praha\",\"url\":\"https:\/\/www.prazskekancelare.com\/test\/\",\"sameAs\":[],\"logo\":{\"@type\":\"ImageObject\",\"@id\":\"https:\/\/www.prazskekancelare.com\/test\/#logo\",\"inLanguage\":\"cs\",\"url\":\"https:\/\/www.prazskekancelare.com\/test\/wp-content\/uploads\/2018\/05\/prazske-kancelare-com-logo.png\",\"contentUrl\":\"https:\/\/www.prazskekancelare.com\/test\/wp-content\/uploads\/2018\/05\/prazske-kancelare-com-logo.png\",\"width\":242,\"height\":59,\"caption\":\"Pron\\u00e1jem kancel\\u00e1\\u0159e Praha\"},\"image\":{\"@id\":\"https:\/\/www.prazskekancelare.com\/test\/#logo\"}},{\"@type\":\"WebSite\",\"@id\":\"https:\/\/www.prazskekancelare.com\/test\/#website\",\"url\":\"https:\/\/www.prazskekancelare.com\/test\/\",\"name\":\"TEST - Pron\\u00e1jem kancel\\u00e1\\u0159e Praha\",\"description\":\"Pron\\u00e1jem kancel\\u00e1\\u0159e Praha a Kancelare Praha\",\"publisher\":{\"@id\":\"https:\/\/www.prazskekancelare.com\/test\/#organization\"},\"potentialAction\":[{\"@type\":\"SearchAction\",\"target\":\"https:\/\/www.prazskekancelare.com\/test\/?s={search_term_string}\",\"query-input\":\"required name=search_term_string\"}],\"inLanguage\":\"cs\"},{\"@type\":\"ImageObject\",\"@id\":\"https:\/\/www.prazskekancelare.com\/test\/kancelare-k-pronajmu\/pronajem-skladu-a-hal-uhrineves-praha\/#primaryimage\",\"inLanguage\":\"cs\",\"url\":\"https:\/\/www.prazskekancelare.com\/test\/wp-content\/uploads\/2016\/11\/pronajem-haly-mecholupy.jpg\",\"contentUrl\":\"https:\/\/www.prazskekancelare.com\/test\/wp-content\/uploads\/2016\/11\/pronajem-haly-mecholupy.jpg\",\"width\":732,\"height\":558,\"caption\":\"Kancel\\u00e1\\u0159e a sklady Uh\\u0159\\u00edn\\u011bves\"},{\"@type\":\"WebPage\",\"@id\":\"https:\/\/www.prazskekancelare.com\/test\/kancelare-k-pronajmu\/pronajem-skladu-a-hal-uhrineves-praha\/#webpage\",\"url\":\"https:\/\/www.prazskekancelare.com\/test\/kancelare-k-pronajmu\/pronajem-skladu-a-hal-uhrineves-praha\/\",\"name\":\"SKLADY a HALY k pron\\u00e1jmu Praha | 0% Provize | 700 Sklad\\u016f>>\",\"isPartOf\":{\"@id\":\"https:\/\/www.prazskekancelare.com\/test\/#website\"},\"primaryImageOfPage\":{\"@id\":\"https:\/\/www.prazskekancelare.com\/test\/kancelare-k-pronajmu\/pronajem-skladu-a-hal-uhrineves-praha\/#primaryimage\"},\"datePublished\":\"2016-11-14T18:04:39+00:00\",\"dateModified\":\"2019-09-28T09:51:32+00:00\",\"description\":\"Popt\\u00e1vejte pron\\u00e1jem sklad\\u016f a hal v cel\\u00e9 Praze \\u2705 | Sklady a haly k pron\\u00e1jmu Praha levn\\u011b a Bez provize | Nab\\u00eddky 500 sklad\\u016f levn\\u011b a do 30 minut.\",\"breadcrumb\":{\"@id\":\"https:\/\/www.prazskekancelare.com\/test\/kancelare-k-pronajmu\/pronajem-skladu-a-hal-uhrineves-praha\/#breadcrumb\"},\"inLanguage\":\"cs\",\"potentialAction\":[{\"@type\":\"ReadAction\",\"target\":[\"https:\/\/www.prazskekancelare.com\/test\/kancelare-k-pronajmu\/pronajem-skladu-a-hal-uhrineves-praha\/\"]}]},{\"@type\":\"BreadcrumbList\",\"@id\":\"https:\/\/www.prazskekancelare.com\/test\/kancelare-k-pronajmu\/pronajem-skladu-a-hal-uhrineves-praha\/#breadcrumb\",\"itemListElement\":[{\"@type\":\"ListItem\",\"position\":1,\"item\":{\"@type\":\"WebPage\",\"@id\":\"https:\/\/www.prazskekancelare.com\/test\/\",\"url\":\"https:\/\/www.prazskekancelare.com\/test\/\",\"name\":\"Dom\\u016f\"}},{\"@type\":\"ListItem\",\"position\":2,\"item\":{\"@type\":\"WebPage\",\"@id\":\"https:\/\/www.prazskekancelare.com\/test\/kancelare-k-pronajmu\/\",\"url\":\"https:\/\/www.prazskekancelare.com\/test\/kancelare-k-pronajmu\/\",\"name\":\"Properties\"}},{\"@type\":\"ListItem\",\"position\":3,\"item\":{\"@id\":\"https:\/\/www.prazskekancelare.com\/test\/kancelare-k-pronajmu\/pronajem-skladu-a-hal-uhrineves-praha\/#webpage\"}}]}]}<\/script>\n<!-- \/ Yoast SEO plugin. -->","cmb2":{"property_general":{"property_id":"ANO","property_year_built":"","property_address":"Be\u010dovsk\u00e1 20,\r\nPraha 10\r\n","property_zip":"","property_contract":"","property_gallery":"","property_plans":"","property_video":"","property_parent_property":""},"property_flags":{"property_featured":"","property_sticky":"","property_reduced":"","property_sold":""},"property_contact":{"property_contact_name":"","property_contact_phone":""},"property_pricing":{"property_price":"110","property_price_prefix":"od","property_price_suffix":"K\u010d\/m2","property_price_custom":""},"property_attributes":{"property_rooms":"NE","property_beds":"2","property_baths":"NE","property_garages":"NE","property_home_area":"","property_lot_dimensions":"","property_lot_area":"50 m2 - 5000 m2"},"property_valuation":{"property_valuation_group":""},"property_public_facilities":{"property_public_facilities_group":""},"property_map_location":{"property_map_location":{"latitude":"50.0416178","longitude":"14.587165300000038"}},"property_relations":{"property_agents":["260"]}},"_links":{"self":[{"href":"https:\/\/www.prazskekancelare.com\/test\/wp-json\/wp\/v2\/property\/1780"}],"collection":[{"href":"https:\/\/www.prazskekancelare.com\/test\/wp-json\/wp\/v2\/property"}],"about":[{"href":"https:\/\/www.prazskekancelare.com\/test\/wp-json\/wp\/v2\/types\/property"}],"author":[{"embeddable":true,"href":"https:\/\/www.prazskekancelare.com\/test\/wp-json\/wp\/v2\/users\/1"}],"replies":[{"embeddable":true,"href":"https:\/\/www.prazskekancelare.com\/test\/wp-json\/wp\/v2\/comments?post=1780"}],"wp:featuredmedia":[{"embeddable":true,"href":"https:\/\/www.prazskekancelare.com\/test\/wp-json\/wp\/v2\/media\/1777"}],"wp:attachment":[{"href":"https:\/\/www.prazskekancelare.com\/test\/wp-json\/wp\/v2\/media?parent=1780"}],"curies":[{"name":"wp","href":"https:\/\/api.w.org\/{rel}","templated":true}]}}