{"id":1772,"date":"2016-11-13T15:36:36","date_gmt":"2016-11-13T14:36:36","guid":{"rendered":"https:\/\/www.prazskekancelare.com\/test\/?post_type=property&#038;p=1772"},"modified":"2019-03-17T13:05:57","modified_gmt":"2019-03-17T12:05:57","slug":"pronajem-kancelari-petriny-ruzyne-praha-6","status":"publish","type":"property","link":"https:\/\/www.prazskekancelare.com\/test\/kancelare-k-pronajmu\/pronajem-kancelari-petriny-ruzyne-praha-6\/","title":{"rendered":"Kancel\u00e1\u0159e PET\u0158INY, RUZYN\u011a Praha 6 <span style=\"color: #ff0000;\">nov\u00e9<\/span>"},"content":{"rendered":"\n\t<ul id=\"slideshowgallery62401\" class=\"slideshowgallery62401\" style=\"display:none;\">\n\t\t\t\t\t<!-- From all slides or gallery slides -->\n\t\t\t\t\t\t\t<li>\n\t\t\t\t\t<h3 style=\"opacity:70;\">pronajem-kancelari-praha-6<\/h3>\n\t\t\t\t\t\t\t\t\t\t\t<span data-alt=\"pronajem-kancelari-praha-6\">https:\/\/www.prazskekancelare.com\/test\/wp-content\/uploads\/2016\/11\/pronajem-kancelari-praha-6.jpg<\/span>\n\t\t\t\t\t\t\t\t\t\t<p><\/p>\n\t\t\t\t\t\t\t\t\t\t\t\t\t\t\t\t\t\t<a><img class=\"skip-lazy\" src=\"https:\/\/www.prazskekancelare.com\/test\/wp-content\/uploads\/2016\/11\/pronajem-kancelari-praha-6-400x300.jpg\" alt=\"pronajem-kancelari-praha-6\" \/><\/a>\n\t\t\t\t\t\t\t\t\t\t\t\t\t\t\t<\/li>\n\t\t\t\t\t\t\t<li>\n\t\t\t\t\t<h3 style=\"opacity:70;\">pronajem-kancelare-praha-10<\/h3>\n\t\t\t\t\t\t\t\t\t\t\t<span data-alt=\"pronajem-kancelare-praha-10\">https:\/\/www.prazskekancelare.com\/test\/wp-content\/uploads\/2016\/11\/pronajem-kancelare-praha-10.jpg<\/span>\n\t\t\t\t\t\t\t\t\t\t<p><\/p>\n\t\t\t\t\t\t\t\t\t\t\t\t\t\t\t\t\t\t<a><img class=\"skip-lazy\" src=\"https:\/\/www.prazskekancelare.com\/test\/wp-content\/uploads\/2016\/11\/pronajem-kancelare-praha-10-400x300.jpg\" alt=\"pronajem-kancelare-praha-10\" \/><\/a>\n\t\t\t\t\t\t\t\t\t\t\t\t\t\t\t<\/li>\n\t\t\t\t\t\t\t<li>\n\t\t\t\t\t<h3 style=\"opacity:70;\">kancelare-praha-6<\/h3>\n\t\t\t\t\t\t\t\t\t\t\t<span data-alt=\"kancelare-praha-6\">https:\/\/www.prazskekancelare.com\/test\/wp-content\/uploads\/2016\/11\/kancelare-praha-61.jpg<\/span>\n\t\t\t\t\t\t\t\t\t\t<p><\/p>\n\t\t\t\t\t\t\t\t\t\t\t\t\t\t\t\t\t\t<a><img class=\"skip-lazy\" src=\"https:\/\/www.prazskekancelare.com\/test\/wp-content\/uploads\/2016\/11\/kancelare-praha-61-400x300.jpg\" alt=\"kancelare-praha-6\" \/><\/a>\n\t\t\t\t\t\t\t\t\t\t\t\t\t\t\t<\/li>\n\t\t\t\t\t\t<\/ul>\n\n\t\t<div id=\"slideshow-wrappergallery62401\" class=\"slideshow-wrapper\" style=\"--slideshow-width:408px\">\n\t\t\n\t\t<div class=\"slideshow-fullsize\" id=\"fullsizegallery62401\">\n\t\t\t\t\t\t\t\t\t\t\t\t\t\t<div id=\"imgprevgallery62401\" class=\"slideshow-imgprev imgnav\" title=\"Previous Image\">Previous Image<\/div>\n\t\t\t\t\t\t<a id=\"imglinkgallery62401\" class=\"slideshow-imglink imglink\">\n\t\t\t\t<!-- link -->\n\t\t\t<\/a>\n\t\t\t\t\t\t\t\t\t\t\t<div id=\"imgnextgallery62401\" class=\"slideshow-imgnext imgnav\" title=\"Next Image\">Next Image<\/div>\n\t\t\t\t\t\t<div id=\"imagegallery62401\" class=\"slideshow-image\"><\/div>\n\t\t\t<div class=\"slideshow-information infobottom\" id=\"informationgallery62401\">\n\t\t\t\t<h3 class=\"slideshow-info-heading\">info heading<\/h3>\n\t\t\t\t<p class=\"slideshow-info-content\">info content<\/p>\n\t\t\t<\/div>\n\t\t<\/div>\n\n\t\t\t\t\t<div id=\"thumbnailsgallery62401\" class=\"slideshow-thumbnails thumbsbot\">\n\t\t\t\t<div class=\"slideshow-slideleft\" id=\"slideleftgallery62401\" title=\"Slide Left\"><\/div>\n\t\t\t\t<div class=\"slideshow-slidearea\" id=\"slideareagallery62401\">\n\t\t\t\t\t<div class=\"slideshow-slider\" id=\"slidergallery62401\"><\/div>\n\t\t\t\t<\/div>\n\t\t\t\t<div class=\"slideshow-slideright\" id=\"sliderightgallery62401\" title=\"Slide Right\"><\/div>\n\t\t\t\t<br style=\"clear:both; visibility:hidden; height:1px;\" \/>\n\t\t\t<\/div>\n\t\t\t<\/div>\n\n\t\n<p>P\u0159edstavujeme <strong>pron\u00e1jem\u00a0kancel\u00e1\u0159\u00ed Pet\u0159iny a Ruzyn\u011b mezi 10 &#8211; 500m2<\/strong>. Objekt se nach\u00e1z\u00ed v Bruncl\u00edkov\u011b ulici na Praze 6. Prostory k pron\u00e1jmu je mo\u017en\u00e9 dispozi\u010dn\u011b upravovat dle pot\u0159eb n\u00e1jemce. Jde o skv\u011ble dostupn\u00e9 kancel\u00e1\u0159e za v\u00fdbornou cenu. Doporu\u010dujeme.<\/p>\n<p><span style=\"color: #ff0000;\"><strong>N\u00e1\u0161 tip:<\/strong> Za\u0161lete n\u00e1m rychl\u00fd <a href=\"\/poptavka-po-kancelarich-k-pronajmu\/\" target=\"_blank\"><span style=\"text-decoration: underline;\"><strong>popt\u00e1vkov\u00fd formul\u00e1\u0159<\/strong> <\/span><\/a>a my V\u00e1m b\u011bhem 30 minut\u00a0p\u0159iprav\u00edme kompletn\u00ed nab\u00eddku dle Va\u0161ich specifikac\u00ed a bez provize. V nab\u00eddce m\u00e1me 500 kancel\u00e1\u0159\u00ed v Praze. T\u011b\u0161\u00edme se na spolupr\u00e1ci.<\/span><\/p>\n<h2>Pron\u00e1jem kancel\u00e1\u0159\u00ed Pet\u0159iny, Ruzyn\u011b Praha 6<\/h2>\n<p>V ulici je velk\u00e1 ob\u010dansk\u00e1 vybavenost, v\u010detn\u011b obchod\u016f, restaurac\u00ed, kade\u0159nictv\u00ed, kancel\u00e1\u0159\u00ed k pron\u00e1jmu nebo l\u00e9k\u00e1rny.<br \/>\nV okol\u00ed budovy je velmi jednoduch\u00e9 zaparkovat a budova m\u00e1 skv\u011blou dopravn\u00ed obslu\u017enost.<br \/>\nDoporu\u010dujeme prohl\u00eddku<\/p>\n<h2>Provize<\/h2>\n<p>Ve\u0161ker\u00e9 slu\u017eby na\u0161\u00ed spole\u010dnosti jsou pro n\u00e1jemce ZDARMA. \u017d\u00e1dn\u00fd z na\u0161ich makl\u00e9\u0159\u016f nepo\u017eaduje provizi za zprost\u0159edkov\u00e1n\u00ed.<\/p>\n<h2>Jak poptat kancel\u00e1\u0159 Praha 6?<\/h2>\n<p>Pro zasl\u00e1n\u00ed kompletn\u00ed nab\u00eddky s aktu\u00e1ln\u011b dostupn\u00fdmi kancel\u00e1\u0159emi k pron\u00e1jmu na Vypichu,\u00a0n\u00e1s pros\u00edm nev\u00e1hejte kdykoli kontaktovat.<\/p>\n<p>Rychl\u00fd popt\u00e1vkov\u00fd formul\u00e1\u0159 najdete na konci textu\u00a0a makl\u00e9\u0159e zodpov\u011bdn\u00e9ho za nemovitosti v prav\u00e9m sloupci.<br \/>\ne-mail:\u00a0<strong><a href=\"mailto:info@prazskekancelare.cz\">info@prazskekancelare.com<\/a><\/strong>\u00a0\/\u00a0telefon: <strong><span style=\"color: #ff0000;\">+420 773 295 925, +420 723 984 360.\u00a0<\/span><\/strong><\/p>\n<h2>v\u00edce informac\u00ed o kancel\u00e1\u0159\u00edch na Pet\u0159in\u00e1ch:<\/h2>\n","protected":false},"author":1,"featured_media":1771,"comment_status":"closed","ping_status":"closed","template":"","yoast_head":"<!-- This site is optimized with the Yoast SEO plugin v16.4 - https:\/\/yoast.com\/wordpress\/plugins\/seo\/ -->\n<title>PET\u0158INY, RUZYN\u011a kancel\u00e1\u0159e Praha 6 | 600 KANCEL\u00c1\u0158\u00cd v\u00fdhodn\u011b \u00ae<\/title>\n<meta name=\"description\" content=\"Popt\u00e1vejte pron\u00e1jem kancel\u00e1\u0159e Pet\u0159iny, Ruzyn\u011b Praha 6 | 600x kancel\u00e1\u0159e k pron\u00e1jmu Praha | Nab\u00eddky kancel\u00e1\u0159\u00ed na m\u00edru do 30 minut | Provize 0%.\" \/>\n<meta name=\"robots\" content=\"noindex, follow, max-snippet:-1, max-image-preview:large, max-video-preview:-1\" \/>\n<meta property=\"og:locale\" content=\"cs_CZ\" \/>\n<meta property=\"og:type\" content=\"article\" \/>\n<meta property=\"og:title\" content=\"PET\u0158INY, RUZYN\u011a kancel\u00e1\u0159e Praha 6 | 600 KANCEL\u00c1\u0158\u00cd v\u00fdhodn\u011b \u00ae\" \/>\n<meta property=\"og:description\" content=\"Popt\u00e1vejte pron\u00e1jem kancel\u00e1\u0159e Pet\u0159iny, Ruzyn\u011b Praha 6 | 600x kancel\u00e1\u0159e k pron\u00e1jmu Praha | Nab\u00eddky kancel\u00e1\u0159\u00ed na m\u00edru do 30 minut | Provize 0%.\" \/>\n<meta property=\"og:url\" content=\"https:\/\/www.prazskekancelare.com\/test\/kancelare-k-pronajmu\/pronajem-kancelari-petriny-ruzyne-praha-6\/\" \/>\n<meta property=\"og:site_name\" content=\"TEST - Pron\u00e1jem kancel\u00e1\u0159e Praha\" \/>\n<meta property=\"article:modified_time\" content=\"2019-03-17T12:05:57+00:00\" \/>\n<meta property=\"og:image\" content=\"https:\/\/www.prazskekancelare.com\/test\/wp-content\/uploads\/2016\/11\/pronajem-kancelari-praha-6.jpg\" \/>\n\t<meta property=\"og:image:width\" content=\"1410\" \/>\n\t<meta property=\"og:image:height\" content=\"826\" \/>\n<meta name=\"twitter:card\" content=\"summary\" \/>\n<meta name=\"twitter:label1\" content=\"Odhadovan\u00e1 doba \u010dten\u00ed\" \/>\n\t<meta name=\"twitter:data1\" content=\"1 minuta\" \/>\n<script type=\"application\/ld+json\" class=\"yoast-schema-graph\">{\"@context\":\"https:\/\/schema.org\",\"@graph\":[{\"@type\":\"Organization\",\"@id\":\"https:\/\/www.prazskekancelare.com\/test\/#organization\",\"name\":\"Pron\\u00e1jem kancel\\u00e1\\u0159e Praha\",\"url\":\"https:\/\/www.prazskekancelare.com\/test\/\",\"sameAs\":[],\"logo\":{\"@type\":\"ImageObject\",\"@id\":\"https:\/\/www.prazskekancelare.com\/test\/#logo\",\"inLanguage\":\"cs\",\"url\":\"https:\/\/www.prazskekancelare.com\/test\/wp-content\/uploads\/2018\/05\/prazske-kancelare-com-logo.png\",\"contentUrl\":\"https:\/\/www.prazskekancelare.com\/test\/wp-content\/uploads\/2018\/05\/prazske-kancelare-com-logo.png\",\"width\":242,\"height\":59,\"caption\":\"Pron\\u00e1jem kancel\\u00e1\\u0159e Praha\"},\"image\":{\"@id\":\"https:\/\/www.prazskekancelare.com\/test\/#logo\"}},{\"@type\":\"WebSite\",\"@id\":\"https:\/\/www.prazskekancelare.com\/test\/#website\",\"url\":\"https:\/\/www.prazskekancelare.com\/test\/\",\"name\":\"TEST - Pron\\u00e1jem kancel\\u00e1\\u0159e Praha\",\"description\":\"Pron\\u00e1jem kancel\\u00e1\\u0159e Praha a Kancelare Praha\",\"publisher\":{\"@id\":\"https:\/\/www.prazskekancelare.com\/test\/#organization\"},\"potentialAction\":[{\"@type\":\"SearchAction\",\"target\":\"https:\/\/www.prazskekancelare.com\/test\/?s={search_term_string}\",\"query-input\":\"required name=search_term_string\"}],\"inLanguage\":\"cs\"},{\"@type\":\"ImageObject\",\"@id\":\"https:\/\/www.prazskekancelare.com\/test\/kancelare-k-pronajmu\/pronajem-kancelari-petriny-ruzyne-praha-6\/#primaryimage\",\"inLanguage\":\"cs\",\"url\":\"https:\/\/www.prazskekancelare.com\/test\/wp-content\/uploads\/2016\/11\/pronajem-kancelari-praha-6.jpg\",\"contentUrl\":\"https:\/\/www.prazskekancelare.com\/test\/wp-content\/uploads\/2016\/11\/pronajem-kancelari-praha-6.jpg\",\"width\":1410,\"height\":826,\"caption\":\"Kancel\\u00e1\\u0159e Praha 6\"},{\"@type\":\"WebPage\",\"@id\":\"https:\/\/www.prazskekancelare.com\/test\/kancelare-k-pronajmu\/pronajem-kancelari-petriny-ruzyne-praha-6\/#webpage\",\"url\":\"https:\/\/www.prazskekancelare.com\/test\/kancelare-k-pronajmu\/pronajem-kancelari-petriny-ruzyne-praha-6\/\",\"name\":\"PET\\u0158INY, RUZYN\\u011a kancel\\u00e1\\u0159e Praha 6 | 600 KANCEL\\u00c1\\u0158\\u00cd v\\u00fdhodn\\u011b \\u00ae\",\"isPartOf\":{\"@id\":\"https:\/\/www.prazskekancelare.com\/test\/#website\"},\"primaryImageOfPage\":{\"@id\":\"https:\/\/www.prazskekancelare.com\/test\/kancelare-k-pronajmu\/pronajem-kancelari-petriny-ruzyne-praha-6\/#primaryimage\"},\"datePublished\":\"2016-11-13T14:36:36+00:00\",\"dateModified\":\"2019-03-17T12:05:57+00:00\",\"description\":\"Popt\\u00e1vejte pron\\u00e1jem kancel\\u00e1\\u0159e Pet\\u0159iny, Ruzyn\\u011b Praha 6 | 600x kancel\\u00e1\\u0159e k pron\\u00e1jmu Praha | Nab\\u00eddky kancel\\u00e1\\u0159\\u00ed na m\\u00edru do 30 minut | Provize 0%.\",\"breadcrumb\":{\"@id\":\"https:\/\/www.prazskekancelare.com\/test\/kancelare-k-pronajmu\/pronajem-kancelari-petriny-ruzyne-praha-6\/#breadcrumb\"},\"inLanguage\":\"cs\",\"potentialAction\":[{\"@type\":\"ReadAction\",\"target\":[\"https:\/\/www.prazskekancelare.com\/test\/kancelare-k-pronajmu\/pronajem-kancelari-petriny-ruzyne-praha-6\/\"]}]},{\"@type\":\"BreadcrumbList\",\"@id\":\"https:\/\/www.prazskekancelare.com\/test\/kancelare-k-pronajmu\/pronajem-kancelari-petriny-ruzyne-praha-6\/#breadcrumb\",\"itemListElement\":[{\"@type\":\"ListItem\",\"position\":1,\"item\":{\"@type\":\"WebPage\",\"@id\":\"https:\/\/www.prazskekancelare.com\/test\/\",\"url\":\"https:\/\/www.prazskekancelare.com\/test\/\",\"name\":\"Dom\\u016f\"}},{\"@type\":\"ListItem\",\"position\":2,\"item\":{\"@type\":\"WebPage\",\"@id\":\"https:\/\/www.prazskekancelare.com\/test\/kancelare-k-pronajmu\/\",\"url\":\"https:\/\/www.prazskekancelare.com\/test\/kancelare-k-pronajmu\/\",\"name\":\"Properties\"}},{\"@type\":\"ListItem\",\"position\":3,\"item\":{\"@id\":\"https:\/\/www.prazskekancelare.com\/test\/kancelare-k-pronajmu\/pronajem-kancelari-petriny-ruzyne-praha-6\/#webpage\"}}]}]}<\/script>\n<!-- \/ Yoast SEO plugin. -->","cmb2":{"property_general":{"property_id":"ANO","property_year_built":"","property_address":"Bruncl\u00edkova 8, \r\n160 00 Praha 6","property_zip":"","property_contract":"","property_gallery":"","property_plans":"","property_video":"","property_parent_property":""},"property_flags":{"property_featured":"","property_sticky":"","property_reduced":"","property_sold":""},"property_contact":{"property_contact_name":"","property_contact_phone":""},"property_pricing":{"property_price":"400","property_price_prefix":"od","property_price_suffix":"K\u010d\/m2","property_price_custom":""},"property_attributes":{"property_rooms":"NE","property_beds":"5","property_baths":"NE","property_garages":"NE","property_home_area":"","property_lot_dimensions":"","property_lot_area":"200 m2 - 300 m2"},"property_valuation":{"property_valuation_group":""},"property_public_facilities":{"property_public_facilities_group":""},"property_map_location":{"property_map_location":{"latitude":"50.0847408","longitude":"14.346456200000034"}},"property_relations":{"property_agents":["260"]}},"_links":{"self":[{"href":"https:\/\/www.prazskekancelare.com\/test\/wp-json\/wp\/v2\/property\/1772"}],"collection":[{"href":"https:\/\/www.prazskekancelare.com\/test\/wp-json\/wp\/v2\/property"}],"about":[{"href":"https:\/\/www.prazskekancelare.com\/test\/wp-json\/wp\/v2\/types\/property"}],"author":[{"embeddable":true,"href":"https:\/\/www.prazskekancelare.com\/test\/wp-json\/wp\/v2\/users\/1"}],"replies":[{"embeddable":true,"href":"https:\/\/www.prazskekancelare.com\/test\/wp-json\/wp\/v2\/comments?post=1772"}],"wp:featuredmedia":[{"embeddable":true,"href":"https:\/\/www.prazskekancelare.com\/test\/wp-json\/wp\/v2\/media\/1771"}],"wp:attachment":[{"href":"https:\/\/www.prazskekancelare.com\/test\/wp-json\/wp\/v2\/media?parent=1772"}],"curies":[{"name":"wp","href":"https:\/\/api.w.org\/{rel}","templated":true}]}}