{"id":1744,"date":"2016-11-12T10:10:22","date_gmt":"2016-11-12T09:10:22","guid":{"rendered":"https:\/\/www.prazskekancelare.com\/test\/?post_type=property&#038;p=1744"},"modified":"2019-03-17T14:34:44","modified_gmt":"2019-03-17T13:34:44","slug":"pronajem-kancelari-galleries-louvre-radlice-praha-5","status":"publish","type":"property","link":"https:\/\/www.prazskekancelare.com\/test\/kancelare-k-pronajmu\/pronajem-kancelari-galleries-louvre-radlice-praha-5\/","title":{"rendered":"Kancel\u00e1\u0159e GALLERIES LOUVRE Radlice Praha 5"},"content":{"rendered":"<p>\n\t<ul id=\"slideshowgallery58394\" class=\"slideshowgallery58394\" style=\"display:none;\">\n\t\t\t\t\t<!-- From all slides or gallery slides -->\n\t\t\t\t\t\t\t<li>\n\t\t\t\t\t<h3 style=\"opacity:70;\">pronajem-kancelare-radlicka<\/h3>\n\t\t\t\t\t\t\t\t\t\t\t<span data-alt=\"pronajem-kancelare-radlicka\">https:\/\/www.prazskekancelare.com\/test\/wp-content\/uploads\/2016\/11\/pronajem-kancelare-radlicka.jpg<\/span>\n\t\t\t\t\t\t\t\t\t\t<p><\/p>\n\t\t\t\t\t\t\t\t\t\t\t\t\t\t\t\t\t\t<a><img class=\"skip-lazy\" src=\"https:\/\/www.prazskekancelare.com\/test\/wp-content\/uploads\/2016\/11\/pronajem-kancelare-radlicka-400x300.jpg\" alt=\"pronajem-kancelare-radlicka\" \/><\/a>\n\t\t\t\t\t\t\t\t\t\t\t\t\t\t\t<\/li>\n\t\t\t\t\t\t\t<li>\n\t\t\t\t\t<h3 style=\"opacity:70;\">kancelare-na-praze-5<\/h3>\n\t\t\t\t\t\t\t\t\t\t\t<span data-alt=\"kancelare-na-praze-5\">https:\/\/www.prazskekancelare.com\/test\/wp-content\/uploads\/2016\/11\/kancelare-na-praze-5.jpg<\/span>\n\t\t\t\t\t\t\t\t\t\t<p><\/p>\n\t\t\t\t\t\t\t\t\t\t\t\t\t\t\t\t\t\t<a><img class=\"skip-lazy\" src=\"https:\/\/www.prazskekancelare.com\/test\/wp-content\/uploads\/2016\/11\/kancelare-na-praze-5-400x300.jpg\" alt=\"kancelare-na-praze-5\" \/><\/a>\n\t\t\t\t\t\t\t\t\t\t\t\t\t\t\t<\/li>\n\t\t\t\t\t\t\t<li>\n\t\t\t\t\t<h3 style=\"opacity:70;\">pronajem-kancelari-praha-5<\/h3>\n\t\t\t\t\t\t\t\t\t\t\t<span data-alt=\"pronajem-kancelari-praha-5\">https:\/\/www.prazskekancelare.com\/test\/wp-content\/uploads\/2016\/11\/pronajem-kancelari-praha-52.jpg<\/span>\n\t\t\t\t\t\t\t\t\t\t<p><\/p>\n\t\t\t\t\t\t\t\t\t\t\t\t\t\t\t\t\t\t<a><img class=\"skip-lazy\" src=\"https:\/\/www.prazskekancelare.com\/test\/wp-content\/uploads\/2016\/11\/pronajem-kancelari-praha-52-400x300.jpg\" alt=\"pronajem-kancelari-praha-5\" \/><\/a>\n\t\t\t\t\t\t\t\t\t\t\t\t\t\t\t<\/li>\n\t\t\t\t\t\t\t<li>\n\t\t\t\t\t<h3 style=\"opacity:70;\">pronajem-kancelare-praha-5<\/h3>\n\t\t\t\t\t\t\t\t\t\t\t<span data-alt=\"pronajem-kancelare-praha-5\">https:\/\/www.prazskekancelare.com\/test\/wp-content\/uploads\/2016\/11\/pronajem-kancelare-praha-52.jpg<\/span>\n\t\t\t\t\t\t\t\t\t\t<p><\/p>\n\t\t\t\t\t\t\t\t\t\t\t\t\t\t\t\t\t\t<a><img class=\"skip-lazy\" src=\"https:\/\/www.prazskekancelare.com\/test\/wp-content\/uploads\/2016\/11\/pronajem-kancelare-praha-52-400x300.jpg\" alt=\"pronajem-kancelare-praha-5\" \/><\/a>\n\t\t\t\t\t\t\t\t\t\t\t\t\t\t\t<\/li>\n\t\t\t\t\t\t\t<li>\n\t\t\t\t\t<h3 style=\"opacity:70;\">pronajem-kancelare-na-praze-5<\/h3>\n\t\t\t\t\t\t\t\t\t\t\t<span data-alt=\"pronajem-kancelare-na-praze-5\">https:\/\/www.prazskekancelare.com\/test\/wp-content\/uploads\/2016\/11\/pronajem-kancelare-na-praze-5.jpg<\/span>\n\t\t\t\t\t\t\t\t\t\t<p><\/p>\n\t\t\t\t\t\t\t\t\t\t\t\t\t\t\t\t\t\t<a><img class=\"skip-lazy\" src=\"https:\/\/www.prazskekancelare.com\/test\/wp-content\/uploads\/2016\/11\/pronajem-kancelare-na-praze-5-400x300.jpg\" alt=\"pronajem-kancelare-na-praze-5\" \/><\/a>\n\t\t\t\t\t\t\t\t\t\t\t\t\t\t\t<\/li>\n\t\t\t\t\t\t\t<li>\n\t\t\t\t\t<h3 style=\"opacity:70;\">kancelare-praha-5<\/h3>\n\t\t\t\t\t\t\t\t\t\t\t<span data-alt=\"kancelare-praha-5\">https:\/\/www.prazskekancelare.com\/test\/wp-content\/uploads\/2016\/11\/kancelare-praha-52.jpg<\/span>\n\t\t\t\t\t\t\t\t\t\t<p><\/p>\n\t\t\t\t\t\t\t\t\t\t\t\t\t\t\t\t\t\t<a><img class=\"skip-lazy\" src=\"https:\/\/www.prazskekancelare.com\/test\/wp-content\/uploads\/2016\/11\/kancelare-praha-52-400x300.jpg\" alt=\"kancelare-praha-5\" \/><\/a>\n\t\t\t\t\t\t\t\t\t\t\t\t\t\t\t<\/li>\n\t\t\t\t\t\t\t<li>\n\t\t\t\t\t<h3 style=\"opacity:70;\">kancelare-k-pronajmu-praha-5<\/h3>\n\t\t\t\t\t\t\t\t\t\t\t<span data-alt=\"kancelare-k-pronajmu-praha-5\">https:\/\/www.prazskekancelare.com\/test\/wp-content\/uploads\/2016\/11\/kancelare-k-pronajmu-praha-51.jpg<\/span>\n\t\t\t\t\t\t\t\t\t\t<p><\/p>\n\t\t\t\t\t\t\t\t\t\t\t\t\t\t\t\t\t\t<a><img class=\"skip-lazy\" src=\"https:\/\/www.prazskekancelare.com\/test\/wp-content\/uploads\/2016\/11\/kancelare-k-pronajmu-praha-51-400x300.jpg\" alt=\"kancelare-k-pronajmu-praha-5\" \/><\/a>\n\t\t\t\t\t\t\t\t\t\t\t\t\t\t\t<\/li>\n\t\t\t\t\t\t\t<li>\n\t\t\t\t\t<h3 style=\"opacity:70;\">kancelar-na-praze-5<\/h3>\n\t\t\t\t\t\t\t\t\t\t\t<span data-alt=\"kancelar-na-praze-5\">https:\/\/www.prazskekancelare.com\/test\/wp-content\/uploads\/2016\/11\/kancelar-na-praze-5.jpg<\/span>\n\t\t\t\t\t\t\t\t\t\t<p><\/p>\n\t\t\t\t\t\t\t\t\t\t\t\t\t\t\t\t\t\t<a><img class=\"skip-lazy\" src=\"https:\/\/www.prazskekancelare.com\/test\/wp-content\/uploads\/2016\/11\/kancelar-na-praze-5-400x300.jpg\" alt=\"kancelar-na-praze-5\" \/><\/a>\n\t\t\t\t\t\t\t\t\t\t\t\t\t\t\t<\/li>\n\t\t\t\t\t\t<\/ul>\n\n\t\t<div id=\"slideshow-wrappergallery58394\" class=\"slideshow-wrapper\" style=\"--slideshow-width:988px\">\n\t\t\n\t\t<div class=\"slideshow-fullsize\" id=\"fullsizegallery58394\">\n\t\t\t\t\t\t\t\t\t\t\t\t\t\t<div id=\"imgprevgallery58394\" class=\"slideshow-imgprev imgnav\" title=\"Previous Image\">Previous Image<\/div>\n\t\t\t\t\t\t<a id=\"imglinkgallery58394\" class=\"slideshow-imglink imglink\">\n\t\t\t\t<!-- link -->\n\t\t\t<\/a>\n\t\t\t\t\t\t\t\t\t\t\t<div id=\"imgnextgallery58394\" class=\"slideshow-imgnext imgnav\" title=\"Next Image\">Next Image<\/div>\n\t\t\t\t\t\t<div id=\"imagegallery58394\" class=\"slideshow-image\"><\/div>\n\t\t\t<div class=\"slideshow-information infobottom\" id=\"informationgallery58394\">\n\t\t\t\t<h3 class=\"slideshow-info-heading\">info heading<\/h3>\n\t\t\t\t<p class=\"slideshow-info-content\">info content<\/p>\n\t\t\t<\/div>\n\t\t<\/div>\n\n\t\t\t\t\t<div id=\"thumbnailsgallery58394\" class=\"slideshow-thumbnails thumbsbot\">\n\t\t\t\t<div class=\"slideshow-slideleft\" id=\"slideleftgallery58394\" title=\"Slide Left\"><\/div>\n\t\t\t\t<div class=\"slideshow-slidearea\" id=\"slideareagallery58394\">\n\t\t\t\t\t<div class=\"slideshow-slider\" id=\"slidergallery58394\"><\/div>\n\t\t\t\t<\/div>\n\t\t\t\t<div class=\"slideshow-slideright\" id=\"sliderightgallery58394\" title=\"Slide Right\"><\/div>\n\t\t\t\t<br style=\"clear:both; visibility:hidden; height:1px;\" \/>\n\t\t\t<\/div>\n\t\t\t<\/div>\n\n\t<br \/>\nNab\u00edz\u00edme <strong>kancel\u00e1\u0159e Galleries Louvre<\/strong>, velmi zaj\u00edmav\u00fd a cenov\u011b i dopravn\u011b dostupn\u00fd pron\u00e1jem kancel\u00e1\u0159\u00ed na Praze 5 \u2013 ihned u metra Radlick\u00e1. Jde o velmi reprezentativn\u00ed, kancel\u00e1\u0159skou budovu Galleries Louvre na Praze 5.<\/p>\n<h2>Pron\u00e1jem kancel\u00e1\u0159\u00ed\u00a0Praha 5 Radlice Galleries Louvre<\/h2>\n<p>Kancel\u00e1\u0159sk\u00e1 budova je situov\u00e1na v dynamicky se rozv\u00edjej\u00edc\u00ed \u010d\u00e1sti Prahy 5 v t\u011bsn\u00e9 bl\u00edzkosti Radlick\u00e9 ulice a jen n\u011bkolik des\u00edtek metr\u016f od stanice metra Radlick\u00e1 (trasa B). V posledn\u00ed dob\u011b velmi obl\u00edben\u00e1 lokalita Prahy 5 zaji\u0161\u0165uje v\u00fdbornou dostupnost m\u011bstskou hromadnou dopravou i automobilem.<br \/>\nPro tuto kancel\u00e1\u0159skou budovu je opravdu ide\u00e1ln\u00ed p\u0159edev\u0161\u00edm kombinace jednoduch\u00e9ho p\u0159\u00edstupu k centru m\u011bsta Prahy prost\u0159ednictv\u00edm MHD a vynikaj\u00edc\u00ed dostupnost autem na d\u00e1lnici D5 do N\u011bmecka sm\u011br Plze\u0148, Norimberk a napojen\u00ed na d\u00e1lni\u010dn\u00ed okruh Prahy. Pra\u017esk\u00e9 leti\u0161t\u011b je vzd\u00e1leno 15 minut autobusem.<\/p>\n<p><span style=\"color: #ff0000;\"><strong>N\u00e1\u0161 tip:<\/strong>\u00a0Za\u0161lete n\u00e1m rychl\u00fd\u00a0<span style=\"text-decoration: underline; color: #0000ff;\"><a style=\"color: #0000ff; text-decoration: underline;\" href=\"\/poptavka-po-kancelarich-k-pronajmu\/\" target=\"_blank\"><strong>popt\u00e1vkov\u00fd formul\u00e1\u0159<\/strong>\u00a0<\/a><\/span>a my V\u00e1m b\u011bhem 30 minut\u00a0p\u0159iprav\u00edme kompletn\u00ed nab\u00eddku dle Va\u0161ich specifikac\u00ed a bez provize. V nab\u00eddce m\u00e1me 500 kancel\u00e1\u0159\u00ed v Praze. T\u011b\u0161\u00edme se na spolupr\u00e1ci.<\/span><\/p>\n<h2><strong>Kancel\u00e1\u0159e k pron\u00e1jmu Radlick\u00e1\u00a0&#8211; budova Galleries Louvre<\/strong><\/h2>\n<p>Hlavn\u00ed v\u00fdhoda t\u011bchto kancel\u00e1\u0159\u00ed k pron\u00e1jmu: Vysok\u00fd standard a efektivn\u00ed vyu\u017eit\u00ed kancel\u00e1\u0159sk\u00fdch prostor, skv\u011bl\u00e1 dostupnost a za v\u00fdbornou cenu.<br \/>\nKancel\u00e1\u0159e k pron\u00e1jmu v budov\u011b Louvre, nab\u00edz\u00ed celkov\u00fdch 4,500 m2 kancel\u00e1\u0159sk\u00fdch ploch nejvy\u0161\u0161\u00edho standardu. Tvar kancel\u00e1\u0159sk\u00e9 budovy k pron\u00e1jmu p\u0159ipom\u00ednaj\u00edc\u00ed p\u00edsmeno &#8222;L&#8220; je p\u0159\u00edjemn\u00fdm rozetnut\u00edm \u0161edi sou\u010dasn\u00e9 architektury, kter\u00e1 je velmi \u010dasto limitov\u00e1na maxim\u00e1ln\u00ed v\u00fdt\u011b\u017enost\u00ed prostor do prost\u00fdch obd\u00e9ln\u00edk\u016f.<br \/>\nKancel\u00e1\u0159sk\u00e9 centrum Louvre je ur\u010deno p\u0159edev\u0161\u00edm n\u00e1jemn\u00edk\u016fm, kte\u0159\u00ed hledaj\u00ed s\u00eddlo s dostate\u010dnou mo\u017enost\u00ed vlastn\u00ed prezentace, p\u0159i zachov\u00e1n\u00ed vysok\u00e9 efektivity vyu\u017eit\u00ed prostor.<br \/>\nVelmi v\u0159ele doporu\u010dujeme prohl\u00eddku. Ur\u010dit\u011b si vyberete a budete spokojeni.<\/p>\n<h2>Provize za zprost\u0159edkov\u00e1n\u00ed pron\u00e1jmu kancel\u00e1\u0159\u00ed Praha 5<\/h2>\n<p>Ve\u0161ker\u00e9 slu\u017eby na\u0161\u00ed spole\u010dnosti a jej\u00edch makl\u00e9\u0159\u016f jsou bez provize. Volejte \/ pi\u0161te nonstop.<\/p>\n<h2>Jak poptat kancel\u00e1\u0159e k pron\u00e1jmu Praha 5<\/h2>\n<p>Za\u0161lete n\u00e1m pros\u00edm jednoduchou popt\u00e1vku nebo zavolejte na\u0161emu makl\u00e9\u0159i a on v\u0161e za\u0159\u00edd\u00ed k Va\u0161\u00ed spokojenosti.<\/p>\n<p><span style=\"color: #ff0000;\"><strong>Kompletn\u00ed nab\u00eddku p\u0159iprav\u00edme do 30ti minut po zasl\u00e1n\u00ed popt\u00e1vky.<\/strong><\/span><\/p>\n<p>Rychl\u00fd popt\u00e1vkov\u00fd formul\u00e1\u0159 najdete na konci textu\u00a0a makl\u00e9\u0159e zodpov\u011bdn\u00e9ho za nemovitosti v prav\u00e9m sloupci.<\/p>\n<p>e-mail:\u00a0<strong><a href=\"mailto:info@prazskekancelare.cz\">info@prazskekancelare.com<\/a><\/strong>\u00a0\/\u00a0telefon: <strong><span style=\"color: #ff0000;\">+420 773 295 925, +420 723 984 360<\/span><\/strong><\/p>\n<h2>v\u00edce informac\u00ed o kancel\u00e1\u0159\u00edch v Radlic\u00edch Galleries Louvre:<\/h2>\n","protected":false},"author":1,"featured_media":1742,"comment_status":"closed","ping_status":"closed","template":"","yoast_head":"<!-- This site is optimized with the Yoast SEO plugin v16.4 - https:\/\/yoast.com\/wordpress\/plugins\/seo\/ -->\n<title>GALLERIES LOUVRE kancel\u00e1\u0159e Radlice Praha 5 | 500 Kancel\u00e1\u0159\u00ed \u00ae<\/title>\n<meta name=\"description\" content=\"Popt\u00e1vejte pron\u00e1jem kancel\u00e1\u0159e Galleries Louvre Praha 5 | 500 kancel\u00e1\u0159\u00ed k pron\u00e1jmu v Praze | Nab\u00eddky kancel\u00e1\u0159\u00ed na m\u00edru do 30 minut | Provize 0%.\" \/>\n<meta name=\"robots\" content=\"noindex, follow, max-snippet:-1, max-image-preview:large, max-video-preview:-1\" \/>\n<meta property=\"og:locale\" content=\"cs_CZ\" \/>\n<meta property=\"og:type\" content=\"article\" \/>\n<meta property=\"og:title\" content=\"GALLERIES LOUVRE kancel\u00e1\u0159e Radlice Praha 5 | 500 Kancel\u00e1\u0159\u00ed \u00ae\" \/>\n<meta property=\"og:description\" content=\"Popt\u00e1vejte pron\u00e1jem kancel\u00e1\u0159e Galleries Louvre Praha 5 | 500 kancel\u00e1\u0159\u00ed k pron\u00e1jmu v Praze | Nab\u00eddky kancel\u00e1\u0159\u00ed na m\u00edru do 30 minut | Provize 0%.\" \/>\n<meta property=\"og:url\" content=\"https:\/\/www.prazskekancelare.com\/test\/kancelare-k-pronajmu\/pronajem-kancelari-galleries-louvre-radlice-praha-5\/\" \/>\n<meta property=\"og:site_name\" content=\"TEST - Pron\u00e1jem kancel\u00e1\u0159e Praha\" \/>\n<meta property=\"article:modified_time\" content=\"2019-03-17T13:34:44+00:00\" \/>\n<meta property=\"og:image\" content=\"https:\/\/www.prazskekancelare.com\/test\/wp-content\/uploads\/2016\/11\/kancelare-na-praze-5.jpg\" \/>\n\t<meta property=\"og:image:width\" content=\"1435\" \/>\n\t<meta property=\"og:image:height\" content=\"842\" \/>\n<meta name=\"twitter:card\" content=\"summary\" \/>\n<meta name=\"twitter:label1\" content=\"Odhadovan\u00e1 doba \u010dten\u00ed\" \/>\n\t<meta name=\"twitter:data1\" content=\"2 minuty\" \/>\n<script type=\"application\/ld+json\" class=\"yoast-schema-graph\">{\"@context\":\"https:\/\/schema.org\",\"@graph\":[{\"@type\":\"Organization\",\"@id\":\"https:\/\/www.prazskekancelare.com\/test\/#organization\",\"name\":\"Pron\\u00e1jem kancel\\u00e1\\u0159e Praha\",\"url\":\"https:\/\/www.prazskekancelare.com\/test\/\",\"sameAs\":[],\"logo\":{\"@type\":\"ImageObject\",\"@id\":\"https:\/\/www.prazskekancelare.com\/test\/#logo\",\"inLanguage\":\"cs\",\"url\":\"https:\/\/www.prazskekancelare.com\/test\/wp-content\/uploads\/2018\/05\/prazske-kancelare-com-logo.png\",\"contentUrl\":\"https:\/\/www.prazskekancelare.com\/test\/wp-content\/uploads\/2018\/05\/prazske-kancelare-com-logo.png\",\"width\":242,\"height\":59,\"caption\":\"Pron\\u00e1jem kancel\\u00e1\\u0159e Praha\"},\"image\":{\"@id\":\"https:\/\/www.prazskekancelare.com\/test\/#logo\"}},{\"@type\":\"WebSite\",\"@id\":\"https:\/\/www.prazskekancelare.com\/test\/#website\",\"url\":\"https:\/\/www.prazskekancelare.com\/test\/\",\"name\":\"TEST - Pron\\u00e1jem kancel\\u00e1\\u0159e Praha\",\"description\":\"Pron\\u00e1jem kancel\\u00e1\\u0159e Praha a Kancelare Praha\",\"publisher\":{\"@id\":\"https:\/\/www.prazskekancelare.com\/test\/#organization\"},\"potentialAction\":[{\"@type\":\"SearchAction\",\"target\":\"https:\/\/www.prazskekancelare.com\/test\/?s={search_term_string}\",\"query-input\":\"required name=search_term_string\"}],\"inLanguage\":\"cs\"},{\"@type\":\"ImageObject\",\"@id\":\"https:\/\/www.prazskekancelare.com\/test\/kancelare-k-pronajmu\/pronajem-kancelari-galleries-louvre-radlice-praha-5\/#primaryimage\",\"inLanguage\":\"cs\",\"url\":\"https:\/\/www.prazskekancelare.com\/test\/wp-content\/uploads\/2016\/11\/kancelare-na-praze-5.jpg\",\"contentUrl\":\"https:\/\/www.prazskekancelare.com\/test\/wp-content\/uploads\/2016\/11\/kancelare-na-praze-5.jpg\",\"width\":1435,\"height\":842,\"caption\":\"kancel\\u00e1\\u0159e Radlice Praha 5\"},{\"@type\":\"WebPage\",\"@id\":\"https:\/\/www.prazskekancelare.com\/test\/kancelare-k-pronajmu\/pronajem-kancelari-galleries-louvre-radlice-praha-5\/#webpage\",\"url\":\"https:\/\/www.prazskekancelare.com\/test\/kancelare-k-pronajmu\/pronajem-kancelari-galleries-louvre-radlice-praha-5\/\",\"name\":\"GALLERIES LOUVRE kancel\\u00e1\\u0159e Radlice Praha 5 | 500 Kancel\\u00e1\\u0159\\u00ed \\u00ae\",\"isPartOf\":{\"@id\":\"https:\/\/www.prazskekancelare.com\/test\/#website\"},\"primaryImageOfPage\":{\"@id\":\"https:\/\/www.prazskekancelare.com\/test\/kancelare-k-pronajmu\/pronajem-kancelari-galleries-louvre-radlice-praha-5\/#primaryimage\"},\"datePublished\":\"2016-11-12T09:10:22+00:00\",\"dateModified\":\"2019-03-17T13:34:44+00:00\",\"description\":\"Popt\\u00e1vejte pron\\u00e1jem kancel\\u00e1\\u0159e Galleries Louvre Praha 5 | 500 kancel\\u00e1\\u0159\\u00ed k pron\\u00e1jmu v Praze | Nab\\u00eddky kancel\\u00e1\\u0159\\u00ed na m\\u00edru do 30 minut | Provize 0%.\",\"breadcrumb\":{\"@id\":\"https:\/\/www.prazskekancelare.com\/test\/kancelare-k-pronajmu\/pronajem-kancelari-galleries-louvre-radlice-praha-5\/#breadcrumb\"},\"inLanguage\":\"cs\",\"potentialAction\":[{\"@type\":\"ReadAction\",\"target\":[\"https:\/\/www.prazskekancelare.com\/test\/kancelare-k-pronajmu\/pronajem-kancelari-galleries-louvre-radlice-praha-5\/\"]}]},{\"@type\":\"BreadcrumbList\",\"@id\":\"https:\/\/www.prazskekancelare.com\/test\/kancelare-k-pronajmu\/pronajem-kancelari-galleries-louvre-radlice-praha-5\/#breadcrumb\",\"itemListElement\":[{\"@type\":\"ListItem\",\"position\":1,\"item\":{\"@type\":\"WebPage\",\"@id\":\"https:\/\/www.prazskekancelare.com\/test\/\",\"url\":\"https:\/\/www.prazskekancelare.com\/test\/\",\"name\":\"Dom\\u016f\"}},{\"@type\":\"ListItem\",\"position\":2,\"item\":{\"@type\":\"WebPage\",\"@id\":\"https:\/\/www.prazskekancelare.com\/test\/kancelare-k-pronajmu\/\",\"url\":\"https:\/\/www.prazskekancelare.com\/test\/kancelare-k-pronajmu\/\",\"name\":\"Properties\"}},{\"@type\":\"ListItem\",\"position\":3,\"item\":{\"@id\":\"https:\/\/www.prazskekancelare.com\/test\/kancelare-k-pronajmu\/pronajem-kancelari-galleries-louvre-radlice-praha-5\/#webpage\"}}]}]}<\/script>\n<!-- \/ Yoast SEO plugin. -->","cmb2":{"property_general":{"property_id":"ANO","property_year_built":"","property_address":"Kutvirtova 339\/5,\r\n 150 00 Praha 5\r\n","property_zip":"","property_contract":"","property_gallery":"","property_plans":"","property_video":"","property_parent_property":""},"property_flags":{"property_featured":"","property_sticky":"","property_reduced":"","property_sold":""},"property_contact":{"property_contact_name":"","property_contact_phone":""},"property_pricing":{"property_price":"250","property_price_prefix":"od","property_price_suffix":"K\u010d\/m2","property_price_custom":""},"property_attributes":{"property_rooms":"NE","property_beds":"5","property_baths":"NE","property_garages":"NE \/ \u010d\u00e1ste\u010dn\u011b","property_home_area":"","property_lot_dimensions":"","property_lot_area":"30 m2 - 2.000 m2"},"property_valuation":{"property_valuation_group":""},"property_public_facilities":{"property_public_facilities_group":""},"property_map_location":{"property_map_location":{"latitude":"50.0575472","longitude":"14.393064500000037"}},"property_relations":{"property_agents":["260"]}},"_links":{"self":[{"href":"https:\/\/www.prazskekancelare.com\/test\/wp-json\/wp\/v2\/property\/1744"}],"collection":[{"href":"https:\/\/www.prazskekancelare.com\/test\/wp-json\/wp\/v2\/property"}],"about":[{"href":"https:\/\/www.prazskekancelare.com\/test\/wp-json\/wp\/v2\/types\/property"}],"author":[{"embeddable":true,"href":"https:\/\/www.prazskekancelare.com\/test\/wp-json\/wp\/v2\/users\/1"}],"replies":[{"embeddable":true,"href":"https:\/\/www.prazskekancelare.com\/test\/wp-json\/wp\/v2\/comments?post=1744"}],"wp:featuredmedia":[{"embeddable":true,"href":"https:\/\/www.prazskekancelare.com\/test\/wp-json\/wp\/v2\/media\/1742"}],"wp:attachment":[{"href":"https:\/\/www.prazskekancelare.com\/test\/wp-json\/wp\/v2\/media?parent=1744"}],"curies":[{"name":"wp","href":"https:\/\/api.w.org\/{rel}","templated":true}]}}