{"id":1670,"date":"2016-10-06T16:54:01","date_gmt":"2016-10-06T14:54:01","guid":{"rendered":"https:\/\/www.prazskekancelare.com\/test\/?post_type=property&#038;p=1670"},"modified":"2020-02-23T17:46:32","modified_gmt":"2020-02-23T16:46:32","slug":"pronajem-kancelare-na-letisti-vaclava-havla-ruzyne-praha-6","status":"publish","type":"property","link":"https:\/\/www.prazskekancelare.com\/test\/kancelare-k-pronajmu\/pronajem-kancelare-na-letisti-vaclava-havla-ruzyne-praha-6\/","title":{"rendered":"Kancel\u00e1\u0159e LETI\u0160T\u011a Praha 6 Ruzyn\u011b <span style=\"color: #ff0000;\">V\u00ddHODN\u00c9<\/span>"},"content":{"rendered":"<p>\n\t<ul id=\"slideshowgallery52977\" class=\"slideshowgallery52977\" style=\"display:none;\">\n\t\t\t\t\t<!-- From all slides or gallery slides -->\n\t\t\t\t\t\t\t<li>\n\t\t\t\t\t<h3 style=\"opacity:70;\">pronajem-kancelari-na-letisti<\/h3>\n\t\t\t\t\t\t\t\t\t\t\t<span data-alt=\"pronajem-kancelari-na-letisti\">https:\/\/www.prazskekancelare.com\/test\/wp-content\/uploads\/2016\/10\/pronajem-kancelari-na-letisti.jpg<\/span>\n\t\t\t\t\t\t\t\t\t\t<p><\/p>\n\t\t\t\t\t\t\t\t\t\t\t\t\t\t\t\t\t\t<a><img class=\"skip-lazy\" src=\"https:\/\/www.prazskekancelare.com\/test\/wp-content\/uploads\/2016\/10\/pronajem-kancelari-na-letisti-400x300.jpg\" alt=\"pronajem-kancelari-na-letisti\" \/><\/a>\n\t\t\t\t\t\t\t\t\t\t\t\t\t\t\t<\/li>\n\t\t\t\t\t\t\t<li>\n\t\t\t\t\t<h3 style=\"opacity:70;\">pronajem-kancelari-letiste-praha<\/h3>\n\t\t\t\t\t\t\t\t\t\t\t<span data-alt=\"pronajem-kancelari-letiste-praha\">https:\/\/www.prazskekancelare.com\/test\/wp-content\/uploads\/2016\/10\/pronajem-kancelari-letiste-praha.jpg<\/span>\n\t\t\t\t\t\t\t\t\t\t<p><\/p>\n\t\t\t\t\t\t\t\t\t\t\t\t\t\t\t\t\t\t<a><img class=\"skip-lazy\" src=\"https:\/\/www.prazskekancelare.com\/test\/wp-content\/uploads\/2016\/10\/pronajem-kancelari-letiste-praha-300x225.jpg\" alt=\"pronajem-kancelari-letiste-praha\" \/><\/a>\n\t\t\t\t\t\t\t\t\t\t\t\t\t\t\t<\/li>\n\t\t\t\t\t\t\t<li>\n\t\t\t\t\t<h3 style=\"opacity:70;\">letiste-kancelare<\/h3>\n\t\t\t\t\t\t\t\t\t\t\t<span data-alt=\"letiste-kancelare\">https:\/\/www.prazskekancelare.com\/test\/wp-content\/uploads\/2016\/10\/letiste-kancelare.jpg<\/span>\n\t\t\t\t\t\t\t\t\t\t<p><\/p>\n\t\t\t\t\t\t\t\t\t\t\t\t\t\t\t\t\t\t<a><img class=\"skip-lazy\" src=\"https:\/\/www.prazskekancelare.com\/test\/wp-content\/uploads\/2016\/10\/letiste-kancelare-400x300.jpg\" alt=\"letiste-kancelare\" \/><\/a>\n\t\t\t\t\t\t\t\t\t\t\t\t\t\t\t<\/li>\n\t\t\t\t\t\t\t<li>\n\t\t\t\t\t<h3 style=\"opacity:70;\">kancelare-k-pronajmu-letiste<\/h3>\n\t\t\t\t\t\t\t\t\t\t\t<span data-alt=\"kancelare-k-pronajmu-letiste\">https:\/\/www.prazskekancelare.com\/test\/wp-content\/uploads\/2016\/10\/kancelare-k-pronajmu-letiste.jpg<\/span>\n\t\t\t\t\t\t\t\t\t\t<p><\/p>\n\t\t\t\t\t\t\t\t\t\t\t\t\t\t\t\t\t\t<a><img class=\"skip-lazy\" src=\"https:\/\/www.prazskekancelare.com\/test\/wp-content\/uploads\/2016\/10\/kancelare-k-pronajmu-letiste-400x300.jpg\" alt=\"kancelare-k-pronajmu-letiste\" \/><\/a>\n\t\t\t\t\t\t\t\t\t\t\t\t\t\t\t<\/li>\n\t\t\t\t\t\t\t<li>\n\t\t\t\t\t<h3 style=\"opacity:70;\">vybavenekancelareletiste<\/h3>\n\t\t\t\t\t\t\t\t\t\t\t<span data-alt=\"vybavenekancelareletiste\">https:\/\/www.prazskekancelare.com\/test\/wp-content\/uploads\/2018\/10\/vybavenekancelareletiste.jpg<\/span>\n\t\t\t\t\t\t\t\t\t\t<p><\/p>\n\t\t\t\t\t\t\t\t\t\t\t\t\t\t\t\t\t\t<a><img class=\"skip-lazy\" src=\"https:\/\/www.prazskekancelare.com\/test\/wp-content\/uploads\/2018\/10\/vybavenekancelareletiste-400x300.jpg\" alt=\"vybavenekancelareletiste\" \/><\/a>\n\t\t\t\t\t\t\t\t\t\t\t\t\t\t\t<\/li>\n\t\t\t\t\t\t\t<li>\n\t\t\t\t\t<h3 style=\"opacity:70;\">letisteprahakancelare<\/h3>\n\t\t\t\t\t\t\t\t\t\t\t<span data-alt=\"letisteprahakancelare\">https:\/\/www.prazskekancelare.com\/test\/wp-content\/uploads\/2018\/10\/letisteprahakancelare.jpg<\/span>\n\t\t\t\t\t\t\t\t\t\t<p><\/p>\n\t\t\t\t\t\t\t\t\t\t\t\t\t\t\t\t\t\t<a><img class=\"skip-lazy\" src=\"https:\/\/www.prazskekancelare.com\/test\/wp-content\/uploads\/2018\/10\/letisteprahakancelare-400x300.jpg\" alt=\"letisteprahakancelare\" \/><\/a>\n\t\t\t\t\t\t\t\t\t\t\t\t\t\t\t<\/li>\n\t\t\t\t\t\t\t<li>\n\t\t\t\t\t<h3 style=\"opacity:70;\">kancelarenaletistipraha<\/h3>\n\t\t\t\t\t\t\t\t\t\t\t<span data-alt=\"kancelarenaletistipraha\">https:\/\/www.prazskekancelare.com\/test\/wp-content\/uploads\/2018\/10\/kancelarenaletistipraha.jpg<\/span>\n\t\t\t\t\t\t\t\t\t\t<p><\/p>\n\t\t\t\t\t\t\t\t\t\t\t\t\t\t\t\t\t\t<a><img class=\"skip-lazy\" src=\"https:\/\/www.prazskekancelare.com\/test\/wp-content\/uploads\/2018\/10\/kancelarenaletistipraha-400x300.jpg\" alt=\"kancelarenaletistipraha\" \/><\/a>\n\t\t\t\t\t\t\t\t\t\t\t\t\t\t\t<\/li>\n\t\t\t\t\t\t\t<li>\n\t\t\t\t\t<h3 style=\"opacity:70;\">kancelareletistepraha<\/h3>\n\t\t\t\t\t\t\t\t\t\t\t<span data-alt=\"kancelareletistepraha\">https:\/\/www.prazskekancelare.com\/test\/wp-content\/uploads\/2018\/10\/kancelareletistepraha.jpg<\/span>\n\t\t\t\t\t\t\t\t\t\t<p><\/p>\n\t\t\t\t\t\t\t\t\t\t\t\t\t\t\t\t\t\t<a><img class=\"skip-lazy\" src=\"https:\/\/www.prazskekancelare.com\/test\/wp-content\/uploads\/2018\/10\/kancelareletistepraha-400x300.jpg\" alt=\"kancelareletistepraha\" \/><\/a>\n\t\t\t\t\t\t\t\t\t\t\t\t\t\t\t<\/li>\n\t\t\t\t\t\t<\/ul>\n\n\t\t<div id=\"slideshow-wrappergallery52977\" class=\"slideshow-wrapper\" style=\"--slideshow-width:988px\">\n\t\t\n\t\t<div class=\"slideshow-fullsize\" id=\"fullsizegallery52977\">\n\t\t\t\t\t\t\t\t\t\t\t\t\t\t<div id=\"imgprevgallery52977\" class=\"slideshow-imgprev imgnav\" title=\"Previous Image\">Previous Image<\/div>\n\t\t\t\t\t\t<a id=\"imglinkgallery52977\" class=\"slideshow-imglink imglink\">\n\t\t\t\t<!-- link -->\n\t\t\t<\/a>\n\t\t\t\t\t\t\t\t\t\t\t<div id=\"imgnextgallery52977\" class=\"slideshow-imgnext imgnav\" title=\"Next Image\">Next Image<\/div>\n\t\t\t\t\t\t<div id=\"imagegallery52977\" class=\"slideshow-image\"><\/div>\n\t\t\t<div class=\"slideshow-information infobottom\" id=\"informationgallery52977\">\n\t\t\t\t<h3 class=\"slideshow-info-heading\">info heading<\/h3>\n\t\t\t\t<p class=\"slideshow-info-content\">info content<\/p>\n\t\t\t<\/div>\n\t\t<\/div>\n\n\t\t\t\t\t<div id=\"thumbnailsgallery52977\" class=\"slideshow-thumbnails thumbsbot\">\n\t\t\t\t<div class=\"slideshow-slideleft\" id=\"slideleftgallery52977\" title=\"Slide Left\"><\/div>\n\t\t\t\t<div class=\"slideshow-slidearea\" id=\"slideareagallery52977\">\n\t\t\t\t\t<div class=\"slideshow-slider\" id=\"slidergallery52977\"><\/div>\n\t\t\t\t<\/div>\n\t\t\t\t<div class=\"slideshow-slideright\" id=\"sliderightgallery52977\" title=\"Slide Right\"><\/div>\n\t\t\t\t<br style=\"clear:both; visibility:hidden; height:1px;\" \/>\n\t\t\t<\/div>\n\t\t\t<\/div>\n\n\t<br \/>\nP\u0159edstavujeme <strong>kancel\u00e1\u0159e na leti\u0161ti Praha V\u00e1clava Havla Ruzyn\u011b\u00a0\u2705<\/strong>, velmi zaj\u00edmav\u00e9 a nov\u00e9 kancel\u00e1\u0159e k pron\u00e1jmu v modern\u00edch budov\u00e1ch. <strong>Pron\u00e1jem kancel\u00e1\u0159e na leti\u0161ti Praha<\/strong> je situov\u00e1n v modern\u00ed, sklen\u011bn\u00e9 budov\u011b ihned vedle hotelu Courtyard Marriott. Kancel\u00e1\u0159e k pron\u00e1jmu najdete p\u0159\u00edmo p\u0159ed Termin\u00e1lem 1 a 2 a s Termin\u00e1lem 2 jsou p\u0159\u00edmo propojena nad\u00farov\u0148ov\u00fdm mostem.<br \/>\n<strong>Leti\u0161t\u011b V\u00e1clava Havla<\/strong>\u00a0je modern\u00ed a prostorn\u00e9 mezin\u00e1rodn\u00ed leti\u0161t\u011b na severoz\u00e1padn\u00edm okraji Prahy. Je vzd\u00e1len\u00e9 pouh\u00fdch 20 minut j\u00edzdy ze z\u00e1padn\u00edho Pra\u017esk\u00e9ho okruhu, snadno dostupn\u00e9ho z kter\u00e9koliv \u010d\u00e1sti m\u011bsta.&#8220;<\/p>\n<h2><strong>Leti\u0161t\u011b Praha\u00a0kancel\u00e1\u0159e\u00a0<\/strong><span style=\"color: #ff0000;\"><em>(mal\u00e9 i velk\u00e9)<\/em><\/span><strong>\u00a0<\/strong><\/h2>\n<ul>\n<li><span style=\"color: #ff0000;\"><strong>od 5 m2:\u00a0<\/strong><\/span>\u00a0pro mal\u00e9 spole\u010dnost, za\u010d\u00ednaj\u00edc\u00ed podnikatele \/ \u017eivnostn\u00edky, virtu\u00e1ln\u00ed s\u00eddla, &#8230;<\/li>\n<li><span style=\"color: #ff0000;\"><strong>od 100 m2 &#8211; 1.000 m2:<\/strong><\/span>\u00a0pro v\u011bt\u0161\u00ed \/ velk\u00e9 spole\u010dnosti\u00a0 &#8211;\u00a0<strong>velmi v\u00fdhodn\u00e9!\u00a0<\/strong><em>(spo\u010d\u00edt\u00e1me v\u00e1m \u00faspory)<\/em><\/li>\n<\/ul>\n<p><span style=\"color: #ff0000;\"><strong>Popt\u00e1vejte IHNED nez\u00e1vazn\u011b | V\u00fdhodn\u00e9 ceny a BEZ provize:<\/strong><\/span><\/p>\n<div id=\"attachment_3617\" style=\"width: 310px\" class=\"wp-caption alignnone\"><a href=\"\/poptavka-po-kancelarich-k-pronajmu\/\" target=\"_blank\"><img aria-describedby=\"caption-attachment-3617\" loading=\"lazy\" class=\"wp-image-3617 size-medium\" src=\"https:\/\/www.prazskekancelare.com\/test\/wp-content\/uploads\/2019\/12\/kancelare-5-5000m-300x46.png\" alt=\"Kancel\u00e1\u0159e leti\u0161t\u011b praha\" width=\"300\" height=\"46\" srcset=\"https:\/\/www.prazskekancelare.com\/test\/wp-content\/uploads\/2019\/12\/kancelare-5-5000m-300x46.png 300w, https:\/\/www.prazskekancelare.com\/test\/wp-content\/uploads\/2019\/12\/kancelare-5-5000m-1024x156.png 1024w\" sizes=\"(max-width: 300px) 100vw, 300px\" \/><\/a><p id=\"caption-attachment-3617\" class=\"wp-caption-text\"><span style=\"color: #ffffff;\">Kancel\u00e1\u0159e leti\u0161t\u011b praha<\/span><\/p><\/div>\n<p><span style=\"color: #ff0000;\"><strong>N\u00e1\u0161 tip:<\/strong>\u00a0<\/span>Za\u0161lete n\u00e1m rychl\u00fd\u00a0<a href=\"\/poptavka-po-kancelarich-k-pronajmu\/\" target=\"_blank\"><strong>popt\u00e1vkov\u00fd formul\u00e1\u0159<\/strong>\u00a0<\/a>a my V\u00e1m b\u011bhem 30 minut\u00a0p\u0159iprav\u00edme kompletn\u00ed nab\u00eddku dle Va\u0161ich specifikac\u00ed a bez provize. <strong>V nab\u00eddce m\u00e1me 500 kancel\u00e1\u0159\u00ed v Praze<\/strong>. T\u011b\u0161\u00edme se na spolupr\u00e1ci.<\/p>\n<h2>Kancel\u00e1\u0159e na leti\u0161ti v Praze &#8211; typy kancel\u00e1\u0159\u00ed<\/h2>\n<p><strong>Kancel\u00e1\u0159sk\u00e9 centrum na pra\u017esk\u00e9m leti\u0161ti<\/strong> disponuje pln\u011b vybaven\u00fdmi kancel\u00e1\u0159emi, zasedac\u00edmi m\u00edstnostmi a business loung\u00ed, kterou kr\u00e1tkodob\u011b vyu\u017eij\u00ed hlavn\u011b klienti p\u0159ed odletem \u010di po p\u0159\u00edletu. Komfort pro n\u00e1v\u0161t\u011bvn\u00edky zvy\u0161uje tak\u00e9 n\u011bkolik p\u0159ilehl\u00fdch restaurac\u00ed a kav\u00e1ren, nap\u0159. Ol\u00e9o Pazzo Mediterranean Bistro.<\/p>\n<h2>V\u00fdhody pron\u00e1jmu kancel\u00e1\u0159e na leti\u0161ti V\u00e1clava Havla Praha<\/h2>\n<p>&#8211; Nonstop otev\u0159eno a monitorov\u00e1no CCTV<br \/>\n&#8211; Business lounge u kancel\u00e1\u0159\u00ed, kter\u00e9 je otev\u0159eno v\u0161em n\u00e1v\u0161t\u011bvn\u00edk\u016fm<br \/>\n&#8211; Zasedac\u00ed m\u00edstnosti<br \/>\n&#8211; Zdvojen\u00e1 venkovn\u00ed skla<br \/>\n&#8211; Vysokorychlostn\u00ed internet<br \/>\n&#8211; Sprchy a ve\u0161ker\u00e9 z\u00e1zem\u00ed<br \/>\n&#8211; Um\u00edst\u011bn\u00ed p\u0159\u00edmo na leti\u0161ni v praze<br \/>\n&#8211; Parkov\u00e1n\u00ed v budov\u011b<br \/>\n&#8211; Don\u00e1\u017ekov\u00e1 prodej sendvi\u010d\u016f a n\u00e1poj\u016f<br \/>\n&#8211; Restaurace a kav\u00e1rny v okol\u00ed kancel\u00e1\u0159\u00ed<br \/>\n&#8211; Videokonferen\u010dn\u00ed za\u0159\u00edzen\u00ed<\/p>\n<h2>Provize za kancel\u00e1\u0159e na leti\u0161ti Ruzyn\u011b<\/h2>\n<p>Ve\u0161ker\u00e9 slu\u017eby na\u0161\u00ed spole\u010dnosti a jej\u00edch makl\u00e9\u0159\u016f jsou bez provize. Popt\u00e1vejte tedy <strong>kancel\u00e1\u0159e na leti\u0161ti ZDARMA<\/strong>, nab\u00eddky na m\u00edru p\u0159iprav\u00edme do 30 minut.<\/p>\n<h2>Jak poptat kancel\u00e1\u0159 na Praze 6 leti\u0161ti?<\/h2>\n<p>Pro zasl\u00e1n\u00ed kompletn\u00ed nab\u00eddky s aktu\u00e1ln\u011b dostupn\u00fdmi <strong>pron\u00e1jmy kancel\u00e1\u0159\u00ed na leti\u0161ti<\/strong>,\u00a0n\u00e1s pros\u00edm nev\u00e1hejte kdykoli kontaktovat.<\/p>\n<p>Rychl\u00fd popt\u00e1vkov\u00fd formul\u00e1\u0159 najdete na konci textu\u00a0a makl\u00e9\u0159e zodpov\u011bdn\u00e9ho za nemovitosti v prav\u00e9m sloupci.<br \/>\ne-mail:\u00a0<strong><a href=\"mailto:info@prazskekancelare.cz\">info@prazskekancelare.cz<\/a><\/strong>\u00a0\/\u00a0telefon: <strong><span style=\"color: #ff0000;\">+420 773 295 925, +420 723 984 360.\u00a0<\/span><\/strong><\/p>\n<div id=\"attachment_3619\" style=\"width: 310px\" class=\"wp-caption alignnone\"><a href=\"\/poptavka-po-kancelarich-k-pronajmu\/\" target=\"_blank\"><img aria-describedby=\"caption-attachment-3619\" loading=\"lazy\" class=\"wp-image-3619 size-medium\" src=\"https:\/\/www.prazskekancelare.com\/test\/wp-content\/uploads\/2019\/12\/poptavejte-bez-provize-300x48.png\" alt=\"pron\u00e1jem kancel\u00e1\u0159e praha leti\u0161t\u011b \" width=\"300\" height=\"48\" srcset=\"https:\/\/www.prazskekancelare.com\/test\/wp-content\/uploads\/2019\/12\/poptavejte-bez-provize-300x48.png 300w, https:\/\/www.prazskekancelare.com\/test\/wp-content\/uploads\/2019\/12\/poptavejte-bez-provize-1024x163.png 1024w\" sizes=\"(max-width: 300px) 100vw, 300px\" \/><\/a><p id=\"caption-attachment-3619\" class=\"wp-caption-text\">pron\u00e1jem kancel\u00e1\u0159e praha leti\u0161t\u011b<\/p><\/div>\n<h2>v\u00edce informac\u00ed:<\/h2>\n","protected":false},"author":1,"featured_media":1668,"comment_status":"closed","ping_status":"closed","template":"","yoast_head":"<!-- This site is optimized with the Yoast SEO plugin v16.4 - https:\/\/yoast.com\/wordpress\/plugins\/seo\/ -->\n<title>KANCEL\u00c1\u0158E LETI\u0160T\u011a ????V\u00e1clava Havla Praha Ruzyn\u011b LEVN\u011a<\/title>\n<meta name=\"description\" content=\"Popt\u00e1vejte kancel\u00e1\u0159e leti\u0161t\u011b Praha V\u00e1clava Havla Ruzyn\u011b \u2705| Kancel\u00e1\u0159e na leti\u0161ti v\u00fdhodn\u011b \u2705| Nab\u00eddka 600 kancel\u00e1\u0159\u00ed k pron\u00e1jmu na leti\u0161ti BEZ provize ZDE.\" \/>\n<meta name=\"robots\" content=\"noindex, follow, max-snippet:-1, max-image-preview:large, max-video-preview:-1\" \/>\n<meta property=\"og:locale\" content=\"cs_CZ\" \/>\n<meta property=\"og:type\" content=\"article\" \/>\n<meta property=\"og:title\" content=\"KANCEL\u00c1\u0158E LETI\u0160T\u011a ????V\u00e1clava Havla Praha Ruzyn\u011b LEVN\u011a\" \/>\n<meta property=\"og:description\" content=\"Popt\u00e1vejte kancel\u00e1\u0159e leti\u0161t\u011b Praha V\u00e1clava Havla Ruzyn\u011b \u2705| Kancel\u00e1\u0159e na leti\u0161ti v\u00fdhodn\u011b \u2705| Nab\u00eddka 600 kancel\u00e1\u0159\u00ed k pron\u00e1jmu na leti\u0161ti BEZ provize ZDE.\" \/>\n<meta property=\"og:url\" content=\"https:\/\/www.prazskekancelare.com\/test\/kancelare-k-pronajmu\/pronajem-kancelare-na-letisti-vaclava-havla-ruzyne-praha-6\/\" \/>\n<meta property=\"og:site_name\" content=\"TEST - Pron\u00e1jem kancel\u00e1\u0159e Praha\" \/>\n<meta property=\"article:modified_time\" content=\"2020-02-23T16:46:32+00:00\" \/>\n<meta property=\"og:image\" content=\"https:\/\/www.prazskekancelare.com\/test\/wp-content\/uploads\/2016\/10\/pronajem-kancelari-letiste-praha.jpg\" \/>\n\t<meta property=\"og:image:width\" content=\"736\" \/>\n\t<meta property=\"og:image:height\" content=\"551\" \/>\n<meta name=\"twitter:card\" content=\"summary\" \/>\n<meta name=\"twitter:label1\" content=\"Odhadovan\u00e1 doba \u010dten\u00ed\" \/>\n\t<meta name=\"twitter:data1\" content=\"3 minuty\" \/>\n<script type=\"application\/ld+json\" class=\"yoast-schema-graph\">{\"@context\":\"https:\/\/schema.org\",\"@graph\":[{\"@type\":\"Organization\",\"@id\":\"https:\/\/www.prazskekancelare.com\/test\/#organization\",\"name\":\"Pron\\u00e1jem kancel\\u00e1\\u0159e Praha\",\"url\":\"https:\/\/www.prazskekancelare.com\/test\/\",\"sameAs\":[],\"logo\":{\"@type\":\"ImageObject\",\"@id\":\"https:\/\/www.prazskekancelare.com\/test\/#logo\",\"inLanguage\":\"cs\",\"url\":\"https:\/\/www.prazskekancelare.com\/test\/wp-content\/uploads\/2018\/05\/prazske-kancelare-com-logo.png\",\"contentUrl\":\"https:\/\/www.prazskekancelare.com\/test\/wp-content\/uploads\/2018\/05\/prazske-kancelare-com-logo.png\",\"width\":242,\"height\":59,\"caption\":\"Pron\\u00e1jem kancel\\u00e1\\u0159e Praha\"},\"image\":{\"@id\":\"https:\/\/www.prazskekancelare.com\/test\/#logo\"}},{\"@type\":\"WebSite\",\"@id\":\"https:\/\/www.prazskekancelare.com\/test\/#website\",\"url\":\"https:\/\/www.prazskekancelare.com\/test\/\",\"name\":\"TEST - Pron\\u00e1jem kancel\\u00e1\\u0159e Praha\",\"description\":\"Pron\\u00e1jem kancel\\u00e1\\u0159e Praha a Kancelare Praha\",\"publisher\":{\"@id\":\"https:\/\/www.prazskekancelare.com\/test\/#organization\"},\"potentialAction\":[{\"@type\":\"SearchAction\",\"target\":\"https:\/\/www.prazskekancelare.com\/test\/?s={search_term_string}\",\"query-input\":\"required name=search_term_string\"}],\"inLanguage\":\"cs\"},{\"@type\":\"ImageObject\",\"@id\":\"https:\/\/www.prazskekancelare.com\/test\/kancelare-k-pronajmu\/pronajem-kancelare-na-letisti-vaclava-havla-ruzyne-praha-6\/#primaryimage\",\"inLanguage\":\"cs\",\"url\":\"https:\/\/www.prazskekancelare.com\/test\/wp-content\/uploads\/2016\/10\/pronajem-kancelari-letiste-praha.jpg\",\"contentUrl\":\"https:\/\/www.prazskekancelare.com\/test\/wp-content\/uploads\/2016\/10\/pronajem-kancelari-letiste-praha.jpg\",\"width\":736,\"height\":551,\"caption\":\"Leti\\u0161t\\u011b V\\u00e1clava Havla kancel\\u00e1\\u0159e k pron\\u00e1jmu Praha 6\"},{\"@type\":\"WebPage\",\"@id\":\"https:\/\/www.prazskekancelare.com\/test\/kancelare-k-pronajmu\/pronajem-kancelare-na-letisti-vaclava-havla-ruzyne-praha-6\/#webpage\",\"url\":\"https:\/\/www.prazskekancelare.com\/test\/kancelare-k-pronajmu\/pronajem-kancelare-na-letisti-vaclava-havla-ruzyne-praha-6\/\",\"name\":\"KANCEL\\u00c1\\u0158E LETI\\u0160T\\u011a ????V\\u00e1clava Havla Praha Ruzyn\\u011b LEVN\\u011a\",\"isPartOf\":{\"@id\":\"https:\/\/www.prazskekancelare.com\/test\/#website\"},\"primaryImageOfPage\":{\"@id\":\"https:\/\/www.prazskekancelare.com\/test\/kancelare-k-pronajmu\/pronajem-kancelare-na-letisti-vaclava-havla-ruzyne-praha-6\/#primaryimage\"},\"datePublished\":\"2016-10-06T14:54:01+00:00\",\"dateModified\":\"2020-02-23T16:46:32+00:00\",\"description\":\"Popt\\u00e1vejte kancel\\u00e1\\u0159e leti\\u0161t\\u011b Praha V\\u00e1clava Havla Ruzyn\\u011b \\u2705| Kancel\\u00e1\\u0159e na leti\\u0161ti v\\u00fdhodn\\u011b \\u2705| Nab\\u00eddka 600 kancel\\u00e1\\u0159\\u00ed k pron\\u00e1jmu na leti\\u0161ti BEZ provize ZDE.\",\"breadcrumb\":{\"@id\":\"https:\/\/www.prazskekancelare.com\/test\/kancelare-k-pronajmu\/pronajem-kancelare-na-letisti-vaclava-havla-ruzyne-praha-6\/#breadcrumb\"},\"inLanguage\":\"cs\",\"potentialAction\":[{\"@type\":\"ReadAction\",\"target\":[\"https:\/\/www.prazskekancelare.com\/test\/kancelare-k-pronajmu\/pronajem-kancelare-na-letisti-vaclava-havla-ruzyne-praha-6\/\"]}]},{\"@type\":\"BreadcrumbList\",\"@id\":\"https:\/\/www.prazskekancelare.com\/test\/kancelare-k-pronajmu\/pronajem-kancelare-na-letisti-vaclava-havla-ruzyne-praha-6\/#breadcrumb\",\"itemListElement\":[{\"@type\":\"ListItem\",\"position\":1,\"item\":{\"@type\":\"WebPage\",\"@id\":\"https:\/\/www.prazskekancelare.com\/test\/\",\"url\":\"https:\/\/www.prazskekancelare.com\/test\/\",\"name\":\"Dom\\u016f\"}},{\"@type\":\"ListItem\",\"position\":2,\"item\":{\"@type\":\"WebPage\",\"@id\":\"https:\/\/www.prazskekancelare.com\/test\/kancelare-k-pronajmu\/\",\"url\":\"https:\/\/www.prazskekancelare.com\/test\/kancelare-k-pronajmu\/\",\"name\":\"Properties\"}},{\"@type\":\"ListItem\",\"position\":3,\"item\":{\"@id\":\"https:\/\/www.prazskekancelare.com\/test\/kancelare-k-pronajmu\/pronajem-kancelare-na-letisti-vaclava-havla-ruzyne-praha-6\/#webpage\"}}]}]}<\/script>\n<!-- \/ Yoast SEO plugin. -->","cmb2":{"property_general":{"property_id":"ANO","property_year_built":"","property_address":"Aviatick\u00e1 1092\/8, \r\n161 00 Praha 6\r\n","property_zip":"","property_contract":"","property_gallery":"","property_plans":"","property_video":"","property_parent_property":""},"property_flags":{"property_featured":"","property_sticky":"","property_reduced":"","property_sold":""},"property_contact":{"property_contact_name":"","property_contact_phone":""},"property_pricing":{"property_price":"290","property_price_prefix":"od","property_price_suffix":"K\u010d\/m2","property_price_custom":""},"property_attributes":{"property_rooms":"ANO","property_beds":"6","property_baths":"NE","property_garages":"ANO","property_home_area":"","property_lot_dimensions":"","property_lot_area":"10 m2 - 1000 m2"},"property_valuation":{"property_valuation_group":""},"property_public_facilities":{"property_public_facilities_group":""},"property_map_location":{"property_map_location":{"latitude":"50.1065611","longitude":"14.269654700000046"}},"property_relations":{"property_agents":["260"]}},"_links":{"self":[{"href":"https:\/\/www.prazskekancelare.com\/test\/wp-json\/wp\/v2\/property\/1670"}],"collection":[{"href":"https:\/\/www.prazskekancelare.com\/test\/wp-json\/wp\/v2\/property"}],"about":[{"href":"https:\/\/www.prazskekancelare.com\/test\/wp-json\/wp\/v2\/types\/property"}],"author":[{"embeddable":true,"href":"https:\/\/www.prazskekancelare.com\/test\/wp-json\/wp\/v2\/users\/1"}],"replies":[{"embeddable":true,"href":"https:\/\/www.prazskekancelare.com\/test\/wp-json\/wp\/v2\/comments?post=1670"}],"wp:featuredmedia":[{"embeddable":true,"href":"https:\/\/www.prazskekancelare.com\/test\/wp-json\/wp\/v2\/media\/1668"}],"wp:attachment":[{"href":"https:\/\/www.prazskekancelare.com\/test\/wp-json\/wp\/v2\/media?parent=1670"}],"curies":[{"name":"wp","href":"https:\/\/api.w.org\/{rel}","templated":true}]}}