{"id":1662,"date":"2016-09-08T15:10:50","date_gmt":"2016-09-08T13:10:50","guid":{"rendered":"https:\/\/www.prazskekancelare.com\/test\/?post_type=property&#038;p=1662"},"modified":"2020-01-14T20:37:46","modified_gmt":"2020-01-14T19:37:46","slug":"pronajem-kancelari-atrium-flora-praha-3","status":"publish","type":"property","link":"https:\/\/www.prazskekancelare.com\/test\/kancelare-k-pronajmu\/pronajem-kancelari-atrium-flora-praha-3\/","title":{"rendered":"ATRIUM FLORA Kancel\u00e1\u0159e Praha 3 <span style=\"color: #ff0000;\">v\u00fdhodn\u00e9<\/span>"},"content":{"rendered":"<p>\n\t<ul id=\"slideshowgallery51361\" class=\"slideshowgallery51361\" style=\"display:none;\">\n\t\t\t\t\t<!-- From all slides or gallery slides -->\n\t\t\t\t\t\t\t<li>\n\t\t\t\t\t<h3 style=\"opacity:70;\">flora-kancelare-k-pronajmu<\/h3>\n\t\t\t\t\t\t\t\t\t\t\t<span data-alt=\"flora-kancelare-k-pronajmu\">https:\/\/www.prazskekancelare.com\/test\/wp-content\/uploads\/2016\/09\/flora-kancelare-k-pronajmu.jpg<\/span>\n\t\t\t\t\t\t\t\t\t\t<p><\/p>\n\t\t\t\t\t\t\t\t\t\t\t\t\t\t\t\t\t\t<a><img class=\"skip-lazy\" src=\"https:\/\/www.prazskekancelare.com\/test\/wp-content\/uploads\/2016\/09\/flora-kancelare-k-pronajmu-400x300.jpg\" alt=\"flora-kancelare-k-pronajmu\" \/><\/a>\n\t\t\t\t\t\t\t\t\t\t\t\t\t\t\t<\/li>\n\t\t\t\t\t\t\t<li>\n\t\t\t\t\t<h3 style=\"opacity:70;\">pronajem kancelare na flore praha 3<\/h3>\n\t\t\t\t\t\t\t\t\t\t\t<span data-alt=\"pronajem-kancelare-na-flore-praha-3\">https:\/\/www.prazskekancelare.com\/test\/wp-content\/uploads\/2017\/03\/pronajem-kancelare-na-flore-praha-3.jpg<\/span>\n\t\t\t\t\t\t\t\t\t\t<p><\/p>\n\t\t\t\t\t\t\t\t\t\t\t\t\t\t\t\t\t\t<a><img class=\"skip-lazy\" src=\"https:\/\/www.prazskekancelare.com\/test\/wp-content\/uploads\/2017\/03\/pronajem-kancelare-na-flore-praha-3-400x300.jpg\" alt=\"pronajem-kancelare-na-flore-praha-3\" \/><\/a>\n\t\t\t\t\t\t\t\t\t\t\t\t\t\t\t<\/li>\n\t\t\t\t\t\t\t<li>\n\t\t\t\t\t<h3 style=\"opacity:70;\">pronajem kancelari flora vybavene<\/h3>\n\t\t\t\t\t\t\t\t\t\t\t<span data-alt=\"pronajem-kancelari-flora-vybavene\">https:\/\/www.prazskekancelare.com\/test\/wp-content\/uploads\/2017\/03\/pronajem-kancelari-flora-vybavene.jpg<\/span>\n\t\t\t\t\t\t\t\t\t\t<p><\/p>\n\t\t\t\t\t\t\t\t\t\t\t\t\t\t\t\t\t\t<a><img class=\"skip-lazy\" src=\"https:\/\/www.prazskekancelare.com\/test\/wp-content\/uploads\/2017\/03\/pronajem-kancelari-flora-vybavene-400x300.jpg\" alt=\"pronajem-kancelari-flora-vybavene\" \/><\/a>\n\t\t\t\t\t\t\t\t\t\t\t\t\t\t\t<\/li>\n\t\t\t\t\t\t\t<li>\n\t\t\t\t\t<h3 style=\"opacity:70;\">vybavene kancelare Flora<\/h3>\n\t\t\t\t\t\t\t\t\t\t\t<span data-alt=\"vybavene-kancelare-flora\">https:\/\/www.prazskekancelare.com\/test\/wp-content\/uploads\/2017\/03\/vybavene-kancelare-flora.jpg<\/span>\n\t\t\t\t\t\t\t\t\t\t<p><\/p>\n\t\t\t\t\t\t\t\t\t\t\t\t\t\t\t\t\t\t<a><img class=\"skip-lazy\" src=\"https:\/\/www.prazskekancelare.com\/test\/wp-content\/uploads\/2017\/03\/vybavene-kancelare-flora-400x300.jpg\" alt=\"vybavene-kancelare-flora\" \/><\/a>\n\t\t\t\t\t\t\t\t\t\t\t\t\t\t\t<\/li>\n\t\t\t\t\t\t\t<li>\n\t\t\t\t\t<h3 style=\"opacity:70;\">terasa-kancelari-praha-3<\/h3>\n\t\t\t\t\t\t\t\t\t\t\t<span data-alt=\"terasa-kancelari-praha-3\">https:\/\/www.prazskekancelare.com\/test\/wp-content\/uploads\/2016\/09\/terasa-kancelari-praha-3.jpg<\/span>\n\t\t\t\t\t\t\t\t\t\t<p><\/p>\n\t\t\t\t\t\t\t\t\t\t\t\t\t\t\t\t\t\t<a><img class=\"skip-lazy\" src=\"https:\/\/www.prazskekancelare.com\/test\/wp-content\/uploads\/2016\/09\/terasa-kancelari-praha-3-400x300.jpg\" alt=\"terasa-kancelari-praha-3\" \/><\/a>\n\t\t\t\t\t\t\t\t\t\t\t\t\t\t\t<\/li>\n\t\t\t\t\t\t\t<li>\n\t\t\t\t\t<h3 style=\"opacity:70;\">kancelare-praha-3-pronajem<\/h3>\n\t\t\t\t\t\t\t\t\t\t\t<span data-alt=\"kancelare-praha-3-pronajem\">https:\/\/www.prazskekancelare.com\/test\/wp-content\/uploads\/2016\/09\/kancelare-praha-3-pronajem.jpg<\/span>\n\t\t\t\t\t\t\t\t\t\t<p><\/p>\n\t\t\t\t\t\t\t\t\t\t\t\t\t\t\t\t\t\t<a><img class=\"skip-lazy\" src=\"https:\/\/www.prazskekancelare.com\/test\/wp-content\/uploads\/2016\/09\/kancelare-praha-3-pronajem-400x300.jpg\" alt=\"kancelare-praha-3-pronajem\" \/><\/a>\n\t\t\t\t\t\t\t\t\t\t\t\t\t\t\t<\/li>\n\t\t\t\t\t\t\t<li>\n\t\t\t\t\t<h3 style=\"opacity:70;\">obchodni-centrum-flora<\/h3>\n\t\t\t\t\t\t\t\t\t\t\t<span data-alt=\"obchodni-centrum-flora\">https:\/\/www.prazskekancelare.com\/test\/wp-content\/uploads\/2016\/09\/obchodni-centrum-flora.jpg<\/span>\n\t\t\t\t\t\t\t\t\t\t<p><\/p>\n\t\t\t\t\t\t\t\t\t\t\t\t\t\t\t\t\t\t<a><img class=\"skip-lazy\" src=\"https:\/\/www.prazskekancelare.com\/test\/wp-content\/uploads\/2016\/09\/obchodni-centrum-flora-400x300.jpg\" alt=\"obchodni-centrum-flora\" \/><\/a>\n\t\t\t\t\t\t\t\t\t\t\t\t\t\t\t<\/li>\n\t\t\t\t\t\t\t<li>\n\t\t\t\t\t<h3 style=\"opacity:70;\">parkovani-u-kancelari-praha-3<\/h3>\n\t\t\t\t\t\t\t\t\t\t\t<span data-alt=\"parkovani-u-kancelari-praha-3\">https:\/\/www.prazskekancelare.com\/test\/wp-content\/uploads\/2016\/09\/parkovani-u-kancelari-praha-3.jpg<\/span>\n\t\t\t\t\t\t\t\t\t\t<p><\/p>\n\t\t\t\t\t\t\t\t\t\t\t\t\t\t\t\t\t\t<a><img class=\"skip-lazy\" src=\"https:\/\/www.prazskekancelare.com\/test\/wp-content\/uploads\/2016\/09\/parkovani-u-kancelari-praha-3-400x300.jpg\" alt=\"parkovani-u-kancelari-praha-3\" \/><\/a>\n\t\t\t\t\t\t\t\t\t\t\t\t\t\t\t<\/li>\n\t\t\t\t\t\t\t<li>\n\t\t\t\t\t<h3 style=\"opacity:70;\">pronajem-kancelari-praha-3-flora<\/h3>\n\t\t\t\t\t\t\t\t\t\t\t<span data-alt=\"pronajem-kancelari-praha-3-flora\">https:\/\/www.prazskekancelare.com\/test\/wp-content\/uploads\/2016\/09\/pronajem-kancelari-praha-3-flora.jpg<\/span>\n\t\t\t\t\t\t\t\t\t\t<p><\/p>\n\t\t\t\t\t\t\t\t\t\t\t\t\t\t\t\t\t\t<a><img class=\"skip-lazy\" src=\"https:\/\/www.prazskekancelare.com\/test\/wp-content\/uploads\/2016\/09\/pronajem-kancelari-praha-3-flora-400x300.jpg\" alt=\"pronajem-kancelari-praha-3-flora\" \/><\/a>\n\t\t\t\t\t\t\t\t\t\t\t\t\t\t\t<\/li>\n\t\t\t\t\t\t\t<li>\n\t\t\t\t\t<h3 style=\"opacity:70;\">terasa-u-kancelari-k-pronajmu-flora<\/h3>\n\t\t\t\t\t\t\t\t\t\t\t<span data-alt=\"terasa-u-kancelari-k-pronajmu-flora\">https:\/\/www.prazskekancelare.com\/test\/wp-content\/uploads\/2016\/09\/terasa-u-kancelari-k-pronajmu-flora.jpg<\/span>\n\t\t\t\t\t\t\t\t\t\t<p><\/p>\n\t\t\t\t\t\t\t\t\t\t\t\t\t\t\t\t\t\t<a><img class=\"skip-lazy\" src=\"https:\/\/www.prazskekancelare.com\/test\/wp-content\/uploads\/2016\/09\/terasa-u-kancelari-k-pronajmu-flora-400x300.jpg\" alt=\"terasa-u-kancelari-k-pronajmu-flora\" \/><\/a>\n\t\t\t\t\t\t\t\t\t\t\t\t\t\t\t<\/li>\n\t\t\t\t\t\t\t<li>\n\t\t\t\t\t<h3 style=\"opacity:70;\">vybavene-kancelare-praha-3<\/h3>\n\t\t\t\t\t\t\t\t\t\t\t<span data-alt=\"vybavene-kancelare-praha-3\">https:\/\/www.prazskekancelare.com\/test\/wp-content\/uploads\/2016\/09\/vybavene-kancelare-praha-3.jpg<\/span>\n\t\t\t\t\t\t\t\t\t\t<p><\/p>\n\t\t\t\t\t\t\t\t\t\t\t\t\t\t\t\t\t\t<a><img class=\"skip-lazy\" src=\"https:\/\/www.prazskekancelare.com\/test\/wp-content\/uploads\/2016\/09\/vybavene-kancelare-praha-3-400x300.jpg\" alt=\"vybavene-kancelare-praha-3\" \/><\/a>\n\t\t\t\t\t\t\t\t\t\t\t\t\t\t\t<\/li>\n\t\t\t\t\t\t\t<li>\n\t\t\t\t\t<h3 style=\"opacity:70;\">zarizene-kancelare-praha-3<\/h3>\n\t\t\t\t\t\t\t\t\t\t\t<span data-alt=\"zarizene-kancelare-praha-3\">https:\/\/www.prazskekancelare.com\/test\/wp-content\/uploads\/2016\/09\/zarizene-kancelare-praha-3.jpg<\/span>\n\t\t\t\t\t\t\t\t\t\t<p><\/p>\n\t\t\t\t\t\t\t\t\t\t\t\t\t\t\t\t\t\t<a><img class=\"skip-lazy\" src=\"https:\/\/www.prazskekancelare.com\/test\/wp-content\/uploads\/2016\/09\/zarizene-kancelare-praha-3-400x300.jpg\" alt=\"zarizene-kancelare-praha-3\" \/><\/a>\n\t\t\t\t\t\t\t\t\t\t\t\t\t\t\t<\/li>\n\t\t\t\t\t\t\t<li>\n\t\t\t\t\t<h3 style=\"opacity:70;\">kancelare-praha-3-planek<\/h3>\n\t\t\t\t\t\t\t\t\t\t\t<span data-alt=\"kancelare-praha-3-planek\">https:\/\/www.prazskekancelare.com\/test\/wp-content\/uploads\/2016\/09\/kancelare-praha-3-planek.jpg<\/span>\n\t\t\t\t\t\t\t\t\t\t<p><\/p>\n\t\t\t\t\t\t\t\t\t\t\t\t\t\t\t\t\t\t<a><img class=\"skip-lazy\" src=\"https:\/\/www.prazskekancelare.com\/test\/wp-content\/uploads\/2016\/09\/kancelare-praha-3-planek-400x300.jpg\" alt=\"kancelare-praha-3-planek\" \/><\/a>\n\t\t\t\t\t\t\t\t\t\t\t\t\t\t\t<\/li>\n\t\t\t\t\t\t\t<li>\n\t\t\t\t\t<h3 style=\"opacity:70;\">kancelare-praha-3-flora<\/h3>\n\t\t\t\t\t\t\t\t\t\t\t<span data-alt=\"kancelare-praha-3-flora\">https:\/\/www.prazskekancelare.com\/test\/wp-content\/uploads\/2016\/09\/kancelare-praha-3-flora.jpg<\/span>\n\t\t\t\t\t\t\t\t\t\t<p><\/p>\n\t\t\t\t\t\t\t\t\t\t\t\t\t\t\t\t\t\t<a><img class=\"skip-lazy\" src=\"https:\/\/www.prazskekancelare.com\/test\/wp-content\/uploads\/2016\/09\/kancelare-praha-3-flora-400x300.jpg\" alt=\"kancelare-praha-3-flora\" \/><\/a>\n\t\t\t\t\t\t\t\t\t\t\t\t\t\t\t<\/li>\n\t\t\t\t\t\t\t<li>\n\t\t\t\t\t<h3 style=\"opacity:70;\">kancelare-na-pronajem-praha-3<\/h3>\n\t\t\t\t\t\t\t\t\t\t\t<span data-alt=\"kancelare-na-pronajem-praha-3\">https:\/\/www.prazskekancelare.com\/test\/wp-content\/uploads\/2016\/09\/kancelare-na-pronajem-praha-3.jpg<\/span>\n\t\t\t\t\t\t\t\t\t\t<p><\/p>\n\t\t\t\t\t\t\t\t\t\t\t\t\t\t\t\t\t\t<a><img class=\"skip-lazy\" src=\"https:\/\/www.prazskekancelare.com\/test\/wp-content\/uploads\/2016\/09\/kancelare-na-pronajem-praha-3-400x300.jpg\" alt=\"kancelare-na-pronajem-praha-3\" \/><\/a>\n\t\t\t\t\t\t\t\t\t\t\t\t\t\t\t<\/li>\n\t\t\t\t\t\t\t<li>\n\t\t\t\t\t<h3 style=\"opacity:70;\">kancelare-flora<\/h3>\n\t\t\t\t\t\t\t\t\t\t\t<span data-alt=\"kancelare-flora\">https:\/\/www.prazskekancelare.com\/test\/wp-content\/uploads\/2016\/09\/kancelare-flora.jpg<\/span>\n\t\t\t\t\t\t\t\t\t\t<p><\/p>\n\t\t\t\t\t\t\t\t\t\t\t\t\t\t\t\t\t\t<a><img class=\"skip-lazy\" src=\"https:\/\/www.prazskekancelare.com\/test\/wp-content\/uploads\/2016\/09\/kancelare-flora-400x300.jpg\" alt=\"kancelare-flora\" \/><\/a>\n\t\t\t\t\t\t\t\t\t\t\t\t\t\t\t<\/li>\n\t\t\t\t\t\t\t<li>\n\t\t\t\t\t<h3 style=\"opacity:70;\">kancelare praha 3 levne<\/h3>\n\t\t\t\t\t\t\t\t\t\t\t<span data-alt=\"kancelare-praha-3-levne\">https:\/\/www.prazskekancelare.com\/test\/wp-content\/uploads\/2017\/03\/kancelare-praha-3-levne.jpg<\/span>\n\t\t\t\t\t\t\t\t\t\t<p><\/p>\n\t\t\t\t\t\t\t\t\t\t\t\t\t\t\t\t\t\t<a><img class=\"skip-lazy\" src=\"https:\/\/www.prazskekancelare.com\/test\/wp-content\/uploads\/2017\/03\/kancelare-praha-3-levne-400x300.jpg\" alt=\"kancelare-praha-3-levne\" \/><\/a>\n\t\t\t\t\t\t\t\t\t\t\t\t\t\t\t<\/li>\n\t\t\t\t\t\t<\/ul>\n\n\t\t<div id=\"slideshow-wrappergallery51361\" class=\"slideshow-wrapper\" style=\"--slideshow-width:2032px\">\n\t\t\n\t\t<div class=\"slideshow-fullsize\" id=\"fullsizegallery51361\">\n\t\t\t\t\t\t\t\t\t\t\t\t\t\t<div id=\"imgprevgallery51361\" class=\"slideshow-imgprev imgnav\" title=\"Previous Image\">Previous Image<\/div>\n\t\t\t\t\t\t<a id=\"imglinkgallery51361\" class=\"slideshow-imglink imglink\">\n\t\t\t\t<!-- link -->\n\t\t\t<\/a>\n\t\t\t\t\t\t\t\t\t\t\t<div id=\"imgnextgallery51361\" class=\"slideshow-imgnext imgnav\" title=\"Next Image\">Next Image<\/div>\n\t\t\t\t\t\t<div id=\"imagegallery51361\" class=\"slideshow-image\"><\/div>\n\t\t\t<div class=\"slideshow-information infobottom\" id=\"informationgallery51361\">\n\t\t\t\t<h3 class=\"slideshow-info-heading\">info heading<\/h3>\n\t\t\t\t<p class=\"slideshow-info-content\">info content<\/p>\n\t\t\t<\/div>\n\t\t<\/div>\n\n\t\t\t\t\t<div id=\"thumbnailsgallery51361\" class=\"slideshow-thumbnails thumbsbot\">\n\t\t\t\t<div class=\"slideshow-slideleft\" id=\"slideleftgallery51361\" title=\"Slide Left\"><\/div>\n\t\t\t\t<div class=\"slideshow-slidearea\" id=\"slideareagallery51361\">\n\t\t\t\t\t<div class=\"slideshow-slider\" id=\"slidergallery51361\"><\/div>\n\t\t\t\t<\/div>\n\t\t\t\t<div class=\"slideshow-slideright\" id=\"sliderightgallery51361\" title=\"Slide Right\"><\/div>\n\t\t\t\t<br style=\"clear:both; visibility:hidden; height:1px;\" \/>\n\t\t\t<\/div>\n\t\t\t<\/div>\n\n\t<br \/>\nP\u0159edstavujeme\u00a0<strong>Atrium Flora kancel\u00e1\u0159e\u00a0\u2705<\/strong>, novinku na pra\u017esk\u00e9m realitn\u00edm trhu s kancel\u00e1\u0159emi. Pron\u00e1jem kancel\u00e1\u0159\u00ed v<strong> ATRIUM FLORA<\/strong> Praha 3 v obchodn\u00edm centru, skv\u011ble dostupn\u00e9 metrem a jen n\u011bkolik stovek metr\u016f od centra Prahy. V\u0159ele doporu\u010dujeme prohl\u00eddku. Budete nad\u0161eni z malometr\u00e1\u017en\u00edch kancel\u00e1\u0159\u00ed i velk\u00fdch kancel\u00e1\u0159sk\u00fdch ploch.<\/p>\n<h2><strong>Atrium Flora\u00a0kancel\u00e1\u0159e\u00a0<\/strong><em>(mal\u00e9 i velk\u00e9)<\/em><strong>\u00a0VELIKOSTI<\/strong><\/h2>\n<ul>\n<li><strong>MAL\u00c9: od 5 m2 \u2013 100 m2:\u00a0<\/strong>\u00a0pro mal\u00e9 spole\u010dnost, za\u010d\u00ednaj\u00edc\u00ed podnikatele \/ \u017eivnostn\u00edky, coworking, virtu\u00e1ln\u00ed s\u00eddla, \u2026<\/li>\n<li><strong>VELK\u00c9: od 100 m2 \u2013 3.000 m2:<\/strong>\u00a0pro v\u011bt\u0161\u00ed \/ velk\u00e9 spole\u010dnosti, kter\u00e9 cht\u011bj\u00ed u\u0161et\u0159it za spr\u00e1vu sv\u00fdch kancel\u00e1\u0159\u00ed, n\u00e1bytek a slu\u017eby v\u016fbec \u2013\u00a0<strong>velmi v\u00fdhodn\u00e9!\u00a0<\/strong><em>(spo\u010d\u00edt\u00e1me v\u00e1m \u00faspory)<\/em><\/li>\n<\/ul>\n<p><span style=\"color: #ff0000;\"><strong>Popt\u00e1vejte IHNED nez\u00e1vazn\u011b a BEZ provize:<\/strong><\/span><\/p>\n<div class=\"mceTemp\">\n<div id=\"attachment_3617\" style=\"width: 310px\" class=\"wp-caption alignnone\"><a href=\"\/poptavka-po-kancelarich-k-pronajmu\/\" target=\"_blank\"><img aria-describedby=\"caption-attachment-3617\" loading=\"lazy\" class=\"wp-image-3617 size-medium\" src=\"https:\/\/www.prazskekancelare.com\/test\/wp-content\/uploads\/2019\/12\/kancelare-5-5000m-300x46.png\" alt=\"pron\u00e1jem kancel\u00e1\u0159e praha\" width=\"300\" height=\"46\" srcset=\"https:\/\/www.prazskekancelare.com\/test\/wp-content\/uploads\/2019\/12\/kancelare-5-5000m-300x46.png 300w, https:\/\/www.prazskekancelare.com\/test\/wp-content\/uploads\/2019\/12\/kancelare-5-5000m-1024x156.png 1024w\" sizes=\"(max-width: 300px) 100vw, 300px\" \/><\/a><p id=\"caption-attachment-3617\" class=\"wp-caption-text\"><span style=\"color: #ffffff;\">pron\u00e1jem kancel\u00e1\u0159e praha<\/span><\/p><\/div>\n<\/div>\n<h2>Kancel\u00e1\u0159e Atrium Flora Praha 3 &#8211; budova<\/h2>\n<p>Modern\u00ed kancel\u00e1\u0159e k pron\u00e1jmu s\u00eddl\u00ed v multifunk\u010dn\u00edm centru <strong>Atrium Flora<\/strong> na Kr\u00e1lovsk\u00fdch Vinohradech. Obchodn\u00ed centrum jedine\u010dn\u00fdm zp\u016fsobem spojuje kancel\u00e1\u0159sk\u00e9 prostory s n\u00e1kupn\u00ed pas\u00e1\u017e\u00ed. Vstup do budovy je uveden reprezentativn\u00ed halou s recepc\u00ed a z\u00e1zem\u00edm pro kr\u00e1tk\u00e9 posezen\u00ed. Vstoupit do centra lze p\u0159\u00edmo ze stanice metra Flora (linka A). Zaji\u0161t\u011bno je i pohodln\u00e9 parkov\u00e1n\u00ed se 750 parkovac\u00edmi m\u00edsty v podzemn\u00edch gar\u00e1\u017e\u00edch. Pro zam\u011bstnance i klienty jsou v budov\u011b k dispozici restaurace, obchody, bary a kav\u00e1rny.<\/p>\n<p><span style=\"color: #ff0000;\"><strong>N\u00e1\u0161 tip:<\/strong>\u00a0<\/span><span style=\"color: #000000;\">Za\u0161lete n\u00e1m rychl\u00fd\u00a0<a style=\"color: #000000;\" href=\"\/poptavka-po-kancelarich-k-pronajmu\/\" target=\"_blank\"><strong>popt\u00e1vkov\u00fd formul\u00e1\u0159<\/strong>\u00a0<\/a>a my V\u00e1m b\u011bhem 30 minut\u00a0p\u0159iprav\u00edme kompletn\u00ed nab\u00eddku dle Va\u0161ich specifikac\u00ed a bez provize. <strong>V nab\u00eddce m\u00e1me 500 kancel\u00e1\u0159\u00ed v Praze<\/strong>. T\u011b\u0161\u00edme se na spolupr\u00e1ci.<\/span><\/p>\n<h2>Popis kancel\u00e1\u0159\u00ed Praha 3 Atrium Flora<\/h2>\n<ul>\n<li>Modern\u00ed kancel\u00e1\u0159sk\u00e9 centrum pln\u011b vybaven\u00fdch kancel\u00e1\u0159\u00ed o plo\u0161e 1 060 m2 kancel\u00e1\u0159sk\u00fdch prostor s flexibiln\u00edm vyu\u017eit\u00edm dispozic. V\u00e1s i va\u0161e obchodn\u00ed partnery okouzl\u00ed prostorn\u00e1 800 m2 terasa s n\u00e1dhern\u00fdm v\u00fdhledem na Prahu \u00a0 \u00a0a voln\u00fdm p\u0159\u00edstupem.<\/li>\n<li>Unik\u00e1tn\u00ed propojen\u00ed kancel\u00e1\u0159\u00ed k pron\u00e1jmu se \u0161pi\u010dkov\u00fdm obchodn\u00edm centrem (130 obchod\u016f &#8211; kav\u00e1rny, restaurace, obchody, slu\u017eby na plo\u0161e 20 000 m2.<\/li>\n<li>35 pln\u011b vybaven\u00fdch kancel\u00e1\u0159\u00ed k pron\u00e1jmu, vybaven\u00fdch nov\u00fdm modern\u00edm n\u00e1bytkem k okam\u017eit\u00e9mu pron\u00e1jmu s p\u0159\u00edstupem 24 hod denn\u011b\/ 7 dn\u00ed v t\u00fddnu.<\/li>\n<li>3 modern\u00ed zasedac\u00ed m\u00edstnosti vybaven\u00e9 audio vizu\u00e1ln\u00ed a prezenta\u010dn\u00ed technikou s kapacitou a\u017e 15 osob.<\/li>\n<li>Vlastn\u00ed reprezentativn\u00ed recepce na pat\u0159e s prostorn\u00fdm vstupn\u00edm lobby pro p\u0159\u00edchoz\u00ed n\u00e1v\u0161t\u011bvy.<\/li>\n<li>Modern\u00ed spole\u010dn\u00e9 prostory pro odpo\u010dinek, z\u00e1bavu a neform\u00e1ln\u00ed sch\u016fzky,<\/li>\n<li>Za\u0159\u00edzen\u00e9 kuchy\u0148ky s mo\u017enost\u00ed neomezen\u00e9 konzumace n\u00e1poj\u016f.<\/li>\n<li>Klimatizovan\u00e1 serverovna provozuj\u00edc\u00ed profesion\u00e1ln\u00ed s\u00ed\u0165ovou infrastrukturu a \u0161pi\u010dkov\u00e9 ICT \u0159e\u0161en\u00ed s aktivn\u00edm dohledem 24 hodin denn\u011b, 7 dn\u00ed v t\u00fddnu<\/li>\n<li>Otev\u00edrateln\u00e1 okna a \u00fasporn\u00e9 vyt\u00e1p\u011bn\u00ed (budova v energetick\u00e9 t\u0159\u00edd\u011b A).<\/li>\n<li>Kancel\u00e1\u0159e zabezpe\u010den\u00e9 \u010didly, protipo\u017e\u00e1rn\u00ed syst\u00e9my, prostory monitorov\u00e1ny bezpe\u010dnostn\u00edmi kamerami<\/li>\n<\/ul>\n<h2>V\u00fdhody pron\u00e1jmu kancel\u00e1\u0159\u00ed Praha 3 Atrium Flora<\/h2>\n<p>&#8211; V\u00fdborn\u00e1 poloha kancel\u00e1\u0159\u00ed p\u0159\u00edmo na metru Flora \u201eA\u201c<br \/>\n&#8211; Pln\u011b vybaven\u00e9 kancel\u00e1\u0159e sou\u010d\u00e1st\u00ed n\u00e1kupn\u00edho centra<br \/>\n&#8211; 36 servisovan\u00fdch kancel\u00e1\u0159\u00ed<br \/>\n&#8211; 3 zasedac\u00ed m\u00edstnosti jako sou\u010d\u00e1st kancel\u00e1\u0159sk\u00e9ho centra<br \/>\n&#8211; 200 m2 pohodln\u00fdch relaxa\u010dn\u00edch z\u00f3n<br \/>\n&#8211; 800m prostorn\u00e1 terasa s voln\u00fdm p\u0159\u00edstupem a kr\u00e1sn\u00fdm v\u00fdhledem<br \/>\n&#8211; Parkov\u00e1n\u00ed pod budovou<\/p>\n<h2>Provize za zprost\u0159edkov\u00e1n\u00ed kancel\u00e1\u0159\u00ed na Fl\u00f3\u0159e<\/h2>\n<p>Ve\u0161ker\u00e9 slu\u017eby na\u0161\u00ed spole\u010dnosti a jej\u00edch makl\u00e9\u0159\u016f jsou bez provize.<\/p>\n<p>Pro zasl\u00e1n\u00ed kompletn\u00ed nab\u00eddky s aktu\u00e1ln\u011b dostupn\u00fdmi <strong>kancel\u00e1\u0159emi k pron\u00e1jmu na Praze 3 &#8211; Flora<\/strong>,\u00a0n\u00e1s pros\u00edm nev\u00e1hejte kdykoli kontaktovat.<\/p>\n<p>Rychl\u00fd popt\u00e1vkov\u00fd formul\u00e1\u0159 najdete na konci textu\u00a0a makl\u00e9\u0159e zodpov\u011bdn\u00e9ho za nemovitosti v prav\u00e9m sloupci.<br \/>\ne-mail:\u00a0<strong><a href=\"mailto:info@prazskekancelare.cz\">info@prazskekancelare.cz<\/a><\/strong>\u00a0\/\u00a0telefon: <strong><span style=\"color: #ff0000;\">+420 773 295 925, +420 723 984 360<\/span><\/strong><\/p>\n<div id=\"attachment_3619\" style=\"width: 310px\" class=\"wp-caption alignnone\"><a href=\"\/\" target=\"_blank\"><img aria-describedby=\"caption-attachment-3619\" loading=\"lazy\" class=\"wp-image-3619 size-medium\" src=\"https:\/\/www.prazskekancelare.com\/test\/wp-content\/uploads\/2019\/12\/poptavejte-bez-provize-300x48.png\" alt=\"pron\u00e1jem kancel\u00e1\u0159e praha\" width=\"300\" height=\"48\" srcset=\"https:\/\/www.prazskekancelare.com\/test\/wp-content\/uploads\/2019\/12\/poptavejte-bez-provize-300x48.png 300w, https:\/\/www.prazskekancelare.com\/test\/wp-content\/uploads\/2019\/12\/poptavejte-bez-provize-1024x163.png 1024w\" sizes=\"(max-width: 300px) 100vw, 300px\" \/><\/a><p id=\"caption-attachment-3619\" class=\"wp-caption-text\"><span style=\"color: #ffffff;\">pron\u00e1jem kancel\u00e1\u0159e flora<\/span><\/p><\/div>\n<h2>v\u00edce informac\u00ed:<\/h2>\n","protected":false},"author":1,"featured_media":1651,"comment_status":"closed","ping_status":"closed","template":"","yoast_head":"<!-- This site is optimized with the Yoast SEO plugin v16.4 - https:\/\/yoast.com\/wordpress\/plugins\/seo\/ -->\n<title>ATRIUM FLORA \u00ae kancel\u00e1\u0159e | 0% Provize | 300 KANCEL\u00c1\u0158\u00cd &gt;&gt;<\/title>\n<meta name=\"description\" content=\"Popt\u00e1vejte Atrium Flora kancel\u00e1\u0159e Vinohrady Praha 3 \u2705 | Kancel\u00e1\u0159e ATRIUM FLORA a dal\u0161\u00edch 300 lokalit v Praze \u2705| Nab\u00eddky kancel\u00e1\u0159\u00ed do 30 minut | Provize 0%.\" \/>\n<meta name=\"robots\" content=\"noindex, follow, max-snippet:-1, max-image-preview:large, max-video-preview:-1\" \/>\n<meta property=\"og:locale\" content=\"cs_CZ\" \/>\n<meta property=\"og:type\" content=\"article\" \/>\n<meta property=\"og:title\" content=\"ATRIUM FLORA \u00ae kancel\u00e1\u0159e | 0% Provize | 300 KANCEL\u00c1\u0158\u00cd &gt;&gt;\" \/>\n<meta property=\"og:description\" content=\"Popt\u00e1vejte Atrium Flora kancel\u00e1\u0159e Vinohrady Praha 3 \u2705 | Kancel\u00e1\u0159e ATRIUM FLORA a dal\u0161\u00edch 300 lokalit v Praze \u2705| Nab\u00eddky kancel\u00e1\u0159\u00ed do 30 minut | Provize 0%.\" \/>\n<meta property=\"og:url\" content=\"https:\/\/www.prazskekancelare.com\/test\/kancelare-k-pronajmu\/pronajem-kancelari-atrium-flora-praha-3\/\" \/>\n<meta property=\"og:site_name\" content=\"TEST - Pron\u00e1jem kancel\u00e1\u0159e Praha\" \/>\n<meta property=\"article:modified_time\" content=\"2020-01-14T19:37:46+00:00\" \/>\n<meta property=\"og:image\" content=\"https:\/\/www.prazskekancelare.com\/test\/wp-content\/uploads\/2016\/09\/kancelare-flora.jpg\" \/>\n\t<meta property=\"og:image:width\" content=\"947\" \/>\n\t<meta property=\"og:image:height\" content=\"514\" \/>\n<meta name=\"twitter:card\" content=\"summary\" \/>\n<meta name=\"twitter:label1\" content=\"Odhadovan\u00e1 doba \u010dten\u00ed\" \/>\n\t<meta name=\"twitter:data1\" content=\"3 minuty\" \/>\n<script type=\"application\/ld+json\" class=\"yoast-schema-graph\">{\"@context\":\"https:\/\/schema.org\",\"@graph\":[{\"@type\":\"Organization\",\"@id\":\"https:\/\/www.prazskekancelare.com\/test\/#organization\",\"name\":\"Pron\\u00e1jem kancel\\u00e1\\u0159e Praha\",\"url\":\"https:\/\/www.prazskekancelare.com\/test\/\",\"sameAs\":[],\"logo\":{\"@type\":\"ImageObject\",\"@id\":\"https:\/\/www.prazskekancelare.com\/test\/#logo\",\"inLanguage\":\"cs\",\"url\":\"https:\/\/www.prazskekancelare.com\/test\/wp-content\/uploads\/2018\/05\/prazske-kancelare-com-logo.png\",\"contentUrl\":\"https:\/\/www.prazskekancelare.com\/test\/wp-content\/uploads\/2018\/05\/prazske-kancelare-com-logo.png\",\"width\":242,\"height\":59,\"caption\":\"Pron\\u00e1jem kancel\\u00e1\\u0159e Praha\"},\"image\":{\"@id\":\"https:\/\/www.prazskekancelare.com\/test\/#logo\"}},{\"@type\":\"WebSite\",\"@id\":\"https:\/\/www.prazskekancelare.com\/test\/#website\",\"url\":\"https:\/\/www.prazskekancelare.com\/test\/\",\"name\":\"TEST - Pron\\u00e1jem kancel\\u00e1\\u0159e Praha\",\"description\":\"Pron\\u00e1jem kancel\\u00e1\\u0159e Praha a Kancelare Praha\",\"publisher\":{\"@id\":\"https:\/\/www.prazskekancelare.com\/test\/#organization\"},\"potentialAction\":[{\"@type\":\"SearchAction\",\"target\":\"https:\/\/www.prazskekancelare.com\/test\/?s={search_term_string}\",\"query-input\":\"required name=search_term_string\"}],\"inLanguage\":\"cs\"},{\"@type\":\"ImageObject\",\"@id\":\"https:\/\/www.prazskekancelare.com\/test\/kancelare-k-pronajmu\/pronajem-kancelari-atrium-flora-praha-3\/#primaryimage\",\"inLanguage\":\"cs\",\"url\":\"https:\/\/www.prazskekancelare.com\/test\/wp-content\/uploads\/2016\/09\/kancelare-flora.jpg\",\"contentUrl\":\"https:\/\/www.prazskekancelare.com\/test\/wp-content\/uploads\/2016\/09\/kancelare-flora.jpg\",\"width\":947,\"height\":514,\"caption\":\"za\\u0159\\u00edzen\\u00e9 kancel\\u00e1\\u0159e Flora Vinohradsk\\u00e1 Praha 3\"},{\"@type\":\"WebPage\",\"@id\":\"https:\/\/www.prazskekancelare.com\/test\/kancelare-k-pronajmu\/pronajem-kancelari-atrium-flora-praha-3\/#webpage\",\"url\":\"https:\/\/www.prazskekancelare.com\/test\/kancelare-k-pronajmu\/pronajem-kancelari-atrium-flora-praha-3\/\",\"name\":\"ATRIUM FLORA \\u00ae kancel\\u00e1\\u0159e | 0% Provize | 300 KANCEL\\u00c1\\u0158\\u00cd >>\",\"isPartOf\":{\"@id\":\"https:\/\/www.prazskekancelare.com\/test\/#website\"},\"primaryImageOfPage\":{\"@id\":\"https:\/\/www.prazskekancelare.com\/test\/kancelare-k-pronajmu\/pronajem-kancelari-atrium-flora-praha-3\/#primaryimage\"},\"datePublished\":\"2016-09-08T13:10:50+00:00\",\"dateModified\":\"2020-01-14T19:37:46+00:00\",\"description\":\"Popt\\u00e1vejte Atrium Flora kancel\\u00e1\\u0159e Vinohrady Praha 3 \\u2705 | Kancel\\u00e1\\u0159e ATRIUM FLORA a dal\\u0161\\u00edch 300 lokalit v Praze \\u2705| Nab\\u00eddky kancel\\u00e1\\u0159\\u00ed do 30 minut | Provize 0%.\",\"breadcrumb\":{\"@id\":\"https:\/\/www.prazskekancelare.com\/test\/kancelare-k-pronajmu\/pronajem-kancelari-atrium-flora-praha-3\/#breadcrumb\"},\"inLanguage\":\"cs\",\"potentialAction\":[{\"@type\":\"ReadAction\",\"target\":[\"https:\/\/www.prazskekancelare.com\/test\/kancelare-k-pronajmu\/pronajem-kancelari-atrium-flora-praha-3\/\"]}]},{\"@type\":\"BreadcrumbList\",\"@id\":\"https:\/\/www.prazskekancelare.com\/test\/kancelare-k-pronajmu\/pronajem-kancelari-atrium-flora-praha-3\/#breadcrumb\",\"itemListElement\":[{\"@type\":\"ListItem\",\"position\":1,\"item\":{\"@type\":\"WebPage\",\"@id\":\"https:\/\/www.prazskekancelare.com\/test\/\",\"url\":\"https:\/\/www.prazskekancelare.com\/test\/\",\"name\":\"Dom\\u016f\"}},{\"@type\":\"ListItem\",\"position\":2,\"item\":{\"@type\":\"WebPage\",\"@id\":\"https:\/\/www.prazskekancelare.com\/test\/kancelare-k-pronajmu\/\",\"url\":\"https:\/\/www.prazskekancelare.com\/test\/kancelare-k-pronajmu\/\",\"name\":\"Properties\"}},{\"@type\":\"ListItem\",\"position\":3,\"item\":{\"@id\":\"https:\/\/www.prazskekancelare.com\/test\/kancelare-k-pronajmu\/pronajem-kancelari-atrium-flora-praha-3\/#webpage\"}}]}]}<\/script>\n<!-- \/ Yoast SEO plugin. -->","cmb2":{"property_general":{"property_id":"ANO","property_year_built":"","property_address":"Vinohradsk\u00e1 2828\/151,\r\n130 00 Praha 3\r\n","property_zip":"","property_contract":"","property_gallery":"","property_plans":"","property_video":"","property_parent_property":""},"property_flags":{"property_featured":"","property_sticky":"","property_reduced":"","property_sold":""},"property_contact":{"property_contact_name":"","property_contact_phone":""},"property_pricing":{"property_price":"330","property_price_prefix":"od","property_price_suffix":"K\u010d\/m2","property_price_custom":""},"property_attributes":{"property_rooms":"ANO i NE","property_beds":"5","property_baths":"NE","property_garages":"ANO i NE (dle pot\u0159eby)","property_home_area":"","property_lot_dimensions":"","property_lot_area":"5 m2 - 3.000 m2"},"property_valuation":{"property_valuation_group":""},"property_public_facilities":{"property_public_facilities_group":""},"property_map_location":{"property_map_location":{"latitude":"50.0781362","longitude":"14.461403300000029"}},"property_relations":{"property_agents":["260"]}},"_links":{"self":[{"href":"https:\/\/www.prazskekancelare.com\/test\/wp-json\/wp\/v2\/property\/1662"}],"collection":[{"href":"https:\/\/www.prazskekancelare.com\/test\/wp-json\/wp\/v2\/property"}],"about":[{"href":"https:\/\/www.prazskekancelare.com\/test\/wp-json\/wp\/v2\/types\/property"}],"author":[{"embeddable":true,"href":"https:\/\/www.prazskekancelare.com\/test\/wp-json\/wp\/v2\/users\/1"}],"replies":[{"embeddable":true,"href":"https:\/\/www.prazskekancelare.com\/test\/wp-json\/wp\/v2\/comments?post=1662"}],"wp:featuredmedia":[{"embeddable":true,"href":"https:\/\/www.prazskekancelare.com\/test\/wp-json\/wp\/v2\/media\/1651"}],"wp:attachment":[{"href":"https:\/\/www.prazskekancelare.com\/test\/wp-json\/wp\/v2\/media?parent=1662"}],"curies":[{"name":"wp","href":"https:\/\/api.w.org\/{rel}","templated":true}]}}