{"id":1587,"date":"2018-04-22T14:36:57","date_gmt":"2018-04-22T12:36:57","guid":{"rendered":"https:\/\/www.prazskekancelare.com\/test\/?post_type=property&#038;p=1587"},"modified":"2019-12-17T08:58:34","modified_gmt":"2019-12-17T07:58:34","slug":"pronajem-kancelari-vysehrad-garden-praha-4","status":"publish","type":"property","link":"https:\/\/www.prazskekancelare.com\/test\/kancelare-k-pronajmu\/pronajem-kancelari-vysehrad-garden-praha-4\/","title":{"rendered":"Kancel\u00e1\u0159e Vy\u0161ehrad GARDEN Praha 4 <span style=\"color: #ff0000;\">SLEVA<\/span>"},"content":{"rendered":"<p>\n\t<ul id=\"slideshowgallery4625\" class=\"slideshowgallery4625\" style=\"display:none;\">\n\t\t\t\t\t<!-- From all slides or gallery slides -->\n\t\t\t\t\t\t\t<li>\n\t\t\t\t\t<h3 style=\"opacity:70;\">pronajem kancelari praha 4<\/h3>\n\t\t\t\t\t\t\t\t\t\t\t<span data-alt=\"pronajem-kancelari-praha-4\">https:\/\/www.prazskekancelare.com\/test\/wp-content\/uploads\/2016\/05\/pronajem-kancelari-praha-4.jpg<\/span>\n\t\t\t\t\t\t\t\t\t\t<p><\/p>\n\t\t\t\t\t\t\t\t\t\t\t\t\t\t\t\t\t\t<a><img class=\"skip-lazy\" src=\"https:\/\/www.prazskekancelare.com\/test\/wp-content\/uploads\/2016\/05\/pronajem-kancelari-praha-4-400x300.jpg\" alt=\"pronajem-kancelari-praha-4\" \/><\/a>\n\t\t\t\t\t\t\t\t\t\t\t\t\t\t\t<\/li>\n\t\t\t\t\t\t\t<li>\n\t\t\t\t\t<h3 style=\"opacity:70;\">pronajem kancelare praha 4<\/h3>\n\t\t\t\t\t\t\t\t\t\t\t<span data-alt=\"pronajem-kancelare-praha-4\">https:\/\/www.prazskekancelare.com\/test\/wp-content\/uploads\/2016\/05\/pronajem-kancelare-praha-4.jpg<\/span>\n\t\t\t\t\t\t\t\t\t\t<p><\/p>\n\t\t\t\t\t\t\t\t\t\t\t\t\t\t\t\t\t\t<a><img class=\"skip-lazy\" src=\"https:\/\/www.prazskekancelare.com\/test\/wp-content\/uploads\/2016\/05\/pronajem-kancelare-praha-4-400x300.jpg\" alt=\"pronajem-kancelare-praha-4\" \/><\/a>\n\t\t\t\t\t\t\t\t\t\t\t\t\t\t\t<\/li>\n\t\t\t\t\t\t\t<li>\n\t\t\t\t\t<h3 style=\"opacity:70;\">kancelare vysehrad<\/h3>\n\t\t\t\t\t\t\t\t\t\t\t<span data-alt=\"kancelare-vysehrad\">https:\/\/www.prazskekancelare.com\/test\/wp-content\/uploads\/2016\/05\/kancelare-vysehrad.jpg<\/span>\n\t\t\t\t\t\t\t\t\t\t<p><\/p>\n\t\t\t\t\t\t\t\t\t\t\t\t\t\t\t\t\t\t<a><img class=\"skip-lazy\" src=\"https:\/\/www.prazskekancelare.com\/test\/wp-content\/uploads\/2016\/05\/kancelare-vysehrad-400x300.jpg\" alt=\"kancelare-vysehrad\" \/><\/a>\n\t\t\t\t\t\t\t\t\t\t\t\t\t\t\t<\/li>\n\t\t\t\t\t\t\t<li>\n\t\t\t\t\t<h3 style=\"opacity:70;\">kancelare praha 4<\/h3>\n\t\t\t\t\t\t\t\t\t\t\t<span data-alt=\"kancelare-praha-4\">https:\/\/www.prazskekancelare.com\/test\/wp-content\/uploads\/2016\/05\/kancelare-praha-4.jpg<\/span>\n\t\t\t\t\t\t\t\t\t\t<p><\/p>\n\t\t\t\t\t\t\t\t\t\t\t\t\t\t\t\t\t\t<a><img class=\"skip-lazy\" src=\"https:\/\/www.prazskekancelare.com\/test\/wp-content\/uploads\/2016\/05\/kancelare-praha-4-300x225.jpg\" alt=\"kancelare-praha-4\" \/><\/a>\n\t\t\t\t\t\t\t\t\t\t\t\t\t\t\t<\/li>\n\t\t\t\t\t\t\t<li>\n\t\t\t\t\t<h3 style=\"opacity:70;\">kancelare praha 4 vysehrad<\/h3>\n\t\t\t\t\t\t\t\t\t\t\t<span data-alt=\"kancelare-praha-4-vysehrad\">https:\/\/www.prazskekancelare.com\/test\/wp-content\/uploads\/2016\/05\/kancelare-praha-4-vysehrad.jpg<\/span>\n\t\t\t\t\t\t\t\t\t\t<p><\/p>\n\t\t\t\t\t\t\t\t\t\t\t\t\t\t\t\t\t\t<a><img class=\"skip-lazy\" src=\"https:\/\/www.prazskekancelare.com\/test\/wp-content\/uploads\/2016\/05\/kancelare-praha-4-vysehrad-400x300.jpg\" alt=\"kancelare-praha-4-vysehrad\" \/><\/a>\n\t\t\t\t\t\t\t\t\t\t\t\t\t\t\t<\/li>\n\t\t\t\t\t\t\t<li>\n\t\t\t\t\t<h3 style=\"opacity:70;\">kancelare na praze 4<\/h3>\n\t\t\t\t\t\t\t\t\t\t\t<span data-alt=\"kancelare-na-praze-4\">https:\/\/www.prazskekancelare.com\/test\/wp-content\/uploads\/2016\/05\/kancelare-na-praze-4.jpg<\/span>\n\t\t\t\t\t\t\t\t\t\t<p><\/p>\n\t\t\t\t\t\t\t\t\t\t\t\t\t\t\t\t\t\t<a><img class=\"skip-lazy\" src=\"https:\/\/www.prazskekancelare.com\/test\/wp-content\/uploads\/2016\/05\/kancelare-na-praze-4-400x300.jpg\" alt=\"kancelare-na-praze-4\" \/><\/a>\n\t\t\t\t\t\t\t\t\t\t\t\t\t\t\t<\/li>\n\t\t\t\t\t\t\t<li>\n\t\t\t\t\t<h3 style=\"opacity:70;\">kancelare k pronajmu vysehrad praha 4<\/h3>\n\t\t\t\t\t\t\t\t\t\t\t<span data-alt=\"kancelare-k-pronajmu-vysehrad-praha-4\">https:\/\/www.prazskekancelare.com\/test\/wp-content\/uploads\/2016\/05\/kancelare-k-pronajmu-vysehrad-praha-4.jpg<\/span>\n\t\t\t\t\t\t\t\t\t\t<p><\/p>\n\t\t\t\t\t\t\t\t\t\t\t\t\t\t\t\t\t\t<a><img class=\"skip-lazy\" src=\"https:\/\/www.prazskekancelare.com\/test\/wp-content\/uploads\/2016\/05\/kancelare-k-pronajmu-vysehrad-praha-4-400x300.jpg\" alt=\"kancelare-k-pronajmu-vysehrad-praha-4\" \/><\/a>\n\t\t\t\t\t\t\t\t\t\t\t\t\t\t\t<\/li>\n\t\t\t\t\t\t\t<li>\n\t\t\t\t\t<h3 style=\"opacity:70;\">kancelare k pronajmu praha 5 vysehrad<\/h3>\n\t\t\t\t\t\t\t\t\t\t\t<span data-alt=\"kancelare-k-pronajmu-praha-5-vysehrad\">https:\/\/www.prazskekancelare.com\/test\/wp-content\/uploads\/2016\/05\/kancelare-k-pronajmu-praha-5-vysehrad.jpg<\/span>\n\t\t\t\t\t\t\t\t\t\t<p><\/p>\n\t\t\t\t\t\t\t\t\t\t\t\t\t\t\t\t\t\t<a><img class=\"skip-lazy\" src=\"https:\/\/www.prazskekancelare.com\/test\/wp-content\/uploads\/2016\/05\/kancelare-k-pronajmu-praha-5-vysehrad-400x300.jpg\" alt=\"kancelare-k-pronajmu-praha-5-vysehrad\" \/><\/a>\n\t\t\t\t\t\t\t\t\t\t\t\t\t\t\t<\/li>\n\t\t\t\t\t\t<\/ul>\n\n\t\t<div id=\"slideshow-wrappergallery4625\" class=\"slideshow-wrapper\" style=\"--slideshow-width:988px\">\n\t\t\n\t\t<div class=\"slideshow-fullsize\" id=\"fullsizegallery4625\">\n\t\t\t\t\t\t\t\t\t\t\t\t\t\t<div id=\"imgprevgallery4625\" class=\"slideshow-imgprev imgnav\" title=\"Previous Image\">Previous Image<\/div>\n\t\t\t\t\t\t<a id=\"imglinkgallery4625\" class=\"slideshow-imglink imglink\">\n\t\t\t\t<!-- link -->\n\t\t\t<\/a>\n\t\t\t\t\t\t\t\t\t\t\t<div id=\"imgnextgallery4625\" class=\"slideshow-imgnext imgnav\" title=\"Next Image\">Next Image<\/div>\n\t\t\t\t\t\t<div id=\"imagegallery4625\" class=\"slideshow-image\"><\/div>\n\t\t\t<div class=\"slideshow-information infobottom\" id=\"informationgallery4625\">\n\t\t\t\t<h3 class=\"slideshow-info-heading\">info heading<\/h3>\n\t\t\t\t<p class=\"slideshow-info-content\">info content<\/p>\n\t\t\t<\/div>\n\t\t<\/div>\n\n\t\t\t\t\t<div id=\"thumbnailsgallery4625\" class=\"slideshow-thumbnails thumbsbot\">\n\t\t\t\t<div class=\"slideshow-slideleft\" id=\"slideleftgallery4625\" title=\"Slide Left\"><\/div>\n\t\t\t\t<div class=\"slideshow-slidearea\" id=\"slideareagallery4625\">\n\t\t\t\t\t<div class=\"slideshow-slider\" id=\"slidergallery4625\"><\/div>\n\t\t\t\t<\/div>\n\t\t\t\t<div class=\"slideshow-slideright\" id=\"sliderightgallery4625\" title=\"Slide Right\"><\/div>\n\t\t\t\t<br style=\"clear:both; visibility:hidden; height:1px;\" \/>\n\t\t\t<\/div>\n\t\t\t<\/div>\n\n\t<br \/>\n<strong>Kancel\u00e1\u0159e Vy\u0161ehrad Garden<\/strong>\u00a0na Praze 4 up\u0159\u00edmn\u011b doporu\u010dujeme.\u00a0\u2705\u00a0Vy\u0161ehradsk\u00e9 kancel\u00e1\u0159e najdete v modern\u00ed, v\u00fdborn\u011b um\u00edst\u011bn\u00e9 a n\u00e1jemn\u00edky obl\u00edben\u00e9 kancel\u00e1\u0159sk\u00e9 budov\u011b\u00a0VY\u0160EHRAD GARDEN.\u00a0 Modern\u00ed kancel\u00e1\u0159sk\u00e1 budova le\u017e\u00ed na presti\u017en\u00ed adrese Na Pankr\u00e1ci 26.<\/p>\n<p>Skv\u011bl\u00e1 dostupnost do centra Prahy d\u011bl\u00e1 z pron\u00e1jmu kancel\u00e1\u0159\u00ed ve <strong>Vy\u0161ehrad Garden<\/strong> mimo\u0159\u00e1dn\u011b atraktivn\u00ed l\u00e1kadlo pro pr\u00e9miov\u00e9 n\u00e1jemce, jak\u00fdm je t\u0159eba AEGON Poji\u0161\u0165ovna, a. s. anebo Generali poji\u0161\u0165ovna. N\u00e1jemci kancel\u00e1\u0159\u00ed mohou voln\u011b vyu\u017e\u00edvat zahradu ve vnitrobloku, kter\u00e1 se hod\u00ed nejen pro pr\u00e1ci uprost\u0159ed zelen\u011b, n\u00fdbr\u017e i pro setk\u00e1v\u00e1n\u00ed s obchodn\u00edmi partnery.<\/p>\n<h2><strong>Vy\u0161ehrad Garden\u00a0kancel\u00e1\u0159e<span style=\"color: #ff0000;\">\u00a0<\/span><\/strong><span style=\"color: #ff0000;\"><em>(mal\u00e9 i velk\u00e9)<\/em><\/span><\/h2>\n<ul>\n<li><strong>od 5 m2:\u00a0<\/strong>\u00a0pro mal\u00e9 spole\u010dnost, za\u010d\u00ednaj\u00edc\u00ed podnikatele \/ \u017eivnostn\u00edky, coworking pracovn\u00edky, virtu\u00e1ln\u00ed sidla, \u2026<\/li>\n<li><strong>od 100 m2 \u2013 1.000 m2:<\/strong>\u00a0pro v\u011bt\u0161\u00ed \/ velk\u00e9 spole\u010dnosti, kter\u00e9 cht\u011bj\u00ed u\u0161et\u0159it za spr\u00e1vu sv\u00fdch kancel\u00e1\u0159\u00ed, n\u00e1bytek a slu\u017eby v\u016fbec \u2013\u00a0<strong>velmi v\u00fdhodn\u00e9!\u00a0<\/strong><span style=\"color: #ff0000;\"><em>(spo\u010d\u00edt\u00e1me v\u00e1m \u00faspory)<\/em><\/span><\/li>\n<\/ul>\n<p><strong>Popt\u00e1vejte IHNED nez\u00e1vazn\u011b | V\u00fdhodn\u00e9 ceny a BEZ provize:<\/strong><\/p>\n<p><a href=\"\/poptavka-po-kancelarich-k-pronajmu\/\" target=\"_blank\"><img loading=\"lazy\" class=\"alignnone wp-image-3617 size-medium\" src=\"https:\/\/www.prazskekancelare.com\/test\/wp-content\/uploads\/2019\/12\/kancelare-5-5000m-300x46.png\" alt=\"Albatros Kancel\u00e1\u0159e Spaces\" width=\"300\" height=\"46\" srcset=\"https:\/\/www.prazskekancelare.com\/test\/wp-content\/uploads\/2019\/12\/kancelare-5-5000m-300x46.png 300w, https:\/\/www.prazskekancelare.com\/test\/wp-content\/uploads\/2019\/12\/kancelare-5-5000m-1024x156.png 1024w\" sizes=\"(max-width: 300px) 100vw, 300px\" \/><\/a><\/p>\n<h2>Vy\u0161ehrad Garden kancel\u00e1\u0159e &#8211; lokalita<\/h2>\n<p>Modern\u00ed kancel\u00e1\u0159sk\u00e1 budova <strong>Vy\u0161ehrad Garden<\/strong> se nach\u00e1z\u00ed v doch\u00e1zkov\u00e9 vzd\u00e1lenosti od jedn\u00e9 z nejv\u00fdznamn\u011bj\u0161\u00edch pra\u017esk\u00fdch pam\u00e1tek \u2013 Vy\u0161ehradu. M\u011bstsk\u00e1 \u010d\u00e1st Praha 4 je obl\u00edben\u00fdm s\u00eddlem v\u00fdznamn\u00fdm spole\u010dnost\u00ed p\u0159edev\u0161\u00edm pro svou skv\u011blou dostupnost do centra Prahy a z\u00e1rove\u0148 do n\u00e1kupn\u00edho centra Ark\u00e1dy. Jde o jednu z nejd\u016fle\u017eit\u011bj\u0161\u00edch obchodn\u00edch lokalit v \u0161ir\u0161\u00edm centru hlavn\u00edho m\u011bsta.<\/p>\n<h2><strong>Dostupnost kancel\u00e1\u0159\u00ed na Vy\u0161ehrad\u011b<\/strong><\/h2>\n<ul>\n<li>Stanice metra Vy\u0161ehrad (trasa C) v bezprost\u0159edn\u00ed bl\u00edzkosti <strong>kancel\u00e1\u0159\u00ed Vy\u0161ehrad Garden<\/strong><\/li>\n<li>Ihned vedle Kongresov\u00e9 centrum Praha a \u010dty\u0159hv\u011bzdi\u010dkov\u00e9 hotely<\/li>\n<li>Napojen\u00ed na M\u011bstsk\u00fd okruh a D1<\/li>\n<li>Pohodln\u00e9 spojen\u00ed do centra m\u011bsta<\/li>\n<\/ul>\n<h2><strong>Kancel\u00e1\u0159e k pron\u00e1jmu Vy\u0161ehrad Garden Praha 4 &#8211; budova<\/strong><\/h2>\n<ul>\n<li>Modern\u00ed kancel\u00e1\u0159sk\u00e1 budova kategorie \u201eA\u201c<\/li>\n<li>Ve vnitrobloku je designovan\u00e1 zahrada s mno\u017estv\u00edm elektrick\u00fdch z\u00e1suvek<\/li>\n<li>68 vnit\u0159n\u00edch gar\u00e1\u017eov\u00fdch st\u00e1n\u00ed<\/li>\n<li>Pr\u00e9miov\u00ed n\u00e1jemci kancel\u00e1\u0159\u00ed<\/li>\n<\/ul>\n<h2><strong>Dispozice kancel\u00e1\u0159sk\u00e9 budovy k pron\u00e1jmu<\/strong><\/h2>\n<ul>\n<li>Osmipatrov\u00e1 budova v\u010detn\u011b dvou podla\u017e\u00ed v suter\u00e9nu<\/li>\n<li>Celkov\u00e1 ploch\u00e1 m\u00e1 4 600 m2<\/li>\n<li>Mo\u017enost jednotliv\u00fdch kancel\u00e1\u0159\u00ed i open space<\/li>\n<li>Sd\u00edlen\u00e1 zasedac\u00ed m\u00edstnost se d\u00e1 rozd\u011blit na polovinu pomoc\u00ed mobiln\u00ed p\u0159\u00ed\u010dky<\/li>\n<\/ul>\n<h2><strong>Slu\u017eby kancel\u00e1\u0159sk\u00e9 budovy\u00a0 a okol\u00ed<\/strong><\/h2>\n<ul>\n<li>Recepce a ostraha 24\/7<\/li>\n<li>\u010cist\u00edrna od\u011bv\u016f<\/li>\n<li>Dv\u011b sd\u00edlen\u00e9 zasedac\u00ed m\u00edstnosti<\/li>\n<li>Slu\u017eby podatelny<\/li>\n<li>Bezplatn\u00e9 vyu\u017eit\u00ed zahrady<\/li>\n<li>Otev\u00edrateln\u00e1 okna<\/li>\n<li>Chlazen\u00ed a topen\u00ed 4trubkov\u00fdmi fan coily<\/li>\n<li>Zdvojen\u00e9 podlahy<\/li>\n<li>Sn\u00ed\u017een\u00e9 podhledy<\/li>\n<li>Centr\u00e1ln\u00ed ventilace<\/li>\n<li>P\u0159\u00edstupov\u00fd syst\u00e9m vstupn\u00ed karty<\/li>\n<li>Elektronick\u00fd protipo\u017e\u00e1rn\u00ed a kamerov\u00fd syst\u00e9m<\/li>\n<li>Kongresov\u00e9 centrum Praha<\/li>\n<li>Kompletn\u00ed ob\u010dansk\u00e1 vybavenost<\/li>\n<li>\u010cty\u0159hv\u011bzdi\u010dkov\u00e9 hotely (Holiday Inn a Corinthia)<\/li>\n<li>Kvalitn\u00ed restaurace<\/li>\n<\/ul>\n<h2>V\u017edy BEZ Provize<\/h2>\n<p>Ve\u0161ker\u00e9 slu\u017eby na\u0161\u00ed spole\u010dnosti a jej\u00edch makl\u00e9\u0159\u016f jsou bez provize.<\/p>\n<h2>Jak poptat kancel\u00e1\u0159 Vy\u0161ehrad Garden na Praze 4?<\/h2>\n<p>Pro zasl\u00e1n\u00ed kompletn\u00ed nab\u00eddky s aktu\u00e1ln\u011b dostupn\u00fdmi kancel\u00e1\u0159emi k pron\u00e1jmu Praha 4 <strong>Vy\u0161ehrad Garden<\/strong>\u00a0n\u00e1s pros\u00edm nev\u00e1hejte kdykoli kontaktovat.<\/p>\n<p>Rychl\u00fd popt\u00e1vkov\u00fd formul\u00e1\u0159 najdete na konci textu\u00a0a makl\u00e9\u0159e zodpov\u011bdn\u00e9ho za nemovitosti v prav\u00e9m sloupci.<br \/>\ne-mail:\u00a0<strong><a href=\"mailto:info@prazskekancelare.cz\">info@prazskekancelare.cz<\/a><\/strong>\u00a0\/\u00a0telefon: <strong><span style=\"color: #ff0000;\">+420 773 295 925, +420 723 984 360<\/span><\/strong><\/p>\n<p><a href=\"\/poptavka-po-kancelarich-k-pronajmu\/\" target=\"_blank\"><img loading=\"lazy\" class=\"alignnone wp-image-3619 size-medium\" src=\"https:\/\/www.prazskekancelare.com\/test\/wp-content\/uploads\/2019\/12\/poptavejte-bez-provize-300x48.png\" alt=\"Albatros Spaces Kancel\u00e1\u0159e\" width=\"300\" height=\"48\" srcset=\"https:\/\/www.prazskekancelare.com\/test\/wp-content\/uploads\/2019\/12\/poptavejte-bez-provize-300x48.png 300w, https:\/\/www.prazskekancelare.com\/test\/wp-content\/uploads\/2019\/12\/poptavejte-bez-provize-1024x163.png 1024w\" sizes=\"(max-width: 300px) 100vw, 300px\" \/><\/a><\/p>\n<h2>v\u00edce informac\u00ed o Vy\u0161ehrad Garden:<\/h2>\n","protected":false},"author":1,"featured_media":1583,"comment_status":"closed","ping_status":"closed","template":"","yoast_head":"<!-- This site is optimized with the Yoast SEO plugin v16.4 - https:\/\/yoast.com\/wordpress\/plugins\/seo\/ -->\n<title>VY\u0160EHRAD GARDEN kancel\u00e1\u0159e Praha 4 | 400 KANCEL\u00c1\u0158\u00cd &gt;&gt;<\/title>\n<meta name=\"description\" content=\"Popt\u00e1vejte kancel\u00e1\u0159e Vy\u0161ehrad Garden \u2705 Praha 4 | 400 kancel\u00e1\u0159\u00ed na Vy\u0161ehrad\u011b \u2705| Nab\u00eddky Vy\u0161ehrad Garden kancel\u00e1\u0159\u00ed do 30 minut | Provize 0%.\" \/>\n<meta name=\"robots\" content=\"noindex, follow, max-snippet:-1, max-image-preview:large, max-video-preview:-1\" \/>\n<meta property=\"og:locale\" content=\"cs_CZ\" \/>\n<meta property=\"og:type\" content=\"article\" \/>\n<meta property=\"og:title\" content=\"VY\u0160EHRAD GARDEN kancel\u00e1\u0159e Praha 4 | 400 KANCEL\u00c1\u0158\u00cd &gt;&gt;\" \/>\n<meta property=\"og:description\" content=\"Popt\u00e1vejte kancel\u00e1\u0159e Vy\u0161ehrad Garden \u2705 Praha 4 | 400 kancel\u00e1\u0159\u00ed na Vy\u0161ehrad\u011b \u2705| Nab\u00eddky Vy\u0161ehrad Garden kancel\u00e1\u0159\u00ed do 30 minut | Provize 0%.\" \/>\n<meta property=\"og:url\" content=\"https:\/\/www.prazskekancelare.com\/test\/kancelare-k-pronajmu\/pronajem-kancelari-vysehrad-garden-praha-4\/\" \/>\n<meta property=\"og:site_name\" content=\"TEST - Pron\u00e1jem kancel\u00e1\u0159e Praha\" \/>\n<meta property=\"article:modified_time\" content=\"2019-12-17T07:58:34+00:00\" \/>\n<meta property=\"og:image\" content=\"https:\/\/www.prazskekancelare.com\/test\/wp-content\/uploads\/2016\/05\/kancelare-praha-4.jpg\" \/>\n\t<meta property=\"og:image:width\" content=\"1200\" \/>\n\t<meta property=\"og:image:height\" content=\"899\" \/>\n<meta name=\"twitter:card\" content=\"summary\" \/>\n<meta name=\"twitter:label1\" content=\"Odhadovan\u00e1 doba \u010dten\u00ed\" \/>\n\t<meta name=\"twitter:data1\" content=\"3 minuty\" \/>\n<script type=\"application\/ld+json\" class=\"yoast-schema-graph\">{\"@context\":\"https:\/\/schema.org\",\"@graph\":[{\"@type\":\"Organization\",\"@id\":\"https:\/\/www.prazskekancelare.com\/test\/#organization\",\"name\":\"Pron\\u00e1jem kancel\\u00e1\\u0159e Praha\",\"url\":\"https:\/\/www.prazskekancelare.com\/test\/\",\"sameAs\":[],\"logo\":{\"@type\":\"ImageObject\",\"@id\":\"https:\/\/www.prazskekancelare.com\/test\/#logo\",\"inLanguage\":\"cs\",\"url\":\"https:\/\/www.prazskekancelare.com\/test\/wp-content\/uploads\/2018\/05\/prazske-kancelare-com-logo.png\",\"contentUrl\":\"https:\/\/www.prazskekancelare.com\/test\/wp-content\/uploads\/2018\/05\/prazske-kancelare-com-logo.png\",\"width\":242,\"height\":59,\"caption\":\"Pron\\u00e1jem kancel\\u00e1\\u0159e Praha\"},\"image\":{\"@id\":\"https:\/\/www.prazskekancelare.com\/test\/#logo\"}},{\"@type\":\"WebSite\",\"@id\":\"https:\/\/www.prazskekancelare.com\/test\/#website\",\"url\":\"https:\/\/www.prazskekancelare.com\/test\/\",\"name\":\"TEST - Pron\\u00e1jem kancel\\u00e1\\u0159e Praha\",\"description\":\"Pron\\u00e1jem kancel\\u00e1\\u0159e Praha a Kancelare Praha\",\"publisher\":{\"@id\":\"https:\/\/www.prazskekancelare.com\/test\/#organization\"},\"potentialAction\":[{\"@type\":\"SearchAction\",\"target\":\"https:\/\/www.prazskekancelare.com\/test\/?s={search_term_string}\",\"query-input\":\"required name=search_term_string\"}],\"inLanguage\":\"cs\"},{\"@type\":\"ImageObject\",\"@id\":\"https:\/\/www.prazskekancelare.com\/test\/kancelare-k-pronajmu\/pronajem-kancelari-vysehrad-garden-praha-4\/#primaryimage\",\"inLanguage\":\"cs\",\"url\":\"https:\/\/www.prazskekancelare.com\/test\/wp-content\/uploads\/2016\/05\/kancelare-praha-4.jpg\",\"contentUrl\":\"https:\/\/www.prazskekancelare.com\/test\/wp-content\/uploads\/2016\/05\/kancelare-praha-4.jpg\",\"width\":1200,\"height\":899,\"caption\":\"Vy\\u0161ehrad Garden kancel\\u00e1\\u0159e Praha 4\"},{\"@type\":\"WebPage\",\"@id\":\"https:\/\/www.prazskekancelare.com\/test\/kancelare-k-pronajmu\/pronajem-kancelari-vysehrad-garden-praha-4\/#webpage\",\"url\":\"https:\/\/www.prazskekancelare.com\/test\/kancelare-k-pronajmu\/pronajem-kancelari-vysehrad-garden-praha-4\/\",\"name\":\"VY\\u0160EHRAD GARDEN kancel\\u00e1\\u0159e Praha 4 | 400 KANCEL\\u00c1\\u0158\\u00cd >>\",\"isPartOf\":{\"@id\":\"https:\/\/www.prazskekancelare.com\/test\/#website\"},\"primaryImageOfPage\":{\"@id\":\"https:\/\/www.prazskekancelare.com\/test\/kancelare-k-pronajmu\/pronajem-kancelari-vysehrad-garden-praha-4\/#primaryimage\"},\"datePublished\":\"2018-04-22T12:36:57+00:00\",\"dateModified\":\"2019-12-17T07:58:34+00:00\",\"description\":\"Popt\\u00e1vejte kancel\\u00e1\\u0159e Vy\\u0161ehrad Garden \\u2705 Praha 4 | 400 kancel\\u00e1\\u0159\\u00ed na Vy\\u0161ehrad\\u011b \\u2705| Nab\\u00eddky Vy\\u0161ehrad Garden kancel\\u00e1\\u0159\\u00ed do 30 minut | Provize 0%.\",\"breadcrumb\":{\"@id\":\"https:\/\/www.prazskekancelare.com\/test\/kancelare-k-pronajmu\/pronajem-kancelari-vysehrad-garden-praha-4\/#breadcrumb\"},\"inLanguage\":\"cs\",\"potentialAction\":[{\"@type\":\"ReadAction\",\"target\":[\"https:\/\/www.prazskekancelare.com\/test\/kancelare-k-pronajmu\/pronajem-kancelari-vysehrad-garden-praha-4\/\"]}]},{\"@type\":\"BreadcrumbList\",\"@id\":\"https:\/\/www.prazskekancelare.com\/test\/kancelare-k-pronajmu\/pronajem-kancelari-vysehrad-garden-praha-4\/#breadcrumb\",\"itemListElement\":[{\"@type\":\"ListItem\",\"position\":1,\"item\":{\"@type\":\"WebPage\",\"@id\":\"https:\/\/www.prazskekancelare.com\/test\/\",\"url\":\"https:\/\/www.prazskekancelare.com\/test\/\",\"name\":\"Dom\\u016f\"}},{\"@type\":\"ListItem\",\"position\":2,\"item\":{\"@type\":\"WebPage\",\"@id\":\"https:\/\/www.prazskekancelare.com\/test\/kancelare-k-pronajmu\/\",\"url\":\"https:\/\/www.prazskekancelare.com\/test\/kancelare-k-pronajmu\/\",\"name\":\"Properties\"}},{\"@type\":\"ListItem\",\"position\":3,\"item\":{\"@id\":\"https:\/\/www.prazskekancelare.com\/test\/kancelare-k-pronajmu\/pronajem-kancelari-vysehrad-garden-praha-4\/#webpage\"}}]}]}<\/script>\n<!-- \/ Yoast SEO plugin. -->","cmb2":{"property_general":{"property_id":"ANO","property_year_built":"","property_address":"Na Pankr\u00e1ci 26,\r\n140 00 Praha 4\r\n","property_zip":"","property_contract":"","property_gallery":"","property_plans":"","property_video":"","property_parent_property":""},"property_flags":{"property_featured":"","property_sticky":"","property_reduced":"","property_sold":""},"property_contact":{"property_contact_name":"","property_contact_phone":""},"property_pricing":{"property_price":"350","property_price_prefix":"od","property_price_suffix":"K\u010d\/m2","property_price_custom":""},"property_attributes":{"property_rooms":"NE","property_beds":"5","property_baths":"NE","property_garages":"NE \/ \u010d\u00e1ste\u010dn\u011b","property_home_area":"","property_lot_dimensions":"","property_lot_area":"5 m2 - 2.500 m2"},"property_valuation":{"property_valuation_group":""},"property_public_facilities":{"property_public_facilities_group":""},"property_map_location":{"property_map_location":{"latitude":"50.059787","longitude":"14.428870200000006"}},"property_relations":{"property_agents":["260"]}},"_links":{"self":[{"href":"https:\/\/www.prazskekancelare.com\/test\/wp-json\/wp\/v2\/property\/1587"}],"collection":[{"href":"https:\/\/www.prazskekancelare.com\/test\/wp-json\/wp\/v2\/property"}],"about":[{"href":"https:\/\/www.prazskekancelare.com\/test\/wp-json\/wp\/v2\/types\/property"}],"author":[{"embeddable":true,"href":"https:\/\/www.prazskekancelare.com\/test\/wp-json\/wp\/v2\/users\/1"}],"replies":[{"embeddable":true,"href":"https:\/\/www.prazskekancelare.com\/test\/wp-json\/wp\/v2\/comments?post=1587"}],"wp:featuredmedia":[{"embeddable":true,"href":"https:\/\/www.prazskekancelare.com\/test\/wp-json\/wp\/v2\/media\/1583"}],"wp:attachment":[{"href":"https:\/\/www.prazskekancelare.com\/test\/wp-json\/wp\/v2\/media?parent=1587"}],"curies":[{"name":"wp","href":"https:\/\/api.w.org\/{rel}","templated":true}]}}