{"id":1542,"date":"2016-02-03T16:42:52","date_gmt":"2016-02-03T15:42:52","guid":{"rendered":"https:\/\/www.prazskekancelare.com\/test\/?post_type=property&#038;p=1542"},"modified":"2019-03-17T17:14:29","modified_gmt":"2019-03-17T16:14:29","slug":"pronajem-kancelari-hloubetin-u-elektry-praha-9","status":"publish","type":"property","link":"https:\/\/www.prazskekancelare.com\/test\/kancelare-k-pronajmu\/pronajem-kancelari-hloubetin-u-elektry-praha-9\/","title":{"rendered":"Kancel\u00e1\u0159e U ELEKTRY Hloub\u011bt\u00edn Praha 9 <span style=\"color: #ff0000;\">$$$<\/span>"},"content":{"rendered":"\n\t<ul id=\"slideshowgallery44487\" class=\"slideshowgallery44487\" style=\"display:none;\">\n\t\t\t\t\t<!-- From all slides or gallery slides -->\n\t\t\t\t\t\t\t<li>\n\t\t\t\t\t<h3 style=\"opacity:70;\">pronajem kancelari praha 9<\/h3>\n\t\t\t\t\t\t\t\t\t\t\t<span data-alt=\"pronajem-kancelari-praha-9\">https:\/\/www.prazskekancelare.com\/test\/wp-content\/uploads\/2016\/02\/pronajem-kancelari-praha-9.jpg<\/span>\n\t\t\t\t\t\t\t\t\t\t<p><\/p>\n\t\t\t\t\t\t\t\t\t\t\t\t\t\t\t\t\t\t<a><img class=\"skip-lazy\" src=\"https:\/\/www.prazskekancelare.com\/test\/wp-content\/uploads\/2016\/02\/pronajem-kancelari-praha-9-400x300.jpg\" alt=\"pronajem-kancelari-praha-9\" \/><\/a>\n\t\t\t\t\t\t\t\t\t\t\t\t\t\t\t<\/li>\n\t\t\t\t\t\t\t<li>\n\t\t\t\t\t<h3 style=\"opacity:70;\">pronajem kancelare praha 9<\/h3>\n\t\t\t\t\t\t\t\t\t\t\t<span data-alt=\"pronajem-kancelare-praha-9\">https:\/\/www.prazskekancelare.com\/test\/wp-content\/uploads\/2016\/02\/pronajem-kancelare-praha-9.jpg<\/span>\n\t\t\t\t\t\t\t\t\t\t<p><\/p>\n\t\t\t\t\t\t\t\t\t\t\t\t\t\t\t\t\t\t<a><img class=\"skip-lazy\" src=\"https:\/\/www.prazskekancelare.com\/test\/wp-content\/uploads\/2016\/02\/pronajem-kancelare-praha-9-400x300.jpg\" alt=\"pronajem-kancelare-praha-9\" \/><\/a>\n\t\t\t\t\t\t\t\t\t\t\t\t\t\t\t<\/li>\n\t\t\t\t\t\t\t<li>\n\t\t\t\t\t<h3 style=\"opacity:70;\">pronajem kancelare na praze 9<\/h3>\n\t\t\t\t\t\t\t\t\t\t\t<span data-alt=\"pronajem-kancelare-na-praze-9\">https:\/\/www.prazskekancelare.com\/test\/wp-content\/uploads\/2016\/02\/pronajem-kancelare-na-praze-9.jpg<\/span>\n\t\t\t\t\t\t\t\t\t\t<p><\/p>\n\t\t\t\t\t\t\t\t\t\t\t\t\t\t\t\t\t\t<a><img class=\"skip-lazy\" src=\"https:\/\/www.prazskekancelare.com\/test\/wp-content\/uploads\/2016\/02\/pronajem-kancelare-na-praze-9-400x300.jpg\" alt=\"pronajem-kancelare-na-praze-9\" \/><\/a>\n\t\t\t\t\t\t\t\t\t\t\t\t\t\t\t<\/li>\n\t\t\t\t\t\t\t<li>\n\t\t\t\t\t<h3 style=\"opacity:70;\">kancelare praha 9<\/h3>\n\t\t\t\t\t\t\t\t\t\t\t<span data-alt=\"kancelare-praha-9\">https:\/\/www.prazskekancelare.com\/test\/wp-content\/uploads\/2016\/02\/kancelare-praha-9.jpg<\/span>\n\t\t\t\t\t\t\t\t\t\t<p><\/p>\n\t\t\t\t\t\t\t\t\t\t\t\t\t\t\t\t\t\t<a><img class=\"skip-lazy\" src=\"https:\/\/www.prazskekancelare.com\/test\/wp-content\/uploads\/2016\/02\/kancelare-praha-9-400x300.jpg\" alt=\"kancelare-praha-9\" \/><\/a>\n\t\t\t\t\t\t\t\t\t\t\t\t\t\t\t<\/li>\n\t\t\t\t\t\t\t<li>\n\t\t\t\t\t<h3 style=\"opacity:70;\">kancelare na pronajem praha 9<\/h3>\n\t\t\t\t\t\t\t\t\t\t\t<span data-alt=\"kancelare-na-pronajem-praha-9\">https:\/\/www.prazskekancelare.com\/test\/wp-content\/uploads\/2016\/02\/kancelare-na-pronajem-praha-9.jpg<\/span>\n\t\t\t\t\t\t\t\t\t\t<p><\/p>\n\t\t\t\t\t\t\t\t\t\t\t\t\t\t\t\t\t\t<a><img class=\"skip-lazy\" src=\"https:\/\/www.prazskekancelare.com\/test\/wp-content\/uploads\/2016\/02\/kancelare-na-pronajem-praha-9-400x300.jpg\" alt=\"kancelare-na-pronajem-praha-9\" \/><\/a>\n\t\t\t\t\t\t\t\t\t\t\t\t\t\t\t<\/li>\n\t\t\t\t\t\t\t<li>\n\t\t\t\t\t<h3 style=\"opacity:70;\">kancelare na praze 9<\/h3>\n\t\t\t\t\t\t\t\t\t\t\t<span data-alt=\"kancelare-na-praze-9\">https:\/\/www.prazskekancelare.com\/test\/wp-content\/uploads\/2016\/02\/kancelare-na-praze-9.jpg<\/span>\n\t\t\t\t\t\t\t\t\t\t<p><\/p>\n\t\t\t\t\t\t\t\t\t\t\t\t\t\t\t\t\t\t<a><img class=\"skip-lazy\" src=\"https:\/\/www.prazskekancelare.com\/test\/wp-content\/uploads\/2016\/02\/kancelare-na-praze-9-400x300.jpg\" alt=\"kancelare-na-praze-9\" \/><\/a>\n\t\t\t\t\t\t\t\t\t\t\t\t\t\t\t<\/li>\n\t\t\t\t\t\t\t<li>\n\t\t\t\t\t<h3 style=\"opacity:70;\">kancelare k pronajmu praha 9<\/h3>\n\t\t\t\t\t\t\t\t\t\t\t<span data-alt=\"kancelare-k-pronajmu-praha-9\">https:\/\/www.prazskekancelare.com\/test\/wp-content\/uploads\/2016\/02\/kancelare-k-pronajmu-praha-9.jpg<\/span>\n\t\t\t\t\t\t\t\t\t\t<p><\/p>\n\t\t\t\t\t\t\t\t\t\t\t\t\t\t\t\t\t\t<a><img class=\"skip-lazy\" src=\"https:\/\/www.prazskekancelare.com\/test\/wp-content\/uploads\/2016\/02\/kancelare-k-pronajmu-praha-9-400x300.jpg\" alt=\"kancelare-k-pronajmu-praha-9\" \/><\/a>\n\t\t\t\t\t\t\t\t\t\t\t\t\t\t\t<\/li>\n\t\t\t\t\t\t<\/ul>\n\n\t\t<div id=\"slideshow-wrappergallery44487\" class=\"slideshow-wrapper\" style=\"--slideshow-width:872px\">\n\t\t\n\t\t<div class=\"slideshow-fullsize\" id=\"fullsizegallery44487\">\n\t\t\t\t\t\t\t\t\t\t\t\t\t\t<div id=\"imgprevgallery44487\" class=\"slideshow-imgprev imgnav\" title=\"Previous Image\">Previous Image<\/div>\n\t\t\t\t\t\t<a id=\"imglinkgallery44487\" class=\"slideshow-imglink imglink\">\n\t\t\t\t<!-- link -->\n\t\t\t<\/a>\n\t\t\t\t\t\t\t\t\t\t\t<div id=\"imgnextgallery44487\" class=\"slideshow-imgnext imgnav\" title=\"Next Image\">Next Image<\/div>\n\t\t\t\t\t\t<div id=\"imagegallery44487\" class=\"slideshow-image\"><\/div>\n\t\t\t<div class=\"slideshow-information infobottom\" id=\"informationgallery44487\">\n\t\t\t\t<h3 class=\"slideshow-info-heading\">info heading<\/h3>\n\t\t\t\t<p class=\"slideshow-info-content\">info content<\/p>\n\t\t\t<\/div>\n\t\t<\/div>\n\n\t\t\t\t\t<div id=\"thumbnailsgallery44487\" class=\"slideshow-thumbnails thumbsbot\">\n\t\t\t\t<div class=\"slideshow-slideleft\" id=\"slideleftgallery44487\" title=\"Slide Left\"><\/div>\n\t\t\t\t<div class=\"slideshow-slidearea\" id=\"slideareagallery44487\">\n\t\t\t\t\t<div class=\"slideshow-slider\" id=\"slidergallery44487\"><\/div>\n\t\t\t\t<\/div>\n\t\t\t\t<div class=\"slideshow-slideright\" id=\"sliderightgallery44487\" title=\"Slide Right\"><\/div>\n\t\t\t\t<br style=\"clear:both; visibility:hidden; height:1px;\" \/>\n\t\t\t<\/div>\n\t\t\t<\/div>\n\n\t\n<p>&nbsp;<\/p>\n<p>Nab\u00edz\u00edme <strong>kancel\u00e1\u0159skou budovu v Hloub\u011bt\u00edn\u011b U Elektry<\/strong>, kter\u00e1 je \u010derstv\u011b zrekonstruovan\u00e1 s p\u011bti nadzemn\u00edmi podla\u017e\u00edmi, u n\u00ed\u017e bylo v posledn\u00edch m\u011bs\u00edc\u00edch provedeno zateplen\u00ed a dokon\u010dena nov\u00e1 fas\u00e1da.<\/p>\n<p>Mezi v\u00fdhody tohoto pron\u00e1jmu kancel\u00e1\u0159\u00ed na Praze 9 pat\u0159\u00ed variabilita vnit\u0159n\u00edch prostor, je\u017e lze p\u0159izp\u016fsobit konkr\u00e9tn\u00edm p\u0159\u00e1n\u00edm klienta a v\u00fdborn\u00e1 cena.<\/p>\n<p>Na z\u00e1klad\u011b dohody je mo\u017en\u00e9 v jednotliv\u00fdch kancel\u00e1\u0159\u00edch vymalovat a polo\u017eit koberce i zajistit vybaven\u00ed n\u00e1bytkem. Dal\u0161\u00edm pozitivem je um\u00edst\u011bn\u00ed budovy v hl\u00eddan\u00e9m are\u00e1lu jen asi 150 metr\u016f od nejbli\u017e\u0161\u00ed tramvajov\u00e9 zast\u00e1vky a kompletn\u00ed vybaven\u00ed klimatizac\u00ed.<\/p>\n<p>Kancel\u00e1\u0159e k pron\u00e1jmu v Hloub\u011bt\u00edn\u011b maj\u00ed parkovi\u0161t\u011b p\u0159\u00edmo u kancel\u00e1\u0159sk\u00e9 budovy.<\/p>\n<p><strong>Up\u0159\u00edmn\u011b\u00a0doporu\u010dujeme prohl\u00eddku<\/strong>.<\/p>\n<p><span style=\"color: #ff0000;\"><strong>N\u00e1\u0161 tip:<\/strong>\u00a0Za\u0161lete n\u00e1m rychl\u00fd\u00a0<a style=\"color: #ff0000;\" href=\"\/poptavka-po-kancelarich-k-pronajmu\/\" target=\"_blank\"><span style=\"text-decoration: underline;\"><span style=\"color: #0000ff;\"><strong>popt\u00e1vkov\u00fd formul\u00e1\u0159<\/strong><\/span><\/span>\u00a0<\/a>a my V\u00e1m b\u011bhem 30 minut\u00a0p\u0159iprav\u00edme kompletn\u00ed nab\u00eddku dle Va\u0161ich specifikac\u00ed a bez provize. <strong>V nab\u00eddce m\u00e1me 500 kancel\u00e1\u0159\u00ed v Praze<\/strong>. T\u011b\u0161\u00edme se na spolupr\u00e1ci.<\/span><\/p>\n<h2>Provize za zprost\u0159edkov\u00e1n\u00ed kancel\u00e1\u0159\u00ed v Hloub\u011bt\u00edn\u011b U Elektry<\/h2>\n<p>Ve\u0161ker\u00e9 slu\u017eby na\u0161\u00ed spole\u010dnosti a jej\u00edch makl\u00e9\u0159\u016f jsou bez provize.<\/p>\n<h2>Jak poptat kancel\u00e1\u0159 v Hloub\u011bt\u00edn\u011b na Praze 9?<\/h2>\n<p>Pro zasl\u00e1n\u00ed kompletn\u00ed nab\u00eddky s aktu\u00e1ln\u011b dostupn\u00fdmi kancel\u00e1\u0159emi k pron\u00e1jmu v Hloub\u011bt\u00edn\u011b,\u00a0n\u00e1s pros\u00edm nev\u00e1hejte kdykoli kontaktovat.<\/p>\n<p>Rychl\u00fd popt\u00e1vkov\u00fd formul\u00e1\u0159 najdete na konci textu\u00a0a makl\u00e9\u0159e zodpov\u011bdn\u00e9ho za nemovitosti v prav\u00e9m sloupci.<br \/>\ne-mail:\u00a0<strong><a href=\"mailto:info@prazskekancelare.cz\">info@prazskekancelare.cz<\/a><\/strong>\u00a0\/\u00a0telefon: <strong><span style=\"color: #ff0000;\">+420 773 295 925, +420 723 984 360<\/span><\/strong><\/p>\n<h2>v\u00edce informac\u00ed o kancel\u00e1\u0159\u00edch U Elektry:<\/h2>\n","protected":false},"author":1,"featured_media":1541,"comment_status":"closed","ping_status":"closed","template":"","yoast_head":"<!-- This site is optimized with the Yoast SEO plugin v16.4 - https:\/\/yoast.com\/wordpress\/plugins\/seo\/ -->\n<title>U ELEKTRY Hloub\u011bt\u00edn kancel\u00e1\u0159e Praha 9 | 900 KANCEL\u00c1\u0158\u00cd levn\u011b \u00ae<\/title>\n<meta name=\"description\" content=\"Popt\u00e1vejte pron\u00e1jem kancel\u00e1\u0159e U Elektry Hloub\u011bt\u00edn Praha 9 | 900 kancel\u00e1\u0159\u00ed k pron\u00e1jmu v Praze | Nab\u00eddky kancel\u00e1\u0159\u00ed do 30 minut | Provize 0%.\" \/>\n<meta name=\"robots\" content=\"noindex, follow, max-snippet:-1, max-image-preview:large, max-video-preview:-1\" \/>\n<meta property=\"og:locale\" content=\"cs_CZ\" \/>\n<meta property=\"og:type\" content=\"article\" \/>\n<meta property=\"og:title\" content=\"U ELEKTRY Hloub\u011bt\u00edn kancel\u00e1\u0159e Praha 9 | 900 KANCEL\u00c1\u0158\u00cd levn\u011b \u00ae\" \/>\n<meta property=\"og:description\" content=\"Popt\u00e1vejte pron\u00e1jem kancel\u00e1\u0159e U Elektry Hloub\u011bt\u00edn Praha 9 | 900 kancel\u00e1\u0159\u00ed k pron\u00e1jmu v Praze | Nab\u00eddky kancel\u00e1\u0159\u00ed do 30 minut | Provize 0%.\" \/>\n<meta property=\"og:url\" content=\"https:\/\/www.prazskekancelare.com\/test\/kancelare-k-pronajmu\/pronajem-kancelari-hloubetin-u-elektry-praha-9\/\" \/>\n<meta property=\"og:site_name\" content=\"TEST - Pron\u00e1jem kancel\u00e1\u0159e Praha\" \/>\n<meta property=\"article:modified_time\" content=\"2019-03-17T16:14:29+00:00\" \/>\n<meta property=\"og:image\" content=\"https:\/\/www.prazskekancelare.com\/test\/wp-content\/uploads\/2016\/02\/pronajem-kancelari-praha-9.jpg\" \/>\n\t<meta property=\"og:image:width\" content=\"1000\" \/>\n\t<meta property=\"og:image:height\" content=\"692\" \/>\n<meta name=\"twitter:card\" content=\"summary\" \/>\n<meta name=\"twitter:label1\" content=\"Odhadovan\u00e1 doba \u010dten\u00ed\" \/>\n\t<meta name=\"twitter:data1\" content=\"1 minuta\" \/>\n<script type=\"application\/ld+json\" class=\"yoast-schema-graph\">{\"@context\":\"https:\/\/schema.org\",\"@graph\":[{\"@type\":\"Organization\",\"@id\":\"https:\/\/www.prazskekancelare.com\/test\/#organization\",\"name\":\"Pron\\u00e1jem kancel\\u00e1\\u0159e Praha\",\"url\":\"https:\/\/www.prazskekancelare.com\/test\/\",\"sameAs\":[],\"logo\":{\"@type\":\"ImageObject\",\"@id\":\"https:\/\/www.prazskekancelare.com\/test\/#logo\",\"inLanguage\":\"cs\",\"url\":\"https:\/\/www.prazskekancelare.com\/test\/wp-content\/uploads\/2018\/05\/prazske-kancelare-com-logo.png\",\"contentUrl\":\"https:\/\/www.prazskekancelare.com\/test\/wp-content\/uploads\/2018\/05\/prazske-kancelare-com-logo.png\",\"width\":242,\"height\":59,\"caption\":\"Pron\\u00e1jem kancel\\u00e1\\u0159e Praha\"},\"image\":{\"@id\":\"https:\/\/www.prazskekancelare.com\/test\/#logo\"}},{\"@type\":\"WebSite\",\"@id\":\"https:\/\/www.prazskekancelare.com\/test\/#website\",\"url\":\"https:\/\/www.prazskekancelare.com\/test\/\",\"name\":\"TEST - Pron\\u00e1jem kancel\\u00e1\\u0159e Praha\",\"description\":\"Pron\\u00e1jem kancel\\u00e1\\u0159e Praha a Kancelare Praha\",\"publisher\":{\"@id\":\"https:\/\/www.prazskekancelare.com\/test\/#organization\"},\"potentialAction\":[{\"@type\":\"SearchAction\",\"target\":\"https:\/\/www.prazskekancelare.com\/test\/?s={search_term_string}\",\"query-input\":\"required name=search_term_string\"}],\"inLanguage\":\"cs\"},{\"@type\":\"ImageObject\",\"@id\":\"https:\/\/www.prazskekancelare.com\/test\/kancelare-k-pronajmu\/pronajem-kancelari-hloubetin-u-elektry-praha-9\/#primaryimage\",\"inLanguage\":\"cs\",\"url\":\"https:\/\/www.prazskekancelare.com\/test\/wp-content\/uploads\/2016\/02\/pronajem-kancelari-praha-9.jpg\",\"contentUrl\":\"https:\/\/www.prazskekancelare.com\/test\/wp-content\/uploads\/2016\/02\/pronajem-kancelari-praha-9.jpg\",\"width\":1000,\"height\":692,\"caption\":\"U Elektry kancel\\u00e1\\u0159e Hloub\\u011bt\\u00edn Praha 9\"},{\"@type\":\"WebPage\",\"@id\":\"https:\/\/www.prazskekancelare.com\/test\/kancelare-k-pronajmu\/pronajem-kancelari-hloubetin-u-elektry-praha-9\/#webpage\",\"url\":\"https:\/\/www.prazskekancelare.com\/test\/kancelare-k-pronajmu\/pronajem-kancelari-hloubetin-u-elektry-praha-9\/\",\"name\":\"U ELEKTRY Hloub\\u011bt\\u00edn kancel\\u00e1\\u0159e Praha 9 | 900 KANCEL\\u00c1\\u0158\\u00cd levn\\u011b \\u00ae\",\"isPartOf\":{\"@id\":\"https:\/\/www.prazskekancelare.com\/test\/#website\"},\"primaryImageOfPage\":{\"@id\":\"https:\/\/www.prazskekancelare.com\/test\/kancelare-k-pronajmu\/pronajem-kancelari-hloubetin-u-elektry-praha-9\/#primaryimage\"},\"datePublished\":\"2016-02-03T15:42:52+00:00\",\"dateModified\":\"2019-03-17T16:14:29+00:00\",\"description\":\"Popt\\u00e1vejte pron\\u00e1jem kancel\\u00e1\\u0159e U Elektry Hloub\\u011bt\\u00edn Praha 9 | 900 kancel\\u00e1\\u0159\\u00ed k pron\\u00e1jmu v Praze | Nab\\u00eddky kancel\\u00e1\\u0159\\u00ed do 30 minut | Provize 0%.\",\"breadcrumb\":{\"@id\":\"https:\/\/www.prazskekancelare.com\/test\/kancelare-k-pronajmu\/pronajem-kancelari-hloubetin-u-elektry-praha-9\/#breadcrumb\"},\"inLanguage\":\"cs\",\"potentialAction\":[{\"@type\":\"ReadAction\",\"target\":[\"https:\/\/www.prazskekancelare.com\/test\/kancelare-k-pronajmu\/pronajem-kancelari-hloubetin-u-elektry-praha-9\/\"]}]},{\"@type\":\"BreadcrumbList\",\"@id\":\"https:\/\/www.prazskekancelare.com\/test\/kancelare-k-pronajmu\/pronajem-kancelari-hloubetin-u-elektry-praha-9\/#breadcrumb\",\"itemListElement\":[{\"@type\":\"ListItem\",\"position\":1,\"item\":{\"@type\":\"WebPage\",\"@id\":\"https:\/\/www.prazskekancelare.com\/test\/\",\"url\":\"https:\/\/www.prazskekancelare.com\/test\/\",\"name\":\"Dom\\u016f\"}},{\"@type\":\"ListItem\",\"position\":2,\"item\":{\"@type\":\"WebPage\",\"@id\":\"https:\/\/www.prazskekancelare.com\/test\/kancelare-k-pronajmu\/\",\"url\":\"https:\/\/www.prazskekancelare.com\/test\/kancelare-k-pronajmu\/\",\"name\":\"Properties\"}},{\"@type\":\"ListItem\",\"position\":3,\"item\":{\"@id\":\"https:\/\/www.prazskekancelare.com\/test\/kancelare-k-pronajmu\/pronajem-kancelari-hloubetin-u-elektry-praha-9\/#webpage\"}}]}]}<\/script>\n<!-- \/ Yoast SEO plugin. -->","cmb2":{"property_general":{"property_id":"ANO","property_year_built":"","property_address":"U Elektry 830\/2b,\r\n190 00 Praha 9\r\n","property_zip":"","property_contract":"","property_gallery":"","property_plans":"","property_video":"","property_parent_property":""},"property_flags":{"property_featured":"","property_sticky":"","property_reduced":"","property_sold":""},"property_contact":{"property_contact_name":"","property_contact_phone":""},"property_pricing":{"property_price":"139","property_price_prefix":"od","property_price_suffix":"K\u010d\/m2","property_price_custom":""},"property_attributes":{"property_rooms":"NE","property_beds":"4","property_baths":"NE","property_garages":"NE \/ \u010d\u00e1ste\u010dn\u011b","property_home_area":"","property_lot_dimensions":"","property_lot_area":"15 m2 - 1.500 m2"},"property_valuation":{"property_valuation_group":""},"property_public_facilities":{"property_public_facilities_group":""},"property_map_location":{"property_map_location":{"latitude":"50.102085","longitude":"14.522609399999965"}},"property_relations":{"property_agents":["260"]}},"_links":{"self":[{"href":"https:\/\/www.prazskekancelare.com\/test\/wp-json\/wp\/v2\/property\/1542"}],"collection":[{"href":"https:\/\/www.prazskekancelare.com\/test\/wp-json\/wp\/v2\/property"}],"about":[{"href":"https:\/\/www.prazskekancelare.com\/test\/wp-json\/wp\/v2\/types\/property"}],"author":[{"embeddable":true,"href":"https:\/\/www.prazskekancelare.com\/test\/wp-json\/wp\/v2\/users\/1"}],"replies":[{"embeddable":true,"href":"https:\/\/www.prazskekancelare.com\/test\/wp-json\/wp\/v2\/comments?post=1542"}],"wp:featuredmedia":[{"embeddable":true,"href":"https:\/\/www.prazskekancelare.com\/test\/wp-json\/wp\/v2\/media\/1541"}],"wp:attachment":[{"href":"https:\/\/www.prazskekancelare.com\/test\/wp-json\/wp\/v2\/media?parent=1542"}],"curies":[{"name":"wp","href":"https:\/\/api.w.org\/{rel}","templated":true}]}}