{"id":1502,"date":"2018-04-23T17:11:57","date_gmt":"2018-04-23T15:11:57","guid":{"rendered":"https:\/\/www.prazskekancelare.com\/test\/?post_type=property&#038;p=1502"},"modified":"2019-11-01T17:16:02","modified_gmt":"2019-11-01T16:16:02","slug":"pronajem-kancelari-u-dalnice-d-1-prazskeho-povstani-praha-4","status":"publish","type":"property","link":"https:\/\/www.prazskekancelare.com\/test\/kancelare-k-pronajmu\/pronajem-kancelari-u-dalnice-d-1-prazskeho-povstani-praha-4\/","title":{"rendered":"Kancel\u00e1\u0159e Pra\u017esk\u00e9ho Povst\u00e1n\u00ed Praha 4 <span style=\"color: #ff0000;\">n\u00e1\u0161 tip<span style=\"color: #ff0000;\">"},"content":{"rendered":"\n\t<ul id=\"slideshowgallery43920\" class=\"slideshowgallery43920\" style=\"display:none;\">\n\t\t\t\t\t<!-- From all slides or gallery slides -->\n\t\t\t\t\t\t\t<li>\n\t\t\t\t\t<h3 style=\"opacity:70;\">pronajem kancelari prazskeho povstani<\/h3>\n\t\t\t\t\t\t\t\t\t\t\t<span data-alt=\"pronajem-kancelari-prazskeho-povstani\">https:\/\/www.prazskekancelare.com\/test\/wp-content\/uploads\/2016\/01\/pronajem-kancelari-prazskeho-povstani.jpg<\/span>\n\t\t\t\t\t\t\t\t\t\t<p><\/p>\n\t\t\t\t\t\t\t\t\t\t\t\t\t\t\t\t\t\t<a><img class=\"skip-lazy\" src=\"https:\/\/www.prazskekancelare.com\/test\/wp-content\/uploads\/2016\/01\/pronajem-kancelari-prazskeho-povstani-400x300.jpg\" alt=\"pronajem-kancelari-prazskeho-povstani\" \/><\/a>\n\t\t\t\t\t\t\t\t\t\t\t\t\t\t\t<\/li>\n\t\t\t\t\t\t\t<li>\n\t\t\t\t\t<h3 style=\"opacity:70;\">prazskeho povstani kancelare<\/h3>\n\t\t\t\t\t\t\t\t\t\t\t<span data-alt=\"prazskeho-povstani-kancelare\">https:\/\/www.prazskekancelare.com\/test\/wp-content\/uploads\/2016\/01\/prazskeho-povstani-kancelare.jpg<\/span>\n\t\t\t\t\t\t\t\t\t\t<p><\/p>\n\t\t\t\t\t\t\t\t\t\t\t\t\t\t\t\t\t\t<a><img class=\"skip-lazy\" src=\"https:\/\/www.prazskekancelare.com\/test\/wp-content\/uploads\/2016\/01\/prazskeho-povstani-kancelare-400x300.jpg\" alt=\"prazskeho-povstani-kancelare\" \/><\/a>\n\t\t\t\t\t\t\t\t\t\t\t\t\t\t\t<\/li>\n\t\t\t\t\t\t\t<li>\n\t\t\t\t\t<h3 style=\"opacity:70;\">praha 4 kancelare<\/h3>\n\t\t\t\t\t\t\t\t\t\t\t<span data-alt=\"praha-4-kancelare\">https:\/\/www.prazskekancelare.com\/test\/wp-content\/uploads\/2016\/01\/praha-4-kancelare1.jpg<\/span>\n\t\t\t\t\t\t\t\t\t\t<p><\/p>\n\t\t\t\t\t\t\t\t\t\t\t\t\t\t\t\t\t\t<a><img class=\"skip-lazy\" src=\"https:\/\/www.prazskekancelare.com\/test\/wp-content\/uploads\/2016\/01\/praha-4-kancelare1-400x300.jpg\" alt=\"praha-4-kancelare\" \/><\/a>\n\t\t\t\t\t\t\t\t\t\t\t\t\t\t\t<\/li>\n\t\t\t\t\t\t\t<li>\n\t\t\t\t\t<h3 style=\"opacity:70;\">kancelare Prazskeho povstani<\/h3>\n\t\t\t\t\t\t\t\t\t\t\t<span data-alt=\"kancelare-prazskeho-povstani\">https:\/\/www.prazskekancelare.com\/test\/wp-content\/uploads\/2016\/01\/kancelare-prazskeho-povstani.jpg<\/span>\n\t\t\t\t\t\t\t\t\t\t<p><\/p>\n\t\t\t\t\t\t\t\t\t\t\t\t\t\t\t\t\t\t<a><img class=\"skip-lazy\" src=\"https:\/\/www.prazskekancelare.com\/test\/wp-content\/uploads\/2016\/01\/kancelare-prazskeho-povstani-400x300.jpg\" alt=\"kancelare-prazskeho-povstani\" \/><\/a>\n\t\t\t\t\t\t\t\t\t\t\t\t\t\t\t<\/li>\n\t\t\t\t\t\t\t<li>\n\t\t\t\t\t<h3 style=\"opacity:70;\">kancelare praha 4<\/h3>\n\t\t\t\t\t\t\t\t\t\t\t<span data-alt=\"kancelare-praha-4\">https:\/\/www.prazskekancelare.com\/test\/wp-content\/uploads\/2016\/01\/kancelare-praha-41.jpg<\/span>\n\t\t\t\t\t\t\t\t\t\t<p><\/p>\n\t\t\t\t\t\t\t\t\t\t\t\t\t\t\t\t\t\t<a><img class=\"skip-lazy\" src=\"https:\/\/www.prazskekancelare.com\/test\/wp-content\/uploads\/2016\/01\/kancelare-praha-41-400x300.jpg\" alt=\"kancelare-praha-4\" \/><\/a>\n\t\t\t\t\t\t\t\t\t\t\t\t\t\t\t<\/li>\n\t\t\t\t\t\t\t<li>\n\t\t\t\t\t<h3 style=\"opacity:70;\">kancelare na praze 4<\/h3>\n\t\t\t\t\t\t\t\t\t\t\t<span data-alt=\"kancelare-na-praze-4\">https:\/\/www.prazskekancelare.com\/test\/wp-content\/uploads\/2016\/01\/kancelare-na-praze-41.jpg<\/span>\n\t\t\t\t\t\t\t\t\t\t<p><\/p>\n\t\t\t\t\t\t\t\t\t\t\t\t\t\t\t\t\t\t<a><img class=\"skip-lazy\" src=\"https:\/\/www.prazskekancelare.com\/test\/wp-content\/uploads\/2016\/01\/kancelare-na-praze-41-400x300.jpg\" alt=\"kancelare-na-praze-4\" \/><\/a>\n\t\t\t\t\t\t\t\t\t\t\t\t\t\t\t<\/li>\n\t\t\t\t\t\t\t<li>\n\t\t\t\t\t<h3 style=\"opacity:70;\">kancelare na praze 4 prazskeho povstani<\/h3>\n\t\t\t\t\t\t\t\t\t\t\t<span data-alt=\"kancelare-na-praze-4-prazskeho-povstani\">https:\/\/www.prazskekancelare.com\/test\/wp-content\/uploads\/2016\/01\/kancelare-na-praze-4-prazskeho-povstani.jpg<\/span>\n\t\t\t\t\t\t\t\t\t\t<p><\/p>\n\t\t\t\t\t\t\t\t\t\t\t\t\t\t\t\t\t\t<a><img class=\"skip-lazy\" src=\"https:\/\/www.prazskekancelare.com\/test\/wp-content\/uploads\/2016\/01\/kancelare-na-praze-4-prazskeho-povstani-400x300.jpg\" alt=\"kancelare-na-praze-4-prazskeho-povstani\" \/><\/a>\n\t\t\t\t\t\t\t\t\t\t\t\t\t\t\t<\/li>\n\t\t\t\t\t\t<\/ul>\n\n\t\t<div id=\"slideshow-wrappergallery43920\" class=\"slideshow-wrapper\" style=\"--slideshow-width:872px\">\n\t\t\n\t\t<div class=\"slideshow-fullsize\" id=\"fullsizegallery43920\">\n\t\t\t\t\t\t\t\t\t\t\t\t\t\t<div id=\"imgprevgallery43920\" class=\"slideshow-imgprev imgnav\" title=\"Previous Image\">Previous Image<\/div>\n\t\t\t\t\t\t<a id=\"imglinkgallery43920\" class=\"slideshow-imglink imglink\">\n\t\t\t\t<!-- link -->\n\t\t\t<\/a>\n\t\t\t\t\t\t\t\t\t\t\t<div id=\"imgnextgallery43920\" class=\"slideshow-imgnext imgnav\" title=\"Next Image\">Next Image<\/div>\n\t\t\t\t\t\t<div id=\"imagegallery43920\" class=\"slideshow-image\"><\/div>\n\t\t\t<div class=\"slideshow-information infobottom\" id=\"informationgallery43920\">\n\t\t\t\t<h3 class=\"slideshow-info-heading\">info heading<\/h3>\n\t\t\t\t<p class=\"slideshow-info-content\">info content<\/p>\n\t\t\t<\/div>\n\t\t<\/div>\n\n\t\t\t\t\t<div id=\"thumbnailsgallery43920\" class=\"slideshow-thumbnails thumbsbot\">\n\t\t\t\t<div class=\"slideshow-slideleft\" id=\"slideleftgallery43920\" title=\"Slide Left\"><\/div>\n\t\t\t\t<div class=\"slideshow-slidearea\" id=\"slideareagallery43920\">\n\t\t\t\t\t<div class=\"slideshow-slider\" id=\"slidergallery43920\"><\/div>\n\t\t\t\t<\/div>\n\t\t\t\t<div class=\"slideshow-slideright\" id=\"sliderightgallery43920\" title=\"Slide Right\"><\/div>\n\t\t\t\t<br style=\"clear:both; visibility:hidden; height:1px;\" \/>\n\t\t\t<\/div>\n\t\t\t<\/div>\n\n\t\n<p>&nbsp;<\/p>\n<p>V\u0159ele\u00a0doporu\u010dujeme <strong>Kancel\u00e1\u0159e na Pra\u017esk\u00e9ho Povst\u00e1n\u00ed\u00a0\u2705<\/strong>, opravdu velmi dob\u0159e situovan\u00e9 a modern\u011b vypadaj\u00edc\u00ed kancel\u00e1\u0159e k pron\u00e1jmu ihned na metru na Praze 4. \u00a0Kancel\u00e1\u0159sk\u00e1 budova le\u017e\u00ed mezi 2 stanicemi metra, Na Pankr\u00e1ci a Vy\u0161ehrad a tud\u00ed\u017e\u00a0nab\u00edz\u00ed skv\u011blou dopravn\u00ed dostupnost linkou metra C. Bl\u00edzkost centra a okoln\u00ed ob\u010dansk\u00e1 vybavenost vytv\u00e1\u0159ej\u00ed ide\u00e1ln\u00ed prost\u0159ed\u00ed pro Va\u0161i budouc\u00ed pron\u00e1jem kancel\u00e1\u0159\u00ed na Praze 4.<\/p>\n<h2>Pron\u00e1jem kancel\u00e1\u0159\u00ed Pra\u017esk\u00e9ho povst\u00e1n\u00ed Praha 4 u 5. kv\u011btna<\/h2>\n<p>V kancel\u00e1\u0159sk\u00e9 budov\u011b m\u016f\u017eete naj\u00edt pron\u00e1jem kancel\u00e1\u0159e Praha 4 od 12 m2 do 1.000 m2. Mezi slu\u017eby kancel\u00e1\u0159sk\u00e9ho\u00a0centra pat\u0159\u00ed nap\u0159\u00edklad ostraha, recepce, j\u00eddelna, skladov\u00e9 prostory, parkovac\u00ed a gar\u00e1\u017eov\u00e1 st\u00e1n\u00ed, mo\u017enost vyu\u017eit\u00ed zasedac\u00ed m\u00edstnosti, internetu a centr\u00e1ln\u00edho chlazen\u00ed.\u00a0Kancel\u00e1\u0159sk\u00fd prostor nab\u00edz\u00ed celkov\u00fdch 3.800 \u010dtvere\u010dn\u00edch metr\u016f pron\u00e1jmu kancel\u00e1\u0159\u00ed na Praze 4, kter\u00e9 jsou v\u00fdborn\u011b \u010dlen\u011bny a je mo\u017en\u00e9 je i nad\u00e1le p\u0159\u00ed\u010dkami upravovat.<\/p>\n<p>Opravdu up\u0159\u00edmn\u011b\u00a0doporu\u010dujeme tyto pr\u016fchoz\u00ed i nepr\u016fchoz\u00ed kancel\u00e1\u0159 k pron\u00e1jmu &#8211; mo\u017enost \u201eopen-space\u201c dle podm\u00ednek n\u00e1jmu mo\u017en\u00e9 zabudovat klimatiza\u010dn\u00ed jednotky<\/p>\n<h2>V\u00fdhody kancel\u00e1\u0159\u00ed k pron\u00e1jmu\u00a0Pra\u017esk\u00e9ho povst\u00e1n\u00ed u d\u00e1lnice D1<\/h2>\n<ul>\n<li>centr\u00e1ln\u00ed recepce a ostraha 24\/7<\/li>\n<li>po\u0161tovn\u00ed podatelna<\/li>\n<li>dobr\u00e9 parkovac\u00ed mo\u017enosti pro n\u00e1jemn\u00edky kancel\u00e1\u0159\u00ed<\/li>\n<li>klimatizovan\u00e9 kancel\u00e1\u0159e k pron\u00e1jmu<\/li>\n<\/ul>\n<h2>Kancel\u00e1\u0159e\u00a0Praha 4 &#8211; v\u00fdhody<\/h2>\n<ul>\n<li>parkov\u00e1n\u00ed pro n\u00e1v\u0161t\u011bvy<\/li>\n<li>podatelna<\/li>\n<li>\u010dasopisy zdarma<\/li>\n<li>wifi na recepci zdarma<\/li>\n<li>ob\u010derstven\u00ed v prostor\u00e1ch recepce<\/li>\n<li>kr\u00e1tkodob\u00fd pron\u00e1jem zasedac\u00edch m\u00edstnost\u00ed<\/li>\n<\/ul>\n<h2>Technick\u00e9 specifikace kancel\u00e1\u0159\u00ed k pron\u00e1jmu Praha 4<\/h2>\n<ul>\n<li>chlazen\u00ed kancel\u00e1\u0159\u00ed<\/li>\n<li>nov\u00e9 opl\u00e1\u0161t\u011bn\u00ed kancel\u00e1\u0159sk\u00e9 budovy<\/li>\n<li>v\u00fdtah<\/li>\n<li>mo\u017enost \u201eopen space\u201c i samostatn\u00fdch kancel\u00e1\u0159\u00ed<\/li>\n<li>dostupnost kancel\u00e1\u0159\u00ed z magistr\u00e1ly (d\u00e1lnice D1)<\/li>\n<li>na metru C &#8211; stanice \u201ePra\u017esk\u00e9ho povst\u00e1n\u00ed\u201c<\/li>\n<li>venkovn\u00ed i gar\u00e1\u017eov\u00e1, parkovac\u00ed st\u00e1n\u00ed<\/li>\n<\/ul>\n<h2>Provize<\/h2>\n<p>Ve\u0161ker\u00e9 slu\u017eby na\u0161\u00ed spole\u010dnosti a jej\u00edch makl\u00e9\u0159\u016f jsou bez provize.<\/p>\n<h2>Jak poptat kancel\u00e1\u0159 nedaleko v\u00fdpadovky na Brno?<\/h2>\n<p>Pro zasl\u00e1n\u00ed kompletn\u00ed nab\u00eddky s aktu\u00e1ln\u011b dostupn\u00fdmi kancel\u00e1\u0159emi k pron\u00e1jmu Praha 4 Pra\u017esk\u00e9ho povst\u00e1n\u00ed\u00a0n\u00e1s pros\u00edm nev\u00e1hejte kdykoli kontaktovat.<\/p>\n<p>Rychl\u00fd popt\u00e1vkov\u00fd formul\u00e1\u0159 najdete na konci textu\u00a0a makl\u00e9\u0159e zodpov\u011bdn\u00e9ho za nemovitosti v prav\u00e9m sloupci.<br \/>\ne-mail:\u00a0<strong><a href=\"mailto:info@prazskekancelare.cz\">info@prazskekancelare.cz<\/a><\/strong>\u00a0\/\u00a0telefon: <strong><span style=\"color: #ff0000;\">+420 773 295 925, +420 723 984 360<\/span><\/strong><\/p>\n<h3><a href=\"\/poptavka-po-kancelarich-k-pronajmu\/\" target=\"_blank\"><span style=\"color: #ff0000;\"><strong>Popt\u00e1vejte IHNED a BEZ provize<\/strong> <em>(nab\u00eddky na m\u00edru do 30 minut)<\/em> &gt;&gt;<\/span><\/a><\/h3>\n<h2>v\u00edce informac\u00ed:<\/h2>\n","protected":false},"author":1,"featured_media":1496,"comment_status":"closed","ping_status":"closed","template":"","yoast_head":"<!-- This site is optimized with the Yoast SEO plugin v16.4 - https:\/\/yoast.com\/wordpress\/plugins\/seo\/ -->\n<title>PRA\u017dSK\u00c9HO POVST\u00c1N\u00cd kancel\u00e1\u0159e Praha 4 | 400 KANCEL\u00c1\u0158\u00cd<\/title>\n<meta name=\"description\" content=\"Popt\u00e1vejte kancel\u00e1\u0159e Pra\u017esk\u00e9ho Povst\u00e1n\u00ed \u2705 Praha 4 | 400 kancel\u00e1\u0159\u00ed v ulici Na Pankr\u00e1ci Pra\u017esk\u00e9ho Povst\u00e1n\u00ed \u2705 | Nab\u00eddky na m\u00edru do 30 min | Provize 0%.\" \/>\n<meta name=\"robots\" content=\"noindex, follow, max-snippet:-1, max-image-preview:large, max-video-preview:-1\" \/>\n<meta property=\"og:locale\" content=\"cs_CZ\" \/>\n<meta property=\"og:type\" content=\"article\" \/>\n<meta property=\"og:title\" content=\"PRA\u017dSK\u00c9HO POVST\u00c1N\u00cd kancel\u00e1\u0159e Praha 4 | 400 KANCEL\u00c1\u0158\u00cd\" \/>\n<meta property=\"og:description\" content=\"Popt\u00e1vejte kancel\u00e1\u0159e Pra\u017esk\u00e9ho Povst\u00e1n\u00ed \u2705 Praha 4 | 400 kancel\u00e1\u0159\u00ed v ulici Na Pankr\u00e1ci Pra\u017esk\u00e9ho Povst\u00e1n\u00ed \u2705 | Nab\u00eddky na m\u00edru do 30 min | Provize 0%.\" \/>\n<meta property=\"og:url\" content=\"https:\/\/www.prazskekancelare.com\/test\/kancelare-k-pronajmu\/pronajem-kancelari-u-dalnice-d-1-prazskeho-povstani-praha-4\/\" \/>\n<meta property=\"og:site_name\" content=\"TEST - Pron\u00e1jem kancel\u00e1\u0159e Praha\" \/>\n<meta property=\"article:modified_time\" content=\"2019-11-01T16:16:02+00:00\" \/>\n<meta property=\"og:image\" content=\"https:\/\/www.prazskekancelare.com\/test\/wp-content\/uploads\/2016\/01\/kancelare-na-praze-41.jpg\" \/>\n\t<meta property=\"og:image:width\" content=\"1000\" \/>\n\t<meta property=\"og:image:height\" content=\"733\" \/>\n<meta name=\"twitter:card\" content=\"summary\" \/>\n<meta name=\"twitter:label1\" content=\"Odhadovan\u00e1 doba \u010dten\u00ed\" \/>\n\t<meta name=\"twitter:data1\" content=\"2 minuty\" \/>\n<script type=\"application\/ld+json\" class=\"yoast-schema-graph\">{\"@context\":\"https:\/\/schema.org\",\"@graph\":[{\"@type\":\"Organization\",\"@id\":\"https:\/\/www.prazskekancelare.com\/test\/#organization\",\"name\":\"Pron\\u00e1jem kancel\\u00e1\\u0159e Praha\",\"url\":\"https:\/\/www.prazskekancelare.com\/test\/\",\"sameAs\":[],\"logo\":{\"@type\":\"ImageObject\",\"@id\":\"https:\/\/www.prazskekancelare.com\/test\/#logo\",\"inLanguage\":\"cs\",\"url\":\"https:\/\/www.prazskekancelare.com\/test\/wp-content\/uploads\/2018\/05\/prazske-kancelare-com-logo.png\",\"contentUrl\":\"https:\/\/www.prazskekancelare.com\/test\/wp-content\/uploads\/2018\/05\/prazske-kancelare-com-logo.png\",\"width\":242,\"height\":59,\"caption\":\"Pron\\u00e1jem kancel\\u00e1\\u0159e Praha\"},\"image\":{\"@id\":\"https:\/\/www.prazskekancelare.com\/test\/#logo\"}},{\"@type\":\"WebSite\",\"@id\":\"https:\/\/www.prazskekancelare.com\/test\/#website\",\"url\":\"https:\/\/www.prazskekancelare.com\/test\/\",\"name\":\"TEST - Pron\\u00e1jem kancel\\u00e1\\u0159e Praha\",\"description\":\"Pron\\u00e1jem kancel\\u00e1\\u0159e Praha a Kancelare Praha\",\"publisher\":{\"@id\":\"https:\/\/www.prazskekancelare.com\/test\/#organization\"},\"potentialAction\":[{\"@type\":\"SearchAction\",\"target\":\"https:\/\/www.prazskekancelare.com\/test\/?s={search_term_string}\",\"query-input\":\"required name=search_term_string\"}],\"inLanguage\":\"cs\"},{\"@type\":\"ImageObject\",\"@id\":\"https:\/\/www.prazskekancelare.com\/test\/kancelare-k-pronajmu\/pronajem-kancelari-u-dalnice-d-1-prazskeho-povstani-praha-4\/#primaryimage\",\"inLanguage\":\"cs\",\"url\":\"https:\/\/www.prazskekancelare.com\/test\/wp-content\/uploads\/2016\/01\/kancelare-na-praze-41.jpg\",\"contentUrl\":\"https:\/\/www.prazskekancelare.com\/test\/wp-content\/uploads\/2016\/01\/kancelare-na-praze-41.jpg\",\"width\":1000,\"height\":733,\"caption\":\"Cimex Kancel\\u00e1\\u0159e k pron\\u00e1jmu ulice Na Pankr\\u00e1ci Praha 4\"},{\"@type\":\"WebPage\",\"@id\":\"https:\/\/www.prazskekancelare.com\/test\/kancelare-k-pronajmu\/pronajem-kancelari-u-dalnice-d-1-prazskeho-povstani-praha-4\/#webpage\",\"url\":\"https:\/\/www.prazskekancelare.com\/test\/kancelare-k-pronajmu\/pronajem-kancelari-u-dalnice-d-1-prazskeho-povstani-praha-4\/\",\"name\":\"PRA\\u017dSK\\u00c9HO POVST\\u00c1N\\u00cd kancel\\u00e1\\u0159e Praha 4 | 400 KANCEL\\u00c1\\u0158\\u00cd\",\"isPartOf\":{\"@id\":\"https:\/\/www.prazskekancelare.com\/test\/#website\"},\"primaryImageOfPage\":{\"@id\":\"https:\/\/www.prazskekancelare.com\/test\/kancelare-k-pronajmu\/pronajem-kancelari-u-dalnice-d-1-prazskeho-povstani-praha-4\/#primaryimage\"},\"datePublished\":\"2018-04-23T15:11:57+00:00\",\"dateModified\":\"2019-11-01T16:16:02+00:00\",\"description\":\"Popt\\u00e1vejte kancel\\u00e1\\u0159e Pra\\u017esk\\u00e9ho Povst\\u00e1n\\u00ed \\u2705 Praha 4 | 400 kancel\\u00e1\\u0159\\u00ed v ulici Na Pankr\\u00e1ci Pra\\u017esk\\u00e9ho Povst\\u00e1n\\u00ed \\u2705 | Nab\\u00eddky na m\\u00edru do 30 min | Provize 0%.\",\"breadcrumb\":{\"@id\":\"https:\/\/www.prazskekancelare.com\/test\/kancelare-k-pronajmu\/pronajem-kancelari-u-dalnice-d-1-prazskeho-povstani-praha-4\/#breadcrumb\"},\"inLanguage\":\"cs\",\"potentialAction\":[{\"@type\":\"ReadAction\",\"target\":[\"https:\/\/www.prazskekancelare.com\/test\/kancelare-k-pronajmu\/pronajem-kancelari-u-dalnice-d-1-prazskeho-povstani-praha-4\/\"]}]},{\"@type\":\"BreadcrumbList\",\"@id\":\"https:\/\/www.prazskekancelare.com\/test\/kancelare-k-pronajmu\/pronajem-kancelari-u-dalnice-d-1-prazskeho-povstani-praha-4\/#breadcrumb\",\"itemListElement\":[{\"@type\":\"ListItem\",\"position\":1,\"item\":{\"@type\":\"WebPage\",\"@id\":\"https:\/\/www.prazskekancelare.com\/test\/\",\"url\":\"https:\/\/www.prazskekancelare.com\/test\/\",\"name\":\"Dom\\u016f\"}},{\"@type\":\"ListItem\",\"position\":2,\"item\":{\"@type\":\"WebPage\",\"@id\":\"https:\/\/www.prazskekancelare.com\/test\/kancelare-k-pronajmu\/\",\"url\":\"https:\/\/www.prazskekancelare.com\/test\/kancelare-k-pronajmu\/\",\"name\":\"Properties\"}},{\"@type\":\"ListItem\",\"position\":3,\"item\":{\"@id\":\"https:\/\/www.prazskekancelare.com\/test\/kancelare-k-pronajmu\/pronajem-kancelari-u-dalnice-d-1-prazskeho-povstani-praha-4\/#webpage\"}}]}]}<\/script>\n<!-- \/ Yoast SEO plugin. -->","cmb2":{"property_general":{"property_id":"ANO","property_year_built":"","property_address":"Na Pankr\u00e1ci 58,\r\n140 00 Praha 4\r\n","property_zip":"","property_contract":"","property_gallery":"","property_plans":"","property_video":"","property_parent_property":""},"property_flags":{"property_featured":"","property_sticky":"","property_reduced":"","property_sold":""},"property_contact":{"property_contact_name":"","property_contact_phone":""},"property_pricing":{"property_price":"340","property_price_prefix":"od","property_price_suffix":"K\u010d\/m2","property_price_custom":""},"property_attributes":{"property_rooms":"NE","property_beds":"6","property_baths":"NE","property_garages":"NE \/ \u010d\u00e1ste\u010dn\u011b","property_home_area":"","property_lot_dimensions":"","property_lot_area":"15 m2 - 1.500 m2"},"property_valuation":{"property_valuation_group":""},"property_public_facilities":{"property_public_facilities_group":""},"property_map_location":{"property_map_location":{"latitude":"50.0576285","longitude":"14.433376299999964"}},"property_relations":{"property_agents":["260"]}},"_links":{"self":[{"href":"https:\/\/www.prazskekancelare.com\/test\/wp-json\/wp\/v2\/property\/1502"}],"collection":[{"href":"https:\/\/www.prazskekancelare.com\/test\/wp-json\/wp\/v2\/property"}],"about":[{"href":"https:\/\/www.prazskekancelare.com\/test\/wp-json\/wp\/v2\/types\/property"}],"author":[{"embeddable":true,"href":"https:\/\/www.prazskekancelare.com\/test\/wp-json\/wp\/v2\/users\/1"}],"replies":[{"embeddable":true,"href":"https:\/\/www.prazskekancelare.com\/test\/wp-json\/wp\/v2\/comments?post=1502"}],"wp:featuredmedia":[{"embeddable":true,"href":"https:\/\/www.prazskekancelare.com\/test\/wp-json\/wp\/v2\/media\/1496"}],"wp:attachment":[{"href":"https:\/\/www.prazskekancelare.com\/test\/wp-json\/wp\/v2\/media?parent=1502"}],"curies":[{"name":"wp","href":"https:\/\/api.w.org\/{rel}","templated":true}]}}