{"id":1390,"date":"2015-12-08T15:58:39","date_gmt":"2015-12-08T14:58:39","guid":{"rendered":"https:\/\/www.prazskekancelare.com\/test\/?post_type=property&#038;p=1390"},"modified":"2021-04-29T18:42:41","modified_gmt":"2021-04-29T16:42:41","slug":"pronajem-vybavene-kancelare-vaclavske-namesti-praha-1","status":"publish","type":"property","link":"https:\/\/www.prazskekancelare.com\/test\/kancelare-k-pronajmu\/pronajem-vybavene-kancelare-vaclavske-namesti-praha-1\/","title":{"rendered":"Kancel\u00e1\u0159e Praha 1 nejenom V\u00c1CLAVSK\u00c9 N\u00c1M\u011aST\u00cd"},"content":{"rendered":"\n\t<ul id=\"slideshowgallery33398\" class=\"slideshowgallery33398\" style=\"display:none;\">\n\t\t\t\t\t<!-- From all slides or gallery slides -->\n\t\t\t\t\t\t\t<li>\n\t\t\t\t\t<h3 style=\"opacity:70;\">vaclavske namesti pronajem kancelari<\/h3>\n\t\t\t\t\t\t\t\t\t\t\t<span data-alt=\"vaclavske-namesti-pronajem-kancelari\">https:\/\/www.prazskekancelare.com\/test\/wp-content\/uploads\/2015\/12\/vaclavske-namesti-pronajem-kancelari.jpg<\/span>\n\t\t\t\t\t\t\t\t\t\t<p><\/p>\n\t\t\t\t\t\t\t\t\t\t\t\t\t\t\t\t\t\t<a><img class=\"skip-lazy\" src=\"https:\/\/www.prazskekancelare.com\/test\/wp-content\/uploads\/2015\/12\/vaclavske-namesti-pronajem-kancelari-400x300.jpg\" alt=\"vaclavske-namesti-pronajem-kancelari\" \/><\/a>\n\t\t\t\t\t\t\t\t\t\t\t\t\t\t\t<\/li>\n\t\t\t\t\t\t\t<li>\n\t\t\t\t\t<h3 style=\"opacity:70;\">pronajem kancelari na praze 1<\/h3>\n\t\t\t\t\t\t\t\t\t\t\t<span data-alt=\"pronajem-kancelari-na-praze-1\">https:\/\/www.prazskekancelare.com\/test\/wp-content\/uploads\/2015\/12\/pronajem-kancelari-na-praze-1.jpg<\/span>\n\t\t\t\t\t\t\t\t\t\t<p><\/p>\n\t\t\t\t\t\t\t\t\t\t\t\t\t\t\t\t\t\t<a><img class=\"skip-lazy\" src=\"https:\/\/www.prazskekancelare.com\/test\/wp-content\/uploads\/2015\/12\/pronajem-kancelari-na-praze-1-400x300.jpg\" alt=\"pronajem-kancelari-na-praze-1\" \/><\/a>\n\t\t\t\t\t\t\t\t\t\t\t\t\t\t\t<\/li>\n\t\t\t\t\t\t\t<li>\n\t\t\t\t\t<h3 style=\"opacity:70;\">praha 1 kancelare na pronajem<\/h3>\n\t\t\t\t\t\t\t\t\t\t\t<span data-alt=\"praha-1-kancelare-na-pronajem\">https:\/\/www.prazskekancelare.com\/test\/wp-content\/uploads\/2015\/12\/praha-1-kancelare-na-pronajem.jpg<\/span>\n\t\t\t\t\t\t\t\t\t\t<p><\/p>\n\t\t\t\t\t\t\t\t\t\t\t\t\t\t\t\t\t\t<a><img class=\"skip-lazy\" src=\"https:\/\/www.prazskekancelare.com\/test\/wp-content\/uploads\/2015\/12\/praha-1-kancelare-na-pronajem-400x300.jpg\" alt=\"praha-1-kancelare-na-pronajem\" \/><\/a>\n\t\t\t\t\t\t\t\t\t\t\t\t\t\t\t<\/li>\n\t\t\t\t\t\t\t<li>\n\t\t\t\t\t<h3 style=\"opacity:70;\">levne kancelare k pronajmu praha 1<\/h3>\n\t\t\t\t\t\t\t\t\t\t\t<span data-alt=\"levne-kancelare-k-pronajmu-praha-1\">https:\/\/www.prazskekancelare.com\/test\/wp-content\/uploads\/2015\/12\/levne-kancelare-k-pronajmu-praha-1.jpg<\/span>\n\t\t\t\t\t\t\t\t\t\t<p><\/p>\n\t\t\t\t\t\t\t\t\t\t\t\t\t\t\t\t\t\t<a><img class=\"skip-lazy\" src=\"https:\/\/www.prazskekancelare.com\/test\/wp-content\/uploads\/2015\/12\/levne-kancelare-k-pronajmu-praha-1-400x300.jpg\" alt=\"levne-kancelare-k-pronajmu-praha-1\" \/><\/a>\n\t\t\t\t\t\t\t\t\t\t\t\t\t\t\t<\/li>\n\t\t\t\t\t\t\t<li>\n\t\t\t\t\t<h3 style=\"opacity:70;\">kancelare vaclavske namesti<\/h3>\n\t\t\t\t\t\t\t\t\t\t\t<span data-alt=\"kancelare-vaclavske-namesti\">https:\/\/www.prazskekancelare.com\/test\/wp-content\/uploads\/2015\/12\/kancelare-vaclavske-namesti.jpg<\/span>\n\t\t\t\t\t\t\t\t\t\t<p><\/p>\n\t\t\t\t\t\t\t\t\t\t\t\t\t\t\t\t\t\t<a><img class=\"skip-lazy\" src=\"https:\/\/www.prazskekancelare.com\/test\/wp-content\/uploads\/2015\/12\/kancelare-vaclavske-namesti-400x300.jpg\" alt=\"kancelare-vaclavske-namesti\" \/><\/a>\n\t\t\t\t\t\t\t\t\t\t\t\t\t\t\t<\/li>\n\t\t\t\t\t\t\t<li>\n\t\t\t\t\t<h3 style=\"opacity:70;\">kancelare v centru prahy<\/h3>\n\t\t\t\t\t\t\t\t\t\t\t<span data-alt=\"kancelare-v-centru-prahy\">https:\/\/www.prazskekancelare.com\/test\/wp-content\/uploads\/2015\/12\/kancelare-v-centru-prahy.jpg<\/span>\n\t\t\t\t\t\t\t\t\t\t<p><\/p>\n\t\t\t\t\t\t\t\t\t\t\t\t\t\t\t\t\t\t<a><img class=\"skip-lazy\" src=\"https:\/\/www.prazskekancelare.com\/test\/wp-content\/uploads\/2015\/12\/kancelare-v-centru-prahy-400x300.jpg\" alt=\"kancelare-v-centru-prahy\" \/><\/a>\n\t\t\t\t\t\t\t\t\t\t\t\t\t\t\t<\/li>\n\t\t\t\t\t\t\t<li>\n\t\t\t\t\t<h3 style=\"opacity:70;\">kancelare v praze k pronajmu<\/h3>\n\t\t\t\t\t\t\t\t\t\t\t<span data-alt=\"kancelare-v-praze-k-pronajmu\">https:\/\/www.prazskekancelare.com\/test\/wp-content\/uploads\/2015\/12\/kancelare-v-praze-k-pronajmu.jpg<\/span>\n\t\t\t\t\t\t\t\t\t\t<p><\/p>\n\t\t\t\t\t\t\t\t\t\t\t\t\t\t\t\t\t\t<a><img class=\"skip-lazy\" src=\"https:\/\/www.prazskekancelare.com\/test\/wp-content\/uploads\/2015\/12\/kancelare-v-praze-k-pronajmu-400x300.jpg\" alt=\"kancelare-v-praze-k-pronajmu\" \/><\/a>\n\t\t\t\t\t\t\t\t\t\t\t\t\t\t\t<\/li>\n\t\t\t\t\t\t\t<li>\n\t\t\t\t\t<h3 style=\"opacity:70;\">kancelare v centru levne<\/h3>\n\t\t\t\t\t\t\t\t\t\t\t<span data-alt=\"kancelare-v-centru-levne\">https:\/\/www.prazskekancelare.com\/test\/wp-content\/uploads\/2015\/12\/kancelare-v-centru-levne.jpg<\/span>\n\t\t\t\t\t\t\t\t\t\t<p><\/p>\n\t\t\t\t\t\t\t\t\t\t\t\t\t\t\t\t\t\t<a><img class=\"skip-lazy\" src=\"https:\/\/www.prazskekancelare.com\/test\/wp-content\/uploads\/2015\/12\/kancelare-v-centru-levne-400x300.jpg\" alt=\"kancelare-v-centru-levne\" \/><\/a>\n\t\t\t\t\t\t\t\t\t\t\t\t\t\t\t<\/li>\n\t\t\t\t\t\t\t<li>\n\t\t\t\t\t<h3 style=\"opacity:70;\">kancelare na pronaje v praze<\/h3>\n\t\t\t\t\t\t\t\t\t\t\t<span data-alt=\"kancelare-na-pronaje-v-praze\">https:\/\/www.prazskekancelare.com\/test\/wp-content\/uploads\/2015\/12\/kancelare-na-pronaje-v-praze.jpg<\/span>\n\t\t\t\t\t\t\t\t\t\t<p><\/p>\n\t\t\t\t\t\t\t\t\t\t\t\t\t\t\t\t\t\t<a><img class=\"skip-lazy\" src=\"https:\/\/www.prazskekancelare.com\/test\/wp-content\/uploads\/2015\/12\/kancelare-na-pronaje-v-praze-400x300.jpg\" alt=\"kancelare-na-pronaje-v-praze\" \/><\/a>\n\t\t\t\t\t\t\t\t\t\t\t\t\t\t\t<\/li>\n\t\t\t\t\t\t\t<li>\n\t\t\t\t\t<h3 style=\"opacity:70;\">kancelare k pronajmu v centru<\/h3>\n\t\t\t\t\t\t\t\t\t\t\t<span data-alt=\"kancelare-k-pronajmu-v-centru\">https:\/\/www.prazskekancelare.com\/test\/wp-content\/uploads\/2015\/12\/kancelare-k-pronajmu-v-centru.jpg<\/span>\n\t\t\t\t\t\t\t\t\t\t<p><\/p>\n\t\t\t\t\t\t\t\t\t\t\t\t\t\t\t\t\t\t<a><img class=\"skip-lazy\" src=\"https:\/\/www.prazskekancelare.com\/test\/wp-content\/uploads\/2015\/12\/kancelare-k-pronajmu-v-centru-400x300.jpg\" alt=\"kancelare-k-pronajmu-v-centru\" \/><\/a>\n\t\t\t\t\t\t\t\t\t\t\t\t\t\t\t<\/li>\n\t\t\t\t\t\t\t<li>\n\t\t\t\t\t<h3 style=\"opacity:70;\">kancelare k pronajmu v centru prahy<\/h3>\n\t\t\t\t\t\t\t\t\t\t\t<span data-alt=\"kancelare-k-pronajmu-v-centru-prahy\">https:\/\/www.prazskekancelare.com\/test\/wp-content\/uploads\/2015\/12\/kancelare-k-pronajmu-v-centru-prahy.jpg<\/span>\n\t\t\t\t\t\t\t\t\t\t<p><\/p>\n\t\t\t\t\t\t\t\t\t\t\t\t\t\t\t\t\t\t<a><img class=\"skip-lazy\" src=\"https:\/\/www.prazskekancelare.com\/test\/wp-content\/uploads\/2015\/12\/kancelare-k-pronajmu-v-centru-prahy-400x300.jpg\" alt=\"kancelare-k-pronajmu-v-centru-prahy\" \/><\/a>\n\t\t\t\t\t\t\t\t\t\t\t\t\t\t\t<\/li>\n\t\t\t\t\t\t\t<li>\n\t\t\t\t\t<h3 style=\"opacity:70;\">pronajem kancelare praha 1<\/h3>\n\t\t\t\t\t\t\t\t\t\t\t<span data-alt=\"pronajem-kancelare-praha-1\">https:\/\/www.prazskekancelare.com\/test\/wp-content\/uploads\/2015\/12\/pronajem-kancelare-praha-1.jpg<\/span>\n\t\t\t\t\t\t\t\t\t\t<p><\/p>\n\t\t\t\t\t\t\t\t\t\t\t\t\t\t\t\t\t\t<a><img class=\"skip-lazy\" src=\"https:\/\/www.prazskekancelare.com\/test\/wp-content\/uploads\/2015\/12\/pronajem-kancelare-praha-1-300x223.jpg\" alt=\"pronajem-kancelare-praha-1\" \/><\/a>\n\t\t\t\t\t\t\t\t\t\t\t\t\t\t\t<\/li>\n\t\t\t\t\t\t\t<li>\n\t\t\t\t\t<h3 style=\"opacity:70;\">pronajem kancelare praha centrum<\/h3>\n\t\t\t\t\t\t\t\t\t\t\t<span data-alt=\"pronajem-kancelare-praha-centrum\">https:\/\/www.prazskekancelare.com\/test\/wp-content\/uploads\/2015\/12\/pronajem-kancelare-praha-centrum.jpg<\/span>\n\t\t\t\t\t\t\t\t\t\t<p><\/p>\n\t\t\t\t\t\t\t\t\t\t\t\t\t\t\t\t\t\t<a><img class=\"skip-lazy\" src=\"https:\/\/www.prazskekancelare.com\/test\/wp-content\/uploads\/2015\/12\/pronajem-kancelare-praha-centrum-400x300.jpg\" alt=\"pronajem-kancelare-praha-centrum\" \/><\/a>\n\t\t\t\t\t\t\t\t\t\t\t\t\t\t\t<\/li>\n\t\t\t\t\t\t\t<li>\n\t\t\t\t\t<h3 style=\"opacity:70;\">vaclavske namesti kancelare<\/h3>\n\t\t\t\t\t\t\t\t\t\t\t<span data-alt=\"vaclavske-namesti-kancelare\">https:\/\/www.prazskekancelare.com\/test\/wp-content\/uploads\/2015\/12\/vaclavske-namesti-kancelare.jpg<\/span>\n\t\t\t\t\t\t\t\t\t\t<p><\/p>\n\t\t\t\t\t\t\t\t\t\t\t\t\t\t\t\t\t\t<a><img class=\"skip-lazy\" src=\"https:\/\/www.prazskekancelare.com\/test\/wp-content\/uploads\/2015\/12\/vaclavske-namesti-kancelare-400x300.jpg\" alt=\"vaclavske-namesti-kancelare\" \/><\/a>\n\t\t\t\t\t\t\t\t\t\t\t\t\t\t\t<\/li>\n\t\t\t\t\t\t\t<li>\n\t\t\t\t\t<h3 style=\"opacity:70;\">vaclavske namesti kancelare levne<\/h3>\n\t\t\t\t\t\t\t\t\t\t\t<span data-alt=\"vaclavske-namesti-kancelare-levne\">https:\/\/www.prazskekancelare.com\/test\/wp-content\/uploads\/2015\/12\/vaclavske-namesti-kancelare-levne.jpg<\/span>\n\t\t\t\t\t\t\t\t\t\t<p><\/p>\n\t\t\t\t\t\t\t\t\t\t\t\t\t\t\t\t\t\t<a><img class=\"skip-lazy\" src=\"https:\/\/www.prazskekancelare.com\/test\/wp-content\/uploads\/2015\/12\/vaclavske-namesti-kancelare-levne-400x300.jpg\" alt=\"vaclavske-namesti-kancelare-levne\" \/><\/a>\n\t\t\t\t\t\t\t\t\t\t\t\t\t\t\t<\/li>\n\t\t\t\t\t\t\t<li>\n\t\t\t\t\t<h3 style=\"opacity:70;\">vaclavske namesti kancelare na pronajem<\/h3>\n\t\t\t\t\t\t\t\t\t\t\t<span data-alt=\"vaclavske-namesti-kancelare-na-pronajem\">https:\/\/www.prazskekancelare.com\/test\/wp-content\/uploads\/2015\/12\/vaclavske-namesti-kancelare-na-pronajem.jpg<\/span>\n\t\t\t\t\t\t\t\t\t\t<p><\/p>\n\t\t\t\t\t\t\t\t\t\t\t\t\t\t\t\t\t\t<a><img class=\"skip-lazy\" src=\"https:\/\/www.prazskekancelare.com\/test\/wp-content\/uploads\/2015\/12\/vaclavske-namesti-kancelare-na-pronajem-400x300.jpg\" alt=\"vaclavske-namesti-kancelare-na-pronajem\" \/><\/a>\n\t\t\t\t\t\t\t\t\t\t\t\t\t\t\t<\/li>\n\t\t\t\t\t\t\t<li>\n\t\t\t\t\t<h3 style=\"opacity:70;\">pronajem na praze 1<\/h3>\n\t\t\t\t\t\t\t\t\t\t\t<span data-alt=\"pronajem-na-praze-1\">https:\/\/www.prazskekancelare.com\/test\/wp-content\/uploads\/2015\/12\/pronajem-na-praze-1.jpg<\/span>\n\t\t\t\t\t\t\t\t\t\t<p><\/p>\n\t\t\t\t\t\t\t\t\t\t\t\t\t\t\t\t\t\t<a><img class=\"skip-lazy\" src=\"https:\/\/www.prazskekancelare.com\/test\/wp-content\/uploads\/2015\/12\/pronajem-na-praze-1-400x300.jpg\" alt=\"pronajem-na-praze-1\" \/><\/a>\n\t\t\t\t\t\t\t\t\t\t\t\t\t\t\t<\/li>\n\t\t\t\t\t\t\t<li>\n\t\t\t\t\t<h3 style=\"opacity:70;\">pronajem kancelari praha 1 vaclavske namesti<\/h3>\n\t\t\t\t\t\t\t\t\t\t\t<span data-alt=\"pronajem-kancelari-praha-1-vaclavske-namesti\">https:\/\/www.prazskekancelare.com\/test\/wp-content\/uploads\/2015\/12\/pronajem-kancelari-praha-1-vaclavske-namesti.jpg<\/span>\n\t\t\t\t\t\t\t\t\t\t<p><\/p>\n\t\t\t\t\t\t\t\t\t\t\t\t\t\t\t\t\t\t<a><img class=\"skip-lazy\" src=\"https:\/\/www.prazskekancelare.com\/test\/wp-content\/uploads\/2015\/12\/pronajem-kancelari-praha-1-vaclavske-namesti-400x300.jpg\" alt=\"pronajem-kancelari-praha-1-vaclavske-namesti\" \/><\/a>\n\t\t\t\t\t\t\t\t\t\t\t\t\t\t\t<\/li>\n\t\t\t\t\t\t\t<li>\n\t\t\t\t\t<h3 style=\"opacity:70;\">pronajem kancelari na vaclavskem namesti<\/h3>\n\t\t\t\t\t\t\t\t\t\t\t<span data-alt=\"pronajem-kancelari-na-vaclavskem-namesti\">https:\/\/www.prazskekancelare.com\/test\/wp-content\/uploads\/2015\/12\/pronajem-kancelari-na-vaclavskem-namesti.jpg<\/span>\n\t\t\t\t\t\t\t\t\t\t<p><\/p>\n\t\t\t\t\t\t\t\t\t\t\t\t\t\t\t\t\t\t<a><img class=\"skip-lazy\" src=\"https:\/\/www.prazskekancelare.com\/test\/wp-content\/uploads\/2015\/12\/pronajem-kancelari-na-vaclavskem-namesti-400x300.jpg\" alt=\"pronajem-kancelari-na-vaclavskem-namesti\" \/><\/a>\n\t\t\t\t\t\t\t\t\t\t\t\t\t\t\t<\/li>\n\t\t\t\t\t\t\t<li>\n\t\t\t\t\t<h3 style=\"opacity:70;\">praha 1 pronajem kancelare levne<\/h3>\n\t\t\t\t\t\t\t\t\t\t\t<span data-alt=\"praha-1-pronajem-kancelare-levne\">https:\/\/www.prazskekancelare.com\/test\/wp-content\/uploads\/2015\/12\/praha-1-pronajem-kancelare-levne.jpg<\/span>\n\t\t\t\t\t\t\t\t\t\t<p><\/p>\n\t\t\t\t\t\t\t\t\t\t\t\t\t\t\t\t\t\t<a><img class=\"skip-lazy\" src=\"https:\/\/www.prazskekancelare.com\/test\/wp-content\/uploads\/2015\/12\/praha-1-pronajem-kancelare-levne-400x300.jpg\" alt=\"praha-1-pronajem-kancelare-levne\" \/><\/a>\n\t\t\t\t\t\t\t\t\t\t\t\t\t\t\t<\/li>\n\t\t\t\t\t\t\t<li>\n\t\t\t\t\t<h3 style=\"opacity:70;\">praha centrum kancelare<\/h3>\n\t\t\t\t\t\t\t\t\t\t\t<span data-alt=\"praha-centrum-kancelare\">https:\/\/www.prazskekancelare.com\/test\/wp-content\/uploads\/2015\/12\/praha-centrum-kancelare.jpg<\/span>\n\t\t\t\t\t\t\t\t\t\t<p><\/p>\n\t\t\t\t\t\t\t\t\t\t\t\t\t\t\t\t\t\t<a><img class=\"skip-lazy\" src=\"https:\/\/www.prazskekancelare.com\/test\/wp-content\/uploads\/2015\/12\/praha-centrum-kancelare-400x300.jpg\" alt=\"praha-centrum-kancelare\" \/><\/a>\n\t\t\t\t\t\t\t\t\t\t\t\t\t\t\t<\/li>\n\t\t\t\t\t\t\t<li>\n\t\t\t\t\t<h3 style=\"opacity:70;\">prazske kancelare k pronajmu<\/h3>\n\t\t\t\t\t\t\t\t\t\t\t<span data-alt=\"prazske-kancelare-k-pronajmu\">https:\/\/www.prazskekancelare.com\/test\/wp-content\/uploads\/2015\/12\/prazske-kancelare-k-pronajmu.jpg<\/span>\n\t\t\t\t\t\t\t\t\t\t<p><\/p>\n\t\t\t\t\t\t\t\t\t\t\t\t\t\t\t\t\t\t<a><img class=\"skip-lazy\" src=\"https:\/\/www.prazskekancelare.com\/test\/wp-content\/uploads\/2015\/12\/prazske-kancelare-k-pronajmu-400x300.jpg\" alt=\"prazske-kancelare-k-pronajmu\" \/><\/a>\n\t\t\t\t\t\t\t\t\t\t\t\t\t\t\t<\/li>\n\t\t\t\t\t\t\t<li>\n\t\t\t\t\t<h3 style=\"opacity:70;\">prazske kancelare v centru prahy<\/h3>\n\t\t\t\t\t\t\t\t\t\t\t<span data-alt=\"prazske-kancelare-v-centru-prahy\">https:\/\/www.prazskekancelare.com\/test\/wp-content\/uploads\/2015\/12\/prazske-kancelare-v-centru-prahy.jpg<\/span>\n\t\t\t\t\t\t\t\t\t\t<p><\/p>\n\t\t\t\t\t\t\t\t\t\t\t\t\t\t\t\t\t\t<a><img class=\"skip-lazy\" src=\"https:\/\/www.prazskekancelare.com\/test\/wp-content\/uploads\/2015\/12\/prazske-kancelare-v-centru-prahy-400x300.jpg\" alt=\"prazske-kancelare-v-centru-prahy\" \/><\/a>\n\t\t\t\t\t\t\t\t\t\t\t\t\t\t\t<\/li>\n\t\t\t\t\t\t\t<li>\n\t\t\t\t\t<h3 style=\"opacity:70;\">kancelare k pronajmu na praze v centru<\/h3>\n\t\t\t\t\t\t\t\t\t\t\t<span data-alt=\"kancelare-k-pronajmu-na-praze-v-centru\">https:\/\/www.prazskekancelare.com\/test\/wp-content\/uploads\/2015\/12\/kancelare-k-pronajmu-na-praze-v-centru.jpg<\/span>\n\t\t\t\t\t\t\t\t\t\t<p><\/p>\n\t\t\t\t\t\t\t\t\t\t\t\t\t\t\t\t\t\t<a><img class=\"skip-lazy\" src=\"https:\/\/www.prazskekancelare.com\/test\/wp-content\/uploads\/2015\/12\/kancelare-k-pronajmu-na-praze-v-centru-400x300.jpg\" alt=\"kancelare-k-pronajmu-na-praze-v-centru\" \/><\/a>\n\t\t\t\t\t\t\t\t\t\t\t\t\t\t\t<\/li>\n\t\t\t\t\t\t<\/ul>\n\n\t\t<div id=\"slideshow-wrappergallery33398\" class=\"slideshow-wrapper\" style=\"--slideshow-width:2844px\">\n\t\t\n\t\t<div class=\"slideshow-fullsize\" id=\"fullsizegallery33398\">\n\t\t\t\t\t\t\t\t\t\t\t\t\t\t<div id=\"imgprevgallery33398\" class=\"slideshow-imgprev imgnav\" title=\"Previous Image\">Previous Image<\/div>\n\t\t\t\t\t\t<a id=\"imglinkgallery33398\" class=\"slideshow-imglink imglink\">\n\t\t\t\t<!-- link -->\n\t\t\t<\/a>\n\t\t\t\t\t\t\t\t\t\t\t<div id=\"imgnextgallery33398\" class=\"slideshow-imgnext imgnav\" title=\"Next Image\">Next Image<\/div>\n\t\t\t\t\t\t<div id=\"imagegallery33398\" class=\"slideshow-image\"><\/div>\n\t\t\t<div class=\"slideshow-information infobottom\" id=\"informationgallery33398\">\n\t\t\t\t<h3 class=\"slideshow-info-heading\">info heading<\/h3>\n\t\t\t\t<p class=\"slideshow-info-content\">info content<\/p>\n\t\t\t<\/div>\n\t\t<\/div>\n\n\t\t\t\t\t<div id=\"thumbnailsgallery33398\" class=\"slideshow-thumbnails thumbsbot\">\n\t\t\t\t<div class=\"slideshow-slideleft\" id=\"slideleftgallery33398\" title=\"Slide Left\"><\/div>\n\t\t\t\t<div class=\"slideshow-slidearea\" id=\"slideareagallery33398\">\n\t\t\t\t\t<div class=\"slideshow-slider\" id=\"slidergallery33398\"><\/div>\n\t\t\t\t<\/div>\n\t\t\t\t<div class=\"slideshow-slideright\" id=\"sliderightgallery33398\" title=\"Slide Right\"><\/div>\n\t\t\t\t<br style=\"clear:both; visibility:hidden; height:1px;\" \/>\n\t\t\t<\/div>\n\t\t\t<\/div>\n\n\t\n<p>&nbsp;<\/p>\n<p>P\u0159edstavujeme <strong>kancel\u00e1\u0159e Praha 1<\/strong>\u00a0velmi obl\u00edben\u00e9 kancel\u00e1\u0159sk\u00e9 centrum v horn\u00ed \u010d\u00e1sti nejzn\u00e1m\u011bj\u0161\u00edho n\u00e1m\u011bst\u00ed v \u010cR. Za\u0159\u00edzen\u00e9 i neza\u0159\u00edzen\u00e9 kancel\u00e1\u0159e k pron\u00e1jmu na metru Muzeum nab\u00edz\u00ed komplexn\u00ed kancel\u00e1\u0159sk\u00fd servis se zam\u011b\u0159en\u00edm na pron\u00e1jem za\u0159\u00edzen\u00fdch kancel\u00e1\u0159\u00ed a dopl\u0148kov\u00fdch slu\u017eeb. Krom\u011b za\u0159\u00edzen\u00fdch kancel\u00e1\u0159\u00ed nab\u00edz\u00ed centrum neza\u0159\u00edzen\u00e9 kancel\u00e1\u0159e ve stovk\u00e1m metr\u016f. <strong>Popt\u00e1vejte BEZ PROVIZE<\/strong>, nab\u00eddka na m\u00edru sestav\u00edme do 30 minut)<\/p>\n<ul>\n<li><span style=\"text-decoration: underline;\"><strong>Mal\u00e9 kancel\u00e1\u0159e (p\u0159ev\u00e1\u017en\u011b vybaven\u00e9):<\/strong><\/span><span style=\"color: #ff0000;\"><strong> 5 &#8211; 100m<\/strong><\/span><em> (Aktu\u00e1ln\u011b v nab\u00eddce 10 kancel\u00e1\u0159\u00ed)<\/em><\/li>\n<li><strong><span style=\"text-decoration: underline;\">Velk\u00e9 kancel\u00e1\u0159e:<\/span><\/strong> <strong><span style=\"color: #ff0000;\">100 -1.000m<\/span><\/strong> <em>(Aktu\u00e1ln\u011b v nab\u00eddce 6 kancel\u00e1\u0159\u00ed: <span style=\"color: #ff0000;\"><strong>120 m, 157 m, 240 m, 310 m, 420 m, 615 m!<\/strong><\/span><\/em><\/li>\n<\/ul>\n<h2>Kancel\u00e1\u0159e Praha 1<\/h2>\n<p>Kancel\u00e1\u0159sk\u00e9 centrum nab\u00edz\u00ed prostory od 9 do 40 metr\u016f \u010dtvere\u010dn\u00edch.<strong> KANCEL\u00c1\u0158E PRAHA 1<\/strong>\u00a0jsou um\u00edst\u011bny v kr\u00e1sn\u011b zrenovovan\u00e9 administrativn\u00edch budov\u011b s kr\u00e1sn\u00fdm v\u00fdhledem na V\u00e1clavsk\u00e9 n\u00e1m\u011bst\u00ed a Muzeum. Vstup do budov je pro klienty zaji\u0161t\u011bn denn\u011b 24 hodin, budovy jsou hl\u00edd\u00e1ny bezpe\u010dnostn\u00ed slu\u017ebou, vstupn\u00ed prostory jsou z bezpe\u010dnostn\u00edch d\u016fvod\u016f monitorov\u00e1ny. V\u0161echny kancel\u00e1\u0159e k pron\u00e1jmu jsou klimatizov\u00e1ny, jsou kompletn\u011b za\u0159\u00edzeny kancel\u00e1\u0159sk\u00fdm n\u00e1bytkem. Kancel\u00e1\u0159e Praha 1 nab\u00edzej\u00ed nep\u0159ebern\u00e9 mno\u017estv\u00ed pracovn\u00edch m\u00edst, kulat\u00e9 jednac\u00ed stoly, zasedac\u00ed m\u00edstnosti, recepci s obsluhou, \u2026 Kancel\u00e1\u0159e na V\u00e1clavsk\u00e9m n\u00e1m\u011bst\u00ed jsou vybaveny okenn\u00edmi \u017ealuziemi, modern\u00edmi osv\u011btlovac\u00edmi t\u011blesy, na podlaze jsou parkety nebo z\u00e1t\u011b\u017eov\u00e9 koberce.<\/p>\n<p><span style=\"color: #ff0000;\"><strong>N\u00e1\u0161 tip:<\/strong>\u00a0Za\u0161lete n\u00e1m rychl\u00fd\u00a0<a style=\"color: #ff0000;\" href=\"\/poptavka-po-kancelarich-k-pronajmu\/\" target=\"_blank\" rel=\"noopener\"><strong>popt\u00e1vkov\u00fd formul\u00e1\u0159<\/strong>\u00a0<\/a>a my V\u00e1m b\u011bhem 30 minut\u00a0p\u0159iprav\u00edme kompletn\u00ed nab\u00eddku dle Va\u0161ich specifikac\u00ed a bez provize.\u00a0<strong>V nab\u00eddce m\u00e1me 500 kancel\u00e1\u0159\u00ed v Praze<\/strong>. T\u011b\u0161\u00edme se na spolupr\u00e1ci.<\/span><\/p>\n<div id=\"attachment_3617\" style=\"width: 310px\" class=\"wp-caption alignnone\"><a href=\"\/poptavka-po-kancelarich-k-pronajmu\/\" target=\"_blank\" rel=\"noopener\"><img aria-describedby=\"caption-attachment-3617\" loading=\"lazy\" class=\"wp-image-3617 size-medium\" src=\"https:\/\/www.prazskekancelare.com\/test\/wp-content\/uploads\/2019\/12\/kancelare-5-5000m-300x46.png\" alt=\"kancel\u00e1\u0159e praha 1\" width=\"300\" height=\"46\" srcset=\"https:\/\/www.prazskekancelare.com\/test\/wp-content\/uploads\/2019\/12\/kancelare-5-5000m-300x46.png 300w, https:\/\/www.prazskekancelare.com\/test\/wp-content\/uploads\/2019\/12\/kancelare-5-5000m-1024x156.png 1024w\" sizes=\"(max-width: 300px) 100vw, 300px\" \/><\/a><p id=\"caption-attachment-3617\" class=\"wp-caption-text\"><span style=\"color: #ffffff;\">kancel\u00e1\u0159e praha 1<\/span><\/p><\/div>\n<h2>Slu\u017eby pro klienta v za\u0159\u00edzen\u00fdch kancel\u00e1\u0159\u00edch v centru Prahy 1<\/h2>\n<p>V\u00fdborn\u011b situovan\u00e9, modern\u00ed centrum nab\u00edz\u00ed za\u0159\u00edzen\u00e9 kancel\u00e1\u0159sk\u00e9 prostory, zasedac\u00ed m\u00edstnosti na kr\u00e1tkodob\u00fd i dlouhodob\u00fd pron\u00e1jem a samoz\u0159ejm\u011b mo\u017enost registrace s\u00eddla spole\u010dnosti. Jedn\u00e1 se o full service centrum, tzn. pln\u011b vybaven\u00e9 a servisovan\u00e9 kancel\u00e1\u0159e a zasedac\u00ed m\u00edstnosti, v\u010detn\u011b ve\u0161ker\u00e9 administrativn\u00ed i jin\u00e9 podpory ze strany asistentek. Klient se m\u016f\u017ee pln\u011b v\u011bnovat sv\u00e9 \u010dinnosti a kolektiv centra za\u0159\u00edd\u00ed ve\u0161ker\u00e9 slu\u017eby kolem jeho <strong>kancel\u00e1\u0159e na Praze 1.<\/strong><\/p>\n<h2>V\u00fdhody pron\u00e1jmu kancel\u00e1\u0159\u00ed Praha 1, V\u00e1clavsk\u00e9 n\u00e1m\u011bst\u00ed<\/h2>\n<ul>\n<li>registrace s\u00eddla spole\u010dnosti Praha 1<\/li>\n<li>virtu\u00e1ln\u00ed <strong>kancel\u00e1\u0159 Praha 1<\/strong><\/li>\n<li>vybaven\u00e9 zasedac\u00ed m\u00edstnosti<\/li>\n<li>recepce s administrativn\u00ed a reprezentativn\u00ed asistentkou<\/li>\n<li>nadstandardn\u011b vybaven\u00e9 z\u00e1zem\u00ed kancel\u00e1\u0159\u00ed, kuchy\u0148ka, business lounge, televize, \u2026<\/li>\n<li>odpov\u00edd\u00e1n\u00ed telefonick\u00fdch hovor\u016f, zanech\u00e1v\u00e1n\u00ed vzkaz\u016f, sd\u00edlen\u00ed outlook kalend\u00e1\u0159e<\/li>\n<li>starost o ve\u0161kerou po\u0161tu<\/li>\n<li>servisn\u00ed z\u00f3ny (tisk\u00e1rny, kop\u00edrovac\u00ed stroje, scannery, faxy, \u0159eza\u010dky, skartova\u010dky, laminova\u010dky, \u2026)<\/li>\n<li>vysokorychlostn\u00ed internet a ve\u0161ker\u00e9 pot\u0159ebn\u00e9 IT v\u010detn\u011b server room , s\u00ed\u0165 LAN<\/li>\n<li>non-stop p\u0159\u00edstup do kancel\u00e1\u0159e, ochranka<\/li>\n<li><span style=\"line-height: 1.5;\">kr\u00e1tkodob\u00fd i dlouhodob\u00fd pron\u00e1jem<\/span><\/li>\n<li><span style=\"line-height: 1.5;\">\u00faspora n\u00e1klad\u016f \u2013 \u017e\u00e1dn\u00e9 vstupn\u00ed investice, minim\u00e1ln\u00ed n\u00e1klady na vlastn\u00ed provoz \u2013 na person\u00e1l, \u00fadr\u017ebu prostor, atd.<\/span><\/li>\n<li><span style=\"line-height: 1.5;\">komplexnost poskytovan\u00fdch slu\u017eeb, kter\u00e9 pokr\u00fdvaj\u00ed celou \u0161\u00ed\u0159i podnikatelsk\u00fdch pot\u0159eb<\/span><\/li>\n<li><span style=\"line-height: 1.5;\">presti\u017en\u00ed adresa v centru Prahy<\/span><\/li>\n<li><span style=\"line-height: 1.5;\">mo\u017enost um\u00edst\u011bn\u00ed s\u00eddla va\u0161\u00ed spole\u010dnosti<\/span><\/li>\n<li><span style=\"line-height: 1.5;\">umo\u017en\u011bn\u00ed okam\u017eit\u00e9ho vstupu do podnikatelsk\u00e9ho prost\u0159ed\u00ed<\/span><\/li>\n<li><span style=\"line-height: 1.5;\">snadn\u00e1 dostupnost jak MHD (v\u0161echny 3 trasy metra a hlavn\u00ed tramvajov\u00e9 linky), tak i autem, parkov\u00e1n\u00ed v p\u011b\u0161\u00ed dostupnosti.<\/span><\/li>\n<\/ul>\n<h2>Provize za kancel\u00e1\u0159e Praha 1<\/h2>\n<p>Ve\u0161ker\u00e9 slu\u017eby na\u0161\u00ed spole\u010dnosti a jej\u00edch makl\u00e9\u0159\u016f spojen\u00e9 s pron\u00e1jmem <strong>kancel\u00e1\u0159e Praha 1 centrum<\/strong> jsou bez provize.<\/p>\n<h2>Jak poptat za\u0159\u00edzenou kancel\u00e1\u0159 na V\u00e1clavsk\u00e9m n\u00e1m\u011bst\u00ed Praha 1?<\/h2>\n<p>Pro zasl\u00e1n\u00ed kompletn\u00ed nab\u00eddky s aktu\u00e1ln\u011b dostupn\u00fdmi pron\u00e1jmy <strong>kancel\u00e1\u0159\u00ed Praha 1<\/strong> &#8211; V\u00e1clavsk\u00e9 n\u00e1m\u011bst\u00ed,\u00a0n\u00e1s pros\u00edm nev\u00e1hejte kdykoli kontaktovat.<\/p>\n<p>Rychl\u00fd popt\u00e1vkov\u00fd formul\u00e1\u0159 najdete na konci textu\u00a0a makl\u00e9\u0159e zodpov\u011bdn\u00e9ho za nemovitosti v prav\u00e9m sloupci.<br \/>\ne-mail:\u00a0<strong><a href=\"mailto:info@prazskekancelare.cz\">info@prazskekancelare.cz<\/a><\/strong>\u00a0\/\u00a0telefon: <strong><span style=\"color: #ff0000;\">+420 773 295 925, +420 723 984 360.\u00a0<\/span><\/strong><\/p>\n<h2>N\u00e1\u0161 tip na kancel\u00e1\u0159 Praha 1!<\/h2>\n<p><span style=\"color: #ff0000;\">Tyto <strong>kancel\u00e1\u0159e na Praze 1<\/strong> k pron\u00e1jmu doporu\u010dujeme nav\u0161t\u00edvit a poznat osobn\u011b\u00a0budovu, kancel\u00e1\u0159e k pron\u00e1jmu a hlavn\u011b person\u00e1l. Zaru\u010den\u011b v\u00e1s zaujmou nejen v\u00fdhled, cena, dostupnost, vybavenost a okol\u00ed business centra, ale hlavn\u011b p\u0159\u00edjemn\u00e1 atmosf\u00e9ra vytv\u00e1\u0159en\u00e1 kolektivem zam\u011bstnanc\u016f.<\/span><\/p>\n<p><a href=\"\/poptavka-po-kancelarich-k-pronajmu\/\" target=\"_blank\" rel=\"noopener\"><img loading=\"lazy\" class=\"alignnone wp-image-3619 size-medium\" src=\"https:\/\/www.prazskekancelare.com\/test\/wp-content\/uploads\/2019\/12\/poptavejte-bez-provize-300x48.png\" alt=\"pron\u00e1jem kancel\u00e1\u0159e praha\" width=\"300\" height=\"48\" srcset=\"https:\/\/www.prazskekancelare.com\/test\/wp-content\/uploads\/2019\/12\/poptavejte-bez-provize-300x48.png 300w, https:\/\/www.prazskekancelare.com\/test\/wp-content\/uploads\/2019\/12\/poptavejte-bez-provize-1024x163.png 1024w\" sizes=\"(max-width: 300px) 100vw, 300px\" \/><\/a><\/p>\n<h2>v\u00edce informac\u00ed kancel\u00e1\u0159e Praha 1:<\/h2>\n","protected":false},"author":1,"featured_media":1366,"comment_status":"closed","ping_status":"closed","template":"","yoast_head":"<!-- This site is optimized with the Yoast SEO plugin v16.4 - https:\/\/yoast.com\/wordpress\/plugins\/seo\/ -->\n<title>KANCEL\u00c1\u0158E PRAHA 1 \u2764\ufe0f | 1000 Kancel\u00e1\u0159\u00ed na Praze 1 BEZ PROVIZE!<\/title>\n<meta name=\"description\" content=\"Kancel\u00e1\u0159e Praha 1 v\u00fdhodn\u011b nonstop. \u2764\ufe0f Vybaven\u00e9, nevybaven\u00e9 od 5 - 1000m v okol\u00ed centra. LEVN\u00c9 Kancel\u00e1\u0159e v Praze \u2764\ufe0f Pron\u00e1jem Kancel\u00e1\u0159e Praha 1\" \/>\n<meta name=\"robots\" content=\"noindex, follow, max-snippet:-1, max-image-preview:large, max-video-preview:-1\" \/>\n<meta property=\"og:locale\" content=\"cs_CZ\" \/>\n<meta property=\"og:type\" content=\"article\" \/>\n<meta property=\"og:title\" content=\"KANCEL\u00c1\u0158E PRAHA 1 \u2764\ufe0f | 1000 Kancel\u00e1\u0159\u00ed na Praze 1 BEZ PROVIZE!\" \/>\n<meta property=\"og:description\" content=\"Kancel\u00e1\u0159e Praha 1 v\u00fdhodn\u011b nonstop. \u2764\ufe0f Vybaven\u00e9, nevybaven\u00e9 od 5 - 1000m v okol\u00ed centra. LEVN\u00c9 Kancel\u00e1\u0159e v Praze \u2764\ufe0f Pron\u00e1jem Kancel\u00e1\u0159e Praha 1\" \/>\n<meta property=\"og:url\" content=\"https:\/\/www.prazskekancelare.com\/test\/kancelare-k-pronajmu\/pronajem-vybavene-kancelare-vaclavske-namesti-praha-1\/\" \/>\n<meta property=\"og:site_name\" content=\"TEST - Pron\u00e1jem kancel\u00e1\u0159e Praha\" \/>\n<meta property=\"article:modified_time\" content=\"2021-04-29T16:42:41+00:00\" \/>\n<meta property=\"og:image\" content=\"https:\/\/www.prazskekancelare.com\/test\/wp-content\/uploads\/2015\/12\/kancelare-k-pronajmu-na-praze-v-centru.jpg\" \/>\n\t<meta property=\"og:image:width\" content=\"1000\" \/>\n\t<meta property=\"og:image:height\" content=\"672\" \/>\n<meta name=\"twitter:card\" content=\"summary\" \/>\n<meta name=\"twitter:label1\" content=\"Odhadovan\u00e1 doba \u010dten\u00ed\" \/>\n\t<meta name=\"twitter:data1\" content=\"3 minuty\" \/>\n<script type=\"application\/ld+json\" class=\"yoast-schema-graph\">{\"@context\":\"https:\/\/schema.org\",\"@graph\":[{\"@type\":\"Organization\",\"@id\":\"https:\/\/www.prazskekancelare.com\/test\/#organization\",\"name\":\"Pron\\u00e1jem kancel\\u00e1\\u0159e Praha\",\"url\":\"https:\/\/www.prazskekancelare.com\/test\/\",\"sameAs\":[],\"logo\":{\"@type\":\"ImageObject\",\"@id\":\"https:\/\/www.prazskekancelare.com\/test\/#logo\",\"inLanguage\":\"cs\",\"url\":\"https:\/\/www.prazskekancelare.com\/test\/wp-content\/uploads\/2018\/05\/prazske-kancelare-com-logo.png\",\"contentUrl\":\"https:\/\/www.prazskekancelare.com\/test\/wp-content\/uploads\/2018\/05\/prazske-kancelare-com-logo.png\",\"width\":242,\"height\":59,\"caption\":\"Pron\\u00e1jem kancel\\u00e1\\u0159e Praha\"},\"image\":{\"@id\":\"https:\/\/www.prazskekancelare.com\/test\/#logo\"}},{\"@type\":\"WebSite\",\"@id\":\"https:\/\/www.prazskekancelare.com\/test\/#website\",\"url\":\"https:\/\/www.prazskekancelare.com\/test\/\",\"name\":\"TEST - Pron\\u00e1jem kancel\\u00e1\\u0159e Praha\",\"description\":\"Pron\\u00e1jem kancel\\u00e1\\u0159e Praha a Kancelare Praha\",\"publisher\":{\"@id\":\"https:\/\/www.prazskekancelare.com\/test\/#organization\"},\"potentialAction\":[{\"@type\":\"SearchAction\",\"target\":\"https:\/\/www.prazskekancelare.com\/test\/?s={search_term_string}\",\"query-input\":\"required name=search_term_string\"}],\"inLanguage\":\"cs\"},{\"@type\":\"ImageObject\",\"@id\":\"https:\/\/www.prazskekancelare.com\/test\/kancelare-k-pronajmu\/pronajem-vybavene-kancelare-vaclavske-namesti-praha-1\/#primaryimage\",\"inLanguage\":\"cs\",\"url\":\"https:\/\/www.prazskekancelare.com\/test\/wp-content\/uploads\/2015\/12\/kancelare-k-pronajmu-na-praze-v-centru.jpg\",\"contentUrl\":\"https:\/\/www.prazskekancelare.com\/test\/wp-content\/uploads\/2015\/12\/kancelare-k-pronajmu-na-praze-v-centru.jpg\",\"width\":1000,\"height\":672,\"caption\":\"Muzeum Praha 1 V\\u00e1clavsk\\u00e9 n\\u00e1m\\u011bst\\u00ed kancel\\u00e1\\u0159e\"},{\"@type\":\"WebPage\",\"@id\":\"https:\/\/www.prazskekancelare.com\/test\/kancelare-k-pronajmu\/pronajem-vybavene-kancelare-vaclavske-namesti-praha-1\/#webpage\",\"url\":\"https:\/\/www.prazskekancelare.com\/test\/kancelare-k-pronajmu\/pronajem-vybavene-kancelare-vaclavske-namesti-praha-1\/\",\"name\":\"KANCEL\\u00c1\\u0158E PRAHA 1 \\u2764\\ufe0f | 1000 Kancel\\u00e1\\u0159\\u00ed na Praze 1 BEZ PROVIZE!\",\"isPartOf\":{\"@id\":\"https:\/\/www.prazskekancelare.com\/test\/#website\"},\"primaryImageOfPage\":{\"@id\":\"https:\/\/www.prazskekancelare.com\/test\/kancelare-k-pronajmu\/pronajem-vybavene-kancelare-vaclavske-namesti-praha-1\/#primaryimage\"},\"datePublished\":\"2015-12-08T14:58:39+00:00\",\"dateModified\":\"2021-04-29T16:42:41+00:00\",\"description\":\"Kancel\\u00e1\\u0159e Praha 1 v\\u00fdhodn\\u011b nonstop. \\u2764\\ufe0f Vybaven\\u00e9, nevybaven\\u00e9 od 5 - 1000m v okol\\u00ed centra. LEVN\\u00c9 Kancel\\u00e1\\u0159e v Praze \\u2764\\ufe0f Pron\\u00e1jem Kancel\\u00e1\\u0159e Praha 1\",\"breadcrumb\":{\"@id\":\"https:\/\/www.prazskekancelare.com\/test\/kancelare-k-pronajmu\/pronajem-vybavene-kancelare-vaclavske-namesti-praha-1\/#breadcrumb\"},\"inLanguage\":\"cs\",\"potentialAction\":[{\"@type\":\"ReadAction\",\"target\":[\"https:\/\/www.prazskekancelare.com\/test\/kancelare-k-pronajmu\/pronajem-vybavene-kancelare-vaclavske-namesti-praha-1\/\"]}]},{\"@type\":\"BreadcrumbList\",\"@id\":\"https:\/\/www.prazskekancelare.com\/test\/kancelare-k-pronajmu\/pronajem-vybavene-kancelare-vaclavske-namesti-praha-1\/#breadcrumb\",\"itemListElement\":[{\"@type\":\"ListItem\",\"position\":1,\"item\":{\"@type\":\"WebPage\",\"@id\":\"https:\/\/www.prazskekancelare.com\/test\/\",\"url\":\"https:\/\/www.prazskekancelare.com\/test\/\",\"name\":\"Dom\\u016f\"}},{\"@type\":\"ListItem\",\"position\":2,\"item\":{\"@type\":\"WebPage\",\"@id\":\"https:\/\/www.prazskekancelare.com\/test\/kancelare-k-pronajmu\/\",\"url\":\"https:\/\/www.prazskekancelare.com\/test\/kancelare-k-pronajmu\/\",\"name\":\"Properties\"}},{\"@type\":\"ListItem\",\"position\":3,\"item\":{\"@id\":\"https:\/\/www.prazskekancelare.com\/test\/kancelare-k-pronajmu\/pronajem-vybavene-kancelare-vaclavske-namesti-praha-1\/#webpage\"}}]}]}<\/script>\n<!-- \/ Yoast SEO plugin. -->","cmb2":{"property_general":{"property_id":"ANO","property_year_built":"","property_address":"V\u00e1clavsk\u00e9 n\u00e1m\u011bst\u00ed 66,\r\n 110 00 Praha 1\r\n","property_zip":"","property_contract":"","property_gallery":"","property_plans":"","property_video":"","property_parent_property":""},"property_flags":{"property_featured":"","property_sticky":"","property_reduced":"","property_sold":""},"property_contact":{"property_contact_name":"","property_contact_phone":""},"property_pricing":{"property_price":"320","property_price_prefix":"od","property_price_suffix":"K\u010d\/m2","property_price_custom":""},"property_attributes":{"property_rooms":"ANO","property_beds":"5","property_baths":"NE","property_garages":"ANO \/ \u010d\u00e1ste\u010dn\u011b","property_home_area":"","property_lot_dimensions":"","property_lot_area":"10 m2 - 300 m2"},"property_valuation":{"property_valuation_group":""},"property_public_facilities":{"property_public_facilities_group":""},"property_map_location":{"property_map_location":{"latitude":"50.079327","longitude":"14.42958950000002"}},"property_relations":{"property_agents":["260"]}},"_links":{"self":[{"href":"https:\/\/www.prazskekancelare.com\/test\/wp-json\/wp\/v2\/property\/1390"}],"collection":[{"href":"https:\/\/www.prazskekancelare.com\/test\/wp-json\/wp\/v2\/property"}],"about":[{"href":"https:\/\/www.prazskekancelare.com\/test\/wp-json\/wp\/v2\/types\/property"}],"author":[{"embeddable":true,"href":"https:\/\/www.prazskekancelare.com\/test\/wp-json\/wp\/v2\/users\/1"}],"replies":[{"embeddable":true,"href":"https:\/\/www.prazskekancelare.com\/test\/wp-json\/wp\/v2\/comments?post=1390"}],"wp:featuredmedia":[{"embeddable":true,"href":"https:\/\/www.prazskekancelare.com\/test\/wp-json\/wp\/v2\/media\/1366"}],"wp:attachment":[{"href":"https:\/\/www.prazskekancelare.com\/test\/wp-json\/wp\/v2\/media?parent=1390"}],"curies":[{"name":"wp","href":"https:\/\/api.w.org\/{rel}","templated":true}]}}