{"id":1345,"date":"2015-11-27T14:29:13","date_gmt":"2015-11-27T13:29:13","guid":{"rendered":"https:\/\/www.prazskekancelare.com\/test\/?post_type=property&#038;p=1345"},"modified":"2020-02-20T11:31:31","modified_gmt":"2020-02-20T10:31:31","slug":"pronajem-kancelari-cube-office-center-evropska-praha-6","status":"publish","type":"property","link":"https:\/\/www.prazskekancelare.com\/test\/kancelare-k-pronajmu\/pronajem-kancelari-cube-office-center-evropska-praha-6\/","title":{"rendered":"Kancel\u00e1\u0159e CUBE Office Center Evropsk\u00e1 <span style=\"color: #ff0000;\">HIT<\/span>"},"content":{"rendered":"\n\t<ul id=\"slideshowgallery31488\" class=\"slideshowgallery31488\" style=\"display:none;\">\n\t\t\t\t\t<!-- From all slides or gallery slides -->\n\t\t\t\t\t\t\t<li>\n\t\t\t\t\t<h3 style=\"opacity:70;\">vstup<\/h3>\n\t\t\t\t\t\t\t\t\t\t\t<span data-alt=\"vstup\">https:\/\/www.prazskekancelare.com\/test\/wp-content\/uploads\/2015\/11\/vstup.jpg<\/span>\n\t\t\t\t\t\t\t\t\t\t<p><\/p>\n\t\t\t\t\t\t\t\t\t\t\t\t\t\t\t\t\t\t<a><img class=\"skip-lazy\" src=\"https:\/\/www.prazskekancelare.com\/test\/wp-content\/uploads\/2015\/11\/vstup-400x300.jpg\" alt=\"vstup\" \/><\/a>\n\t\t\t\t\t\t\t\t\t\t\t\t\t\t\t<\/li>\n\t\t\t\t\t\t\t<li>\n\t\t\t\t\t<h3 style=\"opacity:70;\">kancelar praha 6<\/h3>\n\t\t\t\t\t\t\t\t\t\t\t<span data-alt=\"kancelar-praha-6\">https:\/\/www.prazskekancelare.com\/test\/wp-content\/uploads\/2015\/11\/kancelar-praha-6.jpg<\/span>\n\t\t\t\t\t\t\t\t\t\t<p><\/p>\n\t\t\t\t\t\t\t\t\t\t\t\t\t\t\t\t\t\t<a><img class=\"skip-lazy\" src=\"https:\/\/www.prazskekancelare.com\/test\/wp-content\/uploads\/2015\/11\/kancelar-praha-6-400x300.jpg\" alt=\"kancelar-praha-6\" \/><\/a>\n\t\t\t\t\t\t\t\t\t\t\t\t\t\t\t<\/li>\n\t\t\t\t\t\t\t<li>\n\t\t\t\t\t<h3 style=\"opacity:70;\">kancelar levne na praze 6<\/h3>\n\t\t\t\t\t\t\t\t\t\t\t<span data-alt=\"kancelar-levne-na-praze-6\">https:\/\/www.prazskekancelare.com\/test\/wp-content\/uploads\/2015\/11\/kancelar-levne-na-praze-6.jpg<\/span>\n\t\t\t\t\t\t\t\t\t\t<p><\/p>\n\t\t\t\t\t\t\t\t\t\t\t\t\t\t\t\t\t\t<a><img class=\"skip-lazy\" src=\"https:\/\/www.prazskekancelare.com\/test\/wp-content\/uploads\/2015\/11\/kancelar-levne-na-praze-6-400x300.jpg\" alt=\"kancelar-levne-na-praze-6\" \/><\/a>\n\t\t\t\t\t\t\t\t\t\t\t\t\t\t\t<\/li>\n\t\t\t\t\t\t\t<li>\n\t\t\t\t\t<h3 style=\"opacity:70;\">kancelare praha 6<\/h3>\n\t\t\t\t\t\t\t\t\t\t\t<span data-alt=\"kancelare-praha-6\">https:\/\/www.prazskekancelare.com\/test\/wp-content\/uploads\/2015\/11\/kancelare-praha-61.jpg<\/span>\n\t\t\t\t\t\t\t\t\t\t<p><\/p>\n\t\t\t\t\t\t\t\t\t\t\t\t\t\t\t\t\t\t<a><img class=\"skip-lazy\" src=\"https:\/\/www.prazskekancelare.com\/test\/wp-content\/uploads\/2015\/11\/kancelare-praha-61-400x300.jpg\" alt=\"kancelare-praha-6\" \/><\/a>\n\t\t\t\t\t\t\t\t\t\t\t\t\t\t\t<\/li>\n\t\t\t\t\t\t\t<li>\n\t\t\t\t\t<h3 style=\"opacity:70;\">pronajem kancelare na praze 6<\/h3>\n\t\t\t\t\t\t\t\t\t\t\t<span data-alt=\"pronajem-kancelare-na-praze-6\">https:\/\/www.prazskekancelare.com\/test\/wp-content\/uploads\/2015\/11\/pronajem-kancelare-na-praze-6.jpg<\/span>\n\t\t\t\t\t\t\t\t\t\t<p><\/p>\n\t\t\t\t\t\t\t\t\t\t\t\t\t\t\t\t\t\t<a><img class=\"skip-lazy\" src=\"https:\/\/www.prazskekancelare.com\/test\/wp-content\/uploads\/2015\/11\/pronajem-kancelare-na-praze-6-400x300.jpg\" alt=\"pronajem-kancelare-na-praze-6\" \/><\/a>\n\t\t\t\t\t\t\t\t\t\t\t\t\t\t\t<\/li>\n\t\t\t\t\t\t\t<li>\n\t\t\t\t\t<h3 style=\"opacity:70;\">pronajem kancelare praha 6<\/h3>\n\t\t\t\t\t\t\t\t\t\t\t<span data-alt=\"pronajem-kancelare-praha-6\">https:\/\/www.prazskekancelare.com\/test\/wp-content\/uploads\/2015\/11\/pronajem-kancelare-praha-61.jpg<\/span>\n\t\t\t\t\t\t\t\t\t\t<p><\/p>\n\t\t\t\t\t\t\t\t\t\t\t\t\t\t\t\t\t\t<a><img class=\"skip-lazy\" src=\"https:\/\/www.prazskekancelare.com\/test\/wp-content\/uploads\/2015\/11\/pronajem-kancelare-praha-61-400x300.jpg\" alt=\"pronajem-kancelare-praha-6\" \/><\/a>\n\t\t\t\t\t\t\t\t\t\t\t\t\t\t\t<\/li>\n\t\t\t\t\t\t\t<li>\n\t\t\t\t\t<h3 style=\"opacity:70;\">pronajem kancelar\u00ed na sestce<\/h3>\n\t\t\t\t\t\t\t\t\t\t\t<span data-alt=\"pronajem-kancelar-na-sestce\">https:\/\/www.prazskekancelare.com\/test\/wp-content\/uploads\/2015\/11\/pronajem-kancelari-na-sestce.jpg<\/span>\n\t\t\t\t\t\t\t\t\t\t<p><\/p>\n\t\t\t\t\t\t\t\t\t\t\t\t\t\t\t\t\t\t<a><img class=\"skip-lazy\" src=\"https:\/\/www.prazskekancelare.com\/test\/wp-content\/uploads\/2015\/11\/pronajem-kancelari-na-sestce-400x300.jpg\" alt=\"pronajem-kancelar-na-sestce\" \/><\/a>\n\t\t\t\t\t\t\t\t\t\t\t\t\t\t\t<\/li>\n\t\t\t\t\t\t\t<li>\n\t\t\t\t\t<h3 style=\"opacity:70;\">pronajem na praze 6<\/h3>\n\t\t\t\t\t\t\t\t\t\t\t<span data-alt=\"pronajem-na-praze-6\">https:\/\/www.prazskekancelare.com\/test\/wp-content\/uploads\/2015\/11\/pronajem-na-praze-6.jpg<\/span>\n\t\t\t\t\t\t\t\t\t\t<p><\/p>\n\t\t\t\t\t\t\t\t\t\t\t\t\t\t\t\t\t\t<a><img class=\"skip-lazy\" src=\"https:\/\/www.prazskekancelare.com\/test\/wp-content\/uploads\/2015\/11\/pronajem-na-praze-6-400x300.jpg\" alt=\"pronajem-na-praze-6\" \/><\/a>\n\t\t\t\t\t\t\t\t\t\t\t\t\t\t\t<\/li>\n\t\t\t\t\t\t\t<li>\n\t\t\t\t\t<h3 style=\"opacity:70;\">restaurace<\/h3>\n\t\t\t\t\t\t\t\t\t\t\t<span data-alt=\"restaurace\">https:\/\/www.prazskekancelare.com\/test\/wp-content\/uploads\/2015\/11\/restaurace.jpg<\/span>\n\t\t\t\t\t\t\t\t\t\t<p><\/p>\n\t\t\t\t\t\t\t\t\t\t\t\t\t\t\t\t\t\t<a><img class=\"skip-lazy\" src=\"https:\/\/www.prazskekancelare.com\/test\/wp-content\/uploads\/2015\/11\/restaurace-400x300.jpg\" alt=\"restaurace\" \/><\/a>\n\t\t\t\t\t\t\t\t\t\t\t\t\t\t\t<\/li>\n\t\t\t\t\t\t\t<li>\n\t\t\t\t\t<h3 style=\"opacity:70;\">kancelare P6<\/h3>\n\t\t\t\t\t\t\t\t\t\t\t<span data-alt=\"kancelare-p6\">https:\/\/www.prazskekancelare.com\/test\/wp-content\/uploads\/2015\/11\/kancelare-p6.jpg<\/span>\n\t\t\t\t\t\t\t\t\t\t<p><\/p>\n\t\t\t\t\t\t\t\t\t\t\t\t\t\t\t\t\t\t<a><img class=\"skip-lazy\" src=\"https:\/\/www.prazskekancelare.com\/test\/wp-content\/uploads\/2015\/11\/kancelare-p6-400x300.jpg\" alt=\"kancelare-p6\" \/><\/a>\n\t\t\t\t\t\t\t\t\t\t\t\t\t\t\t<\/li>\n\t\t\t\t\t\t<\/ul>\n\n\t\t<div id=\"slideshow-wrappergallery31488\" class=\"slideshow-wrapper\" style=\"--slideshow-width:1220px\">\n\t\t\n\t\t<div class=\"slideshow-fullsize\" id=\"fullsizegallery31488\">\n\t\t\t\t\t\t\t\t\t\t\t\t\t\t<div id=\"imgprevgallery31488\" class=\"slideshow-imgprev imgnav\" title=\"Previous Image\">Previous Image<\/div>\n\t\t\t\t\t\t<a id=\"imglinkgallery31488\" class=\"slideshow-imglink imglink\">\n\t\t\t\t<!-- link -->\n\t\t\t<\/a>\n\t\t\t\t\t\t\t\t\t\t\t<div id=\"imgnextgallery31488\" class=\"slideshow-imgnext imgnav\" title=\"Next Image\">Next Image<\/div>\n\t\t\t\t\t\t<div id=\"imagegallery31488\" class=\"slideshow-image\"><\/div>\n\t\t\t<div class=\"slideshow-information infobottom\" id=\"informationgallery31488\">\n\t\t\t\t<h3 class=\"slideshow-info-heading\">info heading<\/h3>\n\t\t\t\t<p class=\"slideshow-info-content\">info content<\/p>\n\t\t\t<\/div>\n\t\t<\/div>\n\n\t\t\t\t\t<div id=\"thumbnailsgallery31488\" class=\"slideshow-thumbnails thumbsbot\">\n\t\t\t\t<div class=\"slideshow-slideleft\" id=\"slideleftgallery31488\" title=\"Slide Left\"><\/div>\n\t\t\t\t<div class=\"slideshow-slidearea\" id=\"slideareagallery31488\">\n\t\t\t\t\t<div class=\"slideshow-slider\" id=\"slidergallery31488\"><\/div>\n\t\t\t\t<\/div>\n\t\t\t\t<div class=\"slideshow-slideright\" id=\"sliderightgallery31488\" title=\"Slide Right\"><\/div>\n\t\t\t\t<br style=\"clear:both; visibility:hidden; height:1px;\" \/>\n\t\t\t<\/div>\n\t\t\t<\/div>\n\n\t\n<p>&nbsp;<\/p>\n<p>Kancel\u00e1\u0159e\u00a0<strong>Cube Office Center<\/strong> na Evropsk\u00e9 ulici &#8211; Praha 6 \u2705, kter\u00e9 se nach\u00e1z\u00ed na v\u00fdborn\u011b dostupn\u00e9m \u00faseku nedaleko metra Dejvick\u00e1 jsou jedn\u00edm z na\u0161ich nejv\u00edce obl\u00edben\u00fdch office center. KANCEL\u00c1\u0158E CUBE jsou obl\u00edben\u00e9 p\u0159edev\u0161\u00edm d\u00edky sv\u00e9 cen\u011b, lokalit\u011b a variabilit\u011b. <strong>Kancel\u00e1\u0159e v CUBE Business Centru nab\u00edz\u00edme u\u017e od 10m2!<\/strong><\/p>\n<h2>Kancel\u00e1\u0159e Cube Office Center Praha 6 &#8211; popis<\/h2>\n<p>Kancel\u00e1\u0159sk\u00fd objekt p\u016fsob\u00ed modern\u00edm dojmem nejen d\u00edky sv\u00e9mu nad\u010dasov\u00e9mu designu, ale i d\u00edky zvolen\u00fdm materi\u00e1l\u016fm na opl\u00e1\u0161t\u011bn\u00ed. Kancel\u00e1\u0159sk\u00e9 centrum a jeho prost\u0159ed\u00ed s 24 hodinovou recepc\u00ed, telefonn\u00edmi rozvody, ISDN p\u0159\u00edpojkami, vnit\u0159n\u00edmi svisl\u00fdmi \u017ealuziemi, klimatizac\u00ed, optick\u00e9mu \u0159e\u0161en\u00ed s\u00edt\u00ed, z\u00e1lo\u017en\u00edmi zdroji, kant\u00fdnou a parkovac\u00edmi st\u00e1n\u00edmi je skv\u011blou volbou pro mal\u00e9 a st\u0159edn\u00ed spole\u010dnosti hledaj\u00edc\u00ed kancel\u00e1\u0159e k pron\u00e1jmu Praha 6 Dejvice.<\/p>\n<p><strong>Cube Business Center\u00a0kancel\u00e1\u0159e\u00a0<\/strong><span style=\"color: #ff0000;\"><em>(mal\u00e9 i velk\u00e9)<\/em><\/span><strong>\u00a0VELIKOSTI<\/strong><\/p>\n<ul>\n<li><span style=\"color: #ff0000;\"><strong>od 5 m2:\u00a0<\/strong><\/span>\u00a0pro mal\u00e9 spole\u010dnost, za\u010d\u00ednaj\u00edc\u00ed podnikatele \/ \u017eivnostn\u00edky, irtu\u00e1ln\u00ed s\u00eddla, &#8230;<\/li>\n<li><span style=\"color: #ff0000;\"><strong>od 100 m2 &#8211; 1.000 m2:<\/strong><\/span>\u00a0pro v\u011bt\u0161\u00ed \/ velk\u00e9 spole\u010dnosti\u00a0 &#8211;\u00a0<strong>velmi v\u00fdhodn\u00e9!\u00a0<\/strong><em>(spo\u010d\u00edt\u00e1me v\u00e1m \u00faspory)<\/em><\/li>\n<\/ul>\n<p><span style=\"color: #ff0000;\"><strong>Popt\u00e1vejte IHNED nez\u00e1vazn\u011b | V\u00fdhodn\u00e9 ceny a BEZ provize:<\/strong><\/span><\/p>\n<div id=\"attachment_3617\" style=\"width: 310px\" class=\"wp-caption alignnone\"><a href=\"\/poptavka-po-kancelarich-k-pronajmu\/\" target=\"_blank\"><img aria-describedby=\"caption-attachment-3617\" loading=\"lazy\" class=\"wp-image-3617 size-medium\" src=\"https:\/\/www.prazskekancelare.com\/test\/wp-content\/uploads\/2019\/12\/kancelare-5-5000m-300x46.png\" alt=\"Cube Office Center kancel\u00e1\u0159e\" width=\"300\" height=\"46\" srcset=\"https:\/\/www.prazskekancelare.com\/test\/wp-content\/uploads\/2019\/12\/kancelare-5-5000m-300x46.png 300w, https:\/\/www.prazskekancelare.com\/test\/wp-content\/uploads\/2019\/12\/kancelare-5-5000m-1024x156.png 1024w\" sizes=\"(max-width: 300px) 100vw, 300px\" \/><\/a><p id=\"caption-attachment-3617\" class=\"wp-caption-text\"><span style=\"color: #ffffff;\">Cube Office Center kancel\u00e1\u0159e<\/span><\/p><\/div>\n<p>Sou\u010d\u00e1st\u00ed kancel\u00e1\u0159sk\u00e9 budovy k pron\u00e1jmu je j\u00eddelna a fitness pro zam\u011bstnance. Pron\u00e1jem kancel\u00e1\u0159\u00ed Praha 6 Dejvice je nav\u00edc \u0159e\u0161en otev\u0159enou formou s mo\u017enost\u00ed \u010dlen\u011bn\u00ed na men\u0161\u00ed jednotky. Nedalek\u00e9 koupali\u0161t\u011b D\u017eb\u00e1n a p\u0159\u00edrodn\u00ed rezervace Divok\u00e1 \u0160\u00e1rka dotv\u00e1\u0159\u00ed ide\u00e1ln\u00ed m\u00edsto pro obchodn\u00ed \u010dinnost. V dosahuje kancel\u00e1\u0159\u00ed je samoz\u0159ejm\u011b mezin\u00e1rodn\u00ed leti\u0161t\u011b, cca 10 min. j\u00edzdy.<\/p>\n<h2>Provize za zprost\u0159edkov\u00e1n\u00ed kancel\u00e1\u0159\u00ed v Cube Office Center<\/h2>\n<p>Ve\u0161ker\u00e9 slu\u017eby na\u0161\u00ed spole\u010dnosti a jej\u00edch makl\u00e9\u0159\u016f jsou bez provize.<\/p>\n<h2>Jak poptat kancel\u00e1\u0159 Cube Office Center?<\/h2>\n<p>Pro zasl\u00e1n\u00ed kompletn\u00ed nab\u00eddky s aktu\u00e1ln\u011b dostupn\u00fdmi pron\u00e1jmy kancel\u00e1\u0159\u00ed Praha 6 Dejvice,\u00a0n\u00e1s pros\u00edm nev\u00e1hejte kdykoli kontaktovat.<\/p>\n<p>Rychl\u00fd popt\u00e1vkov\u00fd formul\u00e1\u0159 najdete na konci textu\u00a0a makl\u00e9\u0159e zodpov\u011bdn\u00e9ho za nemovitosti v prav\u00e9m sloupci.<br \/>\ne-mail:\u00a0<strong><a href=\"mailto:info@prazskekancelare.cz\">info@prazskekancelare.cz<\/a><\/strong>\u00a0\/\u00a0telefon: <strong><span style=\"color: #ff0000;\">+420 773 295 925, +420 723 984 360<\/span><\/strong><\/p>\n<p><a href=\"\/poptavka-po-kancelarich-k-pronajmu\/\" target=\"_blank\"><img loading=\"lazy\" class=\"alignnone wp-image-3619 size-medium\" src=\"https:\/\/www.prazskekancelare.com\/test\/wp-content\/uploads\/2019\/12\/poptavejte-bez-provize-300x48.png\" alt=\"pron\u00e1jem kancel\u00e1\u0159e praha\" width=\"300\" height=\"48\" srcset=\"https:\/\/www.prazskekancelare.com\/test\/wp-content\/uploads\/2019\/12\/poptavejte-bez-provize-300x48.png 300w, https:\/\/www.prazskekancelare.com\/test\/wp-content\/uploads\/2019\/12\/poptavejte-bez-provize-1024x163.png 1024w\" sizes=\"(max-width: 300px) 100vw, 300px\" \/><\/a><\/p>\n<h2>v\u00edce informac\u00ed o Cube Office Center:<\/h2>\n","protected":false},"author":1,"featured_media":1337,"comment_status":"closed","ping_status":"closed","template":"","yoast_head":"<!-- This site is optimized with the Yoast SEO plugin v16.4 - https:\/\/yoast.com\/wordpress\/plugins\/seo\/ -->\n<title>CUBE OFFICE CENTER Evropsk\u00e1 Dejvice Praha 6 ????| LEVN\u011a!<\/title>\n<meta name=\"description\" content=\"Kancel\u00e1\u0159e Cube Office Center Dejvice Evropsk\u00e1 Praha 6 \u2705| 600 kancel\u00e1\u0159\u00ed k pron\u00e1jmu nejen v Cube Business Center v Praze \u2705| Nab\u00eddky kancel\u00e1\u0159\u00ed Bez Provize.\" \/>\n<meta name=\"robots\" content=\"noindex, follow, max-snippet:-1, max-image-preview:large, max-video-preview:-1\" \/>\n<meta property=\"og:locale\" content=\"cs_CZ\" \/>\n<meta property=\"og:type\" content=\"article\" \/>\n<meta property=\"og:title\" content=\"CUBE OFFICE CENTER Evropsk\u00e1 Dejvice Praha 6 ????| LEVN\u011a!\" \/>\n<meta property=\"og:description\" content=\"Kancel\u00e1\u0159e Cube Office Center Dejvice Evropsk\u00e1 Praha 6 \u2705| 600 kancel\u00e1\u0159\u00ed k pron\u00e1jmu nejen v Cube Business Center v Praze \u2705| Nab\u00eddky kancel\u00e1\u0159\u00ed Bez Provize.\" \/>\n<meta property=\"og:url\" content=\"https:\/\/www.prazskekancelare.com\/test\/kancelare-k-pronajmu\/pronajem-kancelari-cube-office-center-evropska-praha-6\/\" \/>\n<meta property=\"og:site_name\" content=\"TEST - Pron\u00e1jem kancel\u00e1\u0159e Praha\" \/>\n<meta property=\"article:modified_time\" content=\"2020-02-20T10:31:31+00:00\" \/>\n<meta property=\"og:image\" content=\"https:\/\/www.prazskekancelare.com\/test\/wp-content\/uploads\/2015\/11\/kancelare-p6.jpg\" \/>\n\t<meta property=\"og:image:width\" content=\"1000\" \/>\n\t<meta property=\"og:image:height\" content=\"640\" \/>\n<meta name=\"twitter:card\" content=\"summary\" \/>\n<meta name=\"twitter:label1\" content=\"Odhadovan\u00e1 doba \u010dten\u00ed\" \/>\n\t<meta name=\"twitter:data1\" content=\"2 minuty\" \/>\n<script type=\"application\/ld+json\" class=\"yoast-schema-graph\">{\"@context\":\"https:\/\/schema.org\",\"@graph\":[{\"@type\":\"Organization\",\"@id\":\"https:\/\/www.prazskekancelare.com\/test\/#organization\",\"name\":\"Pron\\u00e1jem kancel\\u00e1\\u0159e Praha\",\"url\":\"https:\/\/www.prazskekancelare.com\/test\/\",\"sameAs\":[],\"logo\":{\"@type\":\"ImageObject\",\"@id\":\"https:\/\/www.prazskekancelare.com\/test\/#logo\",\"inLanguage\":\"cs\",\"url\":\"https:\/\/www.prazskekancelare.com\/test\/wp-content\/uploads\/2018\/05\/prazske-kancelare-com-logo.png\",\"contentUrl\":\"https:\/\/www.prazskekancelare.com\/test\/wp-content\/uploads\/2018\/05\/prazske-kancelare-com-logo.png\",\"width\":242,\"height\":59,\"caption\":\"Pron\\u00e1jem kancel\\u00e1\\u0159e Praha\"},\"image\":{\"@id\":\"https:\/\/www.prazskekancelare.com\/test\/#logo\"}},{\"@type\":\"WebSite\",\"@id\":\"https:\/\/www.prazskekancelare.com\/test\/#website\",\"url\":\"https:\/\/www.prazskekancelare.com\/test\/\",\"name\":\"TEST - Pron\\u00e1jem kancel\\u00e1\\u0159e Praha\",\"description\":\"Pron\\u00e1jem kancel\\u00e1\\u0159e Praha a Kancelare Praha\",\"publisher\":{\"@id\":\"https:\/\/www.prazskekancelare.com\/test\/#organization\"},\"potentialAction\":[{\"@type\":\"SearchAction\",\"target\":\"https:\/\/www.prazskekancelare.com\/test\/?s={search_term_string}\",\"query-input\":\"required name=search_term_string\"}],\"inLanguage\":\"cs\"},{\"@type\":\"ImageObject\",\"@id\":\"https:\/\/www.prazskekancelare.com\/test\/kancelare-k-pronajmu\/pronajem-kancelari-cube-office-center-evropska-praha-6\/#primaryimage\",\"inLanguage\":\"cs\",\"url\":\"https:\/\/www.prazskekancelare.com\/test\/wp-content\/uploads\/2015\/11\/kancelare-p6.jpg\",\"contentUrl\":\"https:\/\/www.prazskekancelare.com\/test\/wp-content\/uploads\/2015\/11\/kancelare-p6.jpg\",\"width\":1000,\"height\":640,\"caption\":\"Cube Office Center\"},{\"@type\":\"WebPage\",\"@id\":\"https:\/\/www.prazskekancelare.com\/test\/kancelare-k-pronajmu\/pronajem-kancelari-cube-office-center-evropska-praha-6\/#webpage\",\"url\":\"https:\/\/www.prazskekancelare.com\/test\/kancelare-k-pronajmu\/pronajem-kancelari-cube-office-center-evropska-praha-6\/\",\"name\":\"CUBE OFFICE CENTER Evropsk\\u00e1 Dejvice Praha 6 ????| LEVN\\u011a!\",\"isPartOf\":{\"@id\":\"https:\/\/www.prazskekancelare.com\/test\/#website\"},\"primaryImageOfPage\":{\"@id\":\"https:\/\/www.prazskekancelare.com\/test\/kancelare-k-pronajmu\/pronajem-kancelari-cube-office-center-evropska-praha-6\/#primaryimage\"},\"datePublished\":\"2015-11-27T13:29:13+00:00\",\"dateModified\":\"2020-02-20T10:31:31+00:00\",\"description\":\"Kancel\\u00e1\\u0159e Cube Office Center Dejvice Evropsk\\u00e1 Praha 6 \\u2705| 600 kancel\\u00e1\\u0159\\u00ed k pron\\u00e1jmu nejen v Cube Business Center v Praze \\u2705| Nab\\u00eddky kancel\\u00e1\\u0159\\u00ed Bez Provize.\",\"breadcrumb\":{\"@id\":\"https:\/\/www.prazskekancelare.com\/test\/kancelare-k-pronajmu\/pronajem-kancelari-cube-office-center-evropska-praha-6\/#breadcrumb\"},\"inLanguage\":\"cs\",\"potentialAction\":[{\"@type\":\"ReadAction\",\"target\":[\"https:\/\/www.prazskekancelare.com\/test\/kancelare-k-pronajmu\/pronajem-kancelari-cube-office-center-evropska-praha-6\/\"]}]},{\"@type\":\"BreadcrumbList\",\"@id\":\"https:\/\/www.prazskekancelare.com\/test\/kancelare-k-pronajmu\/pronajem-kancelari-cube-office-center-evropska-praha-6\/#breadcrumb\",\"itemListElement\":[{\"@type\":\"ListItem\",\"position\":1,\"item\":{\"@type\":\"WebPage\",\"@id\":\"https:\/\/www.prazskekancelare.com\/test\/\",\"url\":\"https:\/\/www.prazskekancelare.com\/test\/\",\"name\":\"Dom\\u016f\"}},{\"@type\":\"ListItem\",\"position\":2,\"item\":{\"@type\":\"WebPage\",\"@id\":\"https:\/\/www.prazskekancelare.com\/test\/kancelare-k-pronajmu\/\",\"url\":\"https:\/\/www.prazskekancelare.com\/test\/kancelare-k-pronajmu\/\",\"name\":\"Properties\"}},{\"@type\":\"ListItem\",\"position\":3,\"item\":{\"@id\":\"https:\/\/www.prazskekancelare.com\/test\/kancelare-k-pronajmu\/pronajem-kancelari-cube-office-center-evropska-praha-6\/#webpage\"}}]}]}<\/script>\n<!-- \/ Yoast SEO plugin. -->","cmb2":{"property_general":{"property_id":"ANO","property_year_built":"","property_address":"Evropsk\u00e1 178,\r\n160 00 Praha 6\r\n","property_zip":"","property_contract":"","property_gallery":"","property_plans":"","property_video":"","property_parent_property":""},"property_flags":{"property_featured":"","property_sticky":"","property_reduced":"","property_sold":""},"property_contact":{"property_contact_name":"","property_contact_phone":""},"property_pricing":{"property_price":"230","property_price_prefix":"od","property_price_suffix":"K\u010d\/m2","property_price_custom":""},"property_attributes":{"property_rooms":"NE","property_beds":"5","property_baths":"NE","property_garages":"NE \/ \u010d\u00e1ste\u010dn\u011b","property_home_area":"","property_lot_dimensions":"","property_lot_area":"20 m2 - 2000 m2"},"property_valuation":{"property_valuation_group":""},"property_public_facilities":{"property_public_facilities_group":""},"property_map_location":{"property_map_location":{"latitude":"50.0953116","longitude":"14.338510000000042"}},"property_relations":{"property_agents":["260"]}},"_links":{"self":[{"href":"https:\/\/www.prazskekancelare.com\/test\/wp-json\/wp\/v2\/property\/1345"}],"collection":[{"href":"https:\/\/www.prazskekancelare.com\/test\/wp-json\/wp\/v2\/property"}],"about":[{"href":"https:\/\/www.prazskekancelare.com\/test\/wp-json\/wp\/v2\/types\/property"}],"author":[{"embeddable":true,"href":"https:\/\/www.prazskekancelare.com\/test\/wp-json\/wp\/v2\/users\/1"}],"replies":[{"embeddable":true,"href":"https:\/\/www.prazskekancelare.com\/test\/wp-json\/wp\/v2\/comments?post=1345"}],"wp:featuredmedia":[{"embeddable":true,"href":"https:\/\/www.prazskekancelare.com\/test\/wp-json\/wp\/v2\/media\/1337"}],"wp:attachment":[{"href":"https:\/\/www.prazskekancelare.com\/test\/wp-json\/wp\/v2\/media?parent=1345"}],"curies":[{"name":"wp","href":"https:\/\/api.w.org\/{rel}","templated":true}]}}