{"id":1333,"date":"2015-11-26T16:46:21","date_gmt":"2015-11-26T15:46:21","guid":{"rendered":"https:\/\/www.prazskekancelare.com\/test\/?post_type=property&#038;p=1333"},"modified":"2019-03-19T15:24:38","modified_gmt":"2019-03-19T14:24:38","slug":"pronajem-kancelari-city-west-stodulky-siemensova-praha-5","status":"publish","type":"property","link":"https:\/\/www.prazskekancelare.com\/test\/kancelare-k-pronajmu\/pronajem-kancelari-city-west-stodulky-siemensova-praha-5\/","title":{"rendered":"Kancel\u00e1\u0159e CITY WEST Stod\u016flky Praha 5 <span style=\"color: #ff0000;\">HIT<\/span>"},"content":{"rendered":"\n\t<ul id=\"slideshowgallery30683\" class=\"slideshowgallery30683\" style=\"display:none;\">\n\t\t\t\t\t<!-- From all slides or gallery slides -->\n\t\t\t\t\t\t\t<li>\n\t\t\t\t\t<h3 style=\"opacity:70;\">prostory k pronajmu praha 5<\/h3>\n\t\t\t\t\t\t\t\t\t\t\t<span data-alt=\"prostory-k-pronajmu-praha-5\">https:\/\/www.prazskekancelare.com\/test\/wp-content\/uploads\/2015\/11\/prostory-k-pronajmu-praha-5.jpg<\/span>\n\t\t\t\t\t\t\t\t\t\t<p><\/p>\n\t\t\t\t\t\t\t\t\t\t\t\t\t\t\t\t\t\t<a><img class=\"skip-lazy\" src=\"https:\/\/www.prazskekancelare.com\/test\/wp-content\/uploads\/2015\/11\/prostory-k-pronajmu-praha-5-400x300.jpg\" alt=\"prostory-k-pronajmu-praha-5\" \/><\/a>\n\t\t\t\t\t\t\t\t\t\t\t\t\t\t\t<\/li>\n\t\t\t\t\t\t\t<li>\n\t\t\t\t\t<h3 style=\"opacity:70;\">kancelar k pronajmu praha 5<\/h3>\n\t\t\t\t\t\t\t\t\t\t\t<span data-alt=\"kancelar-k-pronajmu-praha-5\">https:\/\/www.prazskekancelare.com\/test\/wp-content\/uploads\/2015\/11\/kancelar-k-pronajmu-praha-51.jpg<\/span>\n\t\t\t\t\t\t\t\t\t\t<p><\/p>\n\t\t\t\t\t\t\t\t\t\t\t\t\t\t\t\t\t\t<a><img class=\"skip-lazy\" src=\"https:\/\/www.prazskekancelare.com\/test\/wp-content\/uploads\/2015\/11\/kancelar-k-pronajmu-praha-51-400x300.jpg\" alt=\"kancelar-k-pronajmu-praha-5\" \/><\/a>\n\t\t\t\t\t\t\t\t\t\t\t\t\t\t\t<\/li>\n\t\t\t\t\t\t\t<li>\n\t\t\t\t\t<h3 style=\"opacity:70;\">kancelar praha 5<\/h3>\n\t\t\t\t\t\t\t\t\t\t\t<span data-alt=\"kancelar-praha-5\">https:\/\/www.prazskekancelare.com\/test\/wp-content\/uploads\/2015\/11\/kancelar-praha-5.jpg<\/span>\n\t\t\t\t\t\t\t\t\t\t<p><\/p>\n\t\t\t\t\t\t\t\t\t\t\t\t\t\t\t\t\t\t<a><img class=\"skip-lazy\" src=\"https:\/\/www.prazskekancelare.com\/test\/wp-content\/uploads\/2015\/11\/kancelar-praha-5-400x300.jpg\" alt=\"kancelar-praha-5\" \/><\/a>\n\t\t\t\t\t\t\t\t\t\t\t\t\t\t\t<\/li>\n\t\t\t\t\t\t\t<li>\n\t\t\t\t\t<h3 style=\"opacity:70;\">kancelar praha<\/h3>\n\t\t\t\t\t\t\t\t\t\t\t<span data-alt=\"kancelar-praha\">https:\/\/www.prazskekancelare.com\/test\/wp-content\/uploads\/2015\/11\/kancelar-praha.jpg<\/span>\n\t\t\t\t\t\t\t\t\t\t<p><\/p>\n\t\t\t\t\t\t\t\t\t\t\t\t\t\t\t\t\t\t<a><img class=\"skip-lazy\" src=\"https:\/\/www.prazskekancelare.com\/test\/wp-content\/uploads\/2015\/11\/kancelar-praha-400x300.jpg\" alt=\"kancelar-praha\" \/><\/a>\n\t\t\t\t\t\t\t\t\t\t\t\t\t\t\t<\/li>\n\t\t\t\t\t\t\t<li>\n\t\t\t\t\t<h3 style=\"opacity:70;\">praha 5 levne kancelare<\/h3>\n\t\t\t\t\t\t\t\t\t\t\t<span data-alt=\"praha-5-levne-kancelare\">https:\/\/www.prazskekancelare.com\/test\/wp-content\/uploads\/2015\/11\/praha-5-levne-kancelare.jpg<\/span>\n\t\t\t\t\t\t\t\t\t\t<p><\/p>\n\t\t\t\t\t\t\t\t\t\t\t\t\t\t\t\t\t\t<a><img class=\"skip-lazy\" src=\"https:\/\/www.prazskekancelare.com\/test\/wp-content\/uploads\/2015\/11\/praha-5-levne-kancelare-400x300.jpg\" alt=\"praha-5-levne-kancelare\" \/><\/a>\n\t\t\t\t\t\t\t\t\t\t\t\t\t\t\t<\/li>\n\t\t\t\t\t\t\t<li>\n\t\t\t\t\t<h3 style=\"opacity:70;\">kancelare k pronajmu napraze<\/h3>\n\t\t\t\t\t\t\t\t\t\t\t<span data-alt=\"kancelare-k-pronajmu-napraze\">https:\/\/www.prazskekancelare.com\/test\/wp-content\/uploads\/2015\/11\/kancelare-k-pronajmu-napraze.jpg<\/span>\n\t\t\t\t\t\t\t\t\t\t<p><\/p>\n\t\t\t\t\t\t\t\t\t\t\t\t\t\t\t\t\t\t<a><img class=\"skip-lazy\" src=\"https:\/\/www.prazskekancelare.com\/test\/wp-content\/uploads\/2015\/11\/kancelare-k-pronajmu-napraze-400x300.jpg\" alt=\"kancelare-k-pronajmu-napraze\" \/><\/a>\n\t\t\t\t\t\t\t\t\t\t\t\t\t\t\t<\/li>\n\t\t\t\t\t\t\t<li>\n\t\t\t\t\t<h3 style=\"opacity:70;\">pronajem kancelare k letisti<\/h3>\n\t\t\t\t\t\t\t\t\t\t\t<span data-alt=\"pronajem-kancelare-k-letisti\">https:\/\/www.prazskekancelare.com\/test\/wp-content\/uploads\/2015\/11\/pronajem-kancelare-k-letisti.jpg<\/span>\n\t\t\t\t\t\t\t\t\t\t<p><\/p>\n\t\t\t\t\t\t\t\t\t\t\t\t\t\t\t\t\t\t<a><img class=\"skip-lazy\" src=\"https:\/\/www.prazskekancelare.com\/test\/wp-content\/uploads\/2015\/11\/pronajem-kancelare-k-letisti-400x300.jpg\" alt=\"pronajem-kancelare-k-letisti\" \/><\/a>\n\t\t\t\t\t\t\t\t\t\t\t\t\t\t\t<\/li>\n\t\t\t\t\t\t\t<li>\n\t\t\t\t\t<h3 style=\"opacity:70;\">kancelare praha 5<\/h3>\n\t\t\t\t\t\t\t\t\t\t\t<span data-alt=\"kancelare-praha-5\">https:\/\/www.prazskekancelare.com\/test\/wp-content\/uploads\/2015\/11\/kancelare-praha-51.jpg<\/span>\n\t\t\t\t\t\t\t\t\t\t<p><\/p>\n\t\t\t\t\t\t\t\t\t\t\t\t\t\t\t\t\t\t<a><img class=\"skip-lazy\" src=\"https:\/\/www.prazskekancelare.com\/test\/wp-content\/uploads\/2015\/11\/kancelare-praha-51-400x300.jpg\" alt=\"kancelare-praha-5\" \/><\/a>\n\t\t\t\t\t\t\t\t\t\t\t\t\t\t\t<\/li>\n\t\t\t\t\t\t\t<li>\n\t\t\t\t\t<h3 style=\"opacity:70;\">pronajem kancelari k letisti<\/h3>\n\t\t\t\t\t\t\t\t\t\t\t<span data-alt=\"pronajem-kancelari-k-letisti\">https:\/\/www.prazskekancelare.com\/test\/wp-content\/uploads\/2015\/11\/pronajem-kancelari-k-letisti.jpg<\/span>\n\t\t\t\t\t\t\t\t\t\t<p><\/p>\n\t\t\t\t\t\t\t\t\t\t\t\t\t\t\t\t\t\t<a><img class=\"skip-lazy\" src=\"https:\/\/www.prazskekancelare.com\/test\/wp-content\/uploads\/2015\/11\/pronajem-kancelari-k-letisti-400x300.jpg\" alt=\"pronajem-kancelari-k-letisti\" \/><\/a>\n\t\t\t\t\t\t\t\t\t\t\t\t\t\t\t<\/li>\n\t\t\t\t\t\t\t<li>\n\t\t\t\t\t<h3 style=\"opacity:70;\">kancelare u letiste<\/h3>\n\t\t\t\t\t\t\t\t\t\t\t<span data-alt=\"kancelare-u-letiste\">https:\/\/www.prazskekancelare.com\/test\/wp-content\/uploads\/2015\/11\/kancelare-u-letiste.jpg<\/span>\n\t\t\t\t\t\t\t\t\t\t<p><\/p>\n\t\t\t\t\t\t\t\t\t\t\t\t\t\t\t\t\t\t<a><img class=\"skip-lazy\" src=\"https:\/\/www.prazskekancelare.com\/test\/wp-content\/uploads\/2015\/11\/kancelare-u-letiste-400x300.jpg\" alt=\"kancelare-u-letiste\" \/><\/a>\n\t\t\t\t\t\t\t\t\t\t\t\t\t\t\t<\/li>\n\t\t\t\t\t\t\t<li>\n\t\t\t\t\t<h3 style=\"opacity:70;\">pronajem kancelari u letiste<\/h3>\n\t\t\t\t\t\t\t\t\t\t\t<span data-alt=\"pronajem-kancelari-u-letiste\">https:\/\/www.prazskekancelare.com\/test\/wp-content\/uploads\/2015\/11\/pronajem-kancelari-u-letiste.jpg<\/span>\n\t\t\t\t\t\t\t\t\t\t<p><\/p>\n\t\t\t\t\t\t\t\t\t\t\t\t\t\t\t\t\t\t<a><img class=\"skip-lazy\" src=\"https:\/\/www.prazskekancelare.com\/test\/wp-content\/uploads\/2015\/11\/pronajem-kancelari-u-letiste-400x300.jpg\" alt=\"pronajem-kancelari-u-letiste\" \/><\/a>\n\t\t\t\t\t\t\t\t\t\t\t\t\t\t\t<\/li>\n\t\t\t\t\t\t\t<li>\n\t\t\t\t\t<h3 style=\"opacity:70;\">praha 5 k pronajmu kancelare<\/h3>\n\t\t\t\t\t\t\t\t\t\t\t<span data-alt=\"praha-5-k-pronajmu-kancelare\">https:\/\/www.prazskekancelare.com\/test\/wp-content\/uploads\/2015\/11\/praha-5-k-pronajmu-kancelare.jpg<\/span>\n\t\t\t\t\t\t\t\t\t\t<p><\/p>\n\t\t\t\t\t\t\t\t\t\t\t\t\t\t\t\t\t\t<a><img class=\"skip-lazy\" src=\"https:\/\/www.prazskekancelare.com\/test\/wp-content\/uploads\/2015\/11\/praha-5-k-pronajmu-kancelare-400x300.jpg\" alt=\"praha-5-k-pronajmu-kancelare\" \/><\/a>\n\t\t\t\t\t\t\t\t\t\t\t\t\t\t\t<\/li>\n\t\t\t\t\t\t\t<li>\n\t\t\t\t\t<h3 style=\"opacity:70;\">pronajem kancelarskych prostor praha 5<\/h3>\n\t\t\t\t\t\t\t\t\t\t\t<span data-alt=\"pronajem-kancelarskych-prostor-praha-5\">https:\/\/www.prazskekancelare.com\/test\/wp-content\/uploads\/2015\/11\/pronajem-kancelarskych-prostor-praha-5.jpg<\/span>\n\t\t\t\t\t\t\t\t\t\t<p><\/p>\n\t\t\t\t\t\t\t\t\t\t\t\t\t\t\t\t\t\t<a><img class=\"skip-lazy\" src=\"https:\/\/www.prazskekancelare.com\/test\/wp-content\/uploads\/2015\/11\/pronajem-kancelarskych-prostor-praha-5-400x300.jpg\" alt=\"pronajem-kancelarskych-prostor-praha-5\" \/><\/a>\n\t\t\t\t\t\t\t\t\t\t\t\t\t\t\t<\/li>\n\t\t\t\t\t\t\t<li>\n\t\t\t\t\t<h3 style=\"opacity:70;\">praha 5 kancelar<\/h3>\n\t\t\t\t\t\t\t\t\t\t\t<span data-alt=\"praha-5-kancelar\">https:\/\/www.prazskekancelare.com\/test\/wp-content\/uploads\/2015\/11\/praha-5-kancelar.jpg<\/span>\n\t\t\t\t\t\t\t\t\t\t<p><\/p>\n\t\t\t\t\t\t\t\t\t\t\t\t\t\t\t\t\t\t<a><img class=\"skip-lazy\" src=\"https:\/\/www.prazskekancelare.com\/test\/wp-content\/uploads\/2015\/11\/praha-5-kancelar-400x300.jpg\" alt=\"praha-5-kancelar\" \/><\/a>\n\t\t\t\t\t\t\t\t\t\t\t\t\t\t\t<\/li>\n\t\t\t\t\t\t\t<li>\n\t\t\t\t\t<h3 style=\"opacity:70;\">praha 5 kancelare<\/h3>\n\t\t\t\t\t\t\t\t\t\t\t<span data-alt=\"praha-5-kancelare\">https:\/\/www.prazskekancelare.com\/test\/wp-content\/uploads\/2015\/11\/praha-5-kancelare.jpg<\/span>\n\t\t\t\t\t\t\t\t\t\t<p><\/p>\n\t\t\t\t\t\t\t\t\t\t\t\t\t\t\t\t\t\t<a><img class=\"skip-lazy\" src=\"https:\/\/www.prazskekancelare.com\/test\/wp-content\/uploads\/2015\/11\/praha-5-kancelare-400x300.jpg\" alt=\"praha-5-kancelare\" \/><\/a>\n\t\t\t\t\t\t\t\t\t\t\t\t\t\t\t<\/li>\n\t\t\t\t\t\t\t<li>\n\t\t\t\t\t<h3 style=\"opacity:70;\">pronajme kancelari stodulky<\/h3>\n\t\t\t\t\t\t\t\t\t\t\t<span data-alt=\"pronajme-kancelari-stodulky\">https:\/\/www.prazskekancelare.com\/test\/wp-content\/uploads\/2015\/11\/pronajme-kancelari-stodulky.jpg<\/span>\n\t\t\t\t\t\t\t\t\t\t<p><\/p>\n\t\t\t\t\t\t\t\t\t\t\t\t\t\t\t\t\t\t<a><img class=\"skip-lazy\" src=\"https:\/\/www.prazskekancelare.com\/test\/wp-content\/uploads\/2015\/11\/pronajme-kancelari-stodulky-400x300.jpg\" alt=\"pronajme-kancelari-stodulky\" \/><\/a>\n\t\t\t\t\t\t\t\t\t\t\t\t\t\t\t<\/li>\n\t\t\t\t\t\t\t<li>\n\t\t\t\t\t<h3 style=\"opacity:70;\">pronajem na praze 2<\/h3>\n\t\t\t\t\t\t\t\t\t\t\t<span data-alt=\"pronajem-na-praze-2\">https:\/\/www.prazskekancelare.com\/test\/wp-content\/uploads\/2015\/11\/pronajem-na-praze-2.jpg<\/span>\n\t\t\t\t\t\t\t\t\t\t<p><\/p>\n\t\t\t\t\t\t\t\t\t\t\t\t\t\t\t\t\t\t<a><img class=\"skip-lazy\" src=\"https:\/\/www.prazskekancelare.com\/test\/wp-content\/uploads\/2015\/11\/pronajem-na-praze-2-400x300.jpg\" alt=\"pronajem-na-praze-2\" \/><\/a>\n\t\t\t\t\t\t\t\t\t\t\t\t\t\t\t<\/li>\n\t\t\t\t\t\t<\/ul>\n\n\t\t<div id=\"slideshow-wrappergallery30683\" class=\"slideshow-wrapper\" style=\"--slideshow-width:2032px\">\n\t\t\n\t\t<div class=\"slideshow-fullsize\" id=\"fullsizegallery30683\">\n\t\t\t\t\t\t\t\t\t\t\t\t\t\t<div id=\"imgprevgallery30683\" class=\"slideshow-imgprev imgnav\" title=\"Previous Image\">Previous Image<\/div>\n\t\t\t\t\t\t<a id=\"imglinkgallery30683\" class=\"slideshow-imglink imglink\">\n\t\t\t\t<!-- link -->\n\t\t\t<\/a>\n\t\t\t\t\t\t\t\t\t\t\t<div id=\"imgnextgallery30683\" class=\"slideshow-imgnext imgnav\" title=\"Next Image\">Next Image<\/div>\n\t\t\t\t\t\t<div id=\"imagegallery30683\" class=\"slideshow-image\"><\/div>\n\t\t\t<div class=\"slideshow-information infobottom\" id=\"informationgallery30683\">\n\t\t\t\t<h3 class=\"slideshow-info-heading\">info heading<\/h3>\n\t\t\t\t<p class=\"slideshow-info-content\">info content<\/p>\n\t\t\t<\/div>\n\t\t<\/div>\n\n\t\t\t\t\t<div id=\"thumbnailsgallery30683\" class=\"slideshow-thumbnails thumbsbot\">\n\t\t\t\t<div class=\"slideshow-slideleft\" id=\"slideleftgallery30683\" title=\"Slide Left\"><\/div>\n\t\t\t\t<div class=\"slideshow-slidearea\" id=\"slideareagallery30683\">\n\t\t\t\t\t<div class=\"slideshow-slider\" id=\"slidergallery30683\"><\/div>\n\t\t\t\t<\/div>\n\t\t\t\t<div class=\"slideshow-slideright\" id=\"sliderightgallery30683\" title=\"Slide Right\"><\/div>\n\t\t\t\t<br style=\"clear:both; visibility:hidden; height:1px;\" \/>\n\t\t\t<\/div>\n\t\t\t<\/div>\n\n\t\n<p>&nbsp;<\/p>\n<p>Kancel\u00e1\u0159e k pron\u00e1jmu na Praze 5 <strong>City West<\/strong> jsou\u00a0souc\u030c\u00e1st\u00ed rozs\u00e1hl\u00e9ho projektu kancel\u00e1r\u030csk\u00fdch a rezidenc\u030cn\u00edch nemovitost\u00ed Z\u00e1padn\u00ed Me\u030csto. D\u00edky stanici metra Stod\u016flky p\u0159\u00edmo p\u0159ed vchodem do kancel\u00e1\u0159sk\u00e9 budovy se do pr\u00e1ce pohodln\u011b dostanete MHD, preferujete-li auto, ocen\u00edte podzemn\u00ed parkovi\u0161t\u011b pro v\u00edce ne\u017e 400 voz\u016f.<\/p>\n<p><span style=\"color: #0000ff;\"><strong>V nab\u00eddce jsou:<\/strong><\/span><\/p>\n<ol>\n<li><span style=\"color: #0000ff;\"><strong> malometr\u00e1\u017en\u00ed\u00a0<\/strong>kancel\u00e1\u0159e\u00a0<strong>od 80 m2\u00a0<\/strong>nebo<\/span><\/li>\n<li><span style=\"color: #0000ff;\"><strong>velkometr\u00e1\u017en\u00ed\u00a0<\/strong>kancel\u00e1\u0159e typu open-space\u00a0<strong>od 100 m2 do 2.500 m2<\/strong>.<\/span><\/li>\n<\/ol>\n<p><span style=\"color: #ff0000;\"><strong>N\u00e1\u0161 tip:<\/strong>\u00a0Za\u0161lete n\u00e1m rychl\u00fd\u00a0<span style=\"text-decoration: underline;\"><strong><a style=\"color: #ff0000; text-decoration: underline;\" href=\"\/poptavka-po-kancelarich-k-pronajmu\/\" target=\"_blank\">popt\u00e1vkov\u00fd formul\u00e1\u0159\u00a0<\/a><\/strong><\/span>a my V\u00e1m b\u011bhem 30 minut\u00a0p\u0159iprav\u00edme kompletn\u00ed nab\u00eddku dle Va\u0161ich specifikac\u00ed a bez provize.\u00a0<strong>V nab\u00eddce m\u00e1me 500 kancel\u00e1\u0159\u00ed v Praze<\/strong>. T\u011b\u0161\u00edme se na spolupr\u00e1ci.<\/span><\/p>\n<h2>Budova City West Stod\u016flky &#8211; kancel\u00e1\u0159e Praha 5<\/h2>\n<ul>\n<li>klimatizovan\u00e9 kancel\u00e1\u0159e k pron\u00e1jmu<\/li>\n<li>venkovn\u00ed \u017ealuzie<\/li>\n<li>variabiln\u00ed dispozice<\/li>\n<li>z\u00e1lo\u017en\u00ed zdroje UPS a dieselagreg\u00e1ty<\/li>\n<li>elektronick\u00fd p\u0159\u00edstupov\u00fd syst\u00e9m<\/li>\n<li>9 v\u00fdtah\u016f<\/li>\n<li>otev\u00edrateln\u00e1 okna<\/li>\n<\/ul>\n<h2>Slu\u017eby kancel\u00e1\u0159\u00ed v City West<\/h2>\n<ul>\n<li>Recepce a ostraha 24\/7 &#8211; v\u00edce informac\u00ed<\/li>\n<li>Parkov\u00e1n\u00ed pro n\u00e1v\u0161t\u011bvy<\/li>\n<li>\u010cist\u00edrna od\u011bv\u016f &#8211; v\u00edce informac\u00ed<\/li>\n<li>Podatelna<\/li>\n<li>Wifi na recepci zdarma<\/li>\n<li>Ob\u010derstven\u00ed v prostor\u00e1ch recepce<\/li>\n<li>Pron\u00e1jem zasedac\u00edch m\u00edstnost\u00ed<\/li>\n<\/ul>\n<h2>Provize<\/h2>\n<p>Ve\u0161ker\u00e9 slu\u017eby na\u0161\u00ed spole\u010dnosti a jej\u00edch makl\u00e9\u0159\u016f jsou bez provize.<\/p>\n<h2>Jak poptat kancel\u00e1\u0159 na Stod\u016flk\u00e1ch?<\/h2>\n<p>Pro zasl\u00e1n\u00ed kompletn\u00ed nab\u00eddky s aktu\u00e1ln\u011b dostupn\u00fdmi pron\u00e1jmy kancel\u00e1\u0159\u00ed Praha 5 Stod\u016flky,\u00a0n\u00e1s pros\u00edm nev\u00e1hejte kdykoli kontaktovat.<\/p>\n<p>Rychl\u00fd popt\u00e1vkov\u00fd formul\u00e1\u0159 najdete na konci textu\u00a0a makl\u00e9\u0159e zodpov\u011bdn\u00e9ho za nemovitosti v prav\u00e9m sloupci.<br \/>\ne-mail:\u00a0<strong><a href=\"mailto:info@prazskekancelare.cz\">info@prazskekancelare.cz<\/a><\/strong>\u00a0\/\u00a0telefon: <strong><span style=\"color: #ff0000;\">+420 773 295 925, +420 723 984 360<\/span><\/strong><\/p>\n<h2>v\u00edce informac\u00ed o City West Stod\u016flky:<\/h2>\n","protected":false},"author":1,"featured_media":1324,"comment_status":"closed","ping_status":"closed","template":"","yoast_head":"<!-- This site is optimized with the Yoast SEO plugin v16.4 - https:\/\/yoast.com\/wordpress\/plugins\/seo\/ -->\n<title>CITY WEST kancel\u00e1\u0159e Siemensova Stod\u016flky Praha 5 | 50 Kancel\u00e1\u0159\u00ed \u00ae<\/title>\n<meta name=\"description\" content=\"Popt\u00e1vejte pron\u00e1jem kancel\u00e1\u0159e City West Siemensova Stod\u016flky Praha 5 | 500 kancel\u00e1\u0159\u00ed k pron\u00e1jmu v Praze | Nab\u00eddky kancel\u00e1\u0159\u00ed do 30 min Bez provize.\" \/>\n<meta name=\"robots\" content=\"noindex, follow, max-snippet:-1, max-image-preview:large, max-video-preview:-1\" \/>\n<meta property=\"og:locale\" content=\"cs_CZ\" \/>\n<meta property=\"og:type\" content=\"article\" \/>\n<meta property=\"og:title\" content=\"CITY WEST kancel\u00e1\u0159e Siemensova Stod\u016flky Praha 5 | 50 Kancel\u00e1\u0159\u00ed \u00ae\" \/>\n<meta property=\"og:description\" content=\"Popt\u00e1vejte pron\u00e1jem kancel\u00e1\u0159e City West Siemensova Stod\u016flky Praha 5 | 500 kancel\u00e1\u0159\u00ed k pron\u00e1jmu v Praze | Nab\u00eddky kancel\u00e1\u0159\u00ed do 30 min Bez provize.\" \/>\n<meta property=\"og:url\" content=\"https:\/\/www.prazskekancelare.com\/test\/kancelare-k-pronajmu\/pronajem-kancelari-city-west-stodulky-siemensova-praha-5\/\" \/>\n<meta property=\"og:site_name\" content=\"TEST - Pron\u00e1jem kancel\u00e1\u0159e Praha\" \/>\n<meta property=\"article:modified_time\" content=\"2019-03-19T14:24:38+00:00\" \/>\n<meta property=\"og:image\" content=\"https:\/\/www.prazskekancelare.com\/test\/wp-content\/uploads\/2015\/11\/praha-5-kancelar.jpg\" \/>\n\t<meta property=\"og:image:width\" content=\"1000\" \/>\n\t<meta property=\"og:image:height\" content=\"617\" \/>\n<meta name=\"twitter:card\" content=\"summary\" \/>\n<meta name=\"twitter:label1\" content=\"Odhadovan\u00e1 doba \u010dten\u00ed\" \/>\n\t<meta name=\"twitter:data1\" content=\"1 minuta\" \/>\n<script type=\"application\/ld+json\" class=\"yoast-schema-graph\">{\"@context\":\"https:\/\/schema.org\",\"@graph\":[{\"@type\":\"Organization\",\"@id\":\"https:\/\/www.prazskekancelare.com\/test\/#organization\",\"name\":\"Pron\\u00e1jem kancel\\u00e1\\u0159e Praha\",\"url\":\"https:\/\/www.prazskekancelare.com\/test\/\",\"sameAs\":[],\"logo\":{\"@type\":\"ImageObject\",\"@id\":\"https:\/\/www.prazskekancelare.com\/test\/#logo\",\"inLanguage\":\"cs\",\"url\":\"https:\/\/www.prazskekancelare.com\/test\/wp-content\/uploads\/2018\/05\/prazske-kancelare-com-logo.png\",\"contentUrl\":\"https:\/\/www.prazskekancelare.com\/test\/wp-content\/uploads\/2018\/05\/prazske-kancelare-com-logo.png\",\"width\":242,\"height\":59,\"caption\":\"Pron\\u00e1jem kancel\\u00e1\\u0159e Praha\"},\"image\":{\"@id\":\"https:\/\/www.prazskekancelare.com\/test\/#logo\"}},{\"@type\":\"WebSite\",\"@id\":\"https:\/\/www.prazskekancelare.com\/test\/#website\",\"url\":\"https:\/\/www.prazskekancelare.com\/test\/\",\"name\":\"TEST - Pron\\u00e1jem kancel\\u00e1\\u0159e Praha\",\"description\":\"Pron\\u00e1jem kancel\\u00e1\\u0159e Praha a Kancelare Praha\",\"publisher\":{\"@id\":\"https:\/\/www.prazskekancelare.com\/test\/#organization\"},\"potentialAction\":[{\"@type\":\"SearchAction\",\"target\":\"https:\/\/www.prazskekancelare.com\/test\/?s={search_term_string}\",\"query-input\":\"required name=search_term_string\"}],\"inLanguage\":\"cs\"},{\"@type\":\"ImageObject\",\"@id\":\"https:\/\/www.prazskekancelare.com\/test\/kancelare-k-pronajmu\/pronajem-kancelari-city-west-stodulky-siemensova-praha-5\/#primaryimage\",\"inLanguage\":\"cs\",\"url\":\"https:\/\/www.prazskekancelare.com\/test\/wp-content\/uploads\/2015\/11\/praha-5-kancelar.jpg\",\"contentUrl\":\"https:\/\/www.prazskekancelare.com\/test\/wp-content\/uploads\/2015\/11\/praha-5-kancelar.jpg\",\"width\":1000,\"height\":617,\"caption\":\"City West Stod\\u016flky Praha 5\"},{\"@type\":\"WebPage\",\"@id\":\"https:\/\/www.prazskekancelare.com\/test\/kancelare-k-pronajmu\/pronajem-kancelari-city-west-stodulky-siemensova-praha-5\/#webpage\",\"url\":\"https:\/\/www.prazskekancelare.com\/test\/kancelare-k-pronajmu\/pronajem-kancelari-city-west-stodulky-siemensova-praha-5\/\",\"name\":\"CITY WEST kancel\\u00e1\\u0159e Siemensova Stod\\u016flky Praha 5 | 50 Kancel\\u00e1\\u0159\\u00ed \\u00ae\",\"isPartOf\":{\"@id\":\"https:\/\/www.prazskekancelare.com\/test\/#website\"},\"primaryImageOfPage\":{\"@id\":\"https:\/\/www.prazskekancelare.com\/test\/kancelare-k-pronajmu\/pronajem-kancelari-city-west-stodulky-siemensova-praha-5\/#primaryimage\"},\"datePublished\":\"2015-11-26T15:46:21+00:00\",\"dateModified\":\"2019-03-19T14:24:38+00:00\",\"description\":\"Popt\\u00e1vejte pron\\u00e1jem kancel\\u00e1\\u0159e City West Siemensova Stod\\u016flky Praha 5 | 500 kancel\\u00e1\\u0159\\u00ed k pron\\u00e1jmu v Praze | Nab\\u00eddky kancel\\u00e1\\u0159\\u00ed do 30 min Bez provize.\",\"breadcrumb\":{\"@id\":\"https:\/\/www.prazskekancelare.com\/test\/kancelare-k-pronajmu\/pronajem-kancelari-city-west-stodulky-siemensova-praha-5\/#breadcrumb\"},\"inLanguage\":\"cs\",\"potentialAction\":[{\"@type\":\"ReadAction\",\"target\":[\"https:\/\/www.prazskekancelare.com\/test\/kancelare-k-pronajmu\/pronajem-kancelari-city-west-stodulky-siemensova-praha-5\/\"]}]},{\"@type\":\"BreadcrumbList\",\"@id\":\"https:\/\/www.prazskekancelare.com\/test\/kancelare-k-pronajmu\/pronajem-kancelari-city-west-stodulky-siemensova-praha-5\/#breadcrumb\",\"itemListElement\":[{\"@type\":\"ListItem\",\"position\":1,\"item\":{\"@type\":\"WebPage\",\"@id\":\"https:\/\/www.prazskekancelare.com\/test\/\",\"url\":\"https:\/\/www.prazskekancelare.com\/test\/\",\"name\":\"Dom\\u016f\"}},{\"@type\":\"ListItem\",\"position\":2,\"item\":{\"@type\":\"WebPage\",\"@id\":\"https:\/\/www.prazskekancelare.com\/test\/kancelare-k-pronajmu\/\",\"url\":\"https:\/\/www.prazskekancelare.com\/test\/kancelare-k-pronajmu\/\",\"name\":\"Properties\"}},{\"@type\":\"ListItem\",\"position\":3,\"item\":{\"@id\":\"https:\/\/www.prazskekancelare.com\/test\/kancelare-k-pronajmu\/pronajem-kancelari-city-west-stodulky-siemensova-praha-5\/#webpage\"}}]}]}<\/script>\n<!-- \/ Yoast SEO plugin. -->","cmb2":{"property_general":{"property_id":"ANO","property_year_built":"","property_address":"Siemensova 4,\r\n150 00 Praha 5\r\n","property_zip":"","property_contract":"","property_gallery":"","property_plans":"","property_video":"","property_parent_property":""},"property_flags":{"property_featured":"","property_sticky":"","property_reduced":"","property_sold":""},"property_contact":{"property_contact_name":"","property_contact_phone":""},"property_pricing":{"property_price":"250","property_price_prefix":"od","property_price_suffix":"K\u010d\/m2","property_price_custom":""},"property_attributes":{"property_rooms":"NE","property_beds":"5","property_baths":"NE","property_garages":"NE \/ \u010d\u00e1ste\u010dn\u011b","property_home_area":"","property_lot_dimensions":"","property_lot_area":"20 m2 - 5000 m2"},"property_valuation":{"property_valuation_group":""},"property_public_facilities":{"property_public_facilities_group":""},"property_map_location":{"property_map_location":{"latitude":"50.0473053","longitude":"14.306149199999936"}},"property_relations":{"property_agents":["260"]}},"_links":{"self":[{"href":"https:\/\/www.prazskekancelare.com\/test\/wp-json\/wp\/v2\/property\/1333"}],"collection":[{"href":"https:\/\/www.prazskekancelare.com\/test\/wp-json\/wp\/v2\/property"}],"about":[{"href":"https:\/\/www.prazskekancelare.com\/test\/wp-json\/wp\/v2\/types\/property"}],"author":[{"embeddable":true,"href":"https:\/\/www.prazskekancelare.com\/test\/wp-json\/wp\/v2\/users\/1"}],"replies":[{"embeddable":true,"href":"https:\/\/www.prazskekancelare.com\/test\/wp-json\/wp\/v2\/comments?post=1333"}],"wp:featuredmedia":[{"embeddable":true,"href":"https:\/\/www.prazskekancelare.com\/test\/wp-json\/wp\/v2\/media\/1324"}],"wp:attachment":[{"href":"https:\/\/www.prazskekancelare.com\/test\/wp-json\/wp\/v2\/media?parent=1333"}],"curies":[{"name":"wp","href":"https:\/\/api.w.org\/{rel}","templated":true}]}}