{"id":1300,"date":"2015-11-22T11:08:26","date_gmt":"2015-11-22T10:08:26","guid":{"rendered":"https:\/\/www.prazskekancelare.com\/test\/?post_type=property&#038;p=1300"},"modified":"2019-03-19T16:24:36","modified_gmt":"2019-03-19T15:24:36","slug":"pronajem-kancelari-business-centrum-klamovka-plzenska-praha-5","status":"publish","type":"property","link":"https:\/\/www.prazskekancelare.com\/test\/kancelare-k-pronajmu\/pronajem-kancelari-business-centrum-klamovka-plzenska-praha-5\/","title":{"rendered":"Kancel\u00e1\u0159e BC KLAMOVKA Plze\u0148sk\u00e1 Praha 5"},"content":{"rendered":"\n\t<ul id=\"slideshowgallery2813\" class=\"slideshowgallery2813\" style=\"display:none;\">\n\t\t\t\t\t<!-- From all slides or gallery slides -->\n\t\t\t\t\t\t\t<li>\n\t\t\t\t\t<h3 style=\"opacity:70;\">kancelare klamovka plzenska ulice praha 5<\/h3>\n\t\t\t\t\t\t\t\t\t\t\t<span data-alt=\"kancelare-klamovka-plzenska-ulice-praha-5\">https:\/\/www.prazskekancelare.com\/test\/wp-content\/uploads\/2015\/11\/kancelare-klamovka-plzenska-ulice-praha-5.jpg<\/span>\n\t\t\t\t\t\t\t\t\t\t<p><\/p>\n\t\t\t\t\t\t\t\t\t\t\t\t\t\t\t\t\t\t<a><img class=\"skip-lazy\" src=\"https:\/\/www.prazskekancelare.com\/test\/wp-content\/uploads\/2015\/11\/kancelare-klamovka-plzenska-ulice-praha-5-400x300.jpg\" alt=\"kancelare-klamovka-plzenska-ulice-praha-5\" \/><\/a>\n\t\t\t\t\t\t\t\t\t\t\t\t\t\t\t<\/li>\n\t\t\t\t\t\t\t<li>\n\t\t\t\t\t<h3 style=\"opacity:70;\">pronajem na praze 5<\/h3>\n\t\t\t\t\t\t\t\t\t\t\t<span data-alt=\"pronajem-na-praze-5\">https:\/\/www.prazskekancelare.com\/test\/wp-content\/uploads\/2015\/11\/pronajem-na-praze-5.jpg<\/span>\n\t\t\t\t\t\t\t\t\t\t<p><\/p>\n\t\t\t\t\t\t\t\t\t\t\t\t\t\t\t\t\t\t<a><img class=\"skip-lazy\" src=\"https:\/\/www.prazskekancelare.com\/test\/wp-content\/uploads\/2015\/11\/pronajem-na-praze-5-400x300.jpg\" alt=\"pronajem-na-praze-5\" \/><\/a>\n\t\t\t\t\t\t\t\t\t\t\t\t\t\t\t<\/li>\n\t\t\t\t\t\t\t<li>\n\t\t\t\t\t<h3 style=\"opacity:70;\">pronajem kancelari plzenska<\/h3>\n\t\t\t\t\t\t\t\t\t\t\t<span data-alt=\"pronajem-kancelari-plzenska\">https:\/\/www.prazskekancelare.com\/test\/wp-content\/uploads\/2015\/11\/pronajem-kancelari-plzenska.jpg<\/span>\n\t\t\t\t\t\t\t\t\t\t<p><\/p>\n\t\t\t\t\t\t\t\t\t\t\t\t\t\t\t\t\t\t<a><img class=\"skip-lazy\" src=\"https:\/\/www.prazskekancelare.com\/test\/wp-content\/uploads\/2015\/11\/pronajem-kancelari-plzenska-400x300.jpg\" alt=\"pronajem-kancelari-plzenska\" \/><\/a>\n\t\t\t\t\t\t\t\t\t\t\t\t\t\t\t<\/li>\n\t\t\t\t\t\t\t<li>\n\t\t\t\t\t<h3 style=\"opacity:70;\">kancelare praha 5<\/h3>\n\t\t\t\t\t\t\t\t\t\t\t<span data-alt=\"kancelare-praha-5\">https:\/\/www.prazskekancelare.com\/test\/wp-content\/uploads\/2015\/11\/kancelare-praha-5.jpg<\/span>\n\t\t\t\t\t\t\t\t\t\t<p><\/p>\n\t\t\t\t\t\t\t\t\t\t\t\t\t\t\t\t\t\t<a><img class=\"skip-lazy\" src=\"https:\/\/www.prazskekancelare.com\/test\/wp-content\/uploads\/2015\/11\/kancelare-praha-5-400x300.jpg\" alt=\"kancelare-praha-5\" \/><\/a>\n\t\t\t\t\t\t\t\t\t\t\t\t\t\t\t<\/li>\n\t\t\t\t\t\t\t<li>\n\t\t\t\t\t<h3 style=\"opacity:70;\">kancelar k pronajmu praha 5<\/h3>\n\t\t\t\t\t\t\t\t\t\t\t<span data-alt=\"kancelar-k-pronajmu-praha-5\">https:\/\/www.prazskekancelare.com\/test\/wp-content\/uploads\/2015\/11\/kancelar-k-pronajmu-praha-5.jpg<\/span>\n\t\t\t\t\t\t\t\t\t\t<p><\/p>\n\t\t\t\t\t\t\t\t\t\t\t\t\t\t\t\t\t\t<a><img class=\"skip-lazy\" src=\"https:\/\/www.prazskekancelare.com\/test\/wp-content\/uploads\/2015\/11\/kancelar-k-pronajmu-praha-5-400x300.jpg\" alt=\"kancelar-k-pronajmu-praha-5\" \/><\/a>\n\t\t\t\t\t\t\t\t\t\t\t\t\t\t\t<\/li>\n\t\t\t\t\t\t<\/ul>\n\n\t\t<div id=\"slideshow-wrappergallery2813\" class=\"slideshow-wrapper\" style=\"--slideshow-width:640px\">\n\t\t\n\t\t<div class=\"slideshow-fullsize\" id=\"fullsizegallery2813\">\n\t\t\t\t\t\t\t\t\t\t\t\t\t\t<div id=\"imgprevgallery2813\" class=\"slideshow-imgprev imgnav\" title=\"Previous Image\">Previous Image<\/div>\n\t\t\t\t\t\t<a id=\"imglinkgallery2813\" class=\"slideshow-imglink imglink\">\n\t\t\t\t<!-- link -->\n\t\t\t<\/a>\n\t\t\t\t\t\t\t\t\t\t\t<div id=\"imgnextgallery2813\" class=\"slideshow-imgnext imgnav\" title=\"Next Image\">Next Image<\/div>\n\t\t\t\t\t\t<div id=\"imagegallery2813\" class=\"slideshow-image\"><\/div>\n\t\t\t<div class=\"slideshow-information infobottom\" id=\"informationgallery2813\">\n\t\t\t\t<h3 class=\"slideshow-info-heading\">info heading<\/h3>\n\t\t\t\t<p class=\"slideshow-info-content\">info content<\/p>\n\t\t\t<\/div>\n\t\t<\/div>\n\n\t\t\t\t\t<div id=\"thumbnailsgallery2813\" class=\"slideshow-thumbnails thumbsbot\">\n\t\t\t\t<div class=\"slideshow-slideleft\" id=\"slideleftgallery2813\" title=\"Slide Left\"><\/div>\n\t\t\t\t<div class=\"slideshow-slidearea\" id=\"slideareagallery2813\">\n\t\t\t\t\t<div class=\"slideshow-slider\" id=\"slidergallery2813\"><\/div>\n\t\t\t\t<\/div>\n\t\t\t\t<div class=\"slideshow-slideright\" id=\"sliderightgallery2813\" title=\"Slide Right\"><\/div>\n\t\t\t\t<br style=\"clear:both; visibility:hidden; height:1px;\" \/>\n\t\t\t<\/div>\n\t\t\t<\/div>\n\n\t\n<p>&nbsp;<\/p>\n<p>Nab\u00edz\u00edme pron\u00e1jem kancel\u00e1\u0159\u00ed na Praze 5 v atraktivn\u00edm designov\u00e9m <strong>kancel\u00e1\u0159sk\u00e9m centru Klamovka<\/strong> na Plze\u0148sk\u00e9 ul., konkr\u00e9tn\u011b doporu\u010dujeme kancel\u00e1\u0159 k pron\u00e1jmu na Plze\u0148sk\u00e9 ulici Praha s vlastn\u00ed jednac\u00ed m\u00edstnost\u00ed a skladem.<\/p>\n<p><span style=\"color: #0000ff;\"><strong>V nab\u00eddce jsou:<\/strong><\/span><\/p>\n<ol>\n<li><span style=\"color: #0000ff;\"><strong>malometr\u00e1\u017en\u00ed\u00a0<\/strong>kancel\u00e1\u0159e\u00a0do <strong>50 m2\u00a0<\/strong>nebo<\/span><\/li>\n<li><span style=\"color: #0000ff;\"><strong>velkometr\u00e1\u017en\u00ed\u00a0<\/strong>kancel\u00e1\u0159e typu open-space \/ flexibiln\u011b \u0159e\u0161en\u00e9 nad<strong>\u00a0100 m2\u00a0<\/strong><\/span><\/li>\n<\/ol>\n<p><span style=\"color: #0000ff;\"><strong>V nab\u00eddce m\u00e1me 500 kancel\u00e1\u0159\u00ed v\u00a0cel\u00e9 Praze<\/strong>. <\/span><\/p>\n<p><span style=\"color: #ff0000;\"><strong>N\u00e1\u0161 tip:<\/strong>\u00a0Za\u0161lete n\u00e1m rychl\u00fd\u00a0<strong><a style=\"color: #ff0000;\" href=\"\/poptavka-po-kancelarich-k-pronajmu\/\" target=\"_blank\">popt\u00e1vkov\u00fd formul\u00e1\u0159\u00a0<\/a><\/strong>a my V\u00e1m b\u011bhem 30 minut\u00a0p\u0159iprav\u00edme kompletn\u00ed nab\u00eddku dle Va\u0161ich specifikac\u00ed a bez provize.\u00a0T\u011b\u0161\u00edme se na spolupr\u00e1ci.<\/span><\/p>\n<h2>Popis kancel\u00e1\u0159e k pron\u00e1jmu v BC Klamovka na Plze\u0148sk\u00e9 ulici, Praha 5<\/h2>\n<p>Kancel\u00e1\u0159 k pron\u00e1jmu Praha 5 m\u00e1 samostatn\u00fd vstup z chr\u00e1n\u011bn\u00e9ho parkovi\u0161t\u011b, kter\u00e9 pat\u0159\u00ed k budov\u011b. Bezpe\u010dnostn\u00ed dve\u0159e, okna chr\u00e1n\u011bna m\u0159\u00ed\u017e\u00ed, toalety, sklad bez oken \u2013 zabezpe\u010den\u00ed alarmov\u00fdm syst\u00e9mem s 24 hodinov\u00fdm servisem. K dipozici jedno parkovac\u00ed m\u00edsto zdarma. Dal\u0161\u00ed parkovac\u00ed m\u00edsta mo\u017en\u00e1 za poplatek.<\/p>\n<h2>Kancel\u00e1\u0159sk\u00e1 budova, lokalita<\/h2>\n<p>Ve vstupn\u00ed hale je reprezentativn\u00ed recepce s cafeteri\u00ed. Integrovan\u00e1 pc s\u00ed\u0165 (optika), neomezen\u00e1 rychlost internetu (symetrick\u00e1 linka). Mo\u017enost pron\u00e1jmu jednac\u00ed m\u00edstnosti vybaven\u00e9 VOIP telefony pro konferen\u010dn\u00ed hovory, televizorem s napojen\u00edm na pc pomoc\u00ed HDMI kabelu, wifi.<br \/>\nV\u00fdborn\u00e1 lokalita na hlavn\u00ed t\u0159\u00edd\u011b, skv\u011bl\u00e1 dopravn\u00ed dostupnost.<\/p>\n<p>Vlastn\u00ed parkovi\u0161t\u011b.<\/p>\n<p>V bl\u00edzkosti po\u0161ta, restaurace, 5 minut tramvaj\u00ed k centru And\u011bl a metru.<\/p>\n<p>Mo\u017eno z\u0159\u00eddit s\u00eddlo spole\u010dnosti. Prostory lze pronajmout jak bez tak v\u010detn\u011b vybaven\u00ed.<\/p>\n<h2>Slu\u017eby kancel\u00e1\u0159\u00ed BC Klamovka v cen\u011b<\/h2>\n<ul>\n<li>ostraha kancel\u00e1\u0159\u00ed formou elektronick\u00e9ho zabezpe\u010dovac\u00edho syst\u00e9mu p\u0159ipojen\u00e9ho na pult centr\u00e1ln\u00ed ochrany, kter\u00fd zaji\u0161\u0165uje okam\u017eit\u00fd v\u00fdjezd z\u00e1sahov\u00e9 jednotky v p\u0159\u00edpad\u011b naru\u0161en\u00ed objektu<\/li>\n<li>elektronick\u00fd po\u017e\u00e1rn\u00ed syst\u00e9m<\/li>\n<li>recepce &#8211; ohla\u0161ov\u00e1n\u00ed n\u00e1v\u0161t\u011bv<\/li>\n<li>p\u0159epojov\u00e1n\u00ed telefonick\u00fdch hovor\u016f<\/li>\n<li>po\u0161tovn\u00ed slu\u017eby tj. p\u0159eb\u00edr\u00e1n\u00ed a t\u0159\u00edd\u011bn\u00ed do\u0161l\u00e9 po\u0161ty klient\u016fm<\/li>\n<li>\u00fadr\u017eba a provoz kotelny, ostatn\u00ed \u00fadr\u017eba<\/li>\n<\/ul>\n<h2>Provize za kancel\u00e1\u0159e na Plze\u0148sk\u00e9<\/h2>\n<p>Ve\u0161ker\u00e9 slu\u017eby na\u0161\u00ed spole\u010dnosti a jej\u00edch makl\u00e9\u0159\u016f jsou bez provize.<\/p>\n<h2>Jak poptat kancel\u00e1\u0159?<\/h2>\n<p>Pro zasl\u00e1n\u00ed kompletn\u00ed nab\u00eddky s aktu\u00e1ln\u011b dostupn\u00fdmi kancel\u00e1\u0159emi k pron\u00e1jmu Praha 5 Plze\u0148sk\u00e1 ulice,\u00a0n\u00e1s pros\u00edm nev\u00e1hejte kdykoli kontaktovat.<\/p>\n<p>Rychl\u00fd popt\u00e1vkov\u00fd formul\u00e1\u0159 najdete na konci textu\u00a0a makl\u00e9\u0159e zodpov\u011bdn\u00e9ho za nemovitosti v prav\u00e9m sloupci.<br \/>\ne-mail:\u00a0<strong><a href=\"mailto:info@prazskekancelare.cz\">info@prazskekancelare.cz<\/a><\/strong>\u00a0\/\u00a0telefon: <strong><span style=\"color: #ff0000;\">+420 773 295 925, +420 723 984 360<\/span><\/strong><\/p>\n<h2>v\u00edce informac\u00ed o BC Klamovka:<\/h2>\n","protected":false},"author":1,"featured_media":1296,"comment_status":"closed","ping_status":"closed","template":"","yoast_head":"<!-- This site is optimized with the Yoast SEO plugin v16.4 - https:\/\/yoast.com\/wordpress\/plugins\/seo\/ -->\n<title>BUSINESS CENTRUM KLAMOVKA \u00ae | kancel\u00e1\u0159e Plze\u0148sk\u00e1 Praha 5<\/title>\n<meta name=\"description\" content=\"Popt\u00e1vejte pron\u00e1jem kancel\u00e1\u0159e Business Centrum Klamovka Plze\u0148sk\u00e1 Praha 5 | 500 kancel\u00e1\u0159\u00ed k pron\u00e1jmu v Praze | Nab\u00eddky kancel\u00e1\u0159\u00ed Bez provize.\" \/>\n<meta name=\"robots\" content=\"noindex, follow, max-snippet:-1, max-image-preview:large, max-video-preview:-1\" \/>\n<meta property=\"og:locale\" content=\"cs_CZ\" \/>\n<meta property=\"og:type\" content=\"article\" \/>\n<meta property=\"og:title\" content=\"BUSINESS CENTRUM KLAMOVKA \u00ae | kancel\u00e1\u0159e Plze\u0148sk\u00e1 Praha 5\" \/>\n<meta property=\"og:description\" content=\"Popt\u00e1vejte pron\u00e1jem kancel\u00e1\u0159e Business Centrum Klamovka Plze\u0148sk\u00e1 Praha 5 | 500 kancel\u00e1\u0159\u00ed k pron\u00e1jmu v Praze | Nab\u00eddky kancel\u00e1\u0159\u00ed Bez provize.\" \/>\n<meta property=\"og:url\" content=\"https:\/\/www.prazskekancelare.com\/test\/kancelare-k-pronajmu\/pronajem-kancelari-business-centrum-klamovka-plzenska-praha-5\/\" \/>\n<meta property=\"og:site_name\" content=\"TEST - Pron\u00e1jem kancel\u00e1\u0159e Praha\" \/>\n<meta property=\"article:modified_time\" content=\"2019-03-19T15:24:36+00:00\" \/>\n<meta property=\"og:image\" content=\"https:\/\/www.prazskekancelare.com\/test\/wp-content\/uploads\/2015\/11\/pronajem-kancelari-plzenska.jpg\" \/>\n\t<meta property=\"og:image:width\" content=\"1000\" \/>\n\t<meta property=\"og:image:height\" content=\"732\" \/>\n<meta name=\"twitter:card\" content=\"summary\" \/>\n<meta name=\"twitter:label1\" content=\"Odhadovan\u00e1 doba \u010dten\u00ed\" \/>\n\t<meta name=\"twitter:data1\" content=\"2 minuty\" \/>\n<script type=\"application\/ld+json\" class=\"yoast-schema-graph\">{\"@context\":\"https:\/\/schema.org\",\"@graph\":[{\"@type\":\"Organization\",\"@id\":\"https:\/\/www.prazskekancelare.com\/test\/#organization\",\"name\":\"Pron\\u00e1jem kancel\\u00e1\\u0159e Praha\",\"url\":\"https:\/\/www.prazskekancelare.com\/test\/\",\"sameAs\":[],\"logo\":{\"@type\":\"ImageObject\",\"@id\":\"https:\/\/www.prazskekancelare.com\/test\/#logo\",\"inLanguage\":\"cs\",\"url\":\"https:\/\/www.prazskekancelare.com\/test\/wp-content\/uploads\/2018\/05\/prazske-kancelare-com-logo.png\",\"contentUrl\":\"https:\/\/www.prazskekancelare.com\/test\/wp-content\/uploads\/2018\/05\/prazske-kancelare-com-logo.png\",\"width\":242,\"height\":59,\"caption\":\"Pron\\u00e1jem kancel\\u00e1\\u0159e Praha\"},\"image\":{\"@id\":\"https:\/\/www.prazskekancelare.com\/test\/#logo\"}},{\"@type\":\"WebSite\",\"@id\":\"https:\/\/www.prazskekancelare.com\/test\/#website\",\"url\":\"https:\/\/www.prazskekancelare.com\/test\/\",\"name\":\"TEST - Pron\\u00e1jem kancel\\u00e1\\u0159e Praha\",\"description\":\"Pron\\u00e1jem kancel\\u00e1\\u0159e Praha a Kancelare Praha\",\"publisher\":{\"@id\":\"https:\/\/www.prazskekancelare.com\/test\/#organization\"},\"potentialAction\":[{\"@type\":\"SearchAction\",\"target\":\"https:\/\/www.prazskekancelare.com\/test\/?s={search_term_string}\",\"query-input\":\"required name=search_term_string\"}],\"inLanguage\":\"cs\"},{\"@type\":\"ImageObject\",\"@id\":\"https:\/\/www.prazskekancelare.com\/test\/kancelare-k-pronajmu\/pronajem-kancelari-business-centrum-klamovka-plzenska-praha-5\/#primaryimage\",\"inLanguage\":\"cs\",\"url\":\"https:\/\/www.prazskekancelare.com\/test\/wp-content\/uploads\/2015\/11\/pronajem-kancelari-plzenska.jpg\",\"contentUrl\":\"https:\/\/www.prazskekancelare.com\/test\/wp-content\/uploads\/2015\/11\/pronajem-kancelari-plzenska.jpg\",\"width\":1000,\"height\":732,\"caption\":\"kancel\\u00e1\\u0159e Plze\\u0148sk\\u00e1 Praha 5\"},{\"@type\":\"WebPage\",\"@id\":\"https:\/\/www.prazskekancelare.com\/test\/kancelare-k-pronajmu\/pronajem-kancelari-business-centrum-klamovka-plzenska-praha-5\/#webpage\",\"url\":\"https:\/\/www.prazskekancelare.com\/test\/kancelare-k-pronajmu\/pronajem-kancelari-business-centrum-klamovka-plzenska-praha-5\/\",\"name\":\"BUSINESS CENTRUM KLAMOVKA \\u00ae | kancel\\u00e1\\u0159e Plze\\u0148sk\\u00e1 Praha 5\",\"isPartOf\":{\"@id\":\"https:\/\/www.prazskekancelare.com\/test\/#website\"},\"primaryImageOfPage\":{\"@id\":\"https:\/\/www.prazskekancelare.com\/test\/kancelare-k-pronajmu\/pronajem-kancelari-business-centrum-klamovka-plzenska-praha-5\/#primaryimage\"},\"datePublished\":\"2015-11-22T10:08:26+00:00\",\"dateModified\":\"2019-03-19T15:24:36+00:00\",\"description\":\"Popt\\u00e1vejte pron\\u00e1jem kancel\\u00e1\\u0159e Business Centrum Klamovka Plze\\u0148sk\\u00e1 Praha 5 | 500 kancel\\u00e1\\u0159\\u00ed k pron\\u00e1jmu v Praze | Nab\\u00eddky kancel\\u00e1\\u0159\\u00ed Bez provize.\",\"breadcrumb\":{\"@id\":\"https:\/\/www.prazskekancelare.com\/test\/kancelare-k-pronajmu\/pronajem-kancelari-business-centrum-klamovka-plzenska-praha-5\/#breadcrumb\"},\"inLanguage\":\"cs\",\"potentialAction\":[{\"@type\":\"ReadAction\",\"target\":[\"https:\/\/www.prazskekancelare.com\/test\/kancelare-k-pronajmu\/pronajem-kancelari-business-centrum-klamovka-plzenska-praha-5\/\"]}]},{\"@type\":\"BreadcrumbList\",\"@id\":\"https:\/\/www.prazskekancelare.com\/test\/kancelare-k-pronajmu\/pronajem-kancelari-business-centrum-klamovka-plzenska-praha-5\/#breadcrumb\",\"itemListElement\":[{\"@type\":\"ListItem\",\"position\":1,\"item\":{\"@type\":\"WebPage\",\"@id\":\"https:\/\/www.prazskekancelare.com\/test\/\",\"url\":\"https:\/\/www.prazskekancelare.com\/test\/\",\"name\":\"Dom\\u016f\"}},{\"@type\":\"ListItem\",\"position\":2,\"item\":{\"@type\":\"WebPage\",\"@id\":\"https:\/\/www.prazskekancelare.com\/test\/kancelare-k-pronajmu\/\",\"url\":\"https:\/\/www.prazskekancelare.com\/test\/kancelare-k-pronajmu\/\",\"name\":\"Properties\"}},{\"@type\":\"ListItem\",\"position\":3,\"item\":{\"@id\":\"https:\/\/www.prazskekancelare.com\/test\/kancelare-k-pronajmu\/pronajem-kancelari-business-centrum-klamovka-plzenska-praha-5\/#webpage\"}}]}]}<\/script>\n<!-- \/ Yoast SEO plugin. -->","cmb2":{"property_general":{"property_id":"ANO","property_year_built":"","property_address":"Plze\u0148sk\u00e1 113\/155, \r\n150 00 Praha 5\r\n","property_zip":"","property_contract":"","property_gallery":"","property_plans":"","property_video":"","property_parent_property":""},"property_flags":{"property_featured":"","property_sticky":"","property_reduced":"","property_sold":""},"property_contact":{"property_contact_name":"","property_contact_phone":""},"property_pricing":{"property_price":"150","property_price_prefix":"od","property_price_suffix":"K\u010d\/m2","property_price_custom":""},"property_attributes":{"property_rooms":"NE","property_beds":"4","property_baths":"NE","property_garages":"ANO \/ NE \/ \u010d\u00e1ste\u010dn\u011b","property_home_area":"","property_lot_dimensions":"","property_lot_area":"15 m2 - 500 m2"},"property_valuation":{"property_valuation_group":""},"property_public_facilities":{"property_public_facilities_group":""},"property_map_location":{"property_map_location":{"latitude":"50.0708815","longitude":"14.38224420000006"}},"property_relations":{"property_agents":["260"]}},"_links":{"self":[{"href":"https:\/\/www.prazskekancelare.com\/test\/wp-json\/wp\/v2\/property\/1300"}],"collection":[{"href":"https:\/\/www.prazskekancelare.com\/test\/wp-json\/wp\/v2\/property"}],"about":[{"href":"https:\/\/www.prazskekancelare.com\/test\/wp-json\/wp\/v2\/types\/property"}],"author":[{"embeddable":true,"href":"https:\/\/www.prazskekancelare.com\/test\/wp-json\/wp\/v2\/users\/1"}],"replies":[{"embeddable":true,"href":"https:\/\/www.prazskekancelare.com\/test\/wp-json\/wp\/v2\/comments?post=1300"}],"wp:featuredmedia":[{"embeddable":true,"href":"https:\/\/www.prazskekancelare.com\/test\/wp-json\/wp\/v2\/media\/1296"}],"wp:attachment":[{"href":"https:\/\/www.prazskekancelare.com\/test\/wp-json\/wp\/v2\/media?parent=1300"}],"curies":[{"name":"wp","href":"https:\/\/api.w.org\/{rel}","templated":true}]}}