{"id":1292,"date":"2018-04-22T17:40:40","date_gmt":"2018-04-22T15:40:40","guid":{"rendered":"https:\/\/www.prazskekancelare.com\/test\/?post_type=property&#038;p=1292"},"modified":"2019-11-01T17:51:50","modified_gmt":"2019-11-01T16:51:50","slug":"pronajem-kancelari-pankracke-namesti-praha-4","status":"publish","type":"property","link":"https:\/\/www.prazskekancelare.com\/test\/kancelare-k-pronajmu\/pronajem-kancelari-pankracke-namesti-praha-4\/","title":{"rendered":"Kancel\u00e1\u0159e Pankr\u00e1ck\u00e9 n\u00e1m\u011bst\u00ed Praha 4 <span style=\"color: #ff0000;\">n\u00e1\u0161 tip<\/span>"},"content":{"rendered":"\n\t<ul id=\"slideshowgallery27697\" class=\"slideshowgallery27697\" style=\"display:none;\">\n\t\t\t\t\t<!-- From all slides or gallery slides -->\n\t\t\t\t\t\t\t<li>\n\t\t\t\t\t<h3 style=\"opacity:70;\">zasedaci mistnosti praha 4<\/h3>\n\t\t\t\t\t\t\t\t\t\t\t<span data-alt=\"zasedaci-mistnosti-praha-4\">https:\/\/www.prazskekancelare.com\/test\/wp-content\/uploads\/2015\/11\/zasedaci-mistnosti-praha-4.jpg<\/span>\n\t\t\t\t\t\t\t\t\t\t<p><\/p>\n\t\t\t\t\t\t\t\t\t\t\t\t\t\t\t\t\t\t<a><img class=\"skip-lazy\" src=\"https:\/\/www.prazskekancelare.com\/test\/wp-content\/uploads\/2015\/11\/zasedaci-mistnosti-praha-4-400x300.jpg\" alt=\"zasedaci-mistnosti-praha-4\" \/><\/a>\n\t\t\t\t\t\t\t\t\t\t\t\t\t\t\t<\/li>\n\t\t\t\t\t\t\t<li>\n\t\t\t\t\t<h3 style=\"opacity:70;\">kancelar<\/h3>\n\t\t\t\t\t\t\t\t\t\t\t<span data-alt=\"kancelar\">https:\/\/www.prazskekancelare.com\/test\/wp-content\/uploads\/2015\/11\/kancelar.jpg<\/span>\n\t\t\t\t\t\t\t\t\t\t<p><\/p>\n\t\t\t\t\t\t\t\t\t\t\t\t\t\t\t\t\t\t<a><img class=\"skip-lazy\" src=\"https:\/\/www.prazskekancelare.com\/test\/wp-content\/uploads\/2015\/11\/kancelar-400x300.jpg\" alt=\"kancelar\" \/><\/a>\n\t\t\t\t\t\t\t\t\t\t\t\t\t\t\t<\/li>\n\t\t\t\t\t\t\t<li>\n\t\t\t\t\t<h3 style=\"opacity:70;\">kancelare na praze 4 k pronajmu<\/h3>\n\t\t\t\t\t\t\t\t\t\t\t<span data-alt=\"kancelare-na-praze-4-k-pronajmu\">https:\/\/www.prazskekancelare.com\/test\/wp-content\/uploads\/2015\/11\/kancelare-na-praze-4-k-pronajmu.jpg<\/span>\n\t\t\t\t\t\t\t\t\t\t<p><\/p>\n\t\t\t\t\t\t\t\t\t\t\t\t\t\t\t\t\t\t<a><img class=\"skip-lazy\" src=\"https:\/\/www.prazskekancelare.com\/test\/wp-content\/uploads\/2015\/11\/kancelare-na-praze-4-k-pronajmu-400x300.jpg\" alt=\"kancelare-na-praze-4-k-pronajmu\" \/><\/a>\n\t\t\t\t\t\t\t\t\t\t\t\t\t\t\t<\/li>\n\t\t\t\t\t\t\t<li>\n\t\t\t\t\t<h3 style=\"opacity:70;\">kancelare na praze 4<\/h3>\n\t\t\t\t\t\t\t\t\t\t\t<span data-alt=\"kancelare-na-praze-4\">https:\/\/www.prazskekancelare.com\/test\/wp-content\/uploads\/2015\/11\/kancelare-na-praze-4.jpg<\/span>\n\t\t\t\t\t\t\t\t\t\t<p><\/p>\n\t\t\t\t\t\t\t\t\t\t\t\t\t\t\t\t\t\t<a><img class=\"skip-lazy\" src=\"https:\/\/www.prazskekancelare.com\/test\/wp-content\/uploads\/2015\/11\/kancelare-na-praze-4-400x300.jpg\" alt=\"kancelare-na-praze-4\" \/><\/a>\n\t\t\t\t\t\t\t\t\t\t\t\t\t\t\t<\/li>\n\t\t\t\t\t\t\t<li>\n\t\t\t\t\t<h3 style=\"opacity:70;\">kancelare praha 4<\/h3>\n\t\t\t\t\t\t\t\t\t\t\t<span data-alt=\"kancelare-praha-4\">https:\/\/www.prazskekancelare.com\/test\/wp-content\/uploads\/2015\/11\/kancelare-praha-4.jpg<\/span>\n\t\t\t\t\t\t\t\t\t\t<p><\/p>\n\t\t\t\t\t\t\t\t\t\t\t\t\t\t\t\t\t\t<a><img class=\"skip-lazy\" src=\"https:\/\/www.prazskekancelare.com\/test\/wp-content\/uploads\/2015\/11\/kancelare-praha-4-400x300.jpg\" alt=\"kancelare-praha-4\" \/><\/a>\n\t\t\t\t\t\t\t\t\t\t\t\t\t\t\t<\/li>\n\t\t\t\t\t\t\t<li>\n\t\t\t\t\t<h3 style=\"opacity:70;\">kancelare<\/h3>\n\t\t\t\t\t\t\t\t\t\t\t<span data-alt=\"kancelare\">https:\/\/www.prazskekancelare.com\/test\/wp-content\/uploads\/2015\/11\/kancelare.jpg<\/span>\n\t\t\t\t\t\t\t\t\t\t<p><\/p>\n\t\t\t\t\t\t\t\t\t\t\t\t\t\t\t\t\t\t<a><img class=\"skip-lazy\" src=\"https:\/\/www.prazskekancelare.com\/test\/wp-content\/uploads\/2015\/11\/kancelare-400x300.jpg\" alt=\"kancelare\" \/><\/a>\n\t\t\t\t\t\t\t\t\t\t\t\t\t\t\t<\/li>\n\t\t\t\t\t\t\t<li>\n\t\t\t\t\t<h3 style=\"opacity:70;\">praha 4 kancelare k pronajmu<\/h3>\n\t\t\t\t\t\t\t\t\t\t\t<span data-alt=\"praha-4-kancelare-k-pronajmu\">https:\/\/www.prazskekancelare.com\/test\/wp-content\/uploads\/2015\/11\/praha-4-kancelare-k-pronajmu1.jpg<\/span>\n\t\t\t\t\t\t\t\t\t\t<p><\/p>\n\t\t\t\t\t\t\t\t\t\t\t\t\t\t\t\t\t\t<a><img class=\"skip-lazy\" src=\"https:\/\/www.prazskekancelare.com\/test\/wp-content\/uploads\/2015\/11\/praha-4-kancelare-k-pronajmu1-400x300.jpg\" alt=\"praha-4-kancelare-k-pronajmu\" \/><\/a>\n\t\t\t\t\t\t\t\t\t\t\t\t\t\t\t<\/li>\n\t\t\t\t\t\t\t<li>\n\t\t\t\t\t<h3 style=\"opacity:70;\">praha pronajem kancelare<\/h3>\n\t\t\t\t\t\t\t\t\t\t\t<span data-alt=\"praha-pronajem-kancelare\">https:\/\/www.prazskekancelare.com\/test\/wp-content\/uploads\/2015\/11\/praha-pronajem-kancelare.jpg<\/span>\n\t\t\t\t\t\t\t\t\t\t<p><\/p>\n\t\t\t\t\t\t\t\t\t\t\t\t\t\t\t\t\t\t<a><img class=\"skip-lazy\" src=\"https:\/\/www.prazskekancelare.com\/test\/wp-content\/uploads\/2015\/11\/praha-pronajem-kancelare-400x300.jpg\" alt=\"praha-pronajem-kancelare\" \/><\/a>\n\t\t\t\t\t\t\t\t\t\t\t\t\t\t\t<\/li>\n\t\t\t\t\t\t\t<li>\n\t\t\t\t\t<h3 style=\"opacity:70;\">pronajem kancelare na P4<\/h3>\n\t\t\t\t\t\t\t\t\t\t\t<span data-alt=\"pronajem-kancelare-na-p4\">https:\/\/www.prazskekancelare.com\/test\/wp-content\/uploads\/2015\/11\/pronajem-kancelare-na-p4.jpg<\/span>\n\t\t\t\t\t\t\t\t\t\t<p><\/p>\n\t\t\t\t\t\t\t\t\t\t\t\t\t\t\t\t\t\t<a><img class=\"skip-lazy\" src=\"https:\/\/www.prazskekancelare.com\/test\/wp-content\/uploads\/2015\/11\/pronajem-kancelare-na-p4-400x300.jpg\" alt=\"pronajem-kancelare-na-p4\" \/><\/a>\n\t\t\t\t\t\t\t\t\t\t\t\t\t\t\t<\/li>\n\t\t\t\t\t\t\t<li>\n\t\t\t\t\t<h3 style=\"opacity:70;\">pronajem kanclu praha 4<\/h3>\n\t\t\t\t\t\t\t\t\t\t\t<span data-alt=\"pronajem-kanclu-praha-4\">https:\/\/www.prazskekancelare.com\/test\/wp-content\/uploads\/2015\/11\/pronajem-kanclu-praha-4.jpg<\/span>\n\t\t\t\t\t\t\t\t\t\t<p><\/p>\n\t\t\t\t\t\t\t\t\t\t\t\t\t\t\t\t\t\t<a><img class=\"skip-lazy\" src=\"https:\/\/www.prazskekancelare.com\/test\/wp-content\/uploads\/2015\/11\/pronajem-kanclu-praha-4-400x300.jpg\" alt=\"pronajem-kanclu-praha-4\" \/><\/a>\n\t\t\t\t\t\t\t\t\t\t\t\t\t\t\t<\/li>\n\t\t\t\t\t\t\t<li>\n\t\t\t\t\t<h3 style=\"opacity:70;\">pronajem praha 4<\/h3>\n\t\t\t\t\t\t\t\t\t\t\t<span data-alt=\"pronajem-praha-4\">https:\/\/www.prazskekancelare.com\/test\/wp-content\/uploads\/2015\/11\/pronajem-praha-4.jpg<\/span>\n\t\t\t\t\t\t\t\t\t\t<p><\/p>\n\t\t\t\t\t\t\t\t\t\t\t\t\t\t\t\t\t\t<a><img class=\"skip-lazy\" src=\"https:\/\/www.prazskekancelare.com\/test\/wp-content\/uploads\/2015\/11\/pronajem-praha-4-400x300.jpg\" alt=\"pronajem-praha-4\" \/><\/a>\n\t\t\t\t\t\t\t\t\t\t\t\t\t\t\t<\/li>\n\t\t\t\t\t\t\t<li>\n\t\t\t\t\t<h3 style=\"opacity:70;\">kancelar na ctyrce pronajem<\/h3>\n\t\t\t\t\t\t\t\t\t\t\t<span data-alt=\"kancelar-na-ctyrce-pronajem\">https:\/\/www.prazskekancelare.com\/test\/wp-content\/uploads\/2015\/11\/kancelar-na-ctyrce-pronajem.jpg<\/span>\n\t\t\t\t\t\t\t\t\t\t<p><\/p>\n\t\t\t\t\t\t\t\t\t\t\t\t\t\t\t\t\t\t<a><img class=\"skip-lazy\" src=\"https:\/\/www.prazskekancelare.com\/test\/wp-content\/uploads\/2015\/11\/kancelar-na-ctyrce-pronajem-400x300.jpg\" alt=\"kancelar-na-ctyrce-pronajem\" \/><\/a>\n\t\t\t\t\t\t\t\t\t\t\t\t\t\t\t<\/li>\n\t\t\t\t\t\t<\/ul>\n\n\t\t<div id=\"slideshow-wrappergallery27697\" class=\"slideshow-wrapper\" style=\"--slideshow-width:1452px\">\n\t\t\n\t\t<div class=\"slideshow-fullsize\" id=\"fullsizegallery27697\">\n\t\t\t\t\t\t\t\t\t\t\t\t\t\t<div id=\"imgprevgallery27697\" class=\"slideshow-imgprev imgnav\" title=\"Previous Image\">Previous Image<\/div>\n\t\t\t\t\t\t<a id=\"imglinkgallery27697\" class=\"slideshow-imglink imglink\">\n\t\t\t\t<!-- link -->\n\t\t\t<\/a>\n\t\t\t\t\t\t\t\t\t\t\t<div id=\"imgnextgallery27697\" class=\"slideshow-imgnext imgnav\" title=\"Next Image\">Next Image<\/div>\n\t\t\t\t\t\t<div id=\"imagegallery27697\" class=\"slideshow-image\"><\/div>\n\t\t\t<div class=\"slideshow-information infobottom\" id=\"informationgallery27697\">\n\t\t\t\t<h3 class=\"slideshow-info-heading\">info heading<\/h3>\n\t\t\t\t<p class=\"slideshow-info-content\">info content<\/p>\n\t\t\t<\/div>\n\t\t<\/div>\n\n\t\t\t\t\t<div id=\"thumbnailsgallery27697\" class=\"slideshow-thumbnails thumbsbot\">\n\t\t\t\t<div class=\"slideshow-slideleft\" id=\"slideleftgallery27697\" title=\"Slide Left\"><\/div>\n\t\t\t\t<div class=\"slideshow-slidearea\" id=\"slideareagallery27697\">\n\t\t\t\t\t<div class=\"slideshow-slider\" id=\"slidergallery27697\"><\/div>\n\t\t\t\t<\/div>\n\t\t\t\t<div class=\"slideshow-slideright\" id=\"sliderightgallery27697\" title=\"Slide Right\"><\/div>\n\t\t\t\t<br style=\"clear:both; visibility:hidden; height:1px;\" \/>\n\t\t\t<\/div>\n\t\t\t<\/div>\n\n\t\n<p>&nbsp;<\/p>\n<p>Up\u0159\u00edmn\u011b doporu\u010dujeme pron\u00e1jem <strong>kancel\u00e1\u0159\u00ed Pankr\u00e1ck\u00e9 n\u00e1m\u011bst\u00ed<\/strong> \u2705 ihned vedle Vy\u0161ehradu. Jde o nov\u011b zrekonstruovan\u00e9, v\u00fdborn\u011b situovan\u00e9 a cenov\u011b dostupn\u00e9 kancel\u00e1\u0159sk\u00e9 budov\u011b\u00a0v centru Prahy 4 ihned na metru Vy\u0161ehrad. Atraktivn\u00ed lokalita Pankr\u00e1ce \u2013 Vy\u0161ehradu nab\u00edz\u00ed skv\u011blou dopravn\u00ed dostupnost (metro C &#8211; Pra\u017esk\u00e9ho Povst\u00e1n\u00ed a Vy\u0161ehrad) a nav\u00edc bl\u00edzkost centra a okoln\u00ed ob\u010dansk\u00e1 vybavenost vytv\u00e1\u0159ej\u00ed ide\u00e1ln\u00ed prost\u0159ed\u00ed pro Va\u0161i budouc\u00ed kancel\u00e1\u0159.<br \/>\nCelkov\u00fd pron\u00e1jem kancel\u00e1\u0159\u00ed Vy\u0161ehrad poskytuje cca 5.800 \u010dtvere\u010dn\u00edch metr\u016f opravdu kr\u00e1sn\u011b zrekonstruovan\u00fdch a v\u00fdborn\u011b \u010dlen\u011bn\u00fdch prostor k pron\u00e1jmu, kter\u00e9 se daj\u00ed \u010dlenit p\u0159\u00ed\u010dkami dle p\u0159\u00e1n\u00ed klienta. Tyto kancel\u00e1\u0159e k pron\u00e1jmu opravdu stoj\u00ed za prohl\u00eddku.<\/p>\n<h2>Budova kancel\u00e1\u0159\u00ed na Pankr\u00e1ck\u00e9m n\u00e1m\u011bst\u00ed<\/h2>\n<p>V administrativn\u00ed budov\u011b m\u016f\u017eete naj\u00edt pron\u00e1jem kancel\u00e1\u0159e Praha 4 od 12 m2 do 700 m2. Mezi slu\u017eby business centra pat\u0159\u00ed nap\u0159\u00edklad ostraha, recepce, j\u00eddelna, skladov\u00e9 prostory, parkovac\u00ed a gar\u00e1\u017eov\u00e1 st\u00e1n\u00ed, mo\u017enost vyu\u017eit\u00ed zasedac\u00ed m\u00edstnosti, internetu a centr\u00e1ln\u00edho chlazen\u00ed. up\u0159\u00edmn\u011b doporu\u010dujeme\u00a0pr\u016fchoz\u00ed i nepr\u016fchoz\u00ed kancel\u00e1\u0159 k pron\u00e1jmu &#8211; mo\u017enost \u201eopen-space\u201c dle podm\u00ednek n\u00e1jmu mo\u017en\u00e9 zabudovat klimatiza\u010dn\u00ed jednotky<\/p>\n<h2>V\u00fdhody kancel\u00e1\u0159\u00ed k pron\u00e1jmu na Vy\u0161ehrad\u011b<\/h2>\n<ul>\n<li>v\u00fdborn\u00e1 cena a super kvalita<\/li>\n<li>centr\u00e1ln\u00ed recepce<\/li>\n<li>metro ihned u budovy<\/li>\n<li>ob\u010dansk\u00e1 vybavenost okol\u00ed (restaurace, po\u0161ta, n\u00e1kupn\u00ed st\u0159edisko,\u2026apod.)<\/li>\n<li>po\u0161tovn\u00ed podatelna<\/li>\n<li>dobr\u00e9 parkovac\u00ed mo\u017enosti pro n\u00e1jemn\u00edky kancel\u00e1\u0159\u00ed<\/li>\n<\/ul>\n<h2>Slu\u017eby v kancel\u00e1\u0159sk\u00e9 budov\u011b na Vy\u0161ehrad\u011b<\/h2>\n<ul>\n<li>Recepce a ostraha 24\/7<\/li>\n<li>Parkov\u00e1n\u00ed pro n\u00e1v\u0161t\u011bvy<\/li>\n<li>\u010ci\u0161t\u011bn\u00ed od\u011bv\u016f &#8211; v\u00edce informac\u00ed zde<\/li>\n<li>Podatelna<\/li>\n<\/ul>\n<h2>P\u0159\u00edklady kancel\u00e1\u0159\u00ed na Pankr\u00e1ci a jejich ceny<\/h2>\n<p><span style=\"color: #ff0000;\"><em>(uv\u00e1d\u00edme jen n\u011bkolik z aktu\u00e1ln\u011b voln\u00fdch kancel\u00e1\u0159\u00ed pro p\u0159edstavu)<\/em><\/span><\/p>\n<p><span style=\"color: #ff0000;\"><strong>Patro \u2013 Plocha &#8211; Cena za m2\/m\u011bs\u00edc &#8211; K dispozici<\/strong><\/span><\/p>\n<table style=\"height: 350px;\" width=\"308\">\n<tbody>\n<tr>\n<td width=\"66\">3.NP<\/td>\n<td width=\"66\">25 m2<\/td>\n<td width=\"89\">290 K\u010d\/m2<\/td>\n<td width=\"70\">ihned<\/td>\n<\/tr>\n<tr>\n<td>3.NP<\/td>\n<td>32 m2<\/td>\n<td>300 K\u010d\/m2<\/td>\n<td>ihned<\/td>\n<\/tr>\n<tr>\n<td>2.NP<\/td>\n<td>35 m2<\/td>\n<td>310 K\u010d\/m2<\/td>\n<td>ihned<\/td>\n<\/tr>\n<tr>\n<td>1.NP<\/td>\n<td>61 m2<\/td>\n<td>290 K\u010d\/m2<\/td>\n<td>ihned<\/td>\n<\/tr>\n<tr>\n<td>4.NP<\/td>\n<td>120 m2<\/td>\n<td>300 K\u010d\/m2<\/td>\n<td>ihned<\/td>\n<\/tr>\n<tr>\n<td>4.NP<\/td>\n<td>349 m2<\/td>\n<td>310 K\u010d\/m2<\/td>\n<td>ihned<\/td>\n<\/tr>\n<tr>\n<td>3.NP<\/td>\n<td>250 m2<\/td>\n<td>310 K\u010d\/m2<\/td>\n<td>ihned<\/td>\n<\/tr>\n<tr>\n<td>3.NP<\/td>\n<td>520m2<\/td>\n<td>310 K\u010d\/m2<\/td>\n<td>ihned<\/td>\n<\/tr>\n<tr>\n<td>3.NP<\/td>\n<td>1250 m2<\/td>\n<td>310 K\u010d\/m2<\/td>\n<td>ihned<\/td>\n<\/tr>\n<tr>\n<td>4.NP<\/td>\n<td>750 m2<\/td>\n<td>310 K\u010d\/m2<\/td>\n<td>ihned<\/td>\n<\/tr>\n<\/tbody>\n<\/table>\n<p><span style=\"color: #ff0000;\"><em>&#8230; a mnoho dal\u0161\u00edch.<\/em><\/span><\/p>\n<h2>Provize<\/h2>\n<p>Ve\u0161ker\u00e9 slu\u017eby na\u0161\u00ed spole\u010dnosti a jej\u00edch makl\u00e9\u0159\u016f jsou bez provize.<\/p>\n<h2>Jak poptat kancel\u00e1\u0159 na Pankr\u00e1ci?<\/h2>\n<p>Pro zasl\u00e1n\u00ed kompletn\u00ed nab\u00eddky s aktu\u00e1ln\u011b dostupn\u00fdmi kancel\u00e1\u0159emi k pron\u00e1jmu Praha 4 Vy\u0161ehrad,\u00a0n\u00e1s pros\u00edm nev\u00e1hejte kdykoli kontaktovat.<\/p>\n<p>Rychl\u00fd popt\u00e1vkov\u00fd formul\u00e1\u0159 najdete na konci textu\u00a0a makl\u00e9\u0159e zodpov\u011bdn\u00e9ho za nemovitosti v prav\u00e9m sloupci.<\/p>\n<h3><a href=\"\/poptavka-po-kancelarich-k-pronajmu\/\" target=\"_blank\"><span style=\"color: #ff0000;\"><strong>Popt\u00e1vejte IHNED a BEZ PROVIZE<em> (nab\u00eddky na m\u00edru do 30 minut)<\/em> &gt;&gt;<\/strong><\/span><\/a><\/h3>\n<p>e-mail:\u00a0<strong><a href=\"mailto:info@prazskekancelare.cz\">info@prazskekancelare.cz<\/a><\/strong>\u00a0\/\u00a0telefon: <strong><span style=\"color: #ff0000;\">+420 773 295 925, +420 723 984 360<\/span><\/strong><\/p>\n<h2>v\u00edce informac\u00ed kancel\u00e1\u0159\u00edch na Pankr\u00e1ck\u00e9m n\u00e1m\u011bst\u00ed:<\/h2>\n","protected":false},"author":1,"featured_media":1286,"comment_status":"closed","ping_status":"closed","template":"","yoast_head":"<!-- This site is optimized with the Yoast SEO plugin v16.4 - https:\/\/yoast.com\/wordpress\/plugins\/seo\/ -->\n<title>PANKR\u00c1CK\u00c9 N\u00c1M\u011aST\u00cd kancel\u00e1\u0159e Praha 4 | 400 Kancel\u00e1\u0159\u00ed &gt;&gt;<\/title>\n<meta name=\"description\" content=\"Popt\u00e1vejte kancel\u00e1\u0159e Pankr\u00e1ck\u00e9 n\u00e1m\u011bst\u00ed \u2705 a Vy\u0161ehrad Praha 4 | 400 levn\u00fdch kancel\u00e1\u0159\u00ed na Vy\u0161ehrad\u011b | \u2705 Nab\u00eddky Office Center do 30 minut | Provize 0%.\" \/>\n<meta name=\"robots\" content=\"noindex, follow, max-snippet:-1, max-image-preview:large, max-video-preview:-1\" \/>\n<meta property=\"og:locale\" content=\"cs_CZ\" \/>\n<meta property=\"og:type\" content=\"article\" \/>\n<meta property=\"og:title\" content=\"PANKR\u00c1CK\u00c9 N\u00c1M\u011aST\u00cd kancel\u00e1\u0159e Praha 4 | 400 Kancel\u00e1\u0159\u00ed &gt;&gt;\" \/>\n<meta property=\"og:description\" content=\"Popt\u00e1vejte kancel\u00e1\u0159e Pankr\u00e1ck\u00e9 n\u00e1m\u011bst\u00ed \u2705 a Vy\u0161ehrad Praha 4 | 400 levn\u00fdch kancel\u00e1\u0159\u00ed na Vy\u0161ehrad\u011b | \u2705 Nab\u00eddky Office Center do 30 minut | Provize 0%.\" \/>\n<meta property=\"og:url\" content=\"https:\/\/www.prazskekancelare.com\/test\/kancelare-k-pronajmu\/pronajem-kancelari-pankracke-namesti-praha-4\/\" \/>\n<meta property=\"og:site_name\" content=\"TEST - Pron\u00e1jem kancel\u00e1\u0159e Praha\" \/>\n<meta property=\"article:modified_time\" content=\"2019-11-01T16:51:50+00:00\" \/>\n<meta property=\"og:image\" content=\"https:\/\/www.prazskekancelare.com\/test\/wp-content\/uploads\/2015\/11\/praha-4-kancelare-k-pronajmu1.jpg\" \/>\n\t<meta property=\"og:image:width\" content=\"1000\" \/>\n\t<meta property=\"og:image:height\" content=\"696\" \/>\n<meta name=\"twitter:card\" content=\"summary\" \/>\n<meta name=\"twitter:label1\" content=\"Odhadovan\u00e1 doba \u010dten\u00ed\" \/>\n\t<meta name=\"twitter:data1\" content=\"2 minuty\" \/>\n<script type=\"application\/ld+json\" class=\"yoast-schema-graph\">{\"@context\":\"https:\/\/schema.org\",\"@graph\":[{\"@type\":\"Organization\",\"@id\":\"https:\/\/www.prazskekancelare.com\/test\/#organization\",\"name\":\"Pron\\u00e1jem kancel\\u00e1\\u0159e Praha\",\"url\":\"https:\/\/www.prazskekancelare.com\/test\/\",\"sameAs\":[],\"logo\":{\"@type\":\"ImageObject\",\"@id\":\"https:\/\/www.prazskekancelare.com\/test\/#logo\",\"inLanguage\":\"cs\",\"url\":\"https:\/\/www.prazskekancelare.com\/test\/wp-content\/uploads\/2018\/05\/prazske-kancelare-com-logo.png\",\"contentUrl\":\"https:\/\/www.prazskekancelare.com\/test\/wp-content\/uploads\/2018\/05\/prazske-kancelare-com-logo.png\",\"width\":242,\"height\":59,\"caption\":\"Pron\\u00e1jem kancel\\u00e1\\u0159e Praha\"},\"image\":{\"@id\":\"https:\/\/www.prazskekancelare.com\/test\/#logo\"}},{\"@type\":\"WebSite\",\"@id\":\"https:\/\/www.prazskekancelare.com\/test\/#website\",\"url\":\"https:\/\/www.prazskekancelare.com\/test\/\",\"name\":\"TEST - Pron\\u00e1jem kancel\\u00e1\\u0159e Praha\",\"description\":\"Pron\\u00e1jem kancel\\u00e1\\u0159e Praha a Kancelare Praha\",\"publisher\":{\"@id\":\"https:\/\/www.prazskekancelare.com\/test\/#organization\"},\"potentialAction\":[{\"@type\":\"SearchAction\",\"target\":\"https:\/\/www.prazskekancelare.com\/test\/?s={search_term_string}\",\"query-input\":\"required name=search_term_string\"}],\"inLanguage\":\"cs\"},{\"@type\":\"ImageObject\",\"@id\":\"https:\/\/www.prazskekancelare.com\/test\/kancelare-k-pronajmu\/pronajem-kancelari-pankracke-namesti-praha-4\/#primaryimage\",\"inLanguage\":\"cs\",\"url\":\"https:\/\/www.prazskekancelare.com\/test\/wp-content\/uploads\/2015\/11\/praha-4-kancelare-k-pronajmu1.jpg\",\"contentUrl\":\"https:\/\/www.prazskekancelare.com\/test\/wp-content\/uploads\/2015\/11\/praha-4-kancelare-k-pronajmu1.jpg\",\"width\":1000,\"height\":696,\"caption\":\"kancel\\u00e1\\u0159e Vy\\u0161ehrad Na Pankr\\u00e1ci 30 Praha 4\"},{\"@type\":\"WebPage\",\"@id\":\"https:\/\/www.prazskekancelare.com\/test\/kancelare-k-pronajmu\/pronajem-kancelari-pankracke-namesti-praha-4\/#webpage\",\"url\":\"https:\/\/www.prazskekancelare.com\/test\/kancelare-k-pronajmu\/pronajem-kancelari-pankracke-namesti-praha-4\/\",\"name\":\"PANKR\\u00c1CK\\u00c9 N\\u00c1M\\u011aST\\u00cd kancel\\u00e1\\u0159e Praha 4 | 400 Kancel\\u00e1\\u0159\\u00ed >>\",\"isPartOf\":{\"@id\":\"https:\/\/www.prazskekancelare.com\/test\/#website\"},\"primaryImageOfPage\":{\"@id\":\"https:\/\/www.prazskekancelare.com\/test\/kancelare-k-pronajmu\/pronajem-kancelari-pankracke-namesti-praha-4\/#primaryimage\"},\"datePublished\":\"2018-04-22T15:40:40+00:00\",\"dateModified\":\"2019-11-01T16:51:50+00:00\",\"description\":\"Popt\\u00e1vejte kancel\\u00e1\\u0159e Pankr\\u00e1ck\\u00e9 n\\u00e1m\\u011bst\\u00ed \\u2705 a Vy\\u0161ehrad Praha 4 | 400 levn\\u00fdch kancel\\u00e1\\u0159\\u00ed na Vy\\u0161ehrad\\u011b | \\u2705 Nab\\u00eddky Office Center do 30 minut | Provize 0%.\",\"breadcrumb\":{\"@id\":\"https:\/\/www.prazskekancelare.com\/test\/kancelare-k-pronajmu\/pronajem-kancelari-pankracke-namesti-praha-4\/#breadcrumb\"},\"inLanguage\":\"cs\",\"potentialAction\":[{\"@type\":\"ReadAction\",\"target\":[\"https:\/\/www.prazskekancelare.com\/test\/kancelare-k-pronajmu\/pronajem-kancelari-pankracke-namesti-praha-4\/\"]}]},{\"@type\":\"BreadcrumbList\",\"@id\":\"https:\/\/www.prazskekancelare.com\/test\/kancelare-k-pronajmu\/pronajem-kancelari-pankracke-namesti-praha-4\/#breadcrumb\",\"itemListElement\":[{\"@type\":\"ListItem\",\"position\":1,\"item\":{\"@type\":\"WebPage\",\"@id\":\"https:\/\/www.prazskekancelare.com\/test\/\",\"url\":\"https:\/\/www.prazskekancelare.com\/test\/\",\"name\":\"Dom\\u016f\"}},{\"@type\":\"ListItem\",\"position\":2,\"item\":{\"@type\":\"WebPage\",\"@id\":\"https:\/\/www.prazskekancelare.com\/test\/kancelare-k-pronajmu\/\",\"url\":\"https:\/\/www.prazskekancelare.com\/test\/kancelare-k-pronajmu\/\",\"name\":\"Properties\"}},{\"@type\":\"ListItem\",\"position\":3,\"item\":{\"@id\":\"https:\/\/www.prazskekancelare.com\/test\/kancelare-k-pronajmu\/pronajem-kancelari-pankracke-namesti-praha-4\/#webpage\"}}]}]}<\/script>\n<!-- \/ Yoast SEO plugin. -->","cmb2":{"property_general":{"property_id":"ANO","property_year_built":"","property_address":"Na Pankr\u00e1ci 30,\r\n140 00 Praha 4\r\n","property_zip":"","property_contract":"","property_gallery":"","property_plans":"","property_video":"","property_parent_property":""},"property_flags":{"property_featured":"","property_sticky":"","property_reduced":"","property_sold":""},"property_contact":{"property_contact_name":"","property_contact_phone":""},"property_pricing":{"property_price":"330","property_price_prefix":"od","property_price_suffix":"K\u010d\/m2","property_price_custom":""},"property_attributes":{"property_rooms":"NE","property_beds":"5","property_baths":"NE","property_garages":"NE \/ \u010d\u00e1ste\u010dn\u011b","property_home_area":"","property_lot_dimensions":"","property_lot_area":"20 m2 - 1.500 m2"},"property_valuation":{"property_valuation_group":""},"property_public_facilities":{"property_public_facilities_group":""},"property_map_location":{"property_map_location":{"latitude":"50.0594258","longitude":"14.429248199999961"}},"property_relations":{"property_agents":["260"]}},"_links":{"self":[{"href":"https:\/\/www.prazskekancelare.com\/test\/wp-json\/wp\/v2\/property\/1292"}],"collection":[{"href":"https:\/\/www.prazskekancelare.com\/test\/wp-json\/wp\/v2\/property"}],"about":[{"href":"https:\/\/www.prazskekancelare.com\/test\/wp-json\/wp\/v2\/types\/property"}],"author":[{"embeddable":true,"href":"https:\/\/www.prazskekancelare.com\/test\/wp-json\/wp\/v2\/users\/1"}],"replies":[{"embeddable":true,"href":"https:\/\/www.prazskekancelare.com\/test\/wp-json\/wp\/v2\/comments?post=1292"}],"wp:featuredmedia":[{"embeddable":true,"href":"https:\/\/www.prazskekancelare.com\/test\/wp-json\/wp\/v2\/media\/1286"}],"wp:attachment":[{"href":"https:\/\/www.prazskekancelare.com\/test\/wp-json\/wp\/v2\/media?parent=1292"}],"curies":[{"name":"wp","href":"https:\/\/api.w.org\/{rel}","templated":true}]}}