{"id":1252,"date":"2015-11-09T15:16:07","date_gmt":"2015-11-09T14:16:07","guid":{"rendered":"https:\/\/www.prazskekancelare.com\/test\/?post_type=property&#038;p=1252"},"modified":"2020-03-05T11:33:44","modified_gmt":"2020-03-05T10:33:44","slug":"pronajem-kancelari-vinohradska-business-centrum-praha-3","status":"publish","type":"property","link":"https:\/\/www.prazskekancelare.com\/test\/kancelare-k-pronajmu\/pronajem-kancelari-vinohradska-business-centrum-praha-3\/","title":{"rendered":"Vinohradsk\u00e1 174 Kancel\u00e1\u0159e Business Center"},"content":{"rendered":"\n\t<ul id=\"slideshowgallery25149\" class=\"slideshowgallery25149\" style=\"display:none;\">\n\t\t\t\t\t<!-- From all slides or gallery slides -->\n\t\t\t\t\t\t\t<li>\n\t\t\t\t\t<h3 style=\"opacity:70;\">kancelar k pronajmu praha 3<\/h3>\n\t\t\t\t\t\t\t\t\t\t\t<span data-alt=\"kancelar-k-pronajmu-praha-3\">https:\/\/www.prazskekancelare.com\/test\/wp-content\/uploads\/2015\/11\/kancelar-k-pronajmu-praha-31.jpg<\/span>\n\t\t\t\t\t\t\t\t\t\t<p><\/p>\n\t\t\t\t\t\t\t\t\t\t\t\t\t\t\t\t\t\t<a><img class=\"skip-lazy\" src=\"https:\/\/www.prazskekancelare.com\/test\/wp-content\/uploads\/2015\/11\/kancelar-k-pronajmu-praha-31-300x225.jpg\" alt=\"kancelar-k-pronajmu-praha-3\" \/><\/a>\n\t\t\t\t\t\t\t\t\t\t\t\t\t\t\t<\/li>\n\t\t\t\t\t\t\t<li>\n\t\t\t\t\t<h3 style=\"opacity:70;\">pronajem kancelari vinohradska<\/h3>\n\t\t\t\t\t\t\t\t\t\t\t<span data-alt=\"pronajem-kancelari-vinohradska\">https:\/\/www.prazskekancelare.com\/test\/wp-content\/uploads\/2015\/11\/pronajem-kancelari-vinohradska.jpg<\/span>\n\t\t\t\t\t\t\t\t\t\t<p><\/p>\n\t\t\t\t\t\t\t\t\t\t\t\t\t\t\t\t\t\t<a><img class=\"skip-lazy\" src=\"https:\/\/www.prazskekancelare.com\/test\/wp-content\/uploads\/2015\/11\/pronajem-kancelari-vinohradska-400x300.jpg\" alt=\"pronajem-kancelari-vinohradska\" \/><\/a>\n\t\t\t\t\t\t\t\t\t\t\t\t\t\t\t<\/li>\n\t\t\t\t\t\t\t<li>\n\t\t\t\t\t<h3 style=\"opacity:70;\">pronajem kancelari praha 3<\/h3>\n\t\t\t\t\t\t\t\t\t\t\t<span data-alt=\"pronajem-kancelari-praha-3\">https:\/\/www.prazskekancelare.com\/test\/wp-content\/uploads\/2015\/11\/pronajem-kancelari-praha-3.jpg<\/span>\n\t\t\t\t\t\t\t\t\t\t<p><\/p>\n\t\t\t\t\t\t\t\t\t\t\t\t\t\t\t\t\t\t<a><img class=\"skip-lazy\" src=\"https:\/\/www.prazskekancelare.com\/test\/wp-content\/uploads\/2015\/11\/pronajem-kancelari-praha-3-400x300.jpg\" alt=\"pronajem-kancelari-praha-3\" \/><\/a>\n\t\t\t\t\t\t\t\t\t\t\t\t\t\t\t<\/li>\n\t\t\t\t\t\t\t<li>\n\t\t\t\t\t<h3 style=\"opacity:70;\">pronajem kancelare praha 3<\/h3>\n\t\t\t\t\t\t\t\t\t\t\t<span data-alt=\"pronajem-kancelare-praha-3\">https:\/\/www.prazskekancelare.com\/test\/wp-content\/uploads\/2015\/11\/pronajem-kancelare-praha-3.jpg<\/span>\n\t\t\t\t\t\t\t\t\t\t<p><\/p>\n\t\t\t\t\t\t\t\t\t\t\t\t\t\t\t\t\t\t<a><img class=\"skip-lazy\" src=\"https:\/\/www.prazskekancelare.com\/test\/wp-content\/uploads\/2015\/11\/pronajem-kancelare-praha-3-400x300.jpg\" alt=\"pronajem-kancelare-praha-3\" \/><\/a>\n\t\t\t\t\t\t\t\t\t\t\t\t\t\t\t<\/li>\n\t\t\t\t\t\t\t<li>\n\t\t\t\t\t<h3 style=\"opacity:70;\">praha 3 kancelar<\/h3>\n\t\t\t\t\t\t\t\t\t\t\t<span data-alt=\"praha-3-kancelar\">https:\/\/www.prazskekancelare.com\/test\/wp-content\/uploads\/2015\/11\/praha-3-kancelar.jpg<\/span>\n\t\t\t\t\t\t\t\t\t\t<p><\/p>\n\t\t\t\t\t\t\t\t\t\t\t\t\t\t\t\t\t\t<a><img class=\"skip-lazy\" src=\"https:\/\/www.prazskekancelare.com\/test\/wp-content\/uploads\/2015\/11\/praha-3-kancelar-300x225.jpg\" alt=\"praha-3-kancelar\" \/><\/a>\n\t\t\t\t\t\t\t\t\t\t\t\t\t\t\t<\/li>\n\t\t\t\t\t\t\t<li>\n\t\t\t\t\t<h3 style=\"opacity:70;\">kancelare praha 3<\/h3>\n\t\t\t\t\t\t\t\t\t\t\t<span data-alt=\"kancelare-praha-3\">https:\/\/www.prazskekancelare.com\/test\/wp-content\/uploads\/2015\/11\/kancelare-praha-3.jpg<\/span>\n\t\t\t\t\t\t\t\t\t\t<p><\/p>\n\t\t\t\t\t\t\t\t\t\t\t\t\t\t\t\t\t\t<a><img class=\"skip-lazy\" src=\"https:\/\/www.prazskekancelare.com\/test\/wp-content\/uploads\/2015\/11\/kancelare-praha-3-400x300.jpg\" alt=\"kancelare-praha-3\" \/><\/a>\n\t\t\t\t\t\t\t\t\t\t\t\t\t\t\t<\/li>\n\t\t\t\t\t\t\t<li>\n\t\t\t\t\t<h3 style=\"opacity:70;\">kancelare k pronajmu Vinohradska<\/h3>\n\t\t\t\t\t\t\t\t\t\t\t<span data-alt=\"kancelare-k-pronajmu-vinohradska\">https:\/\/www.prazskekancelare.com\/test\/wp-content\/uploads\/2015\/11\/kancelare-k-pronajmu-vinohradska.jpg<\/span>\n\t\t\t\t\t\t\t\t\t\t<p><\/p>\n\t\t\t\t\t\t\t\t\t\t\t\t\t\t\t\t\t\t<a><img class=\"skip-lazy\" src=\"https:\/\/www.prazskekancelare.com\/test\/wp-content\/uploads\/2015\/11\/kancelare-k-pronajmu-vinohradska-400x300.jpg\" alt=\"kancelare-k-pronajmu-vinohradska\" \/><\/a>\n\t\t\t\t\t\t\t\t\t\t\t\t\t\t\t<\/li>\n\t\t\t\t\t\t<\/ul>\n\n\t\t<div id=\"slideshow-wrappergallery25149\" class=\"slideshow-wrapper\" style=\"--slideshow-width:872px\">\n\t\t\n\t\t<div class=\"slideshow-fullsize\" id=\"fullsizegallery25149\">\n\t\t\t\t\t\t\t\t\t\t\t\t\t\t<div id=\"imgprevgallery25149\" class=\"slideshow-imgprev imgnav\" title=\"Previous Image\">Previous Image<\/div>\n\t\t\t\t\t\t<a id=\"imglinkgallery25149\" class=\"slideshow-imglink imglink\">\n\t\t\t\t<!-- link -->\n\t\t\t<\/a>\n\t\t\t\t\t\t\t\t\t\t\t<div id=\"imgnextgallery25149\" class=\"slideshow-imgnext imgnav\" title=\"Next Image\">Next Image<\/div>\n\t\t\t\t\t\t<div id=\"imagegallery25149\" class=\"slideshow-image\"><\/div>\n\t\t\t<div class=\"slideshow-information infobottom\" id=\"informationgallery25149\">\n\t\t\t\t<h3 class=\"slideshow-info-heading\">info heading<\/h3>\n\t\t\t\t<p class=\"slideshow-info-content\">info content<\/p>\n\t\t\t<\/div>\n\t\t<\/div>\n\n\t\t\t\t\t<div id=\"thumbnailsgallery25149\" class=\"slideshow-thumbnails thumbsbot\">\n\t\t\t\t<div class=\"slideshow-slideleft\" id=\"slideleftgallery25149\" title=\"Slide Left\"><\/div>\n\t\t\t\t<div class=\"slideshow-slidearea\" id=\"slideareagallery25149\">\n\t\t\t\t\t<div class=\"slideshow-slider\" id=\"slidergallery25149\"><\/div>\n\t\t\t\t<\/div>\n\t\t\t\t<div class=\"slideshow-slideright\" id=\"sliderightgallery25149\" title=\"Slide Right\"><\/div>\n\t\t\t\t<br style=\"clear:both; visibility:hidden; height:1px;\" \/>\n\t\t\t<\/div>\n\t\t\t<\/div>\n\n\t\n<p>&nbsp;<\/p>\n<p><strong>Vinohradsk\u00e1 174 Business Center kancel\u00e1\u0159e \u2705,<\/strong> skv\u011ble situovan\u00e9 a v\u00fdborn\u011b dopravn\u011b dostupn\u00e9 kancel\u00e1\u0159e k pron\u00e1jmu Praha 3 na Vinohradsk\u00e9 ulici 174. Vinohradsk\u00e1 Business Center 174 nab\u00edz\u00ed p\u0159\u00edjemn\u00e9 modern\u00ed kancel\u00e1\u0159sk\u00e9 prostory ve velmi p\u0159\u00edhodn\u00e9 lokalit\u011b Kr\u00e1lovsk\u00fdch Vinohrad s dobrou dostupnost\u00ed, a to jak ve\u0159ejnou dopravou, tak i napojen\u00edm na m\u011bstsk\u00fd okruh.<\/p>\n<p>Celkov\u00e1 plocha kancel\u00e1\u0159\u00ed ur\u010den\u00fdch k pron\u00e1jmu je 7.480 m2 a k dispozici jsou mal\u00e9 kancel\u00e1\u0159e kolem 20m2 i velk\u00e9 nad 700m2.<\/p>\n<h2><strong>Vinohradsk\u00e1 174 MAL\u00c9 i VELK\u00c9 KANCEL\u00c1\u0158E<\/strong><\/h2>\n<ol>\n<li><span style=\"color: #0000ff;\"><strong>malometr\u00e1\u017en\u00ed\u00a0<\/strong>kancel\u00e1\u0159e do<strong>\u00a0100 m2\u00a0<\/strong>nebo<\/span><\/li>\n<li><span style=\"color: #0000ff;\"><strong>velkometr\u00e1\u017en\u00ed\u00a0<\/strong>kancel\u00e1\u0159e typu open-space \/ flexibiln\u011b \u0159e\u0161en\u00fdch\u00a0<strong>od 100 m2 do 2.500 m2<\/strong>.<\/span><\/li>\n<\/ol>\n<p><span style=\"color: #ff0000;\"><strong>N\u00e1\u0161 tip:<\/strong>\u00a0<\/span>Za\u0161lete n\u00e1m rychl\u00fd\u00a0<strong><a href=\"\/poptavka-po-kancelarich-k-pronajmu\/\" target=\"_blank\">popt\u00e1vkov\u00fd formul\u00e1\u0159\u00a0<\/a><\/strong>a my V\u00e1m b\u011bhem 30 minut\u00a0p\u0159iprav\u00edme kompletn\u00ed nab\u00eddku dle Va\u0161ich specifikac\u00ed a bez provize.\u00a0<strong>V nab\u00eddce m\u00e1me 500 kancel\u00e1\u0159\u00ed v\u00a0cel\u00e9 Praze<\/strong>. T\u011b\u0161\u00edme se na spolupr\u00e1ci.<\/p>\n<p><a href=\"\/poptavka-po-kancelarich-k-pronajmu\/\" target=\"_blank\"><img loading=\"lazy\" class=\"alignnone wp-image-3617 size-medium\" src=\"https:\/\/www.prazskekancelare.com\/test\/wp-content\/uploads\/2019\/12\/kancelare-5-5000m-300x46.png\" alt=\"Vinohradsk\u00e1 174\" width=\"300\" height=\"46\" srcset=\"https:\/\/www.prazskekancelare.com\/test\/wp-content\/uploads\/2019\/12\/kancelare-5-5000m-300x46.png 300w, https:\/\/www.prazskekancelare.com\/test\/wp-content\/uploads\/2019\/12\/kancelare-5-5000m-1024x156.png 1024w\" sizes=\"(max-width: 300px) 100vw, 300px\" \/><\/a><\/p>\n<h2>Vinohradsk\u00e1 174 kancel\u00e1\u0159e v Business Center Praha 3<\/h2>\n<p>Stanice metra \u017delivsk\u00e9ho (linka A) je hned p\u0159ed objektem. P\u0159ed budovou stav\u00ed 4 linky tramvaj\u00ed. Okol\u00ed zaji\u0161\u0165uje ve\u0161kerou ob\u010danskou vybavenost (po\u0161ta, banky, obchody, restaurace) v\u010detn\u011b n\u00e1kupn\u00edho centra Fl\u00f3ra. Ve\u0159ejn\u00e1 j\u00eddelna se nach\u00e1z\u00ed v bl\u00edzk\u00e9 budov\u011b Stimbuildingu.<br \/>\nObzvl\u00e1\u0161tn\u00ed v\u00fdhodou budovy je mo\u017enost parkov\u00e1n\u00ed jak v podzemn\u00ed gar\u00e1\u017ei, tak i na venkovn\u00edm pozemku a k dispozici jsou t\u00e9\u017e sklady v suter\u00e9nu.<\/p>\n<h2>Business Center\u00a0Praha 3 Vinohradsk\u00e1 174 BC &#8211; popis<\/h2>\n<p>Ve\u0161ker\u00e9 kancel\u00e1\u0159e k pron\u00e1jmu na Praze 3 nab\u00edz\u00ed \u0161irokou \u0161k\u00e1lu variability a daj\u00ed se upravovat dle p\u0159\u00e1n\u00ed z\u00e1kazn\u00edka. Samoz\u0159ejmost\u00ed je vzduchotechnika, syst\u00e9m vstupu na \u010dipov\u00e9 karty, protipo\u017e\u00e1rn\u00ed syst\u00e9m, p\u0159ipojen\u00ed skrz optick\u00e9 kabely, datov\u00e9 rozvody a dal\u0161\u00ed standardn\u00ed vybaven\u00ed modern\u00edch kancel\u00e1\u0159sk\u00fdch budov.<\/p>\n<h2>Lokalita kancel\u00e1\u0159\u00ed na Vinohradsk\u00e9 174<\/h2>\n<p>Bl\u00edzkost centra Prahy a n\u00e1kupn\u00edho centra Atrium Flora nab\u00edz\u00ed ve\u0161kerou podporu pro p\u0159\u00edpadn\u00e1 obchodn\u00ed jedn\u00e1n\u00ed v kav\u00e1rn\u00e1ch, pizzeri\u00edch a ostatn\u00edch restaurac\u00edch. Tento zaj\u00edmav\u00fd pron\u00e1jem kancel\u00e1\u0159\u00ed Praha 3 se nach\u00e1z\u00ed v modern\u00ed administrativn\u00ed budov\u011b mezi metry trasy A, Flora a \u017delivsk\u00e9ho. Kancel\u00e1\u0159sk\u00e9 prostory Vinohradsk\u00e1 jsou s nonstop ostrahou a centr\u00e1ln\u00ed recepc\u00ed.<\/p>\n<h2>Vinohradsk\u00e1 174 BC &#8211; budova<\/h2>\n<p>Budova poch\u00e1z\u00ed z roku 1999 a celkov\u00e1 plocha \u010din\u00ed 7.480 m2. Budova je vzorn\u011b spravov\u00e1na a udr\u017eov\u00e1na. B\u011bhem dne je k dispozici technik. P\u0159i vstupu se nal\u00e9z\u00e1 prostorn\u00e9 lobby s centr\u00e1ln\u00ed recepc\u00ed a v\u00fdtahy. P\u016fdorysy osmi pater kancel\u00e1\u0159sk\u00fdch prostor s kr\u00e1sn\u00fdm v\u00fdhladem do zelen\u011b jsou \u00fa\u010dinn\u011b navr\u017eeny s mo\u017enost\u00ed flexibiln\u00edho vybudov\u00e1n\u00ed prostor na m\u00edru. N\u011bkter\u00e9 kancel\u00e1\u0159e maj\u00ed takt\u00e9\u017e terasy.<\/p>\n<h2>Provize za Vinohradskou 174<\/h2>\n<p>Ve\u0161ker\u00e9 slu\u017eby na\u0161\u00ed spole\u010dnosti a jej\u00edch makl\u00e9\u0159\u016f jsou bez provize.<\/p>\n<h2>Jak poptat kancel\u00e1\u0159 na metru \u017delivsk\u00e9ho?<\/h2>\n<p>Pro zasl\u00e1n\u00ed kompletn\u00ed nab\u00eddky s aktu\u00e1ln\u011b dostupn\u00fdmi kancel\u00e1\u0159emi k pron\u00e1jmu na Praze 3 &#8211; Vinohradsk\u00e1 ulice,\u00a0n\u00e1s pros\u00edm nev\u00e1hejte kdykoli kontaktovat.<\/p>\n<p>Rychl\u00fd popt\u00e1vkov\u00fd formul\u00e1\u0159 najdete na konci textu\u00a0a makl\u00e9\u0159e zodpov\u011bdn\u00e9ho za nemovitosti v prav\u00e9m sloupci.<br \/>\ne-mail:\u00a0<strong><a href=\"mailto:info@prazskekancelare.cz\">info@prazskekancelare.cz<\/a><\/strong>\u00a0\/\u00a0telefon: <strong><span style=\"color: #ff0000;\">+420 773 295 925, +420 723 984 360<\/span><\/strong><\/p>\n<p><a href=\"\/poptavka-po-kancelarich-k-pronajmu\/\" target=\"_blank\"><img loading=\"lazy\" class=\"alignnone wp-image-3619 size-medium\" src=\"https:\/\/www.prazskekancelare.com\/test\/wp-content\/uploads\/2019\/12\/poptavejte-bez-provize-300x48.png\" alt=\"pron\u00e1jem kancel\u00e1\u0159e praha Vinohradsk\u00e1 174\" width=\"300\" height=\"48\" srcset=\"https:\/\/www.prazskekancelare.com\/test\/wp-content\/uploads\/2019\/12\/poptavejte-bez-provize-300x48.png 300w, https:\/\/www.prazskekancelare.com\/test\/wp-content\/uploads\/2019\/12\/poptavejte-bez-provize-1024x163.png 1024w\" sizes=\"(max-width: 300px) 100vw, 300px\" \/><\/a><\/p>\n<h2>v\u00edce informac\u00ed o kancel\u00e1\u0159\u00ed na Vinohradsk\u00e9 174:<\/h2>\n","protected":false},"author":1,"featured_media":1249,"comment_status":"closed","ping_status":"closed","template":"","yoast_head":"<!-- This site is optimized with the Yoast SEO plugin v16.4 - https:\/\/yoast.com\/wordpress\/plugins\/seo\/ -->\n<title>BUSINESS CENTER kancel\u00e1\u0159e Praha ????| 700 Business Center!<\/title>\n<meta name=\"description\" content=\"Kancel\u00e1\u0159e v\u0161ech Business Center po cel\u00e9 Praze \u2705| Vinohradsk\u00e1 174 kancel\u00e1\u0159e \u2705| TOP business centra | 700 business center k pron\u00e1jmu v Praze \u2705.\" \/>\n<meta name=\"robots\" content=\"noindex, follow, max-snippet:-1, max-image-preview:large, max-video-preview:-1\" \/>\n<meta property=\"og:locale\" content=\"cs_CZ\" \/>\n<meta property=\"og:type\" content=\"article\" \/>\n<meta property=\"og:title\" content=\"BUSINESS CENTER kancel\u00e1\u0159e Praha ????| 700 Business Center!\" \/>\n<meta property=\"og:description\" content=\"Kancel\u00e1\u0159e v\u0161ech Business Center po cel\u00e9 Praze \u2705| Vinohradsk\u00e1 174 kancel\u00e1\u0159e \u2705| TOP business centra | 700 business center k pron\u00e1jmu v Praze \u2705.\" \/>\n<meta property=\"og:url\" content=\"https:\/\/www.prazskekancelare.com\/test\/kancelare-k-pronajmu\/pronajem-kancelari-vinohradska-business-centrum-praha-3\/\" \/>\n<meta property=\"og:site_name\" content=\"TEST - Pron\u00e1jem kancel\u00e1\u0159e Praha\" \/>\n<meta property=\"article:modified_time\" content=\"2020-03-05T10:33:44+00:00\" \/>\n<meta property=\"og:image\" content=\"https:\/\/www.prazskekancelare.com\/test\/wp-content\/uploads\/2015\/11\/pronajem-kancelari-praha-3.jpg\" \/>\n\t<meta property=\"og:image:width\" content=\"1000\" \/>\n\t<meta property=\"og:image:height\" content=\"667\" \/>\n<meta name=\"twitter:card\" content=\"summary\" \/>\n<meta name=\"twitter:label1\" content=\"Odhadovan\u00e1 doba \u010dten\u00ed\" \/>\n\t<meta name=\"twitter:data1\" content=\"3 minuty\" \/>\n<script type=\"application\/ld+json\" class=\"yoast-schema-graph\">{\"@context\":\"https:\/\/schema.org\",\"@graph\":[{\"@type\":\"Organization\",\"@id\":\"https:\/\/www.prazskekancelare.com\/test\/#organization\",\"name\":\"Pron\\u00e1jem kancel\\u00e1\\u0159e Praha\",\"url\":\"https:\/\/www.prazskekancelare.com\/test\/\",\"sameAs\":[],\"logo\":{\"@type\":\"ImageObject\",\"@id\":\"https:\/\/www.prazskekancelare.com\/test\/#logo\",\"inLanguage\":\"cs\",\"url\":\"https:\/\/www.prazskekancelare.com\/test\/wp-content\/uploads\/2018\/05\/prazske-kancelare-com-logo.png\",\"contentUrl\":\"https:\/\/www.prazskekancelare.com\/test\/wp-content\/uploads\/2018\/05\/prazske-kancelare-com-logo.png\",\"width\":242,\"height\":59,\"caption\":\"Pron\\u00e1jem kancel\\u00e1\\u0159e Praha\"},\"image\":{\"@id\":\"https:\/\/www.prazskekancelare.com\/test\/#logo\"}},{\"@type\":\"WebSite\",\"@id\":\"https:\/\/www.prazskekancelare.com\/test\/#website\",\"url\":\"https:\/\/www.prazskekancelare.com\/test\/\",\"name\":\"TEST - Pron\\u00e1jem kancel\\u00e1\\u0159e Praha\",\"description\":\"Pron\\u00e1jem kancel\\u00e1\\u0159e Praha a Kancelare Praha\",\"publisher\":{\"@id\":\"https:\/\/www.prazskekancelare.com\/test\/#organization\"},\"potentialAction\":[{\"@type\":\"SearchAction\",\"target\":\"https:\/\/www.prazskekancelare.com\/test\/?s={search_term_string}\",\"query-input\":\"required name=search_term_string\"}],\"inLanguage\":\"cs\"},{\"@type\":\"ImageObject\",\"@id\":\"https:\/\/www.prazskekancelare.com\/test\/kancelare-k-pronajmu\/pronajem-kancelari-vinohradska-business-centrum-praha-3\/#primaryimage\",\"inLanguage\":\"cs\",\"url\":\"https:\/\/www.prazskekancelare.com\/test\/wp-content\/uploads\/2015\/11\/pronajem-kancelari-praha-3.jpg\",\"contentUrl\":\"https:\/\/www.prazskekancelare.com\/test\/wp-content\/uploads\/2015\/11\/pronajem-kancelari-praha-3.jpg\",\"width\":1000,\"height\":667,\"caption\":\"Vinohradsk\\u00e1 Business Center kancel\\u00e1\\u0159e Praha 3\"},{\"@type\":\"WebPage\",\"@id\":\"https:\/\/www.prazskekancelare.com\/test\/kancelare-k-pronajmu\/pronajem-kancelari-vinohradska-business-centrum-praha-3\/#webpage\",\"url\":\"https:\/\/www.prazskekancelare.com\/test\/kancelare-k-pronajmu\/pronajem-kancelari-vinohradska-business-centrum-praha-3\/\",\"name\":\"BUSINESS CENTER kancel\\u00e1\\u0159e Praha ????| 700 Business Center!\",\"isPartOf\":{\"@id\":\"https:\/\/www.prazskekancelare.com\/test\/#website\"},\"primaryImageOfPage\":{\"@id\":\"https:\/\/www.prazskekancelare.com\/test\/kancelare-k-pronajmu\/pronajem-kancelari-vinohradska-business-centrum-praha-3\/#primaryimage\"},\"datePublished\":\"2015-11-09T14:16:07+00:00\",\"dateModified\":\"2020-03-05T10:33:44+00:00\",\"description\":\"Kancel\\u00e1\\u0159e v\\u0161ech Business Center po cel\\u00e9 Praze \\u2705| Vinohradsk\\u00e1 174 kancel\\u00e1\\u0159e \\u2705| TOP business centra | 700 business center k pron\\u00e1jmu v Praze \\u2705.\",\"breadcrumb\":{\"@id\":\"https:\/\/www.prazskekancelare.com\/test\/kancelare-k-pronajmu\/pronajem-kancelari-vinohradska-business-centrum-praha-3\/#breadcrumb\"},\"inLanguage\":\"cs\",\"potentialAction\":[{\"@type\":\"ReadAction\",\"target\":[\"https:\/\/www.prazskekancelare.com\/test\/kancelare-k-pronajmu\/pronajem-kancelari-vinohradska-business-centrum-praha-3\/\"]}]},{\"@type\":\"BreadcrumbList\",\"@id\":\"https:\/\/www.prazskekancelare.com\/test\/kancelare-k-pronajmu\/pronajem-kancelari-vinohradska-business-centrum-praha-3\/#breadcrumb\",\"itemListElement\":[{\"@type\":\"ListItem\",\"position\":1,\"item\":{\"@type\":\"WebPage\",\"@id\":\"https:\/\/www.prazskekancelare.com\/test\/\",\"url\":\"https:\/\/www.prazskekancelare.com\/test\/\",\"name\":\"Dom\\u016f\"}},{\"@type\":\"ListItem\",\"position\":2,\"item\":{\"@type\":\"WebPage\",\"@id\":\"https:\/\/www.prazskekancelare.com\/test\/kancelare-k-pronajmu\/\",\"url\":\"https:\/\/www.prazskekancelare.com\/test\/kancelare-k-pronajmu\/\",\"name\":\"Properties\"}},{\"@type\":\"ListItem\",\"position\":3,\"item\":{\"@id\":\"https:\/\/www.prazskekancelare.com\/test\/kancelare-k-pronajmu\/pronajem-kancelari-vinohradska-business-centrum-praha-3\/#webpage\"}}]}]}<\/script>\n<!-- \/ Yoast SEO plugin. -->","cmb2":{"property_general":{"property_id":"ANO","property_year_built":"","property_address":"Vinohradsk\u00e1 174,\r\n130 00 Praha 3\r\n","property_zip":"","property_contract":"","property_gallery":"","property_plans":"","property_video":"","property_parent_property":""},"property_flags":{"property_featured":"","property_sticky":"","property_reduced":"","property_sold":""},"property_contact":{"property_contact_name":"","property_contact_phone":""},"property_pricing":{"property_price":"250","property_price_prefix":"od","property_price_suffix":"K\u010d\/m2","property_price_custom":""},"property_attributes":{"property_rooms":"NE","property_beds":"7","property_baths":"NE","property_garages":"NE \/ \u010d\u00e1ste\u010dn\u011b","property_home_area":"","property_lot_dimensions":"","property_lot_area":"15 m2 - 1770 m2"},"property_valuation":{"property_valuation_group":""},"property_public_facilities":{"property_public_facilities_group":""},"property_map_location":{"property_map_location":{"latitude":"50.0779873","longitude":"14.469317000000046"}},"property_relations":{"property_agents":["260"]}},"_links":{"self":[{"href":"https:\/\/www.prazskekancelare.com\/test\/wp-json\/wp\/v2\/property\/1252"}],"collection":[{"href":"https:\/\/www.prazskekancelare.com\/test\/wp-json\/wp\/v2\/property"}],"about":[{"href":"https:\/\/www.prazskekancelare.com\/test\/wp-json\/wp\/v2\/types\/property"}],"author":[{"embeddable":true,"href":"https:\/\/www.prazskekancelare.com\/test\/wp-json\/wp\/v2\/users\/1"}],"replies":[{"embeddable":true,"href":"https:\/\/www.prazskekancelare.com\/test\/wp-json\/wp\/v2\/comments?post=1252"}],"wp:featuredmedia":[{"embeddable":true,"href":"https:\/\/www.prazskekancelare.com\/test\/wp-json\/wp\/v2\/media\/1249"}],"wp:attachment":[{"href":"https:\/\/www.prazskekancelare.com\/test\/wp-json\/wp\/v2\/media?parent=1252"}],"curies":[{"name":"wp","href":"https:\/\/api.w.org\/{rel}","templated":true}]}}